{"id":36,"date":"2022-05-24T07:46:11","date_gmt":"2022-05-24T10:46:11","guid":{"rendered":"https:\/\/www.amesuamente.org.br\/en\/?page_id=36"},"modified":"2024-02-05T22:52:13","modified_gmt":"2024-02-06T01:52:13","slug":"guias-e-manuais","status":"publish","type":"page","link":"https:\/\/www.amesuamente.org.br\/en\/guias-e-manuais\/","title":{"rendered":"Guias e manuais"},"content":{"rendered":"<p>[et_pb_section fb_built=&#8221;1&#8243; _builder_version=&#8221;4.16&#8243; background_image=&#8221;https:\/\/www.amesuamente.org.br\/en\/wp-content\/uploads\/2022\/06\/bg_manuaisv2.jpg&#8221; min_height=&#8221;440px&#8221; background_last_edited=&#8221;on|desktop&#8221; background_position_tablet=&#8221;center_left&#8221; background_position_phone=&#8221;center&#8221; global_colors_info=&#8221;{}&#8221;][et_pb_row column_structure=&#8221;3_5,2_5&#8243; _builder_version=&#8221;4.16&#8243; global_colors_info=&#8221;{}&#8221;][et_pb_column type=&#8221;3_5&#8243; _builder_version=&#8221;4.16&#8243; global_colors_info=&#8221;{}&#8221;][et_pb_text _builder_version=&#8221;4.16&#8243; text_font=&#8221;|700|||||||&#8221; text_text_color=&#8221;#d4e2d5&#8243; text_font_size=&#8221;18px&#8221; header_font=&#8221;Poppins|700|||||||&#8221; header_text_color=&#8221;#FFFFFF&#8221; header_font_size=&#8221;50px&#8221; custom_margin=&#8221;1vw||0px||false|false&#8221; custom_padding=&#8221;||0px||false|false&#8221; animation_direction=&#8221;left&#8221; header_font_size_tablet=&#8221;&#8221; header_font_size_phone=&#8221;40px&#8221; header_font_size_last_edited=&#8221;on|phone&#8221; global_colors_info=&#8221;{}&#8221;]<\/p>\n<h1>Guias e Manuais<\/h1>\n<p>[\/et_pb_text][et_pb_text _builder_version=&#8221;4.16&#8243; text_font=&#8221;||||||||&#8221; text_text_color=&#8221;#ffffff&#8221; text_font_size=&#8221;18px&#8221; header_font=&#8221;Poppins|700|||||||&#8221; header_text_color=&#8221;#FFFFFF&#8221; header_font_size=&#8221;50px&#8221; custom_margin=&#8221;0px||||false|false&#8221; custom_padding=&#8221;0px||||false|false&#8221; animation_style=&#8221;slide&#8221; animation_direction=&#8221;bottom&#8221; header_font_size_tablet=&#8221;&#8221; header_font_size_phone=&#8221;40px&#8221; header_font_size_last_edited=&#8221;on|phone&#8221; global_colors_info=&#8221;{}&#8221;]<\/p>\n<p>Preparamos uma s\u00e9rie de materiais com informa\u00e7\u00f5es pr\u00e1ticas sobre sa\u00fade mental e sua aplicabilidade nas escolas.<\/p>\n<p>[\/et_pb_text][\/et_pb_column][et_pb_column type=&#8221;2_5&#8243; _builder_version=&#8221;4.16&#8243; global_colors_info=&#8221;{}&#8221;][\/et_pb_column][\/et_pb_row][\/et_pb_section][et_pb_section fb_built=&#8221;1&#8243; _builder_version=&#8221;4.16&#8243; custom_margin=&#8221;0px||0px||false|false&#8221; custom_padding=&#8221;0px||0px||false|false&#8221; global_colors_info=&#8221;{}&#8221;][et_pb_row column_structure=&#8221;1_4,3_4&#8243; use_custom_gutter=&#8221;on&#8221; gutter_width=&#8221;2&#8243; _builder_version=&#8221;4.16&#8243; global_colors_info=&#8221;{}&#8221;][et_pb_column type=&#8221;1_4&#8243; _builder_version=&#8221;4.16&#8243; global_colors_info=&#8221;{}&#8221;][et_pb_sidebar area=&#8221;et_pb_widget_area_8&#8243; _builder_version=&#8221;4.24.0&#8243; hover_enabled=&#8221;0&#8243; global_colors_info=&#8221;{}&#8221; sticky_enabled=&#8221;0&#8243;][\/et_pb_sidebar][\/et_pb_column][et_pb_column type=&#8221;3_4&#8243; _builder_version=&#8221;4.16&#8243; global_colors_info=&#8221;{}&#8221;][et_pb_text _builder_version=&#8221;4.16&#8243; text_font=&#8221;|700|||||||&#8221; text_text_color=&#8221;#d4e2d5&#8243; text_font_size=&#8221;18px&#8221; header_font=&#8221;Poppins|700|||||||&#8221; header_text_color=&#8221;#c26dab&#8221; custom_margin=&#8221;0px||||false|false&#8221; custom_padding=&#8221;||||false|false&#8221; animation_direction=&#8221;left&#8221; header_font_size_tablet=&#8221;&#8221; header_font_size_phone=&#8221;40px&#8221; header_font_size_last_edited=&#8221;on|phone&#8221; global_colors_info=&#8221;{}&#8221;]<\/p>\n<h1>Todos<\/h1>\n<p>[\/et_pb_text][et_pb_code _builder_version=&#8221;4.16&#8243; global_colors_info=&#8221;{}&#8221;]<\/p>\n<div class=\"et_pb_module et_pb_blog_0 blogLinhaHor et_pb_posts et_pb_bg_layout_light \"><!-- [et_pb_line_break_holder] -->  <\/p>\n<article id=\"post-720\" class=\"et_pb_post clearfix post-720 post type-post status-publish format-video has-post-thumbnail hentry category-ansiedade category-ansiedade-conteudo category-jovens-criancas-familias-conteudo category-prevencao-bem-estar-conteudo category-transtornos-mentais-conteudo category-conteudo-geral category-guias-e-manuais category-jovens-criancas-familias category-prevencao-bem-estar category-transtornos-mentais post_format-post-format-video\"><!-- [et_pb_line_break_holder] --><!-- [et_pb_line_break_holder] -->\t\t\t\t\t\t\t\t\t\t<a href=\"https:\/\/www.amesuamente.org.br\/en\/guias-e-manuais\/manual-de-aprendizagem-socioemocional\/\" class=\"entry-featured-image-url\"><!-- [et_pb_line_break_holder] -->\t\t\t\t\t\t\t\t<img loading=\"lazy\" decoding=\"async\" src=\"https:\/\/www.amesuamente.org.br\/en\/wp-content\/uploads\/2022\/08\/capa_manualsocioemocional.jpg\" alt=\"Manual de Aprendizagem Socioemocional\" width=\"1080\" height=\"675\">\t\t\t\t\t\t\t\t\t\t\t\t\t\t\t<\/a><!-- [et_pb_line_break_holder] -->\t\t\t\t\t<!-- [et_pb_line_break_holder] -->\t\t\t\t\t\t\t\t\t\t\t\t<\/p>\n<h2 class=\"entry-title\"><a href=\"https:\/\/www.amesuamente.org.br\/en\/guias-e-manuais\/manual-de-aprendizagem-socioemocional\/\">Manual de Aprendizagem Socioemocional<\/a><\/h2>\n<p><!-- [et_pb_line_break_holder] -->\t\t\t\t<!-- [et_pb_line_break_holder] -->\t\t\t\t<\/p>\n<div class=\"post-content\"><pee>Conhe\u00e7a o modelo Colabora\u00e7\u00e3o pelo Aprendizado Acad\u00eamico, Social e Emocional (CASEL), centrado no desenvolvimento de cinco compet\u00eancias socioemocionais e aprenda como o tema pode impactar suas atividades de forma positiva.<\/pee><!-- [et_pb_line_break_holder] --><\/div>\n<p>\t\t\t<!-- [et_pb_line_break_holder] -->\t\t\t<\/article>\n<p><!-- [et_pb_line_break_holder] --><\/div>\n<p>[\/et_pb_code][et_pb_code _builder_version=&#8221;4.16&#8243; global_colors_info=&#8221;{}&#8221;]<\/p>\n<div class=\"et_pb_module et_pb_blog_0 blogLinhaHor et_pb_posts et_pb_bg_layout_light \"><!-- [et_pb_line_break_holder] -->  <\/p>\n<article id=\"post-720\" class=\"et_pb_post clearfix post-720 post type-post status-publish format-video has-post-thumbnail hentry category-ansiedade category-ansiedade-conteudo category-jovens-criancas-familias-conteudo category-prevencao-bem-estar-conteudo category-transtornos-mentais-conteudo category-conteudo-geral category-guias-e-manuais category-jovens-criancas-familias category-prevencao-bem-estar category-transtornos-mentais post_format-post-format-video\"><!-- [et_pb_line_break_holder] --><!-- [et_pb_line_break_holder] -->\t\t\t\t\t\t\t\t\t\t<a href=\"https:\/\/www.amesuamente.org.br\/en\/guias-e-manuais\/minimanual-estrategias-de-mindfulness\/\" class=\"entry-featured-image-url\"><!-- [et_pb_line_break_holder] -->\t\t\t\t\t\t\t\t<img loading=\"lazy\" decoding=\"async\" src=\"https:\/\/www.amesuamente.org.br\/en\/wp-content\/uploads\/2022\/06\/manual_mindfulness-1-1.jpg\" alt=\"Minimanual Estrat\u00e9gias de Mindfulness\" width=\"1080\" height=\"675\">\t\t\t\t\t\t\t\t\t\t\t\t\t\t\t<\/a><!-- [et_pb_line_break_holder] -->\t\t\t\t\t<!-- [et_pb_line_break_holder] -->\t\t\t\t\t\t\t\t\t\t\t\t<\/p>\n<h2 class=\"entry-title\"><a href=\"https:\/\/www.amesuamente.org.br\/en\/guias-e-manuais\/minimanual-estrategias-de-mindfulness\/\">Minimanual Estrat\u00e9gias de Mindfulness<\/a><\/h2>\n<p><!-- [et_pb_line_break_holder] -->\t\t\t\t<!-- [et_pb_line_break_holder] -->\t\t\t\t<\/p>\n<div class=\"post-content\"><pee>Sim! Medita\u00e7\u00e3o \u00e9 para todos. Al\u00e9m de ajudar a restabelecer o equil\u00edbrio para seguir em sua melhor vers\u00e3o frente aos desafios do dia a dia, traz benef\u00edcios de longo prazo, quando praticada&#8230;<\/pee><!-- [et_pb_line_break_holder] --><\/div>\n<p>\t\t\t<!-- [et_pb_line_break_holder] -->\t\t\t<\/article>\n<p><!-- [et_pb_line_break_holder] --><\/div>\n<p>[\/et_pb_code][et_pb_code _builder_version=&#8221;4.16&#8243; global_colors_info=&#8221;{}&#8221;]<\/p>\n<div class=\"et_pb_module et_pb_blog_0 blogLinhaHor et_pb_posts et_pb_bg_layout_light \"><!-- [et_pb_line_break_holder] -->  <\/p>\n<article id=\"post-720\" class=\"et_pb_post clearfix post-720 post type-post status-publish format-video has-post-thumbnail hentry category-ansiedade category-ansiedade-conteudo category-jovens-criancas-familias-conteudo category-prevencao-bem-estar-conteudo category-transtornos-mentais-conteudo category-conteudo-geral category-guias-e-manuais category-jovens-criancas-familias category-prevencao-bem-estar category-transtornos-mentais post_format-post-format-video\"><!-- [et_pb_line_break_holder] --><!-- [et_pb_line_break_holder] -->\t\t\t\t\t\t\t\t\t\t<a href=\"https:\/\/www.amesuamente.org.br\/en\/guias-e-manuais\/minimanual-volta-as-aulas\/\" class=\"entry-featured-image-url\"><!-- [et_pb_line_break_holder] -->\t\t\t\t\t\t\t\t<img loading=\"lazy\" decoding=\"async\" src=\"https:\/\/www.amesuamente.org.br\/en\/wp-content\/uploads\/2022\/06\/manual_pequeno_manual-1.jpg\" alt=\"Minimanual de Sa\u00fade Mental para Volta \u00e0s Aulas\" width=\"1080\" height=\"675\">\t\t\t\t\t\t\t\t\t\t\t\t\t\t\t<\/a><!-- [et_pb_line_break_holder] -->\t\t\t\t\t<!-- [et_pb_line_break_holder] -->\t\t\t\t\t\t\t\t\t\t\t\t<\/p>\n<h2 class=\"entry-title\"><a href=\"https:\/\/www.amesuamente.org.br\/en\/guias-e-manuais\/minimanual-volta-as-aulas\/\">Minimanual de Sa\u00fade Mental para Volta \u00e0s Aulas<\/a><\/h2>\n<p><!-- [et_pb_line_break_holder] -->\t\t\t\t<!-- [et_pb_line_break_holder] -->\t\t\t\t<\/p>\n<div class=\"post-content\"><pee>Esse Pequeno Manual de Sa\u00fade Mental para a Volta \u00e0s Aulas \u00e9 uma adapta\u00e7\u00e3o do Guia Pr\u00e1tico de Sa\u00fade Mental em Tempos da Covid-19, produzido e publicado pelo Instituto Ame sua Mente&#8230;<\/pee><!-- [et_pb_line_break_holder] --><\/div>\n<p>\t\t\t<!-- [et_pb_line_break_holder] -->\t\t\t<\/article>\n<p><!-- [et_pb_line_break_holder] --><\/div>\n<p>[\/et_pb_code][et_pb_code _builder_version=&#8221;4.16&#8243; global_colors_info=&#8221;{}&#8221;]<\/p>\n<div class=\"et_pb_module et_pb_blog_0 blogLinhaHor et_pb_posts et_pb_bg_layout_light \"><!-- [et_pb_line_break_holder] -->  <\/p>\n<article id=\"post-720\" class=\"et_pb_post clearfix post-720 post type-post status-publish format-video has-post-thumbnail hentry category-ansiedade category-ansiedade-conteudo category-jovens-criancas-familias-conteudo category-prevencao-bem-estar-conteudo category-transtornos-mentais-conteudo category-conteudo-geral category-guias-e-manuais category-jovens-criancas-familias category-prevencao-bem-estar category-transtornos-mentais post_format-post-format-video\"><!-- [et_pb_line_break_holder] --><!-- [et_pb_line_break_holder] -->\t\t\t\t\t\t\t\t\t\t<a href=\"https:\/\/www.amesuamente.org.br\/en\/guias-e-manuais\/guia-pratico-de-saude-mental-em-tempos-de-covid-19\/\" class=\"entry-featured-image-url\"><!-- [et_pb_line_break_holder] -->\t\t\t\t\t\t\t\t<img loading=\"lazy\" decoding=\"async\" src=\"https:\/\/www.amesuamente.org.br\/en\/wp-content\/uploads\/2022\/06\/manual_guia_pratico.jpg\" alt=\"Guia Pr\u00e1tico de sa\u00fade mental em tempos de Covid-19\" width=\"1080\" height=\"675\">\t\t\t\t\t\t\t\t\t\t\t\t\t\t\t<\/a><!-- [et_pb_line_break_holder] -->\t\t\t\t\t<!-- [et_pb_line_break_holder] -->\t\t\t\t\t\t\t\t\t\t\t\t<\/p>\n<h2 class=\"entry-title\"><a href=\"https:\/\/www.amesuamente.org.br\/en\/guias-e-manuais\/guia-pratico-de-saude-mental-em-tempos-de-covid-19\/\">Guia Pr\u00e1tico de sa\u00fade mental em tempos de Covid-19<\/a><\/h2>\n<p><!-- [et_pb_line_break_holder] -->\t\t\t\t<!-- [et_pb_line_break_holder] -->\t\t\t\t<\/p>\n<div class=\"post-content\"><pee>A\u00e7\u00f5es de acolhimento e de promo\u00e7\u00e3o de sa\u00fade mental no retorno \u00e0s aulas presenciais.<\/pee><!-- [et_pb_line_break_holder] --><\/div>\n<p>\t\t\t<!-- [et_pb_line_break_holder] -->\t\t\t<\/article>\n<p><!-- [et_pb_line_break_holder] --><\/div>\n<p>[\/et_pb_code][\/et_pb_column][\/et_pb_row][\/et_pb_section][et_pb_section fb_built=&#8221;1&#8243; _builder_version=&#8221;3.26.7&#8243; custom_margin=&#8221;||0px||false|false&#8221; custom_padding=&#8221;||0px||false|false&#8221; global_module=&#8221;33&#8243; saved_tabs=&#8221;all&#8221; global_colors_info=&#8221;{}&#8221;][et_pb_row column_structure=&#8221;1_5,3_5,1_5&#8243; _builder_version=&#8221;4.16&#8243; max_height_tablet=&#8221;&#8221; max_height_phone=&#8221;110px&#8221; max_height_last_edited=&#8221;on|desktop&#8221; custom_padding=&#8221;||0px||false|false&#8221; global_colors_info=&#8221;{}&#8221;][et_pb_column type=&#8221;1_5&#8243; _builder_version=&#8221;4.16&#8243; global_colors_info=&#8221;{}&#8221;][\/et_pb_column][et_pb_column type=&#8221;3_5&#8243; disabled_on=&#8221;off|off|off&#8221; _builder_version=&#8221;4.16&#8243; global_colors_info=&#8221;{}&#8221;][et_pb_text _builder_version=&#8221;4.16&#8243; header_3_font=&#8221;Poppins|700|||||||&#8221; header_3_text_color=&#8221;#ca84b3&#8243; header_3_font_size=&#8221;40px&#8221; header_3_letter_spacing=&#8221;1px&#8221; global_colors_info=&#8221;{}&#8221;]<\/p>\n<h3>Newsletter<\/h3>\n<p>[\/et_pb_text][\/et_pb_column][et_pb_column type=&#8221;1_5&#8243; disabled_on=&#8221;on|on|on&#8221; _builder_version=&#8221;4.16&#8243; disabled=&#8221;on&#8221; global_colors_info=&#8221;{}&#8221;][\/et_pb_column][\/et_pb_row][\/et_pb_section][et_pb_section fb_built=&#8221;1&#8243; _builder_version=&#8221;3.26.7&#8243; background_image=&#8221;https:\/\/www.amesuamente.org.br\/en\/wp-content\/uploads\/2022\/06\/bg_newsletter.webp&#8221; custom_padding=&#8221;||20px||false|false&#8221; global_module=&#8221;34&#8243; saved_tabs=&#8221;all&#8221; global_colors_info=&#8221;{}&#8221;][et_pb_row column_structure=&#8221;1_5,3_5,1_5&#8243; _builder_version=&#8221;4.16&#8243; global_colors_info=&#8221;{}&#8221;][et_pb_column type=&#8221;1_5&#8243; _builder_version=&#8221;4.16&#8243; global_colors_info=&#8221;{}&#8221;][\/et_pb_column][et_pb_column type=&#8221;3_5&#8243; _builder_version=&#8221;4.16&#8243; global_colors_info=&#8221;{}&#8221;][et_pb_text _builder_version=&#8221;4.16&#8243; text_font=&#8221;Poppins|500|||||||&#8221; text_text_color=&#8221;#FFFFFF&#8221; text_font_size=&#8221;18px&#8221; global_colors_info=&#8221;{}&#8221;]<\/p>\n<p>Assine a newsletter e receba conte\u00fados qualificados sobre sa\u00fade mental no seu e-mail. <br \/>Fa\u00e7a parte desse movimento #amesuamente<\/p>\n<p>[\/et_pb_text][et_pb_text module_class=&#8221;formNewsFooter&#8221; _builder_version=&#8221;4.16&#8243; global_colors_info=&#8221;{}&#8221;]<\/p>\n\n<div class=\"wpcf7 no-js\" id=\"wpcf7-f3299-o1\" lang=\"pt-BR\" dir=\"ltr\" data-wpcf7-id=\"3299\">\n<div class=\"screen-reader-response\"><p role=\"status\" aria-live=\"polite\" aria-atomic=\"true\"><\/p> <ul><\/ul><\/div>\n<form action=\"\/en\/wp-json\/wp\/v2\/pages\/36#wpcf7-f3299-o1\" method=\"post\" class=\"wpcf7-form init\" aria-label=\"Formul\u00e1rios de contato\" novalidate=\"novalidate\" data-status=\"init\">\n<fieldset class=\"hidden-fields-container\"><input type=\"hidden\" name=\"_wpcf7\" value=\"3299\" \/><input type=\"hidden\" name=\"_wpcf7_version\" value=\"6.1.4\" \/><input type=\"hidden\" name=\"_wpcf7_locale\" value=\"pt_BR\" \/><input type=\"hidden\" name=\"_wpcf7_unit_tag\" value=\"wpcf7-f3299-o1\" \/><input type=\"hidden\" name=\"_wpcf7_container_post\" value=\"0\" \/><input type=\"hidden\" name=\"_wpcf7_posted_data_hash\" value=\"\" \/><input type=\"hidden\" name=\"_wpcf7_recaptcha_response\" value=\"\" \/>\n<\/fieldset>\n<div class=\"et_pb_column et_pb_column_4_4 et_pb_column_2  et_pb_css_mix_blend_mode_passthrough et-last-child\">\n\t<p><span class=\"wpcf7-form-control-wrap\" data-name=\"your-email\"><input size=\"40\" maxlength=\"400\" class=\"wpcf7-form-control wpcf7-email wpcf7-validates-as-required wpcf7-text wpcf7-validates-as-email\" aria-required=\"true\" aria-invalid=\"false\" placeholder=\"Email address\" value=\"\" type=\"email\" name=\"your-email\" \/><\/span>\n\t<\/p>\n<\/div>\n<div class=\"et_pb_column et_pb_column_4_4 et_pb_column_2  et_pb_css_mix_blend_mode_passthrough et-last-child\" style=\" font-size: 13px; padding-bottom: 0; color:#FFF;\">\n\t<p>Tell us what type of content you are interested in:\n\t<\/p>\n<\/div>\n<p><span class=\"wpcf7-form-control-wrap\" data-name=\"receber-saude-mental_\"><span class=\"wpcf7-form-control wpcf7-radio\"><span class=\"wpcf7-list-item first\"><label><input type=\"radio\" name=\"receber-saude-mental_\" value=\"I want to receive more general content related to mental health.\" checked=\"checked\" \/><span class=\"wpcf7-list-item-label\">I want to receive more general content related to mental health.<\/span><\/label><\/span><span class=\"wpcf7-list-item\"><label><input type=\"radio\" name=\"receber-saude-mental_\" value=\"I am an education professional and I want to receive content on mental health in the school environment.\" \/><span class=\"wpcf7-list-item-label\">I am an education professional and I want to receive content on mental health in the school environment.<\/span><\/label><\/span><span class=\"wpcf7-list-item last\"><label><input type=\"radio\" name=\"receber-saude-mental_\" value=\"I am an education professional and I want to receive both types of content above.\" \/><span class=\"wpcf7-list-item-label\">I am an education professional and I want to receive both types of content above.<\/span><\/label><\/span><\/span><\/span><input class=\"wpcf7-form-control wpcf7-submit has-spinner\" type=\"submit\" value=\"Submit\" \/>\n<\/p><input type='hidden' class='wpcf7-pum' value='{\"closepopup\":false,\"closedelay\":0,\"openpopup\":false,\"openpopup_id\":0}' \/><div class=\"wpcf7-response-output\" aria-hidden=\"true\"><\/div>\n<\/form>\n<\/div>\n\n<p>[\/et_pb_text][\/et_pb_column][et_pb_column type=&#8221;1_5&#8243; disabled_on=&#8221;on|off|off&#8221; _builder_version=&#8221;4.16&#8243; global_colors_info=&#8221;{}&#8221;][\/et_pb_column][\/et_pb_row][\/et_pb_section]<\/p>\n","protected":false},"excerpt":{"rendered":"<p>Guias e ManuaisPreparamos uma s\u00e9rie de materiais com informa\u00e7\u00f5es pr\u00e1ticas sobre sa\u00fade mental e sua aplicabilidade nas escolas.TodosNewsletterAssine a newsletter e receba conte\u00fados qualificados sobre sa\u00fade mental no seu e-mail. Fa\u00e7a parte desse movimento #amesuamente\n<div class=\"wpcf7 no-js\" id=\"wpcf7-f3299-o2\" lang=\"pt-BR\" dir=\"ltr\" data-wpcf7-id=\"3299\">\n<div class=\"screen-reader-response\"><p role=\"status\" aria-live=\"polite\" aria-atomic=\"true\"><\/p> <ul><\/ul><\/div>\n<form action=\"\/en\/wp-json\/wp\/v2\/pages\/36#wpcf7-f3299-o2\" method=\"post\" class=\"wpcf7-form init\" aria-label=\"Formul\u00e1rios de contato\" novalidate=\"novalidate\" data-status=\"init\">\n<fieldset class=\"hidden-fields-container\"><input type=\"hidden\" name=\"_wpcf7\" value=\"3299\" \/><input type=\"hidden\" name=\"_wpcf7_version\" value=\"6.1.4\" \/><input type=\"hidden\" name=\"_wpcf7_locale\" value=\"pt_BR\" \/><input type=\"hidden\" name=\"_wpcf7_unit_tag\" value=\"wpcf7-f3299-o2\" \/><input type=\"hidden\" name=\"_wpcf7_container_post\" value=\"0\" \/><input type=\"hidden\" name=\"_wpcf7_posted_data_hash\" value=\"\" \/><input type=\"hidden\" name=\"_wpcf7_recaptcha_response\" value=\"\" \/>\n<\/fieldset>\n<div class=\"et_pb_column et_pb_column_4_4 et_pb_column_2  et_pb_css_mix_blend_mode_passthrough et-last-child\">\n\t<p><span class=\"wpcf7-form-control-wrap\" data-name=\"your-email\"><input size=\"40\" maxlength=\"400\" class=\"wpcf7-form-control wpcf7-email wpcf7-validates-as-required wpcf7-text wpcf7-validates-as-email\" aria-required=\"true\" aria-invalid=\"false\" placeholder=\"Email address\" value=\"\" type=\"email\" name=\"your-email\" \/><\/span>\n\t<\/p>\n<\/div>\n<div class=\"et_pb_column et_pb_column_4_4 et_pb_column_2  et_pb_css_mix_blend_mode_passthrough et-last-child\" style=\" font-size: 13px; padding-bottom: 0; color:#FFF;\">\n\t<p>Tell us what type of content you are interested in:\n\t<\/p>\n<\/div>\n<p><span class=\"wpcf7-form-control-wrap\" data-name=\"receber-saude-mental_\"><span class=\"wpcf7-form-control wpcf7-radio\"><span class=\"wpcf7-list-item first\"><label><input type=\"radio\" name=\"receber-saude-mental_\" value=\"I want to receive more general content related to mental health.\" checked=\"checked\" \/><span class=\"wpcf7-list-item-label\">I want to receive more general content related to mental health.<\/span><\/label><\/span><span class=\"wpcf7-list-item\"><label><input type=\"radio\" name=\"receber-saude-mental_\" value=\"I am an education professional and I want to receive content on mental health in the school environment.\" \/><span class=\"wpcf7-list-item-label\">I am an education professional and I want to receive content on mental health in the school environment.<\/span><\/label><\/span><span class=\"wpcf7-list-item last\"><label><input type=\"radio\" name=\"receber-saude-mental_\" value=\"I am an education professional and I want to receive both types of content above.\" \/><span class=\"wpcf7-list-item-label\">I am an education professional and I want to receive both types of content above.<\/span><\/label><\/span><\/span><\/span><input class=\"wpcf7-form-control wpcf7-submit has-spinner\" type=\"submit\" value=\"Submit\" \/>\n<\/p><input type='hidden' class='wpcf7-pum' value='{\"closepopup\":false,\"closedelay\":0,\"openpopup\":false,\"openpopup_id\":0}' \/><div class=\"wpcf7-response-output\" aria-hidden=\"true\"><\/div>\n<\/form>\n<\/div>\n<\/p>\n","protected":false},"author":1,"featured_media":0,"parent":0,"menu_order":0,"comment_status":"closed","ping_status":"closed","template":"","meta":{"_acf_changed":false,"_et_pb_use_builder":"on","_et_pb_old_content":"","_et_gb_content_width":"","footnotes":""},"class_list":["post-36","page","type-page","status-publish","hentry"],"acf":[],"yoast_head":"<!-- This site is optimized with the Yoast SEO plugin v27.4 - https:\/\/yoast.com\/product\/yoast-seo-wordpress\/ -->\n<title>Guias e manuais - Ame Sua Mente<\/title>\n<meta name=\"robots\" content=\"index, follow, max-snippet:-1, max-image-preview:large, max-video-preview:-1\" \/>\n<link rel=\"canonical\" href=\"https:\/\/www.amesuamente.org.br\/en\/guias-e-manuais\/\" \/>\n<meta property=\"og:locale\" content=\"en_US\" \/>\n<meta property=\"og:type\" content=\"article\" \/>\n<meta property=\"og:title\" content=\"Guias e manuais - Ame Sua Mente\" \/>\n<meta property=\"og:description\" content=\"Guias e ManuaisPreparamos uma s\u00e9rie de materiais com informa\u00e7\u00f5es pr\u00e1ticas sobre sa\u00fade mental e sua aplicabilidade nas escolas.TodosNewsletterAssine a newsletter e receba conte\u00fados qualificados sobre sa\u00fade mental no seu e-mail. Fa\u00e7a parte desse movimento #amesuamente\" \/>\n<meta property=\"og:url\" content=\"https:\/\/www.amesuamente.org.br\/en\/guias-e-manuais\/\" \/>\n<meta property=\"og:site_name\" content=\"Ame Sua Mente\" \/>\n<meta property=\"article:publisher\" content=\"https:\/\/web.facebook.com\/amesuamenteinstituto\" \/>\n<meta property=\"article:modified_time\" content=\"2024-02-06T01:52:13+00:00\" \/>\n<meta property=\"og:image\" content=\"https:\/\/www.amesuamente.org.br\/en\/wp-content\/uploads\/2022\/08\/capa_manualsocioemocional.jpg\" \/>\n<meta name=\"twitter:card\" content=\"summary_large_image\" \/>\n<meta name=\"twitter:label1\" content=\"Est. reading time\" \/>\n\t<meta name=\"twitter:data1\" content=\"4 minutes\" \/>\n<script type=\"application\/ld+json\" class=\"yoast-schema-graph\">{\"@context\":\"https:\\\/\\\/schema.org\",\"@graph\":[{\"@type\":\"WebPage\",\"@id\":\"https:\\\/\\\/www.amesuamente.org.br\\\/en\\\/guias-e-manuais\\\/\",\"url\":\"https:\\\/\\\/www.amesuamente.org.br\\\/en\\\/guias-e-manuais\\\/\",\"name\":\"Guias e manuais - Ame Sua Mente\",\"isPartOf\":{\"@id\":\"https:\\\/\\\/www.amesuamente.org.br\\\/en\\\/#website\"},\"primaryImageOfPage\":{\"@id\":\"https:\\\/\\\/www.amesuamente.org.br\\\/en\\\/guias-e-manuais\\\/#primaryimage\"},\"image\":{\"@id\":\"https:\\\/\\\/www.amesuamente.org.br\\\/en\\\/guias-e-manuais\\\/#primaryimage\"},\"thumbnailUrl\":\"https:\\\/\\\/www.amesuamente.org.br\\\/en\\\/wp-content\\\/uploads\\\/2022\\\/08\\\/capa_manualsocioemocional.jpg\",\"datePublished\":\"2022-05-24T10:46:11+00:00\",\"dateModified\":\"2024-02-06T01:52:13+00:00\",\"breadcrumb\":{\"@id\":\"https:\\\/\\\/www.amesuamente.org.br\\\/en\\\/guias-e-manuais\\\/#breadcrumb\"},\"inLanguage\":\"en-US\",\"potentialAction\":[{\"@type\":\"ReadAction\",\"target\":[\"https:\\\/\\\/www.amesuamente.org.br\\\/en\\\/guias-e-manuais\\\/\"]}]},{\"@type\":\"ImageObject\",\"inLanguage\":\"en-US\",\"@id\":\"https:\\\/\\\/www.amesuamente.org.br\\\/en\\\/guias-e-manuais\\\/#primaryimage\",\"url\":\"https:\\\/\\\/www.amesuamente.org.br\\\/en\\\/wp-content\\\/uploads\\\/2022\\\/08\\\/capa_manualsocioemocional.jpg\",\"contentUrl\":\"https:\\\/\\\/www.amesuamente.org.br\\\/en\\\/wp-content\\\/uploads\\\/2022\\\/08\\\/capa_manualsocioemocional.jpg\",\"width\":1080,\"height\":1080},{\"@type\":\"BreadcrumbList\",\"@id\":\"https:\\\/\\\/www.amesuamente.org.br\\\/en\\\/guias-e-manuais\\\/#breadcrumb\",\"itemListElement\":[{\"@type\":\"ListItem\",\"position\":1,\"name\":\"In\u00edcio\",\"item\":\"https:\\\/\\\/www.amesuamente.org.br\\\/en\\\/\"},{\"@type\":\"ListItem\",\"position\":2,\"name\":\"Guias e manuais\"}]},{\"@type\":\"WebSite\",\"@id\":\"https:\\\/\\\/www.amesuamente.org.br\\\/en\\\/#website\",\"url\":\"https:\\\/\\\/www.amesuamente.org.br\\\/en\\\/\",\"name\":\"Ame Sua Mente\",\"description\":\"A mente \u00e9 sua lente para o mundo\",\"publisher\":{\"@id\":\"https:\\\/\\\/www.amesuamente.org.br\\\/en\\\/#organization\"},\"potentialAction\":[{\"@type\":\"SearchAction\",\"target\":{\"@type\":\"EntryPoint\",\"urlTemplate\":\"https:\\\/\\\/www.amesuamente.org.br\\\/en\\\/?s={search_term_string}\"},\"query-input\":{\"@type\":\"PropertyValueSpecification\",\"valueRequired\":true,\"valueName\":\"search_term_string\"}}],\"inLanguage\":\"en-US\"},{\"@type\":\"Organization\",\"@id\":\"https:\\\/\\\/www.amesuamente.org.br\\\/en\\\/#organization\",\"name\":\"Ame Sua Mente\",\"url\":\"https:\\\/\\\/www.amesuamente.org.br\\\/en\\\/\",\"logo\":{\"@type\":\"ImageObject\",\"inLanguage\":\"en-US\",\"@id\":\"https:\\\/\\\/www.amesuamente.org.br\\\/en\\\/#\\\/schema\\\/logo\\\/image\\\/\",\"url\":\"https:\\\/\\\/www.amesuamente.org.br\\\/en\\\/wp-content\\\/uploads\\\/2023\\\/03\\\/logo_l.png\",\"contentUrl\":\"https:\\\/\\\/www.amesuamente.org.br\\\/en\\\/wp-content\\\/uploads\\\/2023\\\/03\\\/logo_l.png\",\"width\":216,\"height\":144,\"caption\":\"Ame Sua Mente\"},\"image\":{\"@id\":\"https:\\\/\\\/www.amesuamente.org.br\\\/en\\\/#\\\/schema\\\/logo\\\/image\\\/\"},\"sameAs\":[\"https:\\\/\\\/web.facebook.com\\\/amesuamenteinstituto\",\"https:\\\/\\\/www.instagram.com\\\/ame_sua_mente\\\/\",\"https:\\\/\\\/br.linkedin.com\\\/company\\\/institutoasm\",\"https:\\\/\\\/www.youtube.com\\\/@institutoamesuamente\"]}]}<\/script>\n<!-- \/ Yoast SEO plugin. -->","yoast_head_json":{"title":"Guias e manuais - Ame Sua Mente","robots":{"index":"index","follow":"follow","max-snippet":"max-snippet:-1","max-image-preview":"max-image-preview:large","max-video-preview":"max-video-preview:-1"},"canonical":"https:\/\/www.amesuamente.org.br\/en\/guias-e-manuais\/","og_locale":"en_US","og_type":"article","og_title":"Guias e manuais - Ame Sua Mente","og_description":"Guias e ManuaisPreparamos uma s\u00e9rie de materiais com informa\u00e7\u00f5es pr\u00e1ticas sobre sa\u00fade mental e sua aplicabilidade nas escolas.TodosNewsletterAssine a newsletter e receba conte\u00fados qualificados sobre sa\u00fade mental no seu e-mail. Fa\u00e7a parte desse movimento #amesuamente","og_url":"https:\/\/www.amesuamente.org.br\/en\/guias-e-manuais\/","og_site_name":"Ame Sua Mente","article_publisher":"https:\/\/web.facebook.com\/amesuamenteinstituto","article_modified_time":"2024-02-06T01:52:13+00:00","og_image":[{"url":"https:\/\/www.amesuamente.org.br\/en\/wp-content\/uploads\/2022\/08\/capa_manualsocioemocional.jpg","type":"","width":"","height":""}],"twitter_card":"summary_large_image","twitter_misc":{"Est. reading time":"4 minutes"},"schema":{"@context":"https:\/\/schema.org","@graph":[{"@type":"WebPage","@id":"https:\/\/www.amesuamente.org.br\/en\/guias-e-manuais\/","url":"https:\/\/www.amesuamente.org.br\/en\/guias-e-manuais\/","name":"Guias e manuais - Ame Sua Mente","isPartOf":{"@id":"https:\/\/www.amesuamente.org.br\/en\/#website"},"primaryImageOfPage":{"@id":"https:\/\/www.amesuamente.org.br\/en\/guias-e-manuais\/#primaryimage"},"image":{"@id":"https:\/\/www.amesuamente.org.br\/en\/guias-e-manuais\/#primaryimage"},"thumbnailUrl":"https:\/\/www.amesuamente.org.br\/en\/wp-content\/uploads\/2022\/08\/capa_manualsocioemocional.jpg","datePublished":"2022-05-24T10:46:11+00:00","dateModified":"2024-02-06T01:52:13+00:00","breadcrumb":{"@id":"https:\/\/www.amesuamente.org.br\/en\/guias-e-manuais\/#breadcrumb"},"inLanguage":"en-US","potentialAction":[{"@type":"ReadAction","target":["https:\/\/www.amesuamente.org.br\/en\/guias-e-manuais\/"]}]},{"@type":"ImageObject","inLanguage":"en-US","@id":"https:\/\/www.amesuamente.org.br\/en\/guias-e-manuais\/#primaryimage","url":"https:\/\/www.amesuamente.org.br\/en\/wp-content\/uploads\/2022\/08\/capa_manualsocioemocional.jpg","contentUrl":"https:\/\/www.amesuamente.org.br\/en\/wp-content\/uploads\/2022\/08\/capa_manualsocioemocional.jpg","width":1080,"height":1080},{"@type":"BreadcrumbList","@id":"https:\/\/www.amesuamente.org.br\/en\/guias-e-manuais\/#breadcrumb","itemListElement":[{"@type":"ListItem","position":1,"name":"In\u00edcio","item":"https:\/\/www.amesuamente.org.br\/en\/"},{"@type":"ListItem","position":2,"name":"Guias e manuais"}]},{"@type":"WebSite","@id":"https:\/\/www.amesuamente.org.br\/en\/#website","url":"https:\/\/www.amesuamente.org.br\/en\/","name":"Ame Sua Mente","description":"A mente \u00e9 sua lente para o mundo","publisher":{"@id":"https:\/\/www.amesuamente.org.br\/en\/#organization"},"potentialAction":[{"@type":"SearchAction","target":{"@type":"EntryPoint","urlTemplate":"https:\/\/www.amesuamente.org.br\/en\/?s={search_term_string}"},"query-input":{"@type":"PropertyValueSpecification","valueRequired":true,"valueName":"search_term_string"}}],"inLanguage":"en-US"},{"@type":"Organization","@id":"https:\/\/www.amesuamente.org.br\/en\/#organization","name":"Ame Sua Mente","url":"https:\/\/www.amesuamente.org.br\/en\/","logo":{"@type":"ImageObject","inLanguage":"en-US","@id":"https:\/\/www.amesuamente.org.br\/en\/#\/schema\/logo\/image\/","url":"https:\/\/www.amesuamente.org.br\/en\/wp-content\/uploads\/2023\/03\/logo_l.png","contentUrl":"https:\/\/www.amesuamente.org.br\/en\/wp-content\/uploads\/2023\/03\/logo_l.png","width":216,"height":144,"caption":"Ame Sua Mente"},"image":{"@id":"https:\/\/www.amesuamente.org.br\/en\/#\/schema\/logo\/image\/"},"sameAs":["https:\/\/web.facebook.com\/amesuamenteinstituto","https:\/\/www.instagram.com\/ame_sua_mente\/","https:\/\/br.linkedin.com\/company\/institutoasm","https:\/\/www.youtube.com\/@institutoamesuamente"]}]}},"_links":{"self":[{"href":"https:\/\/www.amesuamente.org.br\/en\/wp-json\/wp\/v2\/pages\/36","targetHints":{"allow":["GET"]}}],"collection":[{"href":"https:\/\/www.amesuamente.org.br\/en\/wp-json\/wp\/v2\/pages"}],"about":[{"href":"https:\/\/www.amesuamente.org.br\/en\/wp-json\/wp\/v2\/types\/page"}],"author":[{"embeddable":true,"href":"https:\/\/www.amesuamente.org.br\/en\/wp-json\/wp\/v2\/users\/1"}],"replies":[{"embeddable":true,"href":"https:\/\/www.amesuamente.org.br\/en\/wp-json\/wp\/v2\/comments?post=36"}],"version-history":[{"count":1,"href":"https:\/\/www.amesuamente.org.br\/en\/wp-json\/wp\/v2\/pages\/36\/revisions"}],"predecessor-version":[{"id":8081,"href":"https:\/\/www.amesuamente.org.br\/en\/wp-json\/wp\/v2\/pages\/36\/revisions\/8081"}],"wp:attachment":[{"href":"https:\/\/www.amesuamente.org.br\/en\/wp-json\/wp\/v2\/media?parent=36"}],"curies":[{"name":"wp","href":"https:\/\/api.w.org\/{rel}","templated":true}]}}