{"id":5918,"date":"2023-08-30T00:54:57","date_gmt":"2023-08-30T03:54:57","guid":{"rendered":"https:\/\/www.amesuamente.org.br\/en\/?page_id=5918"},"modified":"2024-02-20T12:02:21","modified_gmt":"2024-02-20T15:02:21","slug":"videosame","status":"publish","type":"page","link":"https:\/\/www.amesuamente.org.br\/en\/videosame\/","title":{"rendered":"V\u00eddeos"},"content":{"rendered":"<p>[et_pb_section fb_built=&#8221;1&#8243; _builder_version=&#8221;4.16&#8243; background_image=&#8221;https:\/\/www.amesuamente.org.br\/en\/wp-content\/uploads\/2022\/07\/bg_videos_final.png&#8221; min_height=&#8221;440px&#8221; background_last_edited=&#8221;on|desktop&#8221; background_position_tablet=&#8221;center_left&#8221; background_position_phone=&#8221;center&#8221; global_colors_info=&#8221;{}&#8221;][et_pb_row column_structure=&#8221;3_5,2_5&#8243; _builder_version=&#8221;4.16&#8243; global_colors_info=&#8221;{}&#8221;][et_pb_column type=&#8221;3_5&#8243; _builder_version=&#8221;4.16&#8243; global_colors_info=&#8221;{}&#8221;][et_pb_text _builder_version=&#8221;4.16&#8243; text_font=&#8221;|600|||||||&#8221; text_text_color=&#8221;#ffffff&#8221; text_font_size=&#8221;18px&#8221; text_line_height=&#8221;1.6em&#8221; header_font=&#8221;Poppins|700|||||||&#8221; header_text_color=&#8221;#FFFFFF&#8221; header_font_size=&#8221;50px&#8221; custom_margin=&#8221;2vw||0px||false|false&#8221; custom_padding=&#8221;||0px||false|false&#8221; animation_direction=&#8221;left&#8221; header_font_size_tablet=&#8221;&#8221; header_font_size_phone=&#8221;40px&#8221; header_font_size_last_edited=&#8221;on|phone&#8221; global_colors_info=&#8221;{}&#8221;]<\/p>\n<h1>V\u00eddeos<\/h1>\n<p>[\/et_pb_text][et_pb_text _builder_version=&#8221;4.16&#8243; text_font=&#8221;||||||||&#8221; text_text_color=&#8221;#ffffff&#8221; text_font_size=&#8221;18px&#8221; text_line_height=&#8221;1.6em&#8221; header_font=&#8221;Poppins|700|||||||&#8221; header_text_color=&#8221;#FFFFFF&#8221; header_font_size=&#8221;50px&#8221; custom_margin=&#8221;0px||||false|false&#8221; custom_padding=&#8221;0px||||false|false&#8221; animation_style=&#8221;slide&#8221; animation_direction=&#8221;bottom&#8221; header_font_size_tablet=&#8221;&#8221; header_font_size_phone=&#8221;40px&#8221; header_font_size_last_edited=&#8221;on|phone&#8221; global_colors_info=&#8221;{}&#8221;]<\/p>\n<p>Acompanhe v\u00eddeos curtos elaborados por nossos especialistas em sa\u00fade mental. Uma maneira leve de aprender, cuidar da mente e promover uma cultura em que as pessoas assumam seu desenvolvimento emocional desde cedo.<\/p>\n<p>[\/et_pb_text][\/et_pb_column][et_pb_column type=&#8221;2_5&#8243; _builder_version=&#8221;4.16&#8243; global_colors_info=&#8221;{}&#8221;][\/et_pb_column][\/et_pb_row][\/et_pb_section][et_pb_section fb_built=&#8221;1&#8243; _builder_version=&#8221;4.16&#8243; custom_margin=&#8221;0px||0px||false|false&#8221; custom_padding=&#8221;0px||0px||false|false&#8221; global_colors_info=&#8221;{}&#8221;][et_pb_row _builder_version=&#8221;4.16&#8243; max_height_tablet=&#8221;&#8221; max_height_phone=&#8221;110px&#8221; max_height_last_edited=&#8221;on|desktop&#8221; custom_padding=&#8221;||0px||false|false&#8221; global_colors_info=&#8221;{}&#8221;][et_pb_column type=&#8221;4_4&#8243; disabled_on=&#8221;off|off|off&#8221; _builder_version=&#8221;4.16&#8243; global_colors_info=&#8221;{}&#8221;][et_pb_text _builder_version=&#8221;4.16&#8243; header_3_font=&#8221;Poppins|700|||||||&#8221; header_3_text_color=&#8221;#ca84b3&#8243; header_3_font_size=&#8221;40px&#8221; header_3_letter_spacing=&#8221;1px&#8221; custom_margin=&#8221;||5px||false|false&#8221; custom_padding=&#8221;||0px||false|false&#8221; global_colors_info=&#8221;{}&#8221;]<\/p>\n<h3>Pergunte aos Especialistas<\/h3>\n<p>[\/et_pb_text][et_pb_text _builder_version=&#8221;4.24.0&#8243; global_colors_info=&#8221;{}&#8221;]<\/p>\n\n\n<div id=\"sb_youtube_sbyPLtCKo2cQDfb50\" \n\t class=\"sb_youtube sby_layout_carousel sby_col_3 sby_mob_col_1 sby_palette_custom  sby_width_resp\" \n\tdata-feedid=\"sby_PLtCKo2-cQDfb#50\" \n\tdata-shortcode-atts=\"{&quot;feed&quot;:&quot;1&quot;}\" \n\tdata-cols=\"3\" \n\tdata-colsmobile=\"1\" \n\tdata-num=\"50\" \n\tdata-nummobile=\"50\" \n\t\tdata-subscribe-btn=\"1\" \n\tdata-subscribe-btn-text=\"Subscribe\" \n\tdata_channel_header_colors =\"{&quot;channelName&quot;:&quot;&quot;,&quot;subscribeCount&quot;:&quot;&quot;,&quot;buttonBackground&quot;:&quot;&quot;,&quot;buttonText&quot;:&quot;&quot;}\"\n\t data-options=\"{&quot;carousel&quot;:[true,false,false,false,true,1],&quot;cta&quot;:{&quot;type&quot;:&quot;related&quot;,&quot;defaultPosts&quot;:[],&quot;defaultLink&quot;:&quot;&quot;,&quot;defaultText&quot;:&quot;Learn More&quot;,&quot;openType&quot;:&quot;same&quot;,&quot;color&quot;:&quot;&quot;,&quot;textColor&quot;:&quot;&quot;},&quot;descriptionlength&quot;:150}\" data-sby-flags=\"resizeDisable,gdpr\" data-postid=\"5918\" data-sby-supports-lightbox=\"1\" \n\t data-videocardlayout=\"vertical\" \n>\n\t        <div class=\"sby_items_wrap\" style=\"padding: 5px;\">\n\t\t<div class=\"sby_item  sby_new sby_transition\" id=\"sby_UEx0Q0tvVE9zX3Rkb002eHowWTNDYV9aZ3F6Mi1jUURmYi5BNzdEQzY0REQzQTEyN0U3\" data-date=\"1770001200\" data-video-id=\"nSwmHPLlOlc\" data-video-title=\"Sentir ansiedade em alguns momentos \u00e9 uma resposta natural do corpo.\" data-live-date=\"0\" data-channel-id=\"UCVzDV6uqfZIxgHZvgeMlCyg\" >\n    <div class=\"sby_inner_item\">\n        <div class=\"sby_video_thumbnail_wrap sby_item_video_thumbnail_wrap\">\n            <a class=\"sby_video_thumbnail sby_item_video_thumbnail\" style=\"background-image:url(https:\/\/www.amesuamente.org.br\/en\/wp-content\/plugins\/youtube-feed-pro\/img\/placeholder.png)\" href=\"https:\/\/www.youtube.com\/watch?v=nSwmHPLlOlc\" target=\"_blank\" rel=\"noopener\" data-full-res=\"https:\/\/i.ytimg.com\/vi\/nSwmHPLlOlc\/maxresdefault.jpg\" data-img-src-set=\"{&quot;120&quot;:&quot;https:\\\/\\\/i.ytimg.com\\\/vi\\\/nSwmHPLlOlc\\\/default.jpg&quot;,&quot;320&quot;:&quot;https:\\\/\\\/i.ytimg.com\\\/vi\\\/nSwmHPLlOlc\\\/mqdefault.jpg&quot;,&quot;480&quot;:&quot;https:\\\/\\\/i.ytimg.com\\\/vi\\\/nSwmHPLlOlc\\\/hqdefault.jpg&quot;,&quot;640&quot;:&quot;https:\\\/\\\/i.ytimg.com\\\/vi\\\/nSwmHPLlOlc\\\/sddefault.jpg&quot;}\" data-video-id=\"nSwmHPLlOlc\"  data-user=\"Instituto Ame Sua Mente\" data-url=\"https:\/\/www.youtube.com\/watch?v=nSwmHPLlOlc\" data-avatar=\"\" data-title=\"This video is private.\" data-video-title=\"Sentir ansiedade em alguns momentos \u00e9 uma resposta natural do corpo.\" data-channel-id=\"UCVzDV6uqfZIxgHZvgeMlCyg\" data-views=\"59 views\" data-published-date=\"1770001200\" data-formatted-published-date=\"2 de February de 2026 00:00\" data-comment-count=\"0\">\n                <img decoding=\"async\" src=\"https:\/\/www.amesuamente.org.br\/en\/wp-content\/plugins\/youtube-feed-pro\/img\/placeholder.png\" alt=\"Sentir ansiedade em alguns momentos \u00e9 uma resposta natural do corpo.\n\nEla ativa mecanismos biol\u00f3gicos que aumentam o foco, energia e ligam nosso estado de alerta \u2014 ajudando a lidar com os desafios do dia a dia.\n\nMas alguns sinais merecem aten\u00e7\u00e3o, especialmente quando se tornam frequentes ou intensos:\n\npreocupa\u00e7\u00e3o excessiva,\nirritabilidade constante,\ncansa\u00e7o mental,\ndificuldade para dormir ou manter o foco,\ncrises de falta de ar,\nmedo de situa\u00e7\u00f5es antes neutras\nevita\u00e7\u00e3o de compromissos.\n\nJaneiro Branco \u00e9 sobre isso: promo\u00e7\u00e3o da sa\u00fade mental e preven\u00e7\u00e3o.\n\nCuidar antes que sinais comuns evoluam para quadros mais graves faz toda a diferen\u00e7a.\n\n\ud83d\udc49 No v\u00eddeo, Rodrigo Bressan, psiquiatra e presidente do Instituto Ame Sua Mente, fala sobre a import\u00e2ncia do cuidado precoce em entrevista ao SPTV1, no contexto da campanha Janeiro Branco.\n\nSa\u00fade mental \u00e9 vida.\n\n#amesuamente #janeirobranco #ansiedade #sa\u00fademental #preven\u00e7\u00e3o #semestigma\">\n                \n                <div class=\"sby_thumbnail_hover sby_item_video_thumbnail_hover\">\n                    <div class=\"sby_thumbnail_hover_inner\">\n                        \n                        \n                        \n                        \n                                            <\/div>\n                <\/div>\n\n                <span class=\"sby-screenreader\">YouTube Video UEx0Q0tvVE9zX3Rkb002eHowWTNDYV9aZ3F6Mi1jUURmYi5BNzdEQzY0REQzQTEyN0U3<\/span>\n                                    <div class=\"sby_play_btn\" >\n                        <span class=\"sby_play_btn_bg\"><\/span>\n                    <svg aria-hidden=\"true\" focusable=\"false\" data-prefix=\"fab\" data-icon=\"youtube\" role=\"img\" xmlns=\"http:\/\/www.w3.org\/2000\/svg\" viewBox=\"0 0 576 512\" class=\"svg-inline--fa fa-youtube fa-w-18\"><path fill=\"currentColor\" d=\"M549.655 124.083c-6.281-23.65-24.787-42.276-48.284-48.597C458.781 64 288 64 288 64S117.22 64 74.629 75.486c-23.497 6.322-42.003 24.947-48.284 48.597-11.412 42.867-11.412 132.305-11.412 132.305s0 89.438 11.412 132.305c6.281 23.65 24.787 41.5 48.284 47.821C117.22 448 288 448 288 448s170.78 0 213.371-11.486c23.497-6.321 42.003-24.171 48.284-47.821 11.412-42.867 11.412-132.305 11.412-132.305s0-89.438-11.412-132.305zm-317.51 213.508V175.185l142.739 81.205-142.739 81.201z\" class=\"\"><\/path><\/svg>                    <\/div>\n                                <span class=\"sby_loader sby_hidden\" style=\"background-color: rgb(255, 255, 255);\"><\/span>\n            <\/a>\n\n            \n        <\/div>\n\n        \n<div class=\"sby_info sby_info_item\">\n\t<div class=\"sby-video-info-bottom\">\n\t\t<div class=\"sby-video-info\">\n\t\t\t\t\t\t\t<p class=\"sby_video_title_wrap\" >\n\t\t\t\t\t<span class=\"sby_video_title\">Sentir ansiedade em alguns momentos \u00e9 uma resposta natural do corpo.<\/span>\n\t\t\t\t<\/p>\n\t\t\t\n\t\t\t\n\t\t\t\n\t\t\t\n\t\t\t\t\t<\/div>\n\n\t\t\t\t\t\t\t\t<\/div>\n<\/div>    <\/div>\n<\/div><div class=\"sby_item  sby_new sby_transition\" id=\"sby_UEx0Q0tvVE9zX3Rkb002eHowWTNDYV9aZ3F6Mi1jUURmYi5EODgyNjY4MzA3QzY5RTkx\" data-date=\"1769017504\" data-video-id=\"b7ZPAQRNEwU\" data-video-title=\"O estresse \u00e9 uma resposta adaptativa necess\u00e1ria.\" data-live-date=\"0\" data-channel-id=\"UCVzDV6uqfZIxgHZvgeMlCyg\" >\n    <div class=\"sby_inner_item\">\n        <div class=\"sby_video_thumbnail_wrap sby_item_video_thumbnail_wrap\">\n            <a class=\"sby_video_thumbnail sby_item_video_thumbnail\" style=\"background-image:url(https:\/\/www.amesuamente.org.br\/en\/wp-content\/plugins\/youtube-feed-pro\/img\/placeholder.png)\" href=\"https:\/\/www.youtube.com\/watch?v=b7ZPAQRNEwU\" target=\"_blank\" rel=\"noopener\" data-full-res=\"https:\/\/i.ytimg.com\/vi\/b7ZPAQRNEwU\/maxresdefault.jpg\" data-img-src-set=\"{&quot;120&quot;:&quot;https:\\\/\\\/i.ytimg.com\\\/vi\\\/b7ZPAQRNEwU\\\/default.jpg&quot;,&quot;320&quot;:&quot;https:\\\/\\\/i.ytimg.com\\\/vi\\\/b7ZPAQRNEwU\\\/mqdefault.jpg&quot;,&quot;480&quot;:&quot;https:\\\/\\\/i.ytimg.com\\\/vi\\\/b7ZPAQRNEwU\\\/hqdefault.jpg&quot;,&quot;640&quot;:&quot;https:\\\/\\\/i.ytimg.com\\\/vi\\\/b7ZPAQRNEwU\\\/sddefault.jpg&quot;}\" data-video-id=\"b7ZPAQRNEwU\"  data-user=\"Instituto Ame Sua Mente\" data-url=\"https:\/\/www.youtube.com\/watch?v=b7ZPAQRNEwU\" data-avatar=\"\" data-title=\"O estresse \u00e9 uma resposta adaptativa necess\u00e1ria. Mas, quando ficamos sobrecarregados e em alerta permanente, ele passa a afetar a forma como percebemos o mundo e, consequentemente, como nos relacionamos com ele.&lt;br \/&gt;\n&lt;br \/&gt;\nMuitas vezes, aquilo que chamamos de \u201ccansa\u00e7o\u201d \u00e9, na verdade, um pedido de pausa.&lt;br \/&gt;\n&lt;br \/&gt;\nNo Reels de hoje, o psiquiatra e especialista em sa\u00fade mental do Instituto Ame Sua Mente, Gustavo Estanislau, explica como o estresse acumulado impacta a sa\u00fade mental e por que identificar os sinais cedo ajuda a recuperar o equil\u00edbrio.&lt;br \/&gt;\n&lt;br \/&gt;\nPequenas pausas, rotinas de autocuidado e pedir ajuda quando preciso transformam o dia a dia. \ud83d\udc99&lt;br \/&gt;\n&lt;br \/&gt;\nSalve para lembrar depois e compartilhe com quem tamb\u00e9m precisa ouvir isso.&lt;br \/&gt;\n&lt;br \/&gt;\n#saudemental #estresse #autocuidado\" data-video-title=\"O estresse \u00e9 uma resposta adaptativa necess\u00e1ria.\" data-channel-id=\"UCVzDV6uqfZIxgHZvgeMlCyg\" data-views=\"22 views\" data-published-date=\"1769017504\" data-formatted-published-date=\"21 de January de 2026 14:45\" data-comment-count=\"0\">\n                <img decoding=\"async\" src=\"https:\/\/www.amesuamente.org.br\/en\/wp-content\/plugins\/youtube-feed-pro\/img\/placeholder.png\" alt=\"O estresse \u00e9 uma resposta adaptativa necess\u00e1ria. Mas, quando ficamos sobrecarregados e em alerta permanente, ele passa a afetar a forma como percebemos o mundo e, consequentemente, como nos relacionamos com ele.\n\nMuitas vezes, aquilo que chamamos de \u201ccansa\u00e7o\u201d \u00e9, na verdade, um pedido de pausa.\n\nNo Reels de hoje, o psiquiatra e especialista em sa\u00fade mental do Instituto Ame Sua Mente, Gustavo Estanislau, explica como o estresse acumulado impacta a sa\u00fade mental e por que identificar os sinais cedo ajuda a recuperar o equil\u00edbrio.\n\nPequenas pausas, rotinas de autocuidado e pedir ajuda quando preciso transformam o dia a dia. \ud83d\udc99\n\nSalve para lembrar depois e compartilhe com quem tamb\u00e9m precisa ouvir isso.\n\n#saudemental #estresse #autocuidado\">\n                \n                <div class=\"sby_thumbnail_hover sby_item_video_thumbnail_hover\">\n                    <div class=\"sby_thumbnail_hover_inner\">\n                        \n                        \n                        \n                        \n                                            <\/div>\n                <\/div>\n\n                <span class=\"sby-screenreader\">YouTube Video UEx0Q0tvVE9zX3Rkb002eHowWTNDYV9aZ3F6Mi1jUURmYi5EODgyNjY4MzA3QzY5RTkx<\/span>\n                                    <div class=\"sby_play_btn\" >\n                        <span class=\"sby_play_btn_bg\"><\/span>\n                    <svg aria-hidden=\"true\" focusable=\"false\" data-prefix=\"fab\" data-icon=\"youtube\" role=\"img\" xmlns=\"http:\/\/www.w3.org\/2000\/svg\" viewBox=\"0 0 576 512\" class=\"svg-inline--fa fa-youtube fa-w-18\"><path fill=\"currentColor\" d=\"M549.655 124.083c-6.281-23.65-24.787-42.276-48.284-48.597C458.781 64 288 64 288 64S117.22 64 74.629 75.486c-23.497 6.322-42.003 24.947-48.284 48.597-11.412 42.867-11.412 132.305-11.412 132.305s0 89.438 11.412 132.305c6.281 23.65 24.787 41.5 48.284 47.821C117.22 448 288 448 288 448s170.78 0 213.371-11.486c23.497-6.321 42.003-24.171 48.284-47.821 11.412-42.867 11.412-132.305 11.412-132.305s0-89.438-11.412-132.305zm-317.51 213.508V175.185l142.739 81.205-142.739 81.201z\" class=\"\"><\/path><\/svg>                    <\/div>\n                                <span class=\"sby_loader sby_hidden\" style=\"background-color: rgb(255, 255, 255);\"><\/span>\n            <\/a>\n\n            \n        <\/div>\n\n        \n<div class=\"sby_info sby_info_item\">\n\t<div class=\"sby-video-info-bottom\">\n\t\t<div class=\"sby-video-info\">\n\t\t\t\t\t\t\t<p class=\"sby_video_title_wrap\" >\n\t\t\t\t\t<span class=\"sby_video_title\">O estresse \u00e9 uma resposta adaptativa necess\u00e1ria.<\/span>\n\t\t\t\t<\/p>\n\t\t\t\n\t\t\t\n\t\t\t\n\t\t\t\n\t\t\t\t\t<\/div>\n\n\t\t\t\t\t\t\t\t<\/div>\n<\/div>    <\/div>\n<\/div><div class=\"sby_item  sby_new sby_transition\" id=\"sby_UEx0Q0tvVE9zX3Rkb002eHowWTNDYV9aZ3F6Mi1jUURmYi4wN0FBRUVFNEVBMTZBQ0Mx\" data-date=\"1769017393\" data-video-id=\"fByb4WKlP34\" data-video-title=\"Falar sobre sa\u00fade mental s\u00f3 \u00e9 poss\u00edvel quando existe um espa\u00e7o seguro\" data-live-date=\"0\" data-channel-id=\"UCVzDV6uqfZIxgHZvgeMlCyg\" >\n    <div class=\"sby_inner_item\">\n        <div class=\"sby_video_thumbnail_wrap sby_item_video_thumbnail_wrap\">\n            <a class=\"sby_video_thumbnail sby_item_video_thumbnail\" style=\"background-image:url(https:\/\/www.amesuamente.org.br\/en\/wp-content\/plugins\/youtube-feed-pro\/img\/placeholder.png)\" href=\"https:\/\/www.youtube.com\/watch?v=fByb4WKlP34\" target=\"_blank\" rel=\"noopener\" data-full-res=\"https:\/\/i.ytimg.com\/vi\/fByb4WKlP34\/maxresdefault.jpg\" data-img-src-set=\"{&quot;120&quot;:&quot;https:\\\/\\\/i.ytimg.com\\\/vi\\\/fByb4WKlP34\\\/default.jpg&quot;,&quot;320&quot;:&quot;https:\\\/\\\/i.ytimg.com\\\/vi\\\/fByb4WKlP34\\\/mqdefault.jpg&quot;,&quot;480&quot;:&quot;https:\\\/\\\/i.ytimg.com\\\/vi\\\/fByb4WKlP34\\\/hqdefault.jpg&quot;,&quot;640&quot;:&quot;https:\\\/\\\/i.ytimg.com\\\/vi\\\/fByb4WKlP34\\\/sddefault.jpg&quot;}\" data-video-id=\"fByb4WKlP34\"  data-user=\"Instituto Ame Sua Mente\" data-url=\"https:\/\/www.youtube.com\/watch?v=fByb4WKlP34\" data-avatar=\"\" data-title=\"Um gestor que busca autoconhecimento tende a entender melhor como as pessoas est\u00e3o se sentindo e funcionando na esfera da sa\u00fade mental.\u201d - Gustavo Estanislau, psiquiatra e especialista do Instituto Ame Sua Mente.&lt;br \/&gt;\n&lt;br \/&gt;\nFalar sobre sa\u00fade mental s\u00f3 \u00e9 poss\u00edvel quando existe um espa\u00e7o seguro \u2014 onde a escuta \u00e9 verdadeira, o acolhimento \u00e9 real e ningu\u00e9m precisa ter medo de julgamento.&lt;br \/&gt;\n&lt;br \/&gt;\nE, para que isso aconte\u00e7a, o papel do gestor escolar \u00e9 essencial: l\u00edderes com autoconhecimento reconhecem limites, ajustam expectativas e criam rela\u00e7\u00f5es mais humanas e acolhedoras \u2014 cuidando melhor da equipe e do clima escolar.&lt;br \/&gt;\n&lt;br \/&gt;\nSa\u00fade mental se constr\u00f3i juntos. \ud83d\udc99&lt;br \/&gt;\n&lt;br \/&gt;\n#amesuamente #saudemental #acolhimento #gestorescolar #autoconhecimento\" data-video-title=\"Falar sobre sa\u00fade mental s\u00f3 \u00e9 poss\u00edvel quando existe um espa\u00e7o seguro\" data-channel-id=\"UCVzDV6uqfZIxgHZvgeMlCyg\" data-views=\"39 views\" data-published-date=\"1769017393\" data-formatted-published-date=\"21 de January de 2026 14:43\" data-comment-count=\"0\">\n                <img decoding=\"async\" src=\"https:\/\/www.amesuamente.org.br\/en\/wp-content\/plugins\/youtube-feed-pro\/img\/placeholder.png\" alt=\"Um gestor que busca autoconhecimento tende a entender melhor como as pessoas est\u00e3o se sentindo e funcionando na esfera da sa\u00fade mental.\u201d - Gustavo Estanislau, psiquiatra e especialista do Instituto Ame Sua Mente.\n\nFalar sobre sa\u00fade mental s\u00f3 \u00e9 poss\u00edvel quando existe um espa\u00e7o seguro \u2014 onde a escuta \u00e9 verdadeira, o acolhimento \u00e9 real e ningu\u00e9m precisa ter medo de julgamento.\n\nE, para que isso aconte\u00e7a, o papel do gestor escolar \u00e9 essencial: l\u00edderes com autoconhecimento reconhecem limites, ajustam expectativas e criam rela\u00e7\u00f5es mais humanas e acolhedoras \u2014 cuidando melhor da equipe e do clima escolar.\n\nSa\u00fade mental se constr\u00f3i juntos. \ud83d\udc99\n\n#amesuamente #saudemental #acolhimento #gestorescolar #autoconhecimento\">\n                \n                <div class=\"sby_thumbnail_hover sby_item_video_thumbnail_hover\">\n                    <div class=\"sby_thumbnail_hover_inner\">\n                        \n                        \n                        \n                        \n                                            <\/div>\n                <\/div>\n\n                <span class=\"sby-screenreader\">YouTube Video UEx0Q0tvVE9zX3Rkb002eHowWTNDYV9aZ3F6Mi1jUURmYi4wN0FBRUVFNEVBMTZBQ0Mx<\/span>\n                                    <div class=\"sby_play_btn\" >\n                        <span class=\"sby_play_btn_bg\"><\/span>\n                    <svg aria-hidden=\"true\" focusable=\"false\" data-prefix=\"fab\" data-icon=\"youtube\" role=\"img\" xmlns=\"http:\/\/www.w3.org\/2000\/svg\" viewBox=\"0 0 576 512\" class=\"svg-inline--fa fa-youtube fa-w-18\"><path fill=\"currentColor\" d=\"M549.655 124.083c-6.281-23.65-24.787-42.276-48.284-48.597C458.781 64 288 64 288 64S117.22 64 74.629 75.486c-23.497 6.322-42.003 24.947-48.284 48.597-11.412 42.867-11.412 132.305-11.412 132.305s0 89.438 11.412 132.305c6.281 23.65 24.787 41.5 48.284 47.821C117.22 448 288 448 288 448s170.78 0 213.371-11.486c23.497-6.321 42.003-24.171 48.284-47.821 11.412-42.867 11.412-132.305 11.412-132.305s0-89.438-11.412-132.305zm-317.51 213.508V175.185l142.739 81.205-142.739 81.201z\" class=\"\"><\/path><\/svg>                    <\/div>\n                                <span class=\"sby_loader sby_hidden\" style=\"background-color: rgb(255, 255, 255);\"><\/span>\n            <\/a>\n\n            \n        <\/div>\n\n        \n<div class=\"sby_info sby_info_item\">\n\t<div class=\"sby-video-info-bottom\">\n\t\t<div class=\"sby-video-info\">\n\t\t\t\t\t\t\t<p class=\"sby_video_title_wrap\" >\n\t\t\t\t\t<span class=\"sby_video_title\">Falar sobre sa\u00fade mental s\u00f3 \u00e9 poss\u00edvel quando existe um espa\u00e7o seguro<\/span>\n\t\t\t\t<\/p>\n\t\t\t\n\t\t\t\n\t\t\t\n\t\t\t\n\t\t\t\t\t<\/div>\n\n\t\t\t\t\t\t\t\t<\/div>\n<\/div>    <\/div>\n<\/div><div class=\"sby_item  sby_new sby_transition\" id=\"sby_UEx0Q0tvVE9zX3Rkb002eHowWTNDYV9aZ3F6Mi1jUURmYi4yOTZGRTNEQ0ZGNUM5RDgw\" data-date=\"1756930210\" data-video-id=\"OmrKBJ8dtKg\" data-video-title=\"Sau\u0301de Social - Conectando em um Mundo de Solida\u0303o\" data-live-date=\"0\" data-channel-id=\"UCVzDV6uqfZIxgHZvgeMlCyg\" >\n    <div class=\"sby_inner_item\">\n        <div class=\"sby_video_thumbnail_wrap sby_item_video_thumbnail_wrap\">\n            <a class=\"sby_video_thumbnail sby_item_video_thumbnail\" style=\"background-image:url(https:\/\/www.amesuamente.org.br\/en\/wp-content\/plugins\/youtube-feed-pro\/img\/placeholder.png)\" href=\"https:\/\/www.youtube.com\/watch?v=OmrKBJ8dtKg\" target=\"_blank\" rel=\"noopener\" data-full-res=\"https:\/\/i.ytimg.com\/vi\/OmrKBJ8dtKg\/maxresdefault.jpg\" data-img-src-set=\"{&quot;120&quot;:&quot;https:\\\/\\\/i.ytimg.com\\\/vi\\\/OmrKBJ8dtKg\\\/default.jpg&quot;,&quot;320&quot;:&quot;https:\\\/\\\/i.ytimg.com\\\/vi\\\/OmrKBJ8dtKg\\\/mqdefault.jpg&quot;,&quot;480&quot;:&quot;https:\\\/\\\/i.ytimg.com\\\/vi\\\/OmrKBJ8dtKg\\\/hqdefault.jpg&quot;,&quot;640&quot;:&quot;https:\\\/\\\/i.ytimg.com\\\/vi\\\/OmrKBJ8dtKg\\\/sddefault.jpg&quot;}\" data-video-id=\"OmrKBJ8dtKg\"  data-user=\"Instituto Ame Sua Mente\" data-url=\"https:\/\/www.youtube.com\/watch?v=OmrKBJ8dtKg\" data-avatar=\"\" data-title=\"\" data-video-title=\"Sau\u0301de Social - Conectando em um Mundo de Solida\u0303o\" data-channel-id=\"UCVzDV6uqfZIxgHZvgeMlCyg\" data-views=\"61 views\" data-published-date=\"1756930210\" data-formatted-published-date=\"3 de September de 2025 17:10\" data-comment-count=\"0\">\n                <img decoding=\"async\" src=\"https:\/\/www.amesuamente.org.br\/en\/wp-content\/plugins\/youtube-feed-pro\/img\/placeholder.png\" alt=\"\">\n                \n                <div class=\"sby_thumbnail_hover sby_item_video_thumbnail_hover\">\n                    <div class=\"sby_thumbnail_hover_inner\">\n                        \n                        \n                        \n                        \n                                            <\/div>\n                <\/div>\n\n                <span class=\"sby-screenreader\">YouTube Video UEx0Q0tvVE9zX3Rkb002eHowWTNDYV9aZ3F6Mi1jUURmYi4yOTZGRTNEQ0ZGNUM5RDgw<\/span>\n                                    <div class=\"sby_play_btn\" >\n                        <span class=\"sby_play_btn_bg\"><\/span>\n                    <svg aria-hidden=\"true\" focusable=\"false\" data-prefix=\"fab\" data-icon=\"youtube\" role=\"img\" xmlns=\"http:\/\/www.w3.org\/2000\/svg\" viewBox=\"0 0 576 512\" class=\"svg-inline--fa fa-youtube fa-w-18\"><path fill=\"currentColor\" d=\"M549.655 124.083c-6.281-23.65-24.787-42.276-48.284-48.597C458.781 64 288 64 288 64S117.22 64 74.629 75.486c-23.497 6.322-42.003 24.947-48.284 48.597-11.412 42.867-11.412 132.305-11.412 132.305s0 89.438 11.412 132.305c6.281 23.65 24.787 41.5 48.284 47.821C117.22 448 288 448 288 448s170.78 0 213.371-11.486c23.497-6.321 42.003-24.171 48.284-47.821 11.412-42.867 11.412-132.305 11.412-132.305s0-89.438-11.412-132.305zm-317.51 213.508V175.185l142.739 81.205-142.739 81.201z\" class=\"\"><\/path><\/svg>                    <\/div>\n                                <span class=\"sby_loader sby_hidden\" style=\"background-color: rgb(255, 255, 255);\"><\/span>\n            <\/a>\n\n            \n        <\/div>\n\n        \n<div class=\"sby_info sby_info_item\">\n\t<div class=\"sby-video-info-bottom\">\n\t\t<div class=\"sby-video-info\">\n\t\t\t\t\t\t\t<p class=\"sby_video_title_wrap\" >\n\t\t\t\t\t<span class=\"sby_video_title\">Sau\u0301de Social - Conectando em um Mundo de Solida\u0303o<\/span>\n\t\t\t\t<\/p>\n\t\t\t\n\t\t\t\n\t\t\t\n\t\t\t\n\t\t\t\t\t<\/div>\n\n\t\t\t\t\t\t\t\t<\/div>\n<\/div>    <\/div>\n<\/div><div class=\"sby_item  sby_new sby_transition\" id=\"sby_UEx0Q0tvVE9zX3Rkb002eHowWTNDYV9aZ3F6Mi1jUURmYi5CQzUwREI3MzkxQjdBM0E0\" data-date=\"1756930165\" data-video-id=\"vj1wRmh3fHs\" data-video-title=\"Bullying -  Impactos Profundos\" data-live-date=\"0\" data-channel-id=\"UCVzDV6uqfZIxgHZvgeMlCyg\" >\n    <div class=\"sby_inner_item\">\n        <div class=\"sby_video_thumbnail_wrap sby_item_video_thumbnail_wrap\">\n            <a class=\"sby_video_thumbnail sby_item_video_thumbnail\" style=\"background-image:url(https:\/\/www.amesuamente.org.br\/en\/wp-content\/plugins\/youtube-feed-pro\/img\/placeholder.png)\" href=\"https:\/\/www.youtube.com\/watch?v=vj1wRmh3fHs\" target=\"_blank\" rel=\"noopener\" data-full-res=\"https:\/\/i.ytimg.com\/vi\/vj1wRmh3fHs\/maxresdefault.jpg\" data-img-src-set=\"{&quot;120&quot;:&quot;https:\\\/\\\/i.ytimg.com\\\/vi\\\/vj1wRmh3fHs\\\/default.jpg&quot;,&quot;320&quot;:&quot;https:\\\/\\\/i.ytimg.com\\\/vi\\\/vj1wRmh3fHs\\\/mqdefault.jpg&quot;,&quot;480&quot;:&quot;https:\\\/\\\/i.ytimg.com\\\/vi\\\/vj1wRmh3fHs\\\/hqdefault.jpg&quot;,&quot;640&quot;:&quot;https:\\\/\\\/i.ytimg.com\\\/vi\\\/vj1wRmh3fHs\\\/sddefault.jpg&quot;}\" data-video-id=\"vj1wRmh3fHs\"  data-user=\"Instituto Ame Sua Mente\" data-url=\"https:\/\/www.youtube.com\/watch?v=vj1wRmh3fHs\" data-avatar=\"\" data-title=\"\" data-video-title=\"Bullying -  Impactos Profundos\" data-channel-id=\"UCVzDV6uqfZIxgHZvgeMlCyg\" data-views=\"41 views\" data-published-date=\"1756930165\" data-formatted-published-date=\"3 de September de 2025 17:09\" data-comment-count=\"0\">\n                <img decoding=\"async\" src=\"https:\/\/www.amesuamente.org.br\/en\/wp-content\/plugins\/youtube-feed-pro\/img\/placeholder.png\" alt=\"\">\n                \n                <div class=\"sby_thumbnail_hover sby_item_video_thumbnail_hover\">\n                    <div class=\"sby_thumbnail_hover_inner\">\n                        \n                        \n                        \n                        \n                                            <\/div>\n                <\/div>\n\n                <span class=\"sby-screenreader\">YouTube Video UEx0Q0tvVE9zX3Rkb002eHowWTNDYV9aZ3F6Mi1jUURmYi5CQzUwREI3MzkxQjdBM0E0<\/span>\n                                    <div class=\"sby_play_btn\" >\n                        <span class=\"sby_play_btn_bg\"><\/span>\n                    <svg aria-hidden=\"true\" focusable=\"false\" data-prefix=\"fab\" data-icon=\"youtube\" role=\"img\" xmlns=\"http:\/\/www.w3.org\/2000\/svg\" viewBox=\"0 0 576 512\" class=\"svg-inline--fa fa-youtube fa-w-18\"><path fill=\"currentColor\" d=\"M549.655 124.083c-6.281-23.65-24.787-42.276-48.284-48.597C458.781 64 288 64 288 64S117.22 64 74.629 75.486c-23.497 6.322-42.003 24.947-48.284 48.597-11.412 42.867-11.412 132.305-11.412 132.305s0 89.438 11.412 132.305c6.281 23.65 24.787 41.5 48.284 47.821C117.22 448 288 448 288 448s170.78 0 213.371-11.486c23.497-6.321 42.003-24.171 48.284-47.821 11.412-42.867 11.412-132.305 11.412-132.305s0-89.438-11.412-132.305zm-317.51 213.508V175.185l142.739 81.205-142.739 81.201z\" class=\"\"><\/path><\/svg>                    <\/div>\n                                <span class=\"sby_loader sby_hidden\" style=\"background-color: rgb(255, 255, 255);\"><\/span>\n            <\/a>\n\n            \n        <\/div>\n\n        \n<div class=\"sby_info sby_info_item\">\n\t<div class=\"sby-video-info-bottom\">\n\t\t<div class=\"sby-video-info\">\n\t\t\t\t\t\t\t<p class=\"sby_video_title_wrap\" >\n\t\t\t\t\t<span class=\"sby_video_title\">Bullying -  Impactos Profundos<\/span>\n\t\t\t\t<\/p>\n\t\t\t\n\t\t\t\n\t\t\t\n\t\t\t\n\t\t\t\t\t<\/div>\n\n\t\t\t\t\t\t\t\t<\/div>\n<\/div>    <\/div>\n<\/div><div class=\"sby_item  sby_new sby_transition\" id=\"sby_UEx0Q0tvVE9zX3Rkb002eHowWTNDYV9aZ3F6Mi1jUURmYi40OTQ5QjlEMDgzN0FBNUIw\" data-date=\"1756930125\" data-video-id=\"RWcm0FNPTwo\" data-video-title=\"Como os adultos podem apoiar em caso de bullying\" data-live-date=\"0\" data-channel-id=\"UCVzDV6uqfZIxgHZvgeMlCyg\" >\n    <div class=\"sby_inner_item\">\n        <div class=\"sby_video_thumbnail_wrap sby_item_video_thumbnail_wrap\">\n            <a class=\"sby_video_thumbnail sby_item_video_thumbnail\" style=\"background-image:url(https:\/\/www.amesuamente.org.br\/en\/wp-content\/plugins\/youtube-feed-pro\/img\/placeholder.png)\" href=\"https:\/\/www.youtube.com\/watch?v=RWcm0FNPTwo\" target=\"_blank\" rel=\"noopener\" data-full-res=\"https:\/\/i.ytimg.com\/vi\/RWcm0FNPTwo\/maxresdefault.jpg\" data-img-src-set=\"{&quot;120&quot;:&quot;https:\\\/\\\/i.ytimg.com\\\/vi\\\/RWcm0FNPTwo\\\/default.jpg&quot;,&quot;320&quot;:&quot;https:\\\/\\\/i.ytimg.com\\\/vi\\\/RWcm0FNPTwo\\\/mqdefault.jpg&quot;,&quot;480&quot;:&quot;https:\\\/\\\/i.ytimg.com\\\/vi\\\/RWcm0FNPTwo\\\/hqdefault.jpg&quot;,&quot;640&quot;:&quot;https:\\\/\\\/i.ytimg.com\\\/vi\\\/RWcm0FNPTwo\\\/sddefault.jpg&quot;}\" data-video-id=\"RWcm0FNPTwo\"  data-user=\"Instituto Ame Sua Mente\" data-url=\"https:\/\/www.youtube.com\/watch?v=RWcm0FNPTwo\" data-avatar=\"\" data-title=\"\" data-video-title=\"Como os adultos podem apoiar em caso de bullying\" data-channel-id=\"UCVzDV6uqfZIxgHZvgeMlCyg\" data-views=\"23 views\" data-published-date=\"1756930125\" data-formatted-published-date=\"3 de September de 2025 17:08\" data-comment-count=\"0\">\n                <img decoding=\"async\" src=\"https:\/\/www.amesuamente.org.br\/en\/wp-content\/plugins\/youtube-feed-pro\/img\/placeholder.png\" alt=\"\">\n                \n                <div class=\"sby_thumbnail_hover sby_item_video_thumbnail_hover\">\n                    <div class=\"sby_thumbnail_hover_inner\">\n                        \n                        \n                        \n                        \n                                            <\/div>\n                <\/div>\n\n                <span class=\"sby-screenreader\">YouTube Video UEx0Q0tvVE9zX3Rkb002eHowWTNDYV9aZ3F6Mi1jUURmYi40OTQ5QjlEMDgzN0FBNUIw<\/span>\n                                    <div class=\"sby_play_btn\" >\n                        <span class=\"sby_play_btn_bg\"><\/span>\n                    <svg aria-hidden=\"true\" focusable=\"false\" data-prefix=\"fab\" data-icon=\"youtube\" role=\"img\" xmlns=\"http:\/\/www.w3.org\/2000\/svg\" viewBox=\"0 0 576 512\" class=\"svg-inline--fa fa-youtube fa-w-18\"><path fill=\"currentColor\" d=\"M549.655 124.083c-6.281-23.65-24.787-42.276-48.284-48.597C458.781 64 288 64 288 64S117.22 64 74.629 75.486c-23.497 6.322-42.003 24.947-48.284 48.597-11.412 42.867-11.412 132.305-11.412 132.305s0 89.438 11.412 132.305c6.281 23.65 24.787 41.5 48.284 47.821C117.22 448 288 448 288 448s170.78 0 213.371-11.486c23.497-6.321 42.003-24.171 48.284-47.821 11.412-42.867 11.412-132.305 11.412-132.305s0-89.438-11.412-132.305zm-317.51 213.508V175.185l142.739 81.205-142.739 81.201z\" class=\"\"><\/path><\/svg>                    <\/div>\n                                <span class=\"sby_loader sby_hidden\" style=\"background-color: rgb(255, 255, 255);\"><\/span>\n            <\/a>\n\n            \n        <\/div>\n\n        \n<div class=\"sby_info sby_info_item\">\n\t<div class=\"sby-video-info-bottom\">\n\t\t<div class=\"sby-video-info\">\n\t\t\t\t\t\t\t<p class=\"sby_video_title_wrap\" >\n\t\t\t\t\t<span class=\"sby_video_title\">Como os adultos podem apoiar em caso de bullying<\/span>\n\t\t\t\t<\/p>\n\t\t\t\n\t\t\t\n\t\t\t\n\t\t\t\n\t\t\t\t\t<\/div>\n\n\t\t\t\t\t\t\t\t<\/div>\n<\/div>    <\/div>\n<\/div><div class=\"sby_item  sby_new sby_transition\" id=\"sby_UEx0Q0tvVE9zX3Rkb002eHowWTNDYV9aZ3F6Mi1jUURmYi43ODA2MDVCQzY5QzZDMjUw\" data-date=\"1756930095\" data-video-id=\"Bz7wujxpALE\" data-video-title=\"6 Caracteri\u0301sticas e Impactos do Cyberbullying\" data-live-date=\"0\" data-channel-id=\"UCVzDV6uqfZIxgHZvgeMlCyg\" >\n    <div class=\"sby_inner_item\">\n        <div class=\"sby_video_thumbnail_wrap sby_item_video_thumbnail_wrap\">\n            <a class=\"sby_video_thumbnail sby_item_video_thumbnail\" style=\"background-image:url(https:\/\/www.amesuamente.org.br\/en\/wp-content\/plugins\/youtube-feed-pro\/img\/placeholder.png)\" href=\"https:\/\/www.youtube.com\/watch?v=Bz7wujxpALE\" target=\"_blank\" rel=\"noopener\" data-full-res=\"https:\/\/i.ytimg.com\/vi\/Bz7wujxpALE\/maxresdefault.jpg\" data-img-src-set=\"{&quot;120&quot;:&quot;https:\\\/\\\/i.ytimg.com\\\/vi\\\/Bz7wujxpALE\\\/default.jpg&quot;,&quot;320&quot;:&quot;https:\\\/\\\/i.ytimg.com\\\/vi\\\/Bz7wujxpALE\\\/mqdefault.jpg&quot;,&quot;480&quot;:&quot;https:\\\/\\\/i.ytimg.com\\\/vi\\\/Bz7wujxpALE\\\/hqdefault.jpg&quot;,&quot;640&quot;:&quot;https:\\\/\\\/i.ytimg.com\\\/vi\\\/Bz7wujxpALE\\\/sddefault.jpg&quot;}\" data-video-id=\"Bz7wujxpALE\"  data-user=\"Instituto Ame Sua Mente\" data-url=\"https:\/\/www.youtube.com\/watch?v=Bz7wujxpALE\" data-avatar=\"\" data-title=\"\" data-video-title=\"6 Caracteri\u0301sticas e Impactos do Cyberbullying\" data-channel-id=\"UCVzDV6uqfZIxgHZvgeMlCyg\" data-views=\"24 views\" data-published-date=\"1756930095\" data-formatted-published-date=\"3 de September de 2025 17:08\" data-comment-count=\"0\">\n                <img decoding=\"async\" src=\"https:\/\/www.amesuamente.org.br\/en\/wp-content\/plugins\/youtube-feed-pro\/img\/placeholder.png\" alt=\"\">\n                \n                <div class=\"sby_thumbnail_hover sby_item_video_thumbnail_hover\">\n                    <div class=\"sby_thumbnail_hover_inner\">\n                        \n                        \n                        \n                        \n                                            <\/div>\n                <\/div>\n\n                <span class=\"sby-screenreader\">YouTube Video UEx0Q0tvVE9zX3Rkb002eHowWTNDYV9aZ3F6Mi1jUURmYi43ODA2MDVCQzY5QzZDMjUw<\/span>\n                                    <div class=\"sby_play_btn\" >\n                        <span class=\"sby_play_btn_bg\"><\/span>\n                    <svg aria-hidden=\"true\" focusable=\"false\" data-prefix=\"fab\" data-icon=\"youtube\" role=\"img\" xmlns=\"http:\/\/www.w3.org\/2000\/svg\" viewBox=\"0 0 576 512\" class=\"svg-inline--fa fa-youtube fa-w-18\"><path fill=\"currentColor\" d=\"M549.655 124.083c-6.281-23.65-24.787-42.276-48.284-48.597C458.781 64 288 64 288 64S117.22 64 74.629 75.486c-23.497 6.322-42.003 24.947-48.284 48.597-11.412 42.867-11.412 132.305-11.412 132.305s0 89.438 11.412 132.305c6.281 23.65 24.787 41.5 48.284 47.821C117.22 448 288 448 288 448s170.78 0 213.371-11.486c23.497-6.321 42.003-24.171 48.284-47.821 11.412-42.867 11.412-132.305 11.412-132.305s0-89.438-11.412-132.305zm-317.51 213.508V175.185l142.739 81.205-142.739 81.201z\" class=\"\"><\/path><\/svg>                    <\/div>\n                                <span class=\"sby_loader sby_hidden\" style=\"background-color: rgb(255, 255, 255);\"><\/span>\n            <\/a>\n\n            \n        <\/div>\n\n        \n<div class=\"sby_info sby_info_item\">\n\t<div class=\"sby-video-info-bottom\">\n\t\t<div class=\"sby-video-info\">\n\t\t\t\t\t\t\t<p class=\"sby_video_title_wrap\" >\n\t\t\t\t\t<span class=\"sby_video_title\">6 Caracteri\u0301sticas e Impactos do Cyberbullying<\/span>\n\t\t\t\t<\/p>\n\t\t\t\n\t\t\t\n\t\t\t\n\t\t\t\n\t\t\t\t\t<\/div>\n\n\t\t\t\t\t\t\t\t<\/div>\n<\/div>    <\/div>\n<\/div><div class=\"sby_item  sby_new sby_transition\" id=\"sby_UEx0Q0tvVE9zX3Rkb002eHowWTNDYV9aZ3F6Mi1jUURmYi5GNzk2RTlDQTNCQzJCQzJG\" data-date=\"1753114963\" data-video-id=\"jh_1gWwK_Wo\" data-video-title=\"Ana Carolina D\u2019Agostini\" data-live-date=\"0\" data-channel-id=\"UCVzDV6uqfZIxgHZvgeMlCyg\" >\n    <div class=\"sby_inner_item\">\n        <div class=\"sby_video_thumbnail_wrap sby_item_video_thumbnail_wrap\">\n            <a class=\"sby_video_thumbnail sby_item_video_thumbnail\" style=\"background-image:url(https:\/\/www.amesuamente.org.br\/en\/wp-content\/plugins\/youtube-feed-pro\/img\/placeholder.png)\" href=\"https:\/\/www.youtube.com\/watch?v=jh_1gWwK_Wo\" target=\"_blank\" rel=\"noopener\" data-full-res=\"https:\/\/i.ytimg.com\/vi\/jh_1gWwK_Wo\/maxresdefault.jpg\" data-img-src-set=\"{&quot;120&quot;:&quot;https:\\\/\\\/i.ytimg.com\\\/vi\\\/jh_1gWwK_Wo\\\/default.jpg&quot;,&quot;320&quot;:&quot;https:\\\/\\\/i.ytimg.com\\\/vi\\\/jh_1gWwK_Wo\\\/mqdefault.jpg&quot;,&quot;480&quot;:&quot;https:\\\/\\\/i.ytimg.com\\\/vi\\\/jh_1gWwK_Wo\\\/hqdefault.jpg&quot;,&quot;640&quot;:&quot;https:\\\/\\\/i.ytimg.com\\\/vi\\\/jh_1gWwK_Wo\\\/sddefault.jpg&quot;}\" data-video-id=\"jh_1gWwK_Wo\"  data-user=\"Instituto Ame Sua Mente\" data-url=\"https:\/\/www.youtube.com\/watch?v=jh_1gWwK_Wo\" data-avatar=\"\" data-title=\"Uma das estrat\u00e9gias relevantes para ajudar a promover o autoconhecimento e o nosso pr\u00f3prio desenvolvimento emocional \u00e9 o mindfulness.&lt;br \/&gt;\n&lt;br \/&gt;\nPraticando a presen\u00e7a e ampliando a consci\u00eancia daquilo que acontece dentro de n\u00f3s - e que influencia nosso comportamento e a nossa vis\u00e3o de mundo - \u00e9 poss\u00edvel melhorar o processo de aprendizagem em sala de aula.&lt;br \/&gt;\n&lt;br \/&gt;\nEste e outros apontamentos importantes foram discutidos na live \u201cMind kids: Como criar rela\u00e7\u00f5es mais saud\u00e1veis no ambiente escolar?\u201d, com a psic\u00f3loga e pesquisadora do Instituto Ame Sua Mente, Ana Carolina D\u2019Agostini (@anaccd) , e a fundadora da Mind Kids - uma iniciativa pioneira na integra\u00e7\u00e3o do mindfulness na educa\u00e7\u00e3o -, Daniela Degani.&lt;br \/&gt;\n&lt;br \/&gt;\nSe quiser assistir a live completa, o link est\u00e1 no menu de conte\u00fados do site.&lt;br \/&gt;\n&lt;br \/&gt;\nCompartilhe conhecimento e ajude a construir uma nova cultura em sa\u00fade mental para um futuro mais saud\u00e1vel :)&lt;br \/&gt;\n&lt;br \/&gt;\n#educa\u00e7\u00e3o #amesuamente\" data-video-title=\"Ana Carolina D\u2019Agostini\" data-channel-id=\"UCVzDV6uqfZIxgHZvgeMlCyg\" data-views=\"44 views\" data-published-date=\"1753114963\" data-formatted-published-date=\"21 de July de 2025 13:22\" data-comment-count=\"0\">\n                <img decoding=\"async\" src=\"https:\/\/www.amesuamente.org.br\/en\/wp-content\/plugins\/youtube-feed-pro\/img\/placeholder.png\" alt=\"Uma das estrat\u00e9gias relevantes para ajudar a promover o autoconhecimento e o nosso pr\u00f3prio desenvolvimento emocional \u00e9 o mindfulness.\n\nPraticando a presen\u00e7a e ampliando a consci\u00eancia daquilo que acontece dentro de n\u00f3s - e que influencia nosso comportamento e a nossa vis\u00e3o de mundo - \u00e9 poss\u00edvel melhorar o processo de aprendizagem em sala de aula.\n\nEste e outros apontamentos importantes foram discutidos na live \u201cMind kids: Como criar rela\u00e7\u00f5es mais saud\u00e1veis no ambiente escolar?\u201d, com a psic\u00f3loga e pesquisadora do Instituto Ame Sua Mente, Ana Carolina D\u2019Agostini (@anaccd) , e a fundadora da Mind Kids - uma iniciativa pioneira na integra\u00e7\u00e3o do mindfulness na educa\u00e7\u00e3o -, Daniela Degani.\n\nSe quiser assistir a live completa, o link est\u00e1 no menu de conte\u00fados do site.\n\nCompartilhe conhecimento e ajude a construir uma nova cultura em sa\u00fade mental para um futuro mais saud\u00e1vel :)\n\n#educa\u00e7\u00e3o #amesuamente\">\n                \n                <div class=\"sby_thumbnail_hover sby_item_video_thumbnail_hover\">\n                    <div class=\"sby_thumbnail_hover_inner\">\n                        \n                        \n                        \n                        \n                                            <\/div>\n                <\/div>\n\n                <span class=\"sby-screenreader\">YouTube Video UEx0Q0tvVE9zX3Rkb002eHowWTNDYV9aZ3F6Mi1jUURmYi5GNzk2RTlDQTNCQzJCQzJG<\/span>\n                                    <div class=\"sby_play_btn\" >\n                        <span class=\"sby_play_btn_bg\"><\/span>\n                    <svg aria-hidden=\"true\" focusable=\"false\" data-prefix=\"fab\" data-icon=\"youtube\" role=\"img\" xmlns=\"http:\/\/www.w3.org\/2000\/svg\" viewBox=\"0 0 576 512\" class=\"svg-inline--fa fa-youtube fa-w-18\"><path fill=\"currentColor\" d=\"M549.655 124.083c-6.281-23.65-24.787-42.276-48.284-48.597C458.781 64 288 64 288 64S117.22 64 74.629 75.486c-23.497 6.322-42.003 24.947-48.284 48.597-11.412 42.867-11.412 132.305-11.412 132.305s0 89.438 11.412 132.305c6.281 23.65 24.787 41.5 48.284 47.821C117.22 448 288 448 288 448s170.78 0 213.371-11.486c23.497-6.321 42.003-24.171 48.284-47.821 11.412-42.867 11.412-132.305 11.412-132.305s0-89.438-11.412-132.305zm-317.51 213.508V175.185l142.739 81.205-142.739 81.201z\" class=\"\"><\/path><\/svg>                    <\/div>\n                                <span class=\"sby_loader sby_hidden\" style=\"background-color: rgb(255, 255, 255);\"><\/span>\n            <\/a>\n\n            \n        <\/div>\n\n        \n<div class=\"sby_info sby_info_item\">\n\t<div class=\"sby-video-info-bottom\">\n\t\t<div class=\"sby-video-info\">\n\t\t\t\t\t\t\t<p class=\"sby_video_title_wrap\" >\n\t\t\t\t\t<span class=\"sby_video_title\">Ana Carolina D\u2019Agostini<\/span>\n\t\t\t\t<\/p>\n\t\t\t\n\t\t\t\n\t\t\t\n\t\t\t\n\t\t\t\t\t<\/div>\n\n\t\t\t\t\t\t\t\t<\/div>\n<\/div>    <\/div>\n<\/div><div class=\"sby_item  sby_new sby_transition\" id=\"sby_UEx0Q0tvVE9zX3Rkb002eHowWTNDYV9aZ3F6Mi1jUURmYi44QjNCNkRENjNFQTBEMUND\" data-date=\"1753112748\" data-video-id=\"KZEXZKoatKA\" data-video-title=\"Rodrigo Bressan - S\u00e9rie Adolesc\u00eancia\" data-live-date=\"0\" data-channel-id=\"UCVzDV6uqfZIxgHZvgeMlCyg\" >\n    <div class=\"sby_inner_item\">\n        <div class=\"sby_video_thumbnail_wrap sby_item_video_thumbnail_wrap\">\n            <a class=\"sby_video_thumbnail sby_item_video_thumbnail\" style=\"background-image:url(https:\/\/www.amesuamente.org.br\/en\/wp-content\/plugins\/youtube-feed-pro\/img\/placeholder.png)\" href=\"https:\/\/www.youtube.com\/watch?v=KZEXZKoatKA\" target=\"_blank\" rel=\"noopener\" data-full-res=\"https:\/\/i.ytimg.com\/vi\/KZEXZKoatKA\/maxresdefault.jpg\" data-img-src-set=\"{&quot;120&quot;:&quot;https:\\\/\\\/i.ytimg.com\\\/vi\\\/KZEXZKoatKA\\\/default.jpg&quot;,&quot;320&quot;:&quot;https:\\\/\\\/i.ytimg.com\\\/vi\\\/KZEXZKoatKA\\\/mqdefault.jpg&quot;,&quot;480&quot;:&quot;https:\\\/\\\/i.ytimg.com\\\/vi\\\/KZEXZKoatKA\\\/hqdefault.jpg&quot;,&quot;640&quot;:&quot;https:\\\/\\\/i.ytimg.com\\\/vi\\\/KZEXZKoatKA\\\/sddefault.jpg&quot;}\" data-video-id=\"KZEXZKoatKA\"  data-user=\"Instituto Ame Sua Mente\" data-url=\"https:\/\/www.youtube.com\/watch?v=KZEXZKoatKA\" data-avatar=\"\" data-title=\"A s\u00e9rie \u201cAdolesc\u00eancia\u201d traz uma s\u00e9rie de quest\u00f5es que envolvem os desafios da rela\u00e7\u00e3o dos jovens com o universo digital e toda a complexidade dos riscos e consequ\u00eancias. Dentre estas quest\u00f5es est\u00e1 um problema que muitos adultos ainda desconhecem: comunidades online, onde jovens, especialmente do sexo masculino, transformam frustra\u00e7\u00f5es em discursos de \u00f3dio e, em alguns casos, em viol\u00eancia.&lt;br \/&gt;\n&lt;br \/&gt;\nO que acontece no mundo virtual, an\u00f4nimo e sem regras ou orienta\u00e7\u00f5es, muitas vezes, passa despercebido por pais e educadores.&lt;br \/&gt;\n&lt;br \/&gt;\nE o que n\u00f3s podemos fazer?&lt;br \/&gt;\n&lt;br \/&gt;\nO primeiro passo \u00e9 justamente buscar compreender a cultura digital e os riscos aos quais os jovens est\u00e3o expostos. Precisamos conhecer o vocabul\u00e1rio e as redes sociais em que navegam, ficar atentos aos seus comportamentos.&lt;br \/&gt;\n&lt;br \/&gt;\nPara tanto, \u00e9 necess\u00e1rio estar presente e dispon\u00edvel. A compreens\u00e3o das experi\u00eancias que eles vivem e o impacto que t\u00eam, s\u00f3 \u00e9 poss\u00edvel com uma rela\u00e7\u00e3o de confian\u00e7a e empatia \u2013 com espa\u00e7os acolhedores para di\u00e1logos livres de julgamentos.&lt;br \/&gt;\n&lt;br \/&gt;\nQuanto mais cedo, melhor! #amesuamente&lt;br \/&gt;\n&lt;br \/&gt;\n#adolesc\u00eancia #serieadolescencia #netflix #amesuamente\" data-video-title=\"Rodrigo Bressan - S\u00e9rie Adolesc\u00eancia\" data-channel-id=\"UCVzDV6uqfZIxgHZvgeMlCyg\" data-views=\"57 views\" data-published-date=\"1753112748\" data-formatted-published-date=\"21 de July de 2025 12:45\" data-comment-count=\"0\">\n                <img decoding=\"async\" src=\"https:\/\/www.amesuamente.org.br\/en\/wp-content\/plugins\/youtube-feed-pro\/img\/placeholder.png\" alt=\"A s\u00e9rie \u201cAdolesc\u00eancia\u201d traz uma s\u00e9rie de quest\u00f5es que envolvem os desafios da rela\u00e7\u00e3o dos jovens com o universo digital e toda a complexidade dos riscos e consequ\u00eancias. Dentre estas quest\u00f5es est\u00e1 um problema que muitos adultos ainda desconhecem: comunidades online, onde jovens, especialmente do sexo masculino, transformam frustra\u00e7\u00f5es em discursos de \u00f3dio e, em alguns casos, em viol\u00eancia.\n\nO que acontece no mundo virtual, an\u00f4nimo e sem regras ou orienta\u00e7\u00f5es, muitas vezes, passa despercebido por pais e educadores.\n\nE o que n\u00f3s podemos fazer?\n\nO primeiro passo \u00e9 justamente buscar compreender a cultura digital e os riscos aos quais os jovens est\u00e3o expostos. Precisamos conhecer o vocabul\u00e1rio e as redes sociais em que navegam, ficar atentos aos seus comportamentos.\n\nPara tanto, \u00e9 necess\u00e1rio estar presente e dispon\u00edvel. A compreens\u00e3o das experi\u00eancias que eles vivem e o impacto que t\u00eam, s\u00f3 \u00e9 poss\u00edvel com uma rela\u00e7\u00e3o de confian\u00e7a e empatia \u2013 com espa\u00e7os acolhedores para di\u00e1logos livres de julgamentos.\n\nQuanto mais cedo, melhor! #amesuamente\n\n#adolesc\u00eancia #serieadolescencia #netflix #amesuamente\">\n                \n                <div class=\"sby_thumbnail_hover sby_item_video_thumbnail_hover\">\n                    <div class=\"sby_thumbnail_hover_inner\">\n                        \n                        \n                        \n                        \n                                            <\/div>\n                <\/div>\n\n                <span class=\"sby-screenreader\">YouTube Video UEx0Q0tvVE9zX3Rkb002eHowWTNDYV9aZ3F6Mi1jUURmYi44QjNCNkRENjNFQTBEMUND<\/span>\n                                    <div class=\"sby_play_btn\" >\n                        <span class=\"sby_play_btn_bg\"><\/span>\n                    <svg aria-hidden=\"true\" focusable=\"false\" data-prefix=\"fab\" data-icon=\"youtube\" role=\"img\" xmlns=\"http:\/\/www.w3.org\/2000\/svg\" viewBox=\"0 0 576 512\" class=\"svg-inline--fa fa-youtube fa-w-18\"><path fill=\"currentColor\" d=\"M549.655 124.083c-6.281-23.65-24.787-42.276-48.284-48.597C458.781 64 288 64 288 64S117.22 64 74.629 75.486c-23.497 6.322-42.003 24.947-48.284 48.597-11.412 42.867-11.412 132.305-11.412 132.305s0 89.438 11.412 132.305c6.281 23.65 24.787 41.5 48.284 47.821C117.22 448 288 448 288 448s170.78 0 213.371-11.486c23.497-6.321 42.003-24.171 48.284-47.821 11.412-42.867 11.412-132.305 11.412-132.305s0-89.438-11.412-132.305zm-317.51 213.508V175.185l142.739 81.205-142.739 81.201z\" class=\"\"><\/path><\/svg>                    <\/div>\n                                <span class=\"sby_loader sby_hidden\" style=\"background-color: rgb(255, 255, 255);\"><\/span>\n            <\/a>\n\n            \n        <\/div>\n\n        \n<div class=\"sby_info sby_info_item\">\n\t<div class=\"sby-video-info-bottom\">\n\t\t<div class=\"sby-video-info\">\n\t\t\t\t\t\t\t<p class=\"sby_video_title_wrap\" >\n\t\t\t\t\t<span class=\"sby_video_title\">Rodrigo Bressan - S\u00e9rie Adolesc\u00eancia<\/span>\n\t\t\t\t<\/p>\n\t\t\t\n\t\t\t\n\t\t\t\n\t\t\t\n\t\t\t\t\t<\/div>\n\n\t\t\t\t\t\t\t\t<\/div>\n<\/div>    <\/div>\n<\/div><div class=\"sby_item  sby_new sby_transition\" id=\"sby_UEx0Q0tvVE9zX3Rkb002eHowWTNDYV9aZ3F6Mi1jUURmYi5EMUJFNzRCNDRFQjE5RjM4\" data-date=\"1750680246\" data-video-id=\"P43wd6_sD18\" data-video-title=\"Dia Mundial sem Tabaco\" data-live-date=\"0\" data-channel-id=\"UCVzDV6uqfZIxgHZvgeMlCyg\" >\n    <div class=\"sby_inner_item\">\n        <div class=\"sby_video_thumbnail_wrap sby_item_video_thumbnail_wrap\">\n            <a class=\"sby_video_thumbnail sby_item_video_thumbnail\" style=\"background-image:url(https:\/\/www.amesuamente.org.br\/en\/wp-content\/plugins\/youtube-feed-pro\/img\/placeholder.png)\" href=\"https:\/\/www.youtube.com\/watch?v=P43wd6_sD18\" target=\"_blank\" rel=\"noopener\" data-full-res=\"https:\/\/i.ytimg.com\/vi\/P43wd6_sD18\/maxresdefault.jpg\" data-img-src-set=\"{&quot;120&quot;:&quot;https:\\\/\\\/i.ytimg.com\\\/vi\\\/P43wd6_sD18\\\/default.jpg&quot;,&quot;320&quot;:&quot;https:\\\/\\\/i.ytimg.com\\\/vi\\\/P43wd6_sD18\\\/mqdefault.jpg&quot;,&quot;480&quot;:&quot;https:\\\/\\\/i.ytimg.com\\\/vi\\\/P43wd6_sD18\\\/hqdefault.jpg&quot;,&quot;640&quot;:&quot;https:\\\/\\\/i.ytimg.com\\\/vi\\\/P43wd6_sD18\\\/sddefault.jpg&quot;}\" data-video-id=\"P43wd6_sD18\"  data-user=\"Instituto Ame Sua Mente\" data-url=\"https:\/\/www.youtube.com\/watch?v=P43wd6_sD18\" data-avatar=\"\" data-title=\"\" data-video-title=\"Dia Mundial sem Tabaco\" data-channel-id=\"UCVzDV6uqfZIxgHZvgeMlCyg\" data-views=\"14 views\" data-published-date=\"1750680246\" data-formatted-published-date=\"23 de June de 2025 09:04\" data-comment-count=\"0\">\n                <img decoding=\"async\" src=\"https:\/\/www.amesuamente.org.br\/en\/wp-content\/plugins\/youtube-feed-pro\/img\/placeholder.png\" alt=\"\">\n                \n                <div class=\"sby_thumbnail_hover sby_item_video_thumbnail_hover\">\n                    <div class=\"sby_thumbnail_hover_inner\">\n                        \n                        \n                        \n                        \n                                            <\/div>\n                <\/div>\n\n                <span class=\"sby-screenreader\">YouTube Video UEx0Q0tvVE9zX3Rkb002eHowWTNDYV9aZ3F6Mi1jUURmYi5EMUJFNzRCNDRFQjE5RjM4<\/span>\n                                    <div class=\"sby_play_btn\" >\n                        <span class=\"sby_play_btn_bg\"><\/span>\n                    <svg aria-hidden=\"true\" focusable=\"false\" data-prefix=\"fab\" data-icon=\"youtube\" role=\"img\" xmlns=\"http:\/\/www.w3.org\/2000\/svg\" viewBox=\"0 0 576 512\" class=\"svg-inline--fa fa-youtube fa-w-18\"><path fill=\"currentColor\" d=\"M549.655 124.083c-6.281-23.65-24.787-42.276-48.284-48.597C458.781 64 288 64 288 64S117.22 64 74.629 75.486c-23.497 6.322-42.003 24.947-48.284 48.597-11.412 42.867-11.412 132.305-11.412 132.305s0 89.438 11.412 132.305c6.281 23.65 24.787 41.5 48.284 47.821C117.22 448 288 448 288 448s170.78 0 213.371-11.486c23.497-6.321 42.003-24.171 48.284-47.821 11.412-42.867 11.412-132.305 11.412-132.305s0-89.438-11.412-132.305zm-317.51 213.508V175.185l142.739 81.205-142.739 81.201z\" class=\"\"><\/path><\/svg>                    <\/div>\n                                <span class=\"sby_loader sby_hidden\" style=\"background-color: rgb(255, 255, 255);\"><\/span>\n            <\/a>\n\n            \n        <\/div>\n\n        \n<div class=\"sby_info sby_info_item\">\n\t<div class=\"sby-video-info-bottom\">\n\t\t<div class=\"sby-video-info\">\n\t\t\t\t\t\t\t<p class=\"sby_video_title_wrap\" >\n\t\t\t\t\t<span class=\"sby_video_title\">Dia Mundial sem Tabaco<\/span>\n\t\t\t\t<\/p>\n\t\t\t\n\t\t\t\n\t\t\t\n\t\t\t\n\t\t\t\t\t<\/div>\n\n\t\t\t\t\t\t\t\t<\/div>\n<\/div>    <\/div>\n<\/div><div class=\"sby_item  sby_new sby_transition\" id=\"sby_UEx0Q0tvVE9zX3Rkb002eHowWTNDYV9aZ3F6Mi1jUURmYi5CNEYyNTVBNDdGMDI1MDNC\" data-date=\"1750072509\" data-video-id=\"hu83hPG09jc\" data-video-title=\"Rodrigo Bressan - Cuidando doProfessor\" data-live-date=\"0\" data-channel-id=\"UCVzDV6uqfZIxgHZvgeMlCyg\" >\n    <div class=\"sby_inner_item\">\n        <div class=\"sby_video_thumbnail_wrap sby_item_video_thumbnail_wrap\">\n            <a class=\"sby_video_thumbnail sby_item_video_thumbnail\" style=\"background-image:url(https:\/\/www.amesuamente.org.br\/en\/wp-content\/plugins\/youtube-feed-pro\/img\/placeholder.png)\" href=\"https:\/\/www.youtube.com\/watch?v=hu83hPG09jc\" target=\"_blank\" rel=\"noopener\" data-full-res=\"https:\/\/i.ytimg.com\/vi\/hu83hPG09jc\/maxresdefault.jpg\" data-img-src-set=\"{&quot;120&quot;:&quot;https:\\\/\\\/i.ytimg.com\\\/vi\\\/hu83hPG09jc\\\/default.jpg&quot;,&quot;320&quot;:&quot;https:\\\/\\\/i.ytimg.com\\\/vi\\\/hu83hPG09jc\\\/mqdefault.jpg&quot;,&quot;480&quot;:&quot;https:\\\/\\\/i.ytimg.com\\\/vi\\\/hu83hPG09jc\\\/hqdefault.jpg&quot;,&quot;640&quot;:&quot;https:\\\/\\\/i.ytimg.com\\\/vi\\\/hu83hPG09jc\\\/sddefault.jpg&quot;}\" data-video-id=\"hu83hPG09jc\"  data-user=\"Instituto Ame Sua Mente\" data-url=\"https:\/\/www.youtube.com\/watch?v=hu83hPG09jc\" data-avatar=\"\" data-title=\"\" data-video-title=\"Rodrigo Bressan - Cuidando doProfessor\" data-channel-id=\"UCVzDV6uqfZIxgHZvgeMlCyg\" data-views=\"54 views\" data-published-date=\"1750072509\" data-formatted-published-date=\"16 de June de 2025 08:15\" data-comment-count=\"0\">\n                <img decoding=\"async\" src=\"https:\/\/www.amesuamente.org.br\/en\/wp-content\/plugins\/youtube-feed-pro\/img\/placeholder.png\" alt=\"\">\n                \n                <div class=\"sby_thumbnail_hover sby_item_video_thumbnail_hover\">\n                    <div class=\"sby_thumbnail_hover_inner\">\n                        \n                        \n                        \n                        \n                                            <\/div>\n                <\/div>\n\n                <span class=\"sby-screenreader\">YouTube Video UEx0Q0tvVE9zX3Rkb002eHowWTNDYV9aZ3F6Mi1jUURmYi5CNEYyNTVBNDdGMDI1MDNC<\/span>\n                                    <div class=\"sby_play_btn\" >\n                        <span class=\"sby_play_btn_bg\"><\/span>\n                    <svg aria-hidden=\"true\" focusable=\"false\" data-prefix=\"fab\" data-icon=\"youtube\" role=\"img\" xmlns=\"http:\/\/www.w3.org\/2000\/svg\" viewBox=\"0 0 576 512\" class=\"svg-inline--fa fa-youtube fa-w-18\"><path fill=\"currentColor\" d=\"M549.655 124.083c-6.281-23.65-24.787-42.276-48.284-48.597C458.781 64 288 64 288 64S117.22 64 74.629 75.486c-23.497 6.322-42.003 24.947-48.284 48.597-11.412 42.867-11.412 132.305-11.412 132.305s0 89.438 11.412 132.305c6.281 23.65 24.787 41.5 48.284 47.821C117.22 448 288 448 288 448s170.78 0 213.371-11.486c23.497-6.321 42.003-24.171 48.284-47.821 11.412-42.867 11.412-132.305 11.412-132.305s0-89.438-11.412-132.305zm-317.51 213.508V175.185l142.739 81.205-142.739 81.201z\" class=\"\"><\/path><\/svg>                    <\/div>\n                                <span class=\"sby_loader sby_hidden\" style=\"background-color: rgb(255, 255, 255);\"><\/span>\n            <\/a>\n\n            \n        <\/div>\n\n        \n<div class=\"sby_info sby_info_item\">\n\t<div class=\"sby-video-info-bottom\">\n\t\t<div class=\"sby-video-info\">\n\t\t\t\t\t\t\t<p class=\"sby_video_title_wrap\" >\n\t\t\t\t\t<span class=\"sby_video_title\">Rodrigo Bressan - Cuidando doProfessor<\/span>\n\t\t\t\t<\/p>\n\t\t\t\n\t\t\t\n\t\t\t\n\t\t\t\n\t\t\t\t\t<\/div>\n\n\t\t\t\t\t\t\t\t<\/div>\n<\/div>    <\/div>\n<\/div><div class=\"sby_item  sby_new sby_transition\" id=\"sby_UEx0Q0tvVE9zX3Rkb002eHowWTNDYV9aZ3F6Mi1jUURmYi41ODIyMTgwQzA4NjJCQkZC\" data-date=\"1750065305\" data-video-id=\"QwJiO8y3Smw\" data-video-title=\"Rodrigo Bressan - Gerenciando o Estresse\" data-live-date=\"0\" data-channel-id=\"UCVzDV6uqfZIxgHZvgeMlCyg\" >\n    <div class=\"sby_inner_item\">\n        <div class=\"sby_video_thumbnail_wrap sby_item_video_thumbnail_wrap\">\n            <a class=\"sby_video_thumbnail sby_item_video_thumbnail\" style=\"background-image:url(https:\/\/www.amesuamente.org.br\/en\/wp-content\/plugins\/youtube-feed-pro\/img\/placeholder.png)\" href=\"https:\/\/www.youtube.com\/watch?v=QwJiO8y3Smw\" target=\"_blank\" rel=\"noopener\" data-full-res=\"https:\/\/i.ytimg.com\/vi\/QwJiO8y3Smw\/maxresdefault.jpg\" data-img-src-set=\"{&quot;120&quot;:&quot;https:\\\/\\\/i.ytimg.com\\\/vi\\\/QwJiO8y3Smw\\\/default.jpg&quot;,&quot;320&quot;:&quot;https:\\\/\\\/i.ytimg.com\\\/vi\\\/QwJiO8y3Smw\\\/mqdefault.jpg&quot;,&quot;480&quot;:&quot;https:\\\/\\\/i.ytimg.com\\\/vi\\\/QwJiO8y3Smw\\\/hqdefault.jpg&quot;,&quot;640&quot;:&quot;https:\\\/\\\/i.ytimg.com\\\/vi\\\/QwJiO8y3Smw\\\/sddefault.jpg&quot;}\" data-video-id=\"QwJiO8y3Smw\"  data-user=\"Instituto Ame Sua Mente\" data-url=\"https:\/\/www.youtube.com\/watch?v=QwJiO8y3Smw\" data-avatar=\"\" data-title=\"\" data-video-title=\"Rodrigo Bressan - Gerenciando o Estresse\" data-channel-id=\"UCVzDV6uqfZIxgHZvgeMlCyg\" data-views=\"27 views\" data-published-date=\"1750065305\" data-formatted-published-date=\"16 de June de 2025 06:15\" data-comment-count=\"0\">\n                <img decoding=\"async\" src=\"https:\/\/www.amesuamente.org.br\/en\/wp-content\/plugins\/youtube-feed-pro\/img\/placeholder.png\" alt=\"\">\n                \n                <div class=\"sby_thumbnail_hover sby_item_video_thumbnail_hover\">\n                    <div class=\"sby_thumbnail_hover_inner\">\n                        \n                        \n                        \n                        \n                                            <\/div>\n                <\/div>\n\n                <span class=\"sby-screenreader\">YouTube Video UEx0Q0tvVE9zX3Rkb002eHowWTNDYV9aZ3F6Mi1jUURmYi41ODIyMTgwQzA4NjJCQkZC<\/span>\n                                    <div class=\"sby_play_btn\" >\n                        <span class=\"sby_play_btn_bg\"><\/span>\n                    <svg aria-hidden=\"true\" focusable=\"false\" data-prefix=\"fab\" data-icon=\"youtube\" role=\"img\" xmlns=\"http:\/\/www.w3.org\/2000\/svg\" viewBox=\"0 0 576 512\" class=\"svg-inline--fa fa-youtube fa-w-18\"><path fill=\"currentColor\" d=\"M549.655 124.083c-6.281-23.65-24.787-42.276-48.284-48.597C458.781 64 288 64 288 64S117.22 64 74.629 75.486c-23.497 6.322-42.003 24.947-48.284 48.597-11.412 42.867-11.412 132.305-11.412 132.305s0 89.438 11.412 132.305c6.281 23.65 24.787 41.5 48.284 47.821C117.22 448 288 448 288 448s170.78 0 213.371-11.486c23.497-6.321 42.003-24.171 48.284-47.821 11.412-42.867 11.412-132.305 11.412-132.305s0-89.438-11.412-132.305zm-317.51 213.508V175.185l142.739 81.205-142.739 81.201z\" class=\"\"><\/path><\/svg>                    <\/div>\n                                <span class=\"sby_loader sby_hidden\" style=\"background-color: rgb(255, 255, 255);\"><\/span>\n            <\/a>\n\n            \n        <\/div>\n\n        \n<div class=\"sby_info sby_info_item\">\n\t<div class=\"sby-video-info-bottom\">\n\t\t<div class=\"sby-video-info\">\n\t\t\t\t\t\t\t<p class=\"sby_video_title_wrap\" >\n\t\t\t\t\t<span class=\"sby_video_title\">Rodrigo Bressan - Gerenciando o Estresse<\/span>\n\t\t\t\t<\/p>\n\t\t\t\n\t\t\t\n\t\t\t\n\t\t\t\n\t\t\t\t\t<\/div>\n\n\t\t\t\t\t\t\t\t<\/div>\n<\/div>    <\/div>\n<\/div><div class=\"sby_item  sby_new sby_transition\" id=\"sby_UEx0Q0tvVE9zX3Rkb002eHowWTNDYV9aZ3F6Mi1jUURmYi41RDUzRjJFQ0Y0MUI3NzU1\" data-date=\"1750076101\" data-video-id=\"6QsRuhJ3aEg\" data-video-title=\"Rodrigo Bressan -  Entenda os Sintomas e a Necessidade de Tratamento\" data-live-date=\"0\" data-channel-id=\"UCVzDV6uqfZIxgHZvgeMlCyg\" >\n    <div class=\"sby_inner_item\">\n        <div class=\"sby_video_thumbnail_wrap sby_item_video_thumbnail_wrap\">\n            <a class=\"sby_video_thumbnail sby_item_video_thumbnail\" style=\"background-image:url(https:\/\/www.amesuamente.org.br\/en\/wp-content\/plugins\/youtube-feed-pro\/img\/placeholder.png)\" href=\"https:\/\/www.youtube.com\/watch?v=6QsRuhJ3aEg\" target=\"_blank\" rel=\"noopener\" data-full-res=\"https:\/\/i.ytimg.com\/vi\/6QsRuhJ3aEg\/maxresdefault.jpg\" data-img-src-set=\"{&quot;120&quot;:&quot;https:\\\/\\\/i.ytimg.com\\\/vi\\\/6QsRuhJ3aEg\\\/default.jpg&quot;,&quot;320&quot;:&quot;https:\\\/\\\/i.ytimg.com\\\/vi\\\/6QsRuhJ3aEg\\\/mqdefault.jpg&quot;,&quot;480&quot;:&quot;https:\\\/\\\/i.ytimg.com\\\/vi\\\/6QsRuhJ3aEg\\\/hqdefault.jpg&quot;,&quot;640&quot;:&quot;https:\\\/\\\/i.ytimg.com\\\/vi\\\/6QsRuhJ3aEg\\\/sddefault.jpg&quot;}\" data-video-id=\"6QsRuhJ3aEg\"  data-user=\"Instituto Ame Sua Mente\" data-url=\"https:\/\/www.youtube.com\/watch?v=6QsRuhJ3aEg\" data-avatar=\"\" data-title=\"\" data-video-title=\"Rodrigo Bressan -  Entenda os Sintomas e a Necessidade de Tratamento\" data-channel-id=\"UCVzDV6uqfZIxgHZvgeMlCyg\" data-views=\"26 views\" data-published-date=\"1750076101\" data-formatted-published-date=\"16 de June de 2025 09:15\" data-comment-count=\"0\">\n                <img decoding=\"async\" src=\"https:\/\/www.amesuamente.org.br\/en\/wp-content\/plugins\/youtube-feed-pro\/img\/placeholder.png\" alt=\"\">\n                \n                <div class=\"sby_thumbnail_hover sby_item_video_thumbnail_hover\">\n                    <div class=\"sby_thumbnail_hover_inner\">\n                        \n                        \n                        \n                        \n                                            <\/div>\n                <\/div>\n\n                <span class=\"sby-screenreader\">YouTube Video UEx0Q0tvVE9zX3Rkb002eHowWTNDYV9aZ3F6Mi1jUURmYi41RDUzRjJFQ0Y0MUI3NzU1<\/span>\n                                    <div class=\"sby_play_btn\" >\n                        <span class=\"sby_play_btn_bg\"><\/span>\n                    <svg aria-hidden=\"true\" focusable=\"false\" data-prefix=\"fab\" data-icon=\"youtube\" role=\"img\" xmlns=\"http:\/\/www.w3.org\/2000\/svg\" viewBox=\"0 0 576 512\" class=\"svg-inline--fa fa-youtube fa-w-18\"><path fill=\"currentColor\" d=\"M549.655 124.083c-6.281-23.65-24.787-42.276-48.284-48.597C458.781 64 288 64 288 64S117.22 64 74.629 75.486c-23.497 6.322-42.003 24.947-48.284 48.597-11.412 42.867-11.412 132.305-11.412 132.305s0 89.438 11.412 132.305c6.281 23.65 24.787 41.5 48.284 47.821C117.22 448 288 448 288 448s170.78 0 213.371-11.486c23.497-6.321 42.003-24.171 48.284-47.821 11.412-42.867 11.412-132.305 11.412-132.305s0-89.438-11.412-132.305zm-317.51 213.508V175.185l142.739 81.205-142.739 81.201z\" class=\"\"><\/path><\/svg>                    <\/div>\n                                <span class=\"sby_loader sby_hidden\" style=\"background-color: rgb(255, 255, 255);\"><\/span>\n            <\/a>\n\n            \n        <\/div>\n\n        \n<div class=\"sby_info sby_info_item\">\n\t<div class=\"sby-video-info-bottom\">\n\t\t<div class=\"sby-video-info\">\n\t\t\t\t\t\t\t<p class=\"sby_video_title_wrap\" >\n\t\t\t\t\t<span class=\"sby_video_title\">Rodrigo Bressan -  Entenda os Sintomas e a Necessidade de Tratamento<\/span>\n\t\t\t\t<\/p>\n\t\t\t\n\t\t\t\n\t\t\t\n\t\t\t\n\t\t\t\t\t<\/div>\n\n\t\t\t\t\t\t\t\t<\/div>\n<\/div>    <\/div>\n<\/div><div class=\"sby_item  sby_new sby_transition\" id=\"sby_UEx0Q0tvVE9zX3Rkb002eHowWTNDYV9aZ3F6Mi1jUURmYi5ERENFNTk4Q0Q2MTZDMTA5\" data-date=\"1750067105\" data-video-id=\"ZEeKCGBjghE\" data-video-title=\"Rodrigo Bressan - Evite o Suici\u0301dio Comec\u0327ando na Base\" data-live-date=\"0\" data-channel-id=\"UCVzDV6uqfZIxgHZvgeMlCyg\" >\n    <div class=\"sby_inner_item\">\n        <div class=\"sby_video_thumbnail_wrap sby_item_video_thumbnail_wrap\">\n            <a class=\"sby_video_thumbnail sby_item_video_thumbnail\" style=\"background-image:url(https:\/\/www.amesuamente.org.br\/en\/wp-content\/plugins\/youtube-feed-pro\/img\/placeholder.png)\" href=\"https:\/\/www.youtube.com\/watch?v=ZEeKCGBjghE\" target=\"_blank\" rel=\"noopener\" data-full-res=\"https:\/\/i.ytimg.com\/vi\/ZEeKCGBjghE\/maxresdefault.jpg\" data-img-src-set=\"{&quot;120&quot;:&quot;https:\\\/\\\/i.ytimg.com\\\/vi\\\/ZEeKCGBjghE\\\/default.jpg&quot;,&quot;320&quot;:&quot;https:\\\/\\\/i.ytimg.com\\\/vi\\\/ZEeKCGBjghE\\\/mqdefault.jpg&quot;,&quot;480&quot;:&quot;https:\\\/\\\/i.ytimg.com\\\/vi\\\/ZEeKCGBjghE\\\/hqdefault.jpg&quot;,&quot;640&quot;:&quot;https:\\\/\\\/i.ytimg.com\\\/vi\\\/ZEeKCGBjghE\\\/sddefault.jpg&quot;}\" data-video-id=\"ZEeKCGBjghE\"  data-user=\"Instituto Ame Sua Mente\" data-url=\"https:\/\/www.youtube.com\/watch?v=ZEeKCGBjghE\" data-avatar=\"\" data-title=\"\" data-video-title=\"Rodrigo Bressan - Evite o Suici\u0301dio Comec\u0327ando na Base\" data-channel-id=\"UCVzDV6uqfZIxgHZvgeMlCyg\" data-views=\"31 views\" data-published-date=\"1750067105\" data-formatted-published-date=\"16 de June de 2025 06:45\" data-comment-count=\"0\">\n                <img decoding=\"async\" src=\"https:\/\/www.amesuamente.org.br\/en\/wp-content\/plugins\/youtube-feed-pro\/img\/placeholder.png\" alt=\"\">\n                \n                <div class=\"sby_thumbnail_hover sby_item_video_thumbnail_hover\">\n                    <div class=\"sby_thumbnail_hover_inner\">\n                        \n                        \n                        \n                        \n                                            <\/div>\n                <\/div>\n\n                <span class=\"sby-screenreader\">YouTube Video UEx0Q0tvVE9zX3Rkb002eHowWTNDYV9aZ3F6Mi1jUURmYi5ERENFNTk4Q0Q2MTZDMTA5<\/span>\n                                    <div class=\"sby_play_btn\" >\n                        <span class=\"sby_play_btn_bg\"><\/span>\n                    <svg aria-hidden=\"true\" focusable=\"false\" data-prefix=\"fab\" data-icon=\"youtube\" role=\"img\" xmlns=\"http:\/\/www.w3.org\/2000\/svg\" viewBox=\"0 0 576 512\" class=\"svg-inline--fa fa-youtube fa-w-18\"><path fill=\"currentColor\" d=\"M549.655 124.083c-6.281-23.65-24.787-42.276-48.284-48.597C458.781 64 288 64 288 64S117.22 64 74.629 75.486c-23.497 6.322-42.003 24.947-48.284 48.597-11.412 42.867-11.412 132.305-11.412 132.305s0 89.438 11.412 132.305c6.281 23.65 24.787 41.5 48.284 47.821C117.22 448 288 448 288 448s170.78 0 213.371-11.486c23.497-6.321 42.003-24.171 48.284-47.821 11.412-42.867 11.412-132.305 11.412-132.305s0-89.438-11.412-132.305zm-317.51 213.508V175.185l142.739 81.205-142.739 81.201z\" class=\"\"><\/path><\/svg>                    <\/div>\n                                <span class=\"sby_loader sby_hidden\" style=\"background-color: rgb(255, 255, 255);\"><\/span>\n            <\/a>\n\n            \n        <\/div>\n\n        \n<div class=\"sby_info sby_info_item\">\n\t<div class=\"sby-video-info-bottom\">\n\t\t<div class=\"sby-video-info\">\n\t\t\t\t\t\t\t<p class=\"sby_video_title_wrap\" >\n\t\t\t\t\t<span class=\"sby_video_title\">Rodrigo Bressan - Evite o Suici\u0301dio Comec\u0327ando na Base<\/span>\n\t\t\t\t<\/p>\n\t\t\t\n\t\t\t\n\t\t\t\n\t\t\t\n\t\t\t\t\t<\/div>\n\n\t\t\t\t\t\t\t\t<\/div>\n<\/div>    <\/div>\n<\/div><div class=\"sby_item  sby_new sby_transition\" id=\"sby_UEx0Q0tvVE9zX3Rkb002eHowWTNDYV9aZ3F6Mi1jUURmYi4yM0EyQ0U1M0I2RkIwNTQ0\" data-date=\"1750068033\" data-video-id=\"IPSuFoPB1dU\" data-video-title=\"Rodrigo Bressan - Prevenc\u0327a\u0303o Essencial na Juventude\" data-live-date=\"0\" data-channel-id=\"UCVzDV6uqfZIxgHZvgeMlCyg\" >\n    <div class=\"sby_inner_item\">\n        <div class=\"sby_video_thumbnail_wrap sby_item_video_thumbnail_wrap\">\n            <a class=\"sby_video_thumbnail sby_item_video_thumbnail\" style=\"background-image:url(https:\/\/www.amesuamente.org.br\/en\/wp-content\/plugins\/youtube-feed-pro\/img\/placeholder.png)\" href=\"https:\/\/www.youtube.com\/watch?v=IPSuFoPB1dU\" target=\"_blank\" rel=\"noopener\" data-full-res=\"https:\/\/i.ytimg.com\/vi\/IPSuFoPB1dU\/maxresdefault.jpg\" data-img-src-set=\"{&quot;120&quot;:&quot;https:\\\/\\\/i.ytimg.com\\\/vi\\\/IPSuFoPB1dU\\\/default.jpg&quot;,&quot;320&quot;:&quot;https:\\\/\\\/i.ytimg.com\\\/vi\\\/IPSuFoPB1dU\\\/mqdefault.jpg&quot;,&quot;480&quot;:&quot;https:\\\/\\\/i.ytimg.com\\\/vi\\\/IPSuFoPB1dU\\\/hqdefault.jpg&quot;,&quot;640&quot;:&quot;https:\\\/\\\/i.ytimg.com\\\/vi\\\/IPSuFoPB1dU\\\/sddefault.jpg&quot;}\" data-video-id=\"IPSuFoPB1dU\"  data-user=\"Instituto Ame Sua Mente\" data-url=\"https:\/\/www.youtube.com\/watch?v=IPSuFoPB1dU\" data-avatar=\"\" data-title=\"\" data-video-title=\"Rodrigo Bressan - Prevenc\u0327a\u0303o Essencial na Juventude\" data-channel-id=\"UCVzDV6uqfZIxgHZvgeMlCyg\" data-views=\"28 views\" data-published-date=\"1750068033\" data-formatted-published-date=\"16 de June de 2025 07:00\" data-comment-count=\"0\">\n                <img decoding=\"async\" src=\"https:\/\/www.amesuamente.org.br\/en\/wp-content\/plugins\/youtube-feed-pro\/img\/placeholder.png\" alt=\"\">\n                \n                <div class=\"sby_thumbnail_hover sby_item_video_thumbnail_hover\">\n                    <div class=\"sby_thumbnail_hover_inner\">\n                        \n                        \n                        \n                        \n                                            <\/div>\n                <\/div>\n\n                <span class=\"sby-screenreader\">YouTube Video UEx0Q0tvVE9zX3Rkb002eHowWTNDYV9aZ3F6Mi1jUURmYi4yM0EyQ0U1M0I2RkIwNTQ0<\/span>\n                                    <div class=\"sby_play_btn\" >\n                        <span class=\"sby_play_btn_bg\"><\/span>\n                    <svg aria-hidden=\"true\" focusable=\"false\" data-prefix=\"fab\" data-icon=\"youtube\" role=\"img\" xmlns=\"http:\/\/www.w3.org\/2000\/svg\" viewBox=\"0 0 576 512\" class=\"svg-inline--fa fa-youtube fa-w-18\"><path fill=\"currentColor\" d=\"M549.655 124.083c-6.281-23.65-24.787-42.276-48.284-48.597C458.781 64 288 64 288 64S117.22 64 74.629 75.486c-23.497 6.322-42.003 24.947-48.284 48.597-11.412 42.867-11.412 132.305-11.412 132.305s0 89.438 11.412 132.305c6.281 23.65 24.787 41.5 48.284 47.821C117.22 448 288 448 288 448s170.78 0 213.371-11.486c23.497-6.321 42.003-24.171 48.284-47.821 11.412-42.867 11.412-132.305 11.412-132.305s0-89.438-11.412-132.305zm-317.51 213.508V175.185l142.739 81.205-142.739 81.201z\" class=\"\"><\/path><\/svg>                    <\/div>\n                                <span class=\"sby_loader sby_hidden\" style=\"background-color: rgb(255, 255, 255);\"><\/span>\n            <\/a>\n\n            \n        <\/div>\n\n        \n<div class=\"sby_info sby_info_item\">\n\t<div class=\"sby-video-info-bottom\">\n\t\t<div class=\"sby-video-info\">\n\t\t\t\t\t\t\t<p class=\"sby_video_title_wrap\" >\n\t\t\t\t\t<span class=\"sby_video_title\">Rodrigo Bressan - Prevenc\u0327a\u0303o Essencial na Juventude<\/span>\n\t\t\t\t<\/p>\n\t\t\t\n\t\t\t\n\t\t\t\n\t\t\t\n\t\t\t\t\t<\/div>\n\n\t\t\t\t\t\t\t\t<\/div>\n<\/div>    <\/div>\n<\/div><div class=\"sby_item  sby_new sby_transition\" id=\"sby_UEx0Q0tvVE9zX3Rkb002eHowWTNDYV9aZ3F6Mi1jUURmYi5DQjg2RDQyMEVGQkZFOEVF\" data-date=\"1740609654\" data-video-id=\"1SPX8RJpcTY\" data-video-title=\"Cuidar do Corpo e da Mente  - Dicas Pra\u0301ticas\" data-live-date=\"0\" data-channel-id=\"UCVzDV6uqfZIxgHZvgeMlCyg\" >\n    <div class=\"sby_inner_item\">\n        <div class=\"sby_video_thumbnail_wrap sby_item_video_thumbnail_wrap\">\n            <a class=\"sby_video_thumbnail sby_item_video_thumbnail\" style=\"background-image:url(https:\/\/www.amesuamente.org.br\/en\/wp-content\/plugins\/youtube-feed-pro\/img\/placeholder.png)\" href=\"https:\/\/www.youtube.com\/watch?v=1SPX8RJpcTY\" target=\"_blank\" rel=\"noopener\" data-full-res=\"https:\/\/i.ytimg.com\/vi\/1SPX8RJpcTY\/maxresdefault.jpg\" data-img-src-set=\"{&quot;120&quot;:&quot;https:\\\/\\\/i.ytimg.com\\\/vi\\\/1SPX8RJpcTY\\\/default.jpg&quot;,&quot;320&quot;:&quot;https:\\\/\\\/i.ytimg.com\\\/vi\\\/1SPX8RJpcTY\\\/mqdefault.jpg&quot;,&quot;480&quot;:&quot;https:\\\/\\\/i.ytimg.com\\\/vi\\\/1SPX8RJpcTY\\\/hqdefault.jpg&quot;,&quot;640&quot;:&quot;https:\\\/\\\/i.ytimg.com\\\/vi\\\/1SPX8RJpcTY\\\/sddefault.jpg&quot;}\" data-video-id=\"1SPX8RJpcTY\"  data-user=\"Instituto Ame Sua Mente\" data-url=\"https:\/\/www.youtube.com\/watch?v=1SPX8RJpcTY\" data-avatar=\"\" data-title=\"\" data-video-title=\"Cuidar do Corpo e da Mente  - Dicas Pra\u0301ticas\" data-channel-id=\"UCVzDV6uqfZIxgHZvgeMlCyg\" data-views=\"133 views\" data-published-date=\"1740609654\" data-formatted-published-date=\"26 de February de 2025 19:40\" data-comment-count=\"0\">\n                <img decoding=\"async\" src=\"https:\/\/www.amesuamente.org.br\/en\/wp-content\/plugins\/youtube-feed-pro\/img\/placeholder.png\" alt=\"\">\n                \n                <div class=\"sby_thumbnail_hover sby_item_video_thumbnail_hover\">\n                    <div class=\"sby_thumbnail_hover_inner\">\n                        \n                        \n                        \n                        \n                                            <\/div>\n                <\/div>\n\n                <span class=\"sby-screenreader\">YouTube Video UEx0Q0tvVE9zX3Rkb002eHowWTNDYV9aZ3F6Mi1jUURmYi5DQjg2RDQyMEVGQkZFOEVF<\/span>\n                                    <div class=\"sby_play_btn\" >\n                        <span class=\"sby_play_btn_bg\"><\/span>\n                    <svg aria-hidden=\"true\" focusable=\"false\" data-prefix=\"fab\" data-icon=\"youtube\" role=\"img\" xmlns=\"http:\/\/www.w3.org\/2000\/svg\" viewBox=\"0 0 576 512\" class=\"svg-inline--fa fa-youtube fa-w-18\"><path fill=\"currentColor\" d=\"M549.655 124.083c-6.281-23.65-24.787-42.276-48.284-48.597C458.781 64 288 64 288 64S117.22 64 74.629 75.486c-23.497 6.322-42.003 24.947-48.284 48.597-11.412 42.867-11.412 132.305-11.412 132.305s0 89.438 11.412 132.305c6.281 23.65 24.787 41.5 48.284 47.821C117.22 448 288 448 288 448s170.78 0 213.371-11.486c23.497-6.321 42.003-24.171 48.284-47.821 11.412-42.867 11.412-132.305 11.412-132.305s0-89.438-11.412-132.305zm-317.51 213.508V175.185l142.739 81.205-142.739 81.201z\" class=\"\"><\/path><\/svg>                    <\/div>\n                                <span class=\"sby_loader sby_hidden\" style=\"background-color: rgb(255, 255, 255);\"><\/span>\n            <\/a>\n\n            \n        <\/div>\n\n        \n<div class=\"sby_info sby_info_item\">\n\t<div class=\"sby-video-info-bottom\">\n\t\t<div class=\"sby-video-info\">\n\t\t\t\t\t\t\t<p class=\"sby_video_title_wrap\" >\n\t\t\t\t\t<span class=\"sby_video_title\">Cuidar do Corpo e da Mente  - Dicas Pra\u0301ticas<\/span>\n\t\t\t\t<\/p>\n\t\t\t\n\t\t\t\n\t\t\t\n\t\t\t\n\t\t\t\t\t<\/div>\n\n\t\t\t\t\t\t\t\t<\/div>\n<\/div>    <\/div>\n<\/div><div class=\"sby_item  sby_new sby_transition\" id=\"sby_UEx0Q0tvVE9zX3Rkb002eHowWTNDYV9aZ3F6Mi1jUURmYi4wQUE0QzM4MkJGQ0YwQjUx\" data-date=\"1740609601\" data-video-id=\"vKAHIYLAfQ4\" data-video-title=\"Sintomas e Impacto da Tristeza, Estresse e Ansiedade na Sau\u0301de Mental\" data-live-date=\"0\" data-channel-id=\"UCVzDV6uqfZIxgHZvgeMlCyg\" >\n    <div class=\"sby_inner_item\">\n        <div class=\"sby_video_thumbnail_wrap sby_item_video_thumbnail_wrap\">\n            <a class=\"sby_video_thumbnail sby_item_video_thumbnail\" style=\"background-image:url(https:\/\/www.amesuamente.org.br\/en\/wp-content\/plugins\/youtube-feed-pro\/img\/placeholder.png)\" href=\"https:\/\/www.youtube.com\/watch?v=vKAHIYLAfQ4\" target=\"_blank\" rel=\"noopener\" data-full-res=\"https:\/\/i.ytimg.com\/vi\/vKAHIYLAfQ4\/maxresdefault.jpg\" data-img-src-set=\"{&quot;120&quot;:&quot;https:\\\/\\\/i.ytimg.com\\\/vi\\\/vKAHIYLAfQ4\\\/default.jpg&quot;,&quot;320&quot;:&quot;https:\\\/\\\/i.ytimg.com\\\/vi\\\/vKAHIYLAfQ4\\\/mqdefault.jpg&quot;,&quot;480&quot;:&quot;https:\\\/\\\/i.ytimg.com\\\/vi\\\/vKAHIYLAfQ4\\\/hqdefault.jpg&quot;,&quot;640&quot;:&quot;https:\\\/\\\/i.ytimg.com\\\/vi\\\/vKAHIYLAfQ4\\\/sddefault.jpg&quot;}\" data-video-id=\"vKAHIYLAfQ4\"  data-user=\"Instituto Ame Sua Mente\" data-url=\"https:\/\/www.youtube.com\/watch?v=vKAHIYLAfQ4\" data-avatar=\"\" data-title=\"\" data-video-title=\"Sintomas e Impacto da Tristeza, Estresse e Ansiedade na Sau\u0301de Mental\" data-channel-id=\"UCVzDV6uqfZIxgHZvgeMlCyg\" data-views=\"51 views\" data-published-date=\"1740609601\" data-formatted-published-date=\"26 de February de 2025 19:40\" data-comment-count=\"0\">\n                <img decoding=\"async\" src=\"https:\/\/www.amesuamente.org.br\/en\/wp-content\/plugins\/youtube-feed-pro\/img\/placeholder.png\" alt=\"\">\n                \n                <div class=\"sby_thumbnail_hover sby_item_video_thumbnail_hover\">\n                    <div class=\"sby_thumbnail_hover_inner\">\n                        \n                        \n                        \n                        \n                                            <\/div>\n                <\/div>\n\n                <span class=\"sby-screenreader\">YouTube Video UEx0Q0tvVE9zX3Rkb002eHowWTNDYV9aZ3F6Mi1jUURmYi4wQUE0QzM4MkJGQ0YwQjUx<\/span>\n                                    <div class=\"sby_play_btn\" >\n                        <span class=\"sby_play_btn_bg\"><\/span>\n                    <svg aria-hidden=\"true\" focusable=\"false\" data-prefix=\"fab\" data-icon=\"youtube\" role=\"img\" xmlns=\"http:\/\/www.w3.org\/2000\/svg\" viewBox=\"0 0 576 512\" class=\"svg-inline--fa fa-youtube fa-w-18\"><path fill=\"currentColor\" d=\"M549.655 124.083c-6.281-23.65-24.787-42.276-48.284-48.597C458.781 64 288 64 288 64S117.22 64 74.629 75.486c-23.497 6.322-42.003 24.947-48.284 48.597-11.412 42.867-11.412 132.305-11.412 132.305s0 89.438 11.412 132.305c6.281 23.65 24.787 41.5 48.284 47.821C117.22 448 288 448 288 448s170.78 0 213.371-11.486c23.497-6.321 42.003-24.171 48.284-47.821 11.412-42.867 11.412-132.305 11.412-132.305s0-89.438-11.412-132.305zm-317.51 213.508V175.185l142.739 81.205-142.739 81.201z\" class=\"\"><\/path><\/svg>                    <\/div>\n                                <span class=\"sby_loader sby_hidden\" style=\"background-color: rgb(255, 255, 255);\"><\/span>\n            <\/a>\n\n            \n        <\/div>\n\n        \n<div class=\"sby_info sby_info_item\">\n\t<div class=\"sby-video-info-bottom\">\n\t\t<div class=\"sby-video-info\">\n\t\t\t\t\t\t\t<p class=\"sby_video_title_wrap\" >\n\t\t\t\t\t<span class=\"sby_video_title\">Sintomas e Impacto da Tristeza, Estresse e Ansiedade na Sau\u0301de Mental<\/span>\n\t\t\t\t<\/p>\n\t\t\t\n\t\t\t\n\t\t\t\n\t\t\t\n\t\t\t\t\t<\/div>\n\n\t\t\t\t\t\t\t\t<\/div>\n<\/div>    <\/div>\n<\/div><div class=\"sby_item  sby_new sby_transition\" id=\"sby_UEx0Q0tvVE9zX3Rkb002eHowWTNDYV9aZ3F6Mi1jUURmYi5GMDBDNkJGMzYzREUyMTYw\" data-date=\"1740609531\" data-video-id=\"hkIIYXAD3bU\" data-video-title=\"Priorize Seu Sono -  A Importa\u0302ncia da Melatonina\" data-live-date=\"0\" data-channel-id=\"UCVzDV6uqfZIxgHZvgeMlCyg\" >\n    <div class=\"sby_inner_item\">\n        <div class=\"sby_video_thumbnail_wrap sby_item_video_thumbnail_wrap\">\n            <a class=\"sby_video_thumbnail sby_item_video_thumbnail\" style=\"background-image:url(https:\/\/www.amesuamente.org.br\/en\/wp-content\/plugins\/youtube-feed-pro\/img\/placeholder.png)\" href=\"https:\/\/www.youtube.com\/watch?v=hkIIYXAD3bU\" target=\"_blank\" rel=\"noopener\" data-full-res=\"https:\/\/i.ytimg.com\/vi\/hkIIYXAD3bU\/maxresdefault.jpg\" data-img-src-set=\"{&quot;120&quot;:&quot;https:\\\/\\\/i.ytimg.com\\\/vi\\\/hkIIYXAD3bU\\\/default.jpg&quot;,&quot;320&quot;:&quot;https:\\\/\\\/i.ytimg.com\\\/vi\\\/hkIIYXAD3bU\\\/mqdefault.jpg&quot;,&quot;480&quot;:&quot;https:\\\/\\\/i.ytimg.com\\\/vi\\\/hkIIYXAD3bU\\\/hqdefault.jpg&quot;,&quot;640&quot;:&quot;https:\\\/\\\/i.ytimg.com\\\/vi\\\/hkIIYXAD3bU\\\/sddefault.jpg&quot;}\" data-video-id=\"hkIIYXAD3bU\"  data-user=\"Instituto Ame Sua Mente\" data-url=\"https:\/\/www.youtube.com\/watch?v=hkIIYXAD3bU\" data-avatar=\"\" data-title=\"\" data-video-title=\"Priorize Seu Sono -  A Importa\u0302ncia da Melatonina\" data-channel-id=\"UCVzDV6uqfZIxgHZvgeMlCyg\" data-views=\"46 views\" data-published-date=\"1740609531\" data-formatted-published-date=\"26 de February de 2025 19:38\" data-comment-count=\"0\">\n                <img decoding=\"async\" src=\"https:\/\/www.amesuamente.org.br\/en\/wp-content\/plugins\/youtube-feed-pro\/img\/placeholder.png\" alt=\"\">\n                \n                <div class=\"sby_thumbnail_hover sby_item_video_thumbnail_hover\">\n                    <div class=\"sby_thumbnail_hover_inner\">\n                        \n                        \n                        \n                        \n                                            <\/div>\n                <\/div>\n\n                <span class=\"sby-screenreader\">YouTube Video UEx0Q0tvVE9zX3Rkb002eHowWTNDYV9aZ3F6Mi1jUURmYi5GMDBDNkJGMzYzREUyMTYw<\/span>\n                                    <div class=\"sby_play_btn\" >\n                        <span class=\"sby_play_btn_bg\"><\/span>\n                    <svg aria-hidden=\"true\" focusable=\"false\" data-prefix=\"fab\" data-icon=\"youtube\" role=\"img\" xmlns=\"http:\/\/www.w3.org\/2000\/svg\" viewBox=\"0 0 576 512\" class=\"svg-inline--fa fa-youtube fa-w-18\"><path fill=\"currentColor\" d=\"M549.655 124.083c-6.281-23.65-24.787-42.276-48.284-48.597C458.781 64 288 64 288 64S117.22 64 74.629 75.486c-23.497 6.322-42.003 24.947-48.284 48.597-11.412 42.867-11.412 132.305-11.412 132.305s0 89.438 11.412 132.305c6.281 23.65 24.787 41.5 48.284 47.821C117.22 448 288 448 288 448s170.78 0 213.371-11.486c23.497-6.321 42.003-24.171 48.284-47.821 11.412-42.867 11.412-132.305 11.412-132.305s0-89.438-11.412-132.305zm-317.51 213.508V175.185l142.739 81.205-142.739 81.201z\" class=\"\"><\/path><\/svg>                    <\/div>\n                                <span class=\"sby_loader sby_hidden\" style=\"background-color: rgb(255, 255, 255);\"><\/span>\n            <\/a>\n\n            \n        <\/div>\n\n        \n<div class=\"sby_info sby_info_item\">\n\t<div class=\"sby-video-info-bottom\">\n\t\t<div class=\"sby-video-info\">\n\t\t\t\t\t\t\t<p class=\"sby_video_title_wrap\" >\n\t\t\t\t\t<span class=\"sby_video_title\">Priorize Seu Sono -  A Importa\u0302ncia da Melatonina<\/span>\n\t\t\t\t<\/p>\n\t\t\t\n\t\t\t\n\t\t\t\n\t\t\t\n\t\t\t\t\t<\/div>\n\n\t\t\t\t\t\t\t\t<\/div>\n<\/div>    <\/div>\n<\/div><div class=\"sby_item  sby_new sby_transition\" id=\"sby_UEx0Q0tvVE9zX3Rkb002eHowWTNDYV9aZ3F6Mi1jUURmYi5CMUM0NzY5NzdEQzlGRjAx\" data-date=\"1740609478\" data-video-id=\"RthQi-J8KOA\" data-video-title=\"Libere Seus Medos -  Fale Sobre Sau\u0301de Mental!\" data-live-date=\"0\" data-channel-id=\"UCVzDV6uqfZIxgHZvgeMlCyg\" >\n    <div class=\"sby_inner_item\">\n        <div class=\"sby_video_thumbnail_wrap sby_item_video_thumbnail_wrap\">\n            <a class=\"sby_video_thumbnail sby_item_video_thumbnail\" style=\"background-image:url(https:\/\/www.amesuamente.org.br\/en\/wp-content\/plugins\/youtube-feed-pro\/img\/placeholder.png)\" href=\"https:\/\/www.youtube.com\/watch?v=RthQi-J8KOA\" target=\"_blank\" rel=\"noopener\" data-full-res=\"https:\/\/i.ytimg.com\/vi\/RthQi-J8KOA\/maxresdefault.jpg\" data-img-src-set=\"{&quot;120&quot;:&quot;https:\\\/\\\/i.ytimg.com\\\/vi\\\/RthQi-J8KOA\\\/default.jpg&quot;,&quot;320&quot;:&quot;https:\\\/\\\/i.ytimg.com\\\/vi\\\/RthQi-J8KOA\\\/mqdefault.jpg&quot;,&quot;480&quot;:&quot;https:\\\/\\\/i.ytimg.com\\\/vi\\\/RthQi-J8KOA\\\/hqdefault.jpg&quot;,&quot;640&quot;:&quot;https:\\\/\\\/i.ytimg.com\\\/vi\\\/RthQi-J8KOA\\\/sddefault.jpg&quot;}\" data-video-id=\"RthQi-J8KOA\"  data-user=\"Instituto Ame Sua Mente\" data-url=\"https:\/\/www.youtube.com\/watch?v=RthQi-J8KOA\" data-avatar=\"\" data-title=\"\" data-video-title=\"Libere Seus Medos -  Fale Sobre Sau\u0301de Mental!\" data-channel-id=\"UCVzDV6uqfZIxgHZvgeMlCyg\" data-views=\"27 views\" data-published-date=\"1740609478\" data-formatted-published-date=\"26 de February de 2025 19:37\" data-comment-count=\"0\">\n                <img decoding=\"async\" src=\"https:\/\/www.amesuamente.org.br\/en\/wp-content\/plugins\/youtube-feed-pro\/img\/placeholder.png\" alt=\"\">\n                \n                <div class=\"sby_thumbnail_hover sby_item_video_thumbnail_hover\">\n                    <div class=\"sby_thumbnail_hover_inner\">\n                        \n                        \n                        \n                        \n                                            <\/div>\n                <\/div>\n\n                <span class=\"sby-screenreader\">YouTube Video UEx0Q0tvVE9zX3Rkb002eHowWTNDYV9aZ3F6Mi1jUURmYi5CMUM0NzY5NzdEQzlGRjAx<\/span>\n                                    <div class=\"sby_play_btn\" >\n                        <span class=\"sby_play_btn_bg\"><\/span>\n                    <svg aria-hidden=\"true\" focusable=\"false\" data-prefix=\"fab\" data-icon=\"youtube\" role=\"img\" xmlns=\"http:\/\/www.w3.org\/2000\/svg\" viewBox=\"0 0 576 512\" class=\"svg-inline--fa fa-youtube fa-w-18\"><path fill=\"currentColor\" d=\"M549.655 124.083c-6.281-23.65-24.787-42.276-48.284-48.597C458.781 64 288 64 288 64S117.22 64 74.629 75.486c-23.497 6.322-42.003 24.947-48.284 48.597-11.412 42.867-11.412 132.305-11.412 132.305s0 89.438 11.412 132.305c6.281 23.65 24.787 41.5 48.284 47.821C117.22 448 288 448 288 448s170.78 0 213.371-11.486c23.497-6.321 42.003-24.171 48.284-47.821 11.412-42.867 11.412-132.305 11.412-132.305s0-89.438-11.412-132.305zm-317.51 213.508V175.185l142.739 81.205-142.739 81.201z\" class=\"\"><\/path><\/svg>                    <\/div>\n                                <span class=\"sby_loader sby_hidden\" style=\"background-color: rgb(255, 255, 255);\"><\/span>\n            <\/a>\n\n            \n        <\/div>\n\n        \n<div class=\"sby_info sby_info_item\">\n\t<div class=\"sby-video-info-bottom\">\n\t\t<div class=\"sby-video-info\">\n\t\t\t\t\t\t\t<p class=\"sby_video_title_wrap\" >\n\t\t\t\t\t<span class=\"sby_video_title\">Libere Seus Medos -  Fale Sobre Sau\u0301de Mental!<\/span>\n\t\t\t\t<\/p>\n\t\t\t\n\t\t\t\n\t\t\t\n\t\t\t\n\t\t\t\t\t<\/div>\n\n\t\t\t\t\t\t\t\t<\/div>\n<\/div>    <\/div>\n<\/div><div class=\"sby_item  sby_new sby_transition\" id=\"sby_UEx0Q0tvVE9zX3Rkb002eHowWTNDYV9aZ3F6Mi1jUURmYi5EMzJDRTUwQjBEOUVFQzAw\" data-date=\"1740609429\" data-video-id=\"mTlpVil-lHI\" data-video-title=\"Validac\u0327a\u0303o Emocional  - Como Permitir Sentir e\u0301 Liberador\" data-live-date=\"0\" data-channel-id=\"UCVzDV6uqfZIxgHZvgeMlCyg\" >\n    <div class=\"sby_inner_item\">\n        <div class=\"sby_video_thumbnail_wrap sby_item_video_thumbnail_wrap\">\n            <a class=\"sby_video_thumbnail sby_item_video_thumbnail\" style=\"background-image:url(https:\/\/www.amesuamente.org.br\/en\/wp-content\/plugins\/youtube-feed-pro\/img\/placeholder.png)\" href=\"https:\/\/www.youtube.com\/watch?v=mTlpVil-lHI\" target=\"_blank\" rel=\"noopener\" data-full-res=\"https:\/\/i.ytimg.com\/vi\/mTlpVil-lHI\/maxresdefault.jpg\" data-img-src-set=\"{&quot;120&quot;:&quot;https:\\\/\\\/i.ytimg.com\\\/vi\\\/mTlpVil-lHI\\\/default.jpg&quot;,&quot;320&quot;:&quot;https:\\\/\\\/i.ytimg.com\\\/vi\\\/mTlpVil-lHI\\\/mqdefault.jpg&quot;,&quot;480&quot;:&quot;https:\\\/\\\/i.ytimg.com\\\/vi\\\/mTlpVil-lHI\\\/hqdefault.jpg&quot;,&quot;640&quot;:&quot;https:\\\/\\\/i.ytimg.com\\\/vi\\\/mTlpVil-lHI\\\/sddefault.jpg&quot;}\" data-video-id=\"mTlpVil-lHI\"  data-user=\"Instituto Ame Sua Mente\" data-url=\"https:\/\/www.youtube.com\/watch?v=mTlpVil-lHI\" data-avatar=\"\" data-title=\"\" data-video-title=\"Validac\u0327a\u0303o Emocional  - Como Permitir Sentir e\u0301 Liberador\" data-channel-id=\"UCVzDV6uqfZIxgHZvgeMlCyg\" data-views=\"48 views\" data-published-date=\"1740609429\" data-formatted-published-date=\"26 de February de 2025 19:37\" data-comment-count=\"0\">\n                <img decoding=\"async\" src=\"https:\/\/www.amesuamente.org.br\/en\/wp-content\/plugins\/youtube-feed-pro\/img\/placeholder.png\" alt=\"\">\n                \n                <div class=\"sby_thumbnail_hover sby_item_video_thumbnail_hover\">\n                    <div class=\"sby_thumbnail_hover_inner\">\n                        \n                        \n                        \n                        \n                                            <\/div>\n                <\/div>\n\n                <span class=\"sby-screenreader\">YouTube Video UEx0Q0tvVE9zX3Rkb002eHowWTNDYV9aZ3F6Mi1jUURmYi5EMzJDRTUwQjBEOUVFQzAw<\/span>\n                                    <div class=\"sby_play_btn\" >\n                        <span class=\"sby_play_btn_bg\"><\/span>\n                    <svg aria-hidden=\"true\" focusable=\"false\" data-prefix=\"fab\" data-icon=\"youtube\" role=\"img\" xmlns=\"http:\/\/www.w3.org\/2000\/svg\" viewBox=\"0 0 576 512\" class=\"svg-inline--fa fa-youtube fa-w-18\"><path fill=\"currentColor\" d=\"M549.655 124.083c-6.281-23.65-24.787-42.276-48.284-48.597C458.781 64 288 64 288 64S117.22 64 74.629 75.486c-23.497 6.322-42.003 24.947-48.284 48.597-11.412 42.867-11.412 132.305-11.412 132.305s0 89.438 11.412 132.305c6.281 23.65 24.787 41.5 48.284 47.821C117.22 448 288 448 288 448s170.78 0 213.371-11.486c23.497-6.321 42.003-24.171 48.284-47.821 11.412-42.867 11.412-132.305 11.412-132.305s0-89.438-11.412-132.305zm-317.51 213.508V175.185l142.739 81.205-142.739 81.201z\" class=\"\"><\/path><\/svg>                    <\/div>\n                                <span class=\"sby_loader sby_hidden\" style=\"background-color: rgb(255, 255, 255);\"><\/span>\n            <\/a>\n\n            \n        <\/div>\n\n        \n<div class=\"sby_info sby_info_item\">\n\t<div class=\"sby-video-info-bottom\">\n\t\t<div class=\"sby-video-info\">\n\t\t\t\t\t\t\t<p class=\"sby_video_title_wrap\" >\n\t\t\t\t\t<span class=\"sby_video_title\">Validac\u0327a\u0303o Emocional  - Como Permitir Sentir e\u0301 Liberador<\/span>\n\t\t\t\t<\/p>\n\t\t\t\n\t\t\t\n\t\t\t\n\t\t\t\n\t\t\t\t\t<\/div>\n\n\t\t\t\t\t\t\t\t<\/div>\n<\/div>    <\/div>\n<\/div><div class=\"sby_item  sby_new sby_transition\" id=\"sby_UEx0Q0tvVE9zX3Rkb002eHowWTNDYV9aZ3F6Mi1jUURmYi40NzE2MTY1QTM3RUI3QkU3\" data-date=\"1740609375\" data-video-id=\"kG9eD9XyiPI\" data-video-title=\"O Poder do Autoconhecimento na Sala de Aula\" data-live-date=\"0\" data-channel-id=\"UCVzDV6uqfZIxgHZvgeMlCyg\" >\n    <div class=\"sby_inner_item\">\n        <div class=\"sby_video_thumbnail_wrap sby_item_video_thumbnail_wrap\">\n            <a class=\"sby_video_thumbnail sby_item_video_thumbnail\" style=\"background-image:url(https:\/\/www.amesuamente.org.br\/en\/wp-content\/plugins\/youtube-feed-pro\/img\/placeholder.png)\" href=\"https:\/\/www.youtube.com\/watch?v=kG9eD9XyiPI\" target=\"_blank\" rel=\"noopener\" data-full-res=\"https:\/\/i.ytimg.com\/vi\/kG9eD9XyiPI\/maxresdefault.jpg\" data-img-src-set=\"{&quot;120&quot;:&quot;https:\\\/\\\/i.ytimg.com\\\/vi\\\/kG9eD9XyiPI\\\/default.jpg&quot;,&quot;320&quot;:&quot;https:\\\/\\\/i.ytimg.com\\\/vi\\\/kG9eD9XyiPI\\\/mqdefault.jpg&quot;,&quot;480&quot;:&quot;https:\\\/\\\/i.ytimg.com\\\/vi\\\/kG9eD9XyiPI\\\/hqdefault.jpg&quot;,&quot;640&quot;:&quot;https:\\\/\\\/i.ytimg.com\\\/vi\\\/kG9eD9XyiPI\\\/sddefault.jpg&quot;}\" data-video-id=\"kG9eD9XyiPI\"  data-user=\"Instituto Ame Sua Mente\" data-url=\"https:\/\/www.youtube.com\/watch?v=kG9eD9XyiPI\" data-avatar=\"\" data-title=\"\" data-video-title=\"O Poder do Autoconhecimento na Sala de Aula\" data-channel-id=\"UCVzDV6uqfZIxgHZvgeMlCyg\" data-views=\"53 views\" data-published-date=\"1740609375\" data-formatted-published-date=\"26 de February de 2025 19:36\" data-comment-count=\"0\">\n                <img decoding=\"async\" src=\"https:\/\/www.amesuamente.org.br\/en\/wp-content\/plugins\/youtube-feed-pro\/img\/placeholder.png\" alt=\"\">\n                \n                <div class=\"sby_thumbnail_hover sby_item_video_thumbnail_hover\">\n                    <div class=\"sby_thumbnail_hover_inner\">\n                        \n                        \n                        \n                        \n                                            <\/div>\n                <\/div>\n\n                <span class=\"sby-screenreader\">YouTube Video UEx0Q0tvVE9zX3Rkb002eHowWTNDYV9aZ3F6Mi1jUURmYi40NzE2MTY1QTM3RUI3QkU3<\/span>\n                                    <div class=\"sby_play_btn\" >\n                        <span class=\"sby_play_btn_bg\"><\/span>\n                    <svg aria-hidden=\"true\" focusable=\"false\" data-prefix=\"fab\" data-icon=\"youtube\" role=\"img\" xmlns=\"http:\/\/www.w3.org\/2000\/svg\" viewBox=\"0 0 576 512\" class=\"svg-inline--fa fa-youtube fa-w-18\"><path fill=\"currentColor\" d=\"M549.655 124.083c-6.281-23.65-24.787-42.276-48.284-48.597C458.781 64 288 64 288 64S117.22 64 74.629 75.486c-23.497 6.322-42.003 24.947-48.284 48.597-11.412 42.867-11.412 132.305-11.412 132.305s0 89.438 11.412 132.305c6.281 23.65 24.787 41.5 48.284 47.821C117.22 448 288 448 288 448s170.78 0 213.371-11.486c23.497-6.321 42.003-24.171 48.284-47.821 11.412-42.867 11.412-132.305 11.412-132.305s0-89.438-11.412-132.305zm-317.51 213.508V175.185l142.739 81.205-142.739 81.201z\" class=\"\"><\/path><\/svg>                    <\/div>\n                                <span class=\"sby_loader sby_hidden\" style=\"background-color: rgb(255, 255, 255);\"><\/span>\n            <\/a>\n\n            \n        <\/div>\n\n        \n<div class=\"sby_info sby_info_item\">\n\t<div class=\"sby-video-info-bottom\">\n\t\t<div class=\"sby-video-info\">\n\t\t\t\t\t\t\t<p class=\"sby_video_title_wrap\" >\n\t\t\t\t\t<span class=\"sby_video_title\">O Poder do Autoconhecimento na Sala de Aula<\/span>\n\t\t\t\t<\/p>\n\t\t\t\n\t\t\t\n\t\t\t\n\t\t\t\n\t\t\t\t\t<\/div>\n\n\t\t\t\t\t\t\t\t<\/div>\n<\/div>    <\/div>\n<\/div><div class=\"sby_item  sby_new sby_transition\" id=\"sby_UEx0Q0tvVE9zX3Rkb002eHowWTNDYV9aZ3F6Mi1jUURmYi44MkM2RjVEQkQ5N0I2MjVE\" data-date=\"1738178981\" data-video-id=\"70dHdOxx0g8\" data-video-title=\"Comportamentos que mudam pensamentos\" data-live-date=\"0\" data-channel-id=\"UCVzDV6uqfZIxgHZvgeMlCyg\" >\n    <div class=\"sby_inner_item\">\n        <div class=\"sby_video_thumbnail_wrap sby_item_video_thumbnail_wrap\">\n            <a class=\"sby_video_thumbnail sby_item_video_thumbnail\" style=\"background-image:url(https:\/\/www.amesuamente.org.br\/en\/wp-content\/plugins\/youtube-feed-pro\/img\/placeholder.png)\" href=\"https:\/\/www.youtube.com\/watch?v=70dHdOxx0g8\" target=\"_blank\" rel=\"noopener\" data-full-res=\"https:\/\/i.ytimg.com\/vi\/70dHdOxx0g8\/maxresdefault.jpg\" data-img-src-set=\"{&quot;120&quot;:&quot;https:\\\/\\\/i.ytimg.com\\\/vi\\\/70dHdOxx0g8\\\/default.jpg&quot;,&quot;320&quot;:&quot;https:\\\/\\\/i.ytimg.com\\\/vi\\\/70dHdOxx0g8\\\/mqdefault.jpg&quot;,&quot;480&quot;:&quot;https:\\\/\\\/i.ytimg.com\\\/vi\\\/70dHdOxx0g8\\\/hqdefault.jpg&quot;,&quot;640&quot;:&quot;https:\\\/\\\/i.ytimg.com\\\/vi\\\/70dHdOxx0g8\\\/sddefault.jpg&quot;}\" data-video-id=\"70dHdOxx0g8\"  data-user=\"Instituto Ame Sua Mente\" data-url=\"https:\/\/www.youtube.com\/watch?v=70dHdOxx0g8\" data-avatar=\"\" data-title=\"\" data-video-title=\"Comportamentos que mudam pensamentos\" data-channel-id=\"UCVzDV6uqfZIxgHZvgeMlCyg\" data-views=\"40 views\" data-published-date=\"1738178981\" data-formatted-published-date=\"29 de January de 2025 16:29\" data-comment-count=\"0\">\n                <img decoding=\"async\" src=\"https:\/\/www.amesuamente.org.br\/en\/wp-content\/plugins\/youtube-feed-pro\/img\/placeholder.png\" alt=\"\">\n                \n                <div class=\"sby_thumbnail_hover sby_item_video_thumbnail_hover\">\n                    <div class=\"sby_thumbnail_hover_inner\">\n                        \n                        \n                        \n                        \n                                            <\/div>\n                <\/div>\n\n                <span class=\"sby-screenreader\">YouTube Video UEx0Q0tvVE9zX3Rkb002eHowWTNDYV9aZ3F6Mi1jUURmYi44MkM2RjVEQkQ5N0I2MjVE<\/span>\n                                    <div class=\"sby_play_btn\" >\n                        <span class=\"sby_play_btn_bg\"><\/span>\n                    <svg aria-hidden=\"true\" focusable=\"false\" data-prefix=\"fab\" data-icon=\"youtube\" role=\"img\" xmlns=\"http:\/\/www.w3.org\/2000\/svg\" viewBox=\"0 0 576 512\" class=\"svg-inline--fa fa-youtube fa-w-18\"><path fill=\"currentColor\" d=\"M549.655 124.083c-6.281-23.65-24.787-42.276-48.284-48.597C458.781 64 288 64 288 64S117.22 64 74.629 75.486c-23.497 6.322-42.003 24.947-48.284 48.597-11.412 42.867-11.412 132.305-11.412 132.305s0 89.438 11.412 132.305c6.281 23.65 24.787 41.5 48.284 47.821C117.22 448 288 448 288 448s170.78 0 213.371-11.486c23.497-6.321 42.003-24.171 48.284-47.821 11.412-42.867 11.412-132.305 11.412-132.305s0-89.438-11.412-132.305zm-317.51 213.508V175.185l142.739 81.205-142.739 81.201z\" class=\"\"><\/path><\/svg>                    <\/div>\n                                <span class=\"sby_loader sby_hidden\" style=\"background-color: rgb(255, 255, 255);\"><\/span>\n            <\/a>\n\n            \n        <\/div>\n\n        \n<div class=\"sby_info sby_info_item\">\n\t<div class=\"sby-video-info-bottom\">\n\t\t<div class=\"sby-video-info\">\n\t\t\t\t\t\t\t<p class=\"sby_video_title_wrap\" >\n\t\t\t\t\t<span class=\"sby_video_title\">Comportamentos que mudam pensamentos<\/span>\n\t\t\t\t<\/p>\n\t\t\t\n\t\t\t\n\t\t\t\n\t\t\t\n\t\t\t\t\t<\/div>\n\n\t\t\t\t\t\t\t\t<\/div>\n<\/div>    <\/div>\n<\/div><div class=\"sby_item  sby_new sby_transition\" id=\"sby_UEx0Q0tvVE9zX3Rkb002eHowWTNDYV9aZ3F6Mi1jUURmYi44QTA1QTQyRTc3M0VGQzYx\" data-date=\"1738178935\" data-video-id=\"TIXKGARrotU\" data-video-title=\"Sau\u0301de Mental  - Desmistificando Preconceitos e Vergonhas\" data-live-date=\"0\" data-channel-id=\"UCVzDV6uqfZIxgHZvgeMlCyg\" >\n    <div class=\"sby_inner_item\">\n        <div class=\"sby_video_thumbnail_wrap sby_item_video_thumbnail_wrap\">\n            <a class=\"sby_video_thumbnail sby_item_video_thumbnail\" style=\"background-image:url(https:\/\/www.amesuamente.org.br\/en\/wp-content\/plugins\/youtube-feed-pro\/img\/placeholder.png)\" href=\"https:\/\/www.youtube.com\/watch?v=TIXKGARrotU\" target=\"_blank\" rel=\"noopener\" data-full-res=\"https:\/\/i.ytimg.com\/vi\/TIXKGARrotU\/maxresdefault.jpg\" data-img-src-set=\"{&quot;120&quot;:&quot;https:\\\/\\\/i.ytimg.com\\\/vi\\\/TIXKGARrotU\\\/default.jpg&quot;,&quot;320&quot;:&quot;https:\\\/\\\/i.ytimg.com\\\/vi\\\/TIXKGARrotU\\\/mqdefault.jpg&quot;,&quot;480&quot;:&quot;https:\\\/\\\/i.ytimg.com\\\/vi\\\/TIXKGARrotU\\\/hqdefault.jpg&quot;,&quot;640&quot;:&quot;https:\\\/\\\/i.ytimg.com\\\/vi\\\/TIXKGARrotU\\\/sddefault.jpg&quot;}\" data-video-id=\"TIXKGARrotU\"  data-user=\"Instituto Ame Sua Mente\" data-url=\"https:\/\/www.youtube.com\/watch?v=TIXKGARrotU\" data-avatar=\"\" data-title=\"\" data-video-title=\"Sau\u0301de Mental  - Desmistificando Preconceitos e Vergonhas\" data-channel-id=\"UCVzDV6uqfZIxgHZvgeMlCyg\" data-views=\"21 views\" data-published-date=\"1738178935\" data-formatted-published-date=\"29 de January de 2025 16:28\" data-comment-count=\"0\">\n                <img decoding=\"async\" src=\"https:\/\/www.amesuamente.org.br\/en\/wp-content\/plugins\/youtube-feed-pro\/img\/placeholder.png\" alt=\"\">\n                \n                <div class=\"sby_thumbnail_hover sby_item_video_thumbnail_hover\">\n                    <div class=\"sby_thumbnail_hover_inner\">\n                        \n                        \n                        \n                        \n                                            <\/div>\n                <\/div>\n\n                <span class=\"sby-screenreader\">YouTube Video UEx0Q0tvVE9zX3Rkb002eHowWTNDYV9aZ3F6Mi1jUURmYi44QTA1QTQyRTc3M0VGQzYx<\/span>\n                                    <div class=\"sby_play_btn\" >\n                        <span class=\"sby_play_btn_bg\"><\/span>\n                    <svg aria-hidden=\"true\" focusable=\"false\" data-prefix=\"fab\" data-icon=\"youtube\" role=\"img\" xmlns=\"http:\/\/www.w3.org\/2000\/svg\" viewBox=\"0 0 576 512\" class=\"svg-inline--fa fa-youtube fa-w-18\"><path fill=\"currentColor\" d=\"M549.655 124.083c-6.281-23.65-24.787-42.276-48.284-48.597C458.781 64 288 64 288 64S117.22 64 74.629 75.486c-23.497 6.322-42.003 24.947-48.284 48.597-11.412 42.867-11.412 132.305-11.412 132.305s0 89.438 11.412 132.305c6.281 23.65 24.787 41.5 48.284 47.821C117.22 448 288 448 288 448s170.78 0 213.371-11.486c23.497-6.321 42.003-24.171 48.284-47.821 11.412-42.867 11.412-132.305 11.412-132.305s0-89.438-11.412-132.305zm-317.51 213.508V175.185l142.739 81.205-142.739 81.201z\" class=\"\"><\/path><\/svg>                    <\/div>\n                                <span class=\"sby_loader sby_hidden\" style=\"background-color: rgb(255, 255, 255);\"><\/span>\n            <\/a>\n\n            \n        <\/div>\n\n        \n<div class=\"sby_info sby_info_item\">\n\t<div class=\"sby-video-info-bottom\">\n\t\t<div class=\"sby-video-info\">\n\t\t\t\t\t\t\t<p class=\"sby_video_title_wrap\" >\n\t\t\t\t\t<span class=\"sby_video_title\">Sau\u0301de Mental  - Desmistificando Preconceitos e Vergonhas<\/span>\n\t\t\t\t<\/p>\n\t\t\t\n\t\t\t\n\t\t\t\n\t\t\t\n\t\t\t\t\t<\/div>\n\n\t\t\t\t\t\t\t\t<\/div>\n<\/div>    <\/div>\n<\/div><div class=\"sby_item  sby_new sby_transition\" id=\"sby_UEx0Q0tvVE9zX3Rkb002eHowWTNDYV9aZ3F6Mi1jUURmYi4wMDFGNzBEOTU4Q0Y1Q0RG\" data-date=\"1738178825\" data-video-id=\"DqGtuSoWkv0\" data-video-title=\"Mudanc\u0327as na Sau\u0301de Mental  - Como Prevenir Sintomas?\" data-live-date=\"0\" data-channel-id=\"UCVzDV6uqfZIxgHZvgeMlCyg\" >\n    <div class=\"sby_inner_item\">\n        <div class=\"sby_video_thumbnail_wrap sby_item_video_thumbnail_wrap\">\n            <a class=\"sby_video_thumbnail sby_item_video_thumbnail\" style=\"background-image:url(https:\/\/www.amesuamente.org.br\/en\/wp-content\/plugins\/youtube-feed-pro\/img\/placeholder.png)\" href=\"https:\/\/www.youtube.com\/watch?v=DqGtuSoWkv0\" target=\"_blank\" rel=\"noopener\" data-full-res=\"https:\/\/i.ytimg.com\/vi\/DqGtuSoWkv0\/maxresdefault.jpg\" data-img-src-set=\"{&quot;120&quot;:&quot;https:\\\/\\\/i.ytimg.com\\\/vi\\\/DqGtuSoWkv0\\\/default.jpg&quot;,&quot;320&quot;:&quot;https:\\\/\\\/i.ytimg.com\\\/vi\\\/DqGtuSoWkv0\\\/mqdefault.jpg&quot;,&quot;480&quot;:&quot;https:\\\/\\\/i.ytimg.com\\\/vi\\\/DqGtuSoWkv0\\\/hqdefault.jpg&quot;,&quot;640&quot;:&quot;https:\\\/\\\/i.ytimg.com\\\/vi\\\/DqGtuSoWkv0\\\/sddefault.jpg&quot;}\" data-video-id=\"DqGtuSoWkv0\"  data-user=\"Instituto Ame Sua Mente\" data-url=\"https:\/\/www.youtube.com\/watch?v=DqGtuSoWkv0\" data-avatar=\"\" data-title=\"\" data-video-title=\"Mudanc\u0327as na Sau\u0301de Mental  - Como Prevenir Sintomas?\" data-channel-id=\"UCVzDV6uqfZIxgHZvgeMlCyg\" data-views=\"32 views\" data-published-date=\"1738178825\" data-formatted-published-date=\"29 de January de 2025 16:27\" data-comment-count=\"0\">\n                <img decoding=\"async\" src=\"https:\/\/www.amesuamente.org.br\/en\/wp-content\/plugins\/youtube-feed-pro\/img\/placeholder.png\" alt=\"\">\n                \n                <div class=\"sby_thumbnail_hover sby_item_video_thumbnail_hover\">\n                    <div class=\"sby_thumbnail_hover_inner\">\n                        \n                        \n                        \n                        \n                                            <\/div>\n                <\/div>\n\n                <span class=\"sby-screenreader\">YouTube Video UEx0Q0tvVE9zX3Rkb002eHowWTNDYV9aZ3F6Mi1jUURmYi4wMDFGNzBEOTU4Q0Y1Q0RG<\/span>\n                                    <div class=\"sby_play_btn\" >\n                        <span class=\"sby_play_btn_bg\"><\/span>\n                    <svg aria-hidden=\"true\" focusable=\"false\" data-prefix=\"fab\" data-icon=\"youtube\" role=\"img\" xmlns=\"http:\/\/www.w3.org\/2000\/svg\" viewBox=\"0 0 576 512\" class=\"svg-inline--fa fa-youtube fa-w-18\"><path fill=\"currentColor\" d=\"M549.655 124.083c-6.281-23.65-24.787-42.276-48.284-48.597C458.781 64 288 64 288 64S117.22 64 74.629 75.486c-23.497 6.322-42.003 24.947-48.284 48.597-11.412 42.867-11.412 132.305-11.412 132.305s0 89.438 11.412 132.305c6.281 23.65 24.787 41.5 48.284 47.821C117.22 448 288 448 288 448s170.78 0 213.371-11.486c23.497-6.321 42.003-24.171 48.284-47.821 11.412-42.867 11.412-132.305 11.412-132.305s0-89.438-11.412-132.305zm-317.51 213.508V175.185l142.739 81.205-142.739 81.201z\" class=\"\"><\/path><\/svg>                    <\/div>\n                                <span class=\"sby_loader sby_hidden\" style=\"background-color: rgb(255, 255, 255);\"><\/span>\n            <\/a>\n\n            \n        <\/div>\n\n        \n<div class=\"sby_info sby_info_item\">\n\t<div class=\"sby-video-info-bottom\">\n\t\t<div class=\"sby-video-info\">\n\t\t\t\t\t\t\t<p class=\"sby_video_title_wrap\" >\n\t\t\t\t\t<span class=\"sby_video_title\">Mudanc\u0327as na Sau\u0301de Mental  - Como Prevenir Sintomas?<\/span>\n\t\t\t\t<\/p>\n\t\t\t\n\t\t\t\n\t\t\t\n\t\t\t\n\t\t\t\t\t<\/div>\n\n\t\t\t\t\t\t\t\t<\/div>\n<\/div>    <\/div>\n<\/div><div class=\"sby_item  sby_new sby_transition\" id=\"sby_UEx0Q0tvVE9zX3Rkb002eHowWTNDYV9aZ3F6Mi1jUURmYi4xNTZBNUQxMDZBQzFGMjkw\" data-date=\"1722264913\" data-video-id=\"8NqyzER5zyc\" data-video-title=\"\u00c9 verdade que o vape pode ser t\u00e3o ou mais prejudicial do que o cigarro?\" data-live-date=\"0\" data-channel-id=\"UCVzDV6uqfZIxgHZvgeMlCyg\" >\n    <div class=\"sby_inner_item\">\n        <div class=\"sby_video_thumbnail_wrap sby_item_video_thumbnail_wrap\">\n            <a class=\"sby_video_thumbnail sby_item_video_thumbnail\" style=\"background-image:url(https:\/\/www.amesuamente.org.br\/en\/wp-content\/plugins\/youtube-feed-pro\/img\/placeholder.png)\" href=\"https:\/\/www.youtube.com\/watch?v=8NqyzER5zyc\" target=\"_blank\" rel=\"noopener\" data-full-res=\"https:\/\/i.ytimg.com\/vi\/8NqyzER5zyc\/maxresdefault.jpg\" data-img-src-set=\"{&quot;120&quot;:&quot;https:\\\/\\\/i.ytimg.com\\\/vi\\\/8NqyzER5zyc\\\/default.jpg&quot;,&quot;320&quot;:&quot;https:\\\/\\\/i.ytimg.com\\\/vi\\\/8NqyzER5zyc\\\/mqdefault.jpg&quot;,&quot;480&quot;:&quot;https:\\\/\\\/i.ytimg.com\\\/vi\\\/8NqyzER5zyc\\\/hqdefault.jpg&quot;,&quot;640&quot;:&quot;https:\\\/\\\/i.ytimg.com\\\/vi\\\/8NqyzER5zyc\\\/sddefault.jpg&quot;}\" data-video-id=\"8NqyzER5zyc\"  data-user=\"Instituto Ame Sua Mente\" data-url=\"https:\/\/www.youtube.com\/watch?v=8NqyzER5zyc\" data-avatar=\"\" data-title=\"\" data-video-title=\"\u00c9 verdade que o vape pode ser t\u00e3o ou mais prejudicial do que o cigarro?\" data-channel-id=\"UCVzDV6uqfZIxgHZvgeMlCyg\" data-views=\"178 views\" data-published-date=\"1722264913\" data-formatted-published-date=\"29 de July de 2024 11:55\" data-comment-count=\"0\">\n                <img decoding=\"async\" src=\"https:\/\/www.amesuamente.org.br\/en\/wp-content\/plugins\/youtube-feed-pro\/img\/placeholder.png\" alt=\"\">\n                \n                <div class=\"sby_thumbnail_hover sby_item_video_thumbnail_hover\">\n                    <div class=\"sby_thumbnail_hover_inner\">\n                        \n                        \n                        \n                        \n                                            <\/div>\n                <\/div>\n\n                <span class=\"sby-screenreader\">YouTube Video UEx0Q0tvVE9zX3Rkb002eHowWTNDYV9aZ3F6Mi1jUURmYi4xNTZBNUQxMDZBQzFGMjkw<\/span>\n                                    <div class=\"sby_play_btn\" >\n                        <span class=\"sby_play_btn_bg\"><\/span>\n                    <svg aria-hidden=\"true\" focusable=\"false\" data-prefix=\"fab\" data-icon=\"youtube\" role=\"img\" xmlns=\"http:\/\/www.w3.org\/2000\/svg\" viewBox=\"0 0 576 512\" class=\"svg-inline--fa fa-youtube fa-w-18\"><path fill=\"currentColor\" d=\"M549.655 124.083c-6.281-23.65-24.787-42.276-48.284-48.597C458.781 64 288 64 288 64S117.22 64 74.629 75.486c-23.497 6.322-42.003 24.947-48.284 48.597-11.412 42.867-11.412 132.305-11.412 132.305s0 89.438 11.412 132.305c6.281 23.65 24.787 41.5 48.284 47.821C117.22 448 288 448 288 448s170.78 0 213.371-11.486c23.497-6.321 42.003-24.171 48.284-47.821 11.412-42.867 11.412-132.305 11.412-132.305s0-89.438-11.412-132.305zm-317.51 213.508V175.185l142.739 81.205-142.739 81.201z\" class=\"\"><\/path><\/svg>                    <\/div>\n                                <span class=\"sby_loader sby_hidden\" style=\"background-color: rgb(255, 255, 255);\"><\/span>\n            <\/a>\n\n            \n        <\/div>\n\n        \n<div class=\"sby_info sby_info_item\">\n\t<div class=\"sby-video-info-bottom\">\n\t\t<div class=\"sby-video-info\">\n\t\t\t\t\t\t\t<p class=\"sby_video_title_wrap\" >\n\t\t\t\t\t<span class=\"sby_video_title\">\u00c9 verdade que o vape pode ser t\u00e3o ou mais prejudicial do que o cigarro?<\/span>\n\t\t\t\t<\/p>\n\t\t\t\n\t\t\t\n\t\t\t\n\t\t\t\n\t\t\t\t\t<\/div>\n\n\t\t\t\t\t\t\t\t<\/div>\n<\/div>    <\/div>\n<\/div><div class=\"sby_item  sby_new sby_transition\" id=\"sby_UEx0Q0tvVE9zX3Rkb002eHowWTNDYV9aZ3F6Mi1jUURmYi4xNjIyNEE0MDEyRDlCMjBE\" data-date=\"1722005829\" data-video-id=\"f6_qd8CITnw\" data-video-title=\"Porque devemos ensinar sobre emo\u00e7\u00f5es para as crian\u00e7as?\" data-live-date=\"0\" data-channel-id=\"UCVzDV6uqfZIxgHZvgeMlCyg\" >\n    <div class=\"sby_inner_item\">\n        <div class=\"sby_video_thumbnail_wrap sby_item_video_thumbnail_wrap\">\n            <a class=\"sby_video_thumbnail sby_item_video_thumbnail\" style=\"background-image:url(https:\/\/www.amesuamente.org.br\/en\/wp-content\/plugins\/youtube-feed-pro\/img\/placeholder.png)\" href=\"https:\/\/www.youtube.com\/watch?v=f6_qd8CITnw\" target=\"_blank\" rel=\"noopener\" data-full-res=\"https:\/\/i.ytimg.com\/vi\/f6_qd8CITnw\/maxresdefault.jpg\" data-img-src-set=\"{&quot;120&quot;:&quot;https:\\\/\\\/i.ytimg.com\\\/vi\\\/f6_qd8CITnw\\\/default.jpg&quot;,&quot;320&quot;:&quot;https:\\\/\\\/i.ytimg.com\\\/vi\\\/f6_qd8CITnw\\\/mqdefault.jpg&quot;,&quot;480&quot;:&quot;https:\\\/\\\/i.ytimg.com\\\/vi\\\/f6_qd8CITnw\\\/hqdefault.jpg&quot;,&quot;640&quot;:&quot;https:\\\/\\\/i.ytimg.com\\\/vi\\\/f6_qd8CITnw\\\/sddefault.jpg&quot;}\" data-video-id=\"f6_qd8CITnw\"  data-user=\"Instituto Ame Sua Mente\" data-url=\"https:\/\/www.youtube.com\/watch?v=f6_qd8CITnw\" data-avatar=\"\" data-title=\"\" data-video-title=\"Porque devemos ensinar sobre emo\u00e7\u00f5es para as crian\u00e7as?\" data-channel-id=\"UCVzDV6uqfZIxgHZvgeMlCyg\" data-views=\"123 views\" data-published-date=\"1722005829\" data-formatted-published-date=\"26 de July de 2024 11:57\" data-comment-count=\"0\">\n                <img decoding=\"async\" src=\"https:\/\/www.amesuamente.org.br\/en\/wp-content\/plugins\/youtube-feed-pro\/img\/placeholder.png\" alt=\"\">\n                \n                <div class=\"sby_thumbnail_hover sby_item_video_thumbnail_hover\">\n                    <div class=\"sby_thumbnail_hover_inner\">\n                        \n                        \n                        \n                        \n                                            <\/div>\n                <\/div>\n\n                <span class=\"sby-screenreader\">YouTube Video UEx0Q0tvVE9zX3Rkb002eHowWTNDYV9aZ3F6Mi1jUURmYi4xNjIyNEE0MDEyRDlCMjBE<\/span>\n                                    <div class=\"sby_play_btn\" >\n                        <span class=\"sby_play_btn_bg\"><\/span>\n                    <svg aria-hidden=\"true\" focusable=\"false\" data-prefix=\"fab\" data-icon=\"youtube\" role=\"img\" xmlns=\"http:\/\/www.w3.org\/2000\/svg\" viewBox=\"0 0 576 512\" class=\"svg-inline--fa fa-youtube fa-w-18\"><path fill=\"currentColor\" d=\"M549.655 124.083c-6.281-23.65-24.787-42.276-48.284-48.597C458.781 64 288 64 288 64S117.22 64 74.629 75.486c-23.497 6.322-42.003 24.947-48.284 48.597-11.412 42.867-11.412 132.305-11.412 132.305s0 89.438 11.412 132.305c6.281 23.65 24.787 41.5 48.284 47.821C117.22 448 288 448 288 448s170.78 0 213.371-11.486c23.497-6.321 42.003-24.171 48.284-47.821 11.412-42.867 11.412-132.305 11.412-132.305s0-89.438-11.412-132.305zm-317.51 213.508V175.185l142.739 81.205-142.739 81.201z\" class=\"\"><\/path><\/svg>                    <\/div>\n                                <span class=\"sby_loader sby_hidden\" style=\"background-color: rgb(255, 255, 255);\"><\/span>\n            <\/a>\n\n            \n        <\/div>\n\n        \n<div class=\"sby_info sby_info_item\">\n\t<div class=\"sby-video-info-bottom\">\n\t\t<div class=\"sby-video-info\">\n\t\t\t\t\t\t\t<p class=\"sby_video_title_wrap\" >\n\t\t\t\t\t<span class=\"sby_video_title\">Porque devemos ensinar sobre emo\u00e7\u00f5es para as crian\u00e7as?<\/span>\n\t\t\t\t<\/p>\n\t\t\t\n\t\t\t\n\t\t\t\n\t\t\t\n\t\t\t\t\t<\/div>\n\n\t\t\t\t\t\t\t\t<\/div>\n<\/div>    <\/div>\n<\/div><div class=\"sby_item  sby_new sby_transition\" id=\"sby_UEx0Q0tvVE9zX3Rkb002eHowWTNDYV9aZ3F6Mi1jUURmYi41OURENDc2NEM1MDI5Mjky\" data-date=\"1720815269\" data-video-id=\"eKu05S5YBFQ\" data-video-title=\"Qual a import\u00e2ncia do setembro amarelo?\" data-live-date=\"0\" data-channel-id=\"UCVzDV6uqfZIxgHZvgeMlCyg\" >\n    <div class=\"sby_inner_item\">\n        <div class=\"sby_video_thumbnail_wrap sby_item_video_thumbnail_wrap\">\n            <a class=\"sby_video_thumbnail sby_item_video_thumbnail\" style=\"background-image:url(https:\/\/www.amesuamente.org.br\/en\/wp-content\/plugins\/youtube-feed-pro\/img\/placeholder.png)\" href=\"https:\/\/www.youtube.com\/watch?v=eKu05S5YBFQ\" target=\"_blank\" rel=\"noopener\" data-full-res=\"https:\/\/i.ytimg.com\/vi\/eKu05S5YBFQ\/maxresdefault.jpg\" data-img-src-set=\"{&quot;120&quot;:&quot;https:\\\/\\\/i.ytimg.com\\\/vi\\\/eKu05S5YBFQ\\\/default.jpg&quot;,&quot;320&quot;:&quot;https:\\\/\\\/i.ytimg.com\\\/vi\\\/eKu05S5YBFQ\\\/mqdefault.jpg&quot;,&quot;480&quot;:&quot;https:\\\/\\\/i.ytimg.com\\\/vi\\\/eKu05S5YBFQ\\\/hqdefault.jpg&quot;,&quot;640&quot;:&quot;https:\\\/\\\/i.ytimg.com\\\/vi\\\/eKu05S5YBFQ\\\/sddefault.jpg&quot;}\" data-video-id=\"eKu05S5YBFQ\"  data-user=\"Instituto Ame Sua Mente\" data-url=\"https:\/\/www.youtube.com\/watch?v=eKu05S5YBFQ\" data-avatar=\"\" data-title=\"\" data-video-title=\"Qual a import\u00e2ncia do setembro amarelo?\" data-channel-id=\"UCVzDV6uqfZIxgHZvgeMlCyg\" data-views=\"183 views\" data-published-date=\"1720815269\" data-formatted-published-date=\"12 de July de 2024 17:14\" data-comment-count=\"0\">\n                <img decoding=\"async\" src=\"https:\/\/www.amesuamente.org.br\/en\/wp-content\/plugins\/youtube-feed-pro\/img\/placeholder.png\" alt=\"\">\n                \n                <div class=\"sby_thumbnail_hover sby_item_video_thumbnail_hover\">\n                    <div class=\"sby_thumbnail_hover_inner\">\n                        \n                        \n                        \n                        \n                                            <\/div>\n                <\/div>\n\n                <span class=\"sby-screenreader\">YouTube Video UEx0Q0tvVE9zX3Rkb002eHowWTNDYV9aZ3F6Mi1jUURmYi41OURENDc2NEM1MDI5Mjky<\/span>\n                                    <div class=\"sby_play_btn\" >\n                        <span class=\"sby_play_btn_bg\"><\/span>\n                    <svg aria-hidden=\"true\" focusable=\"false\" data-prefix=\"fab\" data-icon=\"youtube\" role=\"img\" xmlns=\"http:\/\/www.w3.org\/2000\/svg\" viewBox=\"0 0 576 512\" class=\"svg-inline--fa fa-youtube fa-w-18\"><path fill=\"currentColor\" d=\"M549.655 124.083c-6.281-23.65-24.787-42.276-48.284-48.597C458.781 64 288 64 288 64S117.22 64 74.629 75.486c-23.497 6.322-42.003 24.947-48.284 48.597-11.412 42.867-11.412 132.305-11.412 132.305s0 89.438 11.412 132.305c6.281 23.65 24.787 41.5 48.284 47.821C117.22 448 288 448 288 448s170.78 0 213.371-11.486c23.497-6.321 42.003-24.171 48.284-47.821 11.412-42.867 11.412-132.305 11.412-132.305s0-89.438-11.412-132.305zm-317.51 213.508V175.185l142.739 81.205-142.739 81.201z\" class=\"\"><\/path><\/svg>                    <\/div>\n                                <span class=\"sby_loader sby_hidden\" style=\"background-color: rgb(255, 255, 255);\"><\/span>\n            <\/a>\n\n            \n        <\/div>\n\n        \n<div class=\"sby_info sby_info_item\">\n\t<div class=\"sby-video-info-bottom\">\n\t\t<div class=\"sby-video-info\">\n\t\t\t\t\t\t\t<p class=\"sby_video_title_wrap\" >\n\t\t\t\t\t<span class=\"sby_video_title\">Qual a import\u00e2ncia do setembro amarelo?<\/span>\n\t\t\t\t<\/p>\n\t\t\t\n\t\t\t\n\t\t\t\n\t\t\t\n\t\t\t\t\t<\/div>\n\n\t\t\t\t\t\t\t\t<\/div>\n<\/div>    <\/div>\n<\/div><div class=\"sby_item  sby_new sby_transition\" id=\"sby_UEx0Q0tvVE9zX3Rkb002eHowWTNDYV9aZ3F6Mi1jUURmYi42MjYzMTMyQjA0QURCN0JF\" data-date=\"1720816020\" data-video-id=\"-UPgStG3Y3Y\" data-video-title=\"O que s\u00e3o drogas sint\u00e9ticas como a K9?\" data-live-date=\"0\" data-channel-id=\"UCVzDV6uqfZIxgHZvgeMlCyg\" >\n    <div class=\"sby_inner_item\">\n        <div class=\"sby_video_thumbnail_wrap sby_item_video_thumbnail_wrap\">\n            <a class=\"sby_video_thumbnail sby_item_video_thumbnail\" style=\"background-image:url(https:\/\/www.amesuamente.org.br\/en\/wp-content\/plugins\/youtube-feed-pro\/img\/placeholder.png)\" href=\"https:\/\/www.youtube.com\/watch?v=-UPgStG3Y3Y\" target=\"_blank\" rel=\"noopener\" data-full-res=\"https:\/\/i.ytimg.com\/vi\/-UPgStG3Y3Y\/maxresdefault.jpg\" data-img-src-set=\"{&quot;120&quot;:&quot;https:\\\/\\\/i.ytimg.com\\\/vi\\\/-UPgStG3Y3Y\\\/default.jpg&quot;,&quot;320&quot;:&quot;https:\\\/\\\/i.ytimg.com\\\/vi\\\/-UPgStG3Y3Y\\\/mqdefault.jpg&quot;,&quot;480&quot;:&quot;https:\\\/\\\/i.ytimg.com\\\/vi\\\/-UPgStG3Y3Y\\\/hqdefault.jpg&quot;,&quot;640&quot;:&quot;https:\\\/\\\/i.ytimg.com\\\/vi\\\/-UPgStG3Y3Y\\\/sddefault.jpg&quot;}\" data-video-id=\"-UPgStG3Y3Y\"  data-user=\"Instituto Ame Sua Mente\" data-url=\"https:\/\/www.youtube.com\/watch?v=-UPgStG3Y3Y\" data-avatar=\"\" data-title=\"\" data-video-title=\"O que s\u00e3o drogas sint\u00e9ticas como a K9?\" data-channel-id=\"UCVzDV6uqfZIxgHZvgeMlCyg\" data-views=\"681 views\" data-published-date=\"1720816020\" data-formatted-published-date=\"12 de July de 2024 17:27\" data-comment-count=\"0\">\n                <img decoding=\"async\" src=\"https:\/\/www.amesuamente.org.br\/en\/wp-content\/plugins\/youtube-feed-pro\/img\/placeholder.png\" alt=\"\">\n                \n                <div class=\"sby_thumbnail_hover sby_item_video_thumbnail_hover\">\n                    <div class=\"sby_thumbnail_hover_inner\">\n                        \n                        \n                        \n                        \n                                            <\/div>\n                <\/div>\n\n                <span class=\"sby-screenreader\">YouTube Video UEx0Q0tvVE9zX3Rkb002eHowWTNDYV9aZ3F6Mi1jUURmYi42MjYzMTMyQjA0QURCN0JF<\/span>\n                                    <div class=\"sby_play_btn\" >\n                        <span class=\"sby_play_btn_bg\"><\/span>\n                    <svg aria-hidden=\"true\" focusable=\"false\" data-prefix=\"fab\" data-icon=\"youtube\" role=\"img\" xmlns=\"http:\/\/www.w3.org\/2000\/svg\" viewBox=\"0 0 576 512\" class=\"svg-inline--fa fa-youtube fa-w-18\"><path fill=\"currentColor\" d=\"M549.655 124.083c-6.281-23.65-24.787-42.276-48.284-48.597C458.781 64 288 64 288 64S117.22 64 74.629 75.486c-23.497 6.322-42.003 24.947-48.284 48.597-11.412 42.867-11.412 132.305-11.412 132.305s0 89.438 11.412 132.305c6.281 23.65 24.787 41.5 48.284 47.821C117.22 448 288 448 288 448s170.78 0 213.371-11.486c23.497-6.321 42.003-24.171 48.284-47.821 11.412-42.867 11.412-132.305 11.412-132.305s0-89.438-11.412-132.305zm-317.51 213.508V175.185l142.739 81.205-142.739 81.201z\" class=\"\"><\/path><\/svg>                    <\/div>\n                                <span class=\"sby_loader sby_hidden\" style=\"background-color: rgb(255, 255, 255);\"><\/span>\n            <\/a>\n\n            \n        <\/div>\n\n        \n<div class=\"sby_info sby_info_item\">\n\t<div class=\"sby-video-info-bottom\">\n\t\t<div class=\"sby-video-info\">\n\t\t\t\t\t\t\t<p class=\"sby_video_title_wrap\" >\n\t\t\t\t\t<span class=\"sby_video_title\">O que s\u00e3o drogas sint\u00e9ticas como a K9?<\/span>\n\t\t\t\t<\/p>\n\t\t\t\n\t\t\t\n\t\t\t\n\t\t\t\n\t\t\t\t\t<\/div>\n\n\t\t\t\t\t\t\t\t<\/div>\n<\/div>    <\/div>\n<\/div><div class=\"sby_item  sby_new sby_transition\" id=\"sby_UEx0Q0tvVE9zX3Rkb002eHowWTNDYV9aZ3F6Mi1jUURmYi4zMUEyMkQwOTk0NTg4MDgw\" data-date=\"1720815038\" data-video-id=\"OW1x_dA-3tw\" data-video-title=\"Quais os sintomas do TOC? Existe tratamento para esse transtorno?\" data-live-date=\"0\" data-channel-id=\"UCVzDV6uqfZIxgHZvgeMlCyg\" >\n    <div class=\"sby_inner_item\">\n        <div class=\"sby_video_thumbnail_wrap sby_item_video_thumbnail_wrap\">\n            <a class=\"sby_video_thumbnail sby_item_video_thumbnail\" style=\"background-image:url(https:\/\/www.amesuamente.org.br\/en\/wp-content\/plugins\/youtube-feed-pro\/img\/placeholder.png)\" href=\"https:\/\/www.youtube.com\/watch?v=OW1x_dA-3tw\" target=\"_blank\" rel=\"noopener\" data-full-res=\"https:\/\/i.ytimg.com\/vi\/OW1x_dA-3tw\/maxresdefault.jpg\" data-img-src-set=\"{&quot;120&quot;:&quot;https:\\\/\\\/i.ytimg.com\\\/vi\\\/OW1x_dA-3tw\\\/default.jpg&quot;,&quot;320&quot;:&quot;https:\\\/\\\/i.ytimg.com\\\/vi\\\/OW1x_dA-3tw\\\/mqdefault.jpg&quot;,&quot;480&quot;:&quot;https:\\\/\\\/i.ytimg.com\\\/vi\\\/OW1x_dA-3tw\\\/hqdefault.jpg&quot;,&quot;640&quot;:&quot;https:\\\/\\\/i.ytimg.com\\\/vi\\\/OW1x_dA-3tw\\\/sddefault.jpg&quot;}\" data-video-id=\"OW1x_dA-3tw\"  data-user=\"Instituto Ame Sua Mente\" data-url=\"https:\/\/www.youtube.com\/watch?v=OW1x_dA-3tw\" data-avatar=\"\" data-title=\"\" data-video-title=\"Quais os sintomas do TOC? Existe tratamento para esse transtorno?\" data-channel-id=\"UCVzDV6uqfZIxgHZvgeMlCyg\" data-views=\"32 views\" data-published-date=\"1720815038\" data-formatted-published-date=\"12 de July de 2024 17:10\" data-comment-count=\"0\">\n                <img decoding=\"async\" src=\"https:\/\/www.amesuamente.org.br\/en\/wp-content\/plugins\/youtube-feed-pro\/img\/placeholder.png\" alt=\"\">\n                \n                <div class=\"sby_thumbnail_hover sby_item_video_thumbnail_hover\">\n                    <div class=\"sby_thumbnail_hover_inner\">\n                        \n                        \n                        \n                        \n                                            <\/div>\n                <\/div>\n\n                <span class=\"sby-screenreader\">YouTube Video UEx0Q0tvVE9zX3Rkb002eHowWTNDYV9aZ3F6Mi1jUURmYi4zMUEyMkQwOTk0NTg4MDgw<\/span>\n                                    <div class=\"sby_play_btn\" >\n                        <span class=\"sby_play_btn_bg\"><\/span>\n                    <svg aria-hidden=\"true\" focusable=\"false\" data-prefix=\"fab\" data-icon=\"youtube\" role=\"img\" xmlns=\"http:\/\/www.w3.org\/2000\/svg\" viewBox=\"0 0 576 512\" class=\"svg-inline--fa fa-youtube fa-w-18\"><path fill=\"currentColor\" d=\"M549.655 124.083c-6.281-23.65-24.787-42.276-48.284-48.597C458.781 64 288 64 288 64S117.22 64 74.629 75.486c-23.497 6.322-42.003 24.947-48.284 48.597-11.412 42.867-11.412 132.305-11.412 132.305s0 89.438 11.412 132.305c6.281 23.65 24.787 41.5 48.284 47.821C117.22 448 288 448 288 448s170.78 0 213.371-11.486c23.497-6.321 42.003-24.171 48.284-47.821 11.412-42.867 11.412-132.305 11.412-132.305s0-89.438-11.412-132.305zm-317.51 213.508V175.185l142.739 81.205-142.739 81.201z\" class=\"\"><\/path><\/svg>                    <\/div>\n                                <span class=\"sby_loader sby_hidden\" style=\"background-color: rgb(255, 255, 255);\"><\/span>\n            <\/a>\n\n            \n        <\/div>\n\n        \n<div class=\"sby_info sby_info_item\">\n\t<div class=\"sby-video-info-bottom\">\n\t\t<div class=\"sby-video-info\">\n\t\t\t\t\t\t\t<p class=\"sby_video_title_wrap\" >\n\t\t\t\t\t<span class=\"sby_video_title\">Quais os sintomas do TOC? Existe tratamento para esse transtorno?<\/span>\n\t\t\t\t<\/p>\n\t\t\t\n\t\t\t\n\t\t\t\n\t\t\t\n\t\t\t\t\t<\/div>\n\n\t\t\t\t\t\t\t\t<\/div>\n<\/div>    <\/div>\n<\/div><div class=\"sby_item  sby_new sby_transition\" id=\"sby_UEx0Q0tvVE9zX3Rkb002eHowWTNDYV9aZ3F6Mi1jUURmYi5CNTZFOTNGQzZEODg1RUQx\" data-date=\"1720815370\" data-video-id=\"qCPlYIoaFQY\" data-video-title=\"Quais s\u00e3o os riscos do consumo de \u00e1lcool na adolesc\u00eancia?\" data-live-date=\"0\" data-channel-id=\"UCVzDV6uqfZIxgHZvgeMlCyg\" >\n    <div class=\"sby_inner_item\">\n        <div class=\"sby_video_thumbnail_wrap sby_item_video_thumbnail_wrap\">\n            <a class=\"sby_video_thumbnail sby_item_video_thumbnail\" style=\"background-image:url(https:\/\/www.amesuamente.org.br\/en\/wp-content\/plugins\/youtube-feed-pro\/img\/placeholder.png)\" href=\"https:\/\/www.youtube.com\/watch?v=qCPlYIoaFQY\" target=\"_blank\" rel=\"noopener\" data-full-res=\"https:\/\/i.ytimg.com\/vi\/qCPlYIoaFQY\/maxresdefault.jpg\" data-img-src-set=\"{&quot;120&quot;:&quot;https:\\\/\\\/i.ytimg.com\\\/vi\\\/qCPlYIoaFQY\\\/default.jpg&quot;,&quot;320&quot;:&quot;https:\\\/\\\/i.ytimg.com\\\/vi\\\/qCPlYIoaFQY\\\/mqdefault.jpg&quot;,&quot;480&quot;:&quot;https:\\\/\\\/i.ytimg.com\\\/vi\\\/qCPlYIoaFQY\\\/hqdefault.jpg&quot;,&quot;640&quot;:&quot;https:\\\/\\\/i.ytimg.com\\\/vi\\\/qCPlYIoaFQY\\\/sddefault.jpg&quot;}\" data-video-id=\"qCPlYIoaFQY\"  data-user=\"Instituto Ame Sua Mente\" data-url=\"https:\/\/www.youtube.com\/watch?v=qCPlYIoaFQY\" data-avatar=\"\" data-title=\"\" data-video-title=\"Quais s\u00e3o os riscos do consumo de \u00e1lcool na adolesc\u00eancia?\" data-channel-id=\"UCVzDV6uqfZIxgHZvgeMlCyg\" data-views=\"3.6K views\" data-published-date=\"1720815370\" data-formatted-published-date=\"12 de July de 2024 17:16\" data-comment-count=\"0\">\n                <img decoding=\"async\" src=\"https:\/\/www.amesuamente.org.br\/en\/wp-content\/plugins\/youtube-feed-pro\/img\/placeholder.png\" alt=\"\">\n                \n                <div class=\"sby_thumbnail_hover sby_item_video_thumbnail_hover\">\n                    <div class=\"sby_thumbnail_hover_inner\">\n                        \n                        \n                        \n                        \n                                            <\/div>\n                <\/div>\n\n                <span class=\"sby-screenreader\">YouTube Video UEx0Q0tvVE9zX3Rkb002eHowWTNDYV9aZ3F6Mi1jUURmYi5CNTZFOTNGQzZEODg1RUQx<\/span>\n                                    <div class=\"sby_play_btn\" >\n                        <span class=\"sby_play_btn_bg\"><\/span>\n                    <svg aria-hidden=\"true\" focusable=\"false\" data-prefix=\"fab\" data-icon=\"youtube\" role=\"img\" xmlns=\"http:\/\/www.w3.org\/2000\/svg\" viewBox=\"0 0 576 512\" class=\"svg-inline--fa fa-youtube fa-w-18\"><path fill=\"currentColor\" d=\"M549.655 124.083c-6.281-23.65-24.787-42.276-48.284-48.597C458.781 64 288 64 288 64S117.22 64 74.629 75.486c-23.497 6.322-42.003 24.947-48.284 48.597-11.412 42.867-11.412 132.305-11.412 132.305s0 89.438 11.412 132.305c6.281 23.65 24.787 41.5 48.284 47.821C117.22 448 288 448 288 448s170.78 0 213.371-11.486c23.497-6.321 42.003-24.171 48.284-47.821 11.412-42.867 11.412-132.305 11.412-132.305s0-89.438-11.412-132.305zm-317.51 213.508V175.185l142.739 81.205-142.739 81.201z\" class=\"\"><\/path><\/svg>                    <\/div>\n                                <span class=\"sby_loader sby_hidden\" style=\"background-color: rgb(255, 255, 255);\"><\/span>\n            <\/a>\n\n            \n        <\/div>\n\n        \n<div class=\"sby_info sby_info_item\">\n\t<div class=\"sby-video-info-bottom\">\n\t\t<div class=\"sby-video-info\">\n\t\t\t\t\t\t\t<p class=\"sby_video_title_wrap\" >\n\t\t\t\t\t<span class=\"sby_video_title\">Quais s\u00e3o os riscos do consumo de \u00e1lcool na adolesc\u00eancia?<\/span>\n\t\t\t\t<\/p>\n\t\t\t\n\t\t\t\n\t\t\t\n\t\t\t\n\t\t\t\t\t<\/div>\n\n\t\t\t\t\t\t\t\t<\/div>\n<\/div>    <\/div>\n<\/div><div class=\"sby_item  sby_new sby_transition\" id=\"sby_UEx0Q0tvVE9zX3Rkb002eHowWTNDYV9aZ3F6Mi1jUURmYi41RTNBREYwMkI5QzU3RkY2\" data-date=\"1718290339\" data-video-id=\"lrOOh7TxFvg\" data-video-title=\"Quais sa\u0303o os principais mitos em torno da esquizofrenia?\" data-live-date=\"0\" data-channel-id=\"UCVzDV6uqfZIxgHZvgeMlCyg\" >\n    <div class=\"sby_inner_item\">\n        <div class=\"sby_video_thumbnail_wrap sby_item_video_thumbnail_wrap\">\n            <a class=\"sby_video_thumbnail sby_item_video_thumbnail\" style=\"background-image:url(https:\/\/www.amesuamente.org.br\/en\/wp-content\/plugins\/youtube-feed-pro\/img\/placeholder.png)\" href=\"https:\/\/www.youtube.com\/watch?v=lrOOh7TxFvg\" target=\"_blank\" rel=\"noopener\" data-full-res=\"https:\/\/i.ytimg.com\/vi\/lrOOh7TxFvg\/maxresdefault.jpg\" data-img-src-set=\"{&quot;120&quot;:&quot;https:\\\/\\\/i.ytimg.com\\\/vi\\\/lrOOh7TxFvg\\\/default.jpg&quot;,&quot;320&quot;:&quot;https:\\\/\\\/i.ytimg.com\\\/vi\\\/lrOOh7TxFvg\\\/mqdefault.jpg&quot;,&quot;480&quot;:&quot;https:\\\/\\\/i.ytimg.com\\\/vi\\\/lrOOh7TxFvg\\\/hqdefault.jpg&quot;,&quot;640&quot;:&quot;https:\\\/\\\/i.ytimg.com\\\/vi\\\/lrOOh7TxFvg\\\/sddefault.jpg&quot;}\" data-video-id=\"lrOOh7TxFvg\"  data-user=\"Instituto Ame Sua Mente\" data-url=\"https:\/\/www.youtube.com\/watch?v=lrOOh7TxFvg\" data-avatar=\"\" data-title=\"\" data-video-title=\"Quais sa\u0303o os principais mitos em torno da esquizofrenia?\" data-channel-id=\"UCVzDV6uqfZIxgHZvgeMlCyg\" data-views=\"49 views\" data-published-date=\"1718290339\" data-formatted-published-date=\"13 de June de 2024 11:52\" data-comment-count=\"0\">\n                <img decoding=\"async\" src=\"https:\/\/www.amesuamente.org.br\/en\/wp-content\/plugins\/youtube-feed-pro\/img\/placeholder.png\" alt=\"\">\n                \n                <div class=\"sby_thumbnail_hover sby_item_video_thumbnail_hover\">\n                    <div class=\"sby_thumbnail_hover_inner\">\n                        \n                        \n                        \n                        \n                                            <\/div>\n                <\/div>\n\n                <span class=\"sby-screenreader\">YouTube Video UEx0Q0tvVE9zX3Rkb002eHowWTNDYV9aZ3F6Mi1jUURmYi41RTNBREYwMkI5QzU3RkY2<\/span>\n                                    <div class=\"sby_play_btn\" >\n                        <span class=\"sby_play_btn_bg\"><\/span>\n                    <svg aria-hidden=\"true\" focusable=\"false\" data-prefix=\"fab\" data-icon=\"youtube\" role=\"img\" xmlns=\"http:\/\/www.w3.org\/2000\/svg\" viewBox=\"0 0 576 512\" class=\"svg-inline--fa fa-youtube fa-w-18\"><path fill=\"currentColor\" d=\"M549.655 124.083c-6.281-23.65-24.787-42.276-48.284-48.597C458.781 64 288 64 288 64S117.22 64 74.629 75.486c-23.497 6.322-42.003 24.947-48.284 48.597-11.412 42.867-11.412 132.305-11.412 132.305s0 89.438 11.412 132.305c6.281 23.65 24.787 41.5 48.284 47.821C117.22 448 288 448 288 448s170.78 0 213.371-11.486c23.497-6.321 42.003-24.171 48.284-47.821 11.412-42.867 11.412-132.305 11.412-132.305s0-89.438-11.412-132.305zm-317.51 213.508V175.185l142.739 81.205-142.739 81.201z\" class=\"\"><\/path><\/svg>                    <\/div>\n                                <span class=\"sby_loader sby_hidden\" style=\"background-color: rgb(255, 255, 255);\"><\/span>\n            <\/a>\n\n            \n        <\/div>\n\n        \n<div class=\"sby_info sby_info_item\">\n\t<div class=\"sby-video-info-bottom\">\n\t\t<div class=\"sby-video-info\">\n\t\t\t\t\t\t\t<p class=\"sby_video_title_wrap\" >\n\t\t\t\t\t<span class=\"sby_video_title\">Quais sa\u0303o os principais mitos em torno da esquizofrenia?<\/span>\n\t\t\t\t<\/p>\n\t\t\t\n\t\t\t\n\t\t\t\n\t\t\t\n\t\t\t\t\t<\/div>\n\n\t\t\t\t\t\t\t\t<\/div>\n<\/div>    <\/div>\n<\/div><div class=\"sby_item  sby_new sby_transition\" id=\"sby_UEx0Q0tvVE9zX3Rkb002eHowWTNDYV9aZ3F6Mi1jUURmYi5CQkEwRDA0MDkwNUM2MDY1\" data-date=\"1718291028\" data-video-id=\"XbP_WDbq72s\" data-video-title=\"O que e\u0301 Si\u0301ndrome do Pa\u0302nico?\" data-live-date=\"0\" data-channel-id=\"UCVzDV6uqfZIxgHZvgeMlCyg\" >\n    <div class=\"sby_inner_item\">\n        <div class=\"sby_video_thumbnail_wrap sby_item_video_thumbnail_wrap\">\n            <a class=\"sby_video_thumbnail sby_item_video_thumbnail\" style=\"background-image:url(https:\/\/www.amesuamente.org.br\/en\/wp-content\/plugins\/youtube-feed-pro\/img\/placeholder.png)\" href=\"https:\/\/www.youtube.com\/watch?v=XbP_WDbq72s\" target=\"_blank\" rel=\"noopener\" data-full-res=\"https:\/\/i.ytimg.com\/vi\/XbP_WDbq72s\/maxresdefault.jpg\" data-img-src-set=\"{&quot;120&quot;:&quot;https:\\\/\\\/i.ytimg.com\\\/vi\\\/XbP_WDbq72s\\\/default.jpg&quot;,&quot;320&quot;:&quot;https:\\\/\\\/i.ytimg.com\\\/vi\\\/XbP_WDbq72s\\\/mqdefault.jpg&quot;,&quot;480&quot;:&quot;https:\\\/\\\/i.ytimg.com\\\/vi\\\/XbP_WDbq72s\\\/hqdefault.jpg&quot;,&quot;640&quot;:&quot;https:\\\/\\\/i.ytimg.com\\\/vi\\\/XbP_WDbq72s\\\/sddefault.jpg&quot;}\" data-video-id=\"XbP_WDbq72s\"  data-user=\"Instituto Ame Sua Mente\" data-url=\"https:\/\/www.youtube.com\/watch?v=XbP_WDbq72s\" data-avatar=\"\" data-title=\"\" data-video-title=\"O que e\u0301 Si\u0301ndrome do Pa\u0302nico?\" data-channel-id=\"UCVzDV6uqfZIxgHZvgeMlCyg\" data-views=\"297 views\" data-published-date=\"1718291028\" data-formatted-published-date=\"13 de June de 2024 12:03\" data-comment-count=\"1\">\n                <img decoding=\"async\" src=\"https:\/\/www.amesuamente.org.br\/en\/wp-content\/plugins\/youtube-feed-pro\/img\/placeholder.png\" alt=\"\">\n                \n                <div class=\"sby_thumbnail_hover sby_item_video_thumbnail_hover\">\n                    <div class=\"sby_thumbnail_hover_inner\">\n                        \n                        \n                        \n                        \n                                            <\/div>\n                <\/div>\n\n                <span class=\"sby-screenreader\">YouTube Video UEx0Q0tvVE9zX3Rkb002eHowWTNDYV9aZ3F6Mi1jUURmYi5CQkEwRDA0MDkwNUM2MDY1<\/span>\n                                    <div class=\"sby_play_btn\" >\n                        <span class=\"sby_play_btn_bg\"><\/span>\n                    <svg aria-hidden=\"true\" focusable=\"false\" data-prefix=\"fab\" data-icon=\"youtube\" role=\"img\" xmlns=\"http:\/\/www.w3.org\/2000\/svg\" viewBox=\"0 0 576 512\" class=\"svg-inline--fa fa-youtube fa-w-18\"><path fill=\"currentColor\" d=\"M549.655 124.083c-6.281-23.65-24.787-42.276-48.284-48.597C458.781 64 288 64 288 64S117.22 64 74.629 75.486c-23.497 6.322-42.003 24.947-48.284 48.597-11.412 42.867-11.412 132.305-11.412 132.305s0 89.438 11.412 132.305c6.281 23.65 24.787 41.5 48.284 47.821C117.22 448 288 448 288 448s170.78 0 213.371-11.486c23.497-6.321 42.003-24.171 48.284-47.821 11.412-42.867 11.412-132.305 11.412-132.305s0-89.438-11.412-132.305zm-317.51 213.508V175.185l142.739 81.205-142.739 81.201z\" class=\"\"><\/path><\/svg>                    <\/div>\n                                <span class=\"sby_loader sby_hidden\" style=\"background-color: rgb(255, 255, 255);\"><\/span>\n            <\/a>\n\n            \n        <\/div>\n\n        \n<div class=\"sby_info sby_info_item\">\n\t<div class=\"sby-video-info-bottom\">\n\t\t<div class=\"sby-video-info\">\n\t\t\t\t\t\t\t<p class=\"sby_video_title_wrap\" >\n\t\t\t\t\t<span class=\"sby_video_title\">O que e\u0301 Si\u0301ndrome do Pa\u0302nico?<\/span>\n\t\t\t\t<\/p>\n\t\t\t\n\t\t\t\n\t\t\t\n\t\t\t\n\t\t\t\t\t<\/div>\n\n\t\t\t\t\t\t\t\t<\/div>\n<\/div>    <\/div>\n<\/div><div class=\"sby_item  sby_new sby_transition\" id=\"sby_UEx0Q0tvVE9zX3Rkb002eHowWTNDYV9aZ3F6Mi1jUURmYi44QTY2MEEzNzBFQUJCMUQ2\" data-date=\"1722012571\" data-video-id=\"aXrDCbazK54\" data-video-title=\"O que fazer para evitar o consumo de \u00e1lcool na adolesc\u00eancia?\" data-live-date=\"0\" data-channel-id=\"UCVzDV6uqfZIxgHZvgeMlCyg\" >\n    <div class=\"sby_inner_item\">\n        <div class=\"sby_video_thumbnail_wrap sby_item_video_thumbnail_wrap\">\n            <a class=\"sby_video_thumbnail sby_item_video_thumbnail\" style=\"background-image:url(https:\/\/www.amesuamente.org.br\/en\/wp-content\/plugins\/youtube-feed-pro\/img\/placeholder.png)\" href=\"https:\/\/www.youtube.com\/watch?v=aXrDCbazK54\" target=\"_blank\" rel=\"noopener\" data-full-res=\"https:\/\/i.ytimg.com\/vi\/aXrDCbazK54\/maxresdefault.jpg\" data-img-src-set=\"{&quot;120&quot;:&quot;https:\\\/\\\/i.ytimg.com\\\/vi\\\/aXrDCbazK54\\\/default.jpg&quot;,&quot;320&quot;:&quot;https:\\\/\\\/i.ytimg.com\\\/vi\\\/aXrDCbazK54\\\/mqdefault.jpg&quot;,&quot;480&quot;:&quot;https:\\\/\\\/i.ytimg.com\\\/vi\\\/aXrDCbazK54\\\/hqdefault.jpg&quot;,&quot;640&quot;:&quot;https:\\\/\\\/i.ytimg.com\\\/vi\\\/aXrDCbazK54\\\/sddefault.jpg&quot;}\" data-video-id=\"aXrDCbazK54\"  data-user=\"Instituto Ame Sua Mente\" data-url=\"https:\/\/www.youtube.com\/watch?v=aXrDCbazK54\" data-avatar=\"\" data-title=\"\" data-video-title=\"O que fazer para evitar o consumo de \u00e1lcool na adolesc\u00eancia?\" data-channel-id=\"UCVzDV6uqfZIxgHZvgeMlCyg\" data-views=\"99 views\" data-published-date=\"1722012571\" data-formatted-published-date=\"26 de July de 2024 13:49\" data-comment-count=\"0\">\n                <img decoding=\"async\" src=\"https:\/\/www.amesuamente.org.br\/en\/wp-content\/plugins\/youtube-feed-pro\/img\/placeholder.png\" alt=\"\">\n                \n                <div class=\"sby_thumbnail_hover sby_item_video_thumbnail_hover\">\n                    <div class=\"sby_thumbnail_hover_inner\">\n                        \n                        \n                        \n                        \n                                            <\/div>\n                <\/div>\n\n                <span class=\"sby-screenreader\">YouTube Video UEx0Q0tvVE9zX3Rkb002eHowWTNDYV9aZ3F6Mi1jUURmYi44QTY2MEEzNzBFQUJCMUQ2<\/span>\n                                    <div class=\"sby_play_btn\" >\n                        <span class=\"sby_play_btn_bg\"><\/span>\n                    <svg aria-hidden=\"true\" focusable=\"false\" data-prefix=\"fab\" data-icon=\"youtube\" role=\"img\" xmlns=\"http:\/\/www.w3.org\/2000\/svg\" viewBox=\"0 0 576 512\" class=\"svg-inline--fa fa-youtube fa-w-18\"><path fill=\"currentColor\" d=\"M549.655 124.083c-6.281-23.65-24.787-42.276-48.284-48.597C458.781 64 288 64 288 64S117.22 64 74.629 75.486c-23.497 6.322-42.003 24.947-48.284 48.597-11.412 42.867-11.412 132.305-11.412 132.305s0 89.438 11.412 132.305c6.281 23.65 24.787 41.5 48.284 47.821C117.22 448 288 448 288 448s170.78 0 213.371-11.486c23.497-6.321 42.003-24.171 48.284-47.821 11.412-42.867 11.412-132.305 11.412-132.305s0-89.438-11.412-132.305zm-317.51 213.508V175.185l142.739 81.205-142.739 81.201z\" class=\"\"><\/path><\/svg>                    <\/div>\n                                <span class=\"sby_loader sby_hidden\" style=\"background-color: rgb(255, 255, 255);\"><\/span>\n            <\/a>\n\n            \n        <\/div>\n\n        \n<div class=\"sby_info sby_info_item\">\n\t<div class=\"sby-video-info-bottom\">\n\t\t<div class=\"sby-video-info\">\n\t\t\t\t\t\t\t<p class=\"sby_video_title_wrap\" >\n\t\t\t\t\t<span class=\"sby_video_title\">O que fazer para evitar o consumo de \u00e1lcool na adolesc\u00eancia?<\/span>\n\t\t\t\t<\/p>\n\t\t\t\n\t\t\t\n\t\t\t\n\t\t\t\n\t\t\t\t\t<\/div>\n\n\t\t\t\t\t\t\t\t<\/div>\n<\/div>    <\/div>\n<\/div><div class=\"sby_item  sby_new sby_transition\" id=\"sby_UEx0Q0tvVE9zX3Rkb002eHowWTNDYV9aZ3F6Mi1jUURmYi41NTZEOThBNThFOUVGQkVB\" data-date=\"1718290869\" data-video-id=\"2s2weqPf5Dc\" data-video-title=\"O que e\u0301 transtorno bipolar e qual a diferen\u00e7a da depress\u00e3o?\" data-live-date=\"0\" data-channel-id=\"UCVzDV6uqfZIxgHZvgeMlCyg\" >\n    <div class=\"sby_inner_item\">\n        <div class=\"sby_video_thumbnail_wrap sby_item_video_thumbnail_wrap\">\n            <a class=\"sby_video_thumbnail sby_item_video_thumbnail\" style=\"background-image:url(https:\/\/www.amesuamente.org.br\/en\/wp-content\/plugins\/youtube-feed-pro\/img\/placeholder.png)\" href=\"https:\/\/www.youtube.com\/watch?v=2s2weqPf5Dc\" target=\"_blank\" rel=\"noopener\" data-full-res=\"https:\/\/i.ytimg.com\/vi\/2s2weqPf5Dc\/maxresdefault.jpg\" data-img-src-set=\"{&quot;120&quot;:&quot;https:\\\/\\\/i.ytimg.com\\\/vi\\\/2s2weqPf5Dc\\\/default.jpg&quot;,&quot;320&quot;:&quot;https:\\\/\\\/i.ytimg.com\\\/vi\\\/2s2weqPf5Dc\\\/mqdefault.jpg&quot;,&quot;480&quot;:&quot;https:\\\/\\\/i.ytimg.com\\\/vi\\\/2s2weqPf5Dc\\\/hqdefault.jpg&quot;,&quot;640&quot;:&quot;https:\\\/\\\/i.ytimg.com\\\/vi\\\/2s2weqPf5Dc\\\/sddefault.jpg&quot;}\" data-video-id=\"2s2weqPf5Dc\"  data-user=\"Instituto Ame Sua Mente\" data-url=\"https:\/\/www.youtube.com\/watch?v=2s2weqPf5Dc\" data-avatar=\"\" data-title=\"\" data-video-title=\"O que e\u0301 transtorno bipolar e qual a diferen\u00e7a da depress\u00e3o?\" data-channel-id=\"UCVzDV6uqfZIxgHZvgeMlCyg\" data-views=\"26 views\" data-published-date=\"1718290869\" data-formatted-published-date=\"13 de June de 2024 12:01\" data-comment-count=\"0\">\n                <img decoding=\"async\" src=\"https:\/\/www.amesuamente.org.br\/en\/wp-content\/plugins\/youtube-feed-pro\/img\/placeholder.png\" alt=\"\">\n                \n                <div class=\"sby_thumbnail_hover sby_item_video_thumbnail_hover\">\n                    <div class=\"sby_thumbnail_hover_inner\">\n                        \n                        \n                        \n                        \n                                            <\/div>\n                <\/div>\n\n                <span class=\"sby-screenreader\">YouTube Video UEx0Q0tvVE9zX3Rkb002eHowWTNDYV9aZ3F6Mi1jUURmYi41NTZEOThBNThFOUVGQkVB<\/span>\n                                    <div class=\"sby_play_btn\" >\n                        <span class=\"sby_play_btn_bg\"><\/span>\n                    <svg aria-hidden=\"true\" focusable=\"false\" data-prefix=\"fab\" data-icon=\"youtube\" role=\"img\" xmlns=\"http:\/\/www.w3.org\/2000\/svg\" viewBox=\"0 0 576 512\" class=\"svg-inline--fa fa-youtube fa-w-18\"><path fill=\"currentColor\" d=\"M549.655 124.083c-6.281-23.65-24.787-42.276-48.284-48.597C458.781 64 288 64 288 64S117.22 64 74.629 75.486c-23.497 6.322-42.003 24.947-48.284 48.597-11.412 42.867-11.412 132.305-11.412 132.305s0 89.438 11.412 132.305c6.281 23.65 24.787 41.5 48.284 47.821C117.22 448 288 448 288 448s170.78 0 213.371-11.486c23.497-6.321 42.003-24.171 48.284-47.821 11.412-42.867 11.412-132.305 11.412-132.305s0-89.438-11.412-132.305zm-317.51 213.508V175.185l142.739 81.205-142.739 81.201z\" class=\"\"><\/path><\/svg>                    <\/div>\n                                <span class=\"sby_loader sby_hidden\" style=\"background-color: rgb(255, 255, 255);\"><\/span>\n            <\/a>\n\n            \n        <\/div>\n\n        \n<div class=\"sby_info sby_info_item\">\n\t<div class=\"sby-video-info-bottom\">\n\t\t<div class=\"sby-video-info\">\n\t\t\t\t\t\t\t<p class=\"sby_video_title_wrap\" >\n\t\t\t\t\t<span class=\"sby_video_title\">O que e\u0301 transtorno bipolar e qual a diferen\u00e7a da depress\u00e3o?<\/span>\n\t\t\t\t<\/p>\n\t\t\t\n\t\t\t\n\t\t\t\n\t\t\t\n\t\t\t\t\t<\/div>\n\n\t\t\t\t\t\t\t\t<\/div>\n<\/div>    <\/div>\n<\/div><div class=\"sby_item  sby_new sby_transition\" id=\"sby_UEx0Q0tvVE9zX3Rkb002eHowWTNDYV9aZ3F6Mi1jUURmYi5GNjAwN0Y0QTFGOTVDMEMy\" data-date=\"1718290986\" data-video-id=\"mQfDbabTAfY\" data-video-title=\"Como diferenciar a tristeza da depressa\u0303o?\" data-live-date=\"0\" data-channel-id=\"UCVzDV6uqfZIxgHZvgeMlCyg\" >\n    <div class=\"sby_inner_item\">\n        <div class=\"sby_video_thumbnail_wrap sby_item_video_thumbnail_wrap\">\n            <a class=\"sby_video_thumbnail sby_item_video_thumbnail\" style=\"background-image:url(https:\/\/www.amesuamente.org.br\/en\/wp-content\/plugins\/youtube-feed-pro\/img\/placeholder.png)\" href=\"https:\/\/www.youtube.com\/watch?v=mQfDbabTAfY\" target=\"_blank\" rel=\"noopener\" data-full-res=\"https:\/\/i.ytimg.com\/vi\/mQfDbabTAfY\/maxresdefault.jpg\" data-img-src-set=\"{&quot;120&quot;:&quot;https:\\\/\\\/i.ytimg.com\\\/vi\\\/mQfDbabTAfY\\\/default.jpg&quot;,&quot;320&quot;:&quot;https:\\\/\\\/i.ytimg.com\\\/vi\\\/mQfDbabTAfY\\\/mqdefault.jpg&quot;,&quot;480&quot;:&quot;https:\\\/\\\/i.ytimg.com\\\/vi\\\/mQfDbabTAfY\\\/hqdefault.jpg&quot;,&quot;640&quot;:&quot;https:\\\/\\\/i.ytimg.com\\\/vi\\\/mQfDbabTAfY\\\/sddefault.jpg&quot;}\" data-video-id=\"mQfDbabTAfY\"  data-user=\"Instituto Ame Sua Mente\" data-url=\"https:\/\/www.youtube.com\/watch?v=mQfDbabTAfY\" data-avatar=\"\" data-title=\"\" data-video-title=\"Como diferenciar a tristeza da depressa\u0303o?\" data-channel-id=\"UCVzDV6uqfZIxgHZvgeMlCyg\" data-views=\"40 views\" data-published-date=\"1718290986\" data-formatted-published-date=\"13 de June de 2024 12:03\" data-comment-count=\"0\">\n                <img decoding=\"async\" src=\"https:\/\/www.amesuamente.org.br\/en\/wp-content\/plugins\/youtube-feed-pro\/img\/placeholder.png\" alt=\"\">\n                \n                <div class=\"sby_thumbnail_hover sby_item_video_thumbnail_hover\">\n                    <div class=\"sby_thumbnail_hover_inner\">\n                        \n                        \n                        \n                        \n                                            <\/div>\n                <\/div>\n\n                <span class=\"sby-screenreader\">YouTube Video UEx0Q0tvVE9zX3Rkb002eHowWTNDYV9aZ3F6Mi1jUURmYi5GNjAwN0Y0QTFGOTVDMEMy<\/span>\n                                    <div class=\"sby_play_btn\" >\n                        <span class=\"sby_play_btn_bg\"><\/span>\n                    <svg aria-hidden=\"true\" focusable=\"false\" data-prefix=\"fab\" data-icon=\"youtube\" role=\"img\" xmlns=\"http:\/\/www.w3.org\/2000\/svg\" viewBox=\"0 0 576 512\" class=\"svg-inline--fa fa-youtube fa-w-18\"><path fill=\"currentColor\" d=\"M549.655 124.083c-6.281-23.65-24.787-42.276-48.284-48.597C458.781 64 288 64 288 64S117.22 64 74.629 75.486c-23.497 6.322-42.003 24.947-48.284 48.597-11.412 42.867-11.412 132.305-11.412 132.305s0 89.438 11.412 132.305c6.281 23.65 24.787 41.5 48.284 47.821C117.22 448 288 448 288 448s170.78 0 213.371-11.486c23.497-6.321 42.003-24.171 48.284-47.821 11.412-42.867 11.412-132.305 11.412-132.305s0-89.438-11.412-132.305zm-317.51 213.508V175.185l142.739 81.205-142.739 81.201z\" class=\"\"><\/path><\/svg>                    <\/div>\n                                <span class=\"sby_loader sby_hidden\" style=\"background-color: rgb(255, 255, 255);\"><\/span>\n            <\/a>\n\n            \n        <\/div>\n\n        \n<div class=\"sby_info sby_info_item\">\n\t<div class=\"sby-video-info-bottom\">\n\t\t<div class=\"sby-video-info\">\n\t\t\t\t\t\t\t<p class=\"sby_video_title_wrap\" >\n\t\t\t\t\t<span class=\"sby_video_title\">Como diferenciar a tristeza da depressa\u0303o?<\/span>\n\t\t\t\t<\/p>\n\t\t\t\n\t\t\t\n\t\t\t\n\t\t\t\n\t\t\t\t\t<\/div>\n\n\t\t\t\t\t\t\t\t<\/div>\n<\/div>    <\/div>\n<\/div><div class=\"sby_item  sby_new sby_transition\" id=\"sby_UEx0Q0tvVE9zX3Rkb002eHowWTNDYV9aZ3F6Mi1jUURmYi4zQTkzRjgxRTY0OEU0MkM3\" data-date=\"1722012789\" data-video-id=\"6vLBUPjsgaY\" data-video-title=\"Como a fam\u00edlia pode influenciar ( ou prevenir ) o consumo de \u00e1lcool precoce?\" data-live-date=\"0\" data-channel-id=\"UCVzDV6uqfZIxgHZvgeMlCyg\" >\n    <div class=\"sby_inner_item\">\n        <div class=\"sby_video_thumbnail_wrap sby_item_video_thumbnail_wrap\">\n            <a class=\"sby_video_thumbnail sby_item_video_thumbnail\" style=\"background-image:url(https:\/\/www.amesuamente.org.br\/en\/wp-content\/plugins\/youtube-feed-pro\/img\/placeholder.png)\" href=\"https:\/\/www.youtube.com\/watch?v=6vLBUPjsgaY\" target=\"_blank\" rel=\"noopener\" data-full-res=\"https:\/\/i.ytimg.com\/vi\/6vLBUPjsgaY\/maxresdefault.jpg\" data-img-src-set=\"{&quot;120&quot;:&quot;https:\\\/\\\/i.ytimg.com\\\/vi\\\/6vLBUPjsgaY\\\/default.jpg&quot;,&quot;320&quot;:&quot;https:\\\/\\\/i.ytimg.com\\\/vi\\\/6vLBUPjsgaY\\\/mqdefault.jpg&quot;,&quot;480&quot;:&quot;https:\\\/\\\/i.ytimg.com\\\/vi\\\/6vLBUPjsgaY\\\/hqdefault.jpg&quot;,&quot;640&quot;:&quot;https:\\\/\\\/i.ytimg.com\\\/vi\\\/6vLBUPjsgaY\\\/sddefault.jpg&quot;}\" data-video-id=\"6vLBUPjsgaY\"  data-user=\"Instituto Ame Sua Mente\" data-url=\"https:\/\/www.youtube.com\/watch?v=6vLBUPjsgaY\" data-avatar=\"\" data-title=\"\" data-video-title=\"Como a fam\u00edlia pode influenciar ( ou prevenir ) o consumo de \u00e1lcool precoce?\" data-channel-id=\"UCVzDV6uqfZIxgHZvgeMlCyg\" data-views=\"36 views\" data-published-date=\"1722012789\" data-formatted-published-date=\"26 de July de 2024 13:53\" data-comment-count=\"0\">\n                <img decoding=\"async\" src=\"https:\/\/www.amesuamente.org.br\/en\/wp-content\/plugins\/youtube-feed-pro\/img\/placeholder.png\" alt=\"\">\n                \n                <div class=\"sby_thumbnail_hover sby_item_video_thumbnail_hover\">\n                    <div class=\"sby_thumbnail_hover_inner\">\n                        \n                        \n                        \n                        \n                                            <\/div>\n                <\/div>\n\n                <span class=\"sby-screenreader\">YouTube Video UEx0Q0tvVE9zX3Rkb002eHowWTNDYV9aZ3F6Mi1jUURmYi4zQTkzRjgxRTY0OEU0MkM3<\/span>\n                                    <div class=\"sby_play_btn\" >\n                        <span class=\"sby_play_btn_bg\"><\/span>\n                    <svg aria-hidden=\"true\" focusable=\"false\" data-prefix=\"fab\" data-icon=\"youtube\" role=\"img\" xmlns=\"http:\/\/www.w3.org\/2000\/svg\" viewBox=\"0 0 576 512\" class=\"svg-inline--fa fa-youtube fa-w-18\"><path fill=\"currentColor\" d=\"M549.655 124.083c-6.281-23.65-24.787-42.276-48.284-48.597C458.781 64 288 64 288 64S117.22 64 74.629 75.486c-23.497 6.322-42.003 24.947-48.284 48.597-11.412 42.867-11.412 132.305-11.412 132.305s0 89.438 11.412 132.305c6.281 23.65 24.787 41.5 48.284 47.821C117.22 448 288 448 288 448s170.78 0 213.371-11.486c23.497-6.321 42.003-24.171 48.284-47.821 11.412-42.867 11.412-132.305 11.412-132.305s0-89.438-11.412-132.305zm-317.51 213.508V175.185l142.739 81.205-142.739 81.201z\" class=\"\"><\/path><\/svg>                    <\/div>\n                                <span class=\"sby_loader sby_hidden\" style=\"background-color: rgb(255, 255, 255);\"><\/span>\n            <\/a>\n\n            \n        <\/div>\n\n        \n<div class=\"sby_info sby_info_item\">\n\t<div class=\"sby-video-info-bottom\">\n\t\t<div class=\"sby-video-info\">\n\t\t\t\t\t\t\t<p class=\"sby_video_title_wrap\" >\n\t\t\t\t\t<span class=\"sby_video_title\">Como a fam\u00edlia pode influenciar ( ou prevenir ) o consumo de \u00e1lcool precoce?<\/span>\n\t\t\t\t<\/p>\n\t\t\t\n\t\t\t\n\t\t\t\n\t\t\t\n\t\t\t\t\t<\/div>\n\n\t\t\t\t\t\t\t\t<\/div>\n<\/div>    <\/div>\n<\/div><div class=\"sby_item  sby_new sby_transition\" id=\"sby_UEx0Q0tvVE9zX3Rkb002eHowWTNDYV9aZ3F6Mi1jUURmYi43QzNCNkZENzIyMDY2MjZB\" data-date=\"1720816400\" data-video-id=\"8PY4gcFFY_4\" data-video-title=\"Meu filho passa a maior parte do tempo no quarto. Devo me preocupar?\" data-live-date=\"0\" data-channel-id=\"UCVzDV6uqfZIxgHZvgeMlCyg\" >\n    <div class=\"sby_inner_item\">\n        <div class=\"sby_video_thumbnail_wrap sby_item_video_thumbnail_wrap\">\n            <a class=\"sby_video_thumbnail sby_item_video_thumbnail\" style=\"background-image:url(https:\/\/www.amesuamente.org.br\/en\/wp-content\/plugins\/youtube-feed-pro\/img\/placeholder.png)\" href=\"https:\/\/www.youtube.com\/watch?v=8PY4gcFFY_4\" target=\"_blank\" rel=\"noopener\" data-full-res=\"https:\/\/i.ytimg.com\/vi\/8PY4gcFFY_4\/maxresdefault.jpg\" data-img-src-set=\"{&quot;120&quot;:&quot;https:\\\/\\\/i.ytimg.com\\\/vi\\\/8PY4gcFFY_4\\\/default.jpg&quot;,&quot;320&quot;:&quot;https:\\\/\\\/i.ytimg.com\\\/vi\\\/8PY4gcFFY_4\\\/mqdefault.jpg&quot;,&quot;480&quot;:&quot;https:\\\/\\\/i.ytimg.com\\\/vi\\\/8PY4gcFFY_4\\\/hqdefault.jpg&quot;,&quot;640&quot;:&quot;https:\\\/\\\/i.ytimg.com\\\/vi\\\/8PY4gcFFY_4\\\/sddefault.jpg&quot;}\" data-video-id=\"8PY4gcFFY_4\"  data-user=\"Instituto Ame Sua Mente\" data-url=\"https:\/\/www.youtube.com\/watch?v=8PY4gcFFY_4\" data-avatar=\"\" data-title=\"\" data-video-title=\"Meu filho passa a maior parte do tempo no quarto. Devo me preocupar?\" data-channel-id=\"UCVzDV6uqfZIxgHZvgeMlCyg\" data-views=\"50 views\" data-published-date=\"1720816400\" data-formatted-published-date=\"12 de July de 2024 17:33\" data-comment-count=\"0\">\n                <img decoding=\"async\" src=\"https:\/\/www.amesuamente.org.br\/en\/wp-content\/plugins\/youtube-feed-pro\/img\/placeholder.png\" alt=\"\">\n                \n                <div class=\"sby_thumbnail_hover sby_item_video_thumbnail_hover\">\n                    <div class=\"sby_thumbnail_hover_inner\">\n                        \n                        \n                        \n                        \n                                            <\/div>\n                <\/div>\n\n                <span class=\"sby-screenreader\">YouTube Video UEx0Q0tvVE9zX3Rkb002eHowWTNDYV9aZ3F6Mi1jUURmYi43QzNCNkZENzIyMDY2MjZB<\/span>\n                                    <div class=\"sby_play_btn\" >\n                        <span class=\"sby_play_btn_bg\"><\/span>\n                    <svg aria-hidden=\"true\" focusable=\"false\" data-prefix=\"fab\" data-icon=\"youtube\" role=\"img\" xmlns=\"http:\/\/www.w3.org\/2000\/svg\" viewBox=\"0 0 576 512\" class=\"svg-inline--fa fa-youtube fa-w-18\"><path fill=\"currentColor\" d=\"M549.655 124.083c-6.281-23.65-24.787-42.276-48.284-48.597C458.781 64 288 64 288 64S117.22 64 74.629 75.486c-23.497 6.322-42.003 24.947-48.284 48.597-11.412 42.867-11.412 132.305-11.412 132.305s0 89.438 11.412 132.305c6.281 23.65 24.787 41.5 48.284 47.821C117.22 448 288 448 288 448s170.78 0 213.371-11.486c23.497-6.321 42.003-24.171 48.284-47.821 11.412-42.867 11.412-132.305 11.412-132.305s0-89.438-11.412-132.305zm-317.51 213.508V175.185l142.739 81.205-142.739 81.201z\" class=\"\"><\/path><\/svg>                    <\/div>\n                                <span class=\"sby_loader sby_hidden\" style=\"background-color: rgb(255, 255, 255);\"><\/span>\n            <\/a>\n\n            \n        <\/div>\n\n        \n<div class=\"sby_info sby_info_item\">\n\t<div class=\"sby-video-info-bottom\">\n\t\t<div class=\"sby-video-info\">\n\t\t\t\t\t\t\t<p class=\"sby_video_title_wrap\" >\n\t\t\t\t\t<span class=\"sby_video_title\">Meu filho passa a maior parte do tempo no quarto. Devo me preocupar?<\/span>\n\t\t\t\t<\/p>\n\t\t\t\n\t\t\t\n\t\t\t\n\t\t\t\n\t\t\t\t\t<\/div>\n\n\t\t\t\t\t\t\t\t<\/div>\n<\/div>    <\/div>\n<\/div><div class=\"sby_item  sby_new sby_transition\" id=\"sby_UEx0Q0tvVE9zX3Rkb002eHowWTNDYV9aZ3F6Mi1jUURmYi43NERCMDIzQzFBMERCMEE3\" data-date=\"1718290911\" data-video-id=\"5sWw7EEYFYY\" data-video-title=\"Preconceito em torno da sau\u0301de mental\" data-live-date=\"0\" data-channel-id=\"UCVzDV6uqfZIxgHZvgeMlCyg\" >\n    <div class=\"sby_inner_item\">\n        <div class=\"sby_video_thumbnail_wrap sby_item_video_thumbnail_wrap\">\n            <a class=\"sby_video_thumbnail sby_item_video_thumbnail\" style=\"background-image:url(https:\/\/www.amesuamente.org.br\/en\/wp-content\/plugins\/youtube-feed-pro\/img\/placeholder.png)\" href=\"https:\/\/www.youtube.com\/watch?v=5sWw7EEYFYY\" target=\"_blank\" rel=\"noopener\" data-full-res=\"https:\/\/i.ytimg.com\/vi\/5sWw7EEYFYY\/maxresdefault.jpg\" data-img-src-set=\"{&quot;120&quot;:&quot;https:\\\/\\\/i.ytimg.com\\\/vi\\\/5sWw7EEYFYY\\\/default.jpg&quot;,&quot;320&quot;:&quot;https:\\\/\\\/i.ytimg.com\\\/vi\\\/5sWw7EEYFYY\\\/mqdefault.jpg&quot;,&quot;480&quot;:&quot;https:\\\/\\\/i.ytimg.com\\\/vi\\\/5sWw7EEYFYY\\\/hqdefault.jpg&quot;,&quot;640&quot;:&quot;https:\\\/\\\/i.ytimg.com\\\/vi\\\/5sWw7EEYFYY\\\/sddefault.jpg&quot;}\" data-video-id=\"5sWw7EEYFYY\"  data-user=\"Instituto Ame Sua Mente\" data-url=\"https:\/\/www.youtube.com\/watch?v=5sWw7EEYFYY\" data-avatar=\"\" data-title=\"\" data-video-title=\"Preconceito em torno da sau\u0301de mental\" data-channel-id=\"UCVzDV6uqfZIxgHZvgeMlCyg\" data-views=\"48 views\" data-published-date=\"1718290911\" data-formatted-published-date=\"13 de June de 2024 12:01\" data-comment-count=\"0\">\n                <img decoding=\"async\" src=\"https:\/\/www.amesuamente.org.br\/en\/wp-content\/plugins\/youtube-feed-pro\/img\/placeholder.png\" alt=\"\">\n                \n                <div class=\"sby_thumbnail_hover sby_item_video_thumbnail_hover\">\n                    <div class=\"sby_thumbnail_hover_inner\">\n                        \n                        \n                        \n                        \n                                            <\/div>\n                <\/div>\n\n                <span class=\"sby-screenreader\">YouTube Video UEx0Q0tvVE9zX3Rkb002eHowWTNDYV9aZ3F6Mi1jUURmYi43NERCMDIzQzFBMERCMEE3<\/span>\n                                    <div class=\"sby_play_btn\" >\n                        <span class=\"sby_play_btn_bg\"><\/span>\n                    <svg aria-hidden=\"true\" focusable=\"false\" data-prefix=\"fab\" data-icon=\"youtube\" role=\"img\" xmlns=\"http:\/\/www.w3.org\/2000\/svg\" viewBox=\"0 0 576 512\" class=\"svg-inline--fa fa-youtube fa-w-18\"><path fill=\"currentColor\" d=\"M549.655 124.083c-6.281-23.65-24.787-42.276-48.284-48.597C458.781 64 288 64 288 64S117.22 64 74.629 75.486c-23.497 6.322-42.003 24.947-48.284 48.597-11.412 42.867-11.412 132.305-11.412 132.305s0 89.438 11.412 132.305c6.281 23.65 24.787 41.5 48.284 47.821C117.22 448 288 448 288 448s170.78 0 213.371-11.486c23.497-6.321 42.003-24.171 48.284-47.821 11.412-42.867 11.412-132.305 11.412-132.305s0-89.438-11.412-132.305zm-317.51 213.508V175.185l142.739 81.205-142.739 81.201z\" class=\"\"><\/path><\/svg>                    <\/div>\n                                <span class=\"sby_loader sby_hidden\" style=\"background-color: rgb(255, 255, 255);\"><\/span>\n            <\/a>\n\n            \n        <\/div>\n\n        \n<div class=\"sby_info sby_info_item\">\n\t<div class=\"sby-video-info-bottom\">\n\t\t<div class=\"sby-video-info\">\n\t\t\t\t\t\t\t<p class=\"sby_video_title_wrap\" >\n\t\t\t\t\t<span class=\"sby_video_title\">Preconceito em torno da sau\u0301de mental<\/span>\n\t\t\t\t<\/p>\n\t\t\t\n\t\t\t\n\t\t\t\n\t\t\t\n\t\t\t\t\t<\/div>\n\n\t\t\t\t\t\t\t\t<\/div>\n<\/div>    <\/div>\n<\/div><div class=\"sby_item  sby_new sby_transition\" id=\"sby_UEx0Q0tvVE9zX3Rkb002eHowWTNDYV9aZ3F6Mi1jUURmYi5CNTcxMDQ0NThBNzMxODYz\" data-date=\"1720815411\" data-video-id=\"yHIiABf_-xU\" data-video-title=\"Por que as drogas sint\u00e9ticas s\u00e3o t\u00e3o perigosas?\" data-live-date=\"0\" data-channel-id=\"UCVzDV6uqfZIxgHZvgeMlCyg\" >\n    <div class=\"sby_inner_item\">\n        <div class=\"sby_video_thumbnail_wrap sby_item_video_thumbnail_wrap\">\n            <a class=\"sby_video_thumbnail sby_item_video_thumbnail\" style=\"background-image:url(https:\/\/www.amesuamente.org.br\/en\/wp-content\/plugins\/youtube-feed-pro\/img\/placeholder.png)\" href=\"https:\/\/www.youtube.com\/watch?v=yHIiABf_-xU\" target=\"_blank\" rel=\"noopener\" data-full-res=\"https:\/\/i.ytimg.com\/vi\/yHIiABf_-xU\/maxresdefault.jpg\" data-img-src-set=\"{&quot;120&quot;:&quot;https:\\\/\\\/i.ytimg.com\\\/vi\\\/yHIiABf_-xU\\\/default.jpg&quot;,&quot;320&quot;:&quot;https:\\\/\\\/i.ytimg.com\\\/vi\\\/yHIiABf_-xU\\\/mqdefault.jpg&quot;,&quot;480&quot;:&quot;https:\\\/\\\/i.ytimg.com\\\/vi\\\/yHIiABf_-xU\\\/hqdefault.jpg&quot;,&quot;640&quot;:&quot;https:\\\/\\\/i.ytimg.com\\\/vi\\\/yHIiABf_-xU\\\/sddefault.jpg&quot;}\" data-video-id=\"yHIiABf_-xU\"  data-user=\"Instituto Ame Sua Mente\" data-url=\"https:\/\/www.youtube.com\/watch?v=yHIiABf_-xU\" data-avatar=\"\" data-title=\"\" data-video-title=\"Por que as drogas sint\u00e9ticas s\u00e3o t\u00e3o perigosas?\" data-channel-id=\"UCVzDV6uqfZIxgHZvgeMlCyg\" data-views=\"224 views\" data-published-date=\"1720815411\" data-formatted-published-date=\"12 de July de 2024 17:16\" data-comment-count=\"0\">\n                <img decoding=\"async\" src=\"https:\/\/www.amesuamente.org.br\/en\/wp-content\/plugins\/youtube-feed-pro\/img\/placeholder.png\" alt=\"\">\n                \n                <div class=\"sby_thumbnail_hover sby_item_video_thumbnail_hover\">\n                    <div class=\"sby_thumbnail_hover_inner\">\n                        \n                        \n                        \n                        \n                                            <\/div>\n                <\/div>\n\n                <span class=\"sby-screenreader\">YouTube Video UEx0Q0tvVE9zX3Rkb002eHowWTNDYV9aZ3F6Mi1jUURmYi5CNTcxMDQ0NThBNzMxODYz<\/span>\n                                    <div class=\"sby_play_btn\" >\n                        <span class=\"sby_play_btn_bg\"><\/span>\n                    <svg aria-hidden=\"true\" focusable=\"false\" data-prefix=\"fab\" data-icon=\"youtube\" role=\"img\" xmlns=\"http:\/\/www.w3.org\/2000\/svg\" viewBox=\"0 0 576 512\" class=\"svg-inline--fa fa-youtube fa-w-18\"><path fill=\"currentColor\" d=\"M549.655 124.083c-6.281-23.65-24.787-42.276-48.284-48.597C458.781 64 288 64 288 64S117.22 64 74.629 75.486c-23.497 6.322-42.003 24.947-48.284 48.597-11.412 42.867-11.412 132.305-11.412 132.305s0 89.438 11.412 132.305c6.281 23.65 24.787 41.5 48.284 47.821C117.22 448 288 448 288 448s170.78 0 213.371-11.486c23.497-6.321 42.003-24.171 48.284-47.821 11.412-42.867 11.412-132.305 11.412-132.305s0-89.438-11.412-132.305zm-317.51 213.508V175.185l142.739 81.205-142.739 81.201z\" class=\"\"><\/path><\/svg>                    <\/div>\n                                <span class=\"sby_loader sby_hidden\" style=\"background-color: rgb(255, 255, 255);\"><\/span>\n            <\/a>\n\n            \n        <\/div>\n\n        \n<div class=\"sby_info sby_info_item\">\n\t<div class=\"sby-video-info-bottom\">\n\t\t<div class=\"sby-video-info\">\n\t\t\t\t\t\t\t<p class=\"sby_video_title_wrap\" >\n\t\t\t\t\t<span class=\"sby_video_title\">Por que as drogas sint\u00e9ticas s\u00e3o t\u00e3o perigosas?<\/span>\n\t\t\t\t<\/p>\n\t\t\t\n\t\t\t\n\t\t\t\n\t\t\t\n\t\t\t\t\t<\/div>\n\n\t\t\t\t\t\t\t\t<\/div>\n<\/div>    <\/div>\n<\/div><div class=\"sby_item  sby_new sby_transition\" id=\"sby_UEx0Q0tvVE9zX3Rkb002eHowWTNDYV9aZ3F6Mi1jUURmYi42QzdBMzlBQzQzRjQ0QkQy\" data-date=\"1720815139\" data-video-id=\"MFUwf4IMXc0\" data-video-title=\"O que \u00e9 o transtorno de personalidade borderline?\" data-live-date=\"0\" data-channel-id=\"UCVzDV6uqfZIxgHZvgeMlCyg\" >\n    <div class=\"sby_inner_item\">\n        <div class=\"sby_video_thumbnail_wrap sby_item_video_thumbnail_wrap\">\n            <a class=\"sby_video_thumbnail sby_item_video_thumbnail\" style=\"background-image:url(https:\/\/www.amesuamente.org.br\/en\/wp-content\/plugins\/youtube-feed-pro\/img\/placeholder.png)\" href=\"https:\/\/www.youtube.com\/watch?v=MFUwf4IMXc0\" target=\"_blank\" rel=\"noopener\" data-full-res=\"https:\/\/i.ytimg.com\/vi\/MFUwf4IMXc0\/maxresdefault.jpg\" data-img-src-set=\"{&quot;120&quot;:&quot;https:\\\/\\\/i.ytimg.com\\\/vi\\\/MFUwf4IMXc0\\\/default.jpg&quot;,&quot;320&quot;:&quot;https:\\\/\\\/i.ytimg.com\\\/vi\\\/MFUwf4IMXc0\\\/mqdefault.jpg&quot;,&quot;480&quot;:&quot;https:\\\/\\\/i.ytimg.com\\\/vi\\\/MFUwf4IMXc0\\\/hqdefault.jpg&quot;,&quot;640&quot;:&quot;https:\\\/\\\/i.ytimg.com\\\/vi\\\/MFUwf4IMXc0\\\/sddefault.jpg&quot;}\" data-video-id=\"MFUwf4IMXc0\"  data-user=\"Instituto Ame Sua Mente\" data-url=\"https:\/\/www.youtube.com\/watch?v=MFUwf4IMXc0\" data-avatar=\"\" data-title=\"\" data-video-title=\"O que \u00e9 o transtorno de personalidade borderline?\" data-channel-id=\"UCVzDV6uqfZIxgHZvgeMlCyg\" data-views=\"67 views\" data-published-date=\"1720815139\" data-formatted-published-date=\"12 de July de 2024 17:12\" data-comment-count=\"0\">\n                <img decoding=\"async\" src=\"https:\/\/www.amesuamente.org.br\/en\/wp-content\/plugins\/youtube-feed-pro\/img\/placeholder.png\" alt=\"\">\n                \n                <div class=\"sby_thumbnail_hover sby_item_video_thumbnail_hover\">\n                    <div class=\"sby_thumbnail_hover_inner\">\n                        \n                        \n                        \n                        \n                                            <\/div>\n                <\/div>\n\n                <span class=\"sby-screenreader\">YouTube Video UEx0Q0tvVE9zX3Rkb002eHowWTNDYV9aZ3F6Mi1jUURmYi42QzdBMzlBQzQzRjQ0QkQy<\/span>\n                                    <div class=\"sby_play_btn\" >\n                        <span class=\"sby_play_btn_bg\"><\/span>\n                    <svg aria-hidden=\"true\" focusable=\"false\" data-prefix=\"fab\" data-icon=\"youtube\" role=\"img\" xmlns=\"http:\/\/www.w3.org\/2000\/svg\" viewBox=\"0 0 576 512\" class=\"svg-inline--fa fa-youtube fa-w-18\"><path fill=\"currentColor\" d=\"M549.655 124.083c-6.281-23.65-24.787-42.276-48.284-48.597C458.781 64 288 64 288 64S117.22 64 74.629 75.486c-23.497 6.322-42.003 24.947-48.284 48.597-11.412 42.867-11.412 132.305-11.412 132.305s0 89.438 11.412 132.305c6.281 23.65 24.787 41.5 48.284 47.821C117.22 448 288 448 288 448s170.78 0 213.371-11.486c23.497-6.321 42.003-24.171 48.284-47.821 11.412-42.867 11.412-132.305 11.412-132.305s0-89.438-11.412-132.305zm-317.51 213.508V175.185l142.739 81.205-142.739 81.201z\" class=\"\"><\/path><\/svg>                    <\/div>\n                                <span class=\"sby_loader sby_hidden\" style=\"background-color: rgb(255, 255, 255);\"><\/span>\n            <\/a>\n\n            \n        <\/div>\n\n        \n<div class=\"sby_info sby_info_item\">\n\t<div class=\"sby-video-info-bottom\">\n\t\t<div class=\"sby-video-info\">\n\t\t\t\t\t\t\t<p class=\"sby_video_title_wrap\" >\n\t\t\t\t\t<span class=\"sby_video_title\">O que \u00e9 o transtorno de personalidade borderline?<\/span>\n\t\t\t\t<\/p>\n\t\t\t\n\t\t\t\n\t\t\t\n\t\t\t\n\t\t\t\t\t<\/div>\n\n\t\t\t\t\t\t\t\t<\/div>\n<\/div>    <\/div>\n<\/div><div class=\"sby_item  sby_new sby_transition\" id=\"sby_UEx0Q0tvVE9zX3Rkb002eHowWTNDYV9aZ3F6Mi1jUURmYi42Qzk5MkEzQjVFQjYwRDA4\" data-date=\"1718290816\" data-video-id=\"sW2WcXZsigo\" data-video-title=\"O que \u00e9 sa\u00fade mental?\" data-live-date=\"0\" data-channel-id=\"UCVzDV6uqfZIxgHZvgeMlCyg\" >\n    <div class=\"sby_inner_item\">\n        <div class=\"sby_video_thumbnail_wrap sby_item_video_thumbnail_wrap\">\n            <a class=\"sby_video_thumbnail sby_item_video_thumbnail\" style=\"background-image:url(https:\/\/www.amesuamente.org.br\/en\/wp-content\/plugins\/youtube-feed-pro\/img\/placeholder.png)\" href=\"https:\/\/www.youtube.com\/watch?v=sW2WcXZsigo\" target=\"_blank\" rel=\"noopener\" data-full-res=\"https:\/\/i.ytimg.com\/vi\/sW2WcXZsigo\/maxresdefault.jpg\" data-img-src-set=\"{&quot;120&quot;:&quot;https:\\\/\\\/i.ytimg.com\\\/vi\\\/sW2WcXZsigo\\\/default.jpg&quot;,&quot;320&quot;:&quot;https:\\\/\\\/i.ytimg.com\\\/vi\\\/sW2WcXZsigo\\\/mqdefault.jpg&quot;,&quot;480&quot;:&quot;https:\\\/\\\/i.ytimg.com\\\/vi\\\/sW2WcXZsigo\\\/hqdefault.jpg&quot;,&quot;640&quot;:&quot;https:\\\/\\\/i.ytimg.com\\\/vi\\\/sW2WcXZsigo\\\/sddefault.jpg&quot;}\" data-video-id=\"sW2WcXZsigo\"  data-user=\"Instituto Ame Sua Mente\" data-url=\"https:\/\/www.youtube.com\/watch?v=sW2WcXZsigo\" data-avatar=\"\" data-title=\"\" data-video-title=\"O que \u00e9 sa\u00fade mental?\" data-channel-id=\"UCVzDV6uqfZIxgHZvgeMlCyg\" data-views=\"106 views\" data-published-date=\"1718290816\" data-formatted-published-date=\"13 de June de 2024 12:00\" data-comment-count=\"0\">\n                <img decoding=\"async\" src=\"https:\/\/www.amesuamente.org.br\/en\/wp-content\/plugins\/youtube-feed-pro\/img\/placeholder.png\" alt=\"\">\n                \n                <div class=\"sby_thumbnail_hover sby_item_video_thumbnail_hover\">\n                    <div class=\"sby_thumbnail_hover_inner\">\n                        \n                        \n                        \n                        \n                                            <\/div>\n                <\/div>\n\n                <span class=\"sby-screenreader\">YouTube Video UEx0Q0tvVE9zX3Rkb002eHowWTNDYV9aZ3F6Mi1jUURmYi42Qzk5MkEzQjVFQjYwRDA4<\/span>\n                                    <div class=\"sby_play_btn\" >\n                        <span class=\"sby_play_btn_bg\"><\/span>\n                    <svg aria-hidden=\"true\" focusable=\"false\" data-prefix=\"fab\" data-icon=\"youtube\" role=\"img\" xmlns=\"http:\/\/www.w3.org\/2000\/svg\" viewBox=\"0 0 576 512\" class=\"svg-inline--fa fa-youtube fa-w-18\"><path fill=\"currentColor\" d=\"M549.655 124.083c-6.281-23.65-24.787-42.276-48.284-48.597C458.781 64 288 64 288 64S117.22 64 74.629 75.486c-23.497 6.322-42.003 24.947-48.284 48.597-11.412 42.867-11.412 132.305-11.412 132.305s0 89.438 11.412 132.305c6.281 23.65 24.787 41.5 48.284 47.821C117.22 448 288 448 288 448s170.78 0 213.371-11.486c23.497-6.321 42.003-24.171 48.284-47.821 11.412-42.867 11.412-132.305 11.412-132.305s0-89.438-11.412-132.305zm-317.51 213.508V175.185l142.739 81.205-142.739 81.201z\" class=\"\"><\/path><\/svg>                    <\/div>\n                                <span class=\"sby_loader sby_hidden\" style=\"background-color: rgb(255, 255, 255);\"><\/span>\n            <\/a>\n\n            \n        <\/div>\n\n        \n<div class=\"sby_info sby_info_item\">\n\t<div class=\"sby-video-info-bottom\">\n\t\t<div class=\"sby-video-info\">\n\t\t\t\t\t\t\t<p class=\"sby_video_title_wrap\" >\n\t\t\t\t\t<span class=\"sby_video_title\">O que \u00e9 sa\u00fade mental?<\/span>\n\t\t\t\t<\/p>\n\t\t\t\n\t\t\t\n\t\t\t\n\t\t\t\n\t\t\t\t\t<\/div>\n\n\t\t\t\t\t\t\t\t<\/div>\n<\/div>    <\/div>\n<\/div><div class=\"sby_item  sby_new sby_transition\" id=\"sby_UEx0Q0tvVE9zX3Rkb002eHowWTNDYV9aZ3F6Mi1jUURmYi4wNEU1MTI4NkZEMzVBN0JF\" data-date=\"1718291078\" data-video-id=\"C6QUILFbccM\" data-video-title=\"O que s\u00e3o gatilhos mentais? Como podemos identific\u00e1-los\" data-live-date=\"0\" data-channel-id=\"UCVzDV6uqfZIxgHZvgeMlCyg\" >\n    <div class=\"sby_inner_item\">\n        <div class=\"sby_video_thumbnail_wrap sby_item_video_thumbnail_wrap\">\n            <a class=\"sby_video_thumbnail sby_item_video_thumbnail\" style=\"background-image:url(https:\/\/www.amesuamente.org.br\/en\/wp-content\/plugins\/youtube-feed-pro\/img\/placeholder.png)\" href=\"https:\/\/www.youtube.com\/watch?v=C6QUILFbccM\" target=\"_blank\" rel=\"noopener\" data-full-res=\"https:\/\/i.ytimg.com\/vi\/C6QUILFbccM\/maxresdefault.jpg\" data-img-src-set=\"{&quot;120&quot;:&quot;https:\\\/\\\/i.ytimg.com\\\/vi\\\/C6QUILFbccM\\\/default.jpg&quot;,&quot;320&quot;:&quot;https:\\\/\\\/i.ytimg.com\\\/vi\\\/C6QUILFbccM\\\/mqdefault.jpg&quot;,&quot;480&quot;:&quot;https:\\\/\\\/i.ytimg.com\\\/vi\\\/C6QUILFbccM\\\/hqdefault.jpg&quot;,&quot;640&quot;:&quot;https:\\\/\\\/i.ytimg.com\\\/vi\\\/C6QUILFbccM\\\/sddefault.jpg&quot;}\" data-video-id=\"C6QUILFbccM\"  data-user=\"Instituto Ame Sua Mente\" data-url=\"https:\/\/www.youtube.com\/watch?v=C6QUILFbccM\" data-avatar=\"\" data-title=\"\" data-video-title=\"O que s\u00e3o gatilhos mentais? Como podemos identific\u00e1-los\" data-channel-id=\"UCVzDV6uqfZIxgHZvgeMlCyg\" data-views=\"196 views\" data-published-date=\"1718291078\" data-formatted-published-date=\"13 de June de 2024 12:04\" data-comment-count=\"0\">\n                <img decoding=\"async\" src=\"https:\/\/www.amesuamente.org.br\/en\/wp-content\/plugins\/youtube-feed-pro\/img\/placeholder.png\" alt=\"\">\n                \n                <div class=\"sby_thumbnail_hover sby_item_video_thumbnail_hover\">\n                    <div class=\"sby_thumbnail_hover_inner\">\n                        \n                        \n                        \n                        \n                                            <\/div>\n                <\/div>\n\n                <span class=\"sby-screenreader\">YouTube Video UEx0Q0tvVE9zX3Rkb002eHowWTNDYV9aZ3F6Mi1jUURmYi4wNEU1MTI4NkZEMzVBN0JF<\/span>\n                                    <div class=\"sby_play_btn\" >\n                        <span class=\"sby_play_btn_bg\"><\/span>\n                    <svg aria-hidden=\"true\" focusable=\"false\" data-prefix=\"fab\" data-icon=\"youtube\" role=\"img\" xmlns=\"http:\/\/www.w3.org\/2000\/svg\" viewBox=\"0 0 576 512\" class=\"svg-inline--fa fa-youtube fa-w-18\"><path fill=\"currentColor\" d=\"M549.655 124.083c-6.281-23.65-24.787-42.276-48.284-48.597C458.781 64 288 64 288 64S117.22 64 74.629 75.486c-23.497 6.322-42.003 24.947-48.284 48.597-11.412 42.867-11.412 132.305-11.412 132.305s0 89.438 11.412 132.305c6.281 23.65 24.787 41.5 48.284 47.821C117.22 448 288 448 288 448s170.78 0 213.371-11.486c23.497-6.321 42.003-24.171 48.284-47.821 11.412-42.867 11.412-132.305 11.412-132.305s0-89.438-11.412-132.305zm-317.51 213.508V175.185l142.739 81.205-142.739 81.201z\" class=\"\"><\/path><\/svg>                    <\/div>\n                                <span class=\"sby_loader sby_hidden\" style=\"background-color: rgb(255, 255, 255);\"><\/span>\n            <\/a>\n\n            \n        <\/div>\n\n        \n<div class=\"sby_info sby_info_item\">\n\t<div class=\"sby-video-info-bottom\">\n\t\t<div class=\"sby-video-info\">\n\t\t\t\t\t\t\t<p class=\"sby_video_title_wrap\" >\n\t\t\t\t\t<span class=\"sby_video_title\">O que s\u00e3o gatilhos mentais? Como podemos identific\u00e1-los<\/span>\n\t\t\t\t<\/p>\n\t\t\t\n\t\t\t\n\t\t\t\n\t\t\t\n\t\t\t\t\t<\/div>\n\n\t\t\t\t\t\t\t\t<\/div>\n<\/div>    <\/div>\n<\/div><div class=\"sby_item  sby_new sby_transition\" id=\"sby_UEx0Q0tvVE9zX3Rkb002eHowWTNDYV9aZ3F6Mi1jUURmYi4zMEQ1MEIyRTFGNzhDQzFB\" data-date=\"1718290718\" data-video-id=\"Wj4wCPVlPUA\" data-video-title=\"\u00c9 poss\u00edvel prevenir a esquizofrenia?\" data-live-date=\"0\" data-channel-id=\"UCVzDV6uqfZIxgHZvgeMlCyg\" >\n    <div class=\"sby_inner_item\">\n        <div class=\"sby_video_thumbnail_wrap sby_item_video_thumbnail_wrap\">\n            <a class=\"sby_video_thumbnail sby_item_video_thumbnail\" style=\"background-image:url(https:\/\/www.amesuamente.org.br\/en\/wp-content\/plugins\/youtube-feed-pro\/img\/placeholder.png)\" href=\"https:\/\/www.youtube.com\/watch?v=Wj4wCPVlPUA\" target=\"_blank\" rel=\"noopener\" data-full-res=\"https:\/\/i.ytimg.com\/vi\/Wj4wCPVlPUA\/maxresdefault.jpg\" data-img-src-set=\"{&quot;120&quot;:&quot;https:\\\/\\\/i.ytimg.com\\\/vi\\\/Wj4wCPVlPUA\\\/default.jpg&quot;,&quot;320&quot;:&quot;https:\\\/\\\/i.ytimg.com\\\/vi\\\/Wj4wCPVlPUA\\\/mqdefault.jpg&quot;,&quot;480&quot;:&quot;https:\\\/\\\/i.ytimg.com\\\/vi\\\/Wj4wCPVlPUA\\\/hqdefault.jpg&quot;,&quot;640&quot;:&quot;https:\\\/\\\/i.ytimg.com\\\/vi\\\/Wj4wCPVlPUA\\\/sddefault.jpg&quot;}\" data-video-id=\"Wj4wCPVlPUA\"  data-user=\"Instituto Ame Sua Mente\" data-url=\"https:\/\/www.youtube.com\/watch?v=Wj4wCPVlPUA\" data-avatar=\"\" data-title=\"\" data-video-title=\"\u00c9 poss\u00edvel prevenir a esquizofrenia?\" data-channel-id=\"UCVzDV6uqfZIxgHZvgeMlCyg\" data-views=\"159 views\" data-published-date=\"1718290718\" data-formatted-published-date=\"13 de June de 2024 11:58\" data-comment-count=\"0\">\n                <img decoding=\"async\" src=\"https:\/\/www.amesuamente.org.br\/en\/wp-content\/plugins\/youtube-feed-pro\/img\/placeholder.png\" alt=\"\">\n                \n                <div class=\"sby_thumbnail_hover sby_item_video_thumbnail_hover\">\n                    <div class=\"sby_thumbnail_hover_inner\">\n                        \n                        \n                        \n                        \n                                            <\/div>\n                <\/div>\n\n                <span class=\"sby-screenreader\">YouTube Video UEx0Q0tvVE9zX3Rkb002eHowWTNDYV9aZ3F6Mi1jUURmYi4zMEQ1MEIyRTFGNzhDQzFB<\/span>\n                                    <div class=\"sby_play_btn\" >\n                        <span class=\"sby_play_btn_bg\"><\/span>\n                    <svg aria-hidden=\"true\" focusable=\"false\" data-prefix=\"fab\" data-icon=\"youtube\" role=\"img\" xmlns=\"http:\/\/www.w3.org\/2000\/svg\" viewBox=\"0 0 576 512\" class=\"svg-inline--fa fa-youtube fa-w-18\"><path fill=\"currentColor\" d=\"M549.655 124.083c-6.281-23.65-24.787-42.276-48.284-48.597C458.781 64 288 64 288 64S117.22 64 74.629 75.486c-23.497 6.322-42.003 24.947-48.284 48.597-11.412 42.867-11.412 132.305-11.412 132.305s0 89.438 11.412 132.305c6.281 23.65 24.787 41.5 48.284 47.821C117.22 448 288 448 288 448s170.78 0 213.371-11.486c23.497-6.321 42.003-24.171 48.284-47.821 11.412-42.867 11.412-132.305 11.412-132.305s0-89.438-11.412-132.305zm-317.51 213.508V175.185l142.739 81.205-142.739 81.201z\" class=\"\"><\/path><\/svg>                    <\/div>\n                                <span class=\"sby_loader sby_hidden\" style=\"background-color: rgb(255, 255, 255);\"><\/span>\n            <\/a>\n\n            \n        <\/div>\n\n        \n<div class=\"sby_info sby_info_item\">\n\t<div class=\"sby-video-info-bottom\">\n\t\t<div class=\"sby-video-info\">\n\t\t\t\t\t\t\t<p class=\"sby_video_title_wrap\" >\n\t\t\t\t\t<span class=\"sby_video_title\">\u00c9 poss\u00edvel prevenir a esquizofrenia?<\/span>\n\t\t\t\t<\/p>\n\t\t\t\n\t\t\t\n\t\t\t\n\t\t\t\n\t\t\t\t\t<\/div>\n\n\t\t\t\t\t\t\t\t<\/div>\n<\/div>    <\/div>\n<\/div><div class=\"sby_item  sby_new sby_transition\" id=\"sby_UEx0Q0tvVE9zX3Rkb002eHowWTNDYV9aZ3F6Mi1jUURmYi4wMTYxQzVBRDI1NEVDQUZE\" data-date=\"1718291125\" data-video-id=\"AnOaoK36suo\" data-video-title=\"Qual o impacto de um diagno\u0301stico tardio de TDAH?\" data-live-date=\"0\" data-channel-id=\"UCVzDV6uqfZIxgHZvgeMlCyg\" >\n    <div class=\"sby_inner_item\">\n        <div class=\"sby_video_thumbnail_wrap sby_item_video_thumbnail_wrap\">\n            <a class=\"sby_video_thumbnail sby_item_video_thumbnail\" style=\"background-image:url(https:\/\/www.amesuamente.org.br\/en\/wp-content\/plugins\/youtube-feed-pro\/img\/placeholder.png)\" href=\"https:\/\/www.youtube.com\/watch?v=AnOaoK36suo\" target=\"_blank\" rel=\"noopener\" data-full-res=\"https:\/\/i.ytimg.com\/vi\/AnOaoK36suo\/maxresdefault.jpg\" data-img-src-set=\"{&quot;120&quot;:&quot;https:\\\/\\\/i.ytimg.com\\\/vi\\\/AnOaoK36suo\\\/default.jpg&quot;,&quot;320&quot;:&quot;https:\\\/\\\/i.ytimg.com\\\/vi\\\/AnOaoK36suo\\\/mqdefault.jpg&quot;,&quot;480&quot;:&quot;https:\\\/\\\/i.ytimg.com\\\/vi\\\/AnOaoK36suo\\\/hqdefault.jpg&quot;,&quot;640&quot;:&quot;https:\\\/\\\/i.ytimg.com\\\/vi\\\/AnOaoK36suo\\\/sddefault.jpg&quot;}\" data-video-id=\"AnOaoK36suo\"  data-user=\"Instituto Ame Sua Mente\" data-url=\"https:\/\/www.youtube.com\/watch?v=AnOaoK36suo\" data-avatar=\"\" data-title=\"\" data-video-title=\"Qual o impacto de um diagno\u0301stico tardio de TDAH?\" data-channel-id=\"UCVzDV6uqfZIxgHZvgeMlCyg\" data-views=\"58 views\" data-published-date=\"1718291125\" data-formatted-published-date=\"13 de June de 2024 12:05\" data-comment-count=\"0\">\n                <img decoding=\"async\" src=\"https:\/\/www.amesuamente.org.br\/en\/wp-content\/plugins\/youtube-feed-pro\/img\/placeholder.png\" alt=\"\">\n                \n                <div class=\"sby_thumbnail_hover sby_item_video_thumbnail_hover\">\n                    <div class=\"sby_thumbnail_hover_inner\">\n                        \n                        \n                        \n                        \n                                            <\/div>\n                <\/div>\n\n                <span class=\"sby-screenreader\">YouTube Video UEx0Q0tvVE9zX3Rkb002eHowWTNDYV9aZ3F6Mi1jUURmYi4wMTYxQzVBRDI1NEVDQUZE<\/span>\n                                    <div class=\"sby_play_btn\" >\n                        <span class=\"sby_play_btn_bg\"><\/span>\n                    <svg aria-hidden=\"true\" focusable=\"false\" data-prefix=\"fab\" data-icon=\"youtube\" role=\"img\" xmlns=\"http:\/\/www.w3.org\/2000\/svg\" viewBox=\"0 0 576 512\" class=\"svg-inline--fa fa-youtube fa-w-18\"><path fill=\"currentColor\" d=\"M549.655 124.083c-6.281-23.65-24.787-42.276-48.284-48.597C458.781 64 288 64 288 64S117.22 64 74.629 75.486c-23.497 6.322-42.003 24.947-48.284 48.597-11.412 42.867-11.412 132.305-11.412 132.305s0 89.438 11.412 132.305c6.281 23.65 24.787 41.5 48.284 47.821C117.22 448 288 448 288 448s170.78 0 213.371-11.486c23.497-6.321 42.003-24.171 48.284-47.821 11.412-42.867 11.412-132.305 11.412-132.305s0-89.438-11.412-132.305zm-317.51 213.508V175.185l142.739 81.205-142.739 81.201z\" class=\"\"><\/path><\/svg>                    <\/div>\n                                <span class=\"sby_loader sby_hidden\" style=\"background-color: rgb(255, 255, 255);\"><\/span>\n            <\/a>\n\n            \n        <\/div>\n\n        \n<div class=\"sby_info sby_info_item\">\n\t<div class=\"sby-video-info-bottom\">\n\t\t<div class=\"sby-video-info\">\n\t\t\t\t\t\t\t<p class=\"sby_video_title_wrap\" >\n\t\t\t\t\t<span class=\"sby_video_title\">Qual o impacto de um diagno\u0301stico tardio de TDAH?<\/span>\n\t\t\t\t<\/p>\n\t\t\t\n\t\t\t\n\t\t\t\n\t\t\t\n\t\t\t\t\t<\/div>\n\n\t\t\t\t\t\t\t\t<\/div>\n<\/div>    <\/div>\n<\/div><div class=\"sby_item  sby_new sby_transition\" id=\"sby_UEx0Q0tvVE9zX3Rkb002eHowWTNDYV9aZ3F6Mi1jUURmYi4xMzgwMzBERjQ4NjEzNUE5\" data-date=\"1718290652\" data-video-id=\"pk7SfDWeH04\" data-video-title=\"E\u0301 possi\u0301vel ter ao mesmo tempo ansiedade e depressa\u0303o?\" data-live-date=\"0\" data-channel-id=\"UCVzDV6uqfZIxgHZvgeMlCyg\" >\n    <div class=\"sby_inner_item\">\n        <div class=\"sby_video_thumbnail_wrap sby_item_video_thumbnail_wrap\">\n            <a class=\"sby_video_thumbnail sby_item_video_thumbnail\" style=\"background-image:url(https:\/\/www.amesuamente.org.br\/en\/wp-content\/plugins\/youtube-feed-pro\/img\/placeholder.png)\" href=\"https:\/\/www.youtube.com\/watch?v=pk7SfDWeH04\" target=\"_blank\" rel=\"noopener\" data-full-res=\"https:\/\/i.ytimg.com\/vi\/pk7SfDWeH04\/maxresdefault.jpg\" data-img-src-set=\"{&quot;120&quot;:&quot;https:\\\/\\\/i.ytimg.com\\\/vi\\\/pk7SfDWeH04\\\/default.jpg&quot;,&quot;320&quot;:&quot;https:\\\/\\\/i.ytimg.com\\\/vi\\\/pk7SfDWeH04\\\/mqdefault.jpg&quot;,&quot;480&quot;:&quot;https:\\\/\\\/i.ytimg.com\\\/vi\\\/pk7SfDWeH04\\\/hqdefault.jpg&quot;,&quot;640&quot;:&quot;https:\\\/\\\/i.ytimg.com\\\/vi\\\/pk7SfDWeH04\\\/sddefault.jpg&quot;}\" data-video-id=\"pk7SfDWeH04\"  data-user=\"Instituto Ame Sua Mente\" data-url=\"https:\/\/www.youtube.com\/watch?v=pk7SfDWeH04\" data-avatar=\"\" data-title=\"\" data-video-title=\"E\u0301 possi\u0301vel ter ao mesmo tempo ansiedade e depressa\u0303o?\" data-channel-id=\"UCVzDV6uqfZIxgHZvgeMlCyg\" data-views=\"55 views\" data-published-date=\"1718290652\" data-formatted-published-date=\"13 de June de 2024 11:57\" data-comment-count=\"0\">\n                <img decoding=\"async\" src=\"https:\/\/www.amesuamente.org.br\/en\/wp-content\/plugins\/youtube-feed-pro\/img\/placeholder.png\" alt=\"\">\n                \n                <div class=\"sby_thumbnail_hover sby_item_video_thumbnail_hover\">\n                    <div class=\"sby_thumbnail_hover_inner\">\n                        \n                        \n                        \n                        \n                                            <\/div>\n                <\/div>\n\n                <span class=\"sby-screenreader\">YouTube Video UEx0Q0tvVE9zX3Rkb002eHowWTNDYV9aZ3F6Mi1jUURmYi4xMzgwMzBERjQ4NjEzNUE5<\/span>\n                                    <div class=\"sby_play_btn\" >\n                        <span class=\"sby_play_btn_bg\"><\/span>\n                    <svg aria-hidden=\"true\" focusable=\"false\" data-prefix=\"fab\" data-icon=\"youtube\" role=\"img\" xmlns=\"http:\/\/www.w3.org\/2000\/svg\" viewBox=\"0 0 576 512\" class=\"svg-inline--fa fa-youtube fa-w-18\"><path fill=\"currentColor\" d=\"M549.655 124.083c-6.281-23.65-24.787-42.276-48.284-48.597C458.781 64 288 64 288 64S117.22 64 74.629 75.486c-23.497 6.322-42.003 24.947-48.284 48.597-11.412 42.867-11.412 132.305-11.412 132.305s0 89.438 11.412 132.305c6.281 23.65 24.787 41.5 48.284 47.821C117.22 448 288 448 288 448s170.78 0 213.371-11.486c23.497-6.321 42.003-24.171 48.284-47.821 11.412-42.867 11.412-132.305 11.412-132.305s0-89.438-11.412-132.305zm-317.51 213.508V175.185l142.739 81.205-142.739 81.201z\" class=\"\"><\/path><\/svg>                    <\/div>\n                                <span class=\"sby_loader sby_hidden\" style=\"background-color: rgb(255, 255, 255);\"><\/span>\n            <\/a>\n\n            \n        <\/div>\n\n        \n<div class=\"sby_info sby_info_item\">\n\t<div class=\"sby-video-info-bottom\">\n\t\t<div class=\"sby-video-info\">\n\t\t\t\t\t\t\t<p class=\"sby_video_title_wrap\" >\n\t\t\t\t\t<span class=\"sby_video_title\">E\u0301 possi\u0301vel ter ao mesmo tempo ansiedade e depressa\u0303o?<\/span>\n\t\t\t\t<\/p>\n\t\t\t\n\t\t\t\n\t\t\t\n\t\t\t\n\t\t\t\t\t<\/div>\n\n\t\t\t\t\t\t\t\t<\/div>\n<\/div>    <\/div>\n<\/div><div class=\"sby_item  sby_new sby_transition\" id=\"sby_UEx0Q0tvVE9zX3Rkb002eHowWTNDYV9aZ3F6Mi1jUURmYi5EQkE3RTJCQTJEQkFBQTcz\" data-date=\"1721062858\" data-video-id=\"QgMafV8zKGg\" data-video-title=\"Qual \u00e9 a rela\u00e7\u00e3o entre atividade f\u00edsica e sa\u00fade mental?\" data-live-date=\"0\" data-channel-id=\"UCVzDV6uqfZIxgHZvgeMlCyg\" >\n    <div class=\"sby_inner_item\">\n        <div class=\"sby_video_thumbnail_wrap sby_item_video_thumbnail_wrap\">\n            <a class=\"sby_video_thumbnail sby_item_video_thumbnail\" style=\"background-image:url(https:\/\/www.amesuamente.org.br\/en\/wp-content\/plugins\/youtube-feed-pro\/img\/placeholder.png)\" href=\"https:\/\/www.youtube.com\/watch?v=QgMafV8zKGg\" target=\"_blank\" rel=\"noopener\" data-full-res=\"https:\/\/i.ytimg.com\/vi\/QgMafV8zKGg\/maxresdefault.jpg\" data-img-src-set=\"{&quot;120&quot;:&quot;https:\\\/\\\/i.ytimg.com\\\/vi\\\/QgMafV8zKGg\\\/default.jpg&quot;,&quot;320&quot;:&quot;https:\\\/\\\/i.ytimg.com\\\/vi\\\/QgMafV8zKGg\\\/mqdefault.jpg&quot;,&quot;480&quot;:&quot;https:\\\/\\\/i.ytimg.com\\\/vi\\\/QgMafV8zKGg\\\/hqdefault.jpg&quot;,&quot;640&quot;:&quot;https:\\\/\\\/i.ytimg.com\\\/vi\\\/QgMafV8zKGg\\\/sddefault.jpg&quot;}\" data-video-id=\"QgMafV8zKGg\"  data-user=\"Instituto Ame Sua Mente\" data-url=\"https:\/\/www.youtube.com\/watch?v=QgMafV8zKGg\" data-avatar=\"\" data-title=\"\" data-video-title=\"Qual \u00e9 a rela\u00e7\u00e3o entre atividade f\u00edsica e sa\u00fade mental?\" data-channel-id=\"UCVzDV6uqfZIxgHZvgeMlCyg\" data-views=\"108 views\" data-published-date=\"1721062858\" data-formatted-published-date=\"15 de July de 2024 14:00\" data-comment-count=\"0\">\n                <img decoding=\"async\" src=\"https:\/\/www.amesuamente.org.br\/en\/wp-content\/plugins\/youtube-feed-pro\/img\/placeholder.png\" alt=\"\">\n                \n                <div class=\"sby_thumbnail_hover sby_item_video_thumbnail_hover\">\n                    <div class=\"sby_thumbnail_hover_inner\">\n                        \n                        \n                        \n                        \n                                            <\/div>\n                <\/div>\n\n                <span class=\"sby-screenreader\">YouTube Video UEx0Q0tvVE9zX3Rkb002eHowWTNDYV9aZ3F6Mi1jUURmYi5EQkE3RTJCQTJEQkFBQTcz<\/span>\n                                    <div class=\"sby_play_btn\" >\n                        <span class=\"sby_play_btn_bg\"><\/span>\n                    <svg aria-hidden=\"true\" focusable=\"false\" data-prefix=\"fab\" data-icon=\"youtube\" role=\"img\" xmlns=\"http:\/\/www.w3.org\/2000\/svg\" viewBox=\"0 0 576 512\" class=\"svg-inline--fa fa-youtube fa-w-18\"><path fill=\"currentColor\" d=\"M549.655 124.083c-6.281-23.65-24.787-42.276-48.284-48.597C458.781 64 288 64 288 64S117.22 64 74.629 75.486c-23.497 6.322-42.003 24.947-48.284 48.597-11.412 42.867-11.412 132.305-11.412 132.305s0 89.438 11.412 132.305c6.281 23.65 24.787 41.5 48.284 47.821C117.22 448 288 448 288 448s170.78 0 213.371-11.486c23.497-6.321 42.003-24.171 48.284-47.821 11.412-42.867 11.412-132.305 11.412-132.305s0-89.438-11.412-132.305zm-317.51 213.508V175.185l142.739 81.205-142.739 81.201z\" class=\"\"><\/path><\/svg>                    <\/div>\n                                <span class=\"sby_loader sby_hidden\" style=\"background-color: rgb(255, 255, 255);\"><\/span>\n            <\/a>\n\n            \n        <\/div>\n\n        \n<div class=\"sby_info sby_info_item\">\n\t<div class=\"sby-video-info-bottom\">\n\t\t<div class=\"sby-video-info\">\n\t\t\t\t\t\t\t<p class=\"sby_video_title_wrap\" >\n\t\t\t\t\t<span class=\"sby_video_title\">Qual \u00e9 a rela\u00e7\u00e3o entre atividade f\u00edsica e sa\u00fade mental?<\/span>\n\t\t\t\t<\/p>\n\t\t\t\n\t\t\t\n\t\t\t\n\t\t\t\n\t\t\t\t\t<\/div>\n\n\t\t\t\t\t\t\t\t<\/div>\n<\/div>    <\/div>\n<\/div><div class=\"sby_item  sby_new sby_transition\" id=\"sby_UEx0Q0tvVE9zX3Rkb002eHowWTNDYV9aZ3F6Mi1jUURmYi5DRUQwODMxQzUyRTlGRkY3\" data-date=\"1718289908\" data-video-id=\"44nFwkYacgg\" data-video-title=\"Como a vida moderna - hiperconectada - tem afetado nossa sa\u00fade mental?\" data-live-date=\"0\" data-channel-id=\"UCVzDV6uqfZIxgHZvgeMlCyg\" >\n    <div class=\"sby_inner_item\">\n        <div class=\"sby_video_thumbnail_wrap sby_item_video_thumbnail_wrap\">\n            <a class=\"sby_video_thumbnail sby_item_video_thumbnail\" style=\"background-image:url(https:\/\/www.amesuamente.org.br\/en\/wp-content\/plugins\/youtube-feed-pro\/img\/placeholder.png)\" href=\"https:\/\/www.youtube.com\/watch?v=44nFwkYacgg\" target=\"_blank\" rel=\"noopener\" data-full-res=\"https:\/\/i.ytimg.com\/vi\/44nFwkYacgg\/maxresdefault.jpg\" data-img-src-set=\"{&quot;120&quot;:&quot;https:\\\/\\\/i.ytimg.com\\\/vi\\\/44nFwkYacgg\\\/default.jpg&quot;,&quot;320&quot;:&quot;https:\\\/\\\/i.ytimg.com\\\/vi\\\/44nFwkYacgg\\\/mqdefault.jpg&quot;,&quot;480&quot;:&quot;https:\\\/\\\/i.ytimg.com\\\/vi\\\/44nFwkYacgg\\\/hqdefault.jpg&quot;,&quot;640&quot;:&quot;https:\\\/\\\/i.ytimg.com\\\/vi\\\/44nFwkYacgg\\\/sddefault.jpg&quot;}\" data-video-id=\"44nFwkYacgg\"  data-user=\"Instituto Ame Sua Mente\" data-url=\"https:\/\/www.youtube.com\/watch?v=44nFwkYacgg\" data-avatar=\"\" data-title=\"\" data-video-title=\"Como a vida moderna - hiperconectada - tem afetado nossa sa\u00fade mental?\" data-channel-id=\"UCVzDV6uqfZIxgHZvgeMlCyg\" data-views=\"46 views\" data-published-date=\"1718289908\" data-formatted-published-date=\"13 de June de 2024 11:45\" data-comment-count=\"0\">\n                <img decoding=\"async\" src=\"https:\/\/www.amesuamente.org.br\/en\/wp-content\/plugins\/youtube-feed-pro\/img\/placeholder.png\" alt=\"\">\n                \n                <div class=\"sby_thumbnail_hover sby_item_video_thumbnail_hover\">\n                    <div class=\"sby_thumbnail_hover_inner\">\n                        \n                        \n                        \n                        \n                                            <\/div>\n                <\/div>\n\n                <span class=\"sby-screenreader\">YouTube Video UEx0Q0tvVE9zX3Rkb002eHowWTNDYV9aZ3F6Mi1jUURmYi5DRUQwODMxQzUyRTlGRkY3<\/span>\n                                    <div class=\"sby_play_btn\" >\n                        <span class=\"sby_play_btn_bg\"><\/span>\n                    <svg aria-hidden=\"true\" focusable=\"false\" data-prefix=\"fab\" data-icon=\"youtube\" role=\"img\" xmlns=\"http:\/\/www.w3.org\/2000\/svg\" viewBox=\"0 0 576 512\" class=\"svg-inline--fa fa-youtube fa-w-18\"><path fill=\"currentColor\" d=\"M549.655 124.083c-6.281-23.65-24.787-42.276-48.284-48.597C458.781 64 288 64 288 64S117.22 64 74.629 75.486c-23.497 6.322-42.003 24.947-48.284 48.597-11.412 42.867-11.412 132.305-11.412 132.305s0 89.438 11.412 132.305c6.281 23.65 24.787 41.5 48.284 47.821C117.22 448 288 448 288 448s170.78 0 213.371-11.486c23.497-6.321 42.003-24.171 48.284-47.821 11.412-42.867 11.412-132.305 11.412-132.305s0-89.438-11.412-132.305zm-317.51 213.508V175.185l142.739 81.205-142.739 81.201z\" class=\"\"><\/path><\/svg>                    <\/div>\n                                <span class=\"sby_loader sby_hidden\" style=\"background-color: rgb(255, 255, 255);\"><\/span>\n            <\/a>\n\n            \n        <\/div>\n\n        \n<div class=\"sby_info sby_info_item\">\n\t<div class=\"sby-video-info-bottom\">\n\t\t<div class=\"sby-video-info\">\n\t\t\t\t\t\t\t<p class=\"sby_video_title_wrap\" >\n\t\t\t\t\t<span class=\"sby_video_title\">Como a vida moderna - hiperconectada - tem afetado nossa sa\u00fade mental?<\/span>\n\t\t\t\t<\/p>\n\t\t\t\n\t\t\t\n\t\t\t\n\t\t\t\n\t\t\t\t\t<\/div>\n\n\t\t\t\t\t\t\t\t<\/div>\n<\/div>    <\/div>\n<\/div><div class=\"sby_item  sby_new sby_transition\" id=\"sby_UEx0Q0tvVE9zX3Rkb002eHowWTNDYV9aZ3F6Mi1jUURmYi5FQUY2Qzk4RUFDN0ZFRkZF\" data-date=\"1721063379\" data-video-id=\"oC6Xyi1v2h4\" data-video-title=\"Como lidar com tanta informa\u00e7\u00e3o dispon\u00edvel no mundo?\" data-live-date=\"0\" data-channel-id=\"UCVzDV6uqfZIxgHZvgeMlCyg\" >\n    <div class=\"sby_inner_item\">\n        <div class=\"sby_video_thumbnail_wrap sby_item_video_thumbnail_wrap\">\n            <a class=\"sby_video_thumbnail sby_item_video_thumbnail\" style=\"background-image:url(https:\/\/www.amesuamente.org.br\/en\/wp-content\/plugins\/youtube-feed-pro\/img\/placeholder.png)\" href=\"https:\/\/www.youtube.com\/watch?v=oC6Xyi1v2h4\" target=\"_blank\" rel=\"noopener\" data-full-res=\"https:\/\/i.ytimg.com\/vi\/oC6Xyi1v2h4\/maxresdefault.jpg\" data-img-src-set=\"{&quot;120&quot;:&quot;https:\\\/\\\/i.ytimg.com\\\/vi\\\/oC6Xyi1v2h4\\\/default.jpg&quot;,&quot;320&quot;:&quot;https:\\\/\\\/i.ytimg.com\\\/vi\\\/oC6Xyi1v2h4\\\/mqdefault.jpg&quot;,&quot;480&quot;:&quot;https:\\\/\\\/i.ytimg.com\\\/vi\\\/oC6Xyi1v2h4\\\/hqdefault.jpg&quot;,&quot;640&quot;:&quot;https:\\\/\\\/i.ytimg.com\\\/vi\\\/oC6Xyi1v2h4\\\/sddefault.jpg&quot;}\" data-video-id=\"oC6Xyi1v2h4\"  data-user=\"Instituto Ame Sua Mente\" data-url=\"https:\/\/www.youtube.com\/watch?v=oC6Xyi1v2h4\" data-avatar=\"\" data-title=\"\" data-video-title=\"Como lidar com tanta informa\u00e7\u00e3o dispon\u00edvel no mundo?\" data-channel-id=\"UCVzDV6uqfZIxgHZvgeMlCyg\" data-views=\"57 views\" data-published-date=\"1721063379\" data-formatted-published-date=\"15 de July de 2024 14:09\" data-comment-count=\"0\">\n                <img decoding=\"async\" src=\"https:\/\/www.amesuamente.org.br\/en\/wp-content\/plugins\/youtube-feed-pro\/img\/placeholder.png\" alt=\"\">\n                \n                <div class=\"sby_thumbnail_hover sby_item_video_thumbnail_hover\">\n                    <div class=\"sby_thumbnail_hover_inner\">\n                        \n                        \n                        \n                        \n                                            <\/div>\n                <\/div>\n\n                <span class=\"sby-screenreader\">YouTube Video UEx0Q0tvVE9zX3Rkb002eHowWTNDYV9aZ3F6Mi1jUURmYi5FQUY2Qzk4RUFDN0ZFRkZF<\/span>\n                                    <div class=\"sby_play_btn\" >\n                        <span class=\"sby_play_btn_bg\"><\/span>\n                    <svg aria-hidden=\"true\" focusable=\"false\" data-prefix=\"fab\" data-icon=\"youtube\" role=\"img\" xmlns=\"http:\/\/www.w3.org\/2000\/svg\" viewBox=\"0 0 576 512\" class=\"svg-inline--fa fa-youtube fa-w-18\"><path fill=\"currentColor\" d=\"M549.655 124.083c-6.281-23.65-24.787-42.276-48.284-48.597C458.781 64 288 64 288 64S117.22 64 74.629 75.486c-23.497 6.322-42.003 24.947-48.284 48.597-11.412 42.867-11.412 132.305-11.412 132.305s0 89.438 11.412 132.305c6.281 23.65 24.787 41.5 48.284 47.821C117.22 448 288 448 288 448s170.78 0 213.371-11.486c23.497-6.321 42.003-24.171 48.284-47.821 11.412-42.867 11.412-132.305 11.412-132.305s0-89.438-11.412-132.305zm-317.51 213.508V175.185l142.739 81.205-142.739 81.201z\" class=\"\"><\/path><\/svg>                    <\/div>\n                                <span class=\"sby_loader sby_hidden\" style=\"background-color: rgb(255, 255, 255);\"><\/span>\n            <\/a>\n\n            \n        <\/div>\n\n        \n<div class=\"sby_info sby_info_item\">\n\t<div class=\"sby-video-info-bottom\">\n\t\t<div class=\"sby-video-info\">\n\t\t\t\t\t\t\t<p class=\"sby_video_title_wrap\" >\n\t\t\t\t\t<span class=\"sby_video_title\">Como lidar com tanta informa\u00e7\u00e3o dispon\u00edvel no mundo?<\/span>\n\t\t\t\t<\/p>\n\t\t\t\n\t\t\t\n\t\t\t\n\t\t\t\n\t\t\t\t\t<\/div>\n\n\t\t\t\t\t\t\t\t<\/div>\n<\/div>    <\/div>\n<\/div><div class=\"sby_item  sby_new sby_transition\" id=\"sby_UEx0Q0tvVE9zX3Rkb002eHowWTNDYV9aZ3F6Mi1jUURmYi4yQzk4QTA5QjkzMTFFOEI1\" data-date=\"1721062924\" data-video-id=\"YOu3PUps3_Y\" data-video-title=\"Qual o impacto do sono na sa\u00fade mental? O que podemos fazer para dormirmos bem?\" data-live-date=\"0\" data-channel-id=\"UCVzDV6uqfZIxgHZvgeMlCyg\" >\n    <div class=\"sby_inner_item\">\n        <div class=\"sby_video_thumbnail_wrap sby_item_video_thumbnail_wrap\">\n            <a class=\"sby_video_thumbnail sby_item_video_thumbnail\" style=\"background-image:url(https:\/\/www.amesuamente.org.br\/en\/wp-content\/plugins\/youtube-feed-pro\/img\/placeholder.png)\" href=\"https:\/\/www.youtube.com\/watch?v=YOu3PUps3_Y\" target=\"_blank\" rel=\"noopener\" data-full-res=\"https:\/\/i.ytimg.com\/vi\/YOu3PUps3_Y\/maxresdefault.jpg\" data-img-src-set=\"{&quot;120&quot;:&quot;https:\\\/\\\/i.ytimg.com\\\/vi\\\/YOu3PUps3_Y\\\/default.jpg&quot;,&quot;320&quot;:&quot;https:\\\/\\\/i.ytimg.com\\\/vi\\\/YOu3PUps3_Y\\\/mqdefault.jpg&quot;,&quot;480&quot;:&quot;https:\\\/\\\/i.ytimg.com\\\/vi\\\/YOu3PUps3_Y\\\/hqdefault.jpg&quot;,&quot;640&quot;:&quot;https:\\\/\\\/i.ytimg.com\\\/vi\\\/YOu3PUps3_Y\\\/sddefault.jpg&quot;}\" data-video-id=\"YOu3PUps3_Y\"  data-user=\"Instituto Ame Sua Mente\" data-url=\"https:\/\/www.youtube.com\/watch?v=YOu3PUps3_Y\" data-avatar=\"\" data-title=\"\" data-video-title=\"Qual o impacto do sono na sa\u00fade mental? O que podemos fazer para dormirmos bem?\" data-channel-id=\"UCVzDV6uqfZIxgHZvgeMlCyg\" data-views=\"53 views\" data-published-date=\"1721062924\" data-formatted-published-date=\"15 de July de 2024 14:02\" data-comment-count=\"0\">\n                <img decoding=\"async\" src=\"https:\/\/www.amesuamente.org.br\/en\/wp-content\/plugins\/youtube-feed-pro\/img\/placeholder.png\" alt=\"\">\n                \n                <div class=\"sby_thumbnail_hover sby_item_video_thumbnail_hover\">\n                    <div class=\"sby_thumbnail_hover_inner\">\n                        \n                        \n                        \n                        \n                                            <\/div>\n                <\/div>\n\n                <span class=\"sby-screenreader\">YouTube Video UEx0Q0tvVE9zX3Rkb002eHowWTNDYV9aZ3F6Mi1jUURmYi4yQzk4QTA5QjkzMTFFOEI1<\/span>\n                                    <div class=\"sby_play_btn\" >\n                        <span class=\"sby_play_btn_bg\"><\/span>\n                    <svg aria-hidden=\"true\" focusable=\"false\" data-prefix=\"fab\" data-icon=\"youtube\" role=\"img\" xmlns=\"http:\/\/www.w3.org\/2000\/svg\" viewBox=\"0 0 576 512\" class=\"svg-inline--fa fa-youtube fa-w-18\"><path fill=\"currentColor\" d=\"M549.655 124.083c-6.281-23.65-24.787-42.276-48.284-48.597C458.781 64 288 64 288 64S117.22 64 74.629 75.486c-23.497 6.322-42.003 24.947-48.284 48.597-11.412 42.867-11.412 132.305-11.412 132.305s0 89.438 11.412 132.305c6.281 23.65 24.787 41.5 48.284 47.821C117.22 448 288 448 288 448s170.78 0 213.371-11.486c23.497-6.321 42.003-24.171 48.284-47.821 11.412-42.867 11.412-132.305 11.412-132.305s0-89.438-11.412-132.305zm-317.51 213.508V175.185l142.739 81.205-142.739 81.201z\" class=\"\"><\/path><\/svg>                    <\/div>\n                                <span class=\"sby_loader sby_hidden\" style=\"background-color: rgb(255, 255, 255);\"><\/span>\n            <\/a>\n\n            \n        <\/div>\n\n        \n<div class=\"sby_info sby_info_item\">\n\t<div class=\"sby-video-info-bottom\">\n\t\t<div class=\"sby-video-info\">\n\t\t\t\t\t\t\t<p class=\"sby_video_title_wrap\" >\n\t\t\t\t\t<span class=\"sby_video_title\">Qual o impacto do sono na sa\u00fade mental? O que podemos fazer para dormirmos bem?<\/span>\n\t\t\t\t<\/p>\n\t\t\t\n\t\t\t\n\t\t\t\n\t\t\t\n\t\t\t\t\t<\/div>\n\n\t\t\t\t\t\t\t\t<\/div>\n<\/div>    <\/div>\n<\/div><div class=\"sby_item  sby_new sby_transition\" id=\"sby_UEx0Q0tvVE9zX3Rkb002eHowWTNDYV9aZ3F6Mi1jUURmYi4xN0Y2QjVBOEI2MzQ5OUM5\" data-date=\"1721063332\" data-video-id=\"BZc40SwilP4\" data-video-title=\"A hiperconectividade pode afetar nossa sa\u00fade mental?\" data-live-date=\"0\" data-channel-id=\"UCVzDV6uqfZIxgHZvgeMlCyg\" >\n    <div class=\"sby_inner_item\">\n        <div class=\"sby_video_thumbnail_wrap sby_item_video_thumbnail_wrap\">\n            <a class=\"sby_video_thumbnail sby_item_video_thumbnail\" style=\"background-image:url(https:\/\/www.amesuamente.org.br\/en\/wp-content\/plugins\/youtube-feed-pro\/img\/placeholder.png)\" href=\"https:\/\/www.youtube.com\/watch?v=BZc40SwilP4\" target=\"_blank\" rel=\"noopener\" data-full-res=\"https:\/\/i.ytimg.com\/vi\/BZc40SwilP4\/maxresdefault.jpg\" data-img-src-set=\"{&quot;120&quot;:&quot;https:\\\/\\\/i.ytimg.com\\\/vi\\\/BZc40SwilP4\\\/default.jpg&quot;,&quot;320&quot;:&quot;https:\\\/\\\/i.ytimg.com\\\/vi\\\/BZc40SwilP4\\\/mqdefault.jpg&quot;,&quot;480&quot;:&quot;https:\\\/\\\/i.ytimg.com\\\/vi\\\/BZc40SwilP4\\\/hqdefault.jpg&quot;,&quot;640&quot;:&quot;https:\\\/\\\/i.ytimg.com\\\/vi\\\/BZc40SwilP4\\\/sddefault.jpg&quot;}\" data-video-id=\"BZc40SwilP4\"  data-user=\"Instituto Ame Sua Mente\" data-url=\"https:\/\/www.youtube.com\/watch?v=BZc40SwilP4\" data-avatar=\"\" data-title=\"\" data-video-title=\"A hiperconectividade pode afetar nossa sa\u00fade mental?\" data-channel-id=\"UCVzDV6uqfZIxgHZvgeMlCyg\" data-views=\"55 views\" data-published-date=\"1721063332\" data-formatted-published-date=\"15 de July de 2024 14:08\" data-comment-count=\"0\">\n                <img decoding=\"async\" src=\"https:\/\/www.amesuamente.org.br\/en\/wp-content\/plugins\/youtube-feed-pro\/img\/placeholder.png\" alt=\"\">\n                \n                <div class=\"sby_thumbnail_hover sby_item_video_thumbnail_hover\">\n                    <div class=\"sby_thumbnail_hover_inner\">\n                        \n                        \n                        \n                        \n                                            <\/div>\n                <\/div>\n\n                <span class=\"sby-screenreader\">YouTube Video UEx0Q0tvVE9zX3Rkb002eHowWTNDYV9aZ3F6Mi1jUURmYi4xN0Y2QjVBOEI2MzQ5OUM5<\/span>\n                                    <div class=\"sby_play_btn\" >\n                        <span class=\"sby_play_btn_bg\"><\/span>\n                    <svg aria-hidden=\"true\" focusable=\"false\" data-prefix=\"fab\" data-icon=\"youtube\" role=\"img\" xmlns=\"http:\/\/www.w3.org\/2000\/svg\" viewBox=\"0 0 576 512\" class=\"svg-inline--fa fa-youtube fa-w-18\"><path fill=\"currentColor\" d=\"M549.655 124.083c-6.281-23.65-24.787-42.276-48.284-48.597C458.781 64 288 64 288 64S117.22 64 74.629 75.486c-23.497 6.322-42.003 24.947-48.284 48.597-11.412 42.867-11.412 132.305-11.412 132.305s0 89.438 11.412 132.305c6.281 23.65 24.787 41.5 48.284 47.821C117.22 448 288 448 288 448s170.78 0 213.371-11.486c23.497-6.321 42.003-24.171 48.284-47.821 11.412-42.867 11.412-132.305 11.412-132.305s0-89.438-11.412-132.305zm-317.51 213.508V175.185l142.739 81.205-142.739 81.201z\" class=\"\"><\/path><\/svg>                    <\/div>\n                                <span class=\"sby_loader sby_hidden\" style=\"background-color: rgb(255, 255, 255);\"><\/span>\n            <\/a>\n\n            \n        <\/div>\n\n        \n<div class=\"sby_info sby_info_item\">\n\t<div class=\"sby-video-info-bottom\">\n\t\t<div class=\"sby-video-info\">\n\t\t\t\t\t\t\t<p class=\"sby_video_title_wrap\" >\n\t\t\t\t\t<span class=\"sby_video_title\">A hiperconectividade pode afetar nossa sa\u00fade mental?<\/span>\n\t\t\t\t<\/p>\n\t\t\t\n\t\t\t\n\t\t\t\n\t\t\t\n\t\t\t\t\t<\/div>\n\n\t\t\t\t\t\t\t\t<\/div>\n<\/div>    <\/div>\n<\/div>    <\/div>\n    \n\t<div class=\"sby_footer\">\n\n\n<\/div>\n    <div class=\"sby_cta_items_wraps sby_cta_wrap\">\n\t<div class=\"sby_cta_inner_wrap\">\n\n\t<\/div>\n<\/div>\n\n\t\n<\/div>\n\n\t<style type=\"text\/css\">\n\t\t\t\tbody #sb_youtube_sbyPLtCKo2cQDfb50.sb_youtube.sby_palette_custom .sby_video_title{\n\t\t\tcolor: #cb8ab5;\n\t\t}\n    \t\t\t\t    <\/style>\n\t<style type=\"text\/css\">body #sb_youtube_sbyPLtCKo2cQDfb50 .sby_caption_wrap .sby_caption { font-size: 13px !important}body #sb_youtube_sbyPLtCKo2cQDfb50 .sby_follow_btn a:hover { box-shadow:inset 0 0 10px 20px rgb(255, 255, 255, .25) !important}body #sb_youtube_sbyPLtCKo2cQDfb50[data-videostyle=boxed] .sby_items_wrap .sby_item .sby_inner_item { background-color: #ffffff !important}<\/style>\n<p>[\/et_pb_text][\/et_pb_column][\/et_pb_row][\/et_pb_section][et_pb_section fb_built=&#8221;1&#8243; _builder_version=&#8221;4.16&#8243; custom_margin=&#8221;0px||0px||false|false&#8221; custom_padding=&#8221;0px||0px||false|false&#8221; global_colors_info=&#8221;{}&#8221;][et_pb_row _builder_version=&#8221;4.16&#8243; max_height_tablet=&#8221;&#8221; max_height_phone=&#8221;110px&#8221; max_height_last_edited=&#8221;on|desktop&#8221; custom_padding=&#8221;||0px||false|false&#8221; global_colors_info=&#8221;{}&#8221;][et_pb_column type=&#8221;4_4&#8243; disabled_on=&#8221;off|off|off&#8221; _builder_version=&#8221;4.16&#8243; global_colors_info=&#8221;{}&#8221;][et_pb_text _builder_version=&#8221;4.16&#8243; header_3_font=&#8221;Poppins|700|||||||&#8221; header_3_text_color=&#8221;#ca84b3&#8243; header_3_font_size=&#8221;40px&#8221; header_3_letter_spacing=&#8221;1px&#8221; custom_margin=&#8221;||5px||false|false&#8221; global_colors_info=&#8221;{}&#8221;]<\/p>\n<h3>Videocast<\/h3>\n<p>[\/et_pb_text][et_pb_text _builder_version=&#8221;4.24.0&#8243; global_colors_info=&#8221;{}&#8221;]<\/p>\n\n\n<div id=\"sb_youtube_sbyPLtCKogOsScP21\" \n\t class=\"sb_youtube sby_layout_carousel sby_col_3 sby_mob_col_1 sby_palette_custom  sby_width_resp\" \n\tdata-feedid=\"sby_PLtCKogO-sScP#21\" \n\tdata-shortcode-atts=\"{&quot;feed&quot;:&quot;2&quot;}\" \n\tdata-cols=\"3\" \n\tdata-colsmobile=\"1\" \n\tdata-num=\"21\" \n\tdata-nummobile=\"21\" \n\t\tdata-subscribe-btn=\"1\" \n\tdata-subscribe-btn-text=\"Subscribe\" \n\tdata_channel_header_colors =\"{&quot;channelName&quot;:&quot;&quot;,&quot;subscribeCount&quot;:&quot;&quot;,&quot;buttonBackground&quot;:&quot;&quot;,&quot;buttonText&quot;:&quot;&quot;}\"\n\t data-options=\"{&quot;carousel&quot;:[true,false,false,false,true,1],&quot;cta&quot;:{&quot;type&quot;:&quot;related&quot;,&quot;defaultPosts&quot;:[],&quot;defaultLink&quot;:&quot;&quot;,&quot;defaultText&quot;:&quot;Learn More&quot;,&quot;openType&quot;:&quot;same&quot;,&quot;color&quot;:&quot;&quot;,&quot;textColor&quot;:&quot;&quot;},&quot;descriptionlength&quot;:150}\" data-sby-flags=\"resizeDisable,gdpr\" data-postid=\"5918\" data-sby-supports-lightbox=\"1\" \n\t data-videocardlayout=\"vertical\" \n>\n\t        <div class=\"sby_items_wrap\" style=\"padding: 5px;\">\n\t\t<div class=\"sby_item  sby_new sby_transition\" id=\"sby_UEx0Q0tvVE9zX3RkcUJxN2FWTEllSnlkZ0kwZ08tc1NjUC41NkI0NEY2RDEwNTU3Q0M2\" data-date=\"1665677883\" data-video-id=\"pnVPWTSjQ58\" data-video-title=\"Sa\u00fade mental dos professores\" data-live-date=\"0\" data-channel-id=\"UCVzDV6uqfZIxgHZvgeMlCyg\" >\n    <div class=\"sby_inner_item\">\n        <div class=\"sby_video_thumbnail_wrap sby_item_video_thumbnail_wrap\">\n            <a class=\"sby_video_thumbnail sby_item_video_thumbnail\" style=\"background-image:url(https:\/\/www.amesuamente.org.br\/en\/wp-content\/plugins\/youtube-feed-pro\/img\/placeholder.png)\" href=\"https:\/\/www.youtube.com\/watch?v=pnVPWTSjQ58\" target=\"_blank\" rel=\"noopener\" data-full-res=\"https:\/\/i.ytimg.com\/vi\/pnVPWTSjQ58\/maxresdefault.jpg\" data-img-src-set=\"{&quot;120&quot;:&quot;https:\\\/\\\/i.ytimg.com\\\/vi\\\/pnVPWTSjQ58\\\/default.jpg&quot;,&quot;320&quot;:&quot;https:\\\/\\\/i.ytimg.com\\\/vi\\\/pnVPWTSjQ58\\\/mqdefault.jpg&quot;,&quot;480&quot;:&quot;https:\\\/\\\/i.ytimg.com\\\/vi\\\/pnVPWTSjQ58\\\/hqdefault.jpg&quot;,&quot;640&quot;:&quot;https:\\\/\\\/i.ytimg.com\\\/vi\\\/pnVPWTSjQ58\\\/sddefault.jpg&quot;}\" data-video-id=\"pnVPWTSjQ58\"  data-user=\"Instituto Ame Sua Mente\" data-url=\"https:\/\/www.youtube.com\/watch?v=pnVPWTSjQ58\" data-avatar=\"\" data-title=\"O Bem estar do professor \u00e9 essencial para o desenvolvimento das crian\u00e7as e jovens, esses profissionais t\u00eam um &quot;papel chave&quot; para a sociedade como um todo e para a constru\u00e7\u00e3o de um futuro melhor.&lt;br \/&gt;\n&lt;br \/&gt;\nE como anda a sa\u00fade mental dos professores?\" data-video-title=\"Sa\u00fade mental dos professores\" data-channel-id=\"UCVzDV6uqfZIxgHZvgeMlCyg\" data-views=\"8.8K views\" data-published-date=\"1665677883\" data-formatted-published-date=\"13 de October de 2022 13:18\" data-comment-count=\"16\">\n                <img decoding=\"async\" src=\"https:\/\/www.amesuamente.org.br\/en\/wp-content\/plugins\/youtube-feed-pro\/img\/placeholder.png\" alt=\"O Bem estar do professor \u00e9 essencial para o desenvolvimento das crian\u00e7as e jovens, esses profissionais t\u00eam um &quot;papel chave&quot; para a sociedade como um todo e para a constru\u00e7\u00e3o de um futuro melhor.\n\nE como anda a sa\u00fade mental dos professores?\">\n                \n                <div class=\"sby_thumbnail_hover sby_item_video_thumbnail_hover\">\n                    <div class=\"sby_thumbnail_hover_inner\">\n                        \n                        \n                        \n                                                    <p class=\"sby_caption\" >O Bem estar do professor \u00e9 essencial para o desenvolvimento das crian\u00e7as e jovens, esses profissionais t\u00eam um &quot;papel chave&quot; para a sociedade como um todo e para a constru\u00e7\u00e3o de um futuro melhor.<br>\n<br>\nE como anda a sa\u00fade mental dos professores?<\/p>\n                        \n                                                    <p class=\"sby_stats\" >\n                                <span class=\"sby_likes\" >\n                                                                    <span class=\"sby_like_count\">304<\/span>\n                                <\/span>\n                                <span class=\"sby_comments\" >\n                                                                        <span class=\"sby_comment_count\">16<\/span>\n                                <\/span>\n                            <\/p>\n                                            <\/div>\n                <\/div>\n\n                <span class=\"sby-screenreader\">YouTube Video UEx0Q0tvVE9zX3RkcUJxN2FWTEllSnlkZ0kwZ08tc1NjUC41NkI0NEY2RDEwNTU3Q0M2<\/span>\n                                    <div class=\"sby_play_btn\" >\n                        <span class=\"sby_play_btn_bg\"><\/span>\n                    <svg aria-hidden=\"true\" focusable=\"false\" data-prefix=\"fab\" data-icon=\"youtube\" role=\"img\" xmlns=\"http:\/\/www.w3.org\/2000\/svg\" viewBox=\"0 0 576 512\" class=\"svg-inline--fa fa-youtube fa-w-18\"><path fill=\"currentColor\" d=\"M549.655 124.083c-6.281-23.65-24.787-42.276-48.284-48.597C458.781 64 288 64 288 64S117.22 64 74.629 75.486c-23.497 6.322-42.003 24.947-48.284 48.597-11.412 42.867-11.412 132.305-11.412 132.305s0 89.438 11.412 132.305c6.281 23.65 24.787 41.5 48.284 47.821C117.22 448 288 448 288 448s170.78 0 213.371-11.486c23.497-6.321 42.003-24.171 48.284-47.821 11.412-42.867 11.412-132.305 11.412-132.305s0-89.438-11.412-132.305zm-317.51 213.508V175.185l142.739 81.205-142.739 81.201z\" class=\"\"><\/path><\/svg>                    <\/div>\n                                <span class=\"sby_loader sby_hidden\" style=\"background-color: rgb(255, 255, 255);\"><\/span>\n            <\/a>\n\n            \n        <\/div>\n\n        \n<div class=\"sby_info sby_info_item\">\n\t<div class=\"sby-video-info-bottom\">\n\t\t<div class=\"sby-video-info\">\n\t\t\t\t\t\t\t<p class=\"sby_video_title_wrap\" >\n\t\t\t\t\t<span class=\"sby_video_title\">Sa\u00fade mental dos professores<\/span>\n\t\t\t\t<\/p>\n\t\t\t\n\t\t\t\n\t\t\t\n\t\t\t\n\t\t\t\t\t<\/div>\n\n\t\t\t\t\t\t\t\t<\/div>\n<\/div>    <\/div>\n<\/div><div class=\"sby_item  sby_new sby_transition\" id=\"sby_UEx0Q0tvVE9zX3RkcUJxN2FWTEllSnlkZ0kwZ08tc1NjUC4yODlGNEE0NkRGMEEzMEQy\" data-date=\"1671633679\" data-video-id=\"MPfJDRVe_Q4\" data-video-title=\"[Videocast] Sa\u00fade mental no pr\u00e9-vestibular\" data-live-date=\"0\" data-channel-id=\"UCVzDV6uqfZIxgHZvgeMlCyg\" >\n    <div class=\"sby_inner_item\">\n        <div class=\"sby_video_thumbnail_wrap sby_item_video_thumbnail_wrap\">\n            <a class=\"sby_video_thumbnail sby_item_video_thumbnail\" style=\"background-image:url(https:\/\/www.amesuamente.org.br\/en\/wp-content\/plugins\/youtube-feed-pro\/img\/placeholder.png)\" href=\"https:\/\/www.youtube.com\/watch?v=MPfJDRVe_Q4\" target=\"_blank\" rel=\"noopener\" data-full-res=\"https:\/\/i.ytimg.com\/vi\/MPfJDRVe_Q4\/maxresdefault.jpg\" data-img-src-set=\"{&quot;120&quot;:&quot;https:\\\/\\\/i.ytimg.com\\\/vi\\\/MPfJDRVe_Q4\\\/default.jpg&quot;,&quot;320&quot;:&quot;https:\\\/\\\/i.ytimg.com\\\/vi\\\/MPfJDRVe_Q4\\\/mqdefault.jpg&quot;,&quot;480&quot;:&quot;https:\\\/\\\/i.ytimg.com\\\/vi\\\/MPfJDRVe_Q4\\\/hqdefault.jpg&quot;,&quot;640&quot;:&quot;https:\\\/\\\/i.ytimg.com\\\/vi\\\/MPfJDRVe_Q4\\\/sddefault.jpg&quot;}\" data-video-id=\"MPfJDRVe_Q4\"  data-user=\"Instituto Ame Sua Mente\" data-url=\"https:\/\/www.youtube.com\/watch?v=MPfJDRVe_Q4\" data-avatar=\"\" data-title=\"Sa\u00fade mental no pr\u00e9-vestibular, esse tema merece uma boa conversa! Assista ao novo epis\u00f3dio do videocast Ame Sua Mente na Escola com foco no bem estar do aluno nesse momento. A apresentadora Mariana Blanski conversou com a psic\u00f3loga e pedagoga Ana Carolina D\u2019agostini da equipe de sa\u00fade mental do Instituto Ame sua Mente e com Gustavo Bispo, estudante de ci\u00eancias sociais da UNICAMP.\" data-video-title=\"[Videocast] Sa\u00fade mental no pr\u00e9-vestibular\" data-channel-id=\"UCVzDV6uqfZIxgHZvgeMlCyg\" data-views=\"689 views\" data-published-date=\"1671633679\" data-formatted-published-date=\"21 de December de 2022 11:41\" data-comment-count=\"3\">\n                <img decoding=\"async\" src=\"https:\/\/www.amesuamente.org.br\/en\/wp-content\/plugins\/youtube-feed-pro\/img\/placeholder.png\" alt=\"Sa\u00fade mental no pr\u00e9-vestibular, esse tema merece uma boa conversa! Assista ao novo epis\u00f3dio do videocast Ame Sua Mente na Escola com foco no bem estar do aluno nesse momento. A apresentadora Mariana Blanski conversou com a psic\u00f3loga e pedagoga Ana Carolina D\u2019agostini da equipe de sa\u00fade mental do Instituto Ame sua Mente e com Gustavo Bispo, estudante de ci\u00eancias sociais da UNICAMP.\">\n                \n                <div class=\"sby_thumbnail_hover sby_item_video_thumbnail_hover\">\n                    <div class=\"sby_thumbnail_hover_inner\">\n                        \n                        \n                        \n                                                    <p class=\"sby_caption\" >Sa\u00fade mental no pr\u00e9-vestibular, esse tema merece uma boa conversa! Assista ao novo epis\u00f3dio do videocast Ame Sua Mente na Escola com foco no bem estar do aluno nesse momento. A apresentadora Mariana Blanski conversou com a psic\u00f3loga e pedagoga Ana Carolina D\u2019agostini da equipe de sa\u00fade mental do Instituto Ame sua Mente e com Gustavo Bispo, estudante de ci\u00eancias sociais da UNICAMP.<\/p>\n                        \n                                                    <p class=\"sby_stats\" >\n                                <span class=\"sby_likes\" >\n                                                                    <span class=\"sby_like_count\">42<\/span>\n                                <\/span>\n                                <span class=\"sby_comments\" >\n                                                                        <span class=\"sby_comment_count\">3<\/span>\n                                <\/span>\n                            <\/p>\n                                            <\/div>\n                <\/div>\n\n                <span class=\"sby-screenreader\">YouTube Video UEx0Q0tvVE9zX3RkcUJxN2FWTEllSnlkZ0kwZ08tc1NjUC4yODlGNEE0NkRGMEEzMEQy<\/span>\n                                    <div class=\"sby_play_btn\" >\n                        <span class=\"sby_play_btn_bg\"><\/span>\n                    <svg aria-hidden=\"true\" focusable=\"false\" data-prefix=\"fab\" data-icon=\"youtube\" role=\"img\" xmlns=\"http:\/\/www.w3.org\/2000\/svg\" viewBox=\"0 0 576 512\" class=\"svg-inline--fa fa-youtube fa-w-18\"><path fill=\"currentColor\" d=\"M549.655 124.083c-6.281-23.65-24.787-42.276-48.284-48.597C458.781 64 288 64 288 64S117.22 64 74.629 75.486c-23.497 6.322-42.003 24.947-48.284 48.597-11.412 42.867-11.412 132.305-11.412 132.305s0 89.438 11.412 132.305c6.281 23.65 24.787 41.5 48.284 47.821C117.22 448 288 448 288 448s170.78 0 213.371-11.486c23.497-6.321 42.003-24.171 48.284-47.821 11.412-42.867 11.412-132.305 11.412-132.305s0-89.438-11.412-132.305zm-317.51 213.508V175.185l142.739 81.205-142.739 81.201z\" class=\"\"><\/path><\/svg>                    <\/div>\n                                <span class=\"sby_loader sby_hidden\" style=\"background-color: rgb(255, 255, 255);\"><\/span>\n            <\/a>\n\n            \n        <\/div>\n\n        \n<div class=\"sby_info sby_info_item\">\n\t<div class=\"sby-video-info-bottom\">\n\t\t<div class=\"sby-video-info\">\n\t\t\t\t\t\t\t<p class=\"sby_video_title_wrap\" >\n\t\t\t\t\t<span class=\"sby_video_title\">[Videocast] Sa\u00fade mental no pr\u00e9-vestibular<\/span>\n\t\t\t\t<\/p>\n\t\t\t\n\t\t\t\n\t\t\t\n\t\t\t\n\t\t\t\t\t<\/div>\n\n\t\t\t\t\t\t\t\t<\/div>\n<\/div>    <\/div>\n<\/div><div class=\"sby_item  sby_new sby_transition\" id=\"sby_UEx0Q0tvVE9zX3RkcUJxN2FWTEllSnlkZ0kwZ08tc1NjUC4wMTcyMDhGQUE4NTIzM0Y5\" data-date=\"1675872203\" data-video-id=\"XWwPQqRkQg0\" data-video-title=\"[VIDEOCAST] Compet\u00eancias socioemocionais\" data-live-date=\"0\" data-channel-id=\"UCVzDV6uqfZIxgHZvgeMlCyg\" >\n    <div class=\"sby_inner_item\">\n        <div class=\"sby_video_thumbnail_wrap sby_item_video_thumbnail_wrap\">\n            <a class=\"sby_video_thumbnail sby_item_video_thumbnail\" style=\"background-image:url(https:\/\/www.amesuamente.org.br\/en\/wp-content\/plugins\/youtube-feed-pro\/img\/placeholder.png)\" href=\"https:\/\/www.youtube.com\/watch?v=XWwPQqRkQg0\" target=\"_blank\" rel=\"noopener\" data-full-res=\"https:\/\/i.ytimg.com\/vi\/XWwPQqRkQg0\/maxresdefault.jpg\" data-img-src-set=\"{&quot;120&quot;:&quot;https:\\\/\\\/i.ytimg.com\\\/vi\\\/XWwPQqRkQg0\\\/default.jpg&quot;,&quot;320&quot;:&quot;https:\\\/\\\/i.ytimg.com\\\/vi\\\/XWwPQqRkQg0\\\/mqdefault.jpg&quot;,&quot;480&quot;:&quot;https:\\\/\\\/i.ytimg.com\\\/vi\\\/XWwPQqRkQg0\\\/hqdefault.jpg&quot;,&quot;640&quot;:&quot;https:\\\/\\\/i.ytimg.com\\\/vi\\\/XWwPQqRkQg0\\\/sddefault.jpg&quot;}\" data-video-id=\"XWwPQqRkQg0\"  data-user=\"Instituto Ame Sua Mente\" data-url=\"https:\/\/www.youtube.com\/watch?v=XWwPQqRkQg0\" data-avatar=\"\" data-title=\"Com Celso Lopes de Souza, m\u00e9dico psiquiatra, educador e fundador do Semente Educa\u00e7\u00e3o; Grace Luciana Pereira, psic\u00f3loga e pedagoga, especialista em administra\u00e7\u00e3o escolar e empresarial, p\u00f3s graduada em vitimiza\u00e7\u00e3o de crian\u00e7as e adolescentes e facilitadora do Instituto Ame Sua Mente; Mediado por Mariana Blanski, atriz, comunicadora e psic\u00f3loga.&lt;br \/&gt;\n&lt;br \/&gt;\nOu\u00e7a tamb\u00e9m na sua plataforma de \u00e1udio preferida, acesse: https:\/\/spotifyanchor-web.app.link\/e\/zqdBOVzQfxb&lt;br \/&gt;\n&lt;br \/&gt;\nVeja este e mais conte\u00fados no site: https:\/\/www.amesuamente.org.br\/en\/\" data-video-title=\"[VIDEOCAST] Compet\u00eancias socioemocionais\" data-channel-id=\"UCVzDV6uqfZIxgHZvgeMlCyg\" data-views=\"835 views\" data-published-date=\"1675872203\" data-formatted-published-date=\"8 de February de 2023 13:03\" data-comment-count=\"1\">\n                <img decoding=\"async\" src=\"https:\/\/www.amesuamente.org.br\/en\/wp-content\/plugins\/youtube-feed-pro\/img\/placeholder.png\" alt=\"Com Celso Lopes de Souza, m\u00e9dico psiquiatra, educador e fundador do Semente Educa\u00e7\u00e3o; Grace Luciana Pereira, psic\u00f3loga e pedagoga, especialista em administra\u00e7\u00e3o escolar e empresarial, p\u00f3s graduada em vitimiza\u00e7\u00e3o de crian\u00e7as e adolescentes e facilitadora do Instituto Ame Sua Mente; Mediado por Mariana Blanski, atriz, comunicadora e psic\u00f3loga.\n\nOu\u00e7a tamb\u00e9m na sua plataforma de \u00e1udio preferida, acesse: https:\/\/spotifyanchor-web.app.link\/e\/zqdBOVzQfxb\n\nVeja este e mais conte\u00fados no site: https:\/\/www.amesuamente.org.br\/\">\n                \n                <div class=\"sby_thumbnail_hover sby_item_video_thumbnail_hover\">\n                    <div class=\"sby_thumbnail_hover_inner\">\n                        \n                        \n                        \n                                                    <p class=\"sby_caption\" >Com Celso Lopes de Souza, m\u00e9dico psiquiatra, educador e fundador do Semente Educa\u00e7\u00e3o; Grace Luciana Pereira, psic\u00f3loga e pedagoga, especialista em administra\u00e7\u00e3o escolar e empresarial, p\u00f3s graduada em vitimiza\u00e7\u00e3o de crian\u00e7as e adolescentes e facilitadora do Instituto Ame Sua Mente; Mediado por Mariana Blanski, atriz, comunicadora e psic\u00f3loga.<br>\n<br>\nOu\u00e7a tamb\u00e9m na sua plataforma de \u00e1udio preferida, acesse: https:\/\/spotifyanchor-web.app.link\/e\/zqdBOVzQfxb<br>\n<br>\nVeja este e mais conte\u00fados no site: https:\/\/www.amesuamente.org.br\/en\/<\/p>\n                        \n                                                    <p class=\"sby_stats\" >\n                                <span class=\"sby_likes\" >\n                                                                    <span class=\"sby_like_count\">40<\/span>\n                                <\/span>\n                                <span class=\"sby_comments\" >\n                                                                        <span class=\"sby_comment_count\">1<\/span>\n                                <\/span>\n                            <\/p>\n                                            <\/div>\n                <\/div>\n\n                <span class=\"sby-screenreader\">YouTube Video UEx0Q0tvVE9zX3RkcUJxN2FWTEllSnlkZ0kwZ08tc1NjUC4wMTcyMDhGQUE4NTIzM0Y5<\/span>\n                                    <div class=\"sby_play_btn\" >\n                        <span class=\"sby_play_btn_bg\"><\/span>\n                    <svg aria-hidden=\"true\" focusable=\"false\" data-prefix=\"fab\" data-icon=\"youtube\" role=\"img\" xmlns=\"http:\/\/www.w3.org\/2000\/svg\" viewBox=\"0 0 576 512\" class=\"svg-inline--fa fa-youtube fa-w-18\"><path fill=\"currentColor\" d=\"M549.655 124.083c-6.281-23.65-24.787-42.276-48.284-48.597C458.781 64 288 64 288 64S117.22 64 74.629 75.486c-23.497 6.322-42.003 24.947-48.284 48.597-11.412 42.867-11.412 132.305-11.412 132.305s0 89.438 11.412 132.305c6.281 23.65 24.787 41.5 48.284 47.821C117.22 448 288 448 288 448s170.78 0 213.371-11.486c23.497-6.321 42.003-24.171 48.284-47.821 11.412-42.867 11.412-132.305 11.412-132.305s0-89.438-11.412-132.305zm-317.51 213.508V175.185l142.739 81.205-142.739 81.201z\" class=\"\"><\/path><\/svg>                    <\/div>\n                                <span class=\"sby_loader sby_hidden\" style=\"background-color: rgb(255, 255, 255);\"><\/span>\n            <\/a>\n\n            \n        <\/div>\n\n        \n<div class=\"sby_info sby_info_item\">\n\t<div class=\"sby-video-info-bottom\">\n\t\t<div class=\"sby-video-info\">\n\t\t\t\t\t\t\t<p class=\"sby_video_title_wrap\" >\n\t\t\t\t\t<span class=\"sby_video_title\">[VIDEOCAST] Compet\u00eancias socioemocionais<\/span>\n\t\t\t\t<\/p>\n\t\t\t\n\t\t\t\n\t\t\t\n\t\t\t\n\t\t\t\t\t<\/div>\n\n\t\t\t\t\t\t\t\t<\/div>\n<\/div>    <\/div>\n<\/div><div class=\"sby_item  sby_new sby_transition\" id=\"sby_UEx0Q0tvVE9zX3RkcUJxN2FWTEllSnlkZ0kwZ08tc1NjUC41MjE1MkI0OTQ2QzJGNzNG\" data-date=\"1683813624\" data-video-id=\"QKitXjGAYz8\" data-video-title=\"[Videocast] : Viol\u00eancia nas Escolas\" data-live-date=\"0\" data-channel-id=\"UCVzDV6uqfZIxgHZvgeMlCyg\" >\n    <div class=\"sby_inner_item\">\n        <div class=\"sby_video_thumbnail_wrap sby_item_video_thumbnail_wrap\">\n            <a class=\"sby_video_thumbnail sby_item_video_thumbnail\" style=\"background-image:url(https:\/\/www.amesuamente.org.br\/en\/wp-content\/plugins\/youtube-feed-pro\/img\/placeholder.png)\" href=\"https:\/\/www.youtube.com\/watch?v=QKitXjGAYz8\" target=\"_blank\" rel=\"noopener\" data-full-res=\"https:\/\/i.ytimg.com\/vi\/QKitXjGAYz8\/maxresdefault.jpg\" data-img-src-set=\"{&quot;120&quot;:&quot;https:\\\/\\\/i.ytimg.com\\\/vi\\\/QKitXjGAYz8\\\/default.jpg&quot;,&quot;320&quot;:&quot;https:\\\/\\\/i.ytimg.com\\\/vi\\\/QKitXjGAYz8\\\/mqdefault.jpg&quot;,&quot;480&quot;:&quot;https:\\\/\\\/i.ytimg.com\\\/vi\\\/QKitXjGAYz8\\\/hqdefault.jpg&quot;,&quot;640&quot;:&quot;https:\\\/\\\/i.ytimg.com\\\/vi\\\/QKitXjGAYz8\\\/sddefault.jpg&quot;}\" data-video-id=\"QKitXjGAYz8\"  data-user=\"Instituto Ame Sua Mente\" data-url=\"https:\/\/www.youtube.com\/watch?v=QKitXjGAYz8\" data-avatar=\"\" data-title=\"Mais um epis\u00f3dio do nosso videocast j\u00e1 est\u00e1 no ar! E a pauta \u00e9: Viol\u00eancia nas escolas e a import\u00e2ncia da cultura de sa\u00fade mental.&lt;br \/&gt;\n&lt;br \/&gt;\nPara falar sobre o assunto, reunimos em um bate-papo descomplicado a psic\u00f3loga e docente Elaine Gomes dos Reis Alves, especialista em situa\u00e7\u00f5es de crise e o m\u00e9dico psiquiatra e pesquisador da equipe de sa\u00fade mental do Instituto Ame sua Mente, Gustavo Estanislau, com a apresentadora e psic\u00f3loga Mariana Blanski.\" data-video-title=\"[Videocast] : Viol\u00eancia nas Escolas\" data-channel-id=\"UCVzDV6uqfZIxgHZvgeMlCyg\" data-views=\"422 views\" data-published-date=\"1683813624\" data-formatted-published-date=\"11 de May de 2023 11:00\" data-comment-count=\"0\">\n                <img decoding=\"async\" src=\"https:\/\/www.amesuamente.org.br\/en\/wp-content\/plugins\/youtube-feed-pro\/img\/placeholder.png\" alt=\"Mais um epis\u00f3dio do nosso videocast j\u00e1 est\u00e1 no ar! E a pauta \u00e9: Viol\u00eancia nas escolas e a import\u00e2ncia da cultura de sa\u00fade mental.\n\nPara falar sobre o assunto, reunimos em um bate-papo descomplicado a psic\u00f3loga e docente Elaine Gomes dos Reis Alves, especialista em situa\u00e7\u00f5es de crise e o m\u00e9dico psiquiatra e pesquisador da equipe de sa\u00fade mental do Instituto Ame sua Mente, Gustavo Estanislau, com a apresentadora e psic\u00f3loga Mariana Blanski.\">\n                \n                <div class=\"sby_thumbnail_hover sby_item_video_thumbnail_hover\">\n                    <div class=\"sby_thumbnail_hover_inner\">\n                        \n                        \n                        \n                                                    <p class=\"sby_caption\" >Mais um epis\u00f3dio do nosso videocast j\u00e1 est\u00e1 no ar! E a pauta \u00e9: Viol\u00eancia nas escolas e a import\u00e2ncia da cultura de sa\u00fade mental.<br>\n<br>\nPara falar sobre o assunto, reunimos em um bate-papo descomplicado a psic\u00f3loga e docente Elaine Gomes dos Reis Alves, especialista em situa\u00e7\u00f5es de crise e o m\u00e9dico psiquiatra e pesquisador da equipe de sa\u00fade mental do Instituto Ame sua Mente, Gustavo Estanislau, com a apresentadora e psic\u00f3loga Mariana Blanski.<\/p>\n                        \n                                                    <p class=\"sby_stats\" >\n                                <span class=\"sby_likes\" >\n                                                                    <span class=\"sby_like_count\">21<\/span>\n                                <\/span>\n                                <span class=\"sby_comments\" >\n                                                                        <span class=\"sby_comment_count\">0<\/span>\n                                <\/span>\n                            <\/p>\n                                            <\/div>\n                <\/div>\n\n                <span class=\"sby-screenreader\">YouTube Video UEx0Q0tvVE9zX3RkcUJxN2FWTEllSnlkZ0kwZ08tc1NjUC41MjE1MkI0OTQ2QzJGNzNG<\/span>\n                                    <div class=\"sby_play_btn\" >\n                        <span class=\"sby_play_btn_bg\"><\/span>\n                    <svg aria-hidden=\"true\" focusable=\"false\" data-prefix=\"fab\" data-icon=\"youtube\" role=\"img\" xmlns=\"http:\/\/www.w3.org\/2000\/svg\" viewBox=\"0 0 576 512\" class=\"svg-inline--fa fa-youtube fa-w-18\"><path fill=\"currentColor\" d=\"M549.655 124.083c-6.281-23.65-24.787-42.276-48.284-48.597C458.781 64 288 64 288 64S117.22 64 74.629 75.486c-23.497 6.322-42.003 24.947-48.284 48.597-11.412 42.867-11.412 132.305-11.412 132.305s0 89.438 11.412 132.305c6.281 23.65 24.787 41.5 48.284 47.821C117.22 448 288 448 288 448s170.78 0 213.371-11.486c23.497-6.321 42.003-24.171 48.284-47.821 11.412-42.867 11.412-132.305 11.412-132.305s0-89.438-11.412-132.305zm-317.51 213.508V175.185l142.739 81.205-142.739 81.201z\" class=\"\"><\/path><\/svg>                    <\/div>\n                                <span class=\"sby_loader sby_hidden\" style=\"background-color: rgb(255, 255, 255);\"><\/span>\n            <\/a>\n\n            \n        <\/div>\n\n        \n<div class=\"sby_info sby_info_item\">\n\t<div class=\"sby-video-info-bottom\">\n\t\t<div class=\"sby-video-info\">\n\t\t\t\t\t\t\t<p class=\"sby_video_title_wrap\" >\n\t\t\t\t\t<span class=\"sby_video_title\">[Videocast] : Viol\u00eancia nas Escolas<\/span>\n\t\t\t\t<\/p>\n\t\t\t\n\t\t\t\n\t\t\t\n\t\t\t\n\t\t\t\t\t<\/div>\n\n\t\t\t\t\t\t\t\t<\/div>\n<\/div>    <\/div>\n<\/div><div class=\"sby_item  sby_new sby_transition\" id=\"sby_UEx0Q0tvVE9zX3RkcUJxN2FWTEllSnlkZ0kwZ08tc1NjUC4wOTA3OTZBNzVEMTUzOTMy\" data-date=\"1723002278\" data-video-id=\"VSV-vWfL7PI\" data-video-title=\"O que s\u00e3o\u00a0compet\u00eancias\u00a0socioemocionais?\" data-live-date=\"0\" data-channel-id=\"UCVzDV6uqfZIxgHZvgeMlCyg\" >\n    <div class=\"sby_inner_item\">\n        <div class=\"sby_video_thumbnail_wrap sby_item_video_thumbnail_wrap\">\n            <a class=\"sby_video_thumbnail sby_item_video_thumbnail\" style=\"background-image:url(https:\/\/www.amesuamente.org.br\/en\/wp-content\/plugins\/youtube-feed-pro\/img\/placeholder.png)\" href=\"https:\/\/www.youtube.com\/watch?v=VSV-vWfL7PI\" target=\"_blank\" rel=\"noopener\" data-full-res=\"https:\/\/i.ytimg.com\/vi\/VSV-vWfL7PI\/maxresdefault.jpg\" data-img-src-set=\"{&quot;120&quot;:&quot;https:\\\/\\\/i.ytimg.com\\\/vi\\\/VSV-vWfL7PI\\\/default.jpg&quot;,&quot;320&quot;:&quot;https:\\\/\\\/i.ytimg.com\\\/vi\\\/VSV-vWfL7PI\\\/mqdefault.jpg&quot;,&quot;480&quot;:&quot;https:\\\/\\\/i.ytimg.com\\\/vi\\\/VSV-vWfL7PI\\\/hqdefault.jpg&quot;,&quot;640&quot;:&quot;https:\\\/\\\/i.ytimg.com\\\/vi\\\/VSV-vWfL7PI\\\/sddefault.jpg&quot;}\" data-video-id=\"VSV-vWfL7PI\"  data-user=\"Instituto Ame Sua Mente\" data-url=\"https:\/\/www.youtube.com\/watch?v=VSV-vWfL7PI\" data-avatar=\"\" data-title=\"\" data-video-title=\"O que s\u00e3o\u00a0compet\u00eancias\u00a0socioemocionais?\" data-channel-id=\"UCVzDV6uqfZIxgHZvgeMlCyg\" data-views=\"59 views\" data-published-date=\"1723002278\" data-formatted-published-date=\"7 de August de 2024 00:44\" data-comment-count=\"0\">\n                <img decoding=\"async\" src=\"https:\/\/www.amesuamente.org.br\/en\/wp-content\/plugins\/youtube-feed-pro\/img\/placeholder.png\" alt=\"\">\n                \n                <div class=\"sby_thumbnail_hover sby_item_video_thumbnail_hover\">\n                    <div class=\"sby_thumbnail_hover_inner\">\n                        \n                        \n                        \n                                                    <p class=\"sby_caption\" ><\/p>\n                        \n                                                    <p class=\"sby_stats\" >\n                                <span class=\"sby_likes\" >\n                                                                    <span class=\"sby_like_count\">3<\/span>\n                                <\/span>\n                                <span class=\"sby_comments\" >\n                                                                        <span class=\"sby_comment_count\">0<\/span>\n                                <\/span>\n                            <\/p>\n                                            <\/div>\n                <\/div>\n\n                <span class=\"sby-screenreader\">YouTube Video UEx0Q0tvVE9zX3RkcUJxN2FWTEllSnlkZ0kwZ08tc1NjUC4wOTA3OTZBNzVEMTUzOTMy<\/span>\n                                    <div class=\"sby_play_btn\" >\n                        <span class=\"sby_play_btn_bg\"><\/span>\n                    <svg aria-hidden=\"true\" focusable=\"false\" data-prefix=\"fab\" data-icon=\"youtube\" role=\"img\" xmlns=\"http:\/\/www.w3.org\/2000\/svg\" viewBox=\"0 0 576 512\" class=\"svg-inline--fa fa-youtube fa-w-18\"><path fill=\"currentColor\" d=\"M549.655 124.083c-6.281-23.65-24.787-42.276-48.284-48.597C458.781 64 288 64 288 64S117.22 64 74.629 75.486c-23.497 6.322-42.003 24.947-48.284 48.597-11.412 42.867-11.412 132.305-11.412 132.305s0 89.438 11.412 132.305c6.281 23.65 24.787 41.5 48.284 47.821C117.22 448 288 448 288 448s170.78 0 213.371-11.486c23.497-6.321 42.003-24.171 48.284-47.821 11.412-42.867 11.412-132.305 11.412-132.305s0-89.438-11.412-132.305zm-317.51 213.508V175.185l142.739 81.205-142.739 81.201z\" class=\"\"><\/path><\/svg>                    <\/div>\n                                <span class=\"sby_loader sby_hidden\" style=\"background-color: rgb(255, 255, 255);\"><\/span>\n            <\/a>\n\n            \n        <\/div>\n\n        \n<div class=\"sby_info sby_info_item\">\n\t<div class=\"sby-video-info-bottom\">\n\t\t<div class=\"sby-video-info\">\n\t\t\t\t\t\t\t<p class=\"sby_video_title_wrap\" >\n\t\t\t\t\t<span class=\"sby_video_title\">O que s\u00e3o\u00a0compet\u00eancias\u00a0socioemocionais?<\/span>\n\t\t\t\t<\/p>\n\t\t\t\n\t\t\t\n\t\t\t\n\t\t\t\n\t\t\t\t\t<\/div>\n\n\t\t\t\t\t\t\t\t<\/div>\n<\/div>    <\/div>\n<\/div><div class=\"sby_item  sby_new sby_transition\" id=\"sby_UEx0Q0tvVE9zX3RkcUJxN2FWTEllSnlkZ0kwZ08tc1NjUC4xMkVGQjNCMUM1N0RFNEUx\" data-date=\"1723002429\" data-video-id=\"giJAhVX3tp0\" data-video-title=\"Como as compet\u00eancias socioemocionais s\u00e3o classificadas?\" data-live-date=\"0\" data-channel-id=\"UCVzDV6uqfZIxgHZvgeMlCyg\" >\n    <div class=\"sby_inner_item\">\n        <div class=\"sby_video_thumbnail_wrap sby_item_video_thumbnail_wrap\">\n            <a class=\"sby_video_thumbnail sby_item_video_thumbnail\" style=\"background-image:url(https:\/\/www.amesuamente.org.br\/en\/wp-content\/plugins\/youtube-feed-pro\/img\/placeholder.png)\" href=\"https:\/\/www.youtube.com\/watch?v=giJAhVX3tp0\" target=\"_blank\" rel=\"noopener\" data-full-res=\"https:\/\/i.ytimg.com\/vi\/giJAhVX3tp0\/hqdefault.jpg\" data-img-src-set=\"{&quot;120&quot;:&quot;https:\\\/\\\/i.ytimg.com\\\/vi\\\/giJAhVX3tp0\\\/default.jpg&quot;,&quot;320&quot;:&quot;https:\\\/\\\/i.ytimg.com\\\/vi\\\/giJAhVX3tp0\\\/mqdefault.jpg&quot;,&quot;480&quot;:&quot;https:\\\/\\\/i.ytimg.com\\\/vi\\\/giJAhVX3tp0\\\/hqdefault.jpg&quot;,&quot;640&quot;:&quot;https:\\\/\\\/i.ytimg.com\\\/vi\\\/giJAhVX3tp0\\\/hqdefault.jpg&quot;}\" data-video-id=\"giJAhVX3tp0\"  data-user=\"Instituto Ame Sua Mente\" data-url=\"https:\/\/www.youtube.com\/watch?v=giJAhVX3tp0\" data-avatar=\"\" data-title=\"\" data-video-title=\"Como as compet\u00eancias socioemocionais s\u00e3o classificadas?\" data-channel-id=\"UCVzDV6uqfZIxgHZvgeMlCyg\" data-views=\"23 views\" data-published-date=\"1723002429\" data-formatted-published-date=\"7 de August de 2024 00:47\" data-comment-count=\"0\">\n                <img decoding=\"async\" src=\"https:\/\/www.amesuamente.org.br\/en\/wp-content\/plugins\/youtube-feed-pro\/img\/placeholder.png\" alt=\"\">\n                \n                <div class=\"sby_thumbnail_hover sby_item_video_thumbnail_hover\">\n                    <div class=\"sby_thumbnail_hover_inner\">\n                        \n                        \n                        \n                                                    <p class=\"sby_caption\" ><\/p>\n                        \n                                                    <p class=\"sby_stats\" >\n                                <span class=\"sby_likes\" >\n                                                                    <span class=\"sby_like_count\">0<\/span>\n                                <\/span>\n                                <span class=\"sby_comments\" >\n                                                                        <span class=\"sby_comment_count\">0<\/span>\n                                <\/span>\n                            <\/p>\n                                            <\/div>\n                <\/div>\n\n                <span class=\"sby-screenreader\">YouTube Video UEx0Q0tvVE9zX3RkcUJxN2FWTEllSnlkZ0kwZ08tc1NjUC4xMkVGQjNCMUM1N0RFNEUx<\/span>\n                                    <div class=\"sby_play_btn\" >\n                        <span class=\"sby_play_btn_bg\"><\/span>\n                    <svg aria-hidden=\"true\" focusable=\"false\" data-prefix=\"fab\" data-icon=\"youtube\" role=\"img\" xmlns=\"http:\/\/www.w3.org\/2000\/svg\" viewBox=\"0 0 576 512\" class=\"svg-inline--fa fa-youtube fa-w-18\"><path fill=\"currentColor\" d=\"M549.655 124.083c-6.281-23.65-24.787-42.276-48.284-48.597C458.781 64 288 64 288 64S117.22 64 74.629 75.486c-23.497 6.322-42.003 24.947-48.284 48.597-11.412 42.867-11.412 132.305-11.412 132.305s0 89.438 11.412 132.305c6.281 23.65 24.787 41.5 48.284 47.821C117.22 448 288 448 288 448s170.78 0 213.371-11.486c23.497-6.321 42.003-24.171 48.284-47.821 11.412-42.867 11.412-132.305 11.412-132.305s0-89.438-11.412-132.305zm-317.51 213.508V175.185l142.739 81.205-142.739 81.201z\" class=\"\"><\/path><\/svg>                    <\/div>\n                                <span class=\"sby_loader sby_hidden\" style=\"background-color: rgb(255, 255, 255);\"><\/span>\n            <\/a>\n\n            \n        <\/div>\n\n        \n<div class=\"sby_info sby_info_item\">\n\t<div class=\"sby-video-info-bottom\">\n\t\t<div class=\"sby-video-info\">\n\t\t\t\t\t\t\t<p class=\"sby_video_title_wrap\" >\n\t\t\t\t\t<span class=\"sby_video_title\">Como as compet\u00eancias socioemocionais s\u00e3o classificadas?<\/span>\n\t\t\t\t<\/p>\n\t\t\t\n\t\t\t\n\t\t\t\n\t\t\t\n\t\t\t\t\t<\/div>\n\n\t\t\t\t\t\t\t\t<\/div>\n<\/div>    <\/div>\n<\/div><div class=\"sby_item  sby_new sby_transition\" id=\"sby_UEx0Q0tvVE9zX3RkcUJxN2FWTEllSnlkZ0kwZ08tc1NjUC41MzJCQjBCNDIyRkJDN0VD\" data-date=\"1723032538\" data-video-id=\"1H8ERlZ7qKk\" data-video-title=\"Por que h\u00e1 um vale nas habilidades socioemocionais na adolesc\u00eancia?\" data-live-date=\"0\" data-channel-id=\"UCVzDV6uqfZIxgHZvgeMlCyg\" >\n    <div class=\"sby_inner_item\">\n        <div class=\"sby_video_thumbnail_wrap sby_item_video_thumbnail_wrap\">\n            <a class=\"sby_video_thumbnail sby_item_video_thumbnail\" style=\"background-image:url(https:\/\/www.amesuamente.org.br\/en\/wp-content\/plugins\/youtube-feed-pro\/img\/placeholder.png)\" href=\"https:\/\/www.youtube.com\/watch?v=1H8ERlZ7qKk\" target=\"_blank\" rel=\"noopener\" data-full-res=\"https:\/\/i.ytimg.com\/vi\/1H8ERlZ7qKk\/hqdefault.jpg\" data-img-src-set=\"{&quot;120&quot;:&quot;https:\\\/\\\/i.ytimg.com\\\/vi\\\/1H8ERlZ7qKk\\\/default.jpg&quot;,&quot;320&quot;:&quot;https:\\\/\\\/i.ytimg.com\\\/vi\\\/1H8ERlZ7qKk\\\/mqdefault.jpg&quot;,&quot;480&quot;:&quot;https:\\\/\\\/i.ytimg.com\\\/vi\\\/1H8ERlZ7qKk\\\/hqdefault.jpg&quot;,&quot;640&quot;:&quot;https:\\\/\\\/i.ytimg.com\\\/vi\\\/1H8ERlZ7qKk\\\/hqdefault.jpg&quot;}\" data-video-id=\"1H8ERlZ7qKk\"  data-user=\"Instituto Ame Sua Mente\" data-url=\"https:\/\/www.youtube.com\/watch?v=1H8ERlZ7qKk\" data-avatar=\"\" data-title=\"\" data-video-title=\"Por que h\u00e1 um vale nas habilidades socioemocionais na adolesc\u00eancia?\" data-channel-id=\"UCVzDV6uqfZIxgHZvgeMlCyg\" data-views=\"11 views\" data-published-date=\"1723032538\" data-formatted-published-date=\"7 de August de 2024 09:08\" data-comment-count=\"0\">\n                <img decoding=\"async\" src=\"https:\/\/www.amesuamente.org.br\/en\/wp-content\/plugins\/youtube-feed-pro\/img\/placeholder.png\" alt=\"\">\n                \n                <div class=\"sby_thumbnail_hover sby_item_video_thumbnail_hover\">\n                    <div class=\"sby_thumbnail_hover_inner\">\n                        \n                        \n                        \n                                                    <p class=\"sby_caption\" ><\/p>\n                        \n                                                    <p class=\"sby_stats\" >\n                                <span class=\"sby_likes\" >\n                                                                    <span class=\"sby_like_count\">0<\/span>\n                                <\/span>\n                                <span class=\"sby_comments\" >\n                                                                        <span class=\"sby_comment_count\">0<\/span>\n                                <\/span>\n                            <\/p>\n                                            <\/div>\n                <\/div>\n\n                <span class=\"sby-screenreader\">YouTube Video UEx0Q0tvVE9zX3RkcUJxN2FWTEllSnlkZ0kwZ08tc1NjUC41MzJCQjBCNDIyRkJDN0VD<\/span>\n                                    <div class=\"sby_play_btn\" >\n                        <span class=\"sby_play_btn_bg\"><\/span>\n                    <svg aria-hidden=\"true\" focusable=\"false\" data-prefix=\"fab\" data-icon=\"youtube\" role=\"img\" xmlns=\"http:\/\/www.w3.org\/2000\/svg\" viewBox=\"0 0 576 512\" class=\"svg-inline--fa fa-youtube fa-w-18\"><path fill=\"currentColor\" d=\"M549.655 124.083c-6.281-23.65-24.787-42.276-48.284-48.597C458.781 64 288 64 288 64S117.22 64 74.629 75.486c-23.497 6.322-42.003 24.947-48.284 48.597-11.412 42.867-11.412 132.305-11.412 132.305s0 89.438 11.412 132.305c6.281 23.65 24.787 41.5 48.284 47.821C117.22 448 288 448 288 448s170.78 0 213.371-11.486c23.497-6.321 42.003-24.171 48.284-47.821 11.412-42.867 11.412-132.305 11.412-132.305s0-89.438-11.412-132.305zm-317.51 213.508V175.185l142.739 81.205-142.739 81.201z\" class=\"\"><\/path><\/svg>                    <\/div>\n                                <span class=\"sby_loader sby_hidden\" style=\"background-color: rgb(255, 255, 255);\"><\/span>\n            <\/a>\n\n            \n        <\/div>\n\n        \n<div class=\"sby_info sby_info_item\">\n\t<div class=\"sby-video-info-bottom\">\n\t\t<div class=\"sby-video-info\">\n\t\t\t\t\t\t\t<p class=\"sby_video_title_wrap\" >\n\t\t\t\t\t<span class=\"sby_video_title\">Por que h\u00e1 um vale nas habilidades socioemocionais na adolesc\u00eancia?<\/span>\n\t\t\t\t<\/p>\n\t\t\t\n\t\t\t\n\t\t\t\n\t\t\t\n\t\t\t\t\t<\/div>\n\n\t\t\t\t\t\t\t\t<\/div>\n<\/div>    <\/div>\n<\/div><div class=\"sby_item  sby_new sby_transition\" id=\"sby_UEx0Q0tvVE9zX3RkcUJxN2FWTEllSnlkZ0kwZ08tc1NjUC5DQUNERDQ2NkIzRUQxNTY1\" data-date=\"1723033151\" data-video-id=\"cQ3-XnGmP_Q\" data-video-title=\"Temos diferentes dificuldades no desenvolvimento de habilidades socioemocionais?\" data-live-date=\"0\" data-channel-id=\"UCVzDV6uqfZIxgHZvgeMlCyg\" >\n    <div class=\"sby_inner_item\">\n        <div class=\"sby_video_thumbnail_wrap sby_item_video_thumbnail_wrap\">\n            <a class=\"sby_video_thumbnail sby_item_video_thumbnail\" style=\"background-image:url(https:\/\/www.amesuamente.org.br\/en\/wp-content\/plugins\/youtube-feed-pro\/img\/placeholder.png)\" href=\"https:\/\/www.youtube.com\/watch?v=cQ3-XnGmP_Q\" target=\"_blank\" rel=\"noopener\" data-full-res=\"https:\/\/i.ytimg.com\/vi\/cQ3-XnGmP_Q\/maxresdefault.jpg\" data-img-src-set=\"{&quot;120&quot;:&quot;https:\\\/\\\/i.ytimg.com\\\/vi\\\/cQ3-XnGmP_Q\\\/default.jpg&quot;,&quot;320&quot;:&quot;https:\\\/\\\/i.ytimg.com\\\/vi\\\/cQ3-XnGmP_Q\\\/mqdefault.jpg&quot;,&quot;480&quot;:&quot;https:\\\/\\\/i.ytimg.com\\\/vi\\\/cQ3-XnGmP_Q\\\/hqdefault.jpg&quot;,&quot;640&quot;:&quot;https:\\\/\\\/i.ytimg.com\\\/vi\\\/cQ3-XnGmP_Q\\\/sddefault.jpg&quot;}\" data-video-id=\"cQ3-XnGmP_Q\"  data-user=\"Instituto Ame Sua Mente\" data-url=\"https:\/\/www.youtube.com\/watch?v=cQ3-XnGmP_Q\" data-avatar=\"\" data-title=\"\" data-video-title=\"Temos diferentes dificuldades no desenvolvimento de habilidades socioemocionais?\" data-channel-id=\"UCVzDV6uqfZIxgHZvgeMlCyg\" data-views=\"12 views\" data-published-date=\"1723033151\" data-formatted-published-date=\"7 de August de 2024 09:19\" data-comment-count=\"0\">\n                <img decoding=\"async\" src=\"https:\/\/www.amesuamente.org.br\/en\/wp-content\/plugins\/youtube-feed-pro\/img\/placeholder.png\" alt=\"\">\n                \n                <div class=\"sby_thumbnail_hover sby_item_video_thumbnail_hover\">\n                    <div class=\"sby_thumbnail_hover_inner\">\n                        \n                        \n                        \n                                                    <p class=\"sby_caption\" ><\/p>\n                        \n                                                    <p class=\"sby_stats\" >\n                                <span class=\"sby_likes\" >\n                                                                    <span class=\"sby_like_count\">1<\/span>\n                                <\/span>\n                                <span class=\"sby_comments\" >\n                                                                        <span class=\"sby_comment_count\">0<\/span>\n                                <\/span>\n                            <\/p>\n                                            <\/div>\n                <\/div>\n\n                <span class=\"sby-screenreader\">YouTube Video UEx0Q0tvVE9zX3RkcUJxN2FWTEllSnlkZ0kwZ08tc1NjUC5DQUNERDQ2NkIzRUQxNTY1<\/span>\n                                    <div class=\"sby_play_btn\" >\n                        <span class=\"sby_play_btn_bg\"><\/span>\n                    <svg aria-hidden=\"true\" focusable=\"false\" data-prefix=\"fab\" data-icon=\"youtube\" role=\"img\" xmlns=\"http:\/\/www.w3.org\/2000\/svg\" viewBox=\"0 0 576 512\" class=\"svg-inline--fa fa-youtube fa-w-18\"><path fill=\"currentColor\" d=\"M549.655 124.083c-6.281-23.65-24.787-42.276-48.284-48.597C458.781 64 288 64 288 64S117.22 64 74.629 75.486c-23.497 6.322-42.003 24.947-48.284 48.597-11.412 42.867-11.412 132.305-11.412 132.305s0 89.438 11.412 132.305c6.281 23.65 24.787 41.5 48.284 47.821C117.22 448 288 448 288 448s170.78 0 213.371-11.486c23.497-6.321 42.003-24.171 48.284-47.821 11.412-42.867 11.412-132.305 11.412-132.305s0-89.438-11.412-132.305zm-317.51 213.508V175.185l142.739 81.205-142.739 81.201z\" class=\"\"><\/path><\/svg>                    <\/div>\n                                <span class=\"sby_loader sby_hidden\" style=\"background-color: rgb(255, 255, 255);\"><\/span>\n            <\/a>\n\n            \n        <\/div>\n\n        \n<div class=\"sby_info sby_info_item\">\n\t<div class=\"sby-video-info-bottom\">\n\t\t<div class=\"sby-video-info\">\n\t\t\t\t\t\t\t<p class=\"sby_video_title_wrap\" >\n\t\t\t\t\t<span class=\"sby_video_title\">Temos diferentes dificuldades no desenvolvimento de habilidades socioemocionais?<\/span>\n\t\t\t\t<\/p>\n\t\t\t\n\t\t\t\n\t\t\t\n\t\t\t\n\t\t\t\t\t<\/div>\n\n\t\t\t\t\t\t\t\t<\/div>\n<\/div>    <\/div>\n<\/div><div class=\"sby_item  sby_new sby_transition\" id=\"sby_UEx0Q0tvVE9zX3RkcUJxN2FWTEllSnlkZ0kwZ08tc1NjUC45NDk1REZENzhEMzU5MDQz\" data-date=\"1723033420\" data-video-id=\"HZQnYv7Y2gI\" data-video-title=\"Qual compet\u00eancia socioemocional \u00e9 mais importante?\" data-live-date=\"0\" data-channel-id=\"UCVzDV6uqfZIxgHZvgeMlCyg\" >\n    <div class=\"sby_inner_item\">\n        <div class=\"sby_video_thumbnail_wrap sby_item_video_thumbnail_wrap\">\n            <a class=\"sby_video_thumbnail sby_item_video_thumbnail\" style=\"background-image:url(https:\/\/www.amesuamente.org.br\/en\/wp-content\/plugins\/youtube-feed-pro\/img\/placeholder.png)\" href=\"https:\/\/www.youtube.com\/watch?v=HZQnYv7Y2gI\" target=\"_blank\" rel=\"noopener\" data-full-res=\"https:\/\/i.ytimg.com\/vi\/HZQnYv7Y2gI\/maxresdefault.jpg\" data-img-src-set=\"{&quot;120&quot;:&quot;https:\\\/\\\/i.ytimg.com\\\/vi\\\/HZQnYv7Y2gI\\\/default.jpg&quot;,&quot;320&quot;:&quot;https:\\\/\\\/i.ytimg.com\\\/vi\\\/HZQnYv7Y2gI\\\/mqdefault.jpg&quot;,&quot;480&quot;:&quot;https:\\\/\\\/i.ytimg.com\\\/vi\\\/HZQnYv7Y2gI\\\/hqdefault.jpg&quot;,&quot;640&quot;:&quot;https:\\\/\\\/i.ytimg.com\\\/vi\\\/HZQnYv7Y2gI\\\/sddefault.jpg&quot;}\" data-video-id=\"HZQnYv7Y2gI\"  data-user=\"Instituto Ame Sua Mente\" data-url=\"https:\/\/www.youtube.com\/watch?v=HZQnYv7Y2gI\" data-avatar=\"\" data-title=\"\" data-video-title=\"Qual compet\u00eancia socioemocional \u00e9 mais importante?\" data-channel-id=\"UCVzDV6uqfZIxgHZvgeMlCyg\" data-views=\"21 views\" data-published-date=\"1723033420\" data-formatted-published-date=\"7 de August de 2024 09:23\" data-comment-count=\"0\">\n                <img decoding=\"async\" src=\"https:\/\/www.amesuamente.org.br\/en\/wp-content\/plugins\/youtube-feed-pro\/img\/placeholder.png\" alt=\"\">\n                \n                <div class=\"sby_thumbnail_hover sby_item_video_thumbnail_hover\">\n                    <div class=\"sby_thumbnail_hover_inner\">\n                        \n                        \n                        \n                                                    <p class=\"sby_caption\" ><\/p>\n                        \n                                                    <p class=\"sby_stats\" >\n                                <span class=\"sby_likes\" >\n                                                                    <span class=\"sby_like_count\">4<\/span>\n                                <\/span>\n                                <span class=\"sby_comments\" >\n                                                                        <span class=\"sby_comment_count\">0<\/span>\n                                <\/span>\n                            <\/p>\n                                            <\/div>\n                <\/div>\n\n                <span class=\"sby-screenreader\">YouTube Video UEx0Q0tvVE9zX3RkcUJxN2FWTEllSnlkZ0kwZ08tc1NjUC45NDk1REZENzhEMzU5MDQz<\/span>\n                                    <div class=\"sby_play_btn\" >\n                        <span class=\"sby_play_btn_bg\"><\/span>\n                    <svg aria-hidden=\"true\" focusable=\"false\" data-prefix=\"fab\" data-icon=\"youtube\" role=\"img\" xmlns=\"http:\/\/www.w3.org\/2000\/svg\" viewBox=\"0 0 576 512\" class=\"svg-inline--fa fa-youtube fa-w-18\"><path fill=\"currentColor\" d=\"M549.655 124.083c-6.281-23.65-24.787-42.276-48.284-48.597C458.781 64 288 64 288 64S117.22 64 74.629 75.486c-23.497 6.322-42.003 24.947-48.284 48.597-11.412 42.867-11.412 132.305-11.412 132.305s0 89.438 11.412 132.305c6.281 23.65 24.787 41.5 48.284 47.821C117.22 448 288 448 288 448s170.78 0 213.371-11.486c23.497-6.321 42.003-24.171 48.284-47.821 11.412-42.867 11.412-132.305 11.412-132.305s0-89.438-11.412-132.305zm-317.51 213.508V175.185l142.739 81.205-142.739 81.201z\" class=\"\"><\/path><\/svg>                    <\/div>\n                                <span class=\"sby_loader sby_hidden\" style=\"background-color: rgb(255, 255, 255);\"><\/span>\n            <\/a>\n\n            \n        <\/div>\n\n        \n<div class=\"sby_info sby_info_item\">\n\t<div class=\"sby-video-info-bottom\">\n\t\t<div class=\"sby-video-info\">\n\t\t\t\t\t\t\t<p class=\"sby_video_title_wrap\" >\n\t\t\t\t\t<span class=\"sby_video_title\">Qual compet\u00eancia socioemocional \u00e9 mais importante?<\/span>\n\t\t\t\t<\/p>\n\t\t\t\n\t\t\t\n\t\t\t\n\t\t\t\n\t\t\t\t\t<\/div>\n\n\t\t\t\t\t\t\t\t<\/div>\n<\/div>    <\/div>\n<\/div><div class=\"sby_item  sby_new sby_transition\" id=\"sby_UEx0Q0tvVE9zX3RkcUJxN2FWTEllSnlkZ0kwZ08tc1NjUC5GNjNDRDREMDQxOThCMDQ2\" data-date=\"1723033655\" data-video-id=\"vIlKSg8BD5o\" data-video-title=\"Como entender as pr\u00f3prias emo\u00e7\u00f5es?\" data-live-date=\"0\" data-channel-id=\"UCVzDV6uqfZIxgHZvgeMlCyg\" >\n    <div class=\"sby_inner_item\">\n        <div class=\"sby_video_thumbnail_wrap sby_item_video_thumbnail_wrap\">\n            <a class=\"sby_video_thumbnail sby_item_video_thumbnail\" style=\"background-image:url(https:\/\/www.amesuamente.org.br\/en\/wp-content\/plugins\/youtube-feed-pro\/img\/placeholder.png)\" href=\"https:\/\/www.youtube.com\/watch?v=vIlKSg8BD5o\" target=\"_blank\" rel=\"noopener\" data-full-res=\"https:\/\/i.ytimg.com\/vi\/vIlKSg8BD5o\/maxresdefault.jpg\" data-img-src-set=\"{&quot;120&quot;:&quot;https:\\\/\\\/i.ytimg.com\\\/vi\\\/vIlKSg8BD5o\\\/default.jpg&quot;,&quot;320&quot;:&quot;https:\\\/\\\/i.ytimg.com\\\/vi\\\/vIlKSg8BD5o\\\/mqdefault.jpg&quot;,&quot;480&quot;:&quot;https:\\\/\\\/i.ytimg.com\\\/vi\\\/vIlKSg8BD5o\\\/hqdefault.jpg&quot;,&quot;640&quot;:&quot;https:\\\/\\\/i.ytimg.com\\\/vi\\\/vIlKSg8BD5o\\\/sddefault.jpg&quot;}\" data-video-id=\"vIlKSg8BD5o\"  data-user=\"Instituto Ame Sua Mente\" data-url=\"https:\/\/www.youtube.com\/watch?v=vIlKSg8BD5o\" data-avatar=\"\" data-title=\"\" data-video-title=\"Como entender as pr\u00f3prias emo\u00e7\u00f5es?\" data-channel-id=\"UCVzDV6uqfZIxgHZvgeMlCyg\" data-views=\"35 views\" data-published-date=\"1723033655\" data-formatted-published-date=\"7 de August de 2024 09:27\" data-comment-count=\"0\">\n                <img decoding=\"async\" src=\"https:\/\/www.amesuamente.org.br\/en\/wp-content\/plugins\/youtube-feed-pro\/img\/placeholder.png\" alt=\"\">\n                \n                <div class=\"sby_thumbnail_hover sby_item_video_thumbnail_hover\">\n                    <div class=\"sby_thumbnail_hover_inner\">\n                        \n                        \n                        \n                                                    <p class=\"sby_caption\" ><\/p>\n                        \n                                                    <p class=\"sby_stats\" >\n                                <span class=\"sby_likes\" >\n                                                                    <span class=\"sby_like_count\">0<\/span>\n                                <\/span>\n                                <span class=\"sby_comments\" >\n                                                                        <span class=\"sby_comment_count\">0<\/span>\n                                <\/span>\n                            <\/p>\n                                            <\/div>\n                <\/div>\n\n                <span class=\"sby-screenreader\">YouTube Video UEx0Q0tvVE9zX3RkcUJxN2FWTEllSnlkZ0kwZ08tc1NjUC5GNjNDRDREMDQxOThCMDQ2<\/span>\n                                    <div class=\"sby_play_btn\" >\n                        <span class=\"sby_play_btn_bg\"><\/span>\n                    <svg aria-hidden=\"true\" focusable=\"false\" data-prefix=\"fab\" data-icon=\"youtube\" role=\"img\" xmlns=\"http:\/\/www.w3.org\/2000\/svg\" viewBox=\"0 0 576 512\" class=\"svg-inline--fa fa-youtube fa-w-18\"><path fill=\"currentColor\" d=\"M549.655 124.083c-6.281-23.65-24.787-42.276-48.284-48.597C458.781 64 288 64 288 64S117.22 64 74.629 75.486c-23.497 6.322-42.003 24.947-48.284 48.597-11.412 42.867-11.412 132.305-11.412 132.305s0 89.438 11.412 132.305c6.281 23.65 24.787 41.5 48.284 47.821C117.22 448 288 448 288 448s170.78 0 213.371-11.486c23.497-6.321 42.003-24.171 48.284-47.821 11.412-42.867 11.412-132.305 11.412-132.305s0-89.438-11.412-132.305zm-317.51 213.508V175.185l142.739 81.205-142.739 81.201z\" class=\"\"><\/path><\/svg>                    <\/div>\n                                <span class=\"sby_loader sby_hidden\" style=\"background-color: rgb(255, 255, 255);\"><\/span>\n            <\/a>\n\n            \n        <\/div>\n\n        \n<div class=\"sby_info sby_info_item\">\n\t<div class=\"sby-video-info-bottom\">\n\t\t<div class=\"sby-video-info\">\n\t\t\t\t\t\t\t<p class=\"sby_video_title_wrap\" >\n\t\t\t\t\t<span class=\"sby_video_title\">Como entender as pr\u00f3prias emo\u00e7\u00f5es?<\/span>\n\t\t\t\t<\/p>\n\t\t\t\n\t\t\t\n\t\t\t\n\t\t\t\n\t\t\t\t\t<\/div>\n\n\t\t\t\t\t\t\t\t<\/div>\n<\/div>    <\/div>\n<\/div><div class=\"sby_item  sby_new sby_transition\" id=\"sby_UEx0Q0tvVE9zX3RkcUJxN2FWTEllSnlkZ0kwZ08tc1NjUC40NzZCMERDMjVEN0RFRThB\" data-date=\"1723034906\" data-video-id=\"LRxUcjJ8rmE\" data-video-title=\"Como a educa\u00e7\u00e3o infantil contribui para o nosso desenvolvimento?\" data-live-date=\"0\" data-channel-id=\"UCVzDV6uqfZIxgHZvgeMlCyg\" >\n    <div class=\"sby_inner_item\">\n        <div class=\"sby_video_thumbnail_wrap sby_item_video_thumbnail_wrap\">\n            <a class=\"sby_video_thumbnail sby_item_video_thumbnail\" style=\"background-image:url(https:\/\/www.amesuamente.org.br\/en\/wp-content\/plugins\/youtube-feed-pro\/img\/placeholder.png)\" href=\"https:\/\/www.youtube.com\/watch?v=LRxUcjJ8rmE\" target=\"_blank\" rel=\"noopener\" data-full-res=\"https:\/\/i.ytimg.com\/vi\/LRxUcjJ8rmE\/hqdefault.jpg\" data-img-src-set=\"{&quot;120&quot;:&quot;https:\\\/\\\/i.ytimg.com\\\/vi\\\/LRxUcjJ8rmE\\\/default.jpg&quot;,&quot;320&quot;:&quot;https:\\\/\\\/i.ytimg.com\\\/vi\\\/LRxUcjJ8rmE\\\/mqdefault.jpg&quot;,&quot;480&quot;:&quot;https:\\\/\\\/i.ytimg.com\\\/vi\\\/LRxUcjJ8rmE\\\/hqdefault.jpg&quot;,&quot;640&quot;:&quot;https:\\\/\\\/i.ytimg.com\\\/vi\\\/LRxUcjJ8rmE\\\/hqdefault.jpg&quot;}\" data-video-id=\"LRxUcjJ8rmE\"  data-user=\"Instituto Ame Sua Mente\" data-url=\"https:\/\/www.youtube.com\/watch?v=LRxUcjJ8rmE\" data-avatar=\"\" data-title=\"\" data-video-title=\"Como a educa\u00e7\u00e3o infantil contribui para o nosso desenvolvimento?\" data-channel-id=\"UCVzDV6uqfZIxgHZvgeMlCyg\" data-views=\"113 views\" data-published-date=\"1723034906\" data-formatted-published-date=\"7 de August de 2024 09:48\" data-comment-count=\"0\">\n                <img decoding=\"async\" src=\"https:\/\/www.amesuamente.org.br\/en\/wp-content\/plugins\/youtube-feed-pro\/img\/placeholder.png\" alt=\"\">\n                \n                <div class=\"sby_thumbnail_hover sby_item_video_thumbnail_hover\">\n                    <div class=\"sby_thumbnail_hover_inner\">\n                        \n                        \n                        \n                                                    <p class=\"sby_caption\" ><\/p>\n                        \n                                                    <p class=\"sby_stats\" >\n                                <span class=\"sby_likes\" >\n                                                                    <span class=\"sby_like_count\">0<\/span>\n                                <\/span>\n                                <span class=\"sby_comments\" >\n                                                                        <span class=\"sby_comment_count\">0<\/span>\n                                <\/span>\n                            <\/p>\n                                            <\/div>\n                <\/div>\n\n                <span class=\"sby-screenreader\">YouTube Video UEx0Q0tvVE9zX3RkcUJxN2FWTEllSnlkZ0kwZ08tc1NjUC40NzZCMERDMjVEN0RFRThB<\/span>\n                                    <div class=\"sby_play_btn\" >\n                        <span class=\"sby_play_btn_bg\"><\/span>\n                    <svg aria-hidden=\"true\" focusable=\"false\" data-prefix=\"fab\" data-icon=\"youtube\" role=\"img\" xmlns=\"http:\/\/www.w3.org\/2000\/svg\" viewBox=\"0 0 576 512\" class=\"svg-inline--fa fa-youtube fa-w-18\"><path fill=\"currentColor\" d=\"M549.655 124.083c-6.281-23.65-24.787-42.276-48.284-48.597C458.781 64 288 64 288 64S117.22 64 74.629 75.486c-23.497 6.322-42.003 24.947-48.284 48.597-11.412 42.867-11.412 132.305-11.412 132.305s0 89.438 11.412 132.305c6.281 23.65 24.787 41.5 48.284 47.821C117.22 448 288 448 288 448s170.78 0 213.371-11.486c23.497-6.321 42.003-24.171 48.284-47.821 11.412-42.867 11.412-132.305 11.412-132.305s0-89.438-11.412-132.305zm-317.51 213.508V175.185l142.739 81.205-142.739 81.201z\" class=\"\"><\/path><\/svg>                    <\/div>\n                                <span class=\"sby_loader sby_hidden\" style=\"background-color: rgb(255, 255, 255);\"><\/span>\n            <\/a>\n\n            \n        <\/div>\n\n        \n<div class=\"sby_info sby_info_item\">\n\t<div class=\"sby-video-info-bottom\">\n\t\t<div class=\"sby-video-info\">\n\t\t\t\t\t\t\t<p class=\"sby_video_title_wrap\" >\n\t\t\t\t\t<span class=\"sby_video_title\">Como a educa\u00e7\u00e3o infantil contribui para o nosso desenvolvimento?<\/span>\n\t\t\t\t<\/p>\n\t\t\t\n\t\t\t\n\t\t\t\n\t\t\t\n\t\t\t\t\t<\/div>\n\n\t\t\t\t\t\t\t\t<\/div>\n<\/div>    <\/div>\n<\/div><div class=\"sby_item  sby_new sby_transition\" id=\"sby_UEx0Q0tvVE9zX3RkcUJxN2FWTEllSnlkZ0kwZ08tc1NjUC5EMEEwRUY5M0RDRTU3NDJC\" data-date=\"1723037969\" data-video-id=\"jUqvjrLtOh0\" data-video-title=\"Por que educadores precisam desenvolver compet\u00eancias socioemocionais?\" data-live-date=\"0\" data-channel-id=\"UCVzDV6uqfZIxgHZvgeMlCyg\" >\n    <div class=\"sby_inner_item\">\n        <div class=\"sby_video_thumbnail_wrap sby_item_video_thumbnail_wrap\">\n            <a class=\"sby_video_thumbnail sby_item_video_thumbnail\" style=\"background-image:url(https:\/\/www.amesuamente.org.br\/en\/wp-content\/plugins\/youtube-feed-pro\/img\/placeholder.png)\" href=\"https:\/\/www.youtube.com\/watch?v=jUqvjrLtOh0\" target=\"_blank\" rel=\"noopener\" data-full-res=\"https:\/\/i.ytimg.com\/vi\/jUqvjrLtOh0\/hqdefault.jpg\" data-img-src-set=\"{&quot;120&quot;:&quot;https:\\\/\\\/i.ytimg.com\\\/vi\\\/jUqvjrLtOh0\\\/default.jpg&quot;,&quot;320&quot;:&quot;https:\\\/\\\/i.ytimg.com\\\/vi\\\/jUqvjrLtOh0\\\/mqdefault.jpg&quot;,&quot;480&quot;:&quot;https:\\\/\\\/i.ytimg.com\\\/vi\\\/jUqvjrLtOh0\\\/hqdefault.jpg&quot;,&quot;640&quot;:&quot;https:\\\/\\\/i.ytimg.com\\\/vi\\\/jUqvjrLtOh0\\\/hqdefault.jpg&quot;}\" data-video-id=\"jUqvjrLtOh0\"  data-user=\"Instituto Ame Sua Mente\" data-url=\"https:\/\/www.youtube.com\/watch?v=jUqvjrLtOh0\" data-avatar=\"\" data-title=\"\" data-video-title=\"Por que educadores precisam desenvolver compet\u00eancias socioemocionais?\" data-channel-id=\"UCVzDV6uqfZIxgHZvgeMlCyg\" data-views=\"12 views\" data-published-date=\"1723037969\" data-formatted-published-date=\"7 de August de 2024 10:39\" data-comment-count=\"0\">\n                <img decoding=\"async\" src=\"https:\/\/www.amesuamente.org.br\/en\/wp-content\/plugins\/youtube-feed-pro\/img\/placeholder.png\" alt=\"\">\n                \n                <div class=\"sby_thumbnail_hover sby_item_video_thumbnail_hover\">\n                    <div class=\"sby_thumbnail_hover_inner\">\n                        \n                        \n                        \n                                                    <p class=\"sby_caption\" ><\/p>\n                        \n                                                    <p class=\"sby_stats\" >\n                                <span class=\"sby_likes\" >\n                                                                    <span class=\"sby_like_count\">1<\/span>\n                                <\/span>\n                                <span class=\"sby_comments\" >\n                                                                        <span class=\"sby_comment_count\">0<\/span>\n                                <\/span>\n                            <\/p>\n                                            <\/div>\n                <\/div>\n\n                <span class=\"sby-screenreader\">YouTube Video UEx0Q0tvVE9zX3RkcUJxN2FWTEllSnlkZ0kwZ08tc1NjUC5EMEEwRUY5M0RDRTU3NDJC<\/span>\n                                    <div class=\"sby_play_btn\" >\n                        <span class=\"sby_play_btn_bg\"><\/span>\n                    <svg aria-hidden=\"true\" focusable=\"false\" data-prefix=\"fab\" data-icon=\"youtube\" role=\"img\" xmlns=\"http:\/\/www.w3.org\/2000\/svg\" viewBox=\"0 0 576 512\" class=\"svg-inline--fa fa-youtube fa-w-18\"><path fill=\"currentColor\" d=\"M549.655 124.083c-6.281-23.65-24.787-42.276-48.284-48.597C458.781 64 288 64 288 64S117.22 64 74.629 75.486c-23.497 6.322-42.003 24.947-48.284 48.597-11.412 42.867-11.412 132.305-11.412 132.305s0 89.438 11.412 132.305c6.281 23.65 24.787 41.5 48.284 47.821C117.22 448 288 448 288 448s170.78 0 213.371-11.486c23.497-6.321 42.003-24.171 48.284-47.821 11.412-42.867 11.412-132.305 11.412-132.305s0-89.438-11.412-132.305zm-317.51 213.508V175.185l142.739 81.205-142.739 81.201z\" class=\"\"><\/path><\/svg>                    <\/div>\n                                <span class=\"sby_loader sby_hidden\" style=\"background-color: rgb(255, 255, 255);\"><\/span>\n            <\/a>\n\n            \n        <\/div>\n\n        \n<div class=\"sby_info sby_info_item\">\n\t<div class=\"sby-video-info-bottom\">\n\t\t<div class=\"sby-video-info\">\n\t\t\t\t\t\t\t<p class=\"sby_video_title_wrap\" >\n\t\t\t\t\t<span class=\"sby_video_title\">Por que educadores precisam desenvolver compet\u00eancias socioemocionais?<\/span>\n\t\t\t\t<\/p>\n\t\t\t\n\t\t\t\n\t\t\t\n\t\t\t\n\t\t\t\t\t<\/div>\n\n\t\t\t\t\t\t\t\t<\/div>\n<\/div>    <\/div>\n<\/div><div class=\"sby_item  sby_new sby_transition\" id=\"sby_UEx0Q0tvVE9zX3RkcUJxN2FWTEllSnlkZ0kwZ08tc1NjUC45ODRDNTg0QjA4NkFBNkQy\" data-date=\"1723038866\" data-video-id=\"X00OfmCs7KU\" data-video-title=\"Qual a rela\u00e7\u00e3o entre compet\u00eancias socioemocionais e preven\u00e7\u00e3o de transtornos mentais?\" data-live-date=\"0\" data-channel-id=\"UCVzDV6uqfZIxgHZvgeMlCyg\" >\n    <div class=\"sby_inner_item\">\n        <div class=\"sby_video_thumbnail_wrap sby_item_video_thumbnail_wrap\">\n            <a class=\"sby_video_thumbnail sby_item_video_thumbnail\" style=\"background-image:url(https:\/\/www.amesuamente.org.br\/en\/wp-content\/plugins\/youtube-feed-pro\/img\/placeholder.png)\" href=\"https:\/\/www.youtube.com\/watch?v=X00OfmCs7KU\" target=\"_blank\" rel=\"noopener\" data-full-res=\"https:\/\/i.ytimg.com\/vi\/X00OfmCs7KU\/hqdefault.jpg\" data-img-src-set=\"{&quot;120&quot;:&quot;https:\\\/\\\/i.ytimg.com\\\/vi\\\/X00OfmCs7KU\\\/default.jpg&quot;,&quot;320&quot;:&quot;https:\\\/\\\/i.ytimg.com\\\/vi\\\/X00OfmCs7KU\\\/mqdefault.jpg&quot;,&quot;480&quot;:&quot;https:\\\/\\\/i.ytimg.com\\\/vi\\\/X00OfmCs7KU\\\/hqdefault.jpg&quot;,&quot;640&quot;:&quot;https:\\\/\\\/i.ytimg.com\\\/vi\\\/X00OfmCs7KU\\\/hqdefault.jpg&quot;}\" data-video-id=\"X00OfmCs7KU\"  data-user=\"Instituto Ame Sua Mente\" data-url=\"https:\/\/www.youtube.com\/watch?v=X00OfmCs7KU\" data-avatar=\"\" data-title=\"\" data-video-title=\"Qual a rela\u00e7\u00e3o entre compet\u00eancias socioemocionais e preven\u00e7\u00e3o de transtornos mentais?\" data-channel-id=\"UCVzDV6uqfZIxgHZvgeMlCyg\" data-views=\"4 views\" data-published-date=\"1723038866\" data-formatted-published-date=\"7 de August de 2024 10:54\" data-comment-count=\"0\">\n                <img decoding=\"async\" src=\"https:\/\/www.amesuamente.org.br\/en\/wp-content\/plugins\/youtube-feed-pro\/img\/placeholder.png\" alt=\"\">\n                \n                <div class=\"sby_thumbnail_hover sby_item_video_thumbnail_hover\">\n                    <div class=\"sby_thumbnail_hover_inner\">\n                        \n                        \n                        \n                                                    <p class=\"sby_caption\" ><\/p>\n                        \n                                                    <p class=\"sby_stats\" >\n                                <span class=\"sby_likes\" >\n                                                                    <span class=\"sby_like_count\">1<\/span>\n                                <\/span>\n                                <span class=\"sby_comments\" >\n                                                                        <span class=\"sby_comment_count\">0<\/span>\n                                <\/span>\n                            <\/p>\n                                            <\/div>\n                <\/div>\n\n                <span class=\"sby-screenreader\">YouTube Video UEx0Q0tvVE9zX3RkcUJxN2FWTEllSnlkZ0kwZ08tc1NjUC45ODRDNTg0QjA4NkFBNkQy<\/span>\n                                    <div class=\"sby_play_btn\" >\n                        <span class=\"sby_play_btn_bg\"><\/span>\n                    <svg aria-hidden=\"true\" focusable=\"false\" data-prefix=\"fab\" data-icon=\"youtube\" role=\"img\" xmlns=\"http:\/\/www.w3.org\/2000\/svg\" viewBox=\"0 0 576 512\" class=\"svg-inline--fa fa-youtube fa-w-18\"><path fill=\"currentColor\" d=\"M549.655 124.083c-6.281-23.65-24.787-42.276-48.284-48.597C458.781 64 288 64 288 64S117.22 64 74.629 75.486c-23.497 6.322-42.003 24.947-48.284 48.597-11.412 42.867-11.412 132.305-11.412 132.305s0 89.438 11.412 132.305c6.281 23.65 24.787 41.5 48.284 47.821C117.22 448 288 448 288 448s170.78 0 213.371-11.486c23.497-6.321 42.003-24.171 48.284-47.821 11.412-42.867 11.412-132.305 11.412-132.305s0-89.438-11.412-132.305zm-317.51 213.508V175.185l142.739 81.205-142.739 81.201z\" class=\"\"><\/path><\/svg>                    <\/div>\n                                <span class=\"sby_loader sby_hidden\" style=\"background-color: rgb(255, 255, 255);\"><\/span>\n            <\/a>\n\n            \n        <\/div>\n\n        \n<div class=\"sby_info sby_info_item\">\n\t<div class=\"sby-video-info-bottom\">\n\t\t<div class=\"sby-video-info\">\n\t\t\t\t\t\t\t<p class=\"sby_video_title_wrap\" >\n\t\t\t\t\t<span class=\"sby_video_title\">Qual a rela\u00e7\u00e3o entre compet\u00eancias socioemocionais e preven\u00e7\u00e3o de transtornos mentais?<\/span>\n\t\t\t\t<\/p>\n\t\t\t\n\t\t\t\n\t\t\t\n\t\t\t\n\t\t\t\t\t<\/div>\n\n\t\t\t\t\t\t\t\t<\/div>\n<\/div>    <\/div>\n<\/div><div class=\"sby_item  sby_new sby_transition\" id=\"sby_UEx0Q0tvVE9zX3RkcUJxN2FWTEllSnlkZ0kwZ08tc1NjUC4zMDg5MkQ5MEVDMEM1NTg2\" data-date=\"1723040205\" data-video-id=\"fyOFDDKd_Z0\" data-video-title=\"Como a sa\u00fade mental influencia a prepara\u00e7\u00e3o para o vestibular?\" data-live-date=\"0\" data-channel-id=\"UCVzDV6uqfZIxgHZvgeMlCyg\" >\n    <div class=\"sby_inner_item\">\n        <div class=\"sby_video_thumbnail_wrap sby_item_video_thumbnail_wrap\">\n            <a class=\"sby_video_thumbnail sby_item_video_thumbnail\" style=\"background-image:url(https:\/\/www.amesuamente.org.br\/en\/wp-content\/plugins\/youtube-feed-pro\/img\/placeholder.png)\" href=\"https:\/\/www.youtube.com\/watch?v=fyOFDDKd_Z0\" target=\"_blank\" rel=\"noopener\" data-full-res=\"https:\/\/i.ytimg.com\/vi\/fyOFDDKd_Z0\/hqdefault.jpg\" data-img-src-set=\"{&quot;120&quot;:&quot;https:\\\/\\\/i.ytimg.com\\\/vi\\\/fyOFDDKd_Z0\\\/default.jpg&quot;,&quot;320&quot;:&quot;https:\\\/\\\/i.ytimg.com\\\/vi\\\/fyOFDDKd_Z0\\\/mqdefault.jpg&quot;,&quot;480&quot;:&quot;https:\\\/\\\/i.ytimg.com\\\/vi\\\/fyOFDDKd_Z0\\\/hqdefault.jpg&quot;,&quot;640&quot;:&quot;https:\\\/\\\/i.ytimg.com\\\/vi\\\/fyOFDDKd_Z0\\\/hqdefault.jpg&quot;}\" data-video-id=\"fyOFDDKd_Z0\"  data-user=\"Instituto Ame Sua Mente\" data-url=\"https:\/\/www.youtube.com\/watch?v=fyOFDDKd_Z0\" data-avatar=\"\" data-title=\"\" data-video-title=\"Como a sa\u00fade mental influencia a prepara\u00e7\u00e3o para o vestibular?\" data-channel-id=\"UCVzDV6uqfZIxgHZvgeMlCyg\" data-views=\"17 views\" data-published-date=\"1723040205\" data-formatted-published-date=\"7 de August de 2024 11:16\" data-comment-count=\"0\">\n                <img decoding=\"async\" src=\"https:\/\/www.amesuamente.org.br\/en\/wp-content\/plugins\/youtube-feed-pro\/img\/placeholder.png\" alt=\"\">\n                \n                <div class=\"sby_thumbnail_hover sby_item_video_thumbnail_hover\">\n                    <div class=\"sby_thumbnail_hover_inner\">\n                        \n                        \n                        \n                                                    <p class=\"sby_caption\" ><\/p>\n                        \n                                                    <p class=\"sby_stats\" >\n                                <span class=\"sby_likes\" >\n                                                                    <span class=\"sby_like_count\">1<\/span>\n                                <\/span>\n                                <span class=\"sby_comments\" >\n                                                                        <span class=\"sby_comment_count\">0<\/span>\n                                <\/span>\n                            <\/p>\n                                            <\/div>\n                <\/div>\n\n                <span class=\"sby-screenreader\">YouTube Video UEx0Q0tvVE9zX3RkcUJxN2FWTEllSnlkZ0kwZ08tc1NjUC4zMDg5MkQ5MEVDMEM1NTg2<\/span>\n                                    <div class=\"sby_play_btn\" >\n                        <span class=\"sby_play_btn_bg\"><\/span>\n                    <svg aria-hidden=\"true\" focusable=\"false\" data-prefix=\"fab\" data-icon=\"youtube\" role=\"img\" xmlns=\"http:\/\/www.w3.org\/2000\/svg\" viewBox=\"0 0 576 512\" class=\"svg-inline--fa fa-youtube fa-w-18\"><path fill=\"currentColor\" d=\"M549.655 124.083c-6.281-23.65-24.787-42.276-48.284-48.597C458.781 64 288 64 288 64S117.22 64 74.629 75.486c-23.497 6.322-42.003 24.947-48.284 48.597-11.412 42.867-11.412 132.305-11.412 132.305s0 89.438 11.412 132.305c6.281 23.65 24.787 41.5 48.284 47.821C117.22 448 288 448 288 448s170.78 0 213.371-11.486c23.497-6.321 42.003-24.171 48.284-47.821 11.412-42.867 11.412-132.305 11.412-132.305s0-89.438-11.412-132.305zm-317.51 213.508V175.185l142.739 81.205-142.739 81.201z\" class=\"\"><\/path><\/svg>                    <\/div>\n                                <span class=\"sby_loader sby_hidden\" style=\"background-color: rgb(255, 255, 255);\"><\/span>\n            <\/a>\n\n            \n        <\/div>\n\n        \n<div class=\"sby_info sby_info_item\">\n\t<div class=\"sby-video-info-bottom\">\n\t\t<div class=\"sby-video-info\">\n\t\t\t\t\t\t\t<p class=\"sby_video_title_wrap\" >\n\t\t\t\t\t<span class=\"sby_video_title\">Como a sa\u00fade mental influencia a prepara\u00e7\u00e3o para o vestibular?<\/span>\n\t\t\t\t<\/p>\n\t\t\t\n\t\t\t\n\t\t\t\n\t\t\t\n\t\t\t\t\t<\/div>\n\n\t\t\t\t\t\t\t\t<\/div>\n<\/div>    <\/div>\n<\/div><div class=\"sby_item  sby_new sby_transition\" id=\"sby_UEx0Q0tvVE9zX3RkcUJxN2FWTEllSnlkZ0kwZ08tc1NjUC41Mzk2QTAxMTkzNDk4MDhF\" data-date=\"1723041073\" data-video-id=\"ksqLki8hN2M\" data-video-title=\"Como os pais podem apoiar os filhos na prepara\u00e7\u00e3o para o vestibular?\" data-live-date=\"0\" data-channel-id=\"UCVzDV6uqfZIxgHZvgeMlCyg\" >\n    <div class=\"sby_inner_item\">\n        <div class=\"sby_video_thumbnail_wrap sby_item_video_thumbnail_wrap\">\n            <a class=\"sby_video_thumbnail sby_item_video_thumbnail\" style=\"background-image:url(https:\/\/www.amesuamente.org.br\/en\/wp-content\/plugins\/youtube-feed-pro\/img\/placeholder.png)\" href=\"https:\/\/www.youtube.com\/watch?v=ksqLki8hN2M\" target=\"_blank\" rel=\"noopener\" data-full-res=\"https:\/\/i.ytimg.com\/vi\/ksqLki8hN2M\/maxresdefault.jpg\" data-img-src-set=\"{&quot;120&quot;:&quot;https:\\\/\\\/i.ytimg.com\\\/vi\\\/ksqLki8hN2M\\\/default.jpg&quot;,&quot;320&quot;:&quot;https:\\\/\\\/i.ytimg.com\\\/vi\\\/ksqLki8hN2M\\\/mqdefault.jpg&quot;,&quot;480&quot;:&quot;https:\\\/\\\/i.ytimg.com\\\/vi\\\/ksqLki8hN2M\\\/hqdefault.jpg&quot;,&quot;640&quot;:&quot;https:\\\/\\\/i.ytimg.com\\\/vi\\\/ksqLki8hN2M\\\/sddefault.jpg&quot;}\" data-video-id=\"ksqLki8hN2M\"  data-user=\"Instituto Ame Sua Mente\" data-url=\"https:\/\/www.youtube.com\/watch?v=ksqLki8hN2M\" data-avatar=\"\" data-title=\"\" data-video-title=\"Como os pais podem apoiar os filhos na prepara\u00e7\u00e3o para o vestibular?\" data-channel-id=\"UCVzDV6uqfZIxgHZvgeMlCyg\" data-views=\"12 views\" data-published-date=\"1723041073\" data-formatted-published-date=\"7 de August de 2024 11:31\" data-comment-count=\"0\">\n                <img decoding=\"async\" src=\"https:\/\/www.amesuamente.org.br\/en\/wp-content\/plugins\/youtube-feed-pro\/img\/placeholder.png\" alt=\"\">\n                \n                <div class=\"sby_thumbnail_hover sby_item_video_thumbnail_hover\">\n                    <div class=\"sby_thumbnail_hover_inner\">\n                        \n                        \n                        \n                                                    <p class=\"sby_caption\" ><\/p>\n                        \n                                                    <p class=\"sby_stats\" >\n                                <span class=\"sby_likes\" >\n                                                                    <span class=\"sby_like_count\">0<\/span>\n                                <\/span>\n                                <span class=\"sby_comments\" >\n                                                                        <span class=\"sby_comment_count\">0<\/span>\n                                <\/span>\n                            <\/p>\n                                            <\/div>\n                <\/div>\n\n                <span class=\"sby-screenreader\">YouTube Video UEx0Q0tvVE9zX3RkcUJxN2FWTEllSnlkZ0kwZ08tc1NjUC41Mzk2QTAxMTkzNDk4MDhF<\/span>\n                                    <div class=\"sby_play_btn\" >\n                        <span class=\"sby_play_btn_bg\"><\/span>\n                    <svg aria-hidden=\"true\" focusable=\"false\" data-prefix=\"fab\" data-icon=\"youtube\" role=\"img\" xmlns=\"http:\/\/www.w3.org\/2000\/svg\" viewBox=\"0 0 576 512\" class=\"svg-inline--fa fa-youtube fa-w-18\"><path fill=\"currentColor\" d=\"M549.655 124.083c-6.281-23.65-24.787-42.276-48.284-48.597C458.781 64 288 64 288 64S117.22 64 74.629 75.486c-23.497 6.322-42.003 24.947-48.284 48.597-11.412 42.867-11.412 132.305-11.412 132.305s0 89.438 11.412 132.305c6.281 23.65 24.787 41.5 48.284 47.821C117.22 448 288 448 288 448s170.78 0 213.371-11.486c23.497-6.321 42.003-24.171 48.284-47.821 11.412-42.867 11.412-132.305 11.412-132.305s0-89.438-11.412-132.305zm-317.51 213.508V175.185l142.739 81.205-142.739 81.201z\" class=\"\"><\/path><\/svg>                    <\/div>\n                                <span class=\"sby_loader sby_hidden\" style=\"background-color: rgb(255, 255, 255);\"><\/span>\n            <\/a>\n\n            \n        <\/div>\n\n        \n<div class=\"sby_info sby_info_item\">\n\t<div class=\"sby-video-info-bottom\">\n\t\t<div class=\"sby-video-info\">\n\t\t\t\t\t\t\t<p class=\"sby_video_title_wrap\" >\n\t\t\t\t\t<span class=\"sby_video_title\">Como os pais podem apoiar os filhos na prepara\u00e7\u00e3o para o vestibular?<\/span>\n\t\t\t\t<\/p>\n\t\t\t\n\t\t\t\n\t\t\t\n\t\t\t\n\t\t\t\t\t<\/div>\n\n\t\t\t\t\t\t\t\t<\/div>\n<\/div>    <\/div>\n<\/div><div class=\"sby_item  sby_new sby_transition\" id=\"sby_UEx0Q0tvVE9zX3RkcUJxN2FWTEllSnlkZ0kwZ08tc1NjUC5EQUE1NTFDRjcwMDg0NEMz\" data-date=\"1723042100\" data-video-id=\"BI6IpKO-0bg\" data-video-title=\"Qual o papel da escola na vida profissional dos jovens?\" data-live-date=\"0\" data-channel-id=\"UCVzDV6uqfZIxgHZvgeMlCyg\" >\n    <div class=\"sby_inner_item\">\n        <div class=\"sby_video_thumbnail_wrap sby_item_video_thumbnail_wrap\">\n            <a class=\"sby_video_thumbnail sby_item_video_thumbnail\" style=\"background-image:url(https:\/\/www.amesuamente.org.br\/en\/wp-content\/plugins\/youtube-feed-pro\/img\/placeholder.png)\" href=\"https:\/\/www.youtube.com\/watch?v=BI6IpKO-0bg\" target=\"_blank\" rel=\"noopener\" data-full-res=\"https:\/\/i.ytimg.com\/vi\/BI6IpKO-0bg\/maxresdefault.jpg\" data-img-src-set=\"{&quot;120&quot;:&quot;https:\\\/\\\/i.ytimg.com\\\/vi\\\/BI6IpKO-0bg\\\/default.jpg&quot;,&quot;320&quot;:&quot;https:\\\/\\\/i.ytimg.com\\\/vi\\\/BI6IpKO-0bg\\\/mqdefault.jpg&quot;,&quot;480&quot;:&quot;https:\\\/\\\/i.ytimg.com\\\/vi\\\/BI6IpKO-0bg\\\/hqdefault.jpg&quot;,&quot;640&quot;:&quot;https:\\\/\\\/i.ytimg.com\\\/vi\\\/BI6IpKO-0bg\\\/sddefault.jpg&quot;}\" data-video-id=\"BI6IpKO-0bg\"  data-user=\"Instituto Ame Sua Mente\" data-url=\"https:\/\/www.youtube.com\/watch?v=BI6IpKO-0bg\" data-avatar=\"\" data-title=\"\" data-video-title=\"Qual o papel da escola na vida profissional dos jovens?\" data-channel-id=\"UCVzDV6uqfZIxgHZvgeMlCyg\" data-views=\"8 views\" data-published-date=\"1723042100\" data-formatted-published-date=\"7 de August de 2024 11:48\" data-comment-count=\"0\">\n                <img decoding=\"async\" src=\"https:\/\/www.amesuamente.org.br\/en\/wp-content\/plugins\/youtube-feed-pro\/img\/placeholder.png\" alt=\"\">\n                \n                <div class=\"sby_thumbnail_hover sby_item_video_thumbnail_hover\">\n                    <div class=\"sby_thumbnail_hover_inner\">\n                        \n                        \n                        \n                                                    <p class=\"sby_caption\" ><\/p>\n                        \n                                                    <p class=\"sby_stats\" >\n                                <span class=\"sby_likes\" >\n                                                                    <span class=\"sby_like_count\">0<\/span>\n                                <\/span>\n                                <span class=\"sby_comments\" >\n                                                                        <span class=\"sby_comment_count\">0<\/span>\n                                <\/span>\n                            <\/p>\n                                            <\/div>\n                <\/div>\n\n                <span class=\"sby-screenreader\">YouTube Video UEx0Q0tvVE9zX3RkcUJxN2FWTEllSnlkZ0kwZ08tc1NjUC5EQUE1NTFDRjcwMDg0NEMz<\/span>\n                                    <div class=\"sby_play_btn\" >\n                        <span class=\"sby_play_btn_bg\"><\/span>\n                    <svg aria-hidden=\"true\" focusable=\"false\" data-prefix=\"fab\" data-icon=\"youtube\" role=\"img\" xmlns=\"http:\/\/www.w3.org\/2000\/svg\" viewBox=\"0 0 576 512\" class=\"svg-inline--fa fa-youtube fa-w-18\"><path fill=\"currentColor\" d=\"M549.655 124.083c-6.281-23.65-24.787-42.276-48.284-48.597C458.781 64 288 64 288 64S117.22 64 74.629 75.486c-23.497 6.322-42.003 24.947-48.284 48.597-11.412 42.867-11.412 132.305-11.412 132.305s0 89.438 11.412 132.305c6.281 23.65 24.787 41.5 48.284 47.821C117.22 448 288 448 288 448s170.78 0 213.371-11.486c23.497-6.321 42.003-24.171 48.284-47.821 11.412-42.867 11.412-132.305 11.412-132.305s0-89.438-11.412-132.305zm-317.51 213.508V175.185l142.739 81.205-142.739 81.201z\" class=\"\"><\/path><\/svg>                    <\/div>\n                                <span class=\"sby_loader sby_hidden\" style=\"background-color: rgb(255, 255, 255);\"><\/span>\n            <\/a>\n\n            \n        <\/div>\n\n        \n<div class=\"sby_info sby_info_item\">\n\t<div class=\"sby-video-info-bottom\">\n\t\t<div class=\"sby-video-info\">\n\t\t\t\t\t\t\t<p class=\"sby_video_title_wrap\" >\n\t\t\t\t\t<span class=\"sby_video_title\">Qual o papel da escola na vida profissional dos jovens?<\/span>\n\t\t\t\t<\/p>\n\t\t\t\n\t\t\t\n\t\t\t\n\t\t\t\n\t\t\t\t\t<\/div>\n\n\t\t\t\t\t\t\t\t<\/div>\n<\/div>    <\/div>\n<\/div><div class=\"sby_item  sby_new sby_transition\" id=\"sby_UEx0Q0tvVE9zX3RkcUJxN2FWTEllSnlkZ0kwZ08tc1NjUC41QTY1Q0UxMTVCODczNThE\" data-date=\"1723045505\" data-video-id=\"slsa5FvVP60\" data-video-title=\"Como se preparar para as provas de vestibular?\" data-live-date=\"0\" data-channel-id=\"UCVzDV6uqfZIxgHZvgeMlCyg\" >\n    <div class=\"sby_inner_item\">\n        <div class=\"sby_video_thumbnail_wrap sby_item_video_thumbnail_wrap\">\n            <a class=\"sby_video_thumbnail sby_item_video_thumbnail\" style=\"background-image:url(https:\/\/www.amesuamente.org.br\/en\/wp-content\/plugins\/youtube-feed-pro\/img\/placeholder.png)\" href=\"https:\/\/www.youtube.com\/watch?v=slsa5FvVP60\" target=\"_blank\" rel=\"noopener\" data-full-res=\"https:\/\/i.ytimg.com\/vi\/slsa5FvVP60\/maxresdefault.jpg\" data-img-src-set=\"{&quot;120&quot;:&quot;https:\\\/\\\/i.ytimg.com\\\/vi\\\/slsa5FvVP60\\\/default.jpg&quot;,&quot;320&quot;:&quot;https:\\\/\\\/i.ytimg.com\\\/vi\\\/slsa5FvVP60\\\/mqdefault.jpg&quot;,&quot;480&quot;:&quot;https:\\\/\\\/i.ytimg.com\\\/vi\\\/slsa5FvVP60\\\/hqdefault.jpg&quot;,&quot;640&quot;:&quot;https:\\\/\\\/i.ytimg.com\\\/vi\\\/slsa5FvVP60\\\/sddefault.jpg&quot;}\" data-video-id=\"slsa5FvVP60\"  data-user=\"Instituto Ame Sua Mente\" data-url=\"https:\/\/www.youtube.com\/watch?v=slsa5FvVP60\" data-avatar=\"\" data-title=\"\" data-video-title=\"Como se preparar para as provas de vestibular?\" data-channel-id=\"UCVzDV6uqfZIxgHZvgeMlCyg\" data-views=\"3 views\" data-published-date=\"1723045505\" data-formatted-published-date=\"7 de August de 2024 12:45\" data-comment-count=\"0\">\n                <img decoding=\"async\" src=\"https:\/\/www.amesuamente.org.br\/en\/wp-content\/plugins\/youtube-feed-pro\/img\/placeholder.png\" alt=\"\">\n                \n                <div class=\"sby_thumbnail_hover sby_item_video_thumbnail_hover\">\n                    <div class=\"sby_thumbnail_hover_inner\">\n                        \n                        \n                        \n                                                    <p class=\"sby_caption\" ><\/p>\n                        \n                                                    <p class=\"sby_stats\" >\n                                <span class=\"sby_likes\" >\n                                                                    <span class=\"sby_like_count\">0<\/span>\n                                <\/span>\n                                <span class=\"sby_comments\" >\n                                                                        <span class=\"sby_comment_count\">0<\/span>\n                                <\/span>\n                            <\/p>\n                                            <\/div>\n                <\/div>\n\n                <span class=\"sby-screenreader\">YouTube Video UEx0Q0tvVE9zX3RkcUJxN2FWTEllSnlkZ0kwZ08tc1NjUC41QTY1Q0UxMTVCODczNThE<\/span>\n                                    <div class=\"sby_play_btn\" >\n                        <span class=\"sby_play_btn_bg\"><\/span>\n                    <svg aria-hidden=\"true\" focusable=\"false\" data-prefix=\"fab\" data-icon=\"youtube\" role=\"img\" xmlns=\"http:\/\/www.w3.org\/2000\/svg\" viewBox=\"0 0 576 512\" class=\"svg-inline--fa fa-youtube fa-w-18\"><path fill=\"currentColor\" d=\"M549.655 124.083c-6.281-23.65-24.787-42.276-48.284-48.597C458.781 64 288 64 288 64S117.22 64 74.629 75.486c-23.497 6.322-42.003 24.947-48.284 48.597-11.412 42.867-11.412 132.305-11.412 132.305s0 89.438 11.412 132.305c6.281 23.65 24.787 41.5 48.284 47.821C117.22 448 288 448 288 448s170.78 0 213.371-11.486c23.497-6.321 42.003-24.171 48.284-47.821 11.412-42.867 11.412-132.305 11.412-132.305s0-89.438-11.412-132.305zm-317.51 213.508V175.185l142.739 81.205-142.739 81.201z\" class=\"\"><\/path><\/svg>                    <\/div>\n                                <span class=\"sby_loader sby_hidden\" style=\"background-color: rgb(255, 255, 255);\"><\/span>\n            <\/a>\n\n            \n        <\/div>\n\n        \n<div class=\"sby_info sby_info_item\">\n\t<div class=\"sby-video-info-bottom\">\n\t\t<div class=\"sby-video-info\">\n\t\t\t\t\t\t\t<p class=\"sby_video_title_wrap\" >\n\t\t\t\t\t<span class=\"sby_video_title\">Como se preparar para as provas de vestibular?<\/span>\n\t\t\t\t<\/p>\n\t\t\t\n\t\t\t\n\t\t\t\n\t\t\t\n\t\t\t\t\t<\/div>\n\n\t\t\t\t\t\t\t\t<\/div>\n<\/div>    <\/div>\n<\/div><div class=\"sby_item  sby_new sby_transition\" id=\"sby_UEx0Q0tvVE9zX3RkcUJxN2FWTEllSnlkZ0kwZ08tc1NjUC4yMUQyQTQzMjRDNzMyQTMy\" data-date=\"1723045734\" data-video-id=\"PmK1qCtNkOw\" data-video-title=\"Dicas para os dias antes das provas de vestibular\" data-live-date=\"0\" data-channel-id=\"UCVzDV6uqfZIxgHZvgeMlCyg\" >\n    <div class=\"sby_inner_item\">\n        <div class=\"sby_video_thumbnail_wrap sby_item_video_thumbnail_wrap\">\n            <a class=\"sby_video_thumbnail sby_item_video_thumbnail\" style=\"background-image:url(https:\/\/www.amesuamente.org.br\/en\/wp-content\/plugins\/youtube-feed-pro\/img\/placeholder.png)\" href=\"https:\/\/www.youtube.com\/watch?v=PmK1qCtNkOw\" target=\"_blank\" rel=\"noopener\" data-full-res=\"https:\/\/i.ytimg.com\/vi\/PmK1qCtNkOw\/maxresdefault.jpg\" data-img-src-set=\"{&quot;120&quot;:&quot;https:\\\/\\\/i.ytimg.com\\\/vi\\\/PmK1qCtNkOw\\\/default.jpg&quot;,&quot;320&quot;:&quot;https:\\\/\\\/i.ytimg.com\\\/vi\\\/PmK1qCtNkOw\\\/mqdefault.jpg&quot;,&quot;480&quot;:&quot;https:\\\/\\\/i.ytimg.com\\\/vi\\\/PmK1qCtNkOw\\\/hqdefault.jpg&quot;,&quot;640&quot;:&quot;https:\\\/\\\/i.ytimg.com\\\/vi\\\/PmK1qCtNkOw\\\/sddefault.jpg&quot;}\" data-video-id=\"PmK1qCtNkOw\"  data-user=\"Instituto Ame Sua Mente\" data-url=\"https:\/\/www.youtube.com\/watch?v=PmK1qCtNkOw\" data-avatar=\"\" data-title=\"\" data-video-title=\"Dicas para os dias antes das provas de vestibular\" data-channel-id=\"UCVzDV6uqfZIxgHZvgeMlCyg\" data-views=\"24 views\" data-published-date=\"1723045734\" data-formatted-published-date=\"7 de August de 2024 12:48\" data-comment-count=\"0\">\n                <img decoding=\"async\" src=\"https:\/\/www.amesuamente.org.br\/en\/wp-content\/plugins\/youtube-feed-pro\/img\/placeholder.png\" alt=\"\">\n                \n                <div class=\"sby_thumbnail_hover sby_item_video_thumbnail_hover\">\n                    <div class=\"sby_thumbnail_hover_inner\">\n                        \n                        \n                        \n                                                    <p class=\"sby_caption\" ><\/p>\n                        \n                                                    <p class=\"sby_stats\" >\n                                <span class=\"sby_likes\" >\n                                                                    <span class=\"sby_like_count\">4<\/span>\n                                <\/span>\n                                <span class=\"sby_comments\" >\n                                                                        <span class=\"sby_comment_count\">0<\/span>\n                                <\/span>\n                            <\/p>\n                                            <\/div>\n                <\/div>\n\n                <span class=\"sby-screenreader\">YouTube Video UEx0Q0tvVE9zX3RkcUJxN2FWTEllSnlkZ0kwZ08tc1NjUC4yMUQyQTQzMjRDNzMyQTMy<\/span>\n                                    <div class=\"sby_play_btn\" >\n                        <span class=\"sby_play_btn_bg\"><\/span>\n                    <svg aria-hidden=\"true\" focusable=\"false\" data-prefix=\"fab\" data-icon=\"youtube\" role=\"img\" xmlns=\"http:\/\/www.w3.org\/2000\/svg\" viewBox=\"0 0 576 512\" class=\"svg-inline--fa fa-youtube fa-w-18\"><path fill=\"currentColor\" d=\"M549.655 124.083c-6.281-23.65-24.787-42.276-48.284-48.597C458.781 64 288 64 288 64S117.22 64 74.629 75.486c-23.497 6.322-42.003 24.947-48.284 48.597-11.412 42.867-11.412 132.305-11.412 132.305s0 89.438 11.412 132.305c6.281 23.65 24.787 41.5 48.284 47.821C117.22 448 288 448 288 448s170.78 0 213.371-11.486c23.497-6.321 42.003-24.171 48.284-47.821 11.412-42.867 11.412-132.305 11.412-132.305s0-89.438-11.412-132.305zm-317.51 213.508V175.185l142.739 81.205-142.739 81.201z\" class=\"\"><\/path><\/svg>                    <\/div>\n                                <span class=\"sby_loader sby_hidden\" style=\"background-color: rgb(255, 255, 255);\"><\/span>\n            <\/a>\n\n            \n        <\/div>\n\n        \n<div class=\"sby_info sby_info_item\">\n\t<div class=\"sby-video-info-bottom\">\n\t\t<div class=\"sby-video-info\">\n\t\t\t\t\t\t\t<p class=\"sby_video_title_wrap\" >\n\t\t\t\t\t<span class=\"sby_video_title\">Dicas para os dias antes das provas de vestibular<\/span>\n\t\t\t\t<\/p>\n\t\t\t\n\t\t\t\n\t\t\t\n\t\t\t\n\t\t\t\t\t<\/div>\n\n\t\t\t\t\t\t\t\t<\/div>\n<\/div>    <\/div>\n<\/div><div class=\"sby_item  sby_new sby_transition\" id=\"sby_UEx0Q0tvVE9zX3RkcUJxN2FWTEllSnlkZ0kwZ08tc1NjUC45RTgxNDRBMzUwRjQ0MDhC\" data-date=\"1723049810\" data-video-id=\"70Eg27-fvrI\" data-video-title=\"Como anda a rela\u00e7\u00e3o entre escola e fam\u00edlia?\" data-live-date=\"0\" data-channel-id=\"UCVzDV6uqfZIxgHZvgeMlCyg\" >\n    <div class=\"sby_inner_item\">\n        <div class=\"sby_video_thumbnail_wrap sby_item_video_thumbnail_wrap\">\n            <a class=\"sby_video_thumbnail sby_item_video_thumbnail\" style=\"background-image:url(https:\/\/www.amesuamente.org.br\/en\/wp-content\/plugins\/youtube-feed-pro\/img\/placeholder.png)\" href=\"https:\/\/www.youtube.com\/watch?v=70Eg27-fvrI\" target=\"_blank\" rel=\"noopener\" data-full-res=\"https:\/\/i.ytimg.com\/vi\/70Eg27-fvrI\/maxresdefault.jpg\" data-img-src-set=\"{&quot;120&quot;:&quot;https:\\\/\\\/i.ytimg.com\\\/vi\\\/70Eg27-fvrI\\\/default.jpg&quot;,&quot;320&quot;:&quot;https:\\\/\\\/i.ytimg.com\\\/vi\\\/70Eg27-fvrI\\\/mqdefault.jpg&quot;,&quot;480&quot;:&quot;https:\\\/\\\/i.ytimg.com\\\/vi\\\/70Eg27-fvrI\\\/hqdefault.jpg&quot;,&quot;640&quot;:&quot;https:\\\/\\\/i.ytimg.com\\\/vi\\\/70Eg27-fvrI\\\/sddefault.jpg&quot;}\" data-video-id=\"70Eg27-fvrI\"  data-user=\"Instituto Ame Sua Mente\" data-url=\"https:\/\/www.youtube.com\/watch?v=70Eg27-fvrI\" data-avatar=\"\" data-title=\"\" data-video-title=\"Como anda a rela\u00e7\u00e3o entre escola e fam\u00edlia?\" data-channel-id=\"UCVzDV6uqfZIxgHZvgeMlCyg\" data-views=\"61 views\" data-published-date=\"1723049810\" data-formatted-published-date=\"7 de August de 2024 13:56\" data-comment-count=\"0\">\n                <img decoding=\"async\" src=\"https:\/\/www.amesuamente.org.br\/en\/wp-content\/plugins\/youtube-feed-pro\/img\/placeholder.png\" alt=\"\">\n                \n                <div class=\"sby_thumbnail_hover sby_item_video_thumbnail_hover\">\n                    <div class=\"sby_thumbnail_hover_inner\">\n                        \n                        \n                        \n                                                    <p class=\"sby_caption\" ><\/p>\n                        \n                                                    <p class=\"sby_stats\" >\n                                <span class=\"sby_likes\" >\n                                                                    <span class=\"sby_like_count\">1<\/span>\n                                <\/span>\n                                <span class=\"sby_comments\" >\n                                                                        <span class=\"sby_comment_count\">0<\/span>\n                                <\/span>\n                            <\/p>\n                                            <\/div>\n                <\/div>\n\n                <span class=\"sby-screenreader\">YouTube Video UEx0Q0tvVE9zX3RkcUJxN2FWTEllSnlkZ0kwZ08tc1NjUC45RTgxNDRBMzUwRjQ0MDhC<\/span>\n                                    <div class=\"sby_play_btn\" >\n                        <span class=\"sby_play_btn_bg\"><\/span>\n                    <svg aria-hidden=\"true\" focusable=\"false\" data-prefix=\"fab\" data-icon=\"youtube\" role=\"img\" xmlns=\"http:\/\/www.w3.org\/2000\/svg\" viewBox=\"0 0 576 512\" class=\"svg-inline--fa fa-youtube fa-w-18\"><path fill=\"currentColor\" d=\"M549.655 124.083c-6.281-23.65-24.787-42.276-48.284-48.597C458.781 64 288 64 288 64S117.22 64 74.629 75.486c-23.497 6.322-42.003 24.947-48.284 48.597-11.412 42.867-11.412 132.305-11.412 132.305s0 89.438 11.412 132.305c6.281 23.65 24.787 41.5 48.284 47.821C117.22 448 288 448 288 448s170.78 0 213.371-11.486c23.497-6.321 42.003-24.171 48.284-47.821 11.412-42.867 11.412-132.305 11.412-132.305s0-89.438-11.412-132.305zm-317.51 213.508V175.185l142.739 81.205-142.739 81.201z\" class=\"\"><\/path><\/svg>                    <\/div>\n                                <span class=\"sby_loader sby_hidden\" style=\"background-color: rgb(255, 255, 255);\"><\/span>\n            <\/a>\n\n            \n        <\/div>\n\n        \n<div class=\"sby_info sby_info_item\">\n\t<div class=\"sby-video-info-bottom\">\n\t\t<div class=\"sby-video-info\">\n\t\t\t\t\t\t\t<p class=\"sby_video_title_wrap\" >\n\t\t\t\t\t<span class=\"sby_video_title\">Como anda a rela\u00e7\u00e3o entre escola e fam\u00edlia?<\/span>\n\t\t\t\t<\/p>\n\t\t\t\n\t\t\t\n\t\t\t\n\t\t\t\n\t\t\t\t\t<\/div>\n\n\t\t\t\t\t\t\t\t<\/div>\n<\/div>    <\/div>\n<\/div><div class=\"sby_item  sby_new sby_transition\" id=\"sby_UEx0Q0tvVE9zX3RkcUJxN2FWTEllSnlkZ0kwZ08tc1NjUC5ENDU4Q0M4RDExNzM1Mjcy\" data-date=\"1723049913\" data-video-id=\"8Ek8nLPs_ag\" data-video-title=\"Como repercute o cyberbullying?\" data-live-date=\"0\" data-channel-id=\"UCVzDV6uqfZIxgHZvgeMlCyg\" >\n    <div class=\"sby_inner_item\">\n        <div class=\"sby_video_thumbnail_wrap sby_item_video_thumbnail_wrap\">\n            <a class=\"sby_video_thumbnail sby_item_video_thumbnail\" style=\"background-image:url(https:\/\/www.amesuamente.org.br\/en\/wp-content\/plugins\/youtube-feed-pro\/img\/placeholder.png)\" href=\"https:\/\/www.youtube.com\/watch?v=8Ek8nLPs_ag\" target=\"_blank\" rel=\"noopener\" data-full-res=\"https:\/\/i.ytimg.com\/vi\/8Ek8nLPs_ag\/maxresdefault.jpg\" data-img-src-set=\"{&quot;120&quot;:&quot;https:\\\/\\\/i.ytimg.com\\\/vi\\\/8Ek8nLPs_ag\\\/default.jpg&quot;,&quot;320&quot;:&quot;https:\\\/\\\/i.ytimg.com\\\/vi\\\/8Ek8nLPs_ag\\\/mqdefault.jpg&quot;,&quot;480&quot;:&quot;https:\\\/\\\/i.ytimg.com\\\/vi\\\/8Ek8nLPs_ag\\\/hqdefault.jpg&quot;,&quot;640&quot;:&quot;https:\\\/\\\/i.ytimg.com\\\/vi\\\/8Ek8nLPs_ag\\\/sddefault.jpg&quot;}\" data-video-id=\"8Ek8nLPs_ag\"  data-user=\"Instituto Ame Sua Mente\" data-url=\"https:\/\/www.youtube.com\/watch?v=8Ek8nLPs_ag\" data-avatar=\"\" data-title=\"\" data-video-title=\"Como repercute o cyberbullying?\" data-channel-id=\"UCVzDV6uqfZIxgHZvgeMlCyg\" data-views=\"94 views\" data-published-date=\"1723049913\" data-formatted-published-date=\"7 de August de 2024 13:58\" data-comment-count=\"0\">\n                <img decoding=\"async\" src=\"https:\/\/www.amesuamente.org.br\/en\/wp-content\/plugins\/youtube-feed-pro\/img\/placeholder.png\" alt=\"\">\n                \n                <div class=\"sby_thumbnail_hover sby_item_video_thumbnail_hover\">\n                    <div class=\"sby_thumbnail_hover_inner\">\n                        \n                        \n                        \n                                                    <p class=\"sby_caption\" ><\/p>\n                        \n                                                    <p class=\"sby_stats\" >\n                                <span class=\"sby_likes\" >\n                                                                    <span class=\"sby_like_count\">4<\/span>\n                                <\/span>\n                                <span class=\"sby_comments\" >\n                                                                        <span class=\"sby_comment_count\">0<\/span>\n                                <\/span>\n                            <\/p>\n                                            <\/div>\n                <\/div>\n\n                <span class=\"sby-screenreader\">YouTube Video UEx0Q0tvVE9zX3RkcUJxN2FWTEllSnlkZ0kwZ08tc1NjUC5ENDU4Q0M4RDExNzM1Mjcy<\/span>\n                                    <div class=\"sby_play_btn\" >\n                        <span class=\"sby_play_btn_bg\"><\/span>\n                    <svg aria-hidden=\"true\" focusable=\"false\" data-prefix=\"fab\" data-icon=\"youtube\" role=\"img\" xmlns=\"http:\/\/www.w3.org\/2000\/svg\" viewBox=\"0 0 576 512\" class=\"svg-inline--fa fa-youtube fa-w-18\"><path fill=\"currentColor\" d=\"M549.655 124.083c-6.281-23.65-24.787-42.276-48.284-48.597C458.781 64 288 64 288 64S117.22 64 74.629 75.486c-23.497 6.322-42.003 24.947-48.284 48.597-11.412 42.867-11.412 132.305-11.412 132.305s0 89.438 11.412 132.305c6.281 23.65 24.787 41.5 48.284 47.821C117.22 448 288 448 288 448s170.78 0 213.371-11.486c23.497-6.321 42.003-24.171 48.284-47.821 11.412-42.867 11.412-132.305 11.412-132.305s0-89.438-11.412-132.305zm-317.51 213.508V175.185l142.739 81.205-142.739 81.201z\" class=\"\"><\/path><\/svg>                    <\/div>\n                                <span class=\"sby_loader sby_hidden\" style=\"background-color: rgb(255, 255, 255);\"><\/span>\n            <\/a>\n\n            \n        <\/div>\n\n        \n<div class=\"sby_info sby_info_item\">\n\t<div class=\"sby-video-info-bottom\">\n\t\t<div class=\"sby-video-info\">\n\t\t\t\t\t\t\t<p class=\"sby_video_title_wrap\" >\n\t\t\t\t\t<span class=\"sby_video_title\">Como repercute o cyberbullying?<\/span>\n\t\t\t\t<\/p>\n\t\t\t\n\t\t\t\n\t\t\t\n\t\t\t\n\t\t\t\t\t<\/div>\n\n\t\t\t\t\t\t\t\t<\/div>\n<\/div>    <\/div>\n<\/div><div class=\"sby_item  sby_new sby_transition\" id=\"sby_UEx0Q0tvVE9zX3RkcUJxN2FWTEllSnlkZ0kwZ08tc1NjUC4yMDhBMkNBNjRDMjQxQTg1\" data-date=\"1723050475\" data-video-id=\"y39EqzagWg0\" data-video-title=\"Como lidar com a viol\u00eancia nas escolas?\" data-live-date=\"0\" data-channel-id=\"UCVzDV6uqfZIxgHZvgeMlCyg\" >\n    <div class=\"sby_inner_item\">\n        <div class=\"sby_video_thumbnail_wrap sby_item_video_thumbnail_wrap\">\n            <a class=\"sby_video_thumbnail sby_item_video_thumbnail\" style=\"background-image:url(https:\/\/www.amesuamente.org.br\/en\/wp-content\/plugins\/youtube-feed-pro\/img\/placeholder.png)\" href=\"https:\/\/www.youtube.com\/watch?v=y39EqzagWg0\" target=\"_blank\" rel=\"noopener\" data-full-res=\"https:\/\/i.ytimg.com\/vi\/y39EqzagWg0\/maxresdefault.jpg\" data-img-src-set=\"{&quot;120&quot;:&quot;https:\\\/\\\/i.ytimg.com\\\/vi\\\/y39EqzagWg0\\\/default.jpg&quot;,&quot;320&quot;:&quot;https:\\\/\\\/i.ytimg.com\\\/vi\\\/y39EqzagWg0\\\/mqdefault.jpg&quot;,&quot;480&quot;:&quot;https:\\\/\\\/i.ytimg.com\\\/vi\\\/y39EqzagWg0\\\/hqdefault.jpg&quot;,&quot;640&quot;:&quot;https:\\\/\\\/i.ytimg.com\\\/vi\\\/y39EqzagWg0\\\/sddefault.jpg&quot;}\" data-video-id=\"y39EqzagWg0\"  data-user=\"Instituto Ame Sua Mente\" data-url=\"https:\/\/www.youtube.com\/watch?v=y39EqzagWg0\" data-avatar=\"\" data-title=\"\" data-video-title=\"Como lidar com a viol\u00eancia nas escolas?\" data-channel-id=\"UCVzDV6uqfZIxgHZvgeMlCyg\" data-views=\"73 views\" data-published-date=\"1723050475\" data-formatted-published-date=\"7 de August de 2024 14:07\" data-comment-count=\"0\">\n                <img decoding=\"async\" src=\"https:\/\/www.amesuamente.org.br\/en\/wp-content\/plugins\/youtube-feed-pro\/img\/placeholder.png\" alt=\"\">\n                \n                <div class=\"sby_thumbnail_hover sby_item_video_thumbnail_hover\">\n                    <div class=\"sby_thumbnail_hover_inner\">\n                        \n                        \n                        \n                                                    <p class=\"sby_caption\" ><\/p>\n                        \n                                                    <p class=\"sby_stats\" >\n                                <span class=\"sby_likes\" >\n                                                                    <span class=\"sby_like_count\">2<\/span>\n                                <\/span>\n                                <span class=\"sby_comments\" >\n                                                                        <span class=\"sby_comment_count\">0<\/span>\n                                <\/span>\n                            <\/p>\n                                            <\/div>\n                <\/div>\n\n                <span class=\"sby-screenreader\">YouTube Video UEx0Q0tvVE9zX3RkcUJxN2FWTEllSnlkZ0kwZ08tc1NjUC4yMDhBMkNBNjRDMjQxQTg1<\/span>\n                                    <div class=\"sby_play_btn\" >\n                        <span class=\"sby_play_btn_bg\"><\/span>\n                    <svg aria-hidden=\"true\" focusable=\"false\" data-prefix=\"fab\" data-icon=\"youtube\" role=\"img\" xmlns=\"http:\/\/www.w3.org\/2000\/svg\" viewBox=\"0 0 576 512\" class=\"svg-inline--fa fa-youtube fa-w-18\"><path fill=\"currentColor\" d=\"M549.655 124.083c-6.281-23.65-24.787-42.276-48.284-48.597C458.781 64 288 64 288 64S117.22 64 74.629 75.486c-23.497 6.322-42.003 24.947-48.284 48.597-11.412 42.867-11.412 132.305-11.412 132.305s0 89.438 11.412 132.305c6.281 23.65 24.787 41.5 48.284 47.821C117.22 448 288 448 288 448s170.78 0 213.371-11.486c23.497-6.321 42.003-24.171 48.284-47.821 11.412-42.867 11.412-132.305 11.412-132.305s0-89.438-11.412-132.305zm-317.51 213.508V175.185l142.739 81.205-142.739 81.201z\" class=\"\"><\/path><\/svg>                    <\/div>\n                                <span class=\"sby_loader sby_hidden\" style=\"background-color: rgb(255, 255, 255);\"><\/span>\n            <\/a>\n\n            \n        <\/div>\n\n        \n<div class=\"sby_info sby_info_item\">\n\t<div class=\"sby-video-info-bottom\">\n\t\t<div class=\"sby-video-info\">\n\t\t\t\t\t\t\t<p class=\"sby_video_title_wrap\" >\n\t\t\t\t\t<span class=\"sby_video_title\">Como lidar com a viol\u00eancia nas escolas?<\/span>\n\t\t\t\t<\/p>\n\t\t\t\n\t\t\t\n\t\t\t\n\t\t\t\n\t\t\t\t\t<\/div>\n\n\t\t\t\t\t\t\t\t<\/div>\n<\/div>    <\/div>\n<\/div>    <\/div>\n    \n\t<div class=\"sby_footer\">\n\n\n<\/div>\n    <div class=\"sby_cta_items_wraps sby_cta_wrap\">\n\t<div class=\"sby_cta_inner_wrap\">\n\n\t<\/div>\n<\/div>\n\n\t\n<\/div>\n\n\t<style type=\"text\/css\">\n\t\t\t\tbody #sb_youtube_sbyPLtCKogOsScP21.sb_youtube.sby_palette_custom .sby_video_title{\n\t\t\tcolor: #cb8ab5;\n\t\t}\n    \t\t\t\t    <\/style>\n\t<style type=\"text\/css\">body #sb_youtube_sbyPLtCKogOsScP21 .sby_caption_wrap .sby_caption { font-size: 13px !important}body #sb_youtube_sbyPLtCKogOsScP21 .sby_follow_btn a:hover { box-shadow:inset 0 0 10px 20px rgb(255, 255, 255, .25) !important}body #sb_youtube_sbyPLtCKogOsScP21[data-videostyle=boxed] .sby_items_wrap .sby_item .sby_inner_item { background-color: #ffffff !important}<\/style>\n<p>[\/et_pb_text][\/et_pb_column][\/et_pb_row][\/et_pb_section][et_pb_section fb_built=&#8221;1&#8243; _builder_version=&#8221;4.16&#8243; custom_margin=&#8221;0px||0px||false|false&#8221; custom_padding=&#8221;0px||0px||false|false&#8221; global_colors_info=&#8221;{}&#8221;][et_pb_row _builder_version=&#8221;4.16&#8243; max_height_tablet=&#8221;&#8221; max_height_phone=&#8221;110px&#8221; max_height_last_edited=&#8221;on|desktop&#8221; custom_padding=&#8221;||0px||false|false&#8221; global_colors_info=&#8221;{}&#8221;][et_pb_column type=&#8221;4_4&#8243; disabled_on=&#8221;off|off|off&#8221; _builder_version=&#8221;4.16&#8243; global_colors_info=&#8221;{}&#8221;][et_pb_text _builder_version=&#8221;4.16&#8243; header_3_font=&#8221;Poppins|700|||||||&#8221; header_3_text_color=&#8221;#ca84b3&#8243; header_3_font_size=&#8221;40px&#8221; header_3_letter_spacing=&#8221;1px&#8221; custom_margin=&#8221;||5px||false|false&#8221; global_colors_info=&#8221;{}&#8221;]<\/p>\n<h3>Live<\/h3>\n<p>[\/et_pb_text][et_pb_text _builder_version=&#8221;4.24.0&#8243; global_colors_info=&#8221;{}&#8221;]<\/p>\n\n\n<div id=\"sb_youtube_sbyPLtCKorRBMbOI21\" \n\t class=\"sb_youtube sby_layout_carousel sby_col_3 sby_mob_col_1 sby_palette_custom  sby_width_resp\" \n\tdata-feedid=\"sby_PLtCKorRBMbOI#21\" \n\tdata-shortcode-atts=\"{&quot;feed&quot;:&quot;3&quot;}\" \n\tdata-cols=\"3\" \n\tdata-colsmobile=\"1\" \n\tdata-num=\"21\" \n\tdata-nummobile=\"21\" \n\t\tdata-subscribe-btn=\"1\" \n\tdata-subscribe-btn-text=\"Subscribe\" \n\tdata_channel_header_colors =\"{&quot;channelName&quot;:&quot;&quot;,&quot;subscribeCount&quot;:&quot;&quot;,&quot;buttonBackground&quot;:&quot;&quot;,&quot;buttonText&quot;:&quot;&quot;}\"\n\t data-options=\"{&quot;carousel&quot;:[true,false,false,false,true,1],&quot;cta&quot;:{&quot;type&quot;:&quot;related&quot;,&quot;defaultPosts&quot;:[],&quot;defaultLink&quot;:&quot;&quot;,&quot;defaultText&quot;:&quot;Learn More&quot;,&quot;openType&quot;:&quot;same&quot;,&quot;color&quot;:&quot;&quot;,&quot;textColor&quot;:&quot;&quot;},&quot;descriptionlength&quot;:150}\" data-sby-flags=\"resizeDisable,gdpr,locator\" data-postid=\"5918\" data-sby-supports-lightbox=\"1\" \n\t data-videocardlayout=\"vertical\" \n>\n\t        <div class=\"sby_items_wrap\" style=\"padding: 5px;\">\n\t\t<div class=\"sby_item  sby_new sby_transition\" id=\"sby_UEx0Q0tvVE9zX3RkbzBKd1RrdXlxSTRhYU1MclJCTWJPSS41NkI0NEY2RDEwNTU3Q0M2\" data-date=\"1605118288\" data-video-id=\"09HDz3CDVso\" data-video-title=\"Pensando preventivaMENTE: Drogas na escola\" data-live-date=\"0\" data-channel-id=\"UCVzDV6uqfZIxgHZvgeMlCyg\" >\n    <div class=\"sby_inner_item\">\n        <div class=\"sby_video_thumbnail_wrap sby_item_video_thumbnail_wrap\">\n            <a class=\"sby_video_thumbnail sby_item_video_thumbnail\" style=\"background-image:url(https:\/\/www.amesuamente.org.br\/en\/wp-content\/plugins\/youtube-feed-pro\/img\/placeholder.png)\" href=\"https:\/\/www.youtube.com\/watch?v=09HDz3CDVso\" target=\"_blank\" rel=\"noopener\" data-full-res=\"https:\/\/i.ytimg.com\/vi\/09HDz3CDVso\/maxresdefault.jpg\" data-img-src-set=\"{&quot;120&quot;:&quot;https:\\\/\\\/i.ytimg.com\\\/vi\\\/09HDz3CDVso\\\/default.jpg&quot;,&quot;320&quot;:&quot;https:\\\/\\\/i.ytimg.com\\\/vi\\\/09HDz3CDVso\\\/mqdefault.jpg&quot;,&quot;480&quot;:&quot;https:\\\/\\\/i.ytimg.com\\\/vi\\\/09HDz3CDVso\\\/hqdefault.jpg&quot;,&quot;640&quot;:&quot;https:\\\/\\\/i.ytimg.com\\\/vi\\\/09HDz3CDVso\\\/sddefault.jpg&quot;}\" data-video-id=\"09HDz3CDVso\"  data-user=\"Instituto Ame Sua Mente\" data-url=\"https:\/\/www.youtube.com\/watch?v=09HDz3CDVso\" data-avatar=\"\" data-title=\"Convidadas:&lt;br \/&gt;\nAna Paula Dias&lt;br \/&gt;\nJuliana Yurgel Valente&lt;br \/&gt;\nMedia\u00e7\u00e3o:&lt;br \/&gt;\nClarice Madruga&lt;br \/&gt;\n&lt;br \/&gt;\n---------------&lt;br \/&gt;\n&lt;br \/&gt;\nSite do previna: https:\/\/www.previna.info\/\" data-video-title=\"Pensando preventivaMENTE: Drogas na escola\" data-channel-id=\"UCVzDV6uqfZIxgHZvgeMlCyg\" data-views=\"343 views\" data-published-date=\"1605118288\" data-formatted-published-date=\"11 de November de 2020 15:11\" data-comment-count=\"2\">\n                <img decoding=\"async\" src=\"https:\/\/www.amesuamente.org.br\/en\/wp-content\/plugins\/youtube-feed-pro\/img\/placeholder.png\" alt=\"Convidadas:\nAna Paula Dias\nJuliana Yurgel Valente\nMedia\u00e7\u00e3o:\nClarice Madruga\n\n---------------\n\nSite do previna: https:\/\/www.previna.info\/\">\n                \n                <div class=\"sby_thumbnail_hover sby_item_video_thumbnail_hover\">\n                    <div class=\"sby_thumbnail_hover_inner\">\n                        \n                        \n                        \n                                                    <p class=\"sby_caption\" >Convidadas:<br>\nAna Paula Dias<br>\nJuliana Yurgel Valente<br>\nMedia\u00e7\u00e3o:<br>\nClarice Madruga<br>\n<br>\n---------------<br>\n<br>\nSite do previna: https:\/\/www.previna.info\/<\/p>\n                        \n                                                    <p class=\"sby_stats\" >\n                                <span class=\"sby_likes\" >\n                                                                    <span class=\"sby_like_count\">27<\/span>\n                                <\/span>\n                                <span class=\"sby_comments\" >\n                                                                        <span class=\"sby_comment_count\">2<\/span>\n                                <\/span>\n                            <\/p>\n                                            <\/div>\n                <\/div>\n\n                <span class=\"sby-screenreader\">YouTube Video UEx0Q0tvVE9zX3RkbzBKd1RrdXlxSTRhYU1MclJCTWJPSS41NkI0NEY2RDEwNTU3Q0M2<\/span>\n                                    <div class=\"sby_play_btn\" >\n                        <span class=\"sby_play_btn_bg\"><\/span>\n                    <svg aria-hidden=\"true\" focusable=\"false\" data-prefix=\"fab\" data-icon=\"youtube\" role=\"img\" xmlns=\"http:\/\/www.w3.org\/2000\/svg\" viewBox=\"0 0 576 512\" class=\"svg-inline--fa fa-youtube fa-w-18\"><path fill=\"currentColor\" d=\"M549.655 124.083c-6.281-23.65-24.787-42.276-48.284-48.597C458.781 64 288 64 288 64S117.22 64 74.629 75.486c-23.497 6.322-42.003 24.947-48.284 48.597-11.412 42.867-11.412 132.305-11.412 132.305s0 89.438 11.412 132.305c6.281 23.65 24.787 41.5 48.284 47.821C117.22 448 288 448 288 448s170.78 0 213.371-11.486c23.497-6.321 42.003-24.171 48.284-47.821 11.412-42.867 11.412-132.305 11.412-132.305s0-89.438-11.412-132.305zm-317.51 213.508V175.185l142.739 81.205-142.739 81.201z\" class=\"\"><\/path><\/svg>                    <\/div>\n                                <span class=\"sby_loader sby_hidden\" style=\"background-color: rgb(255, 255, 255);\"><\/span>\n            <\/a>\n\n            \n        <\/div>\n\n        \n<div class=\"sby_info sby_info_item\">\n\t<div class=\"sby-video-info-bottom\">\n\t\t<div class=\"sby-video-info\">\n\t\t\t\t\t\t\t<p class=\"sby_video_title_wrap\" >\n\t\t\t\t\t<span class=\"sby_video_title\">Pensando preventivaMENTE: Drogas na escola<\/span>\n\t\t\t\t<\/p>\n\t\t\t\n\t\t\t\n\t\t\t\n\t\t\t\n\t\t\t\t\t<\/div>\n\n\t\t\t\t\t\t\t\t<\/div>\n<\/div>    <\/div>\n<\/div><div class=\"sby_item  sby_new sby_transition\" id=\"sby_UEx0Q0tvVE9zX3RkbzBKd1RrdXlxSTRhYU1MclJCTWJPSS4yODlGNEE0NkRGMEEzMEQy\" data-date=\"1600366198\" data-video-id=\"1rxFAhYNrP8\" data-video-title=\"Como a escola pode ser um espa\u00e7o promotor de sa\u00fade mental?\" data-live-date=\"0\" data-channel-id=\"UCVzDV6uqfZIxgHZvgeMlCyg\" >\n    <div class=\"sby_inner_item\">\n        <div class=\"sby_video_thumbnail_wrap sby_item_video_thumbnail_wrap\">\n            <a class=\"sby_video_thumbnail sby_item_video_thumbnail\" style=\"background-image:url(https:\/\/www.amesuamente.org.br\/en\/wp-content\/plugins\/youtube-feed-pro\/img\/placeholder.png)\" href=\"https:\/\/www.youtube.com\/watch?v=1rxFAhYNrP8\" target=\"_blank\" rel=\"noopener\" data-full-res=\"https:\/\/i.ytimg.com\/vi\/1rxFAhYNrP8\/maxresdefault.jpg\" data-img-src-set=\"{&quot;120&quot;:&quot;https:\\\/\\\/i.ytimg.com\\\/vi\\\/1rxFAhYNrP8\\\/default.jpg&quot;,&quot;320&quot;:&quot;https:\\\/\\\/i.ytimg.com\\\/vi\\\/1rxFAhYNrP8\\\/mqdefault.jpg&quot;,&quot;480&quot;:&quot;https:\\\/\\\/i.ytimg.com\\\/vi\\\/1rxFAhYNrP8\\\/hqdefault.jpg&quot;,&quot;640&quot;:&quot;https:\\\/\\\/i.ytimg.com\\\/vi\\\/1rxFAhYNrP8\\\/sddefault.jpg&quot;}\" data-video-id=\"1rxFAhYNrP8\"  data-user=\"Instituto Ame Sua Mente\" data-url=\"https:\/\/www.youtube.com\/watch?v=1rxFAhYNrP8\" data-avatar=\"\" data-title=\"Pensando PreventivaMENTE&lt;br \/&gt;\nCom Patricia Manzolli (Psiquiatra da inf\u00e2ncia e adolesc\u00eancia)  e Juliana Fleury ( CEO Associa\u00e7\u00e3o pela Sa\u00fade Emocional de Crian\u00e7as  - ASEC)&lt;br \/&gt;\nMedia\u00e7\u00e3o de Clarice Madruga (Psic\u00f3loga, Pesquisadora e membra do IASM) &lt;br \/&gt;\ndia 17\/09 as 14h\" data-video-title=\"Como a escola pode ser um espa\u00e7o promotor de sa\u00fade mental?\" data-channel-id=\"UCVzDV6uqfZIxgHZvgeMlCyg\" data-views=\"2.5K views\" data-published-date=\"1600366198\" data-formatted-published-date=\"17 de September de 2020 15:09\" data-comment-count=\"8\">\n                <img decoding=\"async\" src=\"https:\/\/www.amesuamente.org.br\/en\/wp-content\/plugins\/youtube-feed-pro\/img\/placeholder.png\" alt=\"Pensando PreventivaMENTE\nCom Patricia Manzolli (Psiquiatra da inf\u00e2ncia e adolesc\u00eancia)  e Juliana Fleury ( CEO Associa\u00e7\u00e3o pela Sa\u00fade Emocional de Crian\u00e7as  - ASEC)\nMedia\u00e7\u00e3o de Clarice Madruga (Psic\u00f3loga, Pesquisadora e membra do IASM) \ndia 17\/09 as 14h\">\n                \n                <div class=\"sby_thumbnail_hover sby_item_video_thumbnail_hover\">\n                    <div class=\"sby_thumbnail_hover_inner\">\n                        \n                        \n                        \n                                                    <p class=\"sby_caption\" >Pensando PreventivaMENTE<br>\nCom Patricia Manzolli (Psiquiatra da inf\u00e2ncia e adolesc\u00eancia)  e Juliana Fleury ( CEO Associa\u00e7\u00e3o pela Sa\u00fade Emocional de Crian\u00e7as  - ASEC)<br>\nMedia\u00e7\u00e3o de Clarice Madruga (Psic\u00f3loga, Pesquisadora e membra do IASM) <br>\ndia 17\/09 as 14h<\/p>\n                        \n                                                    <p class=\"sby_stats\" >\n                                <span class=\"sby_likes\" >\n                                                                    <span class=\"sby_like_count\">130<\/span>\n                                <\/span>\n                                <span class=\"sby_comments\" >\n                                                                        <span class=\"sby_comment_count\">8<\/span>\n                                <\/span>\n                            <\/p>\n                                            <\/div>\n                <\/div>\n\n                <span class=\"sby-screenreader\">YouTube Video UEx0Q0tvVE9zX3RkbzBKd1RrdXlxSTRhYU1MclJCTWJPSS4yODlGNEE0NkRGMEEzMEQy<\/span>\n                                    <div class=\"sby_play_btn\" >\n                        <span class=\"sby_play_btn_bg\"><\/span>\n                    <svg aria-hidden=\"true\" focusable=\"false\" data-prefix=\"fab\" data-icon=\"youtube\" role=\"img\" xmlns=\"http:\/\/www.w3.org\/2000\/svg\" viewBox=\"0 0 576 512\" class=\"svg-inline--fa fa-youtube fa-w-18\"><path fill=\"currentColor\" d=\"M549.655 124.083c-6.281-23.65-24.787-42.276-48.284-48.597C458.781 64 288 64 288 64S117.22 64 74.629 75.486c-23.497 6.322-42.003 24.947-48.284 48.597-11.412 42.867-11.412 132.305-11.412 132.305s0 89.438 11.412 132.305c6.281 23.65 24.787 41.5 48.284 47.821C117.22 448 288 448 288 448s170.78 0 213.371-11.486c23.497-6.321 42.003-24.171 48.284-47.821 11.412-42.867 11.412-132.305 11.412-132.305s0-89.438-11.412-132.305zm-317.51 213.508V175.185l142.739 81.205-142.739 81.201z\" class=\"\"><\/path><\/svg>                    <\/div>\n                                <span class=\"sby_loader sby_hidden\" style=\"background-color: rgb(255, 255, 255);\"><\/span>\n            <\/a>\n\n            \n        <\/div>\n\n        \n<div class=\"sby_info sby_info_item\">\n\t<div class=\"sby-video-info-bottom\">\n\t\t<div class=\"sby-video-info\">\n\t\t\t\t\t\t\t<p class=\"sby_video_title_wrap\" >\n\t\t\t\t\t<span class=\"sby_video_title\">Como a escola pode ser um espa\u00e7o promotor de sa\u00fade mental?<\/span>\n\t\t\t\t<\/p>\n\t\t\t\n\t\t\t\n\t\t\t\n\t\t\t\n\t\t\t\t\t<\/div>\n\n\t\t\t\t\t\t\t\t<\/div>\n<\/div>    <\/div>\n<\/div><div class=\"sby_item  sby_new sby_transition\" id=\"sby_UEx0Q0tvVE9zX3RkbzBKd1RrdXlxSTRhYU1MclJCTWJPSS4wOTA3OTZBNzVEMTUzOTMy\" data-date=\"1603822000\" data-video-id=\"9D37BZis7Sg\" data-video-title=\"Estilos parentais: aspectos emocionais e comportamentais na rela\u00e7\u00e3o pais e filhos\" data-live-date=\"0\" data-channel-id=\"UCVzDV6uqfZIxgHZvgeMlCyg\" >\n    <div class=\"sby_inner_item\">\n        <div class=\"sby_video_thumbnail_wrap sby_item_video_thumbnail_wrap\">\n            <a class=\"sby_video_thumbnail sby_item_video_thumbnail\" style=\"background-image:url(https:\/\/www.amesuamente.org.br\/en\/wp-content\/plugins\/youtube-feed-pro\/img\/placeholder.png)\" href=\"https:\/\/www.youtube.com\/watch?v=9D37BZis7Sg\" target=\"_blank\" rel=\"noopener\" data-full-res=\"https:\/\/i.ytimg.com\/vi\/9D37BZis7Sg\/maxresdefault.jpg\" data-img-src-set=\"{&quot;120&quot;:&quot;https:\\\/\\\/i.ytimg.com\\\/vi\\\/9D37BZis7Sg\\\/default.jpg&quot;,&quot;320&quot;:&quot;https:\\\/\\\/i.ytimg.com\\\/vi\\\/9D37BZis7Sg\\\/mqdefault.jpg&quot;,&quot;480&quot;:&quot;https:\\\/\\\/i.ytimg.com\\\/vi\\\/9D37BZis7Sg\\\/hqdefault.jpg&quot;,&quot;640&quot;:&quot;https:\\\/\\\/i.ytimg.com\\\/vi\\\/9D37BZis7Sg\\\/sddefault.jpg&quot;}\" data-video-id=\"9D37BZis7Sg\"  data-user=\"Instituto Ame Sua Mente\" data-url=\"https:\/\/www.youtube.com\/watch?v=9D37BZis7Sg\" data-avatar=\"\" data-title=\"Convidada: Viviane Rocha (Psic\u00f3loga cl\u00ednica. Terapeuta de adultos e casais. Atuou como supervisora em programas de preven\u00e7\u00e3o em sa\u00fade mental do Governo Federal voltados a fam\u00edlias. \u00c9 pesquisadora do mesmo na Universidade de Bras\u00edlia.)&lt;br \/&gt;\n&lt;br \/&gt;\nMedia\u00e7\u00e3o de Clarice Madruga (Psic\u00f3loga, Pesquisadora e membra do IASM)\" data-video-title=\"Estilos parentais: aspectos emocionais e comportamentais na rela\u00e7\u00e3o pais e filhos\" data-channel-id=\"UCVzDV6uqfZIxgHZvgeMlCyg\" data-views=\"1.6K views\" data-published-date=\"1603822000\" data-formatted-published-date=\"27 de October de 2020 15:06\" data-comment-count=\"4\">\n                <img decoding=\"async\" src=\"https:\/\/www.amesuamente.org.br\/en\/wp-content\/plugins\/youtube-feed-pro\/img\/placeholder.png\" alt=\"Convidada: Viviane Rocha (Psic\u00f3loga cl\u00ednica. Terapeuta de adultos e casais. Atuou como supervisora em programas de preven\u00e7\u00e3o em sa\u00fade mental do Governo Federal voltados a fam\u00edlias. \u00c9 pesquisadora do mesmo na Universidade de Bras\u00edlia.)\n\nMedia\u00e7\u00e3o de Clarice Madruga (Psic\u00f3loga, Pesquisadora e membra do IASM)\">\n                \n                <div class=\"sby_thumbnail_hover sby_item_video_thumbnail_hover\">\n                    <div class=\"sby_thumbnail_hover_inner\">\n                        \n                        \n                        \n                                                    <p class=\"sby_caption\" >Convidada: Viviane Rocha (Psic\u00f3loga cl\u00ednica. Terapeuta de adultos e casais. Atuou como supervisora em programas de preven\u00e7\u00e3o em sa\u00fade mental do Governo Federal voltados a fam\u00edlias. \u00c9 pesquisadora do mesmo na Universidade de Bras\u00edlia.)<br>\n<br>\nMedia\u00e7\u00e3o de Clarice Madruga (Psic\u00f3loga, Pesquisadora e membra do IASM)<\/p>\n                        \n                                                    <p class=\"sby_stats\" >\n                                <span class=\"sby_likes\" >\n                                                                    <span class=\"sby_like_count\">131<\/span>\n                                <\/span>\n                                <span class=\"sby_comments\" >\n                                                                        <span class=\"sby_comment_count\">4<\/span>\n                                <\/span>\n                            <\/p>\n                                            <\/div>\n                <\/div>\n\n                <span class=\"sby-screenreader\">YouTube Video UEx0Q0tvVE9zX3RkbzBKd1RrdXlxSTRhYU1MclJCTWJPSS4wOTA3OTZBNzVEMTUzOTMy<\/span>\n                                    <div class=\"sby_play_btn\" >\n                        <span class=\"sby_play_btn_bg\"><\/span>\n                    <svg aria-hidden=\"true\" focusable=\"false\" data-prefix=\"fab\" data-icon=\"youtube\" role=\"img\" xmlns=\"http:\/\/www.w3.org\/2000\/svg\" viewBox=\"0 0 576 512\" class=\"svg-inline--fa fa-youtube fa-w-18\"><path fill=\"currentColor\" d=\"M549.655 124.083c-6.281-23.65-24.787-42.276-48.284-48.597C458.781 64 288 64 288 64S117.22 64 74.629 75.486c-23.497 6.322-42.003 24.947-48.284 48.597-11.412 42.867-11.412 132.305-11.412 132.305s0 89.438 11.412 132.305c6.281 23.65 24.787 41.5 48.284 47.821C117.22 448 288 448 288 448s170.78 0 213.371-11.486c23.497-6.321 42.003-24.171 48.284-47.821 11.412-42.867 11.412-132.305 11.412-132.305s0-89.438-11.412-132.305zm-317.51 213.508V175.185l142.739 81.205-142.739 81.201z\" class=\"\"><\/path><\/svg>                    <\/div>\n                                <span class=\"sby_loader sby_hidden\" style=\"background-color: rgb(255, 255, 255);\"><\/span>\n            <\/a>\n\n            \n        <\/div>\n\n        \n<div class=\"sby_info sby_info_item\">\n\t<div class=\"sby-video-info-bottom\">\n\t\t<div class=\"sby-video-info\">\n\t\t\t\t\t\t\t<p class=\"sby_video_title_wrap\" >\n\t\t\t\t\t<span class=\"sby_video_title\">Estilos parentais: aspectos emocionais e comportamentais na rela\u00e7\u00e3o pais e filhos<\/span>\n\t\t\t\t<\/p>\n\t\t\t\n\t\t\t\n\t\t\t\n\t\t\t\n\t\t\t\t\t<\/div>\n\n\t\t\t\t\t\t\t\t<\/div>\n<\/div>    <\/div>\n<\/div><div class=\"sby_item  sby_new sby_transition\" id=\"sby_UEx0Q0tvVE9zX3RkbzBKd1RrdXlxSTRhYU1MclJCTWJPSS5EMEEwRUY5M0RDRTU3NDJC\" data-date=\"1596650995\" data-video-id=\"dx_hirpyAX0\" data-video-title=\"Sa\u00fade Mental na volta \u00e1s aulas presenciais\" data-live-date=\"0\" data-channel-id=\"UCVzDV6uqfZIxgHZvgeMlCyg\" >\n    <div class=\"sby_inner_item\">\n        <div class=\"sby_video_thumbnail_wrap sby_item_video_thumbnail_wrap\">\n            <a class=\"sby_video_thumbnail sby_item_video_thumbnail\" style=\"background-image:url(https:\/\/www.amesuamente.org.br\/en\/wp-content\/plugins\/youtube-feed-pro\/img\/placeholder.png)\" href=\"https:\/\/www.youtube.com\/watch?v=dx_hirpyAX0\" target=\"_blank\" rel=\"noopener\" data-full-res=\"https:\/\/i.ytimg.com\/vi\/dx_hirpyAX0\/maxresdefault.jpg\" data-img-src-set=\"{&quot;120&quot;:&quot;https:\\\/\\\/i.ytimg.com\\\/vi\\\/dx_hirpyAX0\\\/default.jpg&quot;,&quot;320&quot;:&quot;https:\\\/\\\/i.ytimg.com\\\/vi\\\/dx_hirpyAX0\\\/mqdefault.jpg&quot;,&quot;480&quot;:&quot;https:\\\/\\\/i.ytimg.com\\\/vi\\\/dx_hirpyAX0\\\/hqdefault.jpg&quot;,&quot;640&quot;:&quot;https:\\\/\\\/i.ytimg.com\\\/vi\\\/dx_hirpyAX0\\\/sddefault.jpg&quot;}\" data-video-id=\"dx_hirpyAX0\"  data-user=\"Instituto Ame Sua Mente\" data-url=\"https:\/\/www.youtube.com\/watch?v=dx_hirpyAX0\" data-avatar=\"\" data-title=\"\" data-video-title=\"Sa\u00fade Mental na volta \u00e1s aulas presenciais\" data-channel-id=\"UCVzDV6uqfZIxgHZvgeMlCyg\" data-views=\"1.4K views\" data-published-date=\"1596650995\" data-formatted-published-date=\"5 de August de 2020 15:09\" data-comment-count=\"6\">\n                <img decoding=\"async\" src=\"https:\/\/www.amesuamente.org.br\/en\/wp-content\/plugins\/youtube-feed-pro\/img\/placeholder.png\" alt=\"\">\n                \n                <div class=\"sby_thumbnail_hover sby_item_video_thumbnail_hover\">\n                    <div class=\"sby_thumbnail_hover_inner\">\n                        \n                        \n                        \n                                                    <p class=\"sby_caption\" ><\/p>\n                        \n                                                    <p class=\"sby_stats\" >\n                                <span class=\"sby_likes\" >\n                                                                    <span class=\"sby_like_count\">117<\/span>\n                                <\/span>\n                                <span class=\"sby_comments\" >\n                                                                        <span class=\"sby_comment_count\">6<\/span>\n                                <\/span>\n                            <\/p>\n                                            <\/div>\n                <\/div>\n\n                <span class=\"sby-screenreader\">YouTube Video UEx0Q0tvVE9zX3RkbzBKd1RrdXlxSTRhYU1MclJCTWJPSS5EMEEwRUY5M0RDRTU3NDJC<\/span>\n                                    <div class=\"sby_play_btn\" >\n                        <span class=\"sby_play_btn_bg\"><\/span>\n                    <svg aria-hidden=\"true\" focusable=\"false\" data-prefix=\"fab\" data-icon=\"youtube\" role=\"img\" xmlns=\"http:\/\/www.w3.org\/2000\/svg\" viewBox=\"0 0 576 512\" class=\"svg-inline--fa fa-youtube fa-w-18\"><path fill=\"currentColor\" d=\"M549.655 124.083c-6.281-23.65-24.787-42.276-48.284-48.597C458.781 64 288 64 288 64S117.22 64 74.629 75.486c-23.497 6.322-42.003 24.947-48.284 48.597-11.412 42.867-11.412 132.305-11.412 132.305s0 89.438 11.412 132.305c6.281 23.65 24.787 41.5 48.284 47.821C117.22 448 288 448 288 448s170.78 0 213.371-11.486c23.497-6.321 42.003-24.171 48.284-47.821 11.412-42.867 11.412-132.305 11.412-132.305s0-89.438-11.412-132.305zm-317.51 213.508V175.185l142.739 81.205-142.739 81.201z\" class=\"\"><\/path><\/svg>                    <\/div>\n                                <span class=\"sby_loader sby_hidden\" style=\"background-color: rgb(255, 255, 255);\"><\/span>\n            <\/a>\n\n            \n        <\/div>\n\n        \n<div class=\"sby_info sby_info_item\">\n\t<div class=\"sby-video-info-bottom\">\n\t\t<div class=\"sby-video-info\">\n\t\t\t\t\t\t\t<p class=\"sby_video_title_wrap\" >\n\t\t\t\t\t<span class=\"sby_video_title\">Sa\u00fade Mental na volta \u00e1s aulas presenciais<\/span>\n\t\t\t\t<\/p>\n\t\t\t\n\t\t\t\n\t\t\t\n\t\t\t\n\t\t\t\t\t<\/div>\n\n\t\t\t\t\t\t\t\t<\/div>\n<\/div>    <\/div>\n<\/div><div class=\"sby_item  sby_new sby_transition\" id=\"sby_UEx0Q0tvVE9zX3RkbzBKd1RrdXlxSTRhYU1MclJCTWJPSS45ODRDNTg0QjA4NkFBNkQy\" data-date=\"1635205042\" data-video-id=\"jtweAq93Y84\" data-video-title=\"Descomplicando a sa\u00fade mental na fam\u00edlia\" data-live-date=\"0\" data-channel-id=\"UCVzDV6uqfZIxgHZvgeMlCyg\" >\n    <div class=\"sby_inner_item\">\n        <div class=\"sby_video_thumbnail_wrap sby_item_video_thumbnail_wrap\">\n            <a class=\"sby_video_thumbnail sby_item_video_thumbnail\" style=\"background-image:url(https:\/\/www.amesuamente.org.br\/en\/wp-content\/plugins\/youtube-feed-pro\/img\/placeholder.png)\" href=\"https:\/\/www.youtube.com\/watch?v=jtweAq93Y84\" target=\"_blank\" rel=\"noopener\" data-full-res=\"https:\/\/i.ytimg.com\/vi\/jtweAq93Y84\/maxresdefault.jpg\" data-img-src-set=\"{&quot;120&quot;:&quot;https:\\\/\\\/i.ytimg.com\\\/vi\\\/jtweAq93Y84\\\/default.jpg&quot;,&quot;320&quot;:&quot;https:\\\/\\\/i.ytimg.com\\\/vi\\\/jtweAq93Y84\\\/mqdefault.jpg&quot;,&quot;480&quot;:&quot;https:\\\/\\\/i.ytimg.com\\\/vi\\\/jtweAq93Y84\\\/hqdefault.jpg&quot;,&quot;640&quot;:&quot;https:\\\/\\\/i.ytimg.com\\\/vi\\\/jtweAq93Y84\\\/sddefault.jpg&quot;}\" data-video-id=\"jtweAq93Y84\"  data-user=\"Instituto Ame Sua Mente\" data-url=\"https:\/\/www.youtube.com\/watch?v=jtweAq93Y84\" data-avatar=\"\" data-title=\"Palestra sobre sa\u00fade mental na fam\u00edlia, especialmente para pais, m\u00e3es e respons\u00e1veis.\" data-video-title=\"Descomplicando a sa\u00fade mental na fam\u00edlia\" data-channel-id=\"UCVzDV6uqfZIxgHZvgeMlCyg\" data-views=\"628 views\" data-published-date=\"1635205042\" data-formatted-published-date=\"25 de October de 2021 20:37\" data-comment-count=\"2\">\n                <img decoding=\"async\" src=\"https:\/\/www.amesuamente.org.br\/en\/wp-content\/plugins\/youtube-feed-pro\/img\/placeholder.png\" alt=\"Palestra sobre sa\u00fade mental na fam\u00edlia, especialmente para pais, m\u00e3es e respons\u00e1veis.\">\n                \n                <div class=\"sby_thumbnail_hover sby_item_video_thumbnail_hover\">\n                    <div class=\"sby_thumbnail_hover_inner\">\n                        \n                        \n                        \n                                                    <p class=\"sby_caption\" >Palestra sobre sa\u00fade mental na fam\u00edlia, especialmente para pais, m\u00e3es e respons\u00e1veis.<\/p>\n                        \n                                                    <p class=\"sby_stats\" >\n                                <span class=\"sby_likes\" >\n                                                                    <span class=\"sby_like_count\">79<\/span>\n                                <\/span>\n                                <span class=\"sby_comments\" >\n                                                                        <span class=\"sby_comment_count\">2<\/span>\n                                <\/span>\n                            <\/p>\n                                            <\/div>\n                <\/div>\n\n                <span class=\"sby-screenreader\">YouTube Video UEx0Q0tvVE9zX3RkbzBKd1RrdXlxSTRhYU1MclJCTWJPSS45ODRDNTg0QjA4NkFBNkQy<\/span>\n                                    <div class=\"sby_play_btn\" >\n                        <span class=\"sby_play_btn_bg\"><\/span>\n                    <svg aria-hidden=\"true\" focusable=\"false\" data-prefix=\"fab\" data-icon=\"youtube\" role=\"img\" xmlns=\"http:\/\/www.w3.org\/2000\/svg\" viewBox=\"0 0 576 512\" class=\"svg-inline--fa fa-youtube fa-w-18\"><path fill=\"currentColor\" d=\"M549.655 124.083c-6.281-23.65-24.787-42.276-48.284-48.597C458.781 64 288 64 288 64S117.22 64 74.629 75.486c-23.497 6.322-42.003 24.947-48.284 48.597-11.412 42.867-11.412 132.305-11.412 132.305s0 89.438 11.412 132.305c6.281 23.65 24.787 41.5 48.284 47.821C117.22 448 288 448 288 448s170.78 0 213.371-11.486c23.497-6.321 42.003-24.171 48.284-47.821 11.412-42.867 11.412-132.305 11.412-132.305s0-89.438-11.412-132.305zm-317.51 213.508V175.185l142.739 81.205-142.739 81.201z\" class=\"\"><\/path><\/svg>                    <\/div>\n                                <span class=\"sby_loader sby_hidden\" style=\"background-color: rgb(255, 255, 255);\"><\/span>\n            <\/a>\n\n            \n        <\/div>\n\n        \n<div class=\"sby_info sby_info_item\">\n\t<div class=\"sby-video-info-bottom\">\n\t\t<div class=\"sby-video-info\">\n\t\t\t\t\t\t\t<p class=\"sby_video_title_wrap\" >\n\t\t\t\t\t<span class=\"sby_video_title\">Descomplicando a sa\u00fade mental na fam\u00edlia<\/span>\n\t\t\t\t<\/p>\n\t\t\t\n\t\t\t\n\t\t\t\n\t\t\t\n\t\t\t\t\t<\/div>\n\n\t\t\t\t\t\t\t\t<\/div>\n<\/div>    <\/div>\n<\/div><div class=\"sby_item  sby_new sby_transition\" id=\"sby_UEx0Q0tvVE9zX3RkbzBKd1RrdXlxSTRhYU1MclJCTWJPSS4zMDg5MkQ5MEVDMEM1NTg2\" data-date=\"1602698669\" data-video-id=\"jxUFWyv7yQY\" data-video-title=\"Luto no contexto escolar\" data-live-date=\"0\" data-channel-id=\"UCVzDV6uqfZIxgHZvgeMlCyg\" >\n    <div class=\"sby_inner_item\">\n        <div class=\"sby_video_thumbnail_wrap sby_item_video_thumbnail_wrap\">\n            <a class=\"sby_video_thumbnail sby_item_video_thumbnail\" style=\"background-image:url(https:\/\/www.amesuamente.org.br\/en\/wp-content\/plugins\/youtube-feed-pro\/img\/placeholder.png)\" href=\"https:\/\/www.youtube.com\/watch?v=jxUFWyv7yQY\" target=\"_blank\" rel=\"noopener\" data-full-res=\"https:\/\/i.ytimg.com\/vi\/jxUFWyv7yQY\/maxresdefault.jpg\" data-img-src-set=\"{&quot;120&quot;:&quot;https:\\\/\\\/i.ytimg.com\\\/vi\\\/jxUFWyv7yQY\\\/default.jpg&quot;,&quot;320&quot;:&quot;https:\\\/\\\/i.ytimg.com\\\/vi\\\/jxUFWyv7yQY\\\/mqdefault.jpg&quot;,&quot;480&quot;:&quot;https:\\\/\\\/i.ytimg.com\\\/vi\\\/jxUFWyv7yQY\\\/hqdefault.jpg&quot;,&quot;640&quot;:&quot;https:\\\/\\\/i.ytimg.com\\\/vi\\\/jxUFWyv7yQY\\\/sddefault.jpg&quot;}\" data-video-id=\"jxUFWyv7yQY\"  data-user=\"Instituto Ame Sua Mente\" data-url=\"https:\/\/www.youtube.com\/watch?v=jxUFWyv7yQY\" data-avatar=\"\" data-title=\"Convidada: Ana Laura Schliemann (Psicologa clinica, doutora em Psicologia, docente dos cursos de psicologia, medicina e enfermagem da puc\/sp)&lt;br \/&gt;\n&lt;br \/&gt;\nMedia\u00e7\u00e3o de Clarice Madruga (Psic\u00f3loga, Pesquisadora e membra do IASM)\" data-video-title=\"Luto no contexto escolar\" data-channel-id=\"UCVzDV6uqfZIxgHZvgeMlCyg\" data-views=\"377 views\" data-published-date=\"1602698669\" data-formatted-published-date=\"14 de October de 2020 15:04\" data-comment-count=\"0\">\n                <img decoding=\"async\" src=\"https:\/\/www.amesuamente.org.br\/en\/wp-content\/plugins\/youtube-feed-pro\/img\/placeholder.png\" alt=\"Convidada: Ana Laura Schliemann (Psicologa clinica, doutora em Psicologia, docente dos cursos de psicologia, medicina e enfermagem da puc\/sp)\n\nMedia\u00e7\u00e3o de Clarice Madruga (Psic\u00f3loga, Pesquisadora e membra do IASM)\">\n                \n                <div class=\"sby_thumbnail_hover sby_item_video_thumbnail_hover\">\n                    <div class=\"sby_thumbnail_hover_inner\">\n                        \n                        \n                        \n                                                    <p class=\"sby_caption\" >Convidada: Ana Laura Schliemann (Psicologa clinica, doutora em Psicologia, docente dos cursos de psicologia, medicina e enfermagem da puc\/sp)<br>\n<br>\nMedia\u00e7\u00e3o de Clarice Madruga (Psic\u00f3loga, Pesquisadora e membra do IASM)<\/p>\n                        \n                                                    <p class=\"sby_stats\" >\n                                <span class=\"sby_likes\" >\n                                                                    <span class=\"sby_like_count\">25<\/span>\n                                <\/span>\n                                <span class=\"sby_comments\" >\n                                                                        <span class=\"sby_comment_count\">0<\/span>\n                                <\/span>\n                            <\/p>\n                                            <\/div>\n                <\/div>\n\n                <span class=\"sby-screenreader\">YouTube Video UEx0Q0tvVE9zX3RkbzBKd1RrdXlxSTRhYU1MclJCTWJPSS4zMDg5MkQ5MEVDMEM1NTg2<\/span>\n                                    <div class=\"sby_play_btn\" >\n                        <span class=\"sby_play_btn_bg\"><\/span>\n                    <svg aria-hidden=\"true\" focusable=\"false\" data-prefix=\"fab\" data-icon=\"youtube\" role=\"img\" xmlns=\"http:\/\/www.w3.org\/2000\/svg\" viewBox=\"0 0 576 512\" class=\"svg-inline--fa fa-youtube fa-w-18\"><path fill=\"currentColor\" d=\"M549.655 124.083c-6.281-23.65-24.787-42.276-48.284-48.597C458.781 64 288 64 288 64S117.22 64 74.629 75.486c-23.497 6.322-42.003 24.947-48.284 48.597-11.412 42.867-11.412 132.305-11.412 132.305s0 89.438 11.412 132.305c6.281 23.65 24.787 41.5 48.284 47.821C117.22 448 288 448 288 448s170.78 0 213.371-11.486c23.497-6.321 42.003-24.171 48.284-47.821 11.412-42.867 11.412-132.305 11.412-132.305s0-89.438-11.412-132.305zm-317.51 213.508V175.185l142.739 81.205-142.739 81.201z\" class=\"\"><\/path><\/svg>                    <\/div>\n                                <span class=\"sby_loader sby_hidden\" style=\"background-color: rgb(255, 255, 255);\"><\/span>\n            <\/a>\n\n            \n        <\/div>\n\n        \n<div class=\"sby_info sby_info_item\">\n\t<div class=\"sby-video-info-bottom\">\n\t\t<div class=\"sby-video-info\">\n\t\t\t\t\t\t\t<p class=\"sby_video_title_wrap\" >\n\t\t\t\t\t<span class=\"sby_video_title\">Luto no contexto escolar<\/span>\n\t\t\t\t<\/p>\n\t\t\t\n\t\t\t\n\t\t\t\n\t\t\t\n\t\t\t\t\t<\/div>\n\n\t\t\t\t\t\t\t\t<\/div>\n<\/div>    <\/div>\n<\/div><div class=\"sby_item  sby_new sby_transition\" id=\"sby_UEx0Q0tvVE9zX3RkbzBKd1RrdXlxSTRhYU1MclJCTWJPSS41Mzk2QTAxMTkzNDk4MDhF\" data-date=\"1594879694\" data-video-id=\"nLLibqffP90\" data-video-title=\"Live: Consumo de \u00e1lcool e outras drogas durante o isolamento social\" data-live-date=\"0\" data-channel-id=\"UCVzDV6uqfZIxgHZvgeMlCyg\" >\n    <div class=\"sby_inner_item\">\n        <div class=\"sby_video_thumbnail_wrap sby_item_video_thumbnail_wrap\">\n            <a class=\"sby_video_thumbnail sby_item_video_thumbnail\" style=\"background-image:url(https:\/\/www.amesuamente.org.br\/en\/wp-content\/plugins\/youtube-feed-pro\/img\/placeholder.png)\" href=\"https:\/\/www.youtube.com\/watch?v=nLLibqffP90\" target=\"_blank\" rel=\"noopener\" data-full-res=\"https:\/\/i.ytimg.com\/vi\/nLLibqffP90\/maxresdefault.jpg\" data-img-src-set=\"{&quot;120&quot;:&quot;https:\\\/\\\/i.ytimg.com\\\/vi\\\/nLLibqffP90\\\/default.jpg&quot;,&quot;320&quot;:&quot;https:\\\/\\\/i.ytimg.com\\\/vi\\\/nLLibqffP90\\\/mqdefault.jpg&quot;,&quot;480&quot;:&quot;https:\\\/\\\/i.ytimg.com\\\/vi\\\/nLLibqffP90\\\/hqdefault.jpg&quot;,&quot;640&quot;:&quot;https:\\\/\\\/i.ytimg.com\\\/vi\\\/nLLibqffP90\\\/sddefault.jpg&quot;}\" data-video-id=\"nLLibqffP90\"  data-user=\"Instituto Ame Sua Mente\" data-url=\"https:\/\/www.youtube.com\/watch?v=nLLibqffP90\" data-avatar=\"\" data-title=\"Consumo de \u00e1lcool e outras drogas durante o isolamento social: como est\u00e1 este contexto e como isso impacta os jovens\" data-video-title=\"Live: Consumo de \u00e1lcool e outras drogas durante o isolamento social\" data-channel-id=\"UCVzDV6uqfZIxgHZvgeMlCyg\" data-views=\"359 views\" data-published-date=\"1594879694\" data-formatted-published-date=\"16 de July de 2020 03:08\" data-comment-count=\"4\">\n                <img decoding=\"async\" src=\"https:\/\/www.amesuamente.org.br\/en\/wp-content\/plugins\/youtube-feed-pro\/img\/placeholder.png\" alt=\"Consumo de \u00e1lcool e outras drogas durante o isolamento social: como est\u00e1 este contexto e como isso impacta os jovens\">\n                \n                <div class=\"sby_thumbnail_hover sby_item_video_thumbnail_hover\">\n                    <div class=\"sby_thumbnail_hover_inner\">\n                        \n                        \n                        \n                                                    <p class=\"sby_caption\" >Consumo de \u00e1lcool e outras drogas durante o isolamento social: como est\u00e1 este contexto e como isso impacta os jovens<\/p>\n                        \n                                                    <p class=\"sby_stats\" >\n                                <span class=\"sby_likes\" >\n                                                                    <span class=\"sby_like_count\">31<\/span>\n                                <\/span>\n                                <span class=\"sby_comments\" >\n                                                                        <span class=\"sby_comment_count\">4<\/span>\n                                <\/span>\n                            <\/p>\n                                            <\/div>\n                <\/div>\n\n                <span class=\"sby-screenreader\">YouTube Video UEx0Q0tvVE9zX3RkbzBKd1RrdXlxSTRhYU1MclJCTWJPSS41Mzk2QTAxMTkzNDk4MDhF<\/span>\n                                    <div class=\"sby_play_btn\" >\n                        <span class=\"sby_play_btn_bg\"><\/span>\n                    <svg aria-hidden=\"true\" focusable=\"false\" data-prefix=\"fab\" data-icon=\"youtube\" role=\"img\" xmlns=\"http:\/\/www.w3.org\/2000\/svg\" viewBox=\"0 0 576 512\" class=\"svg-inline--fa fa-youtube fa-w-18\"><path fill=\"currentColor\" d=\"M549.655 124.083c-6.281-23.65-24.787-42.276-48.284-48.597C458.781 64 288 64 288 64S117.22 64 74.629 75.486c-23.497 6.322-42.003 24.947-48.284 48.597-11.412 42.867-11.412 132.305-11.412 132.305s0 89.438 11.412 132.305c6.281 23.65 24.787 41.5 48.284 47.821C117.22 448 288 448 288 448s170.78 0 213.371-11.486c23.497-6.321 42.003-24.171 48.284-47.821 11.412-42.867 11.412-132.305 11.412-132.305s0-89.438-11.412-132.305zm-317.51 213.508V175.185l142.739 81.205-142.739 81.201z\" class=\"\"><\/path><\/svg>                    <\/div>\n                                <span class=\"sby_loader sby_hidden\" style=\"background-color: rgb(255, 255, 255);\"><\/span>\n            <\/a>\n\n            \n        <\/div>\n\n        \n<div class=\"sby_info sby_info_item\">\n\t<div class=\"sby-video-info-bottom\">\n\t\t<div class=\"sby-video-info\">\n\t\t\t\t\t\t\t<p class=\"sby_video_title_wrap\" >\n\t\t\t\t\t<span class=\"sby_video_title\">Live: Consumo de \u00e1lcool e outras drogas durante o isolamento social<\/span>\n\t\t\t\t<\/p>\n\t\t\t\n\t\t\t\n\t\t\t\n\t\t\t\n\t\t\t\t\t<\/div>\n\n\t\t\t\t\t\t\t\t<\/div>\n<\/div>    <\/div>\n<\/div><div class=\"sby_item  sby_new sby_transition\" id=\"sby_UEx0Q0tvVE9zX3RkbzBKd1RrdXlxSTRhYU1MclJCTWJPSS41QTY1Q0UxMTVCODczNThE\" data-date=\"1593669877\" data-video-id=\"skt4i5sQF-4\" data-video-title=\"Live: Sa\u00fade Mental em tempos da COVID-19: Desenvolvimento de compet\u00eancias socioemocionais\" data-live-date=\"0\" data-channel-id=\"UCVzDV6uqfZIxgHZvgeMlCyg\" >\n    <div class=\"sby_inner_item\">\n        <div class=\"sby_video_thumbnail_wrap sby_item_video_thumbnail_wrap\">\n            <a class=\"sby_video_thumbnail sby_item_video_thumbnail\" style=\"background-image:url(https:\/\/www.amesuamente.org.br\/en\/wp-content\/plugins\/youtube-feed-pro\/img\/placeholder.png)\" href=\"https:\/\/www.youtube.com\/watch?v=skt4i5sQF-4\" target=\"_blank\" rel=\"noopener\" data-full-res=\"https:\/\/i.ytimg.com\/vi\/skt4i5sQF-4\/maxresdefault.jpg\" data-img-src-set=\"{&quot;120&quot;:&quot;https:\\\/\\\/i.ytimg.com\\\/vi\\\/skt4i5sQF-4\\\/default.jpg&quot;,&quot;320&quot;:&quot;https:\\\/\\\/i.ytimg.com\\\/vi\\\/skt4i5sQF-4\\\/mqdefault.jpg&quot;,&quot;480&quot;:&quot;https:\\\/\\\/i.ytimg.com\\\/vi\\\/skt4i5sQF-4\\\/hqdefault.jpg&quot;,&quot;640&quot;:&quot;https:\\\/\\\/i.ytimg.com\\\/vi\\\/skt4i5sQF-4\\\/sddefault.jpg&quot;}\" data-video-id=\"skt4i5sQF-4\"  data-user=\"Instituto Ame Sua Mente\" data-url=\"https:\/\/www.youtube.com\/watch?v=skt4i5sQF-4\" data-avatar=\"\" data-title=\"https:\/\/www.amesuamentenasescolas.org.br\/\" data-video-title=\"Live: Sa\u00fade Mental em tempos da COVID-19: Desenvolvimento de compet\u00eancias socioemocionais\" data-channel-id=\"UCVzDV6uqfZIxgHZvgeMlCyg\" data-views=\"3.6K views\" data-published-date=\"1593669877\" data-formatted-published-date=\"2 de July de 2020 03:04\" data-comment-count=\"31\">\n                <img decoding=\"async\" src=\"https:\/\/www.amesuamente.org.br\/en\/wp-content\/plugins\/youtube-feed-pro\/img\/placeholder.png\" alt=\"https:\/\/www.amesuamentenasescolas.org.br\/\">\n                \n                <div class=\"sby_thumbnail_hover sby_item_video_thumbnail_hover\">\n                    <div class=\"sby_thumbnail_hover_inner\">\n                        \n                        \n                        \n                                                    <p class=\"sby_caption\" >https:\/\/www.amesuamentenasescolas.org.br\/<\/p>\n                        \n                                                    <p class=\"sby_stats\" >\n                                <span class=\"sby_likes\" >\n                                                                    <span class=\"sby_like_count\">215<\/span>\n                                <\/span>\n                                <span class=\"sby_comments\" >\n                                                                        <span class=\"sby_comment_count\">31<\/span>\n                                <\/span>\n                            <\/p>\n                                            <\/div>\n                <\/div>\n\n                <span class=\"sby-screenreader\">YouTube Video UEx0Q0tvVE9zX3RkbzBKd1RrdXlxSTRhYU1MclJCTWJPSS41QTY1Q0UxMTVCODczNThE<\/span>\n                                    <div class=\"sby_play_btn\" >\n                        <span class=\"sby_play_btn_bg\"><\/span>\n                    <svg aria-hidden=\"true\" focusable=\"false\" data-prefix=\"fab\" data-icon=\"youtube\" role=\"img\" xmlns=\"http:\/\/www.w3.org\/2000\/svg\" viewBox=\"0 0 576 512\" class=\"svg-inline--fa fa-youtube fa-w-18\"><path fill=\"currentColor\" d=\"M549.655 124.083c-6.281-23.65-24.787-42.276-48.284-48.597C458.781 64 288 64 288 64S117.22 64 74.629 75.486c-23.497 6.322-42.003 24.947-48.284 48.597-11.412 42.867-11.412 132.305-11.412 132.305s0 89.438 11.412 132.305c6.281 23.65 24.787 41.5 48.284 47.821C117.22 448 288 448 288 448s170.78 0 213.371-11.486c23.497-6.321 42.003-24.171 48.284-47.821 11.412-42.867 11.412-132.305 11.412-132.305s0-89.438-11.412-132.305zm-317.51 213.508V175.185l142.739 81.205-142.739 81.201z\" class=\"\"><\/path><\/svg>                    <\/div>\n                                <span class=\"sby_loader sby_hidden\" style=\"background-color: rgb(255, 255, 255);\"><\/span>\n            <\/a>\n\n            \n        <\/div>\n\n        \n<div class=\"sby_info sby_info_item\">\n\t<div class=\"sby-video-info-bottom\">\n\t\t<div class=\"sby-video-info\">\n\t\t\t\t\t\t\t<p class=\"sby_video_title_wrap\" >\n\t\t\t\t\t<span class=\"sby_video_title\">Live: Sa\u00fade Mental em tempos da COVID-19: Desenvolvimento de compet\u00eancias socioemocionais<\/span>\n\t\t\t\t<\/p>\n\t\t\t\n\t\t\t\n\t\t\t\n\t\t\t\n\t\t\t\t\t<\/div>\n\n\t\t\t\t\t\t\t\t<\/div>\n<\/div>    <\/div>\n<\/div><div class=\"sby_item  sby_new sby_transition\" id=\"sby_UEx0Q0tvVE9zX3RkbzBKd1RrdXlxSTRhYU1MclJCTWJPSS4yMUQyQTQzMjRDNzMyQTMy\" data-date=\"1606327610\" data-video-id=\"svtN47ky4LI\" data-video-title=\"Educa\u00e7\u00e3o Socioemocional na Pandemia - Manual ou vida real?\" data-live-date=\"0\" data-channel-id=\"UCVzDV6uqfZIxgHZvgeMlCyg\" >\n    <div class=\"sby_inner_item\">\n        <div class=\"sby_video_thumbnail_wrap sby_item_video_thumbnail_wrap\">\n            <a class=\"sby_video_thumbnail sby_item_video_thumbnail\" style=\"background-image:url(https:\/\/www.amesuamente.org.br\/en\/wp-content\/plugins\/youtube-feed-pro\/img\/placeholder.png)\" href=\"https:\/\/www.youtube.com\/watch?v=svtN47ky4LI\" target=\"_blank\" rel=\"noopener\" data-full-res=\"https:\/\/i.ytimg.com\/vi\/svtN47ky4LI\/maxresdefault.jpg\" data-img-src-set=\"{&quot;120&quot;:&quot;https:\\\/\\\/i.ytimg.com\\\/vi\\\/svtN47ky4LI\\\/default.jpg&quot;,&quot;320&quot;:&quot;https:\\\/\\\/i.ytimg.com\\\/vi\\\/svtN47ky4LI\\\/mqdefault.jpg&quot;,&quot;480&quot;:&quot;https:\\\/\\\/i.ytimg.com\\\/vi\\\/svtN47ky4LI\\\/hqdefault.jpg&quot;,&quot;640&quot;:&quot;https:\\\/\\\/i.ytimg.com\\\/vi\\\/svtN47ky4LI\\\/sddefault.jpg&quot;}\" data-video-id=\"svtN47ky4LI\"  data-user=\"Instituto Ame Sua Mente\" data-url=\"https:\/\/www.youtube.com\/watch?v=svtN47ky4LI\" data-avatar=\"\" data-title=\"Com Rodrigo Affonseca Bressan&lt;br \/&gt;\nMedia\u00e7\u00e3o de Henrique Teruo Akiba&lt;br \/&gt;\ndia 25\/11 \u00e0s 14:00\" data-video-title=\"Educa\u00e7\u00e3o Socioemocional na Pandemia - Manual ou vida real?\" data-channel-id=\"UCVzDV6uqfZIxgHZvgeMlCyg\" data-views=\"1K views\" data-published-date=\"1606327610\" data-formatted-published-date=\"25 de November de 2020 15:06\" data-comment-count=\"12\">\n                <img decoding=\"async\" src=\"https:\/\/www.amesuamente.org.br\/en\/wp-content\/plugins\/youtube-feed-pro\/img\/placeholder.png\" alt=\"Com Rodrigo Affonseca Bressan\nMedia\u00e7\u00e3o de Henrique Teruo Akiba\ndia 25\/11 \u00e0s 14:00\">\n                \n                <div class=\"sby_thumbnail_hover sby_item_video_thumbnail_hover\">\n                    <div class=\"sby_thumbnail_hover_inner\">\n                        \n                        \n                        \n                                                    <p class=\"sby_caption\" >Com Rodrigo Affonseca Bressan<br>\nMedia\u00e7\u00e3o de Henrique Teruo Akiba<br>\ndia 25\/11 \u00e0s 14:00<\/p>\n                        \n                                                    <p class=\"sby_stats\" >\n                                <span class=\"sby_likes\" >\n                                                                    <span class=\"sby_like_count\">91<\/span>\n                                <\/span>\n                                <span class=\"sby_comments\" >\n                                                                        <span class=\"sby_comment_count\">12<\/span>\n                                <\/span>\n                            <\/p>\n                                            <\/div>\n                <\/div>\n\n                <span class=\"sby-screenreader\">YouTube Video UEx0Q0tvVE9zX3RkbzBKd1RrdXlxSTRhYU1MclJCTWJPSS4yMUQyQTQzMjRDNzMyQTMy<\/span>\n                                    <div class=\"sby_play_btn\" >\n                        <span class=\"sby_play_btn_bg\"><\/span>\n                    <svg aria-hidden=\"true\" focusable=\"false\" data-prefix=\"fab\" data-icon=\"youtube\" role=\"img\" xmlns=\"http:\/\/www.w3.org\/2000\/svg\" viewBox=\"0 0 576 512\" class=\"svg-inline--fa fa-youtube fa-w-18\"><path fill=\"currentColor\" d=\"M549.655 124.083c-6.281-23.65-24.787-42.276-48.284-48.597C458.781 64 288 64 288 64S117.22 64 74.629 75.486c-23.497 6.322-42.003 24.947-48.284 48.597-11.412 42.867-11.412 132.305-11.412 132.305s0 89.438 11.412 132.305c6.281 23.65 24.787 41.5 48.284 47.821C117.22 448 288 448 288 448s170.78 0 213.371-11.486c23.497-6.321 42.003-24.171 48.284-47.821 11.412-42.867 11.412-132.305 11.412-132.305s0-89.438-11.412-132.305zm-317.51 213.508V175.185l142.739 81.205-142.739 81.201z\" class=\"\"><\/path><\/svg>                    <\/div>\n                                <span class=\"sby_loader sby_hidden\" style=\"background-color: rgb(255, 255, 255);\"><\/span>\n            <\/a>\n\n            \n        <\/div>\n\n        \n<div class=\"sby_info sby_info_item\">\n\t<div class=\"sby-video-info-bottom\">\n\t\t<div class=\"sby-video-info\">\n\t\t\t\t\t\t\t<p class=\"sby_video_title_wrap\" >\n\t\t\t\t\t<span class=\"sby_video_title\">Educa\u00e7\u00e3o Socioemocional na Pandemia - Manual ou vida real?<\/span>\n\t\t\t\t<\/p>\n\t\t\t\n\t\t\t\n\t\t\t\n\t\t\t\n\t\t\t\t\t<\/div>\n\n\t\t\t\t\t\t\t\t<\/div>\n<\/div>    <\/div>\n<\/div><div class=\"sby_item  sby_new sby_transition\" id=\"sby_UEx0Q0tvVE9zX3RkbzBKd1RrdXlxSTRhYU1MclJCTWJPSS45RTgxNDRBMzUwRjQ0MDhC\" data-date=\"1601488871\" data-video-id=\"voKNjeungYg\" data-video-title=\"O desenvolvimento de compet\u00eancias socioemocionais na promo\u00e7\u00e3o de sa\u00fade mental\" data-live-date=\"0\" data-channel-id=\"UCVzDV6uqfZIxgHZvgeMlCyg\" >\n    <div class=\"sby_inner_item\">\n        <div class=\"sby_video_thumbnail_wrap sby_item_video_thumbnail_wrap\">\n            <a class=\"sby_video_thumbnail sby_item_video_thumbnail\" style=\"background-image:url(https:\/\/www.amesuamente.org.br\/en\/wp-content\/plugins\/youtube-feed-pro\/img\/placeholder.png)\" href=\"https:\/\/www.youtube.com\/watch?v=voKNjeungYg\" target=\"_blank\" rel=\"noopener\" data-full-res=\"https:\/\/i.ytimg.com\/vi\/voKNjeungYg\/maxresdefault.jpg\" data-img-src-set=\"{&quot;120&quot;:&quot;https:\\\/\\\/i.ytimg.com\\\/vi\\\/voKNjeungYg\\\/default.jpg&quot;,&quot;320&quot;:&quot;https:\\\/\\\/i.ytimg.com\\\/vi\\\/voKNjeungYg\\\/mqdefault.jpg&quot;,&quot;480&quot;:&quot;https:\\\/\\\/i.ytimg.com\\\/vi\\\/voKNjeungYg\\\/hqdefault.jpg&quot;,&quot;640&quot;:&quot;https:\\\/\\\/i.ytimg.com\\\/vi\\\/voKNjeungYg\\\/sddefault.jpg&quot;}\" data-video-id=\"voKNjeungYg\"  data-user=\"Instituto Ame Sua Mente\" data-url=\"https:\/\/www.youtube.com\/watch?v=voKNjeungYg\" data-avatar=\"\" data-title=\"Com Henrique Akiba&lt;br \/&gt;\nMedia\u00e7\u00e3o de Clarice Madruga&lt;br \/&gt;\ndia 30\/09 as 14h\" data-video-title=\"O desenvolvimento de compet\u00eancias socioemocionais na promo\u00e7\u00e3o de sa\u00fade mental\" data-channel-id=\"UCVzDV6uqfZIxgHZvgeMlCyg\" data-views=\"381 views\" data-published-date=\"1601488871\" data-formatted-published-date=\"30 de September de 2020 15:01\" data-comment-count=\"1\">\n                <img decoding=\"async\" src=\"https:\/\/www.amesuamente.org.br\/en\/wp-content\/plugins\/youtube-feed-pro\/img\/placeholder.png\" alt=\"Com Henrique Akiba\nMedia\u00e7\u00e3o de Clarice Madruga\ndia 30\/09 as 14h\">\n                \n                <div class=\"sby_thumbnail_hover sby_item_video_thumbnail_hover\">\n                    <div class=\"sby_thumbnail_hover_inner\">\n                        \n                        \n                        \n                                                    <p class=\"sby_caption\" >Com Henrique Akiba<br>\nMedia\u00e7\u00e3o de Clarice Madruga<br>\ndia 30\/09 as 14h<\/p>\n                        \n                                                    <p class=\"sby_stats\" >\n                                <span class=\"sby_likes\" >\n                                                                    <span class=\"sby_like_count\">25<\/span>\n                                <\/span>\n                                <span class=\"sby_comments\" >\n                                                                        <span class=\"sby_comment_count\">1<\/span>\n                                <\/span>\n                            <\/p>\n                                            <\/div>\n                <\/div>\n\n                <span class=\"sby-screenreader\">YouTube Video UEx0Q0tvVE9zX3RkbzBKd1RrdXlxSTRhYU1MclJCTWJPSS45RTgxNDRBMzUwRjQ0MDhC<\/span>\n                                    <div class=\"sby_play_btn\" >\n                        <span class=\"sby_play_btn_bg\"><\/span>\n                    <svg aria-hidden=\"true\" focusable=\"false\" data-prefix=\"fab\" data-icon=\"youtube\" role=\"img\" xmlns=\"http:\/\/www.w3.org\/2000\/svg\" viewBox=\"0 0 576 512\" class=\"svg-inline--fa fa-youtube fa-w-18\"><path fill=\"currentColor\" d=\"M549.655 124.083c-6.281-23.65-24.787-42.276-48.284-48.597C458.781 64 288 64 288 64S117.22 64 74.629 75.486c-23.497 6.322-42.003 24.947-48.284 48.597-11.412 42.867-11.412 132.305-11.412 132.305s0 89.438 11.412 132.305c6.281 23.65 24.787 41.5 48.284 47.821C117.22 448 288 448 288 448s170.78 0 213.371-11.486c23.497-6.321 42.003-24.171 48.284-47.821 11.412-42.867 11.412-132.305 11.412-132.305s0-89.438-11.412-132.305zm-317.51 213.508V175.185l142.739 81.205-142.739 81.201z\" class=\"\"><\/path><\/svg>                    <\/div>\n                                <span class=\"sby_loader sby_hidden\" style=\"background-color: rgb(255, 255, 255);\"><\/span>\n            <\/a>\n\n            \n        <\/div>\n\n        \n<div class=\"sby_info sby_info_item\">\n\t<div class=\"sby-video-info-bottom\">\n\t\t<div class=\"sby-video-info\">\n\t\t\t\t\t\t\t<p class=\"sby_video_title_wrap\" >\n\t\t\t\t\t<span class=\"sby_video_title\">O desenvolvimento de compet\u00eancias socioemocionais na promo\u00e7\u00e3o de sa\u00fade mental<\/span>\n\t\t\t\t<\/p>\n\t\t\t\n\t\t\t\n\t\t\t\n\t\t\t\n\t\t\t\t\t<\/div>\n\n\t\t\t\t\t\t\t\t<\/div>\n<\/div>    <\/div>\n<\/div><div class=\"sby_item  sby_new sby_transition\" id=\"sby_UEx0Q0tvVE9zX3RkbzBKd1RrdXlxSTRhYU1MclJCTWJPSS5ENDU4Q0M4RDExNzM1Mjcy\" data-date=\"1725624335\" data-video-id=\"BnZVBIiL-q0\" data-video-title=\"Live - Sa\u00fade Mental \u00e9 Vida\" data-live-date=\"0\" data-channel-id=\"UCVzDV6uqfZIxgHZvgeMlCyg\" >\n    <div class=\"sby_inner_item\">\n        <div class=\"sby_video_thumbnail_wrap sby_item_video_thumbnail_wrap\">\n            <a class=\"sby_video_thumbnail sby_item_video_thumbnail\" style=\"background-image:url(https:\/\/www.amesuamente.org.br\/en\/wp-content\/plugins\/youtube-feed-pro\/img\/placeholder.png)\" href=\"https:\/\/www.youtube.com\/watch?v=BnZVBIiL-q0\" target=\"_blank\" rel=\"noopener\" data-full-res=\"https:\/\/i.ytimg.com\/vi\/BnZVBIiL-q0\/maxresdefault.jpg\" data-img-src-set=\"{&quot;120&quot;:&quot;https:\\\/\\\/i.ytimg.com\\\/vi\\\/BnZVBIiL-q0\\\/default.jpg&quot;,&quot;320&quot;:&quot;https:\\\/\\\/i.ytimg.com\\\/vi\\\/BnZVBIiL-q0\\\/mqdefault.jpg&quot;,&quot;480&quot;:&quot;https:\\\/\\\/i.ytimg.com\\\/vi\\\/BnZVBIiL-q0\\\/hqdefault.jpg&quot;,&quot;640&quot;:&quot;https:\\\/\\\/i.ytimg.com\\\/vi\\\/BnZVBIiL-q0\\\/sddefault.jpg&quot;}\" data-video-id=\"BnZVBIiL-q0\"  data-user=\"Instituto Ame Sua Mente\" data-url=\"https:\/\/www.youtube.com\/watch?v=BnZVBIiL-q0\" data-avatar=\"\" data-title=\"\" data-video-title=\"Live - Sa\u00fade Mental \u00e9 Vida\" data-channel-id=\"UCVzDV6uqfZIxgHZvgeMlCyg\" data-views=\"307 views\" data-published-date=\"1725624335\" data-formatted-published-date=\"6 de September de 2024 09:05\" data-comment-count=\"0\">\n                <img decoding=\"async\" src=\"https:\/\/www.amesuamente.org.br\/en\/wp-content\/plugins\/youtube-feed-pro\/img\/placeholder.png\" alt=\"\">\n                \n                <div class=\"sby_thumbnail_hover sby_item_video_thumbnail_hover\">\n                    <div class=\"sby_thumbnail_hover_inner\">\n                        \n                        \n                        \n                                                    <p class=\"sby_caption\" ><\/p>\n                        \n                                                    <p class=\"sby_stats\" >\n                                <span class=\"sby_likes\" >\n                                                                    <span class=\"sby_like_count\">11<\/span>\n                                <\/span>\n                                <span class=\"sby_comments\" >\n                                                                        <span class=\"sby_comment_count\">0<\/span>\n                                <\/span>\n                            <\/p>\n                                            <\/div>\n                <\/div>\n\n                <span class=\"sby-screenreader\">YouTube Video UEx0Q0tvVE9zX3RkbzBKd1RrdXlxSTRhYU1MclJCTWJPSS5ENDU4Q0M4RDExNzM1Mjcy<\/span>\n                                    <div class=\"sby_play_btn\" >\n                        <span class=\"sby_play_btn_bg\"><\/span>\n                    <svg aria-hidden=\"true\" focusable=\"false\" data-prefix=\"fab\" data-icon=\"youtube\" role=\"img\" xmlns=\"http:\/\/www.w3.org\/2000\/svg\" viewBox=\"0 0 576 512\" class=\"svg-inline--fa fa-youtube fa-w-18\"><path fill=\"currentColor\" d=\"M549.655 124.083c-6.281-23.65-24.787-42.276-48.284-48.597C458.781 64 288 64 288 64S117.22 64 74.629 75.486c-23.497 6.322-42.003 24.947-48.284 48.597-11.412 42.867-11.412 132.305-11.412 132.305s0 89.438 11.412 132.305c6.281 23.65 24.787 41.5 48.284 47.821C117.22 448 288 448 288 448s170.78 0 213.371-11.486c23.497-6.321 42.003-24.171 48.284-47.821 11.412-42.867 11.412-132.305 11.412-132.305s0-89.438-11.412-132.305zm-317.51 213.508V175.185l142.739 81.205-142.739 81.201z\" class=\"\"><\/path><\/svg>                    <\/div>\n                                <span class=\"sby_loader sby_hidden\" style=\"background-color: rgb(255, 255, 255);\"><\/span>\n            <\/a>\n\n            \n        <\/div>\n\n        \n<div class=\"sby_info sby_info_item\">\n\t<div class=\"sby-video-info-bottom\">\n\t\t<div class=\"sby-video-info\">\n\t\t\t\t\t\t\t<p class=\"sby_video_title_wrap\" >\n\t\t\t\t\t<span class=\"sby_video_title\">Live - Sa\u00fade Mental \u00e9 Vida<\/span>\n\t\t\t\t<\/p>\n\t\t\t\n\t\t\t\n\t\t\t\n\t\t\t\n\t\t\t\t\t<\/div>\n\n\t\t\t\t\t\t\t\t<\/div>\n<\/div>    <\/div>\n<\/div><div class=\"sby_item  sby_new sby_transition\" id=\"sby_UEx0Q0tvVE9zX3RkbzBKd1RrdXlxSTRhYU1MclJCTWJPSS4yMDhBMkNBNjRDMjQxQTg1\" data-date=\"1727114235\" data-video-id=\"gNeR0Gjk3Zs\" data-video-title=\"Aula Inaugural SEED PR\" data-live-date=\"0\" data-channel-id=\"UCVzDV6uqfZIxgHZvgeMlCyg\" >\n    <div class=\"sby_inner_item\">\n        <div class=\"sby_video_thumbnail_wrap sby_item_video_thumbnail_wrap\">\n            <a class=\"sby_video_thumbnail sby_item_video_thumbnail\" style=\"background-image:url(https:\/\/www.amesuamente.org.br\/en\/wp-content\/plugins\/youtube-feed-pro\/img\/placeholder.png)\" href=\"https:\/\/www.youtube.com\/watch?v=gNeR0Gjk3Zs\" target=\"_blank\" rel=\"noopener\" data-full-res=\"https:\/\/i.ytimg.com\/vi\/gNeR0Gjk3Zs\/maxresdefault.jpg\" data-img-src-set=\"{&quot;120&quot;:&quot;https:\\\/\\\/i.ytimg.com\\\/vi\\\/gNeR0Gjk3Zs\\\/default.jpg&quot;,&quot;320&quot;:&quot;https:\\\/\\\/i.ytimg.com\\\/vi\\\/gNeR0Gjk3Zs\\\/mqdefault.jpg&quot;,&quot;480&quot;:&quot;https:\\\/\\\/i.ytimg.com\\\/vi\\\/gNeR0Gjk3Zs\\\/hqdefault.jpg&quot;,&quot;640&quot;:&quot;https:\\\/\\\/i.ytimg.com\\\/vi\\\/gNeR0Gjk3Zs\\\/sddefault.jpg&quot;}\" data-video-id=\"gNeR0Gjk3Zs\"  data-user=\"Instituto Ame Sua Mente\" data-url=\"https:\/\/www.youtube.com\/watch?v=gNeR0Gjk3Zs\" data-avatar=\"\" data-title=\"Aula Inaugural SEED PR\" data-video-title=\"Aula Inaugural SEED PR\" data-channel-id=\"UCVzDV6uqfZIxgHZvgeMlCyg\" data-views=\"175 views\" data-published-date=\"1727114235\" data-formatted-published-date=\"23 de September de 2024 14:57\" data-comment-count=\"0\">\n                <img decoding=\"async\" src=\"https:\/\/www.amesuamente.org.br\/en\/wp-content\/plugins\/youtube-feed-pro\/img\/placeholder.png\" alt=\"Aula Inaugural SEED PR\">\n                \n                <div class=\"sby_thumbnail_hover sby_item_video_thumbnail_hover\">\n                    <div class=\"sby_thumbnail_hover_inner\">\n                        \n                        \n                        \n                                                    <p class=\"sby_caption\" >Aula Inaugural SEED PR<\/p>\n                        \n                                                    <p class=\"sby_stats\" >\n                                <span class=\"sby_likes\" >\n                                                                    <span class=\"sby_like_count\">16<\/span>\n                                <\/span>\n                                <span class=\"sby_comments\" >\n                                                                        <span class=\"sby_comment_count\">0<\/span>\n                                <\/span>\n                            <\/p>\n                                            <\/div>\n                <\/div>\n\n                <span class=\"sby-screenreader\">YouTube Video UEx0Q0tvVE9zX3RkbzBKd1RrdXlxSTRhYU1MclJCTWJPSS4yMDhBMkNBNjRDMjQxQTg1<\/span>\n                                    <div class=\"sby_play_btn\" >\n                        <span class=\"sby_play_btn_bg\"><\/span>\n                    <svg aria-hidden=\"true\" focusable=\"false\" data-prefix=\"fab\" data-icon=\"youtube\" role=\"img\" xmlns=\"http:\/\/www.w3.org\/2000\/svg\" viewBox=\"0 0 576 512\" class=\"svg-inline--fa fa-youtube fa-w-18\"><path fill=\"currentColor\" d=\"M549.655 124.083c-6.281-23.65-24.787-42.276-48.284-48.597C458.781 64 288 64 288 64S117.22 64 74.629 75.486c-23.497 6.322-42.003 24.947-48.284 48.597-11.412 42.867-11.412 132.305-11.412 132.305s0 89.438 11.412 132.305c6.281 23.65 24.787 41.5 48.284 47.821C117.22 448 288 448 288 448s170.78 0 213.371-11.486c23.497-6.321 42.003-24.171 48.284-47.821 11.412-42.867 11.412-132.305 11.412-132.305s0-89.438-11.412-132.305zm-317.51 213.508V175.185l142.739 81.205-142.739 81.201z\" class=\"\"><\/path><\/svg>                    <\/div>\n                                <span class=\"sby_loader sby_hidden\" style=\"background-color: rgb(255, 255, 255);\"><\/span>\n            <\/a>\n\n            \n        <\/div>\n\n        \n<div class=\"sby_info sby_info_item\">\n\t<div class=\"sby-video-info-bottom\">\n\t\t<div class=\"sby-video-info\">\n\t\t\t\t\t\t\t<p class=\"sby_video_title_wrap\" >\n\t\t\t\t\t<span class=\"sby_video_title\">Aula Inaugural SEED PR<\/span>\n\t\t\t\t<\/p>\n\t\t\t\n\t\t\t\n\t\t\t\n\t\t\t\n\t\t\t\t\t<\/div>\n\n\t\t\t\t\t\t\t\t<\/div>\n<\/div>    <\/div>\n<\/div><div class=\"sby_item  sby_new sby_transition\" id=\"sby_UEx0Q0tvVE9zX3RkbzBKd1RrdXlxSTRhYU1MclJCTWJPSS5GM0Q3M0MzMzY5NTJFNTdE\" data-date=\"1727794424\" data-video-id=\"iFk7yh5FrBM\" data-video-title=\"A Import\u00e2ncia do Diagn\u00f3stico Precoce na Sa\u00fade Mental\" data-live-date=\"0\" data-channel-id=\"UCVzDV6uqfZIxgHZvgeMlCyg\" >\n    <div class=\"sby_inner_item\">\n        <div class=\"sby_video_thumbnail_wrap sby_item_video_thumbnail_wrap\">\n            <a class=\"sby_video_thumbnail sby_item_video_thumbnail\" style=\"background-image:url(https:\/\/www.amesuamente.org.br\/en\/wp-content\/plugins\/youtube-feed-pro\/img\/placeholder.png)\" href=\"https:\/\/www.youtube.com\/watch?v=iFk7yh5FrBM\" target=\"_blank\" rel=\"noopener\" data-full-res=\"https:\/\/i.ytimg.com\/vi\/iFk7yh5FrBM\/maxresdefault.jpg\" data-img-src-set=\"{&quot;120&quot;:&quot;https:\\\/\\\/i.ytimg.com\\\/vi\\\/iFk7yh5FrBM\\\/default.jpg&quot;,&quot;320&quot;:&quot;https:\\\/\\\/i.ytimg.com\\\/vi\\\/iFk7yh5FrBM\\\/mqdefault.jpg&quot;,&quot;480&quot;:&quot;https:\\\/\\\/i.ytimg.com\\\/vi\\\/iFk7yh5FrBM\\\/hqdefault.jpg&quot;,&quot;640&quot;:&quot;https:\\\/\\\/i.ytimg.com\\\/vi\\\/iFk7yh5FrBM\\\/sddefault.jpg&quot;}\" data-video-id=\"iFk7yh5FrBM\"  data-user=\"Instituto Ame Sua Mente\" data-url=\"https:\/\/www.youtube.com\/watch?v=iFk7yh5FrBM\" data-avatar=\"\" data-title=\"\" data-video-title=\"A Import\u00e2ncia do Diagn\u00f3stico Precoce na Sa\u00fade Mental\" data-channel-id=\"UCVzDV6uqfZIxgHZvgeMlCyg\" data-views=\"22 views\" data-published-date=\"1727794424\" data-formatted-published-date=\"1 de October de 2024 11:53\" data-comment-count=\"0\">\n                <img decoding=\"async\" src=\"https:\/\/www.amesuamente.org.br\/en\/wp-content\/plugins\/youtube-feed-pro\/img\/placeholder.png\" alt=\"\">\n                \n                <div class=\"sby_thumbnail_hover sby_item_video_thumbnail_hover\">\n                    <div class=\"sby_thumbnail_hover_inner\">\n                        \n                        \n                        \n                                                    <p class=\"sby_caption\" ><\/p>\n                        \n                                                    <p class=\"sby_stats\" >\n                                <span class=\"sby_likes\" >\n                                                                    <span class=\"sby_like_count\">6<\/span>\n                                <\/span>\n                                <span class=\"sby_comments\" >\n                                                                        <span class=\"sby_comment_count\">0<\/span>\n                                <\/span>\n                            <\/p>\n                                            <\/div>\n                <\/div>\n\n                <span class=\"sby-screenreader\">YouTube Video UEx0Q0tvVE9zX3RkbzBKd1RrdXlxSTRhYU1MclJCTWJPSS5GM0Q3M0MzMzY5NTJFNTdE<\/span>\n                                    <div class=\"sby_play_btn\" >\n                        <span class=\"sby_play_btn_bg\"><\/span>\n                    <svg aria-hidden=\"true\" focusable=\"false\" data-prefix=\"fab\" data-icon=\"youtube\" role=\"img\" xmlns=\"http:\/\/www.w3.org\/2000\/svg\" viewBox=\"0 0 576 512\" class=\"svg-inline--fa fa-youtube fa-w-18\"><path fill=\"currentColor\" d=\"M549.655 124.083c-6.281-23.65-24.787-42.276-48.284-48.597C458.781 64 288 64 288 64S117.22 64 74.629 75.486c-23.497 6.322-42.003 24.947-48.284 48.597-11.412 42.867-11.412 132.305-11.412 132.305s0 89.438 11.412 132.305c6.281 23.65 24.787 41.5 48.284 47.821C117.22 448 288 448 288 448s170.78 0 213.371-11.486c23.497-6.321 42.003-24.171 48.284-47.821 11.412-42.867 11.412-132.305 11.412-132.305s0-89.438-11.412-132.305zm-317.51 213.508V175.185l142.739 81.205-142.739 81.201z\" class=\"\"><\/path><\/svg>                    <\/div>\n                                <span class=\"sby_loader sby_hidden\" style=\"background-color: rgb(255, 255, 255);\"><\/span>\n            <\/a>\n\n            \n        <\/div>\n\n        \n<div class=\"sby_info sby_info_item\">\n\t<div class=\"sby-video-info-bottom\">\n\t\t<div class=\"sby-video-info\">\n\t\t\t\t\t\t\t<p class=\"sby_video_title_wrap\" >\n\t\t\t\t\t<span class=\"sby_video_title\">A Import\u00e2ncia do Diagn\u00f3stico Precoce na Sa\u00fade Mental<\/span>\n\t\t\t\t<\/p>\n\t\t\t\n\t\t\t\n\t\t\t\n\t\t\t\n\t\t\t\t\t<\/div>\n\n\t\t\t\t\t\t\t\t<\/div>\n<\/div>    <\/div>\n<\/div><div class=\"sby_item  sby_new sby_transition\" id=\"sby_UEx0Q0tvVE9zX3RkbzBKd1RrdXlxSTRhYU1MclJCTWJPSS4zRjM0MkVCRTg0MkYyQTM0\" data-date=\"1727794484\" data-video-id=\"h-Q_iDBSMTE\" data-video-title=\"Como Lidar com Conflitos na Adolesc\u00eancia\" data-live-date=\"0\" data-channel-id=\"UCVzDV6uqfZIxgHZvgeMlCyg\" >\n    <div class=\"sby_inner_item\">\n        <div class=\"sby_video_thumbnail_wrap sby_item_video_thumbnail_wrap\">\n            <a class=\"sby_video_thumbnail sby_item_video_thumbnail\" style=\"background-image:url(https:\/\/www.amesuamente.org.br\/en\/wp-content\/plugins\/youtube-feed-pro\/img\/placeholder.png)\" href=\"https:\/\/www.youtube.com\/watch?v=h-Q_iDBSMTE\" target=\"_blank\" rel=\"noopener\" data-full-res=\"https:\/\/i.ytimg.com\/vi\/h-Q_iDBSMTE\/maxresdefault.jpg\" data-img-src-set=\"{&quot;120&quot;:&quot;https:\\\/\\\/i.ytimg.com\\\/vi\\\/h-Q_iDBSMTE\\\/default.jpg&quot;,&quot;320&quot;:&quot;https:\\\/\\\/i.ytimg.com\\\/vi\\\/h-Q_iDBSMTE\\\/mqdefault.jpg&quot;,&quot;480&quot;:&quot;https:\\\/\\\/i.ytimg.com\\\/vi\\\/h-Q_iDBSMTE\\\/hqdefault.jpg&quot;,&quot;640&quot;:&quot;https:\\\/\\\/i.ytimg.com\\\/vi\\\/h-Q_iDBSMTE\\\/sddefault.jpg&quot;}\" data-video-id=\"h-Q_iDBSMTE\"  data-user=\"Instituto Ame Sua Mente\" data-url=\"https:\/\/www.youtube.com\/watch?v=h-Q_iDBSMTE\" data-avatar=\"\" data-title=\"\" data-video-title=\"Como Lidar com Conflitos na Adolesc\u00eancia\" data-channel-id=\"UCVzDV6uqfZIxgHZvgeMlCyg\" data-views=\"14 views\" data-published-date=\"1727794484\" data-formatted-published-date=\"1 de October de 2024 11:54\" data-comment-count=\"0\">\n                <img decoding=\"async\" src=\"https:\/\/www.amesuamente.org.br\/en\/wp-content\/plugins\/youtube-feed-pro\/img\/placeholder.png\" alt=\"\">\n                \n                <div class=\"sby_thumbnail_hover sby_item_video_thumbnail_hover\">\n                    <div class=\"sby_thumbnail_hover_inner\">\n                        \n                        \n                        \n                                                    <p class=\"sby_caption\" ><\/p>\n                        \n                                                    <p class=\"sby_stats\" >\n                                <span class=\"sby_likes\" >\n                                                                    <span class=\"sby_like_count\">2<\/span>\n                                <\/span>\n                                <span class=\"sby_comments\" >\n                                                                        <span class=\"sby_comment_count\">0<\/span>\n                                <\/span>\n                            <\/p>\n                                            <\/div>\n                <\/div>\n\n                <span class=\"sby-screenreader\">YouTube Video UEx0Q0tvVE9zX3RkbzBKd1RrdXlxSTRhYU1MclJCTWJPSS4zRjM0MkVCRTg0MkYyQTM0<\/span>\n                                    <div class=\"sby_play_btn\" >\n                        <span class=\"sby_play_btn_bg\"><\/span>\n                    <svg aria-hidden=\"true\" focusable=\"false\" data-prefix=\"fab\" data-icon=\"youtube\" role=\"img\" xmlns=\"http:\/\/www.w3.org\/2000\/svg\" viewBox=\"0 0 576 512\" class=\"svg-inline--fa fa-youtube fa-w-18\"><path fill=\"currentColor\" d=\"M549.655 124.083c-6.281-23.65-24.787-42.276-48.284-48.597C458.781 64 288 64 288 64S117.22 64 74.629 75.486c-23.497 6.322-42.003 24.947-48.284 48.597-11.412 42.867-11.412 132.305-11.412 132.305s0 89.438 11.412 132.305c6.281 23.65 24.787 41.5 48.284 47.821C117.22 448 288 448 288 448s170.78 0 213.371-11.486c23.497-6.321 42.003-24.171 48.284-47.821 11.412-42.867 11.412-132.305 11.412-132.305s0-89.438-11.412-132.305zm-317.51 213.508V175.185l142.739 81.205-142.739 81.201z\" class=\"\"><\/path><\/svg>                    <\/div>\n                                <span class=\"sby_loader sby_hidden\" style=\"background-color: rgb(255, 255, 255);\"><\/span>\n            <\/a>\n\n            \n        <\/div>\n\n        \n<div class=\"sby_info sby_info_item\">\n\t<div class=\"sby-video-info-bottom\">\n\t\t<div class=\"sby-video-info\">\n\t\t\t\t\t\t\t<p class=\"sby_video_title_wrap\" >\n\t\t\t\t\t<span class=\"sby_video_title\">Como Lidar com Conflitos na Adolesc\u00eancia<\/span>\n\t\t\t\t<\/p>\n\t\t\t\n\t\t\t\n\t\t\t\n\t\t\t\n\t\t\t\t\t<\/div>\n\n\t\t\t\t\t\t\t\t<\/div>\n<\/div>    <\/div>\n<\/div>    <\/div>\n    \n\t<div class=\"sby_footer\">\n\n\n<\/div>\n    <div class=\"sby_cta_items_wraps sby_cta_wrap\">\n\t<div class=\"sby_cta_inner_wrap\">\n\n\t<\/div>\n<\/div>\n\n\t\n<\/div>\n\n\t<style type=\"text\/css\">\n\t\t\t\tbody #sb_youtube_sbyPLtCKorRBMbOI21.sb_youtube.sby_palette_custom .sby_video_title{\n\t\t\tcolor: #cb8ab5;\n\t\t}\n    \t\t\t\t    <\/style>\n\t<style type=\"text\/css\">body #sb_youtube_sbyPLtCKorRBMbOI21 .sby_caption_wrap .sby_caption { font-size: 13px !important}body #sb_youtube_sbyPLtCKorRBMbOI21 .sby_follow_btn a:hover { box-shadow:inset 0 0 10px 20px rgb(255, 255, 255, .25) !important}body #sb_youtube_sbyPLtCKorRBMbOI21[data-videostyle=boxed] .sby_items_wrap .sby_item .sby_inner_item { background-color: #ffffff !important}<\/style>\n<p>[\/et_pb_text][\/et_pb_column][\/et_pb_row][\/et_pb_section][et_pb_section fb_built=&#8221;1&#8243; _builder_version=&#8221;4.16&#8243; custom_margin=&#8221;0px||0px||false|false&#8221; custom_padding=&#8221;0px||0px||false|false&#8221; global_colors_info=&#8221;{}&#8221;][et_pb_row _builder_version=&#8221;4.16&#8243; max_height_tablet=&#8221;&#8221; max_height_phone=&#8221;110px&#8221; max_height_last_edited=&#8221;on|desktop&#8221; custom_padding=&#8221;||0px||false|false&#8221; global_colors_info=&#8221;{}&#8221;][et_pb_column type=&#8221;4_4&#8243; disabled_on=&#8221;off|off|off&#8221; _builder_version=&#8221;4.16&#8243; global_colors_info=&#8221;{}&#8221;][et_pb_text _builder_version=&#8221;4.16&#8243; header_3_font=&#8221;Poppins|700|||||||&#8221; header_3_text_color=&#8221;#ca84b3&#8243; header_3_font_size=&#8221;40px&#8221; header_3_letter_spacing=&#8221;1px&#8221; custom_margin=&#8221;||5px||false|false&#8221; global_colors_info=&#8221;{}&#8221;]<\/p>\n<h3>Ame Sua Mente na Escola<\/h3>\n<p>[\/et_pb_text][et_pb_text _builder_version=&#8221;4.24.0&#8243; global_colors_info=&#8221;{}&#8221;]<\/p>\n\n\n<div id=\"sb_youtube_sbyPLtCKoxVBPlNZ21\" \n\t class=\"sb_youtube sby_layout_carousel sby_col_3 sby_mob_col_1 sby_palette_custom  sby_width_resp\" \n\tdata-feedid=\"sby_PLtCKoxVBPlNZ#21\" \n\tdata-shortcode-atts=\"{&quot;feed&quot;:&quot;4&quot;}\" \n\tdata-cols=\"3\" \n\tdata-colsmobile=\"1\" \n\tdata-num=\"21\" \n\tdata-nummobile=\"21\" \n\t\tdata-subscribe-btn=\"1\" \n\tdata-subscribe-btn-text=\"Subscribe\" \n\tdata_channel_header_colors =\"{&quot;channelName&quot;:&quot;&quot;,&quot;subscribeCount&quot;:&quot;&quot;,&quot;buttonBackground&quot;:&quot;&quot;,&quot;buttonText&quot;:&quot;&quot;}\"\n\t data-options=\"{&quot;carousel&quot;:[true,false,false,false,true,1],&quot;cta&quot;:{&quot;type&quot;:&quot;related&quot;,&quot;defaultPosts&quot;:[],&quot;defaultLink&quot;:&quot;&quot;,&quot;defaultText&quot;:&quot;Learn More&quot;,&quot;openType&quot;:&quot;same&quot;,&quot;color&quot;:&quot;&quot;,&quot;textColor&quot;:&quot;&quot;},&quot;descriptionlength&quot;:150}\" data-sby-flags=\"resizeDisable,gdpr\" data-postid=\"5918\" data-sby-supports-lightbox=\"1\" \n\t data-videocardlayout=\"vertical\" \n>\n\t        <div class=\"sby_items_wrap\" style=\"padding: 5px;\">\n\t\t<div class=\"sby_item  sby_new sby_transition\" id=\"sby_UEx0Q0tvVE9zX3Rkck9KNU0tS04zWEFadmIxeFZCUGxOWi41NkI0NEY2RDEwNTU3Q0M2\" data-date=\"1693659605\" data-video-id=\"nZKM54ZNgyA\" data-video-title=\"Parceria com Munic\u00edpio de Santos - SP\" data-live-date=\"0\" data-channel-id=\"UCVzDV6uqfZIxgHZvgeMlCyg\" >\n    <div class=\"sby_inner_item\">\n        <div class=\"sby_video_thumbnail_wrap sby_item_video_thumbnail_wrap\">\n            <a class=\"sby_video_thumbnail sby_item_video_thumbnail\" style=\"background-image:url(https:\/\/www.amesuamente.org.br\/en\/wp-content\/plugins\/youtube-feed-pro\/img\/placeholder.png)\" href=\"https:\/\/www.youtube.com\/watch?v=nZKM54ZNgyA\" target=\"_blank\" rel=\"noopener\" data-full-res=\"https:\/\/i.ytimg.com\/vi\/nZKM54ZNgyA\/maxresdefault.jpg\" data-img-src-set=\"{&quot;120&quot;:&quot;https:\\\/\\\/i.ytimg.com\\\/vi\\\/nZKM54ZNgyA\\\/default.jpg&quot;,&quot;320&quot;:&quot;https:\\\/\\\/i.ytimg.com\\\/vi\\\/nZKM54ZNgyA\\\/mqdefault.jpg&quot;,&quot;480&quot;:&quot;https:\\\/\\\/i.ytimg.com\\\/vi\\\/nZKM54ZNgyA\\\/hqdefault.jpg&quot;,&quot;640&quot;:&quot;https:\\\/\\\/i.ytimg.com\\\/vi\\\/nZKM54ZNgyA\\\/sddefault.jpg&quot;}\" data-video-id=\"nZKM54ZNgyA\"  data-user=\"Instituto Ame Sua Mente\" data-url=\"https:\/\/www.youtube.com\/watch?v=nZKM54ZNgyA\" data-avatar=\"\" data-title=\"\" data-video-title=\"Parceria com Munic\u00edpio de Santos - SP\" data-channel-id=\"UCVzDV6uqfZIxgHZvgeMlCyg\" data-views=\"116 views\" data-published-date=\"1693659605\" data-formatted-published-date=\"2 de September de 2023 10:00\" data-comment-count=\"1\">\n                <img decoding=\"async\" src=\"https:\/\/www.amesuamente.org.br\/en\/wp-content\/plugins\/youtube-feed-pro\/img\/placeholder.png\" alt=\"\">\n                \n                <div class=\"sby_thumbnail_hover sby_item_video_thumbnail_hover\">\n                    <div class=\"sby_thumbnail_hover_inner\">\n                        \n                        \n                        \n                                                    <p class=\"sby_caption\" ><\/p>\n                        \n                                                    <p class=\"sby_stats\" >\n                                <span class=\"sby_likes\" >\n                                                                    <span class=\"sby_like_count\">13<\/span>\n                                <\/span>\n                                <span class=\"sby_comments\" >\n                                                                        <span class=\"sby_comment_count\">1<\/span>\n                                <\/span>\n                            <\/p>\n                                            <\/div>\n                <\/div>\n\n                <span class=\"sby-screenreader\">YouTube Video UEx0Q0tvVE9zX3Rkck9KNU0tS04zWEFadmIxeFZCUGxOWi41NkI0NEY2RDEwNTU3Q0M2<\/span>\n                                    <div class=\"sby_play_btn\" >\n                        <span class=\"sby_play_btn_bg\"><\/span>\n                    <svg aria-hidden=\"true\" focusable=\"false\" data-prefix=\"fab\" data-icon=\"youtube\" role=\"img\" xmlns=\"http:\/\/www.w3.org\/2000\/svg\" viewBox=\"0 0 576 512\" class=\"svg-inline--fa fa-youtube fa-w-18\"><path fill=\"currentColor\" d=\"M549.655 124.083c-6.281-23.65-24.787-42.276-48.284-48.597C458.781 64 288 64 288 64S117.22 64 74.629 75.486c-23.497 6.322-42.003 24.947-48.284 48.597-11.412 42.867-11.412 132.305-11.412 132.305s0 89.438 11.412 132.305c6.281 23.65 24.787 41.5 48.284 47.821C117.22 448 288 448 288 448s170.78 0 213.371-11.486c23.497-6.321 42.003-24.171 48.284-47.821 11.412-42.867 11.412-132.305 11.412-132.305s0-89.438-11.412-132.305zm-317.51 213.508V175.185l142.739 81.205-142.739 81.201z\" class=\"\"><\/path><\/svg>                    <\/div>\n                                <span class=\"sby_loader sby_hidden\" style=\"background-color: rgb(255, 255, 255);\"><\/span>\n            <\/a>\n\n            \n        <\/div>\n\n        \n<div class=\"sby_info sby_info_item\">\n\t<div class=\"sby-video-info-bottom\">\n\t\t<div class=\"sby-video-info\">\n\t\t\t\t\t\t\t<p class=\"sby_video_title_wrap\" >\n\t\t\t\t\t<span class=\"sby_video_title\">Parceria com Munic\u00edpio de Santos - SP<\/span>\n\t\t\t\t<\/p>\n\t\t\t\n\t\t\t\n\t\t\t\n\t\t\t\n\t\t\t\t\t<\/div>\n\n\t\t\t\t\t\t\t\t<\/div>\n<\/div>    <\/div>\n<\/div><div class=\"sby_item  sby_new sby_transition\" id=\"sby_UEx0Q0tvVE9zX3Rkck9KNU0tS04zWEFadmIxeFZCUGxOWi4yODlGNEE0NkRGMEEzMEQy\" data-date=\"1683326085\" data-video-id=\"mHAx_hmWoAo\" data-video-title=\"Parceria com a Secretaria de Educa\u00e7\u00e3o do Estado de S\u00e3o Paulo\" data-live-date=\"0\" data-channel-id=\"UCVzDV6uqfZIxgHZvgeMlCyg\" >\n    <div class=\"sby_inner_item\">\n        <div class=\"sby_video_thumbnail_wrap sby_item_video_thumbnail_wrap\">\n            <a class=\"sby_video_thumbnail sby_item_video_thumbnail\" style=\"background-image:url(https:\/\/www.amesuamente.org.br\/en\/wp-content\/plugins\/youtube-feed-pro\/img\/placeholder.png)\" href=\"https:\/\/www.youtube.com\/watch?v=mHAx_hmWoAo\" target=\"_blank\" rel=\"noopener\" data-full-res=\"https:\/\/i.ytimg.com\/vi\/mHAx_hmWoAo\/maxresdefault.jpg\" data-img-src-set=\"{&quot;120&quot;:&quot;https:\\\/\\\/i.ytimg.com\\\/vi\\\/mHAx_hmWoAo\\\/default.jpg&quot;,&quot;320&quot;:&quot;https:\\\/\\\/i.ytimg.com\\\/vi\\\/mHAx_hmWoAo\\\/mqdefault.jpg&quot;,&quot;480&quot;:&quot;https:\\\/\\\/i.ytimg.com\\\/vi\\\/mHAx_hmWoAo\\\/hqdefault.jpg&quot;,&quot;640&quot;:&quot;https:\\\/\\\/i.ytimg.com\\\/vi\\\/mHAx_hmWoAo\\\/sddefault.jpg&quot;}\" data-video-id=\"mHAx_hmWoAo\"  data-user=\"Instituto Ame Sua Mente\" data-url=\"https:\/\/www.youtube.com\/watch?v=mHAx_hmWoAo\" data-avatar=\"\" data-title=\"A diretora executiva do Instituto Ame sua Mente, Andr\u00e9a Regina, compartilha neste v\u00eddeo outra \u00f3tima not\u00edcia para a educa\u00e7\u00e3o: a celebra\u00e7\u00e3o da parceria com a Secretaria de Educa\u00e7\u00e3o do Estado de S\u00e3o Paulo para a forma\u00e7\u00e3o em sa\u00fade mental de mais de 2.900 educadores da rede p\u00fablica de ensino em 2023. &lt;br \/&gt;\n&lt;br \/&gt;\nA a\u00e7\u00e3o faz parte do Projeto Ame sua Mente na Escola, que entre 2020 e 2022, contou com 213 escolas beneficiadas e 728 educadores participantes. &lt;br \/&gt;\n&lt;br \/&gt;\nFicamos felizes em levar nosso prop\u00f3sito adiante. Vamos juntos por uma nova cultura de sa\u00fade mental em que todos possam se desenvolver e atingir seus potenciais. &lt;br \/&gt;\n&lt;br \/&gt;\nCuidar da mente \u00e9 cuidar da gente! Quanto mais cedo melhor! #amesuamente\" data-video-title=\"Parceria com a Secretaria de Educa\u00e7\u00e3o do Estado de S\u00e3o Paulo\" data-channel-id=\"UCVzDV6uqfZIxgHZvgeMlCyg\" data-views=\"93 views\" data-published-date=\"1683326085\" data-formatted-published-date=\"5 de May de 2023 19:34\" data-comment-count=\"0\">\n                <img decoding=\"async\" src=\"https:\/\/www.amesuamente.org.br\/en\/wp-content\/plugins\/youtube-feed-pro\/img\/placeholder.png\" alt=\"A diretora executiva do Instituto Ame sua Mente, Andr\u00e9a Regina, compartilha neste v\u00eddeo outra \u00f3tima not\u00edcia para a educa\u00e7\u00e3o: a celebra\u00e7\u00e3o da parceria com a Secretaria de Educa\u00e7\u00e3o do Estado de S\u00e3o Paulo para a forma\u00e7\u00e3o em sa\u00fade mental de mais de 2.900 educadores da rede p\u00fablica de ensino em 2023. \n\nA a\u00e7\u00e3o faz parte do Projeto Ame sua Mente na Escola, que entre 2020 e 2022, contou com 213 escolas beneficiadas e 728 educadores participantes. \n\nFicamos felizes em levar nosso prop\u00f3sito adiante. Vamos juntos por uma nova cultura de sa\u00fade mental em que todos possam se desenvolver e atingir seus potenciais. \n\nCuidar da mente \u00e9 cuidar da gente! Quanto mais cedo melhor! #amesuamente\">\n                \n                <div class=\"sby_thumbnail_hover sby_item_video_thumbnail_hover\">\n                    <div class=\"sby_thumbnail_hover_inner\">\n                        \n                        \n                        \n                                                    <p class=\"sby_caption\" >A diretora executiva do Instituto Ame sua Mente, Andr\u00e9a Regina, compartilha neste v\u00eddeo outra \u00f3tima not\u00edcia para a educa\u00e7\u00e3o: a celebra\u00e7\u00e3o da parceria com a Secretaria de Educa\u00e7\u00e3o do Estado de S\u00e3o Paulo para a forma\u00e7\u00e3o em sa\u00fade mental de mais de 2.900 educadores da rede p\u00fablica de ensino em 2023. <br>\n<br>\nA a\u00e7\u00e3o faz parte do Projeto Ame sua Mente na Escola, que entre 2020 e 2022, contou com 213 escolas beneficiadas e 728 educadores participantes. <br>\n<br>\nFicamos felizes em levar nosso prop\u00f3sito adiante. Vamos juntos por uma nova cultura de sa\u00fade mental em que todos possam se desenvolver e atingir seus potenciais. <br>\n<br>\nCuidar da mente \u00e9 cuidar da gente! Quanto mais cedo melhor! #amesuamente<\/p>\n                        \n                                                    <p class=\"sby_stats\" >\n                                <span class=\"sby_likes\" >\n                                                                    <span class=\"sby_like_count\">7<\/span>\n                                <\/span>\n                                <span class=\"sby_comments\" >\n                                                                        <span class=\"sby_comment_count\">0<\/span>\n                                <\/span>\n                            <\/p>\n                                            <\/div>\n                <\/div>\n\n                <span class=\"sby-screenreader\">YouTube Video UEx0Q0tvVE9zX3Rkck9KNU0tS04zWEFadmIxeFZCUGxOWi4yODlGNEE0NkRGMEEzMEQy<\/span>\n                                    <div class=\"sby_play_btn\" >\n                        <span class=\"sby_play_btn_bg\"><\/span>\n                    <svg aria-hidden=\"true\" focusable=\"false\" data-prefix=\"fab\" data-icon=\"youtube\" role=\"img\" xmlns=\"http:\/\/www.w3.org\/2000\/svg\" viewBox=\"0 0 576 512\" class=\"svg-inline--fa fa-youtube fa-w-18\"><path fill=\"currentColor\" d=\"M549.655 124.083c-6.281-23.65-24.787-42.276-48.284-48.597C458.781 64 288 64 288 64S117.22 64 74.629 75.486c-23.497 6.322-42.003 24.947-48.284 48.597-11.412 42.867-11.412 132.305-11.412 132.305s0 89.438 11.412 132.305c6.281 23.65 24.787 41.5 48.284 47.821C117.22 448 288 448 288 448s170.78 0 213.371-11.486c23.497-6.321 42.003-24.171 48.284-47.821 11.412-42.867 11.412-132.305 11.412-132.305s0-89.438-11.412-132.305zm-317.51 213.508V175.185l142.739 81.205-142.739 81.201z\" class=\"\"><\/path><\/svg>                    <\/div>\n                                <span class=\"sby_loader sby_hidden\" style=\"background-color: rgb(255, 255, 255);\"><\/span>\n            <\/a>\n\n            \n        <\/div>\n\n        \n<div class=\"sby_info sby_info_item\">\n\t<div class=\"sby-video-info-bottom\">\n\t\t<div class=\"sby-video-info\">\n\t\t\t\t\t\t\t<p class=\"sby_video_title_wrap\" >\n\t\t\t\t\t<span class=\"sby_video_title\">Parceria com a Secretaria de Educa\u00e7\u00e3o do Estado de S\u00e3o Paulo<\/span>\n\t\t\t\t<\/p>\n\t\t\t\n\t\t\t\n\t\t\t\n\t\t\t\n\t\t\t\t\t<\/div>\n\n\t\t\t\t\t\t\t\t<\/div>\n<\/div>    <\/div>\n<\/div><div class=\"sby_item  sby_new sby_transition\" id=\"sby_UEx0Q0tvVE9zX3Rkck9KNU0tS04zWEFadmIxeFZCUGxOWi4wMTcyMDhGQUE4NTIzM0Y5\" data-date=\"1692362306\" data-video-id=\"bp8I48YjKNg\" data-video-title=\"Formul\u00e1rio de Encaminhamento Instituto Ame Sua Mente\" data-live-date=\"0\" data-channel-id=\"UCVzDV6uqfZIxgHZvgeMlCyg\" >\n    <div class=\"sby_inner_item\">\n        <div class=\"sby_video_thumbnail_wrap sby_item_video_thumbnail_wrap\">\n            <a class=\"sby_video_thumbnail sby_item_video_thumbnail\" style=\"background-image:url(https:\/\/www.amesuamente.org.br\/en\/wp-content\/plugins\/youtube-feed-pro\/img\/placeholder.png)\" href=\"https:\/\/www.youtube.com\/watch?v=bp8I48YjKNg\" target=\"_blank\" rel=\"noopener\" data-full-res=\"https:\/\/i.ytimg.com\/vi\/bp8I48YjKNg\/maxresdefault.jpg\" data-img-src-set=\"{&quot;120&quot;:&quot;https:\\\/\\\/i.ytimg.com\\\/vi\\\/bp8I48YjKNg\\\/default.jpg&quot;,&quot;320&quot;:&quot;https:\\\/\\\/i.ytimg.com\\\/vi\\\/bp8I48YjKNg\\\/mqdefault.jpg&quot;,&quot;480&quot;:&quot;https:\\\/\\\/i.ytimg.com\\\/vi\\\/bp8I48YjKNg\\\/hqdefault.jpg&quot;,&quot;640&quot;:&quot;https:\\\/\\\/i.ytimg.com\\\/vi\\\/bp8I48YjKNg\\\/sddefault.jpg&quot;}\" data-video-id=\"bp8I48YjKNg\"  data-user=\"Instituto Ame Sua Mente\" data-url=\"https:\/\/www.youtube.com\/watch?v=bp8I48YjKNg\" data-avatar=\"\" data-title=\"Nesta anima\u00e7\u00e3o (com legenda em portugu\u00eas) explicamos qual o objetivo do formul\u00e1rio de encaminhamento.\" data-video-title=\"Formul\u00e1rio de Encaminhamento Instituto Ame Sua Mente\" data-channel-id=\"UCVzDV6uqfZIxgHZvgeMlCyg\" data-views=\"75 views\" data-published-date=\"1692362306\" data-formatted-published-date=\"18 de August de 2023 09:38\" data-comment-count=\"0\">\n                <img decoding=\"async\" src=\"https:\/\/www.amesuamente.org.br\/en\/wp-content\/plugins\/youtube-feed-pro\/img\/placeholder.png\" alt=\"Nesta anima\u00e7\u00e3o (com legenda em portugu\u00eas) explicamos qual o objetivo do formul\u00e1rio de encaminhamento.\">\n                \n                <div class=\"sby_thumbnail_hover sby_item_video_thumbnail_hover\">\n                    <div class=\"sby_thumbnail_hover_inner\">\n                        \n                        \n                        \n                                                    <p class=\"sby_caption\" >Nesta anima\u00e7\u00e3o (com legenda em portugu\u00eas) explicamos qual o objetivo do formul\u00e1rio de encaminhamento.<\/p>\n                        \n                                                    <p class=\"sby_stats\" >\n                                <span class=\"sby_likes\" >\n                                                                    <span class=\"sby_like_count\">7<\/span>\n                                <\/span>\n                                <span class=\"sby_comments\" >\n                                                                        <span class=\"sby_comment_count\">0<\/span>\n                                <\/span>\n                            <\/p>\n                                            <\/div>\n                <\/div>\n\n                <span class=\"sby-screenreader\">YouTube Video UEx0Q0tvVE9zX3Rkck9KNU0tS04zWEFadmIxeFZCUGxOWi4wMTcyMDhGQUE4NTIzM0Y5<\/span>\n                                    <div class=\"sby_play_btn\" >\n                        <span class=\"sby_play_btn_bg\"><\/span>\n                    <svg aria-hidden=\"true\" focusable=\"false\" data-prefix=\"fab\" data-icon=\"youtube\" role=\"img\" xmlns=\"http:\/\/www.w3.org\/2000\/svg\" viewBox=\"0 0 576 512\" class=\"svg-inline--fa fa-youtube fa-w-18\"><path fill=\"currentColor\" d=\"M549.655 124.083c-6.281-23.65-24.787-42.276-48.284-48.597C458.781 64 288 64 288 64S117.22 64 74.629 75.486c-23.497 6.322-42.003 24.947-48.284 48.597-11.412 42.867-11.412 132.305-11.412 132.305s0 89.438 11.412 132.305c6.281 23.65 24.787 41.5 48.284 47.821C117.22 448 288 448 288 448s170.78 0 213.371-11.486c23.497-6.321 42.003-24.171 48.284-47.821 11.412-42.867 11.412-132.305 11.412-132.305s0-89.438-11.412-132.305zm-317.51 213.508V175.185l142.739 81.205-142.739 81.201z\" class=\"\"><\/path><\/svg>                    <\/div>\n                                <span class=\"sby_loader sby_hidden\" style=\"background-color: rgb(255, 255, 255);\"><\/span>\n            <\/a>\n\n            \n        <\/div>\n\n        \n<div class=\"sby_info sby_info_item\">\n\t<div class=\"sby-video-info-bottom\">\n\t\t<div class=\"sby-video-info\">\n\t\t\t\t\t\t\t<p class=\"sby_video_title_wrap\" >\n\t\t\t\t\t<span class=\"sby_video_title\">Formul\u00e1rio de Encaminhamento Instituto Ame Sua Mente<\/span>\n\t\t\t\t<\/p>\n\t\t\t\n\t\t\t\n\t\t\t\n\t\t\t\n\t\t\t\t\t<\/div>\n\n\t\t\t\t\t\t\t\t<\/div>\n<\/div>    <\/div>\n<\/div><div class=\"sby_item  sby_new sby_transition\" id=\"sby_UEx0Q0tvVE9zX3Rkck9KNU0tS04zWEFadmIxeFZCUGxOWi4wOTA3OTZBNzVEMTUzOTMy\" data-date=\"1742818617\" data-video-id=\"GJ2LiTbNllE\" data-video-title=\"Projeto Ame Sua Mente na Escola\" data-live-date=\"0\" data-channel-id=\"UCVzDV6uqfZIxgHZvgeMlCyg\" >\n    <div class=\"sby_inner_item\">\n        <div class=\"sby_video_thumbnail_wrap sby_item_video_thumbnail_wrap\">\n            <a class=\"sby_video_thumbnail sby_item_video_thumbnail\" style=\"background-image:url(https:\/\/www.amesuamente.org.br\/en\/wp-content\/plugins\/youtube-feed-pro\/img\/placeholder.png)\" href=\"https:\/\/www.youtube.com\/watch?v=GJ2LiTbNllE\" target=\"_blank\" rel=\"noopener\" data-full-res=\"https:\/\/i.ytimg.com\/vi\/GJ2LiTbNllE\/maxresdefault.jpg\" data-img-src-set=\"{&quot;120&quot;:&quot;https:\\\/\\\/i.ytimg.com\\\/vi\\\/GJ2LiTbNllE\\\/default.jpg&quot;,&quot;320&quot;:&quot;https:\\\/\\\/i.ytimg.com\\\/vi\\\/GJ2LiTbNllE\\\/mqdefault.jpg&quot;,&quot;480&quot;:&quot;https:\\\/\\\/i.ytimg.com\\\/vi\\\/GJ2LiTbNllE\\\/hqdefault.jpg&quot;,&quot;640&quot;:&quot;https:\\\/\\\/i.ytimg.com\\\/vi\\\/GJ2LiTbNllE\\\/sddefault.jpg&quot;}\" data-video-id=\"GJ2LiTbNllE\"  data-user=\"Instituto Ame Sua Mente\" data-url=\"https:\/\/www.youtube.com\/watch?v=GJ2LiTbNllE\" data-avatar=\"\" data-title=\"\" data-video-title=\"Projeto Ame Sua Mente na Escola\" data-channel-id=\"UCVzDV6uqfZIxgHZvgeMlCyg\" data-views=\"61 views\" data-published-date=\"1742818617\" data-formatted-published-date=\"24 de March de 2025 09:16\" data-comment-count=\"0\">\n                <img decoding=\"async\" src=\"https:\/\/www.amesuamente.org.br\/en\/wp-content\/plugins\/youtube-feed-pro\/img\/placeholder.png\" alt=\"\">\n                \n                <div class=\"sby_thumbnail_hover sby_item_video_thumbnail_hover\">\n                    <div class=\"sby_thumbnail_hover_inner\">\n                        \n                        \n                        \n                                                    <p class=\"sby_caption\" ><\/p>\n                        \n                                                    <p class=\"sby_stats\" >\n                                <span class=\"sby_likes\" >\n                                                                    <span class=\"sby_like_count\">8<\/span>\n                                <\/span>\n                                <span class=\"sby_comments\" >\n                                                                        <span class=\"sby_comment_count\">0<\/span>\n                                <\/span>\n                            <\/p>\n                                            <\/div>\n                <\/div>\n\n                <span class=\"sby-screenreader\">YouTube Video UEx0Q0tvVE9zX3Rkck9KNU0tS04zWEFadmIxeFZCUGxOWi4wOTA3OTZBNzVEMTUzOTMy<\/span>\n                                    <div class=\"sby_play_btn\" >\n                        <span class=\"sby_play_btn_bg\"><\/span>\n                    <svg aria-hidden=\"true\" focusable=\"false\" data-prefix=\"fab\" data-icon=\"youtube\" role=\"img\" xmlns=\"http:\/\/www.w3.org\/2000\/svg\" viewBox=\"0 0 576 512\" class=\"svg-inline--fa fa-youtube fa-w-18\"><path fill=\"currentColor\" d=\"M549.655 124.083c-6.281-23.65-24.787-42.276-48.284-48.597C458.781 64 288 64 288 64S117.22 64 74.629 75.486c-23.497 6.322-42.003 24.947-48.284 48.597-11.412 42.867-11.412 132.305-11.412 132.305s0 89.438 11.412 132.305c6.281 23.65 24.787 41.5 48.284 47.821C117.22 448 288 448 288 448s170.78 0 213.371-11.486c23.497-6.321 42.003-24.171 48.284-47.821 11.412-42.867 11.412-132.305 11.412-132.305s0-89.438-11.412-132.305zm-317.51 213.508V175.185l142.739 81.205-142.739 81.201z\" class=\"\"><\/path><\/svg>                    <\/div>\n                                <span class=\"sby_loader sby_hidden\" style=\"background-color: rgb(255, 255, 255);\"><\/span>\n            <\/a>\n\n            \n        <\/div>\n\n        \n<div class=\"sby_info sby_info_item\">\n\t<div class=\"sby-video-info-bottom\">\n\t\t<div class=\"sby-video-info\">\n\t\t\t\t\t\t\t<p class=\"sby_video_title_wrap\" >\n\t\t\t\t\t<span class=\"sby_video_title\">Projeto Ame Sua Mente na Escola<\/span>\n\t\t\t\t<\/p>\n\t\t\t\n\t\t\t\n\t\t\t\n\t\t\t\n\t\t\t\t\t<\/div>\n\n\t\t\t\t\t\t\t\t<\/div>\n<\/div>    <\/div>\n<\/div>    <\/div>\n    \n\t<div class=\"sby_footer\">\n\n\n<\/div>\n    <div class=\"sby_cta_items_wraps sby_cta_wrap\">\n\t<div class=\"sby_cta_inner_wrap\">\n\n\t<\/div>\n<\/div>\n\n\t\n<\/div>\n\n\t<style type=\"text\/css\">\n\t\t\t\tbody #sb_youtube_sbyPLtCKoxVBPlNZ21.sb_youtube.sby_palette_custom .sby_video_title{\n\t\t\tcolor: #cb8ab5;\n\t\t}\n    \t\t\t\t    <\/style>\n\t<style type=\"text\/css\">body #sb_youtube_sbyPLtCKoxVBPlNZ21 .sby_caption_wrap .sby_caption { font-size: 13px !important}body #sb_youtube_sbyPLtCKoxVBPlNZ21 .sby_follow_btn a:hover { box-shadow:inset 0 0 10px 20px rgb(255, 255, 255, .25) !important}body #sb_youtube_sbyPLtCKoxVBPlNZ21[data-videostyle=boxed] .sby_items_wrap .sby_item .sby_inner_item { background-color: #ffffff !important}<\/style>\n<p>[\/et_pb_text][\/et_pb_column][\/et_pb_row][\/et_pb_section][et_pb_section fb_built=&#8221;1&#8243; _builder_version=&#8221;4.16&#8243; custom_margin=&#8221;0px||0px||false|false&#8221; custom_padding=&#8221;0px||0px||false|false&#8221; global_colors_info=&#8221;{}&#8221;][et_pb_row _builder_version=&#8221;4.16&#8243; max_height_tablet=&#8221;&#8221; max_height_phone=&#8221;110px&#8221; max_height_last_edited=&#8221;on|desktop&#8221; custom_padding=&#8221;||0px||false|false&#8221; global_colors_info=&#8221;{}&#8221;][et_pb_column type=&#8221;4_4&#8243; disabled_on=&#8221;off|off|off&#8221; _builder_version=&#8221;4.16&#8243; global_colors_info=&#8221;{}&#8221;][et_pb_text _builder_version=&#8221;4.16&#8243; header_3_font=&#8221;Poppins|700|||||||&#8221; header_3_text_color=&#8221;#ca84b3&#8243; header_3_font_size=&#8221;40px&#8221; header_3_letter_spacing=&#8221;1px&#8221; custom_margin=&#8221;||5px||false|false&#8221; global_colors_info=&#8221;{}&#8221;]<\/p>\n<h3>Selo Escola que Ama sua Mente<\/h3>\n<p>[\/et_pb_text][et_pb_text _builder_version=&#8221;4.24.0&#8243; global_colors_info=&#8221;{}&#8221;]<\/p>\n\n\n<div id=\"sb_youtube_sbyPLtCKoI59uL21\" \n\t class=\"sb_youtube sby_layout_carousel sby_col_3 sby_mob_col_1 sby_palette_custom  sby_width_resp\" \n\tdata-feedid=\"sby_PLtCKoI5--9uL#21\" \n\tdata-shortcode-atts=\"{&quot;feed&quot;:&quot;5&quot;}\" \n\tdata-cols=\"3\" \n\tdata-colsmobile=\"1\" \n\tdata-num=\"21\" \n\tdata-nummobile=\"21\" \n\t\tdata-subscribe-btn=\"1\" \n\tdata-subscribe-btn-text=\"Subscribe\" \n\tdata_channel_header_colors =\"{&quot;channelName&quot;:&quot;&quot;,&quot;subscribeCount&quot;:&quot;&quot;,&quot;buttonBackground&quot;:&quot;&quot;,&quot;buttonText&quot;:&quot;&quot;}\"\n\t data-options=\"{&quot;carousel&quot;:[true,false,false,false,true,1],&quot;cta&quot;:{&quot;type&quot;:&quot;related&quot;,&quot;defaultPosts&quot;:[],&quot;defaultLink&quot;:&quot;&quot;,&quot;defaultText&quot;:&quot;Learn More&quot;,&quot;openType&quot;:&quot;same&quot;,&quot;color&quot;:&quot;&quot;,&quot;textColor&quot;:&quot;&quot;},&quot;descriptionlength&quot;:150}\" data-sby-flags=\"resizeDisable,gdpr\" data-postid=\"5918\" data-sby-supports-lightbox=\"1\" \n\t data-videocardlayout=\"vertical\" \n>\n\t        <div class=\"sby_items_wrap\" style=\"padding: 5px;\">\n\t\t<div class=\"sby_item  sby_new sby_transition\" id=\"sby_UEx0Q0tvVE9zX3RkcnlZNWpfdDMtdEwwQ09ZSTUtLTl1TC5GNjNDRDREMDQxOThCMDQ2\" data-date=\"1651187896\" data-video-id=\"pIOvaalN5xU\" data-video-title=\"Lan\u00e7amento Selo Escola que Ama Sua Mente\" data-live-date=\"0\" data-channel-id=\"UCVzDV6uqfZIxgHZvgeMlCyg\" >\n    <div class=\"sby_inner_item\">\n        <div class=\"sby_video_thumbnail_wrap sby_item_video_thumbnail_wrap\">\n            <a class=\"sby_video_thumbnail sby_item_video_thumbnail\" style=\"background-image:url(https:\/\/www.amesuamente.org.br\/en\/wp-content\/plugins\/youtube-feed-pro\/img\/placeholder.png)\" href=\"https:\/\/www.youtube.com\/watch?v=pIOvaalN5xU\" target=\"_blank\" rel=\"noopener\" data-full-res=\"https:\/\/i.ytimg.com\/vi\/pIOvaalN5xU\/maxresdefault.jpg\" data-img-src-set=\"{&quot;120&quot;:&quot;https:\\\/\\\/i.ytimg.com\\\/vi\\\/pIOvaalN5xU\\\/default.jpg&quot;,&quot;320&quot;:&quot;https:\\\/\\\/i.ytimg.com\\\/vi\\\/pIOvaalN5xU\\\/mqdefault.jpg&quot;,&quot;480&quot;:&quot;https:\\\/\\\/i.ytimg.com\\\/vi\\\/pIOvaalN5xU\\\/hqdefault.jpg&quot;,&quot;640&quot;:&quot;https:\\\/\\\/i.ytimg.com\\\/vi\\\/pIOvaalN5xU\\\/sddefault.jpg&quot;}\" data-video-id=\"pIOvaalN5xU\"  data-user=\"Instituto Ame Sua Mente\" data-url=\"https:\/\/www.youtube.com\/watch?v=pIOvaalN5xU\" data-avatar=\"\" data-title=\"No dia 28 de abril, \u00e0s 19h, o Instituto Ame Sua Mente realizar\u00e1 uma live de lan\u00e7amento do Selo Escola que Ama Sua Mente. Durante a transmiss\u00e3o - que ocorrer\u00e1 pelo canal do Youtube do Instituto - ser\u00e1 explicado os principais objetivos dessa nova iniciativa, al\u00e9m de abordar com profundidade o tema: a import\u00e2ncia da promo\u00e7\u00e3o da sa\u00fade mental no ambiente escolar.&lt;br \/&gt;\r\n&lt;br \/&gt;\r\nO evento contar\u00e1 com a presen\u00e7a ilustre de: Rodrigo Bressan, presidente do Instituto; dos investidores: Monique Moura da Associa\u00e7\u00e3o Umane e Juliana Amorina do Instituto ABCD; M\u00e1rio Augusto Almeida, do Programa Conviva SP; Maria Isabel Faria, Dirigente da Diretoria de Ensino Centro-Sul SP; C\u00e9lia Gon\u00e7alves, Diretora da Escola Estadual Odon Cavalcanti; e tendo como mediadora do painel a Jornalista Izabella Camargo.\" data-video-title=\"Lan\u00e7amento Selo Escola que Ama Sua Mente\" data-channel-id=\"UCVzDV6uqfZIxgHZvgeMlCyg\" data-views=\"736 views\" data-published-date=\"1651187896\" data-formatted-published-date=\"28 de April de 2022 20:18\" data-comment-count=\"0\">\n                <img decoding=\"async\" src=\"https:\/\/www.amesuamente.org.br\/en\/wp-content\/plugins\/youtube-feed-pro\/img\/placeholder.png\" alt=\"No dia 28 de abril, \u00e0s 19h, o Instituto Ame Sua Mente realizar\u00e1 uma live de lan\u00e7amento do Selo Escola que Ama Sua Mente. Durante a transmiss\u00e3o - que ocorrer\u00e1 pelo canal do Youtube do Instituto - ser\u00e1 explicado os principais objetivos dessa nova iniciativa, al\u00e9m de abordar com profundidade o tema: a import\u00e2ncia da promo\u00e7\u00e3o da sa\u00fade mental no ambiente escolar.\r\n\r\nO evento contar\u00e1 com a presen\u00e7a ilustre de: Rodrigo Bressan, presidente do Instituto; dos investidores: Monique Moura da Associa\u00e7\u00e3o Umane e Juliana Amorina do Instituto ABCD; M\u00e1rio Augusto Almeida, do Programa Conviva SP; Maria Isabel Faria, Dirigente da Diretoria de Ensino Centro-Sul SP; C\u00e9lia Gon\u00e7alves, Diretora da Escola Estadual Odon Cavalcanti; e tendo como mediadora do painel a Jornalista Izabella Camargo.\">\n                \n                <div class=\"sby_thumbnail_hover sby_item_video_thumbnail_hover\">\n                    <div class=\"sby_thumbnail_hover_inner\">\n                        \n                        \n                        \n                                                    <p class=\"sby_caption\" >No dia 28 de abril, \u00e0s 19h, o Instituto Ame Sua Mente realizar\u00e1 uma live de lan\u00e7amento do Selo Escola que Ama Sua Mente. Durante a transmiss\u00e3o - que ocorrer\u00e1 pelo canal do Youtube do Instituto - ser\u00e1 explicado os principais objetivos dessa nova iniciativa, al\u00e9m de abordar com profundidade o tema: a import\u00e2ncia da promo\u00e7\u00e3o da sa\u00fade mental no ambiente escolar.<br>\r\n<br>\r\nO evento contar\u00e1 com a presen\u00e7a ilustre de: Rodrigo Bressan, presidente do Instituto; dos investidores: Monique Moura da Associa\u00e7\u00e3o Umane e Juliana Amorina do Instituto ABCD; M\u00e1rio Augusto Almeida, do Programa Conviva SP; Maria Isabel Faria, Dirigente da Diretoria de Ensino Centro-Sul SP; C\u00e9lia Gon\u00e7alves, Diretora da Escola Estadual Odon Cavalcanti; e tendo como mediadora do painel a Jornalista Izabella Camargo.<\/p>\n                        \n                                                    <p class=\"sby_stats\" >\n                                <span class=\"sby_likes\" >\n                                                                    <span class=\"sby_like_count\">97<\/span>\n                                <\/span>\n                                <span class=\"sby_comments\" >\n                                                                        <span class=\"sby_comment_count\">0<\/span>\n                                <\/span>\n                            <\/p>\n                                            <\/div>\n                <\/div>\n\n                <span class=\"sby-screenreader\">YouTube Video UEx0Q0tvVE9zX3RkcnlZNWpfdDMtdEwwQ09ZSTUtLTl1TC5GNjNDRDREMDQxOThCMDQ2<\/span>\n                                    <div class=\"sby_play_btn\" >\n                        <span class=\"sby_play_btn_bg\"><\/span>\n                    <svg aria-hidden=\"true\" focusable=\"false\" data-prefix=\"fab\" data-icon=\"youtube\" role=\"img\" xmlns=\"http:\/\/www.w3.org\/2000\/svg\" viewBox=\"0 0 576 512\" class=\"svg-inline--fa fa-youtube fa-w-18\"><path fill=\"currentColor\" d=\"M549.655 124.083c-6.281-23.65-24.787-42.276-48.284-48.597C458.781 64 288 64 288 64S117.22 64 74.629 75.486c-23.497 6.322-42.003 24.947-48.284 48.597-11.412 42.867-11.412 132.305-11.412 132.305s0 89.438 11.412 132.305c6.281 23.65 24.787 41.5 48.284 47.821C117.22 448 288 448 288 448s170.78 0 213.371-11.486c23.497-6.321 42.003-24.171 48.284-47.821 11.412-42.867 11.412-132.305 11.412-132.305s0-89.438-11.412-132.305zm-317.51 213.508V175.185l142.739 81.205-142.739 81.201z\" class=\"\"><\/path><\/svg>                    <\/div>\n                                <span class=\"sby_loader sby_hidden\" style=\"background-color: rgb(255, 255, 255);\"><\/span>\n            <\/a>\n\n            \n        <\/div>\n\n        \n<div class=\"sby_info sby_info_item\">\n\t<div class=\"sby-video-info-bottom\">\n\t\t<div class=\"sby-video-info\">\n\t\t\t\t\t\t\t<p class=\"sby_video_title_wrap\" >\n\t\t\t\t\t<span class=\"sby_video_title\">Lan\u00e7amento Selo Escola que Ama Sua Mente<\/span>\n\t\t\t\t<\/p>\n\t\t\t\n\t\t\t\n\t\t\t\n\t\t\t\n\t\t\t\t\t<\/div>\n\n\t\t\t\t\t\t\t\t<\/div>\n<\/div>    <\/div>\n<\/div><div class=\"sby_item  sby_new sby_transition\" id=\"sby_UEx0Q0tvVE9zX3RkcnlZNWpfdDMtdEwwQ09ZSTUtLTl1TC45NDk1REZENzhEMzU5MDQz\" data-date=\"1665441983\" data-video-id=\"6xxi4utwYwc\" data-video-title=\"Cerim\u00f4nia de Reconhecimento - Selo Escola Que Ama Sua Mente\" data-live-date=\"0\" data-channel-id=\"UCVzDV6uqfZIxgHZvgeMlCyg\" >\n    <div class=\"sby_inner_item\">\n        <div class=\"sby_video_thumbnail_wrap sby_item_video_thumbnail_wrap\">\n            <a class=\"sby_video_thumbnail sby_item_video_thumbnail\" style=\"background-image:url(https:\/\/www.amesuamente.org.br\/en\/wp-content\/plugins\/youtube-feed-pro\/img\/placeholder.png)\" href=\"https:\/\/www.youtube.com\/watch?v=6xxi4utwYwc\" target=\"_blank\" rel=\"noopener\" data-full-res=\"https:\/\/i.ytimg.com\/vi\/6xxi4utwYwc\/maxresdefault.jpg\" data-img-src-set=\"{&quot;120&quot;:&quot;https:\\\/\\\/i.ytimg.com\\\/vi\\\/6xxi4utwYwc\\\/default.jpg&quot;,&quot;320&quot;:&quot;https:\\\/\\\/i.ytimg.com\\\/vi\\\/6xxi4utwYwc\\\/mqdefault.jpg&quot;,&quot;480&quot;:&quot;https:\\\/\\\/i.ytimg.com\\\/vi\\\/6xxi4utwYwc\\\/hqdefault.jpg&quot;,&quot;640&quot;:&quot;https:\\\/\\\/i.ytimg.com\\\/vi\\\/6xxi4utwYwc\\\/sddefault.jpg&quot;}\" data-video-id=\"6xxi4utwYwc\"  data-user=\"Instituto Ame Sua Mente\" data-url=\"https:\/\/www.youtube.com\/watch?v=6xxi4utwYwc\" data-avatar=\"\" data-title=\"\" data-video-title=\"Cerim\u00f4nia de Reconhecimento - Selo Escola Que Ama Sua Mente\" data-channel-id=\"UCVzDV6uqfZIxgHZvgeMlCyg\" data-views=\"575 views\" data-published-date=\"1665441983\" data-formatted-published-date=\"10 de October de 2022 19:46\" data-comment-count=\"3\">\n                <img decoding=\"async\" src=\"https:\/\/www.amesuamente.org.br\/en\/wp-content\/plugins\/youtube-feed-pro\/img\/placeholder.png\" alt=\"\">\n                \n                <div class=\"sby_thumbnail_hover sby_item_video_thumbnail_hover\">\n                    <div class=\"sby_thumbnail_hover_inner\">\n                        \n                        \n                        \n                                                    <p class=\"sby_caption\" ><\/p>\n                        \n                                                    <p class=\"sby_stats\" >\n                                <span class=\"sby_likes\" >\n                                                                    <span class=\"sby_like_count\">83<\/span>\n                                <\/span>\n                                <span class=\"sby_comments\" >\n                                                                        <span class=\"sby_comment_count\">3<\/span>\n                                <\/span>\n                            <\/p>\n                                            <\/div>\n                <\/div>\n\n                <span class=\"sby-screenreader\">YouTube Video UEx0Q0tvVE9zX3RkcnlZNWpfdDMtdEwwQ09ZSTUtLTl1TC45NDk1REZENzhEMzU5MDQz<\/span>\n                                    <div class=\"sby_play_btn\" >\n                        <span class=\"sby_play_btn_bg\"><\/span>\n                    <svg aria-hidden=\"true\" focusable=\"false\" data-prefix=\"fab\" data-icon=\"youtube\" role=\"img\" xmlns=\"http:\/\/www.w3.org\/2000\/svg\" viewBox=\"0 0 576 512\" class=\"svg-inline--fa fa-youtube fa-w-18\"><path fill=\"currentColor\" d=\"M549.655 124.083c-6.281-23.65-24.787-42.276-48.284-48.597C458.781 64 288 64 288 64S117.22 64 74.629 75.486c-23.497 6.322-42.003 24.947-48.284 48.597-11.412 42.867-11.412 132.305-11.412 132.305s0 89.438 11.412 132.305c6.281 23.65 24.787 41.5 48.284 47.821C117.22 448 288 448 288 448s170.78 0 213.371-11.486c23.497-6.321 42.003-24.171 48.284-47.821 11.412-42.867 11.412-132.305 11.412-132.305s0-89.438-11.412-132.305zm-317.51 213.508V175.185l142.739 81.205-142.739 81.201z\" class=\"\"><\/path><\/svg>                    <\/div>\n                                <span class=\"sby_loader sby_hidden\" style=\"background-color: rgb(255, 255, 255);\"><\/span>\n            <\/a>\n\n            \n        <\/div>\n\n        \n<div class=\"sby_info sby_info_item\">\n\t<div class=\"sby-video-info-bottom\">\n\t\t<div class=\"sby-video-info\">\n\t\t\t\t\t\t\t<p class=\"sby_video_title_wrap\" >\n\t\t\t\t\t<span class=\"sby_video_title\">Cerim\u00f4nia de Reconhecimento - Selo Escola Que Ama Sua Mente<\/span>\n\t\t\t\t<\/p>\n\t\t\t\n\t\t\t\n\t\t\t\n\t\t\t\n\t\t\t\t\t<\/div>\n\n\t\t\t\t\t\t\t\t<\/div>\n<\/div>    <\/div>\n<\/div><div class=\"sby_item  sby_new sby_transition\" id=\"sby_UEx0Q0tvVE9zX3RkcnlZNWpfdDMtdEwwQ09ZSTUtLTl1TC41NkI0NEY2RDEwNTU3Q0M2\" data-date=\"1668205485\" data-video-id=\"7W67HbgmMV4\" data-video-title=\"Primeiro Encontro da Comunidade do Selo\" data-live-date=\"0\" data-channel-id=\"UCVzDV6uqfZIxgHZvgeMlCyg\" >\n    <div class=\"sby_inner_item\">\n        <div class=\"sby_video_thumbnail_wrap sby_item_video_thumbnail_wrap\">\n            <a class=\"sby_video_thumbnail sby_item_video_thumbnail\" style=\"background-image:url(https:\/\/www.amesuamente.org.br\/en\/wp-content\/plugins\/youtube-feed-pro\/img\/placeholder.png)\" href=\"https:\/\/www.youtube.com\/watch?v=7W67HbgmMV4\" target=\"_blank\" rel=\"noopener\" data-full-res=\"https:\/\/i.ytimg.com\/vi\/7W67HbgmMV4\/maxresdefault.jpg\" data-img-src-set=\"{&quot;120&quot;:&quot;https:\\\/\\\/i.ytimg.com\\\/vi\\\/7W67HbgmMV4\\\/default.jpg&quot;,&quot;320&quot;:&quot;https:\\\/\\\/i.ytimg.com\\\/vi\\\/7W67HbgmMV4\\\/mqdefault.jpg&quot;,&quot;480&quot;:&quot;https:\\\/\\\/i.ytimg.com\\\/vi\\\/7W67HbgmMV4\\\/hqdefault.jpg&quot;,&quot;640&quot;:&quot;https:\\\/\\\/i.ytimg.com\\\/vi\\\/7W67HbgmMV4\\\/sddefault.jpg&quot;}\" data-video-id=\"7W67HbgmMV4\"  data-user=\"Instituto Ame Sua Mente\" data-url=\"https:\/\/www.youtube.com\/watch?v=7W67HbgmMV4\" data-avatar=\"\" data-title=\"\" data-video-title=\"Primeiro Encontro da Comunidade do Selo\" data-channel-id=\"UCVzDV6uqfZIxgHZvgeMlCyg\" data-views=\"127 views\" data-published-date=\"1668205485\" data-formatted-published-date=\"11 de November de 2022 19:24\" data-comment-count=\"0\">\n                <img decoding=\"async\" src=\"https:\/\/www.amesuamente.org.br\/en\/wp-content\/plugins\/youtube-feed-pro\/img\/placeholder.png\" alt=\"\">\n                \n                <div class=\"sby_thumbnail_hover sby_item_video_thumbnail_hover\">\n                    <div class=\"sby_thumbnail_hover_inner\">\n                        \n                        \n                        \n                                                    <p class=\"sby_caption\" ><\/p>\n                        \n                                                    <p class=\"sby_stats\" >\n                                <span class=\"sby_likes\" >\n                                                                    <span class=\"sby_like_count\">9<\/span>\n                                <\/span>\n                                <span class=\"sby_comments\" >\n                                                                        <span class=\"sby_comment_count\">0<\/span>\n                                <\/span>\n                            <\/p>\n                                            <\/div>\n                <\/div>\n\n                <span class=\"sby-screenreader\">YouTube Video UEx0Q0tvVE9zX3RkcnlZNWpfdDMtdEwwQ09ZSTUtLTl1TC41NkI0NEY2RDEwNTU3Q0M2<\/span>\n                                    <div class=\"sby_play_btn\" >\n                        <span class=\"sby_play_btn_bg\"><\/span>\n                    <svg aria-hidden=\"true\" focusable=\"false\" data-prefix=\"fab\" data-icon=\"youtube\" role=\"img\" xmlns=\"http:\/\/www.w3.org\/2000\/svg\" viewBox=\"0 0 576 512\" class=\"svg-inline--fa fa-youtube fa-w-18\"><path fill=\"currentColor\" d=\"M549.655 124.083c-6.281-23.65-24.787-42.276-48.284-48.597C458.781 64 288 64 288 64S117.22 64 74.629 75.486c-23.497 6.322-42.003 24.947-48.284 48.597-11.412 42.867-11.412 132.305-11.412 132.305s0 89.438 11.412 132.305c6.281 23.65 24.787 41.5 48.284 47.821C117.22 448 288 448 288 448s170.78 0 213.371-11.486c23.497-6.321 42.003-24.171 48.284-47.821 11.412-42.867 11.412-132.305 11.412-132.305s0-89.438-11.412-132.305zm-317.51 213.508V175.185l142.739 81.205-142.739 81.201z\" class=\"\"><\/path><\/svg>                    <\/div>\n                                <span class=\"sby_loader sby_hidden\" style=\"background-color: rgb(255, 255, 255);\"><\/span>\n            <\/a>\n\n            \n        <\/div>\n\n        \n<div class=\"sby_info sby_info_item\">\n\t<div class=\"sby-video-info-bottom\">\n\t\t<div class=\"sby-video-info\">\n\t\t\t\t\t\t\t<p class=\"sby_video_title_wrap\" >\n\t\t\t\t\t<span class=\"sby_video_title\">Primeiro Encontro da Comunidade do Selo<\/span>\n\t\t\t\t<\/p>\n\t\t\t\n\t\t\t\n\t\t\t\n\t\t\t\n\t\t\t\t\t<\/div>\n\n\t\t\t\t\t\t\t\t<\/div>\n<\/div>    <\/div>\n<\/div>    <\/div>\n    \n\t<div class=\"sby_footer\">\n\n\n<\/div>\n    <div class=\"sby_cta_items_wraps sby_cta_wrap\">\n\t<div class=\"sby_cta_inner_wrap\">\n\n\t<\/div>\n<\/div>\n\n\t\n<\/div>\n\n\t<style type=\"text\/css\">\n\t\t\t\tbody #sb_youtube_sbyPLtCKoI59uL21.sb_youtube.sby_palette_custom .sby_video_title{\n\t\t\tcolor: #cb8ab5;\n\t\t}\n    \t\t\t\t    <\/style>\n\t<style type=\"text\/css\">body #sb_youtube_sbyPLtCKoI59uL21 .sby_caption_wrap .sby_caption { font-size: 13px !important}body #sb_youtube_sbyPLtCKoI59uL21 .sby_follow_btn a:hover { box-shadow:inset 0 0 10px 20px rgb(255, 255, 255, .25) !important}body #sb_youtube_sbyPLtCKoI59uL21[data-videostyle=boxed] .sby_items_wrap .sby_item .sby_inner_item { background-color: #ffffff !important}<\/style>\n<p>[\/et_pb_text][\/et_pb_column][\/et_pb_row][\/et_pb_section][et_pb_section fb_built=&#8221;1&#8243; _builder_version=&#8221;4.16&#8243; custom_margin=&#8221;0px||0px||false|false&#8221; custom_padding=&#8221;0px||0px||false|false&#8221; global_colors_info=&#8221;{}&#8221;][et_pb_row _builder_version=&#8221;4.16&#8243; max_height_tablet=&#8221;&#8221; max_height_phone=&#8221;110px&#8221; max_height_last_edited=&#8221;on|desktop&#8221; custom_padding=&#8221;||0px||false|false&#8221; global_colors_info=&#8221;{}&#8221;][et_pb_column type=&#8221;4_4&#8243; disabled_on=&#8221;off|off|off&#8221; _builder_version=&#8221;4.16&#8243; global_colors_info=&#8221;{}&#8221;][et_pb_text _builder_version=&#8221;4.16&#8243; header_3_font=&#8221;Poppins|700|||||||&#8221; header_3_text_color=&#8221;#ca84b3&#8243; header_3_font_size=&#8221;40px&#8221; header_3_letter_spacing=&#8221;1px&#8221; custom_margin=&#8221;||5px||false|false&#8221; global_colors_info=&#8221;{}&#8221;]<\/p>\n<h3>Institucional<\/h3>\n<p>[\/et_pb_text][et_pb_text _builder_version=&#8221;4.24.0&#8243; global_colors_info=&#8221;{}&#8221;]<\/p>\n\n\n<div id=\"sb_youtube_sbyPLtCKo2rKY8e21\" \n\t class=\"sb_youtube sby_layout_carousel sby_col_3 sby_mob_col_1 sby_palette_custom  sby_width_resp\" \n\tdata-feedid=\"sby_PLtCKo2rKY_8e#21\" \n\tdata-shortcode-atts=\"{&quot;feed&quot;:&quot;6&quot;}\" \n\tdata-cols=\"3\" \n\tdata-colsmobile=\"1\" \n\tdata-num=\"21\" \n\tdata-nummobile=\"21\" \n\t\tdata-subscribe-btn=\"1\" \n\tdata-subscribe-btn-text=\"Subscribe\" \n\tdata_channel_header_colors =\"{&quot;channelName&quot;:&quot;&quot;,&quot;subscribeCount&quot;:&quot;&quot;,&quot;buttonBackground&quot;:&quot;&quot;,&quot;buttonText&quot;:&quot;&quot;}\"\n\t data-options=\"{&quot;carousel&quot;:[true,false,false,false,true,1],&quot;cta&quot;:{&quot;type&quot;:&quot;related&quot;,&quot;defaultPosts&quot;:[],&quot;defaultLink&quot;:&quot;&quot;,&quot;defaultText&quot;:&quot;Learn More&quot;,&quot;openType&quot;:&quot;same&quot;,&quot;color&quot;:&quot;&quot;,&quot;textColor&quot;:&quot;&quot;},&quot;descriptionlength&quot;:150}\" data-sby-flags=\"resizeDisable,gdpr\" data-postid=\"5918\" data-sby-supports-lightbox=\"1\" \n\t data-videocardlayout=\"vertical\" \n>\n\t        <div class=\"sby_items_wrap\" style=\"padding: 5px;\">\n\t\t<div class=\"sby_item  sby_new sby_transition\" id=\"sby_UEx0Q0tvVE9zX3Rkck1wWURmSHh5ZG95RHVBMnJLWV84ZS4yODlGNEE0NkRGMEEzMEQy\" data-date=\"1668257464\" data-video-id=\"VuKQY0yBWPQ\" data-video-title=\"Ame Sua Mente - Institucional\" data-live-date=\"0\" data-channel-id=\"UCVzDV6uqfZIxgHZvgeMlCyg\" >\n    <div class=\"sby_inner_item\">\n        <div class=\"sby_video_thumbnail_wrap sby_item_video_thumbnail_wrap\">\n            <a class=\"sby_video_thumbnail sby_item_video_thumbnail\" style=\"background-image:url(https:\/\/www.amesuamente.org.br\/en\/wp-content\/plugins\/youtube-feed-pro\/img\/placeholder.png)\" href=\"https:\/\/www.youtube.com\/watch?v=VuKQY0yBWPQ\" target=\"_blank\" rel=\"noopener\" data-full-res=\"https:\/\/i.ytimg.com\/vi\/VuKQY0yBWPQ\/maxresdefault.jpg\" data-img-src-set=\"{&quot;120&quot;:&quot;https:\\\/\\\/i.ytimg.com\\\/vi\\\/VuKQY0yBWPQ\\\/default.jpg&quot;,&quot;320&quot;:&quot;https:\\\/\\\/i.ytimg.com\\\/vi\\\/VuKQY0yBWPQ\\\/mqdefault.jpg&quot;,&quot;480&quot;:&quot;https:\\\/\\\/i.ytimg.com\\\/vi\\\/VuKQY0yBWPQ\\\/hqdefault.jpg&quot;,&quot;640&quot;:&quot;https:\\\/\\\/i.ytimg.com\\\/vi\\\/VuKQY0yBWPQ\\\/sddefault.jpg&quot;}\" data-video-id=\"VuKQY0yBWPQ\"  data-user=\"Instituto Ame Sua Mente\" data-url=\"https:\/\/www.youtube.com\/watch?v=VuKQY0yBWPQ\" data-avatar=\"\" data-title=\"O Instituto Ame sua Mente \u00e9 uma organiza\u00e7\u00e3o sem fins lucrativos que  tem como prop\u00f3sito criar uma nova cultura de sa\u00fade mental no Brasil. &lt;br \/&gt;\n&lt;br \/&gt;\nAs estrat\u00e9gias de atua\u00e7\u00e3o do Instituto est\u00e3o divididas em dois grandes eixos: Educa\u00e7\u00e3o e Advocacy. Em Educa\u00e7\u00e3o, desenvolvemos programas e projetos com foco priorit\u00e1rio no ambiente escolar, principalmente na figura do educador da rede p\u00fablica de ensino. &lt;br \/&gt;\n&lt;br \/&gt;\nJ\u00e1 em Advocacy, visamos combater os estigmas, preconceitos e a busca tardia por tratamento, atrav\u00e9s da conscientiza\u00e7\u00e3o da sociedade sobre a cultura da promo\u00e7\u00e3o, preven\u00e7\u00e3o e manejo da sa\u00fade mental.&lt;br \/&gt;\n&lt;br \/&gt;\nA import\u00e2ncia do tema:&lt;br \/&gt;\n\u2022 1 em cada 4 adultos  tem transtorno mental. &lt;br \/&gt;\n\u2022 50% destes problemas surgem at\u00e9 os 14 anos e 70%  at\u00e9 24 anos. &lt;br \/&gt;\n\u2022 80% destas crian\u00e7as e jovens n\u00e3o recebem tratamento, principalmente, porque n\u00e3o procuram  ajuda devido ao preconceito em rela\u00e7\u00e3o ao tema. &lt;br \/&gt;\n&lt;br \/&gt;\nVamos juntos colocar a sa\u00fade mental na pauta da nossa sociedade?&lt;br \/&gt;\n&lt;br \/&gt;\nQuanto mais cedo melhor.\" data-video-title=\"Ame Sua Mente - Institucional\" data-channel-id=\"UCVzDV6uqfZIxgHZvgeMlCyg\" data-views=\"9.3K views\" data-published-date=\"1668257464\" data-formatted-published-date=\"12 de November de 2022 09:51\" data-comment-count=\"4\">\n                <img decoding=\"async\" src=\"https:\/\/www.amesuamente.org.br\/en\/wp-content\/plugins\/youtube-feed-pro\/img\/placeholder.png\" alt=\"O Instituto Ame sua Mente \u00e9 uma organiza\u00e7\u00e3o sem fins lucrativos que  tem como prop\u00f3sito criar uma nova cultura de sa\u00fade mental no Brasil. \n\nAs estrat\u00e9gias de atua\u00e7\u00e3o do Instituto est\u00e3o divididas em dois grandes eixos: Educa\u00e7\u00e3o e Advocacy. Em Educa\u00e7\u00e3o, desenvolvemos programas e projetos com foco priorit\u00e1rio no ambiente escolar, principalmente na figura do educador da rede p\u00fablica de ensino. \n\nJ\u00e1 em Advocacy, visamos combater os estigmas, preconceitos e a busca tardia por tratamento, atrav\u00e9s da conscientiza\u00e7\u00e3o da sociedade sobre a cultura da promo\u00e7\u00e3o, preven\u00e7\u00e3o e manejo da sa\u00fade mental.\n\nA import\u00e2ncia do tema:\n\u2022 1 em cada 4 adultos  tem transtorno mental. \n\u2022 50% destes problemas surgem at\u00e9 os 14 anos e 70%  at\u00e9 24 anos. \n\u2022 80% destas crian\u00e7as e jovens n\u00e3o recebem tratamento, principalmente, porque n\u00e3o procuram  ajuda devido ao preconceito em rela\u00e7\u00e3o ao tema. \n\nVamos juntos colocar a sa\u00fade mental na pauta da nossa sociedade?\n\nQuanto mais cedo melhor.\">\n                \n                <div class=\"sby_thumbnail_hover sby_item_video_thumbnail_hover\">\n                    <div class=\"sby_thumbnail_hover_inner\">\n                        \n                        \n                        \n                                                    <p class=\"sby_caption\" >O Instituto Ame sua Mente \u00e9 uma organiza\u00e7\u00e3o sem fins lucrativos que  tem como prop\u00f3sito criar uma nova cultura de sa\u00fade mental no Brasil. <br>\n<br>\nAs estrat\u00e9gias de atua\u00e7\u00e3o do Instituto est\u00e3o divididas em dois grandes eixos: Educa\u00e7\u00e3o e Advocacy. Em Educa\u00e7\u00e3o, desenvolvemos programas e projetos com foco priorit\u00e1rio no ambiente escolar, principalmente na figura do educador da rede p\u00fablica de ensino. <br>\n<br>\nJ\u00e1 em Advocacy, visamos combater os estigmas, preconceitos e a busca tardia por tratamento, atrav\u00e9s da conscientiza\u00e7\u00e3o da sociedade sobre a cultura da promo\u00e7\u00e3o, preven\u00e7\u00e3o e manejo da sa\u00fade mental.<br>\n<br>\nA import\u00e2ncia do tema:<br>\n\u2022 1 em cada 4 adultos  tem transtorno mental. <br>\n\u2022 50% destes problemas surgem at\u00e9 os 14 anos e 70%  at\u00e9 24 anos. <br>\n\u2022 80% destas crian\u00e7as e jovens n\u00e3o recebem tratamento, principalmente, porque n\u00e3o procuram  ajuda devido ao preconceito em rela\u00e7\u00e3o ao tema. <br>\n<br>\nVamos juntos colocar a sa\u00fade mental na pauta da nossa sociedade?<br>\n<br>\nQuanto mais cedo melhor.<\/p>\n                        \n                                                    <p class=\"sby_stats\" >\n                                <span class=\"sby_likes\" >\n                                                                    <span class=\"sby_like_count\">172<\/span>\n                                <\/span>\n                                <span class=\"sby_comments\" >\n                                                                        <span class=\"sby_comment_count\">4<\/span>\n                                <\/span>\n                            <\/p>\n                                            <\/div>\n                <\/div>\n\n                <span class=\"sby-screenreader\">YouTube Video UEx0Q0tvVE9zX3Rkck1wWURmSHh5ZG95RHVBMnJLWV84ZS4yODlGNEE0NkRGMEEzMEQy<\/span>\n                                    <div class=\"sby_play_btn\" >\n                        <span class=\"sby_play_btn_bg\"><\/span>\n                    <svg aria-hidden=\"true\" focusable=\"false\" data-prefix=\"fab\" data-icon=\"youtube\" role=\"img\" xmlns=\"http:\/\/www.w3.org\/2000\/svg\" viewBox=\"0 0 576 512\" class=\"svg-inline--fa fa-youtube fa-w-18\"><path fill=\"currentColor\" d=\"M549.655 124.083c-6.281-23.65-24.787-42.276-48.284-48.597C458.781 64 288 64 288 64S117.22 64 74.629 75.486c-23.497 6.322-42.003 24.947-48.284 48.597-11.412 42.867-11.412 132.305-11.412 132.305s0 89.438 11.412 132.305c6.281 23.65 24.787 41.5 48.284 47.821C117.22 448 288 448 288 448s170.78 0 213.371-11.486c23.497-6.321 42.003-24.171 48.284-47.821 11.412-42.867 11.412-132.305 11.412-132.305s0-89.438-11.412-132.305zm-317.51 213.508V175.185l142.739 81.205-142.739 81.201z\" class=\"\"><\/path><\/svg>                    <\/div>\n                                <span class=\"sby_loader sby_hidden\" style=\"background-color: rgb(255, 255, 255);\"><\/span>\n            <\/a>\n\n            \n        <\/div>\n\n        \n<div class=\"sby_info sby_info_item\">\n\t<div class=\"sby-video-info-bottom\">\n\t\t<div class=\"sby-video-info\">\n\t\t\t\t\t\t\t<p class=\"sby_video_title_wrap\" >\n\t\t\t\t\t<span class=\"sby_video_title\">Ame Sua Mente - Institucional<\/span>\n\t\t\t\t<\/p>\n\t\t\t\n\t\t\t\n\t\t\t\n\t\t\t\n\t\t\t\t\t<\/div>\n\n\t\t\t\t\t\t\t\t<\/div>\n<\/div>    <\/div>\n<\/div><div class=\"sby_item  sby_new sby_transition\" id=\"sby_UEx0Q0tvVE9zX3Rkck1wWURmSHh5ZG95RHVBMnJLWV84ZS41MjE1MkI0OTQ2QzJGNzNG\" data-date=\"1683310685\" data-video-id=\"OMietc5-v1g\" data-video-title=\"Instituto Ame Sua Mente - Vers\u00e3o Reduzida\" data-live-date=\"0\" data-channel-id=\"UCVzDV6uqfZIxgHZvgeMlCyg\" >\n    <div class=\"sby_inner_item\">\n        <div class=\"sby_video_thumbnail_wrap sby_item_video_thumbnail_wrap\">\n            <a class=\"sby_video_thumbnail sby_item_video_thumbnail\" style=\"background-image:url(https:\/\/www.amesuamente.org.br\/en\/wp-content\/plugins\/youtube-feed-pro\/img\/placeholder.png)\" href=\"https:\/\/www.youtube.com\/watch?v=OMietc5-v1g\" target=\"_blank\" rel=\"noopener\" data-full-res=\"https:\/\/i.ytimg.com\/vi\/OMietc5-v1g\/hqdefault.jpg\" data-img-src-set=\"{&quot;120&quot;:&quot;https:\\\/\\\/i.ytimg.com\\\/vi\\\/OMietc5-v1g\\\/default.jpg&quot;,&quot;320&quot;:&quot;https:\\\/\\\/i.ytimg.com\\\/vi\\\/OMietc5-v1g\\\/mqdefault.jpg&quot;,&quot;480&quot;:&quot;https:\\\/\\\/i.ytimg.com\\\/vi\\\/OMietc5-v1g\\\/hqdefault.jpg&quot;,&quot;640&quot;:&quot;https:\\\/\\\/i.ytimg.com\\\/vi\\\/OMietc5-v1g\\\/sddefault.jpg&quot;}\" data-video-id=\"OMietc5-v1g\"  data-user=\"Instituto Ame Sua Mente\" data-url=\"https:\/\/www.youtube.com\/watch?v=OMietc5-v1g\" data-avatar=\"\" data-title=\"O Instituto Ame Sua Mente \u00e9 uma organiza\u00e7\u00e3o da Sociedade Civil que desenvolve projetos pautados em pesquisas cient\u00edficas e com foco na promo\u00e7\u00e3o da sa\u00fade mental, redu\u00e7\u00e3o do estigma, preven\u00e7\u00e3o e manejo de transtornos, tendo o educador da rede p\u00fablica como principal p\u00fablico.&lt;br \/&gt;\n&lt;br \/&gt;\nO instituto foi fundado em 2018, ap\u00f3s mais de 10 anos de pesquisas cient\u00edficas junto a escolas p\u00fablicas, trabalho realizado por meio do projeto \u201cCuca Legal\u201d, em parceria com a Escola Paulista de Medicina \u2013 EPM\/UNIFESP.&lt;br \/&gt;\n&lt;br \/&gt;\nOs resultados colhidos a partir dessa iniciativa \u2013 que visava a promo\u00e7\u00e3o da sa\u00fade mental, preven\u00e7\u00e3o e manejo de transtornos na escola atrav\u00e9s de programas de assist\u00eancia e letramento em sa\u00fade mental \u2013 fundamentaram a estrutura\u00e7\u00e3o do Instituto.&lt;br \/&gt;\n&lt;br \/&gt;\nAcesse: www.amesuamente.org.br\" data-video-title=\"Instituto Ame Sua Mente - Vers\u00e3o Reduzida\" data-channel-id=\"UCVzDV6uqfZIxgHZvgeMlCyg\" data-views=\"3.2K views\" data-published-date=\"1683310685\" data-formatted-published-date=\"5 de May de 2023 15:18\" data-comment-count=\"1\">\n                <img decoding=\"async\" src=\"https:\/\/www.amesuamente.org.br\/en\/wp-content\/plugins\/youtube-feed-pro\/img\/placeholder.png\" alt=\"O Instituto Ame Sua Mente \u00e9 uma organiza\u00e7\u00e3o da Sociedade Civil que desenvolve projetos pautados em pesquisas cient\u00edficas e com foco na promo\u00e7\u00e3o da sa\u00fade mental, redu\u00e7\u00e3o do estigma, preven\u00e7\u00e3o e manejo de transtornos, tendo o educador da rede p\u00fablica como principal p\u00fablico.\n\nO instituto foi fundado em 2018, ap\u00f3s mais de 10 anos de pesquisas cient\u00edficas junto a escolas p\u00fablicas, trabalho realizado por meio do projeto \u201cCuca Legal\u201d, em parceria com a Escola Paulista de Medicina \u2013 EPM\/UNIFESP.\n\nOs resultados colhidos a partir dessa iniciativa \u2013 que visava a promo\u00e7\u00e3o da sa\u00fade mental, preven\u00e7\u00e3o e manejo de transtornos na escola atrav\u00e9s de programas de assist\u00eancia e letramento em sa\u00fade mental \u2013 fundamentaram a estrutura\u00e7\u00e3o do Instituto.\n\nAcesse: www.amesuamente.org.br\">\n                \n                <div class=\"sby_thumbnail_hover sby_item_video_thumbnail_hover\">\n                    <div class=\"sby_thumbnail_hover_inner\">\n                        \n                        \n                        \n                                                    <p class=\"sby_caption\" >O Instituto Ame Sua Mente \u00e9 uma organiza\u00e7\u00e3o da Sociedade Civil que desenvolve projetos pautados em pesquisas cient\u00edficas e com foco na promo\u00e7\u00e3o da sa\u00fade mental, redu\u00e7\u00e3o do estigma, preven\u00e7\u00e3o e manejo de transtornos, tendo o educador da rede p\u00fablica como principal p\u00fablico.<br>\n<br>\nO instituto foi fundado em 2018, ap\u00f3s mais de 10 anos de pesquisas cient\u00edficas junto a escolas p\u00fablicas, trabalho realizado por meio do projeto \u201cCuca Legal\u201d, em parceria com a Escola Paulista de Medicina \u2013 EPM\/UNIFESP.<br>\n<br>\nOs resultados colhidos a partir dessa iniciativa \u2013 que visava a promo\u00e7\u00e3o da sa\u00fade mental, preven\u00e7\u00e3o e manejo de transtornos na escola atrav\u00e9s de programas de assist\u00eancia e letramento em sa\u00fade mental \u2013 fundamentaram a estrutura\u00e7\u00e3o do Instituto.<br>\n<br>\nAcesse: www.amesuamente.org.br<\/p>\n                        \n                                                    <p class=\"sby_stats\" >\n                                <span class=\"sby_likes\" >\n                                                                    <span class=\"sby_like_count\">62<\/span>\n                                <\/span>\n                                <span class=\"sby_comments\" >\n                                                                        <span class=\"sby_comment_count\">1<\/span>\n                                <\/span>\n                            <\/p>\n                                            <\/div>\n                <\/div>\n\n                <span class=\"sby-screenreader\">YouTube Video UEx0Q0tvVE9zX3Rkck1wWURmSHh5ZG95RHVBMnJLWV84ZS41MjE1MkI0OTQ2QzJGNzNG<\/span>\n                                    <div class=\"sby_play_btn\" >\n                        <span class=\"sby_play_btn_bg\"><\/span>\n                    <svg aria-hidden=\"true\" focusable=\"false\" data-prefix=\"fab\" data-icon=\"youtube\" role=\"img\" xmlns=\"http:\/\/www.w3.org\/2000\/svg\" viewBox=\"0 0 576 512\" class=\"svg-inline--fa fa-youtube fa-w-18\"><path fill=\"currentColor\" d=\"M549.655 124.083c-6.281-23.65-24.787-42.276-48.284-48.597C458.781 64 288 64 288 64S117.22 64 74.629 75.486c-23.497 6.322-42.003 24.947-48.284 48.597-11.412 42.867-11.412 132.305-11.412 132.305s0 89.438 11.412 132.305c6.281 23.65 24.787 41.5 48.284 47.821C117.22 448 288 448 288 448s170.78 0 213.371-11.486c23.497-6.321 42.003-24.171 48.284-47.821 11.412-42.867 11.412-132.305 11.412-132.305s0-89.438-11.412-132.305zm-317.51 213.508V175.185l142.739 81.205-142.739 81.201z\" class=\"\"><\/path><\/svg>                    <\/div>\n                                <span class=\"sby_loader sby_hidden\" style=\"background-color: rgb(255, 255, 255);\"><\/span>\n            <\/a>\n\n            \n        <\/div>\n\n        \n<div class=\"sby_info sby_info_item\">\n\t<div class=\"sby-video-info-bottom\">\n\t\t<div class=\"sby-video-info\">\n\t\t\t\t\t\t\t<p class=\"sby_video_title_wrap\" >\n\t\t\t\t\t<span class=\"sby_video_title\">Instituto Ame Sua Mente - Vers\u00e3o Reduzida<\/span>\n\t\t\t\t<\/p>\n\t\t\t\n\t\t\t\n\t\t\t\n\t\t\t\n\t\t\t\t\t<\/div>\n\n\t\t\t\t\t\t\t\t<\/div>\n<\/div>    <\/div>\n<\/div><div class=\"sby_item  sby_new sby_transition\" id=\"sby_UEx0Q0tvVE9zX3Rkck1wWURmSHh5ZG95RHVBMnJLWV84ZS4wMTcyMDhGQUE4NTIzM0Y5\" data-date=\"1651526125\" data-video-id=\"xMgzZlJErso\" data-video-title=\"Panorama da sa\u00fade mental - vers\u00e3o reduzida\" data-live-date=\"0\" data-channel-id=\"UCVzDV6uqfZIxgHZvgeMlCyg\" >\n    <div class=\"sby_inner_item\">\n        <div class=\"sby_video_thumbnail_wrap sby_item_video_thumbnail_wrap\">\n            <a class=\"sby_video_thumbnail sby_item_video_thumbnail\" style=\"background-image:url(https:\/\/www.amesuamente.org.br\/en\/wp-content\/plugins\/youtube-feed-pro\/img\/placeholder.png)\" href=\"https:\/\/www.youtube.com\/watch?v=xMgzZlJErso\" target=\"_blank\" rel=\"noopener\" data-full-res=\"https:\/\/i.ytimg.com\/vi\/xMgzZlJErso\/maxresdefault.jpg\" data-img-src-set=\"{&quot;120&quot;:&quot;https:\\\/\\\/i.ytimg.com\\\/vi\\\/xMgzZlJErso\\\/default.jpg&quot;,&quot;320&quot;:&quot;https:\\\/\\\/i.ytimg.com\\\/vi\\\/xMgzZlJErso\\\/mqdefault.jpg&quot;,&quot;480&quot;:&quot;https:\\\/\\\/i.ytimg.com\\\/vi\\\/xMgzZlJErso\\\/hqdefault.jpg&quot;,&quot;640&quot;:&quot;https:\\\/\\\/i.ytimg.com\\\/vi\\\/xMgzZlJErso\\\/sddefault.jpg&quot;}\" data-video-id=\"xMgzZlJErso\"  data-user=\"Instituto Ame Sua Mente\" data-url=\"https:\/\/www.youtube.com\/watch?v=xMgzZlJErso\" data-avatar=\"\" data-title=\"\" data-video-title=\"Panorama da sa\u00fade mental - vers\u00e3o reduzida\" data-channel-id=\"UCVzDV6uqfZIxgHZvgeMlCyg\" data-views=\"7.7K views\" data-published-date=\"1651526125\" data-formatted-published-date=\"2 de May de 2022 18:15\" data-comment-count=\"3\">\n                <img decoding=\"async\" src=\"https:\/\/www.amesuamente.org.br\/en\/wp-content\/plugins\/youtube-feed-pro\/img\/placeholder.png\" alt=\"\">\n                \n                <div class=\"sby_thumbnail_hover sby_item_video_thumbnail_hover\">\n                    <div class=\"sby_thumbnail_hover_inner\">\n                        \n                        \n                        \n                                                    <p class=\"sby_caption\" ><\/p>\n                        \n                                                    <p class=\"sby_stats\" >\n                                <span class=\"sby_likes\" >\n                                                                    <span class=\"sby_like_count\">159<\/span>\n                                <\/span>\n                                <span class=\"sby_comments\" >\n                                                                        <span class=\"sby_comment_count\">3<\/span>\n                                <\/span>\n                            <\/p>\n                                            <\/div>\n                <\/div>\n\n                <span class=\"sby-screenreader\">YouTube Video UEx0Q0tvVE9zX3Rkck1wWURmSHh5ZG95RHVBMnJLWV84ZS4wMTcyMDhGQUE4NTIzM0Y5<\/span>\n                                    <div class=\"sby_play_btn\" >\n                        <span class=\"sby_play_btn_bg\"><\/span>\n                    <svg aria-hidden=\"true\" focusable=\"false\" data-prefix=\"fab\" data-icon=\"youtube\" role=\"img\" xmlns=\"http:\/\/www.w3.org\/2000\/svg\" viewBox=\"0 0 576 512\" class=\"svg-inline--fa fa-youtube fa-w-18\"><path fill=\"currentColor\" d=\"M549.655 124.083c-6.281-23.65-24.787-42.276-48.284-48.597C458.781 64 288 64 288 64S117.22 64 74.629 75.486c-23.497 6.322-42.003 24.947-48.284 48.597-11.412 42.867-11.412 132.305-11.412 132.305s0 89.438 11.412 132.305c6.281 23.65 24.787 41.5 48.284 47.821C117.22 448 288 448 288 448s170.78 0 213.371-11.486c23.497-6.321 42.003-24.171 48.284-47.821 11.412-42.867 11.412-132.305 11.412-132.305s0-89.438-11.412-132.305zm-317.51 213.508V175.185l142.739 81.205-142.739 81.201z\" class=\"\"><\/path><\/svg>                    <\/div>\n                                <span class=\"sby_loader sby_hidden\" style=\"background-color: rgb(255, 255, 255);\"><\/span>\n            <\/a>\n\n            \n        <\/div>\n\n        \n<div class=\"sby_info sby_info_item\">\n\t<div class=\"sby-video-info-bottom\">\n\t\t<div class=\"sby-video-info\">\n\t\t\t\t\t\t\t<p class=\"sby_video_title_wrap\" >\n\t\t\t\t\t<span class=\"sby_video_title\">Panorama da sa\u00fade mental - vers\u00e3o reduzida<\/span>\n\t\t\t\t<\/p>\n\t\t\t\n\t\t\t\n\t\t\t\n\t\t\t\n\t\t\t\t\t<\/div>\n\n\t\t\t\t\t\t\t\t<\/div>\n<\/div>    <\/div>\n<\/div><div class=\"sby_item  sby_new sby_transition\" id=\"sby_UEx0Q0tvVE9zX3Rkck1wWURmSHh5ZG95RHVBMnJLWV84ZS4wOTA3OTZBNzVEMTUzOTMy\" data-date=\"1701896310\" data-video-id=\"ChPivVOgyHI\" data-video-title=\"Iniciativas Ame sua Mente - versa\u0303o reduzida\" data-live-date=\"0\" data-channel-id=\"UCVzDV6uqfZIxgHZvgeMlCyg\" >\n    <div class=\"sby_inner_item\">\n        <div class=\"sby_video_thumbnail_wrap sby_item_video_thumbnail_wrap\">\n            <a class=\"sby_video_thumbnail sby_item_video_thumbnail\" style=\"background-image:url(https:\/\/www.amesuamente.org.br\/en\/wp-content\/plugins\/youtube-feed-pro\/img\/placeholder.png)\" href=\"https:\/\/www.youtube.com\/watch?v=ChPivVOgyHI\" target=\"_blank\" rel=\"noopener\" data-full-res=\"https:\/\/i.ytimg.com\/vi\/ChPivVOgyHI\/maxresdefault.jpg\" data-img-src-set=\"{&quot;120&quot;:&quot;https:\\\/\\\/i.ytimg.com\\\/vi\\\/ChPivVOgyHI\\\/default.jpg&quot;,&quot;320&quot;:&quot;https:\\\/\\\/i.ytimg.com\\\/vi\\\/ChPivVOgyHI\\\/mqdefault.jpg&quot;,&quot;480&quot;:&quot;https:\\\/\\\/i.ytimg.com\\\/vi\\\/ChPivVOgyHI\\\/hqdefault.jpg&quot;,&quot;640&quot;:&quot;https:\\\/\\\/i.ytimg.com\\\/vi\\\/ChPivVOgyHI\\\/sddefault.jpg&quot;}\" data-video-id=\"ChPivVOgyHI\"  data-user=\"Instituto Ame Sua Mente\" data-url=\"https:\/\/www.youtube.com\/watch?v=ChPivVOgyHI\" data-avatar=\"\" data-title=\"\" data-video-title=\"Iniciativas Ame sua Mente - versa\u0303o reduzida\" data-channel-id=\"UCVzDV6uqfZIxgHZvgeMlCyg\" data-views=\"197 views\" data-published-date=\"1701896310\" data-formatted-published-date=\"6 de December de 2023 17:58\" data-comment-count=\"0\">\n                <img decoding=\"async\" src=\"https:\/\/www.amesuamente.org.br\/en\/wp-content\/plugins\/youtube-feed-pro\/img\/placeholder.png\" alt=\"\">\n                \n                <div class=\"sby_thumbnail_hover sby_item_video_thumbnail_hover\">\n                    <div class=\"sby_thumbnail_hover_inner\">\n                        \n                        \n                        \n                                                    <p class=\"sby_caption\" ><\/p>\n                        \n                                                    <p class=\"sby_stats\" >\n                                <span class=\"sby_likes\" >\n                                                                    <span class=\"sby_like_count\">7<\/span>\n                                <\/span>\n                                <span class=\"sby_comments\" >\n                                                                        <span class=\"sby_comment_count\">0<\/span>\n                                <\/span>\n                            <\/p>\n                                            <\/div>\n                <\/div>\n\n                <span class=\"sby-screenreader\">YouTube Video UEx0Q0tvVE9zX3Rkck1wWURmSHh5ZG95RHVBMnJLWV84ZS4wOTA3OTZBNzVEMTUzOTMy<\/span>\n                                    <div class=\"sby_play_btn\" >\n                        <span class=\"sby_play_btn_bg\"><\/span>\n                    <svg aria-hidden=\"true\" focusable=\"false\" data-prefix=\"fab\" data-icon=\"youtube\" role=\"img\" xmlns=\"http:\/\/www.w3.org\/2000\/svg\" viewBox=\"0 0 576 512\" class=\"svg-inline--fa fa-youtube fa-w-18\"><path fill=\"currentColor\" d=\"M549.655 124.083c-6.281-23.65-24.787-42.276-48.284-48.597C458.781 64 288 64 288 64S117.22 64 74.629 75.486c-23.497 6.322-42.003 24.947-48.284 48.597-11.412 42.867-11.412 132.305-11.412 132.305s0 89.438 11.412 132.305c6.281 23.65 24.787 41.5 48.284 47.821C117.22 448 288 448 288 448s170.78 0 213.371-11.486c23.497-6.321 42.003-24.171 48.284-47.821 11.412-42.867 11.412-132.305 11.412-132.305s0-89.438-11.412-132.305zm-317.51 213.508V175.185l142.739 81.205-142.739 81.201z\" class=\"\"><\/path><\/svg>                    <\/div>\n                                <span class=\"sby_loader sby_hidden\" style=\"background-color: rgb(255, 255, 255);\"><\/span>\n            <\/a>\n\n            \n        <\/div>\n\n        \n<div class=\"sby_info sby_info_item\">\n\t<div class=\"sby-video-info-bottom\">\n\t\t<div class=\"sby-video-info\">\n\t\t\t\t\t\t\t<p class=\"sby_video_title_wrap\" >\n\t\t\t\t\t<span class=\"sby_video_title\">Iniciativas Ame sua Mente - versa\u0303o reduzida<\/span>\n\t\t\t\t<\/p>\n\t\t\t\n\t\t\t\n\t\t\t\n\t\t\t\n\t\t\t\t\t<\/div>\n\n\t\t\t\t\t\t\t\t<\/div>\n<\/div>    <\/div>\n<\/div><div class=\"sby_item  sby_new sby_transition\" id=\"sby_UEx0Q0tvVE9zX3Rkck1wWURmSHh5ZG95RHVBMnJLWV84ZS4xMkVGQjNCMUM1N0RFNEUx\" data-date=\"1701896343\" data-video-id=\"jAKvZVxuQds\" data-video-title=\"Iniciativas Ame sua Mente\" data-live-date=\"0\" data-channel-id=\"UCVzDV6uqfZIxgHZvgeMlCyg\" >\n    <div class=\"sby_inner_item\">\n        <div class=\"sby_video_thumbnail_wrap sby_item_video_thumbnail_wrap\">\n            <a class=\"sby_video_thumbnail sby_item_video_thumbnail\" style=\"background-image:url(https:\/\/www.amesuamente.org.br\/en\/wp-content\/plugins\/youtube-feed-pro\/img\/placeholder.png)\" href=\"https:\/\/www.youtube.com\/watch?v=jAKvZVxuQds\" target=\"_blank\" rel=\"noopener\" data-full-res=\"https:\/\/i.ytimg.com\/vi\/jAKvZVxuQds\/maxresdefault.jpg\" data-img-src-set=\"{&quot;120&quot;:&quot;https:\\\/\\\/i.ytimg.com\\\/vi\\\/jAKvZVxuQds\\\/default.jpg&quot;,&quot;320&quot;:&quot;https:\\\/\\\/i.ytimg.com\\\/vi\\\/jAKvZVxuQds\\\/mqdefault.jpg&quot;,&quot;480&quot;:&quot;https:\\\/\\\/i.ytimg.com\\\/vi\\\/jAKvZVxuQds\\\/hqdefault.jpg&quot;,&quot;640&quot;:&quot;https:\\\/\\\/i.ytimg.com\\\/vi\\\/jAKvZVxuQds\\\/sddefault.jpg&quot;}\" data-video-id=\"jAKvZVxuQds\"  data-user=\"Instituto Ame Sua Mente\" data-url=\"https:\/\/www.youtube.com\/watch?v=jAKvZVxuQds\" data-avatar=\"\" data-title=\"\" data-video-title=\"Iniciativas Ame sua Mente\" data-channel-id=\"UCVzDV6uqfZIxgHZvgeMlCyg\" data-views=\"856 views\" data-published-date=\"1701896343\" data-formatted-published-date=\"6 de December de 2023 17:59\" data-comment-count=\"0\">\n                <img decoding=\"async\" src=\"https:\/\/www.amesuamente.org.br\/en\/wp-content\/plugins\/youtube-feed-pro\/img\/placeholder.png\" alt=\"\">\n                \n                <div class=\"sby_thumbnail_hover sby_item_video_thumbnail_hover\">\n                    <div class=\"sby_thumbnail_hover_inner\">\n                        \n                        \n                        \n                                                    <p class=\"sby_caption\" ><\/p>\n                        \n                                                    <p class=\"sby_stats\" >\n                                <span class=\"sby_likes\" >\n                                                                    <span class=\"sby_like_count\">22<\/span>\n                                <\/span>\n                                <span class=\"sby_comments\" >\n                                                                        <span class=\"sby_comment_count\">0<\/span>\n                                <\/span>\n                            <\/p>\n                                            <\/div>\n                <\/div>\n\n                <span class=\"sby-screenreader\">YouTube Video UEx0Q0tvVE9zX3Rkck1wWURmSHh5ZG95RHVBMnJLWV84ZS4xMkVGQjNCMUM1N0RFNEUx<\/span>\n                                    <div class=\"sby_play_btn\" >\n                        <span class=\"sby_play_btn_bg\"><\/span>\n                    <svg aria-hidden=\"true\" focusable=\"false\" data-prefix=\"fab\" data-icon=\"youtube\" role=\"img\" xmlns=\"http:\/\/www.w3.org\/2000\/svg\" viewBox=\"0 0 576 512\" class=\"svg-inline--fa fa-youtube fa-w-18\"><path fill=\"currentColor\" d=\"M549.655 124.083c-6.281-23.65-24.787-42.276-48.284-48.597C458.781 64 288 64 288 64S117.22 64 74.629 75.486c-23.497 6.322-42.003 24.947-48.284 48.597-11.412 42.867-11.412 132.305-11.412 132.305s0 89.438 11.412 132.305c6.281 23.65 24.787 41.5 48.284 47.821C117.22 448 288 448 288 448s170.78 0 213.371-11.486c23.497-6.321 42.003-24.171 48.284-47.821 11.412-42.867 11.412-132.305 11.412-132.305s0-89.438-11.412-132.305zm-317.51 213.508V175.185l142.739 81.205-142.739 81.201z\" class=\"\"><\/path><\/svg>                    <\/div>\n                                <span class=\"sby_loader sby_hidden\" style=\"background-color: rgb(255, 255, 255);\"><\/span>\n            <\/a>\n\n            \n        <\/div>\n\n        \n<div class=\"sby_info sby_info_item\">\n\t<div class=\"sby-video-info-bottom\">\n\t\t<div class=\"sby-video-info\">\n\t\t\t\t\t\t\t<p class=\"sby_video_title_wrap\" >\n\t\t\t\t\t<span class=\"sby_video_title\">Iniciativas Ame sua Mente<\/span>\n\t\t\t\t<\/p>\n\t\t\t\n\t\t\t\n\t\t\t\n\t\t\t\n\t\t\t\t\t<\/div>\n\n\t\t\t\t\t\t\t\t<\/div>\n<\/div>    <\/div>\n<\/div><div class=\"sby_item  sby_new sby_transition\" id=\"sby_UEx0Q0tvVE9zX3Rkck1wWURmSHh5ZG95RHVBMnJLWV84ZS41MzJCQjBCNDIyRkJDN0VD\" data-date=\"1707509793\" data-video-id=\"1GMUHBZGqT8\" data-video-title=\"Iniciativas Ame Sua Mente - Vers\u00e3o Ingl\u00eas\" data-live-date=\"0\" data-channel-id=\"UCVzDV6uqfZIxgHZvgeMlCyg\" >\n    <div class=\"sby_inner_item\">\n        <div class=\"sby_video_thumbnail_wrap sby_item_video_thumbnail_wrap\">\n            <a class=\"sby_video_thumbnail sby_item_video_thumbnail\" style=\"background-image:url(https:\/\/www.amesuamente.org.br\/en\/wp-content\/plugins\/youtube-feed-pro\/img\/placeholder.png)\" href=\"https:\/\/www.youtube.com\/watch?v=1GMUHBZGqT8\" target=\"_blank\" rel=\"noopener\" data-full-res=\"https:\/\/i.ytimg.com\/vi\/1GMUHBZGqT8\/maxresdefault.jpg\" data-img-src-set=\"{&quot;120&quot;:&quot;https:\\\/\\\/i.ytimg.com\\\/vi\\\/1GMUHBZGqT8\\\/default.jpg&quot;,&quot;320&quot;:&quot;https:\\\/\\\/i.ytimg.com\\\/vi\\\/1GMUHBZGqT8\\\/mqdefault.jpg&quot;,&quot;480&quot;:&quot;https:\\\/\\\/i.ytimg.com\\\/vi\\\/1GMUHBZGqT8\\\/hqdefault.jpg&quot;,&quot;640&quot;:&quot;https:\\\/\\\/i.ytimg.com\\\/vi\\\/1GMUHBZGqT8\\\/sddefault.jpg&quot;}\" data-video-id=\"1GMUHBZGqT8\"  data-user=\"Instituto Ame Sua Mente\" data-url=\"https:\/\/www.youtube.com\/watch?v=1GMUHBZGqT8\" data-avatar=\"\" data-title=\"\" data-video-title=\"Iniciativas Ame Sua Mente - Vers\u00e3o Ingl\u00eas\" data-channel-id=\"UCVzDV6uqfZIxgHZvgeMlCyg\" data-views=\"112 views\" data-published-date=\"1707509793\" data-formatted-published-date=\"9 de February de 2024 17:16\" data-comment-count=\"0\">\n                <img decoding=\"async\" src=\"https:\/\/www.amesuamente.org.br\/en\/wp-content\/plugins\/youtube-feed-pro\/img\/placeholder.png\" alt=\"\">\n                \n                <div class=\"sby_thumbnail_hover sby_item_video_thumbnail_hover\">\n                    <div class=\"sby_thumbnail_hover_inner\">\n                        \n                        \n                        \n                                                    <p class=\"sby_caption\" ><\/p>\n                        \n                                                    <p class=\"sby_stats\" >\n                                <span class=\"sby_likes\" >\n                                                                    <span class=\"sby_like_count\">1<\/span>\n                                <\/span>\n                                <span class=\"sby_comments\" >\n                                                                        <span class=\"sby_comment_count\">0<\/span>\n                                <\/span>\n                            <\/p>\n                                            <\/div>\n                <\/div>\n\n                <span class=\"sby-screenreader\">YouTube Video UEx0Q0tvVE9zX3Rkck1wWURmSHh5ZG95RHVBMnJLWV84ZS41MzJCQjBCNDIyRkJDN0VD<\/span>\n                                    <div class=\"sby_play_btn\" >\n                        <span class=\"sby_play_btn_bg\"><\/span>\n                    <svg aria-hidden=\"true\" focusable=\"false\" data-prefix=\"fab\" data-icon=\"youtube\" role=\"img\" xmlns=\"http:\/\/www.w3.org\/2000\/svg\" viewBox=\"0 0 576 512\" class=\"svg-inline--fa fa-youtube fa-w-18\"><path fill=\"currentColor\" d=\"M549.655 124.083c-6.281-23.65-24.787-42.276-48.284-48.597C458.781 64 288 64 288 64S117.22 64 74.629 75.486c-23.497 6.322-42.003 24.947-48.284 48.597-11.412 42.867-11.412 132.305-11.412 132.305s0 89.438 11.412 132.305c6.281 23.65 24.787 41.5 48.284 47.821C117.22 448 288 448 288 448s170.78 0 213.371-11.486c23.497-6.321 42.003-24.171 48.284-47.821 11.412-42.867 11.412-132.305 11.412-132.305s0-89.438-11.412-132.305zm-317.51 213.508V175.185l142.739 81.205-142.739 81.201z\" class=\"\"><\/path><\/svg>                    <\/div>\n                                <span class=\"sby_loader sby_hidden\" style=\"background-color: rgb(255, 255, 255);\"><\/span>\n            <\/a>\n\n            \n        <\/div>\n\n        \n<div class=\"sby_info sby_info_item\">\n\t<div class=\"sby-video-info-bottom\">\n\t\t<div class=\"sby-video-info\">\n\t\t\t\t\t\t\t<p class=\"sby_video_title_wrap\" >\n\t\t\t\t\t<span class=\"sby_video_title\">Iniciativas Ame Sua Mente - Vers\u00e3o Ingl\u00eas<\/span>\n\t\t\t\t<\/p>\n\t\t\t\n\t\t\t\n\t\t\t\n\t\t\t\n\t\t\t\t\t<\/div>\n\n\t\t\t\t\t\t\t\t<\/div>\n<\/div>    <\/div>\n<\/div><div class=\"sby_item  sby_new sby_transition\" id=\"sby_UEx0Q0tvVE9zX3Rkck1wWURmSHh5ZG95RHVBMnJLWV84ZS5DQUNERDQ2NkIzRUQxNTY1\" data-date=\"1709160719\" data-video-id=\"qPrPd-j4B78\" data-video-title=\"Ame Sua Mente - Institucional - Legendado Ingl\u00eas.\" data-live-date=\"0\" data-channel-id=\"UCVzDV6uqfZIxgHZvgeMlCyg\" >\n    <div class=\"sby_inner_item\">\n        <div class=\"sby_video_thumbnail_wrap sby_item_video_thumbnail_wrap\">\n            <a class=\"sby_video_thumbnail sby_item_video_thumbnail\" style=\"background-image:url(https:\/\/www.amesuamente.org.br\/en\/wp-content\/plugins\/youtube-feed-pro\/img\/placeholder.png)\" href=\"https:\/\/www.youtube.com\/watch?v=qPrPd-j4B78\" target=\"_blank\" rel=\"noopener\" data-full-res=\"https:\/\/i.ytimg.com\/vi\/qPrPd-j4B78\/hqdefault.jpg\" data-img-src-set=\"{&quot;120&quot;:&quot;https:\\\/\\\/i.ytimg.com\\\/vi\\\/qPrPd-j4B78\\\/default.jpg&quot;,&quot;320&quot;:&quot;https:\\\/\\\/i.ytimg.com\\\/vi\\\/qPrPd-j4B78\\\/mqdefault.jpg&quot;,&quot;480&quot;:&quot;https:\\\/\\\/i.ytimg.com\\\/vi\\\/qPrPd-j4B78\\\/hqdefault.jpg&quot;,&quot;640&quot;:&quot;https:\\\/\\\/i.ytimg.com\\\/vi\\\/qPrPd-j4B78\\\/sddefault.jpg&quot;}\" data-video-id=\"qPrPd-j4B78\"  data-user=\"Instituto Ame Sua Mente\" data-url=\"https:\/\/www.youtube.com\/watch?v=qPrPd-j4B78\" data-avatar=\"\" data-title=\"\" data-video-title=\"Ame Sua Mente - Institucional - Legendado Ingl\u00eas.\" data-channel-id=\"UCVzDV6uqfZIxgHZvgeMlCyg\" data-views=\"256 views\" data-published-date=\"1709160719\" data-formatted-published-date=\"28 de February de 2024 19:51\" data-comment-count=\"0\">\n                <img decoding=\"async\" src=\"https:\/\/www.amesuamente.org.br\/en\/wp-content\/plugins\/youtube-feed-pro\/img\/placeholder.png\" alt=\"\">\n                \n                <div class=\"sby_thumbnail_hover sby_item_video_thumbnail_hover\">\n                    <div class=\"sby_thumbnail_hover_inner\">\n                        \n                        \n                        \n                                                    <p class=\"sby_caption\" ><\/p>\n                        \n                                                    <p class=\"sby_stats\" >\n                                <span class=\"sby_likes\" >\n                                                                    <span class=\"sby_like_count\">2<\/span>\n                                <\/span>\n                                <span class=\"sby_comments\" >\n                                                                        <span class=\"sby_comment_count\">0<\/span>\n                                <\/span>\n                            <\/p>\n                                            <\/div>\n                <\/div>\n\n                <span class=\"sby-screenreader\">YouTube Video UEx0Q0tvVE9zX3Rkck1wWURmSHh5ZG95RHVBMnJLWV84ZS5DQUNERDQ2NkIzRUQxNTY1<\/span>\n                                    <div class=\"sby_play_btn\" >\n                        <span class=\"sby_play_btn_bg\"><\/span>\n                    <svg aria-hidden=\"true\" focusable=\"false\" data-prefix=\"fab\" data-icon=\"youtube\" role=\"img\" xmlns=\"http:\/\/www.w3.org\/2000\/svg\" viewBox=\"0 0 576 512\" class=\"svg-inline--fa fa-youtube fa-w-18\"><path fill=\"currentColor\" d=\"M549.655 124.083c-6.281-23.65-24.787-42.276-48.284-48.597C458.781 64 288 64 288 64S117.22 64 74.629 75.486c-23.497 6.322-42.003 24.947-48.284 48.597-11.412 42.867-11.412 132.305-11.412 132.305s0 89.438 11.412 132.305c6.281 23.65 24.787 41.5 48.284 47.821C117.22 448 288 448 288 448s170.78 0 213.371-11.486c23.497-6.321 42.003-24.171 48.284-47.821 11.412-42.867 11.412-132.305 11.412-132.305s0-89.438-11.412-132.305zm-317.51 213.508V175.185l142.739 81.205-142.739 81.201z\" class=\"\"><\/path><\/svg>                    <\/div>\n                                <span class=\"sby_loader sby_hidden\" style=\"background-color: rgb(255, 255, 255);\"><\/span>\n            <\/a>\n\n            \n        <\/div>\n\n        \n<div class=\"sby_info sby_info_item\">\n\t<div class=\"sby-video-info-bottom\">\n\t\t<div class=\"sby-video-info\">\n\t\t\t\t\t\t\t<p class=\"sby_video_title_wrap\" >\n\t\t\t\t\t<span class=\"sby_video_title\">Ame Sua Mente - Institucional - Legendado Ingl\u00eas.<\/span>\n\t\t\t\t<\/p>\n\t\t\t\n\t\t\t\n\t\t\t\n\t\t\t\n\t\t\t\t\t<\/div>\n\n\t\t\t\t\t\t\t\t<\/div>\n<\/div>    <\/div>\n<\/div><div class=\"sby_item  sby_new sby_transition\" id=\"sby_UEx0Q0tvVE9zX3Rkck1wWURmSHh5ZG95RHVBMnJLWV84ZS45NDk1REZENzhEMzU5MDQz\" data-date=\"1764287346\" data-video-id=\"K0wSt_8JVtg\" data-video-title=\"Sa\u00fade Mental: voc\u00ea conhece algu\u00e9m que poderia estar nessa cadeira?\" data-live-date=\"0\" data-channel-id=\"UCVzDV6uqfZIxgHZvgeMlCyg\" >\n    <div class=\"sby_inner_item\">\n        <div class=\"sby_video_thumbnail_wrap sby_item_video_thumbnail_wrap\">\n            <a class=\"sby_video_thumbnail sby_item_video_thumbnail\" style=\"background-image:url(https:\/\/www.amesuamente.org.br\/en\/wp-content\/plugins\/youtube-feed-pro\/img\/placeholder.png)\" href=\"https:\/\/www.youtube.com\/watch?v=K0wSt_8JVtg\" target=\"_blank\" rel=\"noopener\" data-full-res=\"https:\/\/i.ytimg.com\/vi\/K0wSt_8JVtg\/maxresdefault.jpg\" data-img-src-set=\"{&quot;120&quot;:&quot;https:\\\/\\\/i.ytimg.com\\\/vi\\\/K0wSt_8JVtg\\\/default.jpg&quot;,&quot;320&quot;:&quot;https:\\\/\\\/i.ytimg.com\\\/vi\\\/K0wSt_8JVtg\\\/mqdefault.jpg&quot;,&quot;480&quot;:&quot;https:\\\/\\\/i.ytimg.com\\\/vi\\\/K0wSt_8JVtg\\\/hqdefault.jpg&quot;,&quot;640&quot;:&quot;https:\\\/\\\/i.ytimg.com\\\/vi\\\/K0wSt_8JVtg\\\/sddefault.jpg&quot;}\" data-video-id=\"K0wSt_8JVtg\"  data-user=\"Instituto Ame Sua Mente\" data-url=\"https:\/\/www.youtube.com\/watch?v=K0wSt_8JVtg\" data-avatar=\"\" data-title=\"\" data-video-title=\"Sa\u00fade Mental: voc\u00ea conhece algu\u00e9m que poderia estar nessa cadeira?\" data-channel-id=\"UCVzDV6uqfZIxgHZvgeMlCyg\" data-views=\"553 views\" data-published-date=\"1764287346\" data-formatted-published-date=\"27 de November de 2025 20:49\" data-comment-count=\"2\">\n                <img decoding=\"async\" src=\"https:\/\/www.amesuamente.org.br\/en\/wp-content\/plugins\/youtube-feed-pro\/img\/placeholder.png\" alt=\"\">\n                \n                <div class=\"sby_thumbnail_hover sby_item_video_thumbnail_hover\">\n                    <div class=\"sby_thumbnail_hover_inner\">\n                        \n                        \n                        \n                                                    <p class=\"sby_caption\" ><\/p>\n                        \n                                                    <p class=\"sby_stats\" >\n                                <span class=\"sby_likes\" >\n                                                                    <span class=\"sby_like_count\">28<\/span>\n                                <\/span>\n                                <span class=\"sby_comments\" >\n                                                                        <span class=\"sby_comment_count\">2<\/span>\n                                <\/span>\n                            <\/p>\n                                            <\/div>\n                <\/div>\n\n                <span class=\"sby-screenreader\">YouTube Video UEx0Q0tvVE9zX3Rkck1wWURmSHh5ZG95RHVBMnJLWV84ZS45NDk1REZENzhEMzU5MDQz<\/span>\n                                    <div class=\"sby_play_btn\" >\n                        <span class=\"sby_play_btn_bg\"><\/span>\n                    <svg aria-hidden=\"true\" focusable=\"false\" data-prefix=\"fab\" data-icon=\"youtube\" role=\"img\" xmlns=\"http:\/\/www.w3.org\/2000\/svg\" viewBox=\"0 0 576 512\" class=\"svg-inline--fa fa-youtube fa-w-18\"><path fill=\"currentColor\" d=\"M549.655 124.083c-6.281-23.65-24.787-42.276-48.284-48.597C458.781 64 288 64 288 64S117.22 64 74.629 75.486c-23.497 6.322-42.003 24.947-48.284 48.597-11.412 42.867-11.412 132.305-11.412 132.305s0 89.438 11.412 132.305c6.281 23.65 24.787 41.5 48.284 47.821C117.22 448 288 448 288 448s170.78 0 213.371-11.486c23.497-6.321 42.003-24.171 48.284-47.821 11.412-42.867 11.412-132.305 11.412-132.305s0-89.438-11.412-132.305zm-317.51 213.508V175.185l142.739 81.205-142.739 81.201z\" class=\"\"><\/path><\/svg>                    <\/div>\n                                <span class=\"sby_loader sby_hidden\" style=\"background-color: rgb(255, 255, 255);\"><\/span>\n            <\/a>\n\n            \n        <\/div>\n\n        \n<div class=\"sby_info sby_info_item\">\n\t<div class=\"sby-video-info-bottom\">\n\t\t<div class=\"sby-video-info\">\n\t\t\t\t\t\t\t<p class=\"sby_video_title_wrap\" >\n\t\t\t\t\t<span class=\"sby_video_title\">Sa\u00fade Mental: voc\u00ea conhece algu\u00e9m que poderia estar nessa cadeira?<\/span>\n\t\t\t\t<\/p>\n\t\t\t\n\t\t\t\n\t\t\t\n\t\t\t\n\t\t\t\t\t<\/div>\n\n\t\t\t\t\t\t\t\t<\/div>\n<\/div>    <\/div>\n<\/div><div class=\"sby_item  sby_new sby_transition\" id=\"sby_UEx0Q0tvVE9zX3Rkck1wWURmSHh5ZG95RHVBMnJLWV84ZS5GNjNDRDREMDQxOThCMDQ2\" data-date=\"1764247414\" data-video-id=\"_LO_iVUe8A4\" data-video-title=\"AME SUA MENTE\" data-live-date=\"0\" data-channel-id=\"UCVzDV6uqfZIxgHZvgeMlCyg\" >\n    <div class=\"sby_inner_item\">\n        <div class=\"sby_video_thumbnail_wrap sby_item_video_thumbnail_wrap\">\n            <a class=\"sby_video_thumbnail sby_item_video_thumbnail\" style=\"background-image:url(https:\/\/www.amesuamente.org.br\/en\/wp-content\/plugins\/youtube-feed-pro\/img\/placeholder.png)\" href=\"https:\/\/www.youtube.com\/watch?v=_LO_iVUe8A4\" target=\"_blank\" rel=\"noopener\" data-full-res=\"https:\/\/i.ytimg.com\/vi\/_LO_iVUe8A4\/maxresdefault.jpg\" data-img-src-set=\"{&quot;120&quot;:&quot;https:\\\/\\\/i.ytimg.com\\\/vi\\\/_LO_iVUe8A4\\\/default.jpg&quot;,&quot;320&quot;:&quot;https:\\\/\\\/i.ytimg.com\\\/vi\\\/_LO_iVUe8A4\\\/mqdefault.jpg&quot;,&quot;480&quot;:&quot;https:\\\/\\\/i.ytimg.com\\\/vi\\\/_LO_iVUe8A4\\\/hqdefault.jpg&quot;,&quot;640&quot;:&quot;https:\\\/\\\/i.ytimg.com\\\/vi\\\/_LO_iVUe8A4\\\/sddefault.jpg&quot;}\" data-video-id=\"_LO_iVUe8A4\"  data-user=\"Instituto Ame Sua Mente\" data-url=\"https:\/\/www.youtube.com\/watch?v=_LO_iVUe8A4\" data-avatar=\"\" data-title=\"\" data-video-title=\"AME SUA MENTE\" data-channel-id=\"UCVzDV6uqfZIxgHZvgeMlCyg\" data-views=\"188 views\" data-published-date=\"1764247414\" data-formatted-published-date=\"27 de November de 2025 09:43\" data-comment-count=\"0\">\n                <img decoding=\"async\" src=\"https:\/\/www.amesuamente.org.br\/en\/wp-content\/plugins\/youtube-feed-pro\/img\/placeholder.png\" alt=\"\">\n                \n                <div class=\"sby_thumbnail_hover sby_item_video_thumbnail_hover\">\n                    <div class=\"sby_thumbnail_hover_inner\">\n                        \n                        \n                        \n                                                    <p class=\"sby_caption\" ><\/p>\n                        \n                                                    <p class=\"sby_stats\" >\n                                <span class=\"sby_likes\" >\n                                                                    <span class=\"sby_like_count\">6<\/span>\n                                <\/span>\n                                <span class=\"sby_comments\" >\n                                                                        <span class=\"sby_comment_count\">0<\/span>\n                                <\/span>\n                            <\/p>\n                                            <\/div>\n                <\/div>\n\n                <span class=\"sby-screenreader\">YouTube Video UEx0Q0tvVE9zX3Rkck1wWURmSHh5ZG95RHVBMnJLWV84ZS5GNjNDRDREMDQxOThCMDQ2<\/span>\n                                    <div class=\"sby_play_btn\" >\n                        <span class=\"sby_play_btn_bg\"><\/span>\n                    <svg aria-hidden=\"true\" focusable=\"false\" data-prefix=\"fab\" data-icon=\"youtube\" role=\"img\" xmlns=\"http:\/\/www.w3.org\/2000\/svg\" viewBox=\"0 0 576 512\" class=\"svg-inline--fa fa-youtube fa-w-18\"><path fill=\"currentColor\" d=\"M549.655 124.083c-6.281-23.65-24.787-42.276-48.284-48.597C458.781 64 288 64 288 64S117.22 64 74.629 75.486c-23.497 6.322-42.003 24.947-48.284 48.597-11.412 42.867-11.412 132.305-11.412 132.305s0 89.438 11.412 132.305c6.281 23.65 24.787 41.5 48.284 47.821C117.22 448 288 448 288 448s170.78 0 213.371-11.486c23.497-6.321 42.003-24.171 48.284-47.821 11.412-42.867 11.412-132.305 11.412-132.305s0-89.438-11.412-132.305zm-317.51 213.508V175.185l142.739 81.205-142.739 81.201z\" class=\"\"><\/path><\/svg>                    <\/div>\n                                <span class=\"sby_loader sby_hidden\" style=\"background-color: rgb(255, 255, 255);\"><\/span>\n            <\/a>\n\n            \n        <\/div>\n\n        \n<div class=\"sby_info sby_info_item\">\n\t<div class=\"sby-video-info-bottom\">\n\t\t<div class=\"sby-video-info\">\n\t\t\t\t\t\t\t<p class=\"sby_video_title_wrap\" >\n\t\t\t\t\t<span class=\"sby_video_title\">AME SUA MENTE<\/span>\n\t\t\t\t<\/p>\n\t\t\t\n\t\t\t\n\t\t\t\n\t\t\t\n\t\t\t\t\t<\/div>\n\n\t\t\t\t\t\t\t\t<\/div>\n<\/div>    <\/div>\n<\/div><div class=\"sby_item  sby_new sby_transition\" id=\"sby_UEx0Q0tvVE9zX3Rkck1wWURmSHh5ZG95RHVBMnJLWV84ZS40NzZCMERDMjVEN0RFRThB\" data-date=\"1773700019\" data-video-id=\"iCHY9Xgum6I\" data-video-title=\"AME SUA MENTE LITTLE BY LITTLE\" data-live-date=\"0\" data-channel-id=\"UCVzDV6uqfZIxgHZvgeMlCyg\" >\n    <div class=\"sby_inner_item\">\n        <div class=\"sby_video_thumbnail_wrap sby_item_video_thumbnail_wrap\">\n            <a class=\"sby_video_thumbnail sby_item_video_thumbnail\" style=\"background-image:url(https:\/\/www.amesuamente.org.br\/en\/wp-content\/plugins\/youtube-feed-pro\/img\/placeholder.png)\" href=\"https:\/\/www.youtube.com\/watch?v=iCHY9Xgum6I\" target=\"_blank\" rel=\"noopener\" data-full-res=\"https:\/\/i.ytimg.com\/vi\/iCHY9Xgum6I\/maxresdefault.jpg\" data-img-src-set=\"{&quot;120&quot;:&quot;https:\\\/\\\/i.ytimg.com\\\/vi\\\/iCHY9Xgum6I\\\/default.jpg&quot;,&quot;320&quot;:&quot;https:\\\/\\\/i.ytimg.com\\\/vi\\\/iCHY9Xgum6I\\\/mqdefault.jpg&quot;,&quot;480&quot;:&quot;https:\\\/\\\/i.ytimg.com\\\/vi\\\/iCHY9Xgum6I\\\/hqdefault.jpg&quot;,&quot;640&quot;:&quot;https:\\\/\\\/i.ytimg.com\\\/vi\\\/iCHY9Xgum6I\\\/sddefault.jpg&quot;}\" data-video-id=\"iCHY9Xgum6I\"  data-user=\"Instituto Ame Sua Mente\" data-url=\"https:\/\/www.youtube.com\/watch?v=iCHY9Xgum6I\" data-avatar=\"\" data-title=\"De 17 a 20 de mar\u00e7o a campanha internacional Little by Little, da GlobalGiving, acrescenta +50% nas doa\u00e7\u00f5es para o Instituto Ame Sua Mente. Clique no link abaixo e doe agora.&lt;br \/&gt;\n&lt;br \/&gt;\nCom cerca de R$50, voc\u00ea j\u00e1 ajuda a levar forma\u00e7\u00e3o em sa\u00fade mental para educadores da rede p\u00fablica e impacta a vida de milhares de estudantes.&lt;br \/&gt;\n&lt;br \/&gt;\nPequenas doa\u00e7\u00f5es geram&lt;br \/&gt;\ngrandes impactos.&lt;br \/&gt;\n&lt;br \/&gt;\nClique e doe https:\/\/www.globalgiving.org\/projects\/foster-a-new-mental-health-culture-in-schools\/\" data-video-title=\"AME SUA MENTE LITTLE BY LITTLE\" data-channel-id=\"UCVzDV6uqfZIxgHZvgeMlCyg\" data-views=\"34 views\" data-published-date=\"1773700019\" data-formatted-published-date=\"16 de March de 2026 19:26\" data-comment-count=\"0\">\n                <img decoding=\"async\" src=\"https:\/\/www.amesuamente.org.br\/en\/wp-content\/plugins\/youtube-feed-pro\/img\/placeholder.png\" alt=\"De 17 a 20 de mar\u00e7o a campanha internacional Little by Little, da GlobalGiving, acrescenta +50% nas doa\u00e7\u00f5es para o Instituto Ame Sua Mente. Clique no link abaixo e doe agora.\n\nCom cerca de R$50, voc\u00ea j\u00e1 ajuda a levar forma\u00e7\u00e3o em sa\u00fade mental para educadores da rede p\u00fablica e impacta a vida de milhares de estudantes.\n\nPequenas doa\u00e7\u00f5es geram\ngrandes impactos.\n\nClique e doe https:\/\/www.globalgiving.org\/projects\/foster-a-new-mental-health-culture-in-schools\/\">\n                \n                <div class=\"sby_thumbnail_hover sby_item_video_thumbnail_hover\">\n                    <div class=\"sby_thumbnail_hover_inner\">\n                        \n                        \n                        \n                                                    <p class=\"sby_caption\" >De 17 a 20 de mar\u00e7o a campanha internacional Little by Little, da GlobalGiving, acrescenta +50% nas doa\u00e7\u00f5es para o Instituto Ame Sua Mente. Clique no link abaixo e doe agora.<br>\n<br>\nCom cerca de R$50, voc\u00ea j\u00e1 ajuda a levar forma\u00e7\u00e3o em sa\u00fade mental para educadores da rede p\u00fablica e impacta a vida de milhares de estudantes.<br>\n<br>\nPequenas doa\u00e7\u00f5es geram<br>\ngrandes impactos.<br>\n<br>\nClique e doe https:\/\/www.globalgiving.org\/projects\/foster-a-new-mental-health-culture-in-schools\/<\/p>\n                        \n                                                    <p class=\"sby_stats\" >\n                                <span class=\"sby_likes\" >\n                                                                    <span class=\"sby_like_count\">1<\/span>\n                                <\/span>\n                                <span class=\"sby_comments\" >\n                                                                        <span class=\"sby_comment_count\">0<\/span>\n                                <\/span>\n                            <\/p>\n                                            <\/div>\n                <\/div>\n\n                <span class=\"sby-screenreader\">YouTube Video UEx0Q0tvVE9zX3Rkck1wWURmSHh5ZG95RHVBMnJLWV84ZS40NzZCMERDMjVEN0RFRThB<\/span>\n                                    <div class=\"sby_play_btn\" >\n                        <span class=\"sby_play_btn_bg\"><\/span>\n                    <svg aria-hidden=\"true\" focusable=\"false\" data-prefix=\"fab\" data-icon=\"youtube\" role=\"img\" xmlns=\"http:\/\/www.w3.org\/2000\/svg\" viewBox=\"0 0 576 512\" class=\"svg-inline--fa fa-youtube fa-w-18\"><path fill=\"currentColor\" d=\"M549.655 124.083c-6.281-23.65-24.787-42.276-48.284-48.597C458.781 64 288 64 288 64S117.22 64 74.629 75.486c-23.497 6.322-42.003 24.947-48.284 48.597-11.412 42.867-11.412 132.305-11.412 132.305s0 89.438 11.412 132.305c6.281 23.65 24.787 41.5 48.284 47.821C117.22 448 288 448 288 448s170.78 0 213.371-11.486c23.497-6.321 42.003-24.171 48.284-47.821 11.412-42.867 11.412-132.305 11.412-132.305s0-89.438-11.412-132.305zm-317.51 213.508V175.185l142.739 81.205-142.739 81.201z\" class=\"\"><\/path><\/svg>                    <\/div>\n                                <span class=\"sby_loader sby_hidden\" style=\"background-color: rgb(255, 255, 255);\"><\/span>\n            <\/a>\n\n            \n        <\/div>\n\n        \n<div class=\"sby_info sby_info_item\">\n\t<div class=\"sby-video-info-bottom\">\n\t\t<div class=\"sby-video-info\">\n\t\t\t\t\t\t\t<p class=\"sby_video_title_wrap\" >\n\t\t\t\t\t<span class=\"sby_video_title\">AME SUA MENTE LITTLE BY LITTLE<\/span>\n\t\t\t\t<\/p>\n\t\t\t\n\t\t\t\n\t\t\t\n\t\t\t\n\t\t\t\t\t<\/div>\n\n\t\t\t\t\t\t\t\t<\/div>\n<\/div>    <\/div>\n<\/div><div class=\"sby_item  sby_new sby_transition\" id=\"sby_UEx0Q0tvVE9zX3Rkck1wWURmSHh5ZG95RHVBMnJLWV84ZS5EMEEwRUY5M0RDRTU3NDJC\" data-date=\"1773753739\" data-video-id=\"ID9drJxv2y0\" data-video-title=\"Ame Sua Mente | Little by Little | Ingl\u00eas\" data-live-date=\"0\" data-channel-id=\"UCVzDV6uqfZIxgHZvgeMlCyg\" >\n    <div class=\"sby_inner_item\">\n        <div class=\"sby_video_thumbnail_wrap sby_item_video_thumbnail_wrap\">\n            <a class=\"sby_video_thumbnail sby_item_video_thumbnail\" style=\"background-image:url(https:\/\/www.amesuamente.org.br\/en\/wp-content\/plugins\/youtube-feed-pro\/img\/placeholder.png)\" href=\"https:\/\/www.youtube.com\/watch?v=ID9drJxv2y0\" target=\"_blank\" rel=\"noopener\" data-full-res=\"https:\/\/i.ytimg.com\/vi\/ID9drJxv2y0\/maxresdefault.jpg\" data-img-src-set=\"{&quot;120&quot;:&quot;https:\\\/\\\/i.ytimg.com\\\/vi\\\/ID9drJxv2y0\\\/default.jpg&quot;,&quot;320&quot;:&quot;https:\\\/\\\/i.ytimg.com\\\/vi\\\/ID9drJxv2y0\\\/mqdefault.jpg&quot;,&quot;480&quot;:&quot;https:\\\/\\\/i.ytimg.com\\\/vi\\\/ID9drJxv2y0\\\/hqdefault.jpg&quot;,&quot;640&quot;:&quot;https:\\\/\\\/i.ytimg.com\\\/vi\\\/ID9drJxv2y0\\\/sddefault.jpg&quot;}\" data-video-id=\"ID9drJxv2y0\"  data-user=\"Instituto Ame Sua Mente\" data-url=\"https:\/\/www.youtube.com\/watch?v=ID9drJxv2y0\" data-avatar=\"\" data-title=\"\" data-video-title=\"Ame Sua Mente | Little by Little | Ingl\u00eas\" data-channel-id=\"UCVzDV6uqfZIxgHZvgeMlCyg\" data-views=\"45 views\" data-published-date=\"1773753739\" data-formatted-published-date=\"17 de March de 2026 10:22\" data-comment-count=\"0\">\n                <img decoding=\"async\" src=\"https:\/\/www.amesuamente.org.br\/en\/wp-content\/plugins\/youtube-feed-pro\/img\/placeholder.png\" alt=\"\">\n                \n                <div class=\"sby_thumbnail_hover sby_item_video_thumbnail_hover\">\n                    <div class=\"sby_thumbnail_hover_inner\">\n                        \n                        \n                        \n                                                    <p class=\"sby_caption\" ><\/p>\n                        \n                                                    <p class=\"sby_stats\" >\n                                <span class=\"sby_likes\" >\n                                                                    <span class=\"sby_like_count\">0<\/span>\n                                <\/span>\n                                <span class=\"sby_comments\" >\n                                                                        <span class=\"sby_comment_count\">0<\/span>\n                                <\/span>\n                            <\/p>\n                                            <\/div>\n                <\/div>\n\n                <span class=\"sby-screenreader\">YouTube Video UEx0Q0tvVE9zX3Rkck1wWURmSHh5ZG95RHVBMnJLWV84ZS5EMEEwRUY5M0RDRTU3NDJC<\/span>\n                                    <div class=\"sby_play_btn\" >\n                        <span class=\"sby_play_btn_bg\"><\/span>\n                    <svg aria-hidden=\"true\" focusable=\"false\" data-prefix=\"fab\" data-icon=\"youtube\" role=\"img\" xmlns=\"http:\/\/www.w3.org\/2000\/svg\" viewBox=\"0 0 576 512\" class=\"svg-inline--fa fa-youtube fa-w-18\"><path fill=\"currentColor\" d=\"M549.655 124.083c-6.281-23.65-24.787-42.276-48.284-48.597C458.781 64 288 64 288 64S117.22 64 74.629 75.486c-23.497 6.322-42.003 24.947-48.284 48.597-11.412 42.867-11.412 132.305-11.412 132.305s0 89.438 11.412 132.305c6.281 23.65 24.787 41.5 48.284 47.821C117.22 448 288 448 288 448s170.78 0 213.371-11.486c23.497-6.321 42.003-24.171 48.284-47.821 11.412-42.867 11.412-132.305 11.412-132.305s0-89.438-11.412-132.305zm-317.51 213.508V175.185l142.739 81.205-142.739 81.201z\" class=\"\"><\/path><\/svg>                    <\/div>\n                                <span class=\"sby_loader sby_hidden\" style=\"background-color: rgb(255, 255, 255);\"><\/span>\n            <\/a>\n\n            \n        <\/div>\n\n        \n<div class=\"sby_info sby_info_item\">\n\t<div class=\"sby-video-info-bottom\">\n\t\t<div class=\"sby-video-info\">\n\t\t\t\t\t\t\t<p class=\"sby_video_title_wrap\" >\n\t\t\t\t\t<span class=\"sby_video_title\">Ame Sua Mente | Little by Little | Ingl\u00eas<\/span>\n\t\t\t\t<\/p>\n\t\t\t\n\t\t\t\n\t\t\t\n\t\t\t\n\t\t\t\t\t<\/div>\n\n\t\t\t\t\t\t\t\t<\/div>\n<\/div>    <\/div>\n<\/div><div class=\"sby_item  sby_new sby_transition\" id=\"sby_UEx0Q0tvVE9zX3Rkck1wWURmSHh5ZG95RHVBMnJLWV84ZS45ODRDNTg0QjA4NkFBNkQy\" data-date=\"1773946783\" data-video-id=\"Kd1G9gTEepI\" data-video-title=\"[ENG] Sa\u00fade Mental: voc\u00ea conhece algu\u00e9m que poderia estar nessa cadeira?\" data-live-date=\"0\" data-channel-id=\"UCVzDV6uqfZIxgHZvgeMlCyg\" >\n    <div class=\"sby_inner_item\">\n        <div class=\"sby_video_thumbnail_wrap sby_item_video_thumbnail_wrap\">\n            <a class=\"sby_video_thumbnail sby_item_video_thumbnail\" style=\"background-image:url(https:\/\/www.amesuamente.org.br\/en\/wp-content\/plugins\/youtube-feed-pro\/img\/placeholder.png)\" href=\"https:\/\/www.youtube.com\/watch?v=Kd1G9gTEepI\" target=\"_blank\" rel=\"noopener\" data-full-res=\"https:\/\/i.ytimg.com\/vi\/Kd1G9gTEepI\/maxresdefault.jpg\" data-img-src-set=\"{&quot;120&quot;:&quot;https:\\\/\\\/i.ytimg.com\\\/vi\\\/Kd1G9gTEepI\\\/default.jpg&quot;,&quot;320&quot;:&quot;https:\\\/\\\/i.ytimg.com\\\/vi\\\/Kd1G9gTEepI\\\/mqdefault.jpg&quot;,&quot;480&quot;:&quot;https:\\\/\\\/i.ytimg.com\\\/vi\\\/Kd1G9gTEepI\\\/hqdefault.jpg&quot;,&quot;640&quot;:&quot;https:\\\/\\\/i.ytimg.com\\\/vi\\\/Kd1G9gTEepI\\\/sddefault.jpg&quot;}\" data-video-id=\"Kd1G9gTEepI\"  data-user=\"Instituto Ame Sua Mente\" data-url=\"https:\/\/www.youtube.com\/watch?v=Kd1G9gTEepI\" data-avatar=\"\" data-title=\"Legenda em ingl\u00eas\" data-video-title=\"[ENG] Sa\u00fade Mental: voc\u00ea conhece algu\u00e9m que poderia estar nessa cadeira?\" data-channel-id=\"UCVzDV6uqfZIxgHZvgeMlCyg\" data-views=\"248 views\" data-published-date=\"1773946783\" data-formatted-published-date=\"19 de March de 2026 15:59\" data-comment-count=\"0\">\n                <img decoding=\"async\" src=\"https:\/\/www.amesuamente.org.br\/en\/wp-content\/plugins\/youtube-feed-pro\/img\/placeholder.png\" alt=\"Legenda em ingl\u00eas\">\n                \n                <div class=\"sby_thumbnail_hover sby_item_video_thumbnail_hover\">\n                    <div class=\"sby_thumbnail_hover_inner\">\n                        \n                        \n                        \n                                                    <p class=\"sby_caption\" >Legenda em ingl\u00eas<\/p>\n                        \n                                                    <p class=\"sby_stats\" >\n                                <span class=\"sby_likes\" >\n                                                                    <span class=\"sby_like_count\">8<\/span>\n                                <\/span>\n                                <span class=\"sby_comments\" >\n                                                                        <span class=\"sby_comment_count\">0<\/span>\n                                <\/span>\n                            <\/p>\n                                            <\/div>\n                <\/div>\n\n                <span class=\"sby-screenreader\">YouTube Video UEx0Q0tvVE9zX3Rkck1wWURmSHh5ZG95RHVBMnJLWV84ZS45ODRDNTg0QjA4NkFBNkQy<\/span>\n                                    <div class=\"sby_play_btn\" >\n                        <span class=\"sby_play_btn_bg\"><\/span>\n                    <svg aria-hidden=\"true\" focusable=\"false\" data-prefix=\"fab\" data-icon=\"youtube\" role=\"img\" xmlns=\"http:\/\/www.w3.org\/2000\/svg\" viewBox=\"0 0 576 512\" class=\"svg-inline--fa fa-youtube fa-w-18\"><path fill=\"currentColor\" d=\"M549.655 124.083c-6.281-23.65-24.787-42.276-48.284-48.597C458.781 64 288 64 288 64S117.22 64 74.629 75.486c-23.497 6.322-42.003 24.947-48.284 48.597-11.412 42.867-11.412 132.305-11.412 132.305s0 89.438 11.412 132.305c6.281 23.65 24.787 41.5 48.284 47.821C117.22 448 288 448 288 448s170.78 0 213.371-11.486c23.497-6.321 42.003-24.171 48.284-47.821 11.412-42.867 11.412-132.305 11.412-132.305s0-89.438-11.412-132.305zm-317.51 213.508V175.185l142.739 81.205-142.739 81.201z\" class=\"\"><\/path><\/svg>                    <\/div>\n                                <span class=\"sby_loader sby_hidden\" style=\"background-color: rgb(255, 255, 255);\"><\/span>\n            <\/a>\n\n            \n        <\/div>\n\n        \n<div class=\"sby_info sby_info_item\">\n\t<div class=\"sby-video-info-bottom\">\n\t\t<div class=\"sby-video-info\">\n\t\t\t\t\t\t\t<p class=\"sby_video_title_wrap\" >\n\t\t\t\t\t<span class=\"sby_video_title\">[ENG] Sa\u00fade Mental: voc\u00ea conhece algu\u00e9m que poderia estar nessa cadeira?<\/span>\n\t\t\t\t<\/p>\n\t\t\t\n\t\t\t\n\t\t\t\n\t\t\t\n\t\t\t\t\t<\/div>\n\n\t\t\t\t\t\t\t\t<\/div>\n<\/div>    <\/div>\n<\/div>    <\/div>\n    \n\t<div class=\"sby_footer\">\n\n\n<\/div>\n    <div class=\"sby_cta_items_wraps sby_cta_wrap\">\n\t<div class=\"sby_cta_inner_wrap\">\n\n\t<\/div>\n<\/div>\n\n\t\n<\/div>\n\n\t<style type=\"text\/css\">\n\t\t\t\tbody #sb_youtube_sbyPLtCKo2rKY8e21.sb_youtube.sby_palette_custom .sby_video_title{\n\t\t\tcolor: #cb8ab5;\n\t\t}\n    \t\t\t\t    <\/style>\n\t<style type=\"text\/css\">body #sb_youtube_sbyPLtCKo2rKY8e21 .sby_caption_wrap .sby_caption { font-size: 13px !important}body #sb_youtube_sbyPLtCKo2rKY8e21 .sby_follow_btn a:hover { box-shadow:inset 0 0 10px 20px rgb(255, 255, 255, .25) !important}body #sb_youtube_sbyPLtCKo2rKY8e21[data-videostyle=boxed] .sby_items_wrap .sby_item .sby_inner_item { background-color: #ffffff !important}<\/style>\n<p>[\/et_pb_text][\/et_pb_column][\/et_pb_row][\/et_pb_section][et_pb_section fb_built=&#8221;1&#8243; _builder_version=&#8221;4.16&#8243; custom_margin=&#8221;0px||0px||false|false&#8221; custom_padding=&#8221;0px||0px||false|false&#8221; global_colors_info=&#8221;{}&#8221;][et_pb_row _builder_version=&#8221;4.16&#8243; max_height_tablet=&#8221;&#8221; max_height_phone=&#8221;110px&#8221; max_height_last_edited=&#8221;on|desktop&#8221; custom_padding=&#8221;||0px||false|false&#8221; global_colors_info=&#8221;{}&#8221;][et_pb_column type=&#8221;4_4&#8243; disabled_on=&#8221;off|off|off&#8221; _builder_version=&#8221;4.16&#8243; global_colors_info=&#8221;{}&#8221;][et_pb_text _builder_version=&#8221;4.16&#8243; header_3_font=&#8221;Poppins|700|||||||&#8221; header_3_text_color=&#8221;#ca84b3&#8243; header_3_font_size=&#8221;40px&#8221; header_3_letter_spacing=&#8221;1px&#8221; global_colors_info=&#8221;{}&#8221;]<\/p>\n<h3>Menu de conte\u00fados<\/h3>\n<p>[\/et_pb_text][\/et_pb_column][\/et_pb_row][et_pb_row column_structure=&#8221;1_4,1_4,1_4,1_4&#8243; use_custom_gutter=&#8221;on&#8221; gutter_width=&#8221;2&#8243; disabled_on=&#8221;on|off|off&#8221; _builder_version=&#8221;4.16&#8243; global_colors_info=&#8221;{}&#8221; global_module=&#8221;1858&#8243; theme_builder_area=&#8221;post_content&#8221;][et_pb_column type=&#8221;1_4&#8243; _builder_version=&#8221;4.16&#8243; global_colors_info=&#8221;{}&#8221; theme_builder_area=&#8221;post_content&#8221;][et_pb_sidebar area=&#8221;et_pb_widget_area_1&#8243; disabled_on=&#8221;off|off|off&#8221; module_class=&#8221;mobEspacamentoCat&#8221; _builder_version=&#8221;4.24.0&#8243; custom_margin_tablet=&#8221;&#8221; custom_margin_phone=&#8221;||0px||false|false&#8221; custom_margin_last_edited=&#8221;on|desktop&#8221; custom_padding_tablet=&#8221;&#8221; custom_padding_phone=&#8221;||0px||false|false&#8221; custom_padding_last_edited=&#8221;on|desktop&#8221; global_colors_info=&#8221;{}&#8221; theme_builder_area=&#8221;post_content&#8221;][\/et_pb_sidebar][\/et_pb_column][et_pb_column type=&#8221;1_4&#8243; _builder_version=&#8221;4.16&#8243; global_colors_info=&#8221;{}&#8221; theme_builder_area=&#8221;post_content&#8221;][et_pb_blurb title=&#8221;audiobooks&#8221; url=&#8221;https:\/\/www.amesuamente.org.br\/en\/audiobooks\/&#8221; image=&#8221;https:\/\/www.amesuamente.org.br\/en\/wp-content\/uploads\/2022\/06\/ico_conteudo_audiobooksv2.png&#8221; alt=&#8221;Audiobooks&#8221; _builder_version=&#8221;4.24.0&#8243; header_font=&#8221;Poppins||||||||&#8221; header_text_color=&#8221;#d781b5&#8243; use_background_color_gradient=&#8221;on&#8221; background_color_gradient_stops=&#8221;#ffffff 33%|#d4e2d5 33%&#8221; background_color_gradient_start=&#8221;#ffffff&#8221; background_color_gradient_start_position=&#8221;33%&#8221; background_color_gradient_end=&#8221;#d4e2d5&#8243; background_color_gradient_end_position=&#8221;0%&#8221; text_orientation=&#8221;right&#8221; custom_padding=&#8221;|20px|10px|20px|false|true&#8221; custom_padding_tablet=&#8221;&#8221; custom_padding_phone=&#8221;|100px||100px|false|true&#8221; custom_padding_last_edited=&#8221;on|desktop&#8221; background_last_edited=&#8221;on|desktop&#8221; background_color_gradient_stops_phone=&#8221;#ffffff 45%|#d4e2d5 45%&#8221; background_color_gradient_start_position_phone=&#8221;45%&#8221; global_colors_info=&#8221;{}&#8221; background__hover_enabled=&#8221;on|hover&#8221; background_color_gradient_start__hover=&#8221;#ffffff&#8221; background_color_gradient_end__hover=&#8221;#c7d2c8&#8243; header_text_color__hover_enabled=&#8221;on|hover&#8221; header_text_color__hover=&#8221;#d781b5&#8243; background_color_gradient_stops__hover=&#8221;#ffffff 33%|#c7d2c8 33%&#8221; image_icon_background_color__hover_enabled=&#8221;on|desktop&#8221; background_color_gradient_overlays_image__hover=&#8221;off&#8221; background_color_gradient_direction__hover=&#8221;179.5deg&#8221; custom_css_main_element__hover_enabled=&#8221;on|hover&#8221; custom_css_main_element__hover=&#8221;background: linear-gradient(180deg,#ffffff 33%,#c7d2c8  33%)!important;&#8221; theme_builder_area=&#8221;post_content&#8221;][\/et_pb_blurb][et_pb_blurb title=&#8221;lives&#8221; url=&#8221;https:\/\/www.amesuamente.org.br\/en\/lives\/&#8221; image=&#8221;https:\/\/www.amesuamente.org.br\/en\/wp-content\/uploads\/2022\/06\/ico_conteudo_lives3.png&#8221; alt=&#8221;Lives&#8221; _builder_version=&#8221;4.24.0&#8243; header_font=&#8221;Poppins||||||||&#8221; header_text_color=&#8221;#d781b5&#8243; use_background_color_gradient=&#8221;on&#8221; background_color_gradient_stops=&#8221;#ffffff 33%|#d4e2d5 33%&#8221; background_color_gradient_start=&#8221;#ffffff&#8221; background_color_gradient_start_position=&#8221;33%&#8221; background_color_gradient_end=&#8221;#d4e2d5&#8243; background_color_gradient_end_position=&#8221;0%&#8221; text_orientation=&#8221;right&#8221; custom_padding=&#8221;|20px|10px|20px|false|true&#8221; custom_padding_tablet=&#8221;&#8221; custom_padding_phone=&#8221;|100px||100px|false|true&#8221; custom_padding_last_edited=&#8221;on|desktop&#8221; background_last_edited=&#8221;on|phone&#8221; background_color_gradient_stops_phone=&#8221;#ffffff 45%|#d4e2d5 45%&#8221; background_color_gradient_start_position_phone=&#8221;45%&#8221; global_colors_info=&#8221;{}&#8221; background_color_gradient_start__hover=&#8221;#ffffff&#8221; background_color_gradient_end__hover=&#8221;#c7d2c8&#8243; header_text_color__hover_enabled=&#8221;on|hover&#8221; header_text_color__hover=&#8221;#d781b5&#8243; background_color_gradient_stops__hover=&#8221;#ffffff 33%|#c7d2c8 33%&#8221; background__hover_enabled=&#8221;on&#8221; image_icon_background_color__hover_enabled=&#8221;on|desktop&#8221; custom_css_main_element__hover_enabled=&#8221;on|hover&#8221; custom_css_main_element__hover=&#8221;background: linear-gradient(180deg,#ffffff 33%,#c7d2c8  33%)!important;&#8221; theme_builder_area=&#8221;post_content&#8221;][\/et_pb_blurb][et_pb_blurb title=&#8221;podcasts&#8221; url=&#8221;https:\/\/www.amesuamente.org.br\/en\/podcasts\/&#8221; image=&#8221;https:\/\/www.amesuamente.org.br\/en\/wp-content\/uploads\/2022\/06\/ico_conteudo_podcastsv2.png&#8221; alt=&#8221;Podcasts&#8221; _builder_version=&#8221;4.24.0&#8243; header_font=&#8221;Poppins||||||||&#8221; header_text_color=&#8221;#d781b5&#8243; use_background_color_gradient=&#8221;on&#8221; background_color_gradient_stops=&#8221;#ffffff 33%|#d4e2d5 33%&#8221; background_color_gradient_start=&#8221;#ffffff&#8221; background_color_gradient_start_position=&#8221;33%&#8221; background_color_gradient_end=&#8221;#d4e2d5&#8243; background_color_gradient_end_position=&#8221;0%&#8221; text_orientation=&#8221;right&#8221; custom_padding=&#8221;|20px|10px|20px|false|true&#8221; custom_padding_tablet=&#8221;&#8221; custom_padding_phone=&#8221;|100px||100px|false|true&#8221; custom_padding_last_edited=&#8221;on|desktop&#8221; background_last_edited=&#8221;on|phone&#8221; background_color_gradient_stops_phone=&#8221;#ffffff 45%|#d4e2d5 45%&#8221; background_color_gradient_start_position_phone=&#8221;45%&#8221; global_colors_info=&#8221;{}&#8221; background_color_gradient_start__hover=&#8221;#ffffff&#8221; background_color_gradient_end__hover=&#8221;#c7d2c8&#8243; header_text_color__hover_enabled=&#8221;on|hover&#8221; header_text_color__hover=&#8221;#d781b5&#8243; background_color_gradient_stops__hover=&#8221;#ffffff 33%|#c7d2c8 33%&#8221; background__hover_enabled=&#8221;on&#8221; image_icon_background_color__hover_enabled=&#8221;on|desktop&#8221; custom_css_main_element__hover_enabled=&#8221;on|hover&#8221; custom_css_main_element__hover=&#8221;background: linear-gradient(180deg,#ffffff 33%,#c7d2c8  33%)!important;&#8221; theme_builder_area=&#8221;post_content&#8221;][\/et_pb_blurb][\/et_pb_column][et_pb_column type=&#8221;1_4&#8243; _builder_version=&#8221;4.16&#8243; global_colors_info=&#8221;{}&#8221; theme_builder_area=&#8221;post_content&#8221;][et_pb_blurb title=&#8221;blog&#8221; url=&#8221;https:\/\/www.amesuamente.org.br\/en\/blog\/&#8221; image=&#8221;https:\/\/www.amesuamente.org.br\/en\/wp-content\/uploads\/2022\/06\/ico_conteudo_blogv2.png&#8221; alt=&#8221;Blog&#8221; _builder_version=&#8221;4.24.0&#8243; header_font=&#8221;Poppins||||||||&#8221; header_text_color=&#8221;#d781b5&#8243; use_background_color_gradient=&#8221;on&#8221; background_color_gradient_stops=&#8221;#ffffff 33%|#d4e2d5 33%&#8221; background_color_gradient_start=&#8221;#ffffff&#8221; background_color_gradient_start_position=&#8221;33%&#8221; background_color_gradient_end=&#8221;#d4e2d5&#8243; background_color_gradient_end_position=&#8221;0%&#8221; text_orientation=&#8221;right&#8221; custom_padding=&#8221;|20px|10px|20px|false|true&#8221; custom_padding_tablet=&#8221;&#8221; custom_padding_phone=&#8221;|100px||100px|false|true&#8221; custom_padding_last_edited=&#8221;on|desktop&#8221; background_last_edited=&#8221;on|phone&#8221; background_color_gradient_stops_phone=&#8221;#ffffff 45%|#d4e2d5 45%&#8221; background_color_gradient_start_position_phone=&#8221;45%&#8221; global_colors_info=&#8221;{}&#8221; background_color_gradient_start__hover=&#8221;#ffffff&#8221; background_color_gradient_end__hover=&#8221;#c7d2c8&#8243; header_text_color__hover_enabled=&#8221;on|hover&#8221; header_text_color__hover=&#8221;#d781b5&#8243; background_color_gradient_stops__hover=&#8221;#ffffff 33%|#c7d2c8 33%&#8221; background__hover_enabled=&#8221;on&#8221; image_icon_background_color__hover_enabled=&#8221;on|desktop&#8221; custom_css_main_element__hover_enabled=&#8221;on|hover&#8221; custom_css_main_element__hover=&#8221;background: linear-gradient(180deg,#ffffff 33%,#c7d2c8  33%)!important;&#8221; theme_builder_area=&#8221;post_content&#8221;][\/et_pb_blurb][et_pb_blurb title=&#8221;mini manuais&#8221; url=&#8221;https:\/\/www.amesuamente.org.br\/en\/guias-e-manuais\/&#8221; image=&#8221;https:\/\/www.amesuamente.org.br\/en\/wp-content\/uploads\/2022\/06\/ico_conteudo_manuaisv2.png&#8221; alt=&#8221;Mini Manuais&#8221; _builder_version=&#8221;4.24.0&#8243; header_font=&#8221;Poppins||||||||&#8221; header_text_color=&#8221;#d781b5&#8243; use_background_color_gradient=&#8221;on&#8221; background_color_gradient_stops=&#8221;#ffffff 33%|#d4e2d5 33%&#8221; background_color_gradient_start=&#8221;#ffffff&#8221; background_color_gradient_start_position=&#8221;33%&#8221; background_color_gradient_end=&#8221;#d4e2d5&#8243; background_color_gradient_end_position=&#8221;0%&#8221; text_orientation=&#8221;right&#8221; custom_padding=&#8221;|20px|10px|20px|false|true&#8221; custom_padding_tablet=&#8221;&#8221; custom_padding_phone=&#8221;|100px||100px|false|true&#8221; custom_padding_last_edited=&#8221;on|desktop&#8221; background_last_edited=&#8221;on|phone&#8221; background_color_gradient_stops_phone=&#8221;#ffffff 45%|#d4e2d5 45%&#8221; background_color_gradient_start_position_phone=&#8221;45%&#8221; global_colors_info=&#8221;{}&#8221; background_color_gradient_start__hover=&#8221;#ffffff&#8221; background_color_gradient_end__hover=&#8221;#c7d2c8&#8243; header_text_color__hover_enabled=&#8221;on|hover&#8221; header_text_color__hover=&#8221;#d781b5&#8243; background_color_gradient_stops__hover=&#8221;#ffffff 33%|#c7d2c8 33%&#8221; background__hover_enabled=&#8221;on&#8221; image_icon_background_color__hover_enabled=&#8221;on|desktop&#8221; custom_css_main_element_last_edited=&#8221;off|desktop&#8221; custom_css_main_element__hover_enabled=&#8221;on|hover&#8221; custom_css_main_element__hover=&#8221;background: linear-gradient(180deg,#ffffff 33%,#c7d2c8  33%)!important;&#8221; theme_builder_area=&#8221;post_content&#8221;][\/et_pb_blurb][et_pb_blurb title=&#8221;v\u00eddeos&#8221; url=&#8221;https:\/\/www.amesuamente.org.br\/en\/videosame\/&#8221; image=&#8221;https:\/\/www.amesuamente.org.br\/en\/wp-content\/uploads\/2022\/05\/ico_conteudo_videos.png&#8221; alt=&#8221;V\u00eddeos&#8221; _builder_version=&#8221;4.24.0&#8243; header_font=&#8221;Poppins||||||||&#8221; header_text_color=&#8221;#d781b5&#8243; use_background_color_gradient=&#8221;on&#8221; background_color_gradient_stops=&#8221;#ffffff 33%|#d4e2d5 33%&#8221; background_color_gradient_start=&#8221;#ffffff&#8221; background_color_gradient_start_position=&#8221;33%&#8221; background_color_gradient_end=&#8221;#d4e2d5&#8243; background_color_gradient_end_position=&#8221;0%&#8221; text_orientation=&#8221;right&#8221; custom_padding=&#8221;|20px|10px|20px|false|true&#8221; custom_padding_tablet=&#8221;&#8221; custom_padding_phone=&#8221;|100px||100px|false|true&#8221; custom_padding_last_edited=&#8221;on|desktop&#8221; background_last_edited=&#8221;on|phone&#8221; background_color_gradient_stops_phone=&#8221;#ffffff 45%|#d4e2d5 45%&#8221; background_color_gradient_start_position_phone=&#8221;45%&#8221; custom_css_main_element=&#8221;background: linear-gradient(180deg,#ffffff 33%,#c7d2c8  33%)!important;&#8221; global_colors_info=&#8221;{}&#8221; background_color_gradient_start__hover=&#8221;#ffffff&#8221; background_color_gradient_end__hover=&#8221;#c7d2c8&#8243; header_text_color__hover_enabled=&#8221;on|hover&#8221; header_text_color__hover=&#8221;#d781b5&#8243; background_color_gradient_stops__hover=&#8221;#ffffff 33%|#c7d2c8 33%&#8221; background__hover_enabled=&#8221;on&#8221; image_icon_background_color__hover_enabled=&#8221;on|desktop&#8221; theme_builder_area=&#8221;post_content&#8221;][\/et_pb_blurb][\/et_pb_column][et_pb_column type=&#8221;1_4&#8243; _builder_version=&#8221;4.16&#8243; global_colors_info=&#8221;{}&#8221; theme_builder_area=&#8221;post_content&#8221;][et_pb_blurb title=&#8221;fichas informativas&#8221; url=&#8221;https:\/\/www.amesuamente.org.br\/en\/fichas-informativas\/&#8221; image=&#8221;https:\/\/www.amesuamente.org.br\/en\/wp-content\/uploads\/2022\/06\/ico_conteudo_fichasv2.png&#8221; alt=&#8221;Fichas Informativas&#8221; _builder_version=&#8221;4.24.0&#8243; header_font=&#8221;Poppins||||||||&#8221; header_text_color=&#8221;#d781b5&#8243; use_background_color_gradient=&#8221;on&#8221; background_color_gradient_stops=&#8221;#ffffff 33%|#d4e2d5 33%&#8221; background_color_gradient_start=&#8221;#ffffff&#8221; background_color_gradient_start_position=&#8221;33%&#8221; background_color_gradient_end=&#8221;#d4e2d5&#8243; background_color_gradient_end_position=&#8221;0%&#8221; text_orientation=&#8221;right&#8221; custom_padding=&#8221;|20px|10px|20px|false|true&#8221; custom_padding_tablet=&#8221;&#8221; custom_padding_phone=&#8221;|100px||100px|false|true&#8221; custom_padding_last_edited=&#8221;on|desktop&#8221; background_last_edited=&#8221;on|phone&#8221; background_color_gradient_stops_phone=&#8221;#ffffff 45%|#d4e2d5 45%&#8221; background_color_gradient_start_position_phone=&#8221;45%&#8221; global_colors_info=&#8221;{}&#8221; background_color_gradient_start__hover=&#8221;#ffffff&#8221; background_color_gradient_end__hover=&#8221;#c7d2c8&#8243; header_text_color__hover_enabled=&#8221;on|hover&#8221; header_text_color__hover=&#8221;#d781b5&#8243; background_color_gradient_stops__hover=&#8221;#ffffff 33%|#c7d2c8 33%&#8221; background__hover_enabled=&#8221;on&#8221; image_icon_background_color__hover_enabled=&#8221;on|desktop&#8221; custom_css_main_element__hover_enabled=&#8221;on|hover&#8221; custom_css_main_element__hover=&#8221;background: linear-gradient(180deg,#ffffff 33%,#c7d2c8  33%)!important;&#8221; theme_builder_area=&#8221;post_content&#8221;][\/et_pb_blurb][et_pb_blurb title=&#8221;na m\u00eddia&#8221; url=&#8221;https:\/\/www.amesuamente.org.br\/en\/na-midia\/&#8221; image=&#8221;https:\/\/www.amesuamente.org.br\/en\/wp-content\/uploads\/2022\/05\/ico_conteudo_namidia.png&#8221; alt=&#8221;Na M\u00eddia&#8221; _builder_version=&#8221;4.24.0&#8243; header_font=&#8221;Poppins||||||||&#8221; header_text_color=&#8221;#d781b5&#8243; use_background_color_gradient=&#8221;on&#8221; background_color_gradient_stops=&#8221;#ffffff 33%|#d4e2d5 33%&#8221; background_color_gradient_start=&#8221;#ffffff&#8221; background_color_gradient_start_position=&#8221;33%&#8221; background_color_gradient_end=&#8221;#d4e2d5&#8243; background_color_gradient_end_position=&#8221;0%&#8221; text_orientation=&#8221;right&#8221; custom_padding=&#8221;|20px|10px|20px|false|true&#8221; custom_padding_tablet=&#8221;&#8221; custom_padding_phone=&#8221;|100px||100px|false|true&#8221; custom_padding_last_edited=&#8221;on|desktop&#8221; background_last_edited=&#8221;on|phone&#8221; background_color_gradient_stops_phone=&#8221;#ffffff 45%|#d4e2d5 45%&#8221; background_color_gradient_start_position_phone=&#8221;45%&#8221; global_colors_info=&#8221;{}&#8221; background_color_gradient_start__hover=&#8221;#ffffff&#8221; background_color_gradient_end__hover=&#8221;#c7d2c8&#8243; header_text_color__hover_enabled=&#8221;on|hover&#8221; header_text_color__hover=&#8221;#d781b5&#8243; background_color_gradient_stops__hover=&#8221;#ffffff 33%|#c7d2c8 33%&#8221; background__hover_enabled=&#8221;on&#8221; image_icon_background_color__hover_enabled=&#8221;on|desktop&#8221; custom_css_main_element_last_edited=&#8221;off|desktop&#8221; custom_css_main_element__hover_enabled=&#8221;on|hover&#8221; custom_css_main_element__hover=&#8221;background: linear-gradient(180deg,#ffffff 33%,#c7d2c8  33%)!important;&#8221; theme_builder_area=&#8221;post_content&#8221;][\/et_pb_blurb][et_pb_blurb title=&#8221;webstories&#8221; url=&#8221;https:\/\/www.amesuamente.org.br\/en\/webstories\/&#8221; image=&#8221;https:\/\/www.amesuamente.org.br\/en\/wp-content\/uploads\/2022\/11\/ico_dashboard_webstories.png&#8221; alt=&#8221;Webstories&#8221; _builder_version=&#8221;4.24.0&#8243; header_font=&#8221;Poppins||||||||&#8221; header_text_color=&#8221;#d781b5&#8243; use_background_color_gradient=&#8221;on&#8221; background_color_gradient_stops=&#8221;#ffffff 33%|#d4e2d5 33%&#8221; background_color_gradient_start=&#8221;#ffffff&#8221; background_color_gradient_start_position=&#8221;33%&#8221; background_color_gradient_end=&#8221;#d4e2d5&#8243; background_color_gradient_end_position=&#8221;0%&#8221; text_orientation=&#8221;right&#8221; custom_padding=&#8221;|20px|10px|20px|false|true&#8221; custom_padding_tablet=&#8221;&#8221; custom_padding_phone=&#8221;|100px||100px|false|true&#8221; custom_padding_last_edited=&#8221;on|desktop&#8221; background_last_edited=&#8221;on|phone&#8221; background_color_gradient_stops_phone=&#8221;#ffffff 45%|#d4e2d5 45%&#8221; background_color_gradient_start_position_phone=&#8221;45%&#8221; global_colors_info=&#8221;{}&#8221; background_color_gradient_start__hover=&#8221;#ffffff&#8221; background_color_gradient_end__hover=&#8221;#c7d2c8&#8243; header_text_color__hover_enabled=&#8221;on|hover&#8221; header_text_color__hover=&#8221;#d781b5&#8243; background_color_gradient_stops__hover=&#8221;#ffffff 33%|#c7d2c8 33%&#8221; background__hover_enabled=&#8221;on&#8221; image_icon_background_color__hover_enabled=&#8221;on|desktop&#8221; custom_css_main_element__hover_enabled=&#8221;on|hover&#8221; custom_css_main_element__hover=&#8221;background: linear-gradient(180deg,#ffffff 33%,#c7d2c8  33%)!important;&#8221; theme_builder_area=&#8221;post_content&#8221;][\/et_pb_blurb][\/et_pb_column][\/et_pb_row][\/et_pb_section][et_pb_section fb_built=&#8221;1&#8243; _builder_version=&#8221;3.26.7&#8243; custom_margin=&#8221;||0px||false|false&#8221; custom_padding=&#8221;||0px||false|false&#8221; global_module=&#8221;33&#8243; saved_tabs=&#8221;all&#8221; global_colors_info=&#8221;{}&#8221;][et_pb_row column_structure=&#8221;1_5,3_5,1_5&#8243; _builder_version=&#8221;4.16&#8243; max_height_tablet=&#8221;&#8221; max_height_phone=&#8221;110px&#8221; max_height_last_edited=&#8221;on|desktop&#8221; custom_padding=&#8221;||0px||false|false&#8221; global_colors_info=&#8221;{}&#8221;][et_pb_column type=&#8221;1_5&#8243; _builder_version=&#8221;4.16&#8243; global_colors_info=&#8221;{}&#8221;][\/et_pb_column][et_pb_column type=&#8221;3_5&#8243; disabled_on=&#8221;off|off|off&#8221; _builder_version=&#8221;4.16&#8243; global_colors_info=&#8221;{}&#8221;][et_pb_text _builder_version=&#8221;4.16&#8243; header_3_font=&#8221;Poppins|700|||||||&#8221; header_3_text_color=&#8221;#ca84b3&#8243; header_3_font_size=&#8221;40px&#8221; header_3_letter_spacing=&#8221;1px&#8221; global_colors_info=&#8221;{}&#8221;]<\/p>\n<h3>Newsletter<\/h3>\n<p>[\/et_pb_text][\/et_pb_column][et_pb_column type=&#8221;1_5&#8243; disabled_on=&#8221;on|on|on&#8221; _builder_version=&#8221;4.16&#8243; disabled=&#8221;on&#8221; global_colors_info=&#8221;{}&#8221;][\/et_pb_column][\/et_pb_row][\/et_pb_section][et_pb_section fb_built=&#8221;1&#8243; _builder_version=&#8221;3.26.7&#8243; background_image=&#8221;https:\/\/www.amesuamente.org.br\/en\/wp-content\/uploads\/2022\/06\/bg_newsletter.webp&#8221; custom_padding=&#8221;||20px||false|false&#8221; global_module=&#8221;34&#8243; saved_tabs=&#8221;all&#8221; global_colors_info=&#8221;{}&#8221;][et_pb_row column_structure=&#8221;1_5,3_5,1_5&#8243; _builder_version=&#8221;4.16&#8243; global_colors_info=&#8221;{}&#8221;][et_pb_column type=&#8221;1_5&#8243; _builder_version=&#8221;4.16&#8243; global_colors_info=&#8221;{}&#8221;][\/et_pb_column][et_pb_column type=&#8221;3_5&#8243; _builder_version=&#8221;4.16&#8243; global_colors_info=&#8221;{}&#8221;][et_pb_text _builder_version=&#8221;4.16&#8243; text_font=&#8221;Poppins|500|||||||&#8221; text_text_color=&#8221;#FFFFFF&#8221; text_font_size=&#8221;18px&#8221; global_colors_info=&#8221;{}&#8221;]<\/p>\n<p>Assine a newsletter e receba conte\u00fados qualificados sobre sa\u00fade mental no seu e-mail. <br \/>Fa\u00e7a parte desse movimento #amesuamente<\/p>\n<p>[\/et_pb_text][et_pb_text module_class=&#8221;formNewsFooter&#8221; _builder_version=&#8221;4.16&#8243; global_colors_info=&#8221;{}&#8221;]<\/p>\n\n<div class=\"wpcf7 no-js\" id=\"wpcf7-f3299-o1\" lang=\"pt-BR\" dir=\"ltr\" data-wpcf7-id=\"3299\">\n<div class=\"screen-reader-response\"><p role=\"status\" aria-live=\"polite\" aria-atomic=\"true\"><\/p> <ul><\/ul><\/div>\n<form action=\"\/en\/wp-json\/wp\/v2\/pages\/5918#wpcf7-f3299-o1\" method=\"post\" class=\"wpcf7-form init\" aria-label=\"Formul\u00e1rios de contato\" novalidate=\"novalidate\" data-status=\"init\">\n<fieldset class=\"hidden-fields-container\"><input type=\"hidden\" name=\"_wpcf7\" value=\"3299\" \/><input type=\"hidden\" name=\"_wpcf7_version\" value=\"6.1.4\" \/><input type=\"hidden\" name=\"_wpcf7_locale\" value=\"pt_BR\" \/><input type=\"hidden\" name=\"_wpcf7_unit_tag\" value=\"wpcf7-f3299-o1\" \/><input type=\"hidden\" name=\"_wpcf7_container_post\" value=\"0\" \/><input type=\"hidden\" name=\"_wpcf7_posted_data_hash\" value=\"\" \/><input type=\"hidden\" name=\"_wpcf7_recaptcha_response\" value=\"\" \/>\n<\/fieldset>\n<div class=\"et_pb_column et_pb_column_4_4 et_pb_column_2  et_pb_css_mix_blend_mode_passthrough et-last-child\">\n\t<p><span class=\"wpcf7-form-control-wrap\" data-name=\"your-email\"><input size=\"40\" maxlength=\"400\" class=\"wpcf7-form-control wpcf7-email wpcf7-validates-as-required wpcf7-text wpcf7-validates-as-email\" aria-required=\"true\" aria-invalid=\"false\" placeholder=\"Email address\" value=\"\" type=\"email\" name=\"your-email\" \/><\/span>\n\t<\/p>\n<\/div>\n<div class=\"et_pb_column et_pb_column_4_4 et_pb_column_2  et_pb_css_mix_blend_mode_passthrough et-last-child\" style=\" font-size: 13px; padding-bottom: 0; color:#FFF;\">\n\t<p>Tell us what type of content you are interested in:\n\t<\/p>\n<\/div>\n<p><span class=\"wpcf7-form-control-wrap\" data-name=\"receber-saude-mental_\"><span class=\"wpcf7-form-control wpcf7-radio\"><span class=\"wpcf7-list-item first\"><label><input type=\"radio\" name=\"receber-saude-mental_\" value=\"I want to receive more general content related to mental health.\" checked=\"checked\" \/><span class=\"wpcf7-list-item-label\">I want to receive more general content related to mental health.<\/span><\/label><\/span><span class=\"wpcf7-list-item\"><label><input type=\"radio\" name=\"receber-saude-mental_\" value=\"I am an education professional and I want to receive content on mental health in the school environment.\" \/><span class=\"wpcf7-list-item-label\">I am an education professional and I want to receive content on mental health in the school environment.<\/span><\/label><\/span><span class=\"wpcf7-list-item last\"><label><input type=\"radio\" name=\"receber-saude-mental_\" value=\"I am an education professional and I want to receive both types of content above.\" \/><span class=\"wpcf7-list-item-label\">I am an education professional and I want to receive both types of content above.<\/span><\/label><\/span><\/span><\/span><input class=\"wpcf7-form-control wpcf7-submit has-spinner\" type=\"submit\" value=\"Submit\" \/>\n<\/p><input type='hidden' class='wpcf7-pum' value='{\"closepopup\":false,\"closedelay\":0,\"openpopup\":false,\"openpopup_id\":0}' \/><div class=\"wpcf7-response-output\" aria-hidden=\"true\"><\/div>\n<\/form>\n<\/div>\n\n<p>[\/et_pb_text][\/et_pb_column][et_pb_column type=&#8221;1_5&#8243; disabled_on=&#8221;on|off|off&#8221; _builder_version=&#8221;4.16&#8243; global_colors_info=&#8221;{}&#8221;][\/et_pb_column][\/et_pb_row][\/et_pb_section]<\/p>\n","protected":false},"excerpt":{"rendered":"<p>V\u00eddeosAcompanhe v\u00eddeos curtos elaborados por nossos especialistas em sa\u00fade mental. Uma maneira leve de aprender, cuidar da mente e promover uma cultura em que as pessoas assumam seu desenvolvimento emocional desde cedo.Pergunte aos Especialistas\n\n<div id=\"sb_youtube_sbyPLtCKo2cQDfb50\" \n\t class=\"sb_youtube sby_layout_carousel sby_col_3 sby_mob_col_1 sby_palette_custom  sby_width_resp\" \n\tdata-feedid=\"sby_PLtCKo2-cQDfb#50\" \n\tdata-shortcode-atts=\"{&quot;feed&quot;:&quot;1&quot;}\" \n\tdata-cols=\"3\" \n\tdata-colsmobile=\"1\" \n\tdata-num=\"50\" \n\tdata-nummobile=\"50\" \n\t\tdata-subscribe-btn=\"1\" \n\tdata-subscribe-btn-text=\"Subscribe\" \n\tdata_channel_header_colors =\"{&quot;channelName&quot;:&quot;&quot;,&quot;subscribeCount&quot;:&quot;&quot;,&quot;buttonBackground&quot;:&quot;&quot;,&quot;buttonText&quot;:&quot;&quot;}\"\n\t data-options=\"{&quot;carousel&quot;:[true,false,false,false,true,1],&quot;cta&quot;:{&quot;type&quot;:&quot;related&quot;,&quot;defaultPosts&quot;:[],&quot;defaultLink&quot;:&quot;&quot;,&quot;defaultText&quot;:&quot;Learn More&quot;,&quot;openType&quot;:&quot;same&quot;,&quot;color&quot;:&quot;&quot;,&quot;textColor&quot;:&quot;&quot;},&quot;descriptionlength&quot;:150}\" data-sby-flags=\"resizeDisable,gdpr,locator\" data-postid=\"5918\" data-sby-supports-lightbox=\"1\" \n\t data-videocardlayout=\"vertical\" \n>\n\t        <div class=\"sby_items_wrap\" style=\"padding: 5px;\">\n\t\t<div class=\"sby_item  sby_new sby_transition\" id=\"sby_UEx0Q0tvVE9zX3Rkb002eHowWTNDYV9aZ3F6Mi1jUURmYi5BNzdEQzY0REQzQTEyN0U3\" data-date=\"1770001200\" data-video-id=\"nSwmHPLlOlc\" data-video-title=\"Sentir ansiedade em alguns momentos \u00e9 uma resposta natural do corpo.\" data-live-date=\"0\" data-channel-id=\"UCVzDV6uqfZIxgHZvgeMlCyg\" >\n    <div class=\"sby_inner_item\">\n        <div class=\"sby_video_thumbnail_wrap sby_item_video_thumbnail_wrap\">\n            <a class=\"sby_video_thumbnail sby_item_video_thumbnail\" style=\"background-image:url(https:\/\/www.amesuamente.org.br\/en\/wp-content\/plugins\/youtube-feed-pro\/img\/placeholder.png)\" href=\"https:\/\/www.youtube.com\/watch?v=nSwmHPLlOlc\" target=\"_blank\" rel=\"noopener\" data-full-res=\"https:\/\/i.ytimg.com\/vi\/nSwmHPLlOlc\/maxresdefault.jpg\" data-img-src-set=\"{&quot;120&quot;:&quot;https:\\\/\\\/i.ytimg.com\\\/vi\\\/nSwmHPLlOlc\\\/default.jpg&quot;,&quot;320&quot;:&quot;https:\\\/\\\/i.ytimg.com\\\/vi\\\/nSwmHPLlOlc\\\/mqdefault.jpg&quot;,&quot;480&quot;:&quot;https:\\\/\\\/i.ytimg.com\\\/vi\\\/nSwmHPLlOlc\\\/hqdefault.jpg&quot;,&quot;640&quot;:&quot;https:\\\/\\\/i.ytimg.com\\\/vi\\\/nSwmHPLlOlc\\\/sddefault.jpg&quot;}\" data-video-id=\"nSwmHPLlOlc\"  data-user=\"Instituto Ame Sua Mente\" data-url=\"https:\/\/www.youtube.com\/watch?v=nSwmHPLlOlc\" data-avatar=\"\" data-title=\"This video is private.\" data-video-title=\"Sentir ansiedade em alguns momentos \u00e9 uma resposta natural do corpo.\" data-channel-id=\"UCVzDV6uqfZIxgHZvgeMlCyg\" data-views=\"59 views\" data-published-date=\"1770001200\" data-formatted-published-date=\"2 de February de 2026 00:00\" data-comment-count=\"0\">\n                <img decoding=\"async\" src=\"https:\/\/www.amesuamente.org.br\/en\/wp-content\/plugins\/youtube-feed-pro\/img\/placeholder.png\" alt=\"Sentir ansiedade em alguns momentos \u00e9 uma resposta natural do corpo.\n\nEla ativa mecanismos biol\u00f3gicos que aumentam o foco, energia e ligam nosso estado de alerta \u2014 ajudando a lidar com os desafios do dia a dia.\n\nMas alguns sinais merecem aten\u00e7\u00e3o, especialmente quando se tornam frequentes ou intensos:\n\npreocupa\u00e7\u00e3o excessiva,\nirritabilidade constante,\ncansa\u00e7o mental,\ndificuldade para dormir ou manter o foco,\ncrises de falta de ar,\nmedo de situa\u00e7\u00f5es antes neutras\nevita\u00e7\u00e3o de compromissos.\n\nJaneiro Branco \u00e9 sobre isso: promo\u00e7\u00e3o da sa\u00fade mental e preven\u00e7\u00e3o.\n\nCuidar antes que sinais comuns evoluam para quadros mais graves faz toda a diferen\u00e7a.\n\n\ud83d\udc49 No v\u00eddeo, Rodrigo Bressan, psiquiatra e presidente do Instituto Ame Sua Mente, fala sobre a import\u00e2ncia do cuidado precoce em entrevista ao SPTV1, no contexto da campanha Janeiro Branco.\n\nSa\u00fade mental \u00e9 vida.\n\n#amesuamente #janeirobranco #ansiedade #sa\u00fademental #preven\u00e7\u00e3o #semestigma\">\n                \n                <div class=\"sby_thumbnail_hover sby_item_video_thumbnail_hover\">\n                    <div class=\"sby_thumbnail_hover_inner\">\n                        \n                        \n                        \n                        \n                                            <\/div>\n                <\/div>\n\n                <span class=\"sby-screenreader\">YouTube Video UEx0Q0tvVE9zX3Rkb002eHowWTNDYV9aZ3F6Mi1jUURmYi5BNzdEQzY0REQzQTEyN0U3<\/span>\n                                    <div class=\"sby_play_btn\" >\n                        <span class=\"sby_play_btn_bg\"><\/span>\n                    <svg aria-hidden=\"true\" focusable=\"false\" data-prefix=\"fab\" data-icon=\"youtube\" role=\"img\" xmlns=\"http:\/\/www.w3.org\/2000\/svg\" viewBox=\"0 0 576 512\" class=\"svg-inline--fa fa-youtube fa-w-18\"><path fill=\"currentColor\" d=\"M549.655 124.083c-6.281-23.65-24.787-42.276-48.284-48.597C458.781 64 288 64 288 64S117.22 64 74.629 75.486c-23.497 6.322-42.003 24.947-48.284 48.597-11.412 42.867-11.412 132.305-11.412 132.305s0 89.438 11.412 132.305c6.281 23.65 24.787 41.5 48.284 47.821C117.22 448 288 448 288 448s170.78 0 213.371-11.486c23.497-6.321 42.003-24.171 48.284-47.821 11.412-42.867 11.412-132.305 11.412-132.305s0-89.438-11.412-132.305zm-317.51 213.508V175.185l142.739 81.205-142.739 81.201z\" class=\"\"><\/path><\/svg>                    <\/div>\n                                <span class=\"sby_loader sby_hidden\" style=\"background-color: rgb(255, 255, 255);\"><\/span>\n            <\/a>\n\n            \n        <\/div>\n\n        \n<div class=\"sby_info sby_info_item\">\n\t<div class=\"sby-video-info-bottom\">\n\t\t<div class=\"sby-video-info\">\n\t\t\t\t\t\t\t<p class=\"sby_video_title_wrap\" >\n\t\t\t\t\t<span class=\"sby_video_title\">Sentir ansiedade em alguns momentos \u00e9 uma resposta natural do corpo.<\/span>\n\t\t\t\t<\/p>\n\t\t\t\n\t\t\t\n\t\t\t\n\t\t\t\n\t\t\t\t\t<\/div>\n\n\t\t\t\t\t\t\t\t<\/div>\n<\/div>    <\/div>\n<\/div><div class=\"sby_item  sby_new sby_transition\" id=\"sby_UEx0Q0tvVE9zX3Rkb002eHowWTNDYV9aZ3F6Mi1jUURmYi5EODgyNjY4MzA3QzY5RTkx\" data-date=\"1769017504\" data-video-id=\"b7ZPAQRNEwU\" data-video-title=\"O estresse \u00e9 uma resposta adaptativa necess\u00e1ria.\" data-live-date=\"0\" data-channel-id=\"UCVzDV6uqfZIxgHZvgeMlCyg\" >\n    <div class=\"sby_inner_item\">\n        <div class=\"sby_video_thumbnail_wrap sby_item_video_thumbnail_wrap\">\n            <a class=\"sby_video_thumbnail sby_item_video_thumbnail\" style=\"background-image:url(https:\/\/www.amesuamente.org.br\/en\/wp-content\/plugins\/youtube-feed-pro\/img\/placeholder.png)\" href=\"https:\/\/www.youtube.com\/watch?v=b7ZPAQRNEwU\" target=\"_blank\" rel=\"noopener\" data-full-res=\"https:\/\/i.ytimg.com\/vi\/b7ZPAQRNEwU\/maxresdefault.jpg\" data-img-src-set=\"{&quot;120&quot;:&quot;https:\\\/\\\/i.ytimg.com\\\/vi\\\/b7ZPAQRNEwU\\\/default.jpg&quot;,&quot;320&quot;:&quot;https:\\\/\\\/i.ytimg.com\\\/vi\\\/b7ZPAQRNEwU\\\/mqdefault.jpg&quot;,&quot;480&quot;:&quot;https:\\\/\\\/i.ytimg.com\\\/vi\\\/b7ZPAQRNEwU\\\/hqdefault.jpg&quot;,&quot;640&quot;:&quot;https:\\\/\\\/i.ytimg.com\\\/vi\\\/b7ZPAQRNEwU\\\/sddefault.jpg&quot;}\" data-video-id=\"b7ZPAQRNEwU\"  data-user=\"Instituto Ame Sua Mente\" data-url=\"https:\/\/www.youtube.com\/watch?v=b7ZPAQRNEwU\" data-avatar=\"\" data-title=\"O estresse \u00e9 uma resposta adaptativa necess\u00e1ria. Mas, quando ficamos sobrecarregados e em alerta permanente, ele passa a afetar a forma como percebemos o mundo e, consequentemente, como nos relacionamos com ele.&lt;br \/&gt;\n&lt;br \/&gt;\nMuitas vezes, aquilo que chamamos de \u201ccansa\u00e7o\u201d \u00e9, na verdade, um pedido de pausa.&lt;br \/&gt;\n&lt;br \/&gt;\nNo Reels de hoje, o psiquiatra e especialista em sa\u00fade mental do Instituto Ame Sua Mente, Gustavo Estanislau, explica como o estresse acumulado impacta a sa\u00fade mental e por que identificar os sinais cedo ajuda a recuperar o equil\u00edbrio.&lt;br \/&gt;\n&lt;br \/&gt;\nPequenas pausas, rotinas de autocuidado e pedir ajuda quando preciso transformam o dia a dia. \ud83d\udc99&lt;br \/&gt;\n&lt;br \/&gt;\nSalve para lembrar depois e compartilhe com quem tamb\u00e9m precisa ouvir isso.&lt;br \/&gt;\n&lt;br \/&gt;\n#saudemental #estresse #autocuidado\" data-video-title=\"O estresse \u00e9 uma resposta adaptativa necess\u00e1ria.\" data-channel-id=\"UCVzDV6uqfZIxgHZvgeMlCyg\" data-views=\"22 views\" data-published-date=\"1769017504\" data-formatted-published-date=\"21 de January de 2026 14:45\" data-comment-count=\"0\">\n                <img decoding=\"async\" src=\"https:\/\/www.amesuamente.org.br\/en\/wp-content\/plugins\/youtube-feed-pro\/img\/placeholder.png\" alt=\"O estresse \u00e9 uma resposta adaptativa necess\u00e1ria. Mas, quando ficamos sobrecarregados e em alerta permanente, ele passa a afetar a forma como percebemos o mundo e, consequentemente, como nos relacionamos com ele.\n\nMuitas vezes, aquilo que chamamos de \u201ccansa\u00e7o\u201d \u00e9, na verdade, um pedido de pausa.\n\nNo Reels de hoje, o psiquiatra e especialista em sa\u00fade mental do Instituto Ame Sua Mente, Gustavo Estanislau, explica como o estresse acumulado impacta a sa\u00fade mental e por que identificar os sinais cedo ajuda a recuperar o equil\u00edbrio.\n\nPequenas pausas, rotinas de autocuidado e pedir ajuda quando preciso transformam o dia a dia. \ud83d\udc99\n\nSalve para lembrar depois e compartilhe com quem tamb\u00e9m precisa ouvir isso.\n\n#saudemental #estresse #autocuidado\">\n                \n                <div class=\"sby_thumbnail_hover sby_item_video_thumbnail_hover\">\n                    <div class=\"sby_thumbnail_hover_inner\">\n                        \n                        \n                        \n                        \n                                            <\/div>\n                <\/div>\n\n                <span class=\"sby-screenreader\">YouTube Video UEx0Q0tvVE9zX3Rkb002eHowWTNDYV9aZ3F6Mi1jUURmYi5EODgyNjY4MzA3QzY5RTkx<\/span>\n                                    <div class=\"sby_play_btn\" >\n                        <span class=\"sby_play_btn_bg\"><\/span>\n                    <svg aria-hidden=\"true\" focusable=\"false\" data-prefix=\"fab\" data-icon=\"youtube\" role=\"img\" xmlns=\"http:\/\/www.w3.org\/2000\/svg\" viewBox=\"0 0 576 512\" class=\"svg-inline--fa fa-youtube fa-w-18\"><path fill=\"currentColor\" d=\"M549.655 124.083c-6.281-23.65-24.787-42.276-48.284-48.597C458.781 64 288 64 288 64S117.22 64 74.629 75.486c-23.497 6.322-42.003 24.947-48.284 48.597-11.412 42.867-11.412 132.305-11.412 132.305s0 89.438 11.412 132.305c6.281 23.65 24.787 41.5 48.284 47.821C117.22 448 288 448 288 448s170.78 0 213.371-11.486c23.497-6.321 42.003-24.171 48.284-47.821 11.412-42.867 11.412-132.305 11.412-132.305s0-89.438-11.412-132.305zm-317.51 213.508V175.185l142.739 81.205-142.739 81.201z\" class=\"\"><\/path><\/svg>                    <\/div>\n                                <span class=\"sby_loader sby_hidden\" style=\"background-color: rgb(255, 255, 255);\"><\/span>\n            <\/a>\n\n            \n        <\/div>\n\n        \n<div class=\"sby_info sby_info_item\">\n\t<div class=\"sby-video-info-bottom\">\n\t\t<div class=\"sby-video-info\">\n\t\t\t\t\t\t\t<p class=\"sby_video_title_wrap\" >\n\t\t\t\t\t<span class=\"sby_video_title\">O estresse \u00e9 uma resposta adaptativa necess\u00e1ria.<\/span>\n\t\t\t\t<\/p>\n\t\t\t\n\t\t\t\n\t\t\t\n\t\t\t\n\t\t\t\t\t<\/div>\n\n\t\t\t\t\t\t\t\t<\/div>\n<\/div>    <\/div>\n<\/div><div class=\"sby_item  sby_new sby_transition\" id=\"sby_UEx0Q0tvVE9zX3Rkb002eHowWTNDYV9aZ3F6Mi1jUURmYi4wN0FBRUVFNEVBMTZBQ0Mx\" data-date=\"1769017393\" data-video-id=\"fByb4WKlP34\" data-video-title=\"Falar sobre sa\u00fade mental s\u00f3 \u00e9 poss\u00edvel quando existe um espa\u00e7o seguro\" data-live-date=\"0\" data-channel-id=\"UCVzDV6uqfZIxgHZvgeMlCyg\" >\n    <div class=\"sby_inner_item\">\n        <div class=\"sby_video_thumbnail_wrap sby_item_video_thumbnail_wrap\">\n            <a class=\"sby_video_thumbnail sby_item_video_thumbnail\" style=\"background-image:url(https:\/\/www.amesuamente.org.br\/en\/wp-content\/plugins\/youtube-feed-pro\/img\/placeholder.png)\" href=\"https:\/\/www.youtube.com\/watch?v=fByb4WKlP34\" target=\"_blank\" rel=\"noopener\" data-full-res=\"https:\/\/i.ytimg.com\/vi\/fByb4WKlP34\/maxresdefault.jpg\" data-img-src-set=\"{&quot;120&quot;:&quot;https:\\\/\\\/i.ytimg.com\\\/vi\\\/fByb4WKlP34\\\/default.jpg&quot;,&quot;320&quot;:&quot;https:\\\/\\\/i.ytimg.com\\\/vi\\\/fByb4WKlP34\\\/mqdefault.jpg&quot;,&quot;480&quot;:&quot;https:\\\/\\\/i.ytimg.com\\\/vi\\\/fByb4WKlP34\\\/hqdefault.jpg&quot;,&quot;640&quot;:&quot;https:\\\/\\\/i.ytimg.com\\\/vi\\\/fByb4WKlP34\\\/sddefault.jpg&quot;}\" data-video-id=\"fByb4WKlP34\"  data-user=\"Instituto Ame Sua Mente\" data-url=\"https:\/\/www.youtube.com\/watch?v=fByb4WKlP34\" data-avatar=\"\" data-title=\"Um gestor que busca autoconhecimento tende a entender melhor como as pessoas est\u00e3o se sentindo e funcionando na esfera da sa\u00fade mental.\u201d - Gustavo Estanislau, psiquiatra e especialista do Instituto Ame Sua Mente.&lt;br \/&gt;\n&lt;br \/&gt;\nFalar sobre sa\u00fade mental s\u00f3 \u00e9 poss\u00edvel quando existe um espa\u00e7o seguro \u2014 onde a escuta \u00e9 verdadeira, o acolhimento \u00e9 real e ningu\u00e9m precisa ter medo de julgamento.&lt;br \/&gt;\n&lt;br \/&gt;\nE, para que isso aconte\u00e7a, o papel do gestor escolar \u00e9 essencial: l\u00edderes com autoconhecimento reconhecem limites, ajustam expectativas e criam rela\u00e7\u00f5es mais humanas e acolhedoras \u2014 cuidando melhor da equipe e do clima escolar.&lt;br \/&gt;\n&lt;br \/&gt;\nSa\u00fade mental se constr\u00f3i juntos. \ud83d\udc99&lt;br \/&gt;\n&lt;br \/&gt;\n#amesuamente #saudemental #acolhimento #gestorescolar #autoconhecimento\" data-video-title=\"Falar sobre sa\u00fade mental s\u00f3 \u00e9 poss\u00edvel quando existe um espa\u00e7o seguro\" data-channel-id=\"UCVzDV6uqfZIxgHZvgeMlCyg\" data-views=\"39 views\" data-published-date=\"1769017393\" data-formatted-published-date=\"21 de January de 2026 14:43\" data-comment-count=\"0\">\n                <img decoding=\"async\" src=\"https:\/\/www.amesuamente.org.br\/en\/wp-content\/plugins\/youtube-feed-pro\/img\/placeholder.png\" alt=\"Um gestor que busca autoconhecimento tende a entender melhor como as pessoas est\u00e3o se sentindo e funcionando na esfera da sa\u00fade mental.\u201d - Gustavo Estanislau, psiquiatra e especialista do Instituto Ame Sua Mente.\n\nFalar sobre sa\u00fade mental s\u00f3 \u00e9 poss\u00edvel quando existe um espa\u00e7o seguro \u2014 onde a escuta \u00e9 verdadeira, o acolhimento \u00e9 real e ningu\u00e9m precisa ter medo de julgamento.\n\nE, para que isso aconte\u00e7a, o papel do gestor escolar \u00e9 essencial: l\u00edderes com autoconhecimento reconhecem limites, ajustam expectativas e criam rela\u00e7\u00f5es mais humanas e acolhedoras \u2014 cuidando melhor da equipe e do clima escolar.\n\nSa\u00fade mental se constr\u00f3i juntos. \ud83d\udc99\n\n#amesuamente #saudemental #acolhimento #gestorescolar #autoconhecimento\">\n                \n                <div class=\"sby_thumbnail_hover sby_item_video_thumbnail_hover\">\n                    <div class=\"sby_thumbnail_hover_inner\">\n                        \n                        \n                        \n                        \n                                            <\/div>\n                <\/div>\n\n                <span class=\"sby-screenreader\">YouTube Video UEx0Q0tvVE9zX3Rkb002eHowWTNDYV9aZ3F6Mi1jUURmYi4wN0FBRUVFNEVBMTZBQ0Mx<\/span>\n                                    <div class=\"sby_play_btn\" >\n                        <span class=\"sby_play_btn_bg\"><\/span>\n                    <svg aria-hidden=\"true\" focusable=\"false\" data-prefix=\"fab\" data-icon=\"youtube\" role=\"img\" xmlns=\"http:\/\/www.w3.org\/2000\/svg\" viewBox=\"0 0 576 512\" class=\"svg-inline--fa fa-youtube fa-w-18\"><path fill=\"currentColor\" d=\"M549.655 124.083c-6.281-23.65-24.787-42.276-48.284-48.597C458.781 64 288 64 288 64S117.22 64 74.629 75.486c-23.497 6.322-42.003 24.947-48.284 48.597-11.412 42.867-11.412 132.305-11.412 132.305s0 89.438 11.412 132.305c6.281 23.65 24.787 41.5 48.284 47.821C117.22 448 288 448 288 448s170.78 0 213.371-11.486c23.497-6.321 42.003-24.171 48.284-47.821 11.412-42.867 11.412-132.305 11.412-132.305s0-89.438-11.412-132.305zm-317.51 213.508V175.185l142.739 81.205-142.739 81.201z\" class=\"\"><\/path><\/svg>                    <\/div>\n                                <span class=\"sby_loader sby_hidden\" style=\"background-color: rgb(255, 255, 255);\"><\/span>\n            <\/a>\n\n            \n        <\/div>\n\n        \n<div class=\"sby_info sby_info_item\">\n\t<div class=\"sby-video-info-bottom\">\n\t\t<div class=\"sby-video-info\">\n\t\t\t\t\t\t\t<p class=\"sby_video_title_wrap\" >\n\t\t\t\t\t<span class=\"sby_video_title\">Falar sobre sa\u00fade mental s\u00f3 \u00e9 poss\u00edvel quando existe um espa\u00e7o seguro<\/span>\n\t\t\t\t<\/p>\n\t\t\t\n\t\t\t\n\t\t\t\n\t\t\t\n\t\t\t\t\t<\/div>\n\n\t\t\t\t\t\t\t\t<\/div>\n<\/div>    <\/div>\n<\/div><div class=\"sby_item  sby_new sby_transition\" id=\"sby_UEx0Q0tvVE9zX3Rkb002eHowWTNDYV9aZ3F6Mi1jUURmYi4yOTZGRTNEQ0ZGNUM5RDgw\" data-date=\"1756930210\" data-video-id=\"OmrKBJ8dtKg\" data-video-title=\"Sau\u0301de Social - Conectando em um Mundo de Solida\u0303o\" data-live-date=\"0\" data-channel-id=\"UCVzDV6uqfZIxgHZvgeMlCyg\" >\n    <div class=\"sby_inner_item\">\n        <div class=\"sby_video_thumbnail_wrap sby_item_video_thumbnail_wrap\">\n            <a class=\"sby_video_thumbnail sby_item_video_thumbnail\" style=\"background-image:url(https:\/\/www.amesuamente.org.br\/en\/wp-content\/plugins\/youtube-feed-pro\/img\/placeholder.png)\" href=\"https:\/\/www.youtube.com\/watch?v=OmrKBJ8dtKg\" target=\"_blank\" rel=\"noopener\" data-full-res=\"https:\/\/i.ytimg.com\/vi\/OmrKBJ8dtKg\/maxresdefault.jpg\" data-img-src-set=\"{&quot;120&quot;:&quot;https:\\\/\\\/i.ytimg.com\\\/vi\\\/OmrKBJ8dtKg\\\/default.jpg&quot;,&quot;320&quot;:&quot;https:\\\/\\\/i.ytimg.com\\\/vi\\\/OmrKBJ8dtKg\\\/mqdefault.jpg&quot;,&quot;480&quot;:&quot;https:\\\/\\\/i.ytimg.com\\\/vi\\\/OmrKBJ8dtKg\\\/hqdefault.jpg&quot;,&quot;640&quot;:&quot;https:\\\/\\\/i.ytimg.com\\\/vi\\\/OmrKBJ8dtKg\\\/sddefault.jpg&quot;}\" data-video-id=\"OmrKBJ8dtKg\"  data-user=\"Instituto Ame Sua Mente\" data-url=\"https:\/\/www.youtube.com\/watch?v=OmrKBJ8dtKg\" data-avatar=\"\" data-title=\"\" data-video-title=\"Sau\u0301de Social - Conectando em um Mundo de Solida\u0303o\" data-channel-id=\"UCVzDV6uqfZIxgHZvgeMlCyg\" data-views=\"61 views\" data-published-date=\"1756930210\" data-formatted-published-date=\"3 de September de 2025 17:10\" data-comment-count=\"0\">\n                <img decoding=\"async\" src=\"https:\/\/www.amesuamente.org.br\/en\/wp-content\/plugins\/youtube-feed-pro\/img\/placeholder.png\" alt=\"\">\n                \n                <div class=\"sby_thumbnail_hover sby_item_video_thumbnail_hover\">\n                    <div class=\"sby_thumbnail_hover_inner\">\n                        \n                        \n                        \n                        \n                                            <\/div>\n                <\/div>\n\n                <span class=\"sby-screenreader\">YouTube Video UEx0Q0tvVE9zX3Rkb002eHowWTNDYV9aZ3F6Mi1jUURmYi4yOTZGRTNEQ0ZGNUM5RDgw<\/span>\n                                    <div class=\"sby_play_btn\" >\n                        <span class=\"sby_play_btn_bg\"><\/span>\n                    <svg aria-hidden=\"true\" focusable=\"false\" data-prefix=\"fab\" data-icon=\"youtube\" role=\"img\" xmlns=\"http:\/\/www.w3.org\/2000\/svg\" viewBox=\"0 0 576 512\" class=\"svg-inline--fa fa-youtube fa-w-18\"><path fill=\"currentColor\" d=\"M549.655 124.083c-6.281-23.65-24.787-42.276-48.284-48.597C458.781 64 288 64 288 64S117.22 64 74.629 75.486c-23.497 6.322-42.003 24.947-48.284 48.597-11.412 42.867-11.412 132.305-11.412 132.305s0 89.438 11.412 132.305c6.281 23.65 24.787 41.5 48.284 47.821C117.22 448 288 448 288 448s170.78 0 213.371-11.486c23.497-6.321 42.003-24.171 48.284-47.821 11.412-42.867 11.412-132.305 11.412-132.305s0-89.438-11.412-132.305zm-317.51 213.508V175.185l142.739 81.205-142.739 81.201z\" class=\"\"><\/path><\/svg>                    <\/div>\n                                <span class=\"sby_loader sby_hidden\" style=\"background-color: rgb(255, 255, 255);\"><\/span>\n            <\/a>\n\n            \n        <\/div>\n\n        \n<div class=\"sby_info sby_info_item\">\n\t<div class=\"sby-video-info-bottom\">\n\t\t<div class=\"sby-video-info\">\n\t\t\t\t\t\t\t<p class=\"sby_video_title_wrap\" >\n\t\t\t\t\t<span class=\"sby_video_title\">Sau\u0301de Social - Conectando em um Mundo de Solida\u0303o<\/span>\n\t\t\t\t<\/p>\n\t\t\t\n\t\t\t\n\t\t\t\n\t\t\t\n\t\t\t\t\t<\/div>\n\n\t\t\t\t\t\t\t\t<\/div>\n<\/div>    <\/div>\n<\/div><div class=\"sby_item  sby_new sby_transition\" id=\"sby_UEx0Q0tvVE9zX3Rkb002eHowWTNDYV9aZ3F6Mi1jUURmYi5CQzUwREI3MzkxQjdBM0E0\" data-date=\"1756930165\" data-video-id=\"vj1wRmh3fHs\" data-video-title=\"Bullying -  Impactos Profundos\" data-live-date=\"0\" data-channel-id=\"UCVzDV6uqfZIxgHZvgeMlCyg\" >\n    <div class=\"sby_inner_item\">\n        <div class=\"sby_video_thumbnail_wrap sby_item_video_thumbnail_wrap\">\n            <a class=\"sby_video_thumbnail sby_item_video_thumbnail\" style=\"background-image:url(https:\/\/www.amesuamente.org.br\/en\/wp-content\/plugins\/youtube-feed-pro\/img\/placeholder.png)\" href=\"https:\/\/www.youtube.com\/watch?v=vj1wRmh3fHs\" target=\"_blank\" rel=\"noopener\" data-full-res=\"https:\/\/i.ytimg.com\/vi\/vj1wRmh3fHs\/maxresdefault.jpg\" data-img-src-set=\"{&quot;120&quot;:&quot;https:\\\/\\\/i.ytimg.com\\\/vi\\\/vj1wRmh3fHs\\\/default.jpg&quot;,&quot;320&quot;:&quot;https:\\\/\\\/i.ytimg.com\\\/vi\\\/vj1wRmh3fHs\\\/mqdefault.jpg&quot;,&quot;480&quot;:&quot;https:\\\/\\\/i.ytimg.com\\\/vi\\\/vj1wRmh3fHs\\\/hqdefault.jpg&quot;,&quot;640&quot;:&quot;https:\\\/\\\/i.ytimg.com\\\/vi\\\/vj1wRmh3fHs\\\/sddefault.jpg&quot;}\" data-video-id=\"vj1wRmh3fHs\"  data-user=\"Instituto Ame Sua Mente\" data-url=\"https:\/\/www.youtube.com\/watch?v=vj1wRmh3fHs\" data-avatar=\"\" data-title=\"\" data-video-title=\"Bullying -  Impactos Profundos\" data-channel-id=\"UCVzDV6uqfZIxgHZvgeMlCyg\" data-views=\"41 views\" data-published-date=\"1756930165\" data-formatted-published-date=\"3 de September de 2025 17:09\" data-comment-count=\"0\">\n                <img decoding=\"async\" src=\"https:\/\/www.amesuamente.org.br\/en\/wp-content\/plugins\/youtube-feed-pro\/img\/placeholder.png\" alt=\"\">\n                \n                <div class=\"sby_thumbnail_hover sby_item_video_thumbnail_hover\">\n                    <div class=\"sby_thumbnail_hover_inner\">\n                        \n                        \n                        \n                        \n                                            <\/div>\n                <\/div>\n\n                <span class=\"sby-screenreader\">YouTube Video UEx0Q0tvVE9zX3Rkb002eHowWTNDYV9aZ3F6Mi1jUURmYi5CQzUwREI3MzkxQjdBM0E0<\/span>\n                                    <div class=\"sby_play_btn\" >\n                        <span class=\"sby_play_btn_bg\"><\/span>\n                    <svg aria-hidden=\"true\" focusable=\"false\" data-prefix=\"fab\" data-icon=\"youtube\" role=\"img\" xmlns=\"http:\/\/www.w3.org\/2000\/svg\" viewBox=\"0 0 576 512\" class=\"svg-inline--fa fa-youtube fa-w-18\"><path fill=\"currentColor\" d=\"M549.655 124.083c-6.281-23.65-24.787-42.276-48.284-48.597C458.781 64 288 64 288 64S117.22 64 74.629 75.486c-23.497 6.322-42.003 24.947-48.284 48.597-11.412 42.867-11.412 132.305-11.412 132.305s0 89.438 11.412 132.305c6.281 23.65 24.787 41.5 48.284 47.821C117.22 448 288 448 288 448s170.78 0 213.371-11.486c23.497-6.321 42.003-24.171 48.284-47.821 11.412-42.867 11.412-132.305 11.412-132.305s0-89.438-11.412-132.305zm-317.51 213.508V175.185l142.739 81.205-142.739 81.201z\" class=\"\"><\/path><\/svg>                    <\/div>\n                                <span class=\"sby_loader sby_hidden\" style=\"background-color: rgb(255, 255, 255);\"><\/span>\n            <\/a>\n\n            \n        <\/div>\n\n        \n<div class=\"sby_info sby_info_item\">\n\t<div class=\"sby-video-info-bottom\">\n\t\t<div class=\"sby-video-info\">\n\t\t\t\t\t\t\t<p class=\"sby_video_title_wrap\" >\n\t\t\t\t\t<span class=\"sby_video_title\">Bullying -  Impactos Profundos<\/span>\n\t\t\t\t<\/p>\n\t\t\t\n\t\t\t\n\t\t\t\n\t\t\t\n\t\t\t\t\t<\/div>\n\n\t\t\t\t\t\t\t\t<\/div>\n<\/div>    <\/div>\n<\/div><div class=\"sby_item  sby_new sby_transition\" id=\"sby_UEx0Q0tvVE9zX3Rkb002eHowWTNDYV9aZ3F6Mi1jUURmYi40OTQ5QjlEMDgzN0FBNUIw\" data-date=\"1756930125\" data-video-id=\"RWcm0FNPTwo\" data-video-title=\"Como os adultos podem apoiar em caso de bullying\" data-live-date=\"0\" data-channel-id=\"UCVzDV6uqfZIxgHZvgeMlCyg\" >\n    <div class=\"sby_inner_item\">\n        <div class=\"sby_video_thumbnail_wrap sby_item_video_thumbnail_wrap\">\n            <a class=\"sby_video_thumbnail sby_item_video_thumbnail\" style=\"background-image:url(https:\/\/www.amesuamente.org.br\/en\/wp-content\/plugins\/youtube-feed-pro\/img\/placeholder.png)\" href=\"https:\/\/www.youtube.com\/watch?v=RWcm0FNPTwo\" target=\"_blank\" rel=\"noopener\" data-full-res=\"https:\/\/i.ytimg.com\/vi\/RWcm0FNPTwo\/maxresdefault.jpg\" data-img-src-set=\"{&quot;120&quot;:&quot;https:\\\/\\\/i.ytimg.com\\\/vi\\\/RWcm0FNPTwo\\\/default.jpg&quot;,&quot;320&quot;:&quot;https:\\\/\\\/i.ytimg.com\\\/vi\\\/RWcm0FNPTwo\\\/mqdefault.jpg&quot;,&quot;480&quot;:&quot;https:\\\/\\\/i.ytimg.com\\\/vi\\\/RWcm0FNPTwo\\\/hqdefault.jpg&quot;,&quot;640&quot;:&quot;https:\\\/\\\/i.ytimg.com\\\/vi\\\/RWcm0FNPTwo\\\/sddefault.jpg&quot;}\" data-video-id=\"RWcm0FNPTwo\"  data-user=\"Instituto Ame Sua Mente\" data-url=\"https:\/\/www.youtube.com\/watch?v=RWcm0FNPTwo\" data-avatar=\"\" data-title=\"\" data-video-title=\"Como os adultos podem apoiar em caso de bullying\" data-channel-id=\"UCVzDV6uqfZIxgHZvgeMlCyg\" data-views=\"23 views\" data-published-date=\"1756930125\" data-formatted-published-date=\"3 de September de 2025 17:08\" data-comment-count=\"0\">\n                <img decoding=\"async\" src=\"https:\/\/www.amesuamente.org.br\/en\/wp-content\/plugins\/youtube-feed-pro\/img\/placeholder.png\" alt=\"\">\n                \n                <div class=\"sby_thumbnail_hover sby_item_video_thumbnail_hover\">\n                    <div class=\"sby_thumbnail_hover_inner\">\n                        \n                        \n                        \n                        \n                                            <\/div>\n                <\/div>\n\n                <span class=\"sby-screenreader\">YouTube Video UEx0Q0tvVE9zX3Rkb002eHowWTNDYV9aZ3F6Mi1jUURmYi40OTQ5QjlEMDgzN0FBNUIw<\/span>\n                                    <div class=\"sby_play_btn\" >\n                        <span class=\"sby_play_btn_bg\"><\/span>\n                    <svg aria-hidden=\"true\" focusable=\"false\" data-prefix=\"fab\" data-icon=\"youtube\" role=\"img\" xmlns=\"http:\/\/www.w3.org\/2000\/svg\" viewBox=\"0 0 576 512\" class=\"svg-inline--fa fa-youtube fa-w-18\"><path fill=\"currentColor\" d=\"M549.655 124.083c-6.281-23.65-24.787-42.276-48.284-48.597C458.781 64 288 64 288 64S117.22 64 74.629 75.486c-23.497 6.322-42.003 24.947-48.284 48.597-11.412 42.867-11.412 132.305-11.412 132.305s0 89.438 11.412 132.305c6.281 23.65 24.787 41.5 48.284 47.821C117.22 448 288 448 288 448s170.78 0 213.371-11.486c23.497-6.321 42.003-24.171 48.284-47.821 11.412-42.867 11.412-132.305 11.412-132.305s0-89.438-11.412-132.305zm-317.51 213.508V175.185l142.739 81.205-142.739 81.201z\" class=\"\"><\/path><\/svg>                    <\/div>\n                                <span class=\"sby_loader sby_hidden\" style=\"background-color: rgb(255, 255, 255);\"><\/span>\n            <\/a>\n\n            \n        <\/div>\n\n        \n<div class=\"sby_info sby_info_item\">\n\t<div class=\"sby-video-info-bottom\">\n\t\t<div class=\"sby-video-info\">\n\t\t\t\t\t\t\t<p class=\"sby_video_title_wrap\" >\n\t\t\t\t\t<span class=\"sby_video_title\">Como os adultos podem apoiar em caso de bullying<\/span>\n\t\t\t\t<\/p>\n\t\t\t\n\t\t\t\n\t\t\t\n\t\t\t\n\t\t\t\t\t<\/div>\n\n\t\t\t\t\t\t\t\t<\/div>\n<\/div>    <\/div>\n<\/div><div class=\"sby_item  sby_new sby_transition\" id=\"sby_UEx0Q0tvVE9zX3Rkb002eHowWTNDYV9aZ3F6Mi1jUURmYi43ODA2MDVCQzY5QzZDMjUw\" data-date=\"1756930095\" data-video-id=\"Bz7wujxpALE\" data-video-title=\"6 Caracteri\u0301sticas e Impactos do Cyberbullying\" data-live-date=\"0\" data-channel-id=\"UCVzDV6uqfZIxgHZvgeMlCyg\" >\n    <div class=\"sby_inner_item\">\n        <div class=\"sby_video_thumbnail_wrap sby_item_video_thumbnail_wrap\">\n            <a class=\"sby_video_thumbnail sby_item_video_thumbnail\" style=\"background-image:url(https:\/\/www.amesuamente.org.br\/en\/wp-content\/plugins\/youtube-feed-pro\/img\/placeholder.png)\" href=\"https:\/\/www.youtube.com\/watch?v=Bz7wujxpALE\" target=\"_blank\" rel=\"noopener\" data-full-res=\"https:\/\/i.ytimg.com\/vi\/Bz7wujxpALE\/maxresdefault.jpg\" data-img-src-set=\"{&quot;120&quot;:&quot;https:\\\/\\\/i.ytimg.com\\\/vi\\\/Bz7wujxpALE\\\/default.jpg&quot;,&quot;320&quot;:&quot;https:\\\/\\\/i.ytimg.com\\\/vi\\\/Bz7wujxpALE\\\/mqdefault.jpg&quot;,&quot;480&quot;:&quot;https:\\\/\\\/i.ytimg.com\\\/vi\\\/Bz7wujxpALE\\\/hqdefault.jpg&quot;,&quot;640&quot;:&quot;https:\\\/\\\/i.ytimg.com\\\/vi\\\/Bz7wujxpALE\\\/sddefault.jpg&quot;}\" data-video-id=\"Bz7wujxpALE\"  data-user=\"Instituto Ame Sua Mente\" data-url=\"https:\/\/www.youtube.com\/watch?v=Bz7wujxpALE\" data-avatar=\"\" data-title=\"\" data-video-title=\"6 Caracteri\u0301sticas e Impactos do Cyberbullying\" data-channel-id=\"UCVzDV6uqfZIxgHZvgeMlCyg\" data-views=\"24 views\" data-published-date=\"1756930095\" data-formatted-published-date=\"3 de September de 2025 17:08\" data-comment-count=\"0\">\n                <img decoding=\"async\" src=\"https:\/\/www.amesuamente.org.br\/en\/wp-content\/plugins\/youtube-feed-pro\/img\/placeholder.png\" alt=\"\">\n                \n                <div class=\"sby_thumbnail_hover sby_item_video_thumbnail_hover\">\n                    <div class=\"sby_thumbnail_hover_inner\">\n                        \n                        \n                        \n                        \n                                            <\/div>\n                <\/div>\n\n                <span class=\"sby-screenreader\">YouTube Video UEx0Q0tvVE9zX3Rkb002eHowWTNDYV9aZ3F6Mi1jUURmYi43ODA2MDVCQzY5QzZDMjUw<\/span>\n                                    <div class=\"sby_play_btn\" >\n                        <span class=\"sby_play_btn_bg\"><\/span>\n                    <svg aria-hidden=\"true\" focusable=\"false\" data-prefix=\"fab\" data-icon=\"youtube\" role=\"img\" xmlns=\"http:\/\/www.w3.org\/2000\/svg\" viewBox=\"0 0 576 512\" class=\"svg-inline--fa fa-youtube fa-w-18\"><path fill=\"currentColor\" d=\"M549.655 124.083c-6.281-23.65-24.787-42.276-48.284-48.597C458.781 64 288 64 288 64S117.22 64 74.629 75.486c-23.497 6.322-42.003 24.947-48.284 48.597-11.412 42.867-11.412 132.305-11.412 132.305s0 89.438 11.412 132.305c6.281 23.65 24.787 41.5 48.284 47.821C117.22 448 288 448 288 448s170.78 0 213.371-11.486c23.497-6.321 42.003-24.171 48.284-47.821 11.412-42.867 11.412-132.305 11.412-132.305s0-89.438-11.412-132.305zm-317.51 213.508V175.185l142.739 81.205-142.739 81.201z\" class=\"\"><\/path><\/svg>                    <\/div>\n                                <span class=\"sby_loader sby_hidden\" style=\"background-color: rgb(255, 255, 255);\"><\/span>\n            <\/a>\n\n            \n        <\/div>\n\n        \n<div class=\"sby_info sby_info_item\">\n\t<div class=\"sby-video-info-bottom\">\n\t\t<div class=\"sby-video-info\">\n\t\t\t\t\t\t\t<p class=\"sby_video_title_wrap\" >\n\t\t\t\t\t<span class=\"sby_video_title\">6 Caracteri\u0301sticas e Impactos do Cyberbullying<\/span>\n\t\t\t\t<\/p>\n\t\t\t\n\t\t\t\n\t\t\t\n\t\t\t\n\t\t\t\t\t<\/div>\n\n\t\t\t\t\t\t\t\t<\/div>\n<\/div>    <\/div>\n<\/div><div class=\"sby_item  sby_new sby_transition\" id=\"sby_UEx0Q0tvVE9zX3Rkb002eHowWTNDYV9aZ3F6Mi1jUURmYi5GNzk2RTlDQTNCQzJCQzJG\" data-date=\"1753114963\" data-video-id=\"jh_1gWwK_Wo\" data-video-title=\"Ana Carolina D\u2019Agostini\" data-live-date=\"0\" data-channel-id=\"UCVzDV6uqfZIxgHZvgeMlCyg\" >\n    <div class=\"sby_inner_item\">\n        <div class=\"sby_video_thumbnail_wrap sby_item_video_thumbnail_wrap\">\n            <a class=\"sby_video_thumbnail sby_item_video_thumbnail\" style=\"background-image:url(https:\/\/www.amesuamente.org.br\/en\/wp-content\/plugins\/youtube-feed-pro\/img\/placeholder.png)\" href=\"https:\/\/www.youtube.com\/watch?v=jh_1gWwK_Wo\" target=\"_blank\" rel=\"noopener\" data-full-res=\"https:\/\/i.ytimg.com\/vi\/jh_1gWwK_Wo\/maxresdefault.jpg\" data-img-src-set=\"{&quot;120&quot;:&quot;https:\\\/\\\/i.ytimg.com\\\/vi\\\/jh_1gWwK_Wo\\\/default.jpg&quot;,&quot;320&quot;:&quot;https:\\\/\\\/i.ytimg.com\\\/vi\\\/jh_1gWwK_Wo\\\/mqdefault.jpg&quot;,&quot;480&quot;:&quot;https:\\\/\\\/i.ytimg.com\\\/vi\\\/jh_1gWwK_Wo\\\/hqdefault.jpg&quot;,&quot;640&quot;:&quot;https:\\\/\\\/i.ytimg.com\\\/vi\\\/jh_1gWwK_Wo\\\/sddefault.jpg&quot;}\" data-video-id=\"jh_1gWwK_Wo\"  data-user=\"Instituto Ame Sua Mente\" data-url=\"https:\/\/www.youtube.com\/watch?v=jh_1gWwK_Wo\" data-avatar=\"\" data-title=\"Uma das estrat\u00e9gias relevantes para ajudar a promover o autoconhecimento e o nosso pr\u00f3prio desenvolvimento emocional \u00e9 o mindfulness.&lt;br \/&gt;\n&lt;br \/&gt;\nPraticando a presen\u00e7a e ampliando a consci\u00eancia daquilo que acontece dentro de n\u00f3s - e que influencia nosso comportamento e a nossa vis\u00e3o de mundo - \u00e9 poss\u00edvel melhorar o processo de aprendizagem em sala de aula.&lt;br \/&gt;\n&lt;br \/&gt;\nEste e outros apontamentos importantes foram discutidos na live \u201cMind kids: Como criar rela\u00e7\u00f5es mais saud\u00e1veis no ambiente escolar?\u201d, com a psic\u00f3loga e pesquisadora do Instituto Ame Sua Mente, Ana Carolina D\u2019Agostini (@anaccd) , e a fundadora da Mind Kids - uma iniciativa pioneira na integra\u00e7\u00e3o do mindfulness na educa\u00e7\u00e3o -, Daniela Degani.&lt;br \/&gt;\n&lt;br \/&gt;\nSe quiser assistir a live completa, o link est\u00e1 no menu de conte\u00fados do site.&lt;br \/&gt;\n&lt;br \/&gt;\nCompartilhe conhecimento e ajude a construir uma nova cultura em sa\u00fade mental para um futuro mais saud\u00e1vel :)&lt;br \/&gt;\n&lt;br \/&gt;\n#educa\u00e7\u00e3o #amesuamente\" data-video-title=\"Ana Carolina D\u2019Agostini\" data-channel-id=\"UCVzDV6uqfZIxgHZvgeMlCyg\" data-views=\"44 views\" data-published-date=\"1753114963\" data-formatted-published-date=\"21 de July de 2025 13:22\" data-comment-count=\"0\">\n                <img decoding=\"async\" src=\"https:\/\/www.amesuamente.org.br\/en\/wp-content\/plugins\/youtube-feed-pro\/img\/placeholder.png\" alt=\"Uma das estrat\u00e9gias relevantes para ajudar a promover o autoconhecimento e o nosso pr\u00f3prio desenvolvimento emocional \u00e9 o mindfulness.\n\nPraticando a presen\u00e7a e ampliando a consci\u00eancia daquilo que acontece dentro de n\u00f3s - e que influencia nosso comportamento e a nossa vis\u00e3o de mundo - \u00e9 poss\u00edvel melhorar o processo de aprendizagem em sala de aula.\n\nEste e outros apontamentos importantes foram discutidos na live \u201cMind kids: Como criar rela\u00e7\u00f5es mais saud\u00e1veis no ambiente escolar?\u201d, com a psic\u00f3loga e pesquisadora do Instituto Ame Sua Mente, Ana Carolina D\u2019Agostini (@anaccd) , e a fundadora da Mind Kids - uma iniciativa pioneira na integra\u00e7\u00e3o do mindfulness na educa\u00e7\u00e3o -, Daniela Degani.\n\nSe quiser assistir a live completa, o link est\u00e1 no menu de conte\u00fados do site.\n\nCompartilhe conhecimento e ajude a construir uma nova cultura em sa\u00fade mental para um futuro mais saud\u00e1vel :)\n\n#educa\u00e7\u00e3o #amesuamente\">\n                \n                <div class=\"sby_thumbnail_hover sby_item_video_thumbnail_hover\">\n                    <div class=\"sby_thumbnail_hover_inner\">\n                        \n                        \n                        \n                        \n                                            <\/div>\n                <\/div>\n\n                <span class=\"sby-screenreader\">YouTube Video UEx0Q0tvVE9zX3Rkb002eHowWTNDYV9aZ3F6Mi1jUURmYi5GNzk2RTlDQTNCQzJCQzJG<\/span>\n                                    <div class=\"sby_play_btn\" >\n                        <span class=\"sby_play_btn_bg\"><\/span>\n                    <svg aria-hidden=\"true\" focusable=\"false\" data-prefix=\"fab\" data-icon=\"youtube\" role=\"img\" xmlns=\"http:\/\/www.w3.org\/2000\/svg\" viewBox=\"0 0 576 512\" class=\"svg-inline--fa fa-youtube fa-w-18\"><path fill=\"currentColor\" d=\"M549.655 124.083c-6.281-23.65-24.787-42.276-48.284-48.597C458.781 64 288 64 288 64S117.22 64 74.629 75.486c-23.497 6.322-42.003 24.947-48.284 48.597-11.412 42.867-11.412 132.305-11.412 132.305s0 89.438 11.412 132.305c6.281 23.65 24.787 41.5 48.284 47.821C117.22 448 288 448 288 448s170.78 0 213.371-11.486c23.497-6.321 42.003-24.171 48.284-47.821 11.412-42.867 11.412-132.305 11.412-132.305s0-89.438-11.412-132.305zm-317.51 213.508V175.185l142.739 81.205-142.739 81.201z\" class=\"\"><\/path><\/svg>                    <\/div>\n                                <span class=\"sby_loader sby_hidden\" style=\"background-color: rgb(255, 255, 255);\"><\/span>\n            <\/a>\n\n            \n        <\/div>\n\n        \n<div class=\"sby_info sby_info_item\">\n\t<div class=\"sby-video-info-bottom\">\n\t\t<div class=\"sby-video-info\">\n\t\t\t\t\t\t\t<p class=\"sby_video_title_wrap\" >\n\t\t\t\t\t<span class=\"sby_video_title\">Ana Carolina D\u2019Agostini<\/span>\n\t\t\t\t<\/p>\n\t\t\t\n\t\t\t\n\t\t\t\n\t\t\t\n\t\t\t\t\t<\/div>\n\n\t\t\t\t\t\t\t\t<\/div>\n<\/div>    <\/div>\n<\/div><div class=\"sby_item  sby_new sby_transition\" id=\"sby_UEx0Q0tvVE9zX3Rkb002eHowWTNDYV9aZ3F6Mi1jUURmYi44QjNCNkRENjNFQTBEMUND\" data-date=\"1753112748\" data-video-id=\"KZEXZKoatKA\" data-video-title=\"Rodrigo Bressan - S\u00e9rie Adolesc\u00eancia\" data-live-date=\"0\" data-channel-id=\"UCVzDV6uqfZIxgHZvgeMlCyg\" >\n    <div class=\"sby_inner_item\">\n        <div class=\"sby_video_thumbnail_wrap sby_item_video_thumbnail_wrap\">\n            <a class=\"sby_video_thumbnail sby_item_video_thumbnail\" style=\"background-image:url(https:\/\/www.amesuamente.org.br\/en\/wp-content\/plugins\/youtube-feed-pro\/img\/placeholder.png)\" href=\"https:\/\/www.youtube.com\/watch?v=KZEXZKoatKA\" target=\"_blank\" rel=\"noopener\" data-full-res=\"https:\/\/i.ytimg.com\/vi\/KZEXZKoatKA\/maxresdefault.jpg\" data-img-src-set=\"{&quot;120&quot;:&quot;https:\\\/\\\/i.ytimg.com\\\/vi\\\/KZEXZKoatKA\\\/default.jpg&quot;,&quot;320&quot;:&quot;https:\\\/\\\/i.ytimg.com\\\/vi\\\/KZEXZKoatKA\\\/mqdefault.jpg&quot;,&quot;480&quot;:&quot;https:\\\/\\\/i.ytimg.com\\\/vi\\\/KZEXZKoatKA\\\/hqdefault.jpg&quot;,&quot;640&quot;:&quot;https:\\\/\\\/i.ytimg.com\\\/vi\\\/KZEXZKoatKA\\\/sddefault.jpg&quot;}\" data-video-id=\"KZEXZKoatKA\"  data-user=\"Instituto Ame Sua Mente\" data-url=\"https:\/\/www.youtube.com\/watch?v=KZEXZKoatKA\" data-avatar=\"\" data-title=\"A s\u00e9rie \u201cAdolesc\u00eancia\u201d traz uma s\u00e9rie de quest\u00f5es que envolvem os desafios da rela\u00e7\u00e3o dos jovens com o universo digital e toda a complexidade dos riscos e consequ\u00eancias. Dentre estas quest\u00f5es est\u00e1 um problema que muitos adultos ainda desconhecem: comunidades online, onde jovens, especialmente do sexo masculino, transformam frustra\u00e7\u00f5es em discursos de \u00f3dio e, em alguns casos, em viol\u00eancia.&lt;br \/&gt;\n&lt;br \/&gt;\nO que acontece no mundo virtual, an\u00f4nimo e sem regras ou orienta\u00e7\u00f5es, muitas vezes, passa despercebido por pais e educadores.&lt;br \/&gt;\n&lt;br \/&gt;\nE o que n\u00f3s podemos fazer?&lt;br \/&gt;\n&lt;br \/&gt;\nO primeiro passo \u00e9 justamente buscar compreender a cultura digital e os riscos aos quais os jovens est\u00e3o expostos. Precisamos conhecer o vocabul\u00e1rio e as redes sociais em que navegam, ficar atentos aos seus comportamentos.&lt;br \/&gt;\n&lt;br \/&gt;\nPara tanto, \u00e9 necess\u00e1rio estar presente e dispon\u00edvel. A compreens\u00e3o das experi\u00eancias que eles vivem e o impacto que t\u00eam, s\u00f3 \u00e9 poss\u00edvel com uma rela\u00e7\u00e3o de confian\u00e7a e empatia \u2013 com espa\u00e7os acolhedores para di\u00e1logos livres de julgamentos.&lt;br \/&gt;\n&lt;br \/&gt;\nQuanto mais cedo, melhor! #amesuamente&lt;br \/&gt;\n&lt;br \/&gt;\n#adolesc\u00eancia #serieadolescencia #netflix #amesuamente\" data-video-title=\"Rodrigo Bressan - S\u00e9rie Adolesc\u00eancia\" data-channel-id=\"UCVzDV6uqfZIxgHZvgeMlCyg\" data-views=\"57 views\" data-published-date=\"1753112748\" data-formatted-published-date=\"21 de July de 2025 12:45\" data-comment-count=\"0\">\n                <img decoding=\"async\" src=\"https:\/\/www.amesuamente.org.br\/en\/wp-content\/plugins\/youtube-feed-pro\/img\/placeholder.png\" alt=\"A s\u00e9rie \u201cAdolesc\u00eancia\u201d traz uma s\u00e9rie de quest\u00f5es que envolvem os desafios da rela\u00e7\u00e3o dos jovens com o universo digital e toda a complexidade dos riscos e consequ\u00eancias. Dentre estas quest\u00f5es est\u00e1 um problema que muitos adultos ainda desconhecem: comunidades online, onde jovens, especialmente do sexo masculino, transformam frustra\u00e7\u00f5es em discursos de \u00f3dio e, em alguns casos, em viol\u00eancia.\n\nO que acontece no mundo virtual, an\u00f4nimo e sem regras ou orienta\u00e7\u00f5es, muitas vezes, passa despercebido por pais e educadores.\n\nE o que n\u00f3s podemos fazer?\n\nO primeiro passo \u00e9 justamente buscar compreender a cultura digital e os riscos aos quais os jovens est\u00e3o expostos. Precisamos conhecer o vocabul\u00e1rio e as redes sociais em que navegam, ficar atentos aos seus comportamentos.\n\nPara tanto, \u00e9 necess\u00e1rio estar presente e dispon\u00edvel. A compreens\u00e3o das experi\u00eancias que eles vivem e o impacto que t\u00eam, s\u00f3 \u00e9 poss\u00edvel com uma rela\u00e7\u00e3o de confian\u00e7a e empatia \u2013 com espa\u00e7os acolhedores para di\u00e1logos livres de julgamentos.\n\nQuanto mais cedo, melhor! #amesuamente\n\n#adolesc\u00eancia #serieadolescencia #netflix #amesuamente\">\n                \n                <div class=\"sby_thumbnail_hover sby_item_video_thumbnail_hover\">\n                    <div class=\"sby_thumbnail_hover_inner\">\n                        \n                        \n                        \n                        \n                                            <\/div>\n                <\/div>\n\n                <span class=\"sby-screenreader\">YouTube Video UEx0Q0tvVE9zX3Rkb002eHowWTNDYV9aZ3F6Mi1jUURmYi44QjNCNkRENjNFQTBEMUND<\/span>\n                                    <div class=\"sby_play_btn\" >\n                        <span class=\"sby_play_btn_bg\"><\/span>\n                    <svg aria-hidden=\"true\" focusable=\"false\" data-prefix=\"fab\" data-icon=\"youtube\" role=\"img\" xmlns=\"http:\/\/www.w3.org\/2000\/svg\" viewBox=\"0 0 576 512\" class=\"svg-inline--fa fa-youtube fa-w-18\"><path fill=\"currentColor\" d=\"M549.655 124.083c-6.281-23.65-24.787-42.276-48.284-48.597C458.781 64 288 64 288 64S117.22 64 74.629 75.486c-23.497 6.322-42.003 24.947-48.284 48.597-11.412 42.867-11.412 132.305-11.412 132.305s0 89.438 11.412 132.305c6.281 23.65 24.787 41.5 48.284 47.821C117.22 448 288 448 288 448s170.78 0 213.371-11.486c23.497-6.321 42.003-24.171 48.284-47.821 11.412-42.867 11.412-132.305 11.412-132.305s0-89.438-11.412-132.305zm-317.51 213.508V175.185l142.739 81.205-142.739 81.201z\" class=\"\"><\/path><\/svg>                    <\/div>\n                                <span class=\"sby_loader sby_hidden\" style=\"background-color: rgb(255, 255, 255);\"><\/span>\n            <\/a>\n\n            \n        <\/div>\n\n        \n<div class=\"sby_info sby_info_item\">\n\t<div class=\"sby-video-info-bottom\">\n\t\t<div class=\"sby-video-info\">\n\t\t\t\t\t\t\t<p class=\"sby_video_title_wrap\" >\n\t\t\t\t\t<span class=\"sby_video_title\">Rodrigo Bressan - S\u00e9rie Adolesc\u00eancia<\/span>\n\t\t\t\t<\/p>\n\t\t\t\n\t\t\t\n\t\t\t\n\t\t\t\n\t\t\t\t\t<\/div>\n\n\t\t\t\t\t\t\t\t<\/div>\n<\/div>    <\/div>\n<\/div><div class=\"sby_item  sby_new sby_transition\" id=\"sby_UEx0Q0tvVE9zX3Rkb002eHowWTNDYV9aZ3F6Mi1jUURmYi5EMUJFNzRCNDRFQjE5RjM4\" data-date=\"1750680246\" data-video-id=\"P43wd6_sD18\" data-video-title=\"Dia Mundial sem Tabaco\" data-live-date=\"0\" data-channel-id=\"UCVzDV6uqfZIxgHZvgeMlCyg\" >\n    <div class=\"sby_inner_item\">\n        <div class=\"sby_video_thumbnail_wrap sby_item_video_thumbnail_wrap\">\n            <a class=\"sby_video_thumbnail sby_item_video_thumbnail\" style=\"background-image:url(https:\/\/www.amesuamente.org.br\/en\/wp-content\/plugins\/youtube-feed-pro\/img\/placeholder.png)\" href=\"https:\/\/www.youtube.com\/watch?v=P43wd6_sD18\" target=\"_blank\" rel=\"noopener\" data-full-res=\"https:\/\/i.ytimg.com\/vi\/P43wd6_sD18\/maxresdefault.jpg\" data-img-src-set=\"{&quot;120&quot;:&quot;https:\\\/\\\/i.ytimg.com\\\/vi\\\/P43wd6_sD18\\\/default.jpg&quot;,&quot;320&quot;:&quot;https:\\\/\\\/i.ytimg.com\\\/vi\\\/P43wd6_sD18\\\/mqdefault.jpg&quot;,&quot;480&quot;:&quot;https:\\\/\\\/i.ytimg.com\\\/vi\\\/P43wd6_sD18\\\/hqdefault.jpg&quot;,&quot;640&quot;:&quot;https:\\\/\\\/i.ytimg.com\\\/vi\\\/P43wd6_sD18\\\/sddefault.jpg&quot;}\" data-video-id=\"P43wd6_sD18\"  data-user=\"Instituto Ame Sua Mente\" data-url=\"https:\/\/www.youtube.com\/watch?v=P43wd6_sD18\" data-avatar=\"\" data-title=\"\" data-video-title=\"Dia Mundial sem Tabaco\" data-channel-id=\"UCVzDV6uqfZIxgHZvgeMlCyg\" data-views=\"14 views\" data-published-date=\"1750680246\" data-formatted-published-date=\"23 de June de 2025 09:04\" data-comment-count=\"0\">\n                <img decoding=\"async\" src=\"https:\/\/www.amesuamente.org.br\/en\/wp-content\/plugins\/youtube-feed-pro\/img\/placeholder.png\" alt=\"\">\n                \n                <div class=\"sby_thumbnail_hover sby_item_video_thumbnail_hover\">\n                    <div class=\"sby_thumbnail_hover_inner\">\n                        \n                        \n                        \n                        \n                                            <\/div>\n                <\/div>\n\n                <span class=\"sby-screenreader\">YouTube Video UEx0Q0tvVE9zX3Rkb002eHowWTNDYV9aZ3F6Mi1jUURmYi5EMUJFNzRCNDRFQjE5RjM4<\/span>\n                                    <div class=\"sby_play_btn\" >\n                        <span class=\"sby_play_btn_bg\"><\/span>\n                    <svg aria-hidden=\"true\" focusable=\"false\" data-prefix=\"fab\" data-icon=\"youtube\" role=\"img\" xmlns=\"http:\/\/www.w3.org\/2000\/svg\" viewBox=\"0 0 576 512\" class=\"svg-inline--fa fa-youtube fa-w-18\"><path fill=\"currentColor\" d=\"M549.655 124.083c-6.281-23.65-24.787-42.276-48.284-48.597C458.781 64 288 64 288 64S117.22 64 74.629 75.486c-23.497 6.322-42.003 24.947-48.284 48.597-11.412 42.867-11.412 132.305-11.412 132.305s0 89.438 11.412 132.305c6.281 23.65 24.787 41.5 48.284 47.821C117.22 448 288 448 288 448s170.78 0 213.371-11.486c23.497-6.321 42.003-24.171 48.284-47.821 11.412-42.867 11.412-132.305 11.412-132.305s0-89.438-11.412-132.305zm-317.51 213.508V175.185l142.739 81.205-142.739 81.201z\" class=\"\"><\/path><\/svg>                    <\/div>\n                                <span class=\"sby_loader sby_hidden\" style=\"background-color: rgb(255, 255, 255);\"><\/span>\n            <\/a>\n\n            \n        <\/div>\n\n        \n<div class=\"sby_info sby_info_item\">\n\t<div class=\"sby-video-info-bottom\">\n\t\t<div class=\"sby-video-info\">\n\t\t\t\t\t\t\t<p class=\"sby_video_title_wrap\" >\n\t\t\t\t\t<span class=\"sby_video_title\">Dia Mundial sem Tabaco<\/span>\n\t\t\t\t<\/p>\n\t\t\t\n\t\t\t\n\t\t\t\n\t\t\t\n\t\t\t\t\t<\/div>\n\n\t\t\t\t\t\t\t\t<\/div>\n<\/div>    <\/div>\n<\/div><div class=\"sby_item  sby_new sby_transition\" id=\"sby_UEx0Q0tvVE9zX3Rkb002eHowWTNDYV9aZ3F6Mi1jUURmYi5CNEYyNTVBNDdGMDI1MDNC\" data-date=\"1750072509\" data-video-id=\"hu83hPG09jc\" data-video-title=\"Rodrigo Bressan - Cuidando doProfessor\" data-live-date=\"0\" data-channel-id=\"UCVzDV6uqfZIxgHZvgeMlCyg\" >\n    <div class=\"sby_inner_item\">\n        <div class=\"sby_video_thumbnail_wrap sby_item_video_thumbnail_wrap\">\n            <a class=\"sby_video_thumbnail sby_item_video_thumbnail\" style=\"background-image:url(https:\/\/www.amesuamente.org.br\/en\/wp-content\/plugins\/youtube-feed-pro\/img\/placeholder.png)\" href=\"https:\/\/www.youtube.com\/watch?v=hu83hPG09jc\" target=\"_blank\" rel=\"noopener\" data-full-res=\"https:\/\/i.ytimg.com\/vi\/hu83hPG09jc\/maxresdefault.jpg\" data-img-src-set=\"{&quot;120&quot;:&quot;https:\\\/\\\/i.ytimg.com\\\/vi\\\/hu83hPG09jc\\\/default.jpg&quot;,&quot;320&quot;:&quot;https:\\\/\\\/i.ytimg.com\\\/vi\\\/hu83hPG09jc\\\/mqdefault.jpg&quot;,&quot;480&quot;:&quot;https:\\\/\\\/i.ytimg.com\\\/vi\\\/hu83hPG09jc\\\/hqdefault.jpg&quot;,&quot;640&quot;:&quot;https:\\\/\\\/i.ytimg.com\\\/vi\\\/hu83hPG09jc\\\/sddefault.jpg&quot;}\" data-video-id=\"hu83hPG09jc\"  data-user=\"Instituto Ame Sua Mente\" data-url=\"https:\/\/www.youtube.com\/watch?v=hu83hPG09jc\" data-avatar=\"\" data-title=\"\" data-video-title=\"Rodrigo Bressan - Cuidando doProfessor\" data-channel-id=\"UCVzDV6uqfZIxgHZvgeMlCyg\" data-views=\"54 views\" data-published-date=\"1750072509\" data-formatted-published-date=\"16 de June de 2025 08:15\" data-comment-count=\"0\">\n                <img decoding=\"async\" src=\"https:\/\/www.amesuamente.org.br\/en\/wp-content\/plugins\/youtube-feed-pro\/img\/placeholder.png\" alt=\"\">\n                \n                <div class=\"sby_thumbnail_hover sby_item_video_thumbnail_hover\">\n                    <div class=\"sby_thumbnail_hover_inner\">\n                        \n                        \n                        \n                        \n                                            <\/div>\n                <\/div>\n\n                <span class=\"sby-screenreader\">YouTube Video UEx0Q0tvVE9zX3Rkb002eHowWTNDYV9aZ3F6Mi1jUURmYi5CNEYyNTVBNDdGMDI1MDNC<\/span>\n                                    <div class=\"sby_play_btn\" >\n                        <span class=\"sby_play_btn_bg\"><\/span>\n                    <svg aria-hidden=\"true\" focusable=\"false\" data-prefix=\"fab\" data-icon=\"youtube\" role=\"img\" xmlns=\"http:\/\/www.w3.org\/2000\/svg\" viewBox=\"0 0 576 512\" class=\"svg-inline--fa fa-youtube fa-w-18\"><path fill=\"currentColor\" d=\"M549.655 124.083c-6.281-23.65-24.787-42.276-48.284-48.597C458.781 64 288 64 288 64S117.22 64 74.629 75.486c-23.497 6.322-42.003 24.947-48.284 48.597-11.412 42.867-11.412 132.305-11.412 132.305s0 89.438 11.412 132.305c6.281 23.65 24.787 41.5 48.284 47.821C117.22 448 288 448 288 448s170.78 0 213.371-11.486c23.497-6.321 42.003-24.171 48.284-47.821 11.412-42.867 11.412-132.305 11.412-132.305s0-89.438-11.412-132.305zm-317.51 213.508V175.185l142.739 81.205-142.739 81.201z\" class=\"\"><\/path><\/svg>                    <\/div>\n                                <span class=\"sby_loader sby_hidden\" style=\"background-color: rgb(255, 255, 255);\"><\/span>\n            <\/a>\n\n            \n        <\/div>\n\n        \n<div class=\"sby_info sby_info_item\">\n\t<div class=\"sby-video-info-bottom\">\n\t\t<div class=\"sby-video-info\">\n\t\t\t\t\t\t\t<p class=\"sby_video_title_wrap\" >\n\t\t\t\t\t<span class=\"sby_video_title\">Rodrigo Bressan - Cuidando doProfessor<\/span>\n\t\t\t\t<\/p>\n\t\t\t\n\t\t\t\n\t\t\t\n\t\t\t\n\t\t\t\t\t<\/div>\n\n\t\t\t\t\t\t\t\t<\/div>\n<\/div>    <\/div>\n<\/div><div class=\"sby_item  sby_new sby_transition\" id=\"sby_UEx0Q0tvVE9zX3Rkb002eHowWTNDYV9aZ3F6Mi1jUURmYi41ODIyMTgwQzA4NjJCQkZC\" data-date=\"1750065305\" data-video-id=\"QwJiO8y3Smw\" data-video-title=\"Rodrigo Bressan - Gerenciando o Estresse\" data-live-date=\"0\" data-channel-id=\"UCVzDV6uqfZIxgHZvgeMlCyg\" >\n    <div class=\"sby_inner_item\">\n        <div class=\"sby_video_thumbnail_wrap sby_item_video_thumbnail_wrap\">\n            <a class=\"sby_video_thumbnail sby_item_video_thumbnail\" style=\"background-image:url(https:\/\/www.amesuamente.org.br\/en\/wp-content\/plugins\/youtube-feed-pro\/img\/placeholder.png)\" href=\"https:\/\/www.youtube.com\/watch?v=QwJiO8y3Smw\" target=\"_blank\" rel=\"noopener\" data-full-res=\"https:\/\/i.ytimg.com\/vi\/QwJiO8y3Smw\/maxresdefault.jpg\" data-img-src-set=\"{&quot;120&quot;:&quot;https:\\\/\\\/i.ytimg.com\\\/vi\\\/QwJiO8y3Smw\\\/default.jpg&quot;,&quot;320&quot;:&quot;https:\\\/\\\/i.ytimg.com\\\/vi\\\/QwJiO8y3Smw\\\/mqdefault.jpg&quot;,&quot;480&quot;:&quot;https:\\\/\\\/i.ytimg.com\\\/vi\\\/QwJiO8y3Smw\\\/hqdefault.jpg&quot;,&quot;640&quot;:&quot;https:\\\/\\\/i.ytimg.com\\\/vi\\\/QwJiO8y3Smw\\\/sddefault.jpg&quot;}\" data-video-id=\"QwJiO8y3Smw\"  data-user=\"Instituto Ame Sua Mente\" data-url=\"https:\/\/www.youtube.com\/watch?v=QwJiO8y3Smw\" data-avatar=\"\" data-title=\"\" data-video-title=\"Rodrigo Bressan - Gerenciando o Estresse\" data-channel-id=\"UCVzDV6uqfZIxgHZvgeMlCyg\" data-views=\"27 views\" data-published-date=\"1750065305\" data-formatted-published-date=\"16 de June de 2025 06:15\" data-comment-count=\"0\">\n                <img decoding=\"async\" src=\"https:\/\/www.amesuamente.org.br\/en\/wp-content\/plugins\/youtube-feed-pro\/img\/placeholder.png\" alt=\"\">\n                \n                <div class=\"sby_thumbnail_hover sby_item_video_thumbnail_hover\">\n                    <div class=\"sby_thumbnail_hover_inner\">\n                        \n                        \n                        \n                        \n                                            <\/div>\n                <\/div>\n\n                <span class=\"sby-screenreader\">YouTube Video UEx0Q0tvVE9zX3Rkb002eHowWTNDYV9aZ3F6Mi1jUURmYi41ODIyMTgwQzA4NjJCQkZC<\/span>\n                                    <div class=\"sby_play_btn\" >\n                        <span class=\"sby_play_btn_bg\"><\/span>\n                    <svg aria-hidden=\"true\" focusable=\"false\" data-prefix=\"fab\" data-icon=\"youtube\" role=\"img\" xmlns=\"http:\/\/www.w3.org\/2000\/svg\" viewBox=\"0 0 576 512\" class=\"svg-inline--fa fa-youtube fa-w-18\"><path fill=\"currentColor\" d=\"M549.655 124.083c-6.281-23.65-24.787-42.276-48.284-48.597C458.781 64 288 64 288 64S117.22 64 74.629 75.486c-23.497 6.322-42.003 24.947-48.284 48.597-11.412 42.867-11.412 132.305-11.412 132.305s0 89.438 11.412 132.305c6.281 23.65 24.787 41.5 48.284 47.821C117.22 448 288 448 288 448s170.78 0 213.371-11.486c23.497-6.321 42.003-24.171 48.284-47.821 11.412-42.867 11.412-132.305 11.412-132.305s0-89.438-11.412-132.305zm-317.51 213.508V175.185l142.739 81.205-142.739 81.201z\" class=\"\"><\/path><\/svg>                    <\/div>\n                                <span class=\"sby_loader sby_hidden\" style=\"background-color: rgb(255, 255, 255);\"><\/span>\n            <\/a>\n\n            \n        <\/div>\n\n        \n<div class=\"sby_info sby_info_item\">\n\t<div class=\"sby-video-info-bottom\">\n\t\t<div class=\"sby-video-info\">\n\t\t\t\t\t\t\t<p class=\"sby_video_title_wrap\" >\n\t\t\t\t\t<span class=\"sby_video_title\">Rodrigo Bressan - Gerenciando o Estresse<\/span>\n\t\t\t\t<\/p>\n\t\t\t\n\t\t\t\n\t\t\t\n\t\t\t\n\t\t\t\t\t<\/div>\n\n\t\t\t\t\t\t\t\t<\/div>\n<\/div>    <\/div>\n<\/div><div class=\"sby_item  sby_new sby_transition\" id=\"sby_UEx0Q0tvVE9zX3Rkb002eHowWTNDYV9aZ3F6Mi1jUURmYi41RDUzRjJFQ0Y0MUI3NzU1\" data-date=\"1750076101\" data-video-id=\"6QsRuhJ3aEg\" data-video-title=\"Rodrigo Bressan -  Entenda os Sintomas e a Necessidade de Tratamento\" data-live-date=\"0\" data-channel-id=\"UCVzDV6uqfZIxgHZvgeMlCyg\" >\n    <div class=\"sby_inner_item\">\n        <div class=\"sby_video_thumbnail_wrap sby_item_video_thumbnail_wrap\">\n            <a class=\"sby_video_thumbnail sby_item_video_thumbnail\" style=\"background-image:url(https:\/\/www.amesuamente.org.br\/en\/wp-content\/plugins\/youtube-feed-pro\/img\/placeholder.png)\" href=\"https:\/\/www.youtube.com\/watch?v=6QsRuhJ3aEg\" target=\"_blank\" rel=\"noopener\" data-full-res=\"https:\/\/i.ytimg.com\/vi\/6QsRuhJ3aEg\/maxresdefault.jpg\" data-img-src-set=\"{&quot;120&quot;:&quot;https:\\\/\\\/i.ytimg.com\\\/vi\\\/6QsRuhJ3aEg\\\/default.jpg&quot;,&quot;320&quot;:&quot;https:\\\/\\\/i.ytimg.com\\\/vi\\\/6QsRuhJ3aEg\\\/mqdefault.jpg&quot;,&quot;480&quot;:&quot;https:\\\/\\\/i.ytimg.com\\\/vi\\\/6QsRuhJ3aEg\\\/hqdefault.jpg&quot;,&quot;640&quot;:&quot;https:\\\/\\\/i.ytimg.com\\\/vi\\\/6QsRuhJ3aEg\\\/sddefault.jpg&quot;}\" data-video-id=\"6QsRuhJ3aEg\"  data-user=\"Instituto Ame Sua Mente\" data-url=\"https:\/\/www.youtube.com\/watch?v=6QsRuhJ3aEg\" data-avatar=\"\" data-title=\"\" data-video-title=\"Rodrigo Bressan -  Entenda os Sintomas e a Necessidade de Tratamento\" data-channel-id=\"UCVzDV6uqfZIxgHZvgeMlCyg\" data-views=\"26 views\" data-published-date=\"1750076101\" data-formatted-published-date=\"16 de June de 2025 09:15\" data-comment-count=\"0\">\n                <img decoding=\"async\" src=\"https:\/\/www.amesuamente.org.br\/en\/wp-content\/plugins\/youtube-feed-pro\/img\/placeholder.png\" alt=\"\">\n                \n                <div class=\"sby_thumbnail_hover sby_item_video_thumbnail_hover\">\n                    <div class=\"sby_thumbnail_hover_inner\">\n                        \n                        \n                        \n                        \n                                            <\/div>\n                <\/div>\n\n                <span class=\"sby-screenreader\">YouTube Video UEx0Q0tvVE9zX3Rkb002eHowWTNDYV9aZ3F6Mi1jUURmYi41RDUzRjJFQ0Y0MUI3NzU1<\/span>\n                                    <div class=\"sby_play_btn\" >\n                        <span class=\"sby_play_btn_bg\"><\/span>\n                    <svg aria-hidden=\"true\" focusable=\"false\" data-prefix=\"fab\" data-icon=\"youtube\" role=\"img\" xmlns=\"http:\/\/www.w3.org\/2000\/svg\" viewBox=\"0 0 576 512\" class=\"svg-inline--fa fa-youtube fa-w-18\"><path fill=\"currentColor\" d=\"M549.655 124.083c-6.281-23.65-24.787-42.276-48.284-48.597C458.781 64 288 64 288 64S117.22 64 74.629 75.486c-23.497 6.322-42.003 24.947-48.284 48.597-11.412 42.867-11.412 132.305-11.412 132.305s0 89.438 11.412 132.305c6.281 23.65 24.787 41.5 48.284 47.821C117.22 448 288 448 288 448s170.78 0 213.371-11.486c23.497-6.321 42.003-24.171 48.284-47.821 11.412-42.867 11.412-132.305 11.412-132.305s0-89.438-11.412-132.305zm-317.51 213.508V175.185l142.739 81.205-142.739 81.201z\" class=\"\"><\/path><\/svg>                    <\/div>\n                                <span class=\"sby_loader sby_hidden\" style=\"background-color: rgb(255, 255, 255);\"><\/span>\n            <\/a>\n\n            \n        <\/div>\n\n        \n<div class=\"sby_info sby_info_item\">\n\t<div class=\"sby-video-info-bottom\">\n\t\t<div class=\"sby-video-info\">\n\t\t\t\t\t\t\t<p class=\"sby_video_title_wrap\" >\n\t\t\t\t\t<span class=\"sby_video_title\">Rodrigo Bressan -  Entenda os Sintomas e a Necessidade de Tratamento<\/span>\n\t\t\t\t<\/p>\n\t\t\t\n\t\t\t\n\t\t\t\n\t\t\t\n\t\t\t\t\t<\/div>\n\n\t\t\t\t\t\t\t\t<\/div>\n<\/div>    <\/div>\n<\/div><div class=\"sby_item  sby_new sby_transition\" id=\"sby_UEx0Q0tvVE9zX3Rkb002eHowWTNDYV9aZ3F6Mi1jUURmYi5ERENFNTk4Q0Q2MTZDMTA5\" data-date=\"1750067105\" data-video-id=\"ZEeKCGBjghE\" data-video-title=\"Rodrigo Bressan - Evite o Suici\u0301dio Comec\u0327ando na Base\" data-live-date=\"0\" data-channel-id=\"UCVzDV6uqfZIxgHZvgeMlCyg\" >\n    <div class=\"sby_inner_item\">\n        <div class=\"sby_video_thumbnail_wrap sby_item_video_thumbnail_wrap\">\n            <a class=\"sby_video_thumbnail sby_item_video_thumbnail\" style=\"background-image:url(https:\/\/www.amesuamente.org.br\/en\/wp-content\/plugins\/youtube-feed-pro\/img\/placeholder.png)\" href=\"https:\/\/www.youtube.com\/watch?v=ZEeKCGBjghE\" target=\"_blank\" rel=\"noopener\" data-full-res=\"https:\/\/i.ytimg.com\/vi\/ZEeKCGBjghE\/maxresdefault.jpg\" data-img-src-set=\"{&quot;120&quot;:&quot;https:\\\/\\\/i.ytimg.com\\\/vi\\\/ZEeKCGBjghE\\\/default.jpg&quot;,&quot;320&quot;:&quot;https:\\\/\\\/i.ytimg.com\\\/vi\\\/ZEeKCGBjghE\\\/mqdefault.jpg&quot;,&quot;480&quot;:&quot;https:\\\/\\\/i.ytimg.com\\\/vi\\\/ZEeKCGBjghE\\\/hqdefault.jpg&quot;,&quot;640&quot;:&quot;https:\\\/\\\/i.ytimg.com\\\/vi\\\/ZEeKCGBjghE\\\/sddefault.jpg&quot;}\" data-video-id=\"ZEeKCGBjghE\"  data-user=\"Instituto Ame Sua Mente\" data-url=\"https:\/\/www.youtube.com\/watch?v=ZEeKCGBjghE\" data-avatar=\"\" data-title=\"\" data-video-title=\"Rodrigo Bressan - Evite o Suici\u0301dio Comec\u0327ando na Base\" data-channel-id=\"UCVzDV6uqfZIxgHZvgeMlCyg\" data-views=\"31 views\" data-published-date=\"1750067105\" data-formatted-published-date=\"16 de June de 2025 06:45\" data-comment-count=\"0\">\n                <img decoding=\"async\" src=\"https:\/\/www.amesuamente.org.br\/en\/wp-content\/plugins\/youtube-feed-pro\/img\/placeholder.png\" alt=\"\">\n                \n                <div class=\"sby_thumbnail_hover sby_item_video_thumbnail_hover\">\n                    <div class=\"sby_thumbnail_hover_inner\">\n                        \n                        \n                        \n                        \n                                            <\/div>\n                <\/div>\n\n                <span class=\"sby-screenreader\">YouTube Video UEx0Q0tvVE9zX3Rkb002eHowWTNDYV9aZ3F6Mi1jUURmYi5ERENFNTk4Q0Q2MTZDMTA5<\/span>\n                                    <div class=\"sby_play_btn\" >\n                        <span class=\"sby_play_btn_bg\"><\/span>\n                    <svg aria-hidden=\"true\" focusable=\"false\" data-prefix=\"fab\" data-icon=\"youtube\" role=\"img\" xmlns=\"http:\/\/www.w3.org\/2000\/svg\" viewBox=\"0 0 576 512\" class=\"svg-inline--fa fa-youtube fa-w-18\"><path fill=\"currentColor\" d=\"M549.655 124.083c-6.281-23.65-24.787-42.276-48.284-48.597C458.781 64 288 64 288 64S117.22 64 74.629 75.486c-23.497 6.322-42.003 24.947-48.284 48.597-11.412 42.867-11.412 132.305-11.412 132.305s0 89.438 11.412 132.305c6.281 23.65 24.787 41.5 48.284 47.821C117.22 448 288 448 288 448s170.78 0 213.371-11.486c23.497-6.321 42.003-24.171 48.284-47.821 11.412-42.867 11.412-132.305 11.412-132.305s0-89.438-11.412-132.305zm-317.51 213.508V175.185l142.739 81.205-142.739 81.201z\" class=\"\"><\/path><\/svg>                    <\/div>\n                                <span class=\"sby_loader sby_hidden\" style=\"background-color: rgb(255, 255, 255);\"><\/span>\n            <\/a>\n\n            \n        <\/div>\n\n        \n<div class=\"sby_info sby_info_item\">\n\t<div class=\"sby-video-info-bottom\">\n\t\t<div class=\"sby-video-info\">\n\t\t\t\t\t\t\t<p class=\"sby_video_title_wrap\" >\n\t\t\t\t\t<span class=\"sby_video_title\">Rodrigo Bressan - Evite o Suici\u0301dio Comec\u0327ando na Base<\/span>\n\t\t\t\t<\/p>\n\t\t\t\n\t\t\t\n\t\t\t\n\t\t\t\n\t\t\t\t\t<\/div>\n\n\t\t\t\t\t\t\t\t<\/div>\n<\/div>    <\/div>\n<\/div><div class=\"sby_item  sby_new sby_transition\" id=\"sby_UEx0Q0tvVE9zX3Rkb002eHowWTNDYV9aZ3F6Mi1jUURmYi4yM0EyQ0U1M0I2RkIwNTQ0\" data-date=\"1750068033\" data-video-id=\"IPSuFoPB1dU\" data-video-title=\"Rodrigo Bressan - Prevenc\u0327a\u0303o Essencial na Juventude\" data-live-date=\"0\" data-channel-id=\"UCVzDV6uqfZIxgHZvgeMlCyg\" >\n    <div class=\"sby_inner_item\">\n        <div class=\"sby_video_thumbnail_wrap sby_item_video_thumbnail_wrap\">\n            <a class=\"sby_video_thumbnail sby_item_video_thumbnail\" style=\"background-image:url(https:\/\/www.amesuamente.org.br\/en\/wp-content\/plugins\/youtube-feed-pro\/img\/placeholder.png)\" href=\"https:\/\/www.youtube.com\/watch?v=IPSuFoPB1dU\" target=\"_blank\" rel=\"noopener\" data-full-res=\"https:\/\/i.ytimg.com\/vi\/IPSuFoPB1dU\/maxresdefault.jpg\" data-img-src-set=\"{&quot;120&quot;:&quot;https:\\\/\\\/i.ytimg.com\\\/vi\\\/IPSuFoPB1dU\\\/default.jpg&quot;,&quot;320&quot;:&quot;https:\\\/\\\/i.ytimg.com\\\/vi\\\/IPSuFoPB1dU\\\/mqdefault.jpg&quot;,&quot;480&quot;:&quot;https:\\\/\\\/i.ytimg.com\\\/vi\\\/IPSuFoPB1dU\\\/hqdefault.jpg&quot;,&quot;640&quot;:&quot;https:\\\/\\\/i.ytimg.com\\\/vi\\\/IPSuFoPB1dU\\\/sddefault.jpg&quot;}\" data-video-id=\"IPSuFoPB1dU\"  data-user=\"Instituto Ame Sua Mente\" data-url=\"https:\/\/www.youtube.com\/watch?v=IPSuFoPB1dU\" data-avatar=\"\" data-title=\"\" data-video-title=\"Rodrigo Bressan - Prevenc\u0327a\u0303o Essencial na Juventude\" data-channel-id=\"UCVzDV6uqfZIxgHZvgeMlCyg\" data-views=\"28 views\" data-published-date=\"1750068033\" data-formatted-published-date=\"16 de June de 2025 07:00\" data-comment-count=\"0\">\n                <img decoding=\"async\" src=\"https:\/\/www.amesuamente.org.br\/en\/wp-content\/plugins\/youtube-feed-pro\/img\/placeholder.png\" alt=\"\">\n                \n                <div class=\"sby_thumbnail_hover sby_item_video_thumbnail_hover\">\n                    <div class=\"sby_thumbnail_hover_inner\">\n                        \n                        \n                        \n                        \n                                            <\/div>\n                <\/div>\n\n                <span class=\"sby-screenreader\">YouTube Video UEx0Q0tvVE9zX3Rkb002eHowWTNDYV9aZ3F6Mi1jUURmYi4yM0EyQ0U1M0I2RkIwNTQ0<\/span>\n                                    <div class=\"sby_play_btn\" >\n                        <span class=\"sby_play_btn_bg\"><\/span>\n                    <svg aria-hidden=\"true\" focusable=\"false\" data-prefix=\"fab\" data-icon=\"youtube\" role=\"img\" xmlns=\"http:\/\/www.w3.org\/2000\/svg\" viewBox=\"0 0 576 512\" class=\"svg-inline--fa fa-youtube fa-w-18\"><path fill=\"currentColor\" d=\"M549.655 124.083c-6.281-23.65-24.787-42.276-48.284-48.597C458.781 64 288 64 288 64S117.22 64 74.629 75.486c-23.497 6.322-42.003 24.947-48.284 48.597-11.412 42.867-11.412 132.305-11.412 132.305s0 89.438 11.412 132.305c6.281 23.65 24.787 41.5 48.284 47.821C117.22 448 288 448 288 448s170.78 0 213.371-11.486c23.497-6.321 42.003-24.171 48.284-47.821 11.412-42.867 11.412-132.305 11.412-132.305s0-89.438-11.412-132.305zm-317.51 213.508V175.185l142.739 81.205-142.739 81.201z\" class=\"\"><\/path><\/svg>                    <\/div>\n                                <span class=\"sby_loader sby_hidden\" style=\"background-color: rgb(255, 255, 255);\"><\/span>\n            <\/a>\n\n            \n        <\/div>\n\n        \n<div class=\"sby_info sby_info_item\">\n\t<div class=\"sby-video-info-bottom\">\n\t\t<div class=\"sby-video-info\">\n\t\t\t\t\t\t\t<p class=\"sby_video_title_wrap\" >\n\t\t\t\t\t<span class=\"sby_video_title\">Rodrigo Bressan - Prevenc\u0327a\u0303o Essencial na Juventude<\/span>\n\t\t\t\t<\/p>\n\t\t\t\n\t\t\t\n\t\t\t\n\t\t\t\n\t\t\t\t\t<\/div>\n\n\t\t\t\t\t\t\t\t<\/div>\n<\/div>    <\/div>\n<\/div><div class=\"sby_item  sby_new sby_transition\" id=\"sby_UEx0Q0tvVE9zX3Rkb002eHowWTNDYV9aZ3F6Mi1jUURmYi5DQjg2RDQyMEVGQkZFOEVF\" data-date=\"1740609654\" data-video-id=\"1SPX8RJpcTY\" data-video-title=\"Cuidar do Corpo e da Mente  - Dicas Pra\u0301ticas\" data-live-date=\"0\" data-channel-id=\"UCVzDV6uqfZIxgHZvgeMlCyg\" >\n    <div class=\"sby_inner_item\">\n        <div class=\"sby_video_thumbnail_wrap sby_item_video_thumbnail_wrap\">\n            <a class=\"sby_video_thumbnail sby_item_video_thumbnail\" style=\"background-image:url(https:\/\/www.amesuamente.org.br\/en\/wp-content\/plugins\/youtube-feed-pro\/img\/placeholder.png)\" href=\"https:\/\/www.youtube.com\/watch?v=1SPX8RJpcTY\" target=\"_blank\" rel=\"noopener\" data-full-res=\"https:\/\/i.ytimg.com\/vi\/1SPX8RJpcTY\/maxresdefault.jpg\" data-img-src-set=\"{&quot;120&quot;:&quot;https:\\\/\\\/i.ytimg.com\\\/vi\\\/1SPX8RJpcTY\\\/default.jpg&quot;,&quot;320&quot;:&quot;https:\\\/\\\/i.ytimg.com\\\/vi\\\/1SPX8RJpcTY\\\/mqdefault.jpg&quot;,&quot;480&quot;:&quot;https:\\\/\\\/i.ytimg.com\\\/vi\\\/1SPX8RJpcTY\\\/hqdefault.jpg&quot;,&quot;640&quot;:&quot;https:\\\/\\\/i.ytimg.com\\\/vi\\\/1SPX8RJpcTY\\\/sddefault.jpg&quot;}\" data-video-id=\"1SPX8RJpcTY\"  data-user=\"Instituto Ame Sua Mente\" data-url=\"https:\/\/www.youtube.com\/watch?v=1SPX8RJpcTY\" data-avatar=\"\" data-title=\"\" data-video-title=\"Cuidar do Corpo e da Mente  - Dicas Pra\u0301ticas\" data-channel-id=\"UCVzDV6uqfZIxgHZvgeMlCyg\" data-views=\"133 views\" data-published-date=\"1740609654\" data-formatted-published-date=\"26 de February de 2025 19:40\" data-comment-count=\"0\">\n                <img decoding=\"async\" src=\"https:\/\/www.amesuamente.org.br\/en\/wp-content\/plugins\/youtube-feed-pro\/img\/placeholder.png\" alt=\"\">\n                \n                <div class=\"sby_thumbnail_hover sby_item_video_thumbnail_hover\">\n                    <div class=\"sby_thumbnail_hover_inner\">\n                        \n                        \n                        \n                        \n                                            <\/div>\n                <\/div>\n\n                <span class=\"sby-screenreader\">YouTube Video UEx0Q0tvVE9zX3Rkb002eHowWTNDYV9aZ3F6Mi1jUURmYi5DQjg2RDQyMEVGQkZFOEVF<\/span>\n                                    <div class=\"sby_play_btn\" >\n                        <span class=\"sby_play_btn_bg\"><\/span>\n                    <svg aria-hidden=\"true\" focusable=\"false\" data-prefix=\"fab\" data-icon=\"youtube\" role=\"img\" xmlns=\"http:\/\/www.w3.org\/2000\/svg\" viewBox=\"0 0 576 512\" class=\"svg-inline--fa fa-youtube fa-w-18\"><path fill=\"currentColor\" d=\"M549.655 124.083c-6.281-23.65-24.787-42.276-48.284-48.597C458.781 64 288 64 288 64S117.22 64 74.629 75.486c-23.497 6.322-42.003 24.947-48.284 48.597-11.412 42.867-11.412 132.305-11.412 132.305s0 89.438 11.412 132.305c6.281 23.65 24.787 41.5 48.284 47.821C117.22 448 288 448 288 448s170.78 0 213.371-11.486c23.497-6.321 42.003-24.171 48.284-47.821 11.412-42.867 11.412-132.305 11.412-132.305s0-89.438-11.412-132.305zm-317.51 213.508V175.185l142.739 81.205-142.739 81.201z\" class=\"\"><\/path><\/svg>                    <\/div>\n                                <span class=\"sby_loader sby_hidden\" style=\"background-color: rgb(255, 255, 255);\"><\/span>\n            <\/a>\n\n            \n        <\/div>\n\n        \n<div class=\"sby_info sby_info_item\">\n\t<div class=\"sby-video-info-bottom\">\n\t\t<div class=\"sby-video-info\">\n\t\t\t\t\t\t\t<p class=\"sby_video_title_wrap\" >\n\t\t\t\t\t<span class=\"sby_video_title\">Cuidar do Corpo e da Mente  - Dicas Pra\u0301ticas<\/span>\n\t\t\t\t<\/p>\n\t\t\t\n\t\t\t\n\t\t\t\n\t\t\t\n\t\t\t\t\t<\/div>\n\n\t\t\t\t\t\t\t\t<\/div>\n<\/div>    <\/div>\n<\/div><div class=\"sby_item  sby_new sby_transition\" id=\"sby_UEx0Q0tvVE9zX3Rkb002eHowWTNDYV9aZ3F6Mi1jUURmYi4wQUE0QzM4MkJGQ0YwQjUx\" data-date=\"1740609601\" data-video-id=\"vKAHIYLAfQ4\" data-video-title=\"Sintomas e Impacto da Tristeza, Estresse e Ansiedade na Sau\u0301de Mental\" data-live-date=\"0\" data-channel-id=\"UCVzDV6uqfZIxgHZvgeMlCyg\" >\n    <div class=\"sby_inner_item\">\n        <div class=\"sby_video_thumbnail_wrap sby_item_video_thumbnail_wrap\">\n            <a class=\"sby_video_thumbnail sby_item_video_thumbnail\" style=\"background-image:url(https:\/\/www.amesuamente.org.br\/en\/wp-content\/plugins\/youtube-feed-pro\/img\/placeholder.png)\" href=\"https:\/\/www.youtube.com\/watch?v=vKAHIYLAfQ4\" target=\"_blank\" rel=\"noopener\" data-full-res=\"https:\/\/i.ytimg.com\/vi\/vKAHIYLAfQ4\/maxresdefault.jpg\" data-img-src-set=\"{&quot;120&quot;:&quot;https:\\\/\\\/i.ytimg.com\\\/vi\\\/vKAHIYLAfQ4\\\/default.jpg&quot;,&quot;320&quot;:&quot;https:\\\/\\\/i.ytimg.com\\\/vi\\\/vKAHIYLAfQ4\\\/mqdefault.jpg&quot;,&quot;480&quot;:&quot;https:\\\/\\\/i.ytimg.com\\\/vi\\\/vKAHIYLAfQ4\\\/hqdefault.jpg&quot;,&quot;640&quot;:&quot;https:\\\/\\\/i.ytimg.com\\\/vi\\\/vKAHIYLAfQ4\\\/sddefault.jpg&quot;}\" data-video-id=\"vKAHIYLAfQ4\"  data-user=\"Instituto Ame Sua Mente\" data-url=\"https:\/\/www.youtube.com\/watch?v=vKAHIYLAfQ4\" data-avatar=\"\" data-title=\"\" data-video-title=\"Sintomas e Impacto da Tristeza, Estresse e Ansiedade na Sau\u0301de Mental\" data-channel-id=\"UCVzDV6uqfZIxgHZvgeMlCyg\" data-views=\"51 views\" data-published-date=\"1740609601\" data-formatted-published-date=\"26 de February de 2025 19:40\" data-comment-count=\"0\">\n                <img decoding=\"async\" src=\"https:\/\/www.amesuamente.org.br\/en\/wp-content\/plugins\/youtube-feed-pro\/img\/placeholder.png\" alt=\"\">\n                \n                <div class=\"sby_thumbnail_hover sby_item_video_thumbnail_hover\">\n                    <div class=\"sby_thumbnail_hover_inner\">\n                        \n                        \n                        \n                        \n                                            <\/div>\n                <\/div>\n\n                <span class=\"sby-screenreader\">YouTube Video UEx0Q0tvVE9zX3Rkb002eHowWTNDYV9aZ3F6Mi1jUURmYi4wQUE0QzM4MkJGQ0YwQjUx<\/span>\n                                    <div class=\"sby_play_btn\" >\n                        <span class=\"sby_play_btn_bg\"><\/span>\n                    <svg aria-hidden=\"true\" focusable=\"false\" data-prefix=\"fab\" data-icon=\"youtube\" role=\"img\" xmlns=\"http:\/\/www.w3.org\/2000\/svg\" viewBox=\"0 0 576 512\" class=\"svg-inline--fa fa-youtube fa-w-18\"><path fill=\"currentColor\" d=\"M549.655 124.083c-6.281-23.65-24.787-42.276-48.284-48.597C458.781 64 288 64 288 64S117.22 64 74.629 75.486c-23.497 6.322-42.003 24.947-48.284 48.597-11.412 42.867-11.412 132.305-11.412 132.305s0 89.438 11.412 132.305c6.281 23.65 24.787 41.5 48.284 47.821C117.22 448 288 448 288 448s170.78 0 213.371-11.486c23.497-6.321 42.003-24.171 48.284-47.821 11.412-42.867 11.412-132.305 11.412-132.305s0-89.438-11.412-132.305zm-317.51 213.508V175.185l142.739 81.205-142.739 81.201z\" class=\"\"><\/path><\/svg>                    <\/div>\n                                <span class=\"sby_loader sby_hidden\" style=\"background-color: rgb(255, 255, 255);\"><\/span>\n            <\/a>\n\n            \n        <\/div>\n\n        \n<div class=\"sby_info sby_info_item\">\n\t<div class=\"sby-video-info-bottom\">\n\t\t<div class=\"sby-video-info\">\n\t\t\t\t\t\t\t<p class=\"sby_video_title_wrap\" >\n\t\t\t\t\t<span class=\"sby_video_title\">Sintomas e Impacto da Tristeza, Estresse e Ansiedade na Sau\u0301de Mental<\/span>\n\t\t\t\t<\/p>\n\t\t\t\n\t\t\t\n\t\t\t\n\t\t\t\n\t\t\t\t\t<\/div>\n\n\t\t\t\t\t\t\t\t<\/div>\n<\/div>    <\/div>\n<\/div><div class=\"sby_item  sby_new sby_transition\" id=\"sby_UEx0Q0tvVE9zX3Rkb002eHowWTNDYV9aZ3F6Mi1jUURmYi5GMDBDNkJGMzYzREUyMTYw\" data-date=\"1740609531\" data-video-id=\"hkIIYXAD3bU\" data-video-title=\"Priorize Seu Sono -  A Importa\u0302ncia da Melatonina\" data-live-date=\"0\" data-channel-id=\"UCVzDV6uqfZIxgHZvgeMlCyg\" >\n    <div class=\"sby_inner_item\">\n        <div class=\"sby_video_thumbnail_wrap sby_item_video_thumbnail_wrap\">\n            <a class=\"sby_video_thumbnail sby_item_video_thumbnail\" style=\"background-image:url(https:\/\/www.amesuamente.org.br\/en\/wp-content\/plugins\/youtube-feed-pro\/img\/placeholder.png)\" href=\"https:\/\/www.youtube.com\/watch?v=hkIIYXAD3bU\" target=\"_blank\" rel=\"noopener\" data-full-res=\"https:\/\/i.ytimg.com\/vi\/hkIIYXAD3bU\/maxresdefault.jpg\" data-img-src-set=\"{&quot;120&quot;:&quot;https:\\\/\\\/i.ytimg.com\\\/vi\\\/hkIIYXAD3bU\\\/default.jpg&quot;,&quot;320&quot;:&quot;https:\\\/\\\/i.ytimg.com\\\/vi\\\/hkIIYXAD3bU\\\/mqdefault.jpg&quot;,&quot;480&quot;:&quot;https:\\\/\\\/i.ytimg.com\\\/vi\\\/hkIIYXAD3bU\\\/hqdefault.jpg&quot;,&quot;640&quot;:&quot;https:\\\/\\\/i.ytimg.com\\\/vi\\\/hkIIYXAD3bU\\\/sddefault.jpg&quot;}\" data-video-id=\"hkIIYXAD3bU\"  data-user=\"Instituto Ame Sua Mente\" data-url=\"https:\/\/www.youtube.com\/watch?v=hkIIYXAD3bU\" data-avatar=\"\" data-title=\"\" data-video-title=\"Priorize Seu Sono -  A Importa\u0302ncia da Melatonina\" data-channel-id=\"UCVzDV6uqfZIxgHZvgeMlCyg\" data-views=\"46 views\" data-published-date=\"1740609531\" data-formatted-published-date=\"26 de February de 2025 19:38\" data-comment-count=\"0\">\n                <img decoding=\"async\" src=\"https:\/\/www.amesuamente.org.br\/en\/wp-content\/plugins\/youtube-feed-pro\/img\/placeholder.png\" alt=\"\">\n                \n                <div class=\"sby_thumbnail_hover sby_item_video_thumbnail_hover\">\n                    <div class=\"sby_thumbnail_hover_inner\">\n                        \n                        \n                        \n                        \n                                            <\/div>\n                <\/div>\n\n                <span class=\"sby-screenreader\">YouTube Video UEx0Q0tvVE9zX3Rkb002eHowWTNDYV9aZ3F6Mi1jUURmYi5GMDBDNkJGMzYzREUyMTYw<\/span>\n                                    <div class=\"sby_play_btn\" >\n                        <span class=\"sby_play_btn_bg\"><\/span>\n                    <svg aria-hidden=\"true\" focusable=\"false\" data-prefix=\"fab\" data-icon=\"youtube\" role=\"img\" xmlns=\"http:\/\/www.w3.org\/2000\/svg\" viewBox=\"0 0 576 512\" class=\"svg-inline--fa fa-youtube fa-w-18\"><path fill=\"currentColor\" d=\"M549.655 124.083c-6.281-23.65-24.787-42.276-48.284-48.597C458.781 64 288 64 288 64S117.22 64 74.629 75.486c-23.497 6.322-42.003 24.947-48.284 48.597-11.412 42.867-11.412 132.305-11.412 132.305s0 89.438 11.412 132.305c6.281 23.65 24.787 41.5 48.284 47.821C117.22 448 288 448 288 448s170.78 0 213.371-11.486c23.497-6.321 42.003-24.171 48.284-47.821 11.412-42.867 11.412-132.305 11.412-132.305s0-89.438-11.412-132.305zm-317.51 213.508V175.185l142.739 81.205-142.739 81.201z\" class=\"\"><\/path><\/svg>                    <\/div>\n                                <span class=\"sby_loader sby_hidden\" style=\"background-color: rgb(255, 255, 255);\"><\/span>\n            <\/a>\n\n            \n        <\/div>\n\n        \n<div class=\"sby_info sby_info_item\">\n\t<div class=\"sby-video-info-bottom\">\n\t\t<div class=\"sby-video-info\">\n\t\t\t\t\t\t\t<p class=\"sby_video_title_wrap\" >\n\t\t\t\t\t<span class=\"sby_video_title\">Priorize Seu Sono -  A Importa\u0302ncia da Melatonina<\/span>\n\t\t\t\t<\/p>\n\t\t\t\n\t\t\t\n\t\t\t\n\t\t\t\n\t\t\t\t\t<\/div>\n\n\t\t\t\t\t\t\t\t<\/div>\n<\/div>    <\/div>\n<\/div><div class=\"sby_item  sby_new sby_transition\" id=\"sby_UEx0Q0tvVE9zX3Rkb002eHowWTNDYV9aZ3F6Mi1jUURmYi5CMUM0NzY5NzdEQzlGRjAx\" data-date=\"1740609478\" data-video-id=\"RthQi-J8KOA\" data-video-title=\"Libere Seus Medos -  Fale Sobre Sau\u0301de Mental!\" data-live-date=\"0\" data-channel-id=\"UCVzDV6uqfZIxgHZvgeMlCyg\" >\n    <div class=\"sby_inner_item\">\n        <div class=\"sby_video_thumbnail_wrap sby_item_video_thumbnail_wrap\">\n            <a class=\"sby_video_thumbnail sby_item_video_thumbnail\" style=\"background-image:url(https:\/\/www.amesuamente.org.br\/en\/wp-content\/plugins\/youtube-feed-pro\/img\/placeholder.png)\" href=\"https:\/\/www.youtube.com\/watch?v=RthQi-J8KOA\" target=\"_blank\" rel=\"noopener\" data-full-res=\"https:\/\/i.ytimg.com\/vi\/RthQi-J8KOA\/maxresdefault.jpg\" data-img-src-set=\"{&quot;120&quot;:&quot;https:\\\/\\\/i.ytimg.com\\\/vi\\\/RthQi-J8KOA\\\/default.jpg&quot;,&quot;320&quot;:&quot;https:\\\/\\\/i.ytimg.com\\\/vi\\\/RthQi-J8KOA\\\/mqdefault.jpg&quot;,&quot;480&quot;:&quot;https:\\\/\\\/i.ytimg.com\\\/vi\\\/RthQi-J8KOA\\\/hqdefault.jpg&quot;,&quot;640&quot;:&quot;https:\\\/\\\/i.ytimg.com\\\/vi\\\/RthQi-J8KOA\\\/sddefault.jpg&quot;}\" data-video-id=\"RthQi-J8KOA\"  data-user=\"Instituto Ame Sua Mente\" data-url=\"https:\/\/www.youtube.com\/watch?v=RthQi-J8KOA\" data-avatar=\"\" data-title=\"\" data-video-title=\"Libere Seus Medos -  Fale Sobre Sau\u0301de Mental!\" data-channel-id=\"UCVzDV6uqfZIxgHZvgeMlCyg\" data-views=\"27 views\" data-published-date=\"1740609478\" data-formatted-published-date=\"26 de February de 2025 19:37\" data-comment-count=\"0\">\n                <img decoding=\"async\" src=\"https:\/\/www.amesuamente.org.br\/en\/wp-content\/plugins\/youtube-feed-pro\/img\/placeholder.png\" alt=\"\">\n                \n                <div class=\"sby_thumbnail_hover sby_item_video_thumbnail_hover\">\n                    <div class=\"sby_thumbnail_hover_inner\">\n                        \n                        \n                        \n                        \n                                            <\/div>\n                <\/div>\n\n                <span class=\"sby-screenreader\">YouTube Video UEx0Q0tvVE9zX3Rkb002eHowWTNDYV9aZ3F6Mi1jUURmYi5CMUM0NzY5NzdEQzlGRjAx<\/span>\n                                    <div class=\"sby_play_btn\" >\n                        <span class=\"sby_play_btn_bg\"><\/span>\n                    <svg aria-hidden=\"true\" focusable=\"false\" data-prefix=\"fab\" data-icon=\"youtube\" role=\"img\" xmlns=\"http:\/\/www.w3.org\/2000\/svg\" viewBox=\"0 0 576 512\" class=\"svg-inline--fa fa-youtube fa-w-18\"><path fill=\"currentColor\" d=\"M549.655 124.083c-6.281-23.65-24.787-42.276-48.284-48.597C458.781 64 288 64 288 64S117.22 64 74.629 75.486c-23.497 6.322-42.003 24.947-48.284 48.597-11.412 42.867-11.412 132.305-11.412 132.305s0 89.438 11.412 132.305c6.281 23.65 24.787 41.5 48.284 47.821C117.22 448 288 448 288 448s170.78 0 213.371-11.486c23.497-6.321 42.003-24.171 48.284-47.821 11.412-42.867 11.412-132.305 11.412-132.305s0-89.438-11.412-132.305zm-317.51 213.508V175.185l142.739 81.205-142.739 81.201z\" class=\"\"><\/path><\/svg>                    <\/div>\n                                <span class=\"sby_loader sby_hidden\" style=\"background-color: rgb(255, 255, 255);\"><\/span>\n            <\/a>\n\n            \n        <\/div>\n\n        \n<div class=\"sby_info sby_info_item\">\n\t<div class=\"sby-video-info-bottom\">\n\t\t<div class=\"sby-video-info\">\n\t\t\t\t\t\t\t<p class=\"sby_video_title_wrap\" >\n\t\t\t\t\t<span class=\"sby_video_title\">Libere Seus Medos -  Fale Sobre Sau\u0301de Mental!<\/span>\n\t\t\t\t<\/p>\n\t\t\t\n\t\t\t\n\t\t\t\n\t\t\t\n\t\t\t\t\t<\/div>\n\n\t\t\t\t\t\t\t\t<\/div>\n<\/div>    <\/div>\n<\/div><div class=\"sby_item  sby_new sby_transition\" id=\"sby_UEx0Q0tvVE9zX3Rkb002eHowWTNDYV9aZ3F6Mi1jUURmYi5EMzJDRTUwQjBEOUVFQzAw\" data-date=\"1740609429\" data-video-id=\"mTlpVil-lHI\" data-video-title=\"Validac\u0327a\u0303o Emocional  - Como Permitir Sentir e\u0301 Liberador\" data-live-date=\"0\" data-channel-id=\"UCVzDV6uqfZIxgHZvgeMlCyg\" >\n    <div class=\"sby_inner_item\">\n        <div class=\"sby_video_thumbnail_wrap sby_item_video_thumbnail_wrap\">\n            <a class=\"sby_video_thumbnail sby_item_video_thumbnail\" style=\"background-image:url(https:\/\/www.amesuamente.org.br\/en\/wp-content\/plugins\/youtube-feed-pro\/img\/placeholder.png)\" href=\"https:\/\/www.youtube.com\/watch?v=mTlpVil-lHI\" target=\"_blank\" rel=\"noopener\" data-full-res=\"https:\/\/i.ytimg.com\/vi\/mTlpVil-lHI\/maxresdefault.jpg\" data-img-src-set=\"{&quot;120&quot;:&quot;https:\\\/\\\/i.ytimg.com\\\/vi\\\/mTlpVil-lHI\\\/default.jpg&quot;,&quot;320&quot;:&quot;https:\\\/\\\/i.ytimg.com\\\/vi\\\/mTlpVil-lHI\\\/mqdefault.jpg&quot;,&quot;480&quot;:&quot;https:\\\/\\\/i.ytimg.com\\\/vi\\\/mTlpVil-lHI\\\/hqdefault.jpg&quot;,&quot;640&quot;:&quot;https:\\\/\\\/i.ytimg.com\\\/vi\\\/mTlpVil-lHI\\\/sddefault.jpg&quot;}\" data-video-id=\"mTlpVil-lHI\"  data-user=\"Instituto Ame Sua Mente\" data-url=\"https:\/\/www.youtube.com\/watch?v=mTlpVil-lHI\" data-avatar=\"\" data-title=\"\" data-video-title=\"Validac\u0327a\u0303o Emocional  - Como Permitir Sentir e\u0301 Liberador\" data-channel-id=\"UCVzDV6uqfZIxgHZvgeMlCyg\" data-views=\"48 views\" data-published-date=\"1740609429\" data-formatted-published-date=\"26 de February de 2025 19:37\" data-comment-count=\"0\">\n                <img decoding=\"async\" src=\"https:\/\/www.amesuamente.org.br\/en\/wp-content\/plugins\/youtube-feed-pro\/img\/placeholder.png\" alt=\"\">\n                \n                <div class=\"sby_thumbnail_hover sby_item_video_thumbnail_hover\">\n                    <div class=\"sby_thumbnail_hover_inner\">\n                        \n                        \n                        \n                        \n                                            <\/div>\n                <\/div>\n\n                <span class=\"sby-screenreader\">YouTube Video UEx0Q0tvVE9zX3Rkb002eHowWTNDYV9aZ3F6Mi1jUURmYi5EMzJDRTUwQjBEOUVFQzAw<\/span>\n                                    <div class=\"sby_play_btn\" >\n                        <span class=\"sby_play_btn_bg\"><\/span>\n                    <svg aria-hidden=\"true\" focusable=\"false\" data-prefix=\"fab\" data-icon=\"youtube\" role=\"img\" xmlns=\"http:\/\/www.w3.org\/2000\/svg\" viewBox=\"0 0 576 512\" class=\"svg-inline--fa fa-youtube fa-w-18\"><path fill=\"currentColor\" d=\"M549.655 124.083c-6.281-23.65-24.787-42.276-48.284-48.597C458.781 64 288 64 288 64S117.22 64 74.629 75.486c-23.497 6.322-42.003 24.947-48.284 48.597-11.412 42.867-11.412 132.305-11.412 132.305s0 89.438 11.412 132.305c6.281 23.65 24.787 41.5 48.284 47.821C117.22 448 288 448 288 448s170.78 0 213.371-11.486c23.497-6.321 42.003-24.171 48.284-47.821 11.412-42.867 11.412-132.305 11.412-132.305s0-89.438-11.412-132.305zm-317.51 213.508V175.185l142.739 81.205-142.739 81.201z\" class=\"\"><\/path><\/svg>                    <\/div>\n                                <span class=\"sby_loader sby_hidden\" style=\"background-color: rgb(255, 255, 255);\"><\/span>\n            <\/a>\n\n            \n        <\/div>\n\n        \n<div class=\"sby_info sby_info_item\">\n\t<div class=\"sby-video-info-bottom\">\n\t\t<div class=\"sby-video-info\">\n\t\t\t\t\t\t\t<p class=\"sby_video_title_wrap\" >\n\t\t\t\t\t<span class=\"sby_video_title\">Validac\u0327a\u0303o Emocional  - Como Permitir Sentir e\u0301 Liberador<\/span>\n\t\t\t\t<\/p>\n\t\t\t\n\t\t\t\n\t\t\t\n\t\t\t\n\t\t\t\t\t<\/div>\n\n\t\t\t\t\t\t\t\t<\/div>\n<\/div>    <\/div>\n<\/div><div class=\"sby_item  sby_new sby_transition\" id=\"sby_UEx0Q0tvVE9zX3Rkb002eHowWTNDYV9aZ3F6Mi1jUURmYi40NzE2MTY1QTM3RUI3QkU3\" data-date=\"1740609375\" data-video-id=\"kG9eD9XyiPI\" data-video-title=\"O Poder do Autoconhecimento na Sala de Aula\" data-live-date=\"0\" data-channel-id=\"UCVzDV6uqfZIxgHZvgeMlCyg\" >\n    <div class=\"sby_inner_item\">\n        <div class=\"sby_video_thumbnail_wrap sby_item_video_thumbnail_wrap\">\n            <a class=\"sby_video_thumbnail sby_item_video_thumbnail\" style=\"background-image:url(https:\/\/www.amesuamente.org.br\/en\/wp-content\/plugins\/youtube-feed-pro\/img\/placeholder.png)\" href=\"https:\/\/www.youtube.com\/watch?v=kG9eD9XyiPI\" target=\"_blank\" rel=\"noopener\" data-full-res=\"https:\/\/i.ytimg.com\/vi\/kG9eD9XyiPI\/maxresdefault.jpg\" data-img-src-set=\"{&quot;120&quot;:&quot;https:\\\/\\\/i.ytimg.com\\\/vi\\\/kG9eD9XyiPI\\\/default.jpg&quot;,&quot;320&quot;:&quot;https:\\\/\\\/i.ytimg.com\\\/vi\\\/kG9eD9XyiPI\\\/mqdefault.jpg&quot;,&quot;480&quot;:&quot;https:\\\/\\\/i.ytimg.com\\\/vi\\\/kG9eD9XyiPI\\\/hqdefault.jpg&quot;,&quot;640&quot;:&quot;https:\\\/\\\/i.ytimg.com\\\/vi\\\/kG9eD9XyiPI\\\/sddefault.jpg&quot;}\" data-video-id=\"kG9eD9XyiPI\"  data-user=\"Instituto Ame Sua Mente\" data-url=\"https:\/\/www.youtube.com\/watch?v=kG9eD9XyiPI\" data-avatar=\"\" data-title=\"\" data-video-title=\"O Poder do Autoconhecimento na Sala de Aula\" data-channel-id=\"UCVzDV6uqfZIxgHZvgeMlCyg\" data-views=\"53 views\" data-published-date=\"1740609375\" data-formatted-published-date=\"26 de February de 2025 19:36\" data-comment-count=\"0\">\n                <img decoding=\"async\" src=\"https:\/\/www.amesuamente.org.br\/en\/wp-content\/plugins\/youtube-feed-pro\/img\/placeholder.png\" alt=\"\">\n                \n                <div class=\"sby_thumbnail_hover sby_item_video_thumbnail_hover\">\n                    <div class=\"sby_thumbnail_hover_inner\">\n                        \n                        \n                        \n                        \n                                            <\/div>\n                <\/div>\n\n                <span class=\"sby-screenreader\">YouTube Video UEx0Q0tvVE9zX3Rkb002eHowWTNDYV9aZ3F6Mi1jUURmYi40NzE2MTY1QTM3RUI3QkU3<\/span>\n                                    <div class=\"sby_play_btn\" >\n                        <span class=\"sby_play_btn_bg\"><\/span>\n                    <svg aria-hidden=\"true\" focusable=\"false\" data-prefix=\"fab\" data-icon=\"youtube\" role=\"img\" xmlns=\"http:\/\/www.w3.org\/2000\/svg\" viewBox=\"0 0 576 512\" class=\"svg-inline--fa fa-youtube fa-w-18\"><path fill=\"currentColor\" d=\"M549.655 124.083c-6.281-23.65-24.787-42.276-48.284-48.597C458.781 64 288 64 288 64S117.22 64 74.629 75.486c-23.497 6.322-42.003 24.947-48.284 48.597-11.412 42.867-11.412 132.305-11.412 132.305s0 89.438 11.412 132.305c6.281 23.65 24.787 41.5 48.284 47.821C117.22 448 288 448 288 448s170.78 0 213.371-11.486c23.497-6.321 42.003-24.171 48.284-47.821 11.412-42.867 11.412-132.305 11.412-132.305s0-89.438-11.412-132.305zm-317.51 213.508V175.185l142.739 81.205-142.739 81.201z\" class=\"\"><\/path><\/svg>                    <\/div>\n                                <span class=\"sby_loader sby_hidden\" style=\"background-color: rgb(255, 255, 255);\"><\/span>\n            <\/a>\n\n            \n        <\/div>\n\n        \n<div class=\"sby_info sby_info_item\">\n\t<div class=\"sby-video-info-bottom\">\n\t\t<div class=\"sby-video-info\">\n\t\t\t\t\t\t\t<p class=\"sby_video_title_wrap\" >\n\t\t\t\t\t<span class=\"sby_video_title\">O Poder do Autoconhecimento na Sala de Aula<\/span>\n\t\t\t\t<\/p>\n\t\t\t\n\t\t\t\n\t\t\t\n\t\t\t\n\t\t\t\t\t<\/div>\n\n\t\t\t\t\t\t\t\t<\/div>\n<\/div>    <\/div>\n<\/div><div class=\"sby_item  sby_new sby_transition\" id=\"sby_UEx0Q0tvVE9zX3Rkb002eHowWTNDYV9aZ3F6Mi1jUURmYi44MkM2RjVEQkQ5N0I2MjVE\" data-date=\"1738178981\" data-video-id=\"70dHdOxx0g8\" data-video-title=\"Comportamentos que mudam pensamentos\" data-live-date=\"0\" data-channel-id=\"UCVzDV6uqfZIxgHZvgeMlCyg\" >\n    <div class=\"sby_inner_item\">\n        <div class=\"sby_video_thumbnail_wrap sby_item_video_thumbnail_wrap\">\n            <a class=\"sby_video_thumbnail sby_item_video_thumbnail\" style=\"background-image:url(https:\/\/www.amesuamente.org.br\/en\/wp-content\/plugins\/youtube-feed-pro\/img\/placeholder.png)\" href=\"https:\/\/www.youtube.com\/watch?v=70dHdOxx0g8\" target=\"_blank\" rel=\"noopener\" data-full-res=\"https:\/\/i.ytimg.com\/vi\/70dHdOxx0g8\/maxresdefault.jpg\" data-img-src-set=\"{&quot;120&quot;:&quot;https:\\\/\\\/i.ytimg.com\\\/vi\\\/70dHdOxx0g8\\\/default.jpg&quot;,&quot;320&quot;:&quot;https:\\\/\\\/i.ytimg.com\\\/vi\\\/70dHdOxx0g8\\\/mqdefault.jpg&quot;,&quot;480&quot;:&quot;https:\\\/\\\/i.ytimg.com\\\/vi\\\/70dHdOxx0g8\\\/hqdefault.jpg&quot;,&quot;640&quot;:&quot;https:\\\/\\\/i.ytimg.com\\\/vi\\\/70dHdOxx0g8\\\/sddefault.jpg&quot;}\" data-video-id=\"70dHdOxx0g8\"  data-user=\"Instituto Ame Sua Mente\" data-url=\"https:\/\/www.youtube.com\/watch?v=70dHdOxx0g8\" data-avatar=\"\" data-title=\"\" data-video-title=\"Comportamentos que mudam pensamentos\" data-channel-id=\"UCVzDV6uqfZIxgHZvgeMlCyg\" data-views=\"40 views\" data-published-date=\"1738178981\" data-formatted-published-date=\"29 de January de 2025 16:29\" data-comment-count=\"0\">\n                <img decoding=\"async\" src=\"https:\/\/www.amesuamente.org.br\/en\/wp-content\/plugins\/youtube-feed-pro\/img\/placeholder.png\" alt=\"\">\n                \n                <div class=\"sby_thumbnail_hover sby_item_video_thumbnail_hover\">\n                    <div class=\"sby_thumbnail_hover_inner\">\n                        \n                        \n                        \n                        \n                                            <\/div>\n                <\/div>\n\n                <span class=\"sby-screenreader\">YouTube Video UEx0Q0tvVE9zX3Rkb002eHowWTNDYV9aZ3F6Mi1jUURmYi44MkM2RjVEQkQ5N0I2MjVE<\/span>\n                                    <div class=\"sby_play_btn\" >\n                        <span class=\"sby_play_btn_bg\"><\/span>\n                    <svg aria-hidden=\"true\" focusable=\"false\" data-prefix=\"fab\" data-icon=\"youtube\" role=\"img\" xmlns=\"http:\/\/www.w3.org\/2000\/svg\" viewBox=\"0 0 576 512\" class=\"svg-inline--fa fa-youtube fa-w-18\"><path fill=\"currentColor\" d=\"M549.655 124.083c-6.281-23.65-24.787-42.276-48.284-48.597C458.781 64 288 64 288 64S117.22 64 74.629 75.486c-23.497 6.322-42.003 24.947-48.284 48.597-11.412 42.867-11.412 132.305-11.412 132.305s0 89.438 11.412 132.305c6.281 23.65 24.787 41.5 48.284 47.821C117.22 448 288 448 288 448s170.78 0 213.371-11.486c23.497-6.321 42.003-24.171 48.284-47.821 11.412-42.867 11.412-132.305 11.412-132.305s0-89.438-11.412-132.305zm-317.51 213.508V175.185l142.739 81.205-142.739 81.201z\" class=\"\"><\/path><\/svg>                    <\/div>\n                                <span class=\"sby_loader sby_hidden\" style=\"background-color: rgb(255, 255, 255);\"><\/span>\n            <\/a>\n\n            \n        <\/div>\n\n        \n<div class=\"sby_info sby_info_item\">\n\t<div class=\"sby-video-info-bottom\">\n\t\t<div class=\"sby-video-info\">\n\t\t\t\t\t\t\t<p class=\"sby_video_title_wrap\" >\n\t\t\t\t\t<span class=\"sby_video_title\">Comportamentos que mudam pensamentos<\/span>\n\t\t\t\t<\/p>\n\t\t\t\n\t\t\t\n\t\t\t\n\t\t\t\n\t\t\t\t\t<\/div>\n\n\t\t\t\t\t\t\t\t<\/div>\n<\/div>    <\/div>\n<\/div><div class=\"sby_item  sby_new sby_transition\" id=\"sby_UEx0Q0tvVE9zX3Rkb002eHowWTNDYV9aZ3F6Mi1jUURmYi44QTA1QTQyRTc3M0VGQzYx\" data-date=\"1738178935\" data-video-id=\"TIXKGARrotU\" data-video-title=\"Sau\u0301de Mental  - Desmistificando Preconceitos e Vergonhas\" data-live-date=\"0\" data-channel-id=\"UCVzDV6uqfZIxgHZvgeMlCyg\" >\n    <div class=\"sby_inner_item\">\n        <div class=\"sby_video_thumbnail_wrap sby_item_video_thumbnail_wrap\">\n            <a class=\"sby_video_thumbnail sby_item_video_thumbnail\" style=\"background-image:url(https:\/\/www.amesuamente.org.br\/en\/wp-content\/plugins\/youtube-feed-pro\/img\/placeholder.png)\" href=\"https:\/\/www.youtube.com\/watch?v=TIXKGARrotU\" target=\"_blank\" rel=\"noopener\" data-full-res=\"https:\/\/i.ytimg.com\/vi\/TIXKGARrotU\/maxresdefault.jpg\" data-img-src-set=\"{&quot;120&quot;:&quot;https:\\\/\\\/i.ytimg.com\\\/vi\\\/TIXKGARrotU\\\/default.jpg&quot;,&quot;320&quot;:&quot;https:\\\/\\\/i.ytimg.com\\\/vi\\\/TIXKGARrotU\\\/mqdefault.jpg&quot;,&quot;480&quot;:&quot;https:\\\/\\\/i.ytimg.com\\\/vi\\\/TIXKGARrotU\\\/hqdefault.jpg&quot;,&quot;640&quot;:&quot;https:\\\/\\\/i.ytimg.com\\\/vi\\\/TIXKGARrotU\\\/sddefault.jpg&quot;}\" data-video-id=\"TIXKGARrotU\"  data-user=\"Instituto Ame Sua Mente\" data-url=\"https:\/\/www.youtube.com\/watch?v=TIXKGARrotU\" data-avatar=\"\" data-title=\"\" data-video-title=\"Sau\u0301de Mental  - Desmistificando Preconceitos e Vergonhas\" data-channel-id=\"UCVzDV6uqfZIxgHZvgeMlCyg\" data-views=\"21 views\" data-published-date=\"1738178935\" data-formatted-published-date=\"29 de January de 2025 16:28\" data-comment-count=\"0\">\n                <img decoding=\"async\" src=\"https:\/\/www.amesuamente.org.br\/en\/wp-content\/plugins\/youtube-feed-pro\/img\/placeholder.png\" alt=\"\">\n                \n                <div class=\"sby_thumbnail_hover sby_item_video_thumbnail_hover\">\n                    <div class=\"sby_thumbnail_hover_inner\">\n                        \n                        \n                        \n                        \n                                            <\/div>\n                <\/div>\n\n                <span class=\"sby-screenreader\">YouTube Video UEx0Q0tvVE9zX3Rkb002eHowWTNDYV9aZ3F6Mi1jUURmYi44QTA1QTQyRTc3M0VGQzYx<\/span>\n                                    <div class=\"sby_play_btn\" >\n                        <span class=\"sby_play_btn_bg\"><\/span>\n                    <svg aria-hidden=\"true\" focusable=\"false\" data-prefix=\"fab\" data-icon=\"youtube\" role=\"img\" xmlns=\"http:\/\/www.w3.org\/2000\/svg\" viewBox=\"0 0 576 512\" class=\"svg-inline--fa fa-youtube fa-w-18\"><path fill=\"currentColor\" d=\"M549.655 124.083c-6.281-23.65-24.787-42.276-48.284-48.597C458.781 64 288 64 288 64S117.22 64 74.629 75.486c-23.497 6.322-42.003 24.947-48.284 48.597-11.412 42.867-11.412 132.305-11.412 132.305s0 89.438 11.412 132.305c6.281 23.65 24.787 41.5 48.284 47.821C117.22 448 288 448 288 448s170.78 0 213.371-11.486c23.497-6.321 42.003-24.171 48.284-47.821 11.412-42.867 11.412-132.305 11.412-132.305s0-89.438-11.412-132.305zm-317.51 213.508V175.185l142.739 81.205-142.739 81.201z\" class=\"\"><\/path><\/svg>                    <\/div>\n                                <span class=\"sby_loader sby_hidden\" style=\"background-color: rgb(255, 255, 255);\"><\/span>\n            <\/a>\n\n            \n        <\/div>\n\n        \n<div class=\"sby_info sby_info_item\">\n\t<div class=\"sby-video-info-bottom\">\n\t\t<div class=\"sby-video-info\">\n\t\t\t\t\t\t\t<p class=\"sby_video_title_wrap\" >\n\t\t\t\t\t<span class=\"sby_video_title\">Sau\u0301de Mental  - Desmistificando Preconceitos e Vergonhas<\/span>\n\t\t\t\t<\/p>\n\t\t\t\n\t\t\t\n\t\t\t\n\t\t\t\n\t\t\t\t\t<\/div>\n\n\t\t\t\t\t\t\t\t<\/div>\n<\/div>    <\/div>\n<\/div><div class=\"sby_item  sby_new sby_transition\" id=\"sby_UEx0Q0tvVE9zX3Rkb002eHowWTNDYV9aZ3F6Mi1jUURmYi4wMDFGNzBEOTU4Q0Y1Q0RG\" data-date=\"1738178825\" data-video-id=\"DqGtuSoWkv0\" data-video-title=\"Mudanc\u0327as na Sau\u0301de Mental  - Como Prevenir Sintomas?\" data-live-date=\"0\" data-channel-id=\"UCVzDV6uqfZIxgHZvgeMlCyg\" >\n    <div class=\"sby_inner_item\">\n        <div class=\"sby_video_thumbnail_wrap sby_item_video_thumbnail_wrap\">\n            <a class=\"sby_video_thumbnail sby_item_video_thumbnail\" style=\"background-image:url(https:\/\/www.amesuamente.org.br\/en\/wp-content\/plugins\/youtube-feed-pro\/img\/placeholder.png)\" href=\"https:\/\/www.youtube.com\/watch?v=DqGtuSoWkv0\" target=\"_blank\" rel=\"noopener\" data-full-res=\"https:\/\/i.ytimg.com\/vi\/DqGtuSoWkv0\/maxresdefault.jpg\" data-img-src-set=\"{&quot;120&quot;:&quot;https:\\\/\\\/i.ytimg.com\\\/vi\\\/DqGtuSoWkv0\\\/default.jpg&quot;,&quot;320&quot;:&quot;https:\\\/\\\/i.ytimg.com\\\/vi\\\/DqGtuSoWkv0\\\/mqdefault.jpg&quot;,&quot;480&quot;:&quot;https:\\\/\\\/i.ytimg.com\\\/vi\\\/DqGtuSoWkv0\\\/hqdefault.jpg&quot;,&quot;640&quot;:&quot;https:\\\/\\\/i.ytimg.com\\\/vi\\\/DqGtuSoWkv0\\\/sddefault.jpg&quot;}\" data-video-id=\"DqGtuSoWkv0\"  data-user=\"Instituto Ame Sua Mente\" data-url=\"https:\/\/www.youtube.com\/watch?v=DqGtuSoWkv0\" data-avatar=\"\" data-title=\"\" data-video-title=\"Mudanc\u0327as na Sau\u0301de Mental  - Como Prevenir Sintomas?\" data-channel-id=\"UCVzDV6uqfZIxgHZvgeMlCyg\" data-views=\"32 views\" data-published-date=\"1738178825\" data-formatted-published-date=\"29 de January de 2025 16:27\" data-comment-count=\"0\">\n                <img decoding=\"async\" src=\"https:\/\/www.amesuamente.org.br\/en\/wp-content\/plugins\/youtube-feed-pro\/img\/placeholder.png\" alt=\"\">\n                \n                <div class=\"sby_thumbnail_hover sby_item_video_thumbnail_hover\">\n                    <div class=\"sby_thumbnail_hover_inner\">\n                        \n                        \n                        \n                        \n                                            <\/div>\n                <\/div>\n\n                <span class=\"sby-screenreader\">YouTube Video UEx0Q0tvVE9zX3Rkb002eHowWTNDYV9aZ3F6Mi1jUURmYi4wMDFGNzBEOTU4Q0Y1Q0RG<\/span>\n                                    <div class=\"sby_play_btn\" >\n                        <span class=\"sby_play_btn_bg\"><\/span>\n                    <svg aria-hidden=\"true\" focusable=\"false\" data-prefix=\"fab\" data-icon=\"youtube\" role=\"img\" xmlns=\"http:\/\/www.w3.org\/2000\/svg\" viewBox=\"0 0 576 512\" class=\"svg-inline--fa fa-youtube fa-w-18\"><path fill=\"currentColor\" d=\"M549.655 124.083c-6.281-23.65-24.787-42.276-48.284-48.597C458.781 64 288 64 288 64S117.22 64 74.629 75.486c-23.497 6.322-42.003 24.947-48.284 48.597-11.412 42.867-11.412 132.305-11.412 132.305s0 89.438 11.412 132.305c6.281 23.65 24.787 41.5 48.284 47.821C117.22 448 288 448 288 448s170.78 0 213.371-11.486c23.497-6.321 42.003-24.171 48.284-47.821 11.412-42.867 11.412-132.305 11.412-132.305s0-89.438-11.412-132.305zm-317.51 213.508V175.185l142.739 81.205-142.739 81.201z\" class=\"\"><\/path><\/svg>                    <\/div>\n                                <span class=\"sby_loader sby_hidden\" style=\"background-color: rgb(255, 255, 255);\"><\/span>\n            <\/a>\n\n            \n        <\/div>\n\n        \n<div class=\"sby_info sby_info_item\">\n\t<div class=\"sby-video-info-bottom\">\n\t\t<div class=\"sby-video-info\">\n\t\t\t\t\t\t\t<p class=\"sby_video_title_wrap\" >\n\t\t\t\t\t<span class=\"sby_video_title\">Mudanc\u0327as na Sau\u0301de Mental  - Como Prevenir Sintomas?<\/span>\n\t\t\t\t<\/p>\n\t\t\t\n\t\t\t\n\t\t\t\n\t\t\t\n\t\t\t\t\t<\/div>\n\n\t\t\t\t\t\t\t\t<\/div>\n<\/div>    <\/div>\n<\/div><div class=\"sby_item  sby_new sby_transition\" id=\"sby_UEx0Q0tvVE9zX3Rkb002eHowWTNDYV9aZ3F6Mi1jUURmYi4xNTZBNUQxMDZBQzFGMjkw\" data-date=\"1722264913\" data-video-id=\"8NqyzER5zyc\" data-video-title=\"\u00c9 verdade que o vape pode ser t\u00e3o ou mais prejudicial do que o cigarro?\" data-live-date=\"0\" data-channel-id=\"UCVzDV6uqfZIxgHZvgeMlCyg\" >\n    <div class=\"sby_inner_item\">\n        <div class=\"sby_video_thumbnail_wrap sby_item_video_thumbnail_wrap\">\n            <a class=\"sby_video_thumbnail sby_item_video_thumbnail\" style=\"background-image:url(https:\/\/www.amesuamente.org.br\/en\/wp-content\/plugins\/youtube-feed-pro\/img\/placeholder.png)\" href=\"https:\/\/www.youtube.com\/watch?v=8NqyzER5zyc\" target=\"_blank\" rel=\"noopener\" data-full-res=\"https:\/\/i.ytimg.com\/vi\/8NqyzER5zyc\/maxresdefault.jpg\" data-img-src-set=\"{&quot;120&quot;:&quot;https:\\\/\\\/i.ytimg.com\\\/vi\\\/8NqyzER5zyc\\\/default.jpg&quot;,&quot;320&quot;:&quot;https:\\\/\\\/i.ytimg.com\\\/vi\\\/8NqyzER5zyc\\\/mqdefault.jpg&quot;,&quot;480&quot;:&quot;https:\\\/\\\/i.ytimg.com\\\/vi\\\/8NqyzER5zyc\\\/hqdefault.jpg&quot;,&quot;640&quot;:&quot;https:\\\/\\\/i.ytimg.com\\\/vi\\\/8NqyzER5zyc\\\/sddefault.jpg&quot;}\" data-video-id=\"8NqyzER5zyc\"  data-user=\"Instituto Ame Sua Mente\" data-url=\"https:\/\/www.youtube.com\/watch?v=8NqyzER5zyc\" data-avatar=\"\" data-title=\"\" data-video-title=\"\u00c9 verdade que o vape pode ser t\u00e3o ou mais prejudicial do que o cigarro?\" data-channel-id=\"UCVzDV6uqfZIxgHZvgeMlCyg\" data-views=\"178 views\" data-published-date=\"1722264913\" data-formatted-published-date=\"29 de July de 2024 11:55\" data-comment-count=\"0\">\n                <img decoding=\"async\" src=\"https:\/\/www.amesuamente.org.br\/en\/wp-content\/plugins\/youtube-feed-pro\/img\/placeholder.png\" alt=\"\">\n                \n                <div class=\"sby_thumbnail_hover sby_item_video_thumbnail_hover\">\n                    <div class=\"sby_thumbnail_hover_inner\">\n                        \n                        \n                        \n                        \n                                            <\/div>\n                <\/div>\n\n                <span class=\"sby-screenreader\">YouTube Video UEx0Q0tvVE9zX3Rkb002eHowWTNDYV9aZ3F6Mi1jUURmYi4xNTZBNUQxMDZBQzFGMjkw<\/span>\n                                    <div class=\"sby_play_btn\" >\n                        <span class=\"sby_play_btn_bg\"><\/span>\n                    <svg aria-hidden=\"true\" focusable=\"false\" data-prefix=\"fab\" data-icon=\"youtube\" role=\"img\" xmlns=\"http:\/\/www.w3.org\/2000\/svg\" viewBox=\"0 0 576 512\" class=\"svg-inline--fa fa-youtube fa-w-18\"><path fill=\"currentColor\" d=\"M549.655 124.083c-6.281-23.65-24.787-42.276-48.284-48.597C458.781 64 288 64 288 64S117.22 64 74.629 75.486c-23.497 6.322-42.003 24.947-48.284 48.597-11.412 42.867-11.412 132.305-11.412 132.305s0 89.438 11.412 132.305c6.281 23.65 24.787 41.5 48.284 47.821C117.22 448 288 448 288 448s170.78 0 213.371-11.486c23.497-6.321 42.003-24.171 48.284-47.821 11.412-42.867 11.412-132.305 11.412-132.305s0-89.438-11.412-132.305zm-317.51 213.508V175.185l142.739 81.205-142.739 81.201z\" class=\"\"><\/path><\/svg>                    <\/div>\n                                <span class=\"sby_loader sby_hidden\" style=\"background-color: rgb(255, 255, 255);\"><\/span>\n            <\/a>\n\n            \n        <\/div>\n\n        \n<div class=\"sby_info sby_info_item\">\n\t<div class=\"sby-video-info-bottom\">\n\t\t<div class=\"sby-video-info\">\n\t\t\t\t\t\t\t<p class=\"sby_video_title_wrap\" >\n\t\t\t\t\t<span class=\"sby_video_title\">\u00c9 verdade que o vape pode ser t\u00e3o ou mais prejudicial do que o cigarro?<\/span>\n\t\t\t\t<\/p>\n\t\t\t\n\t\t\t\n\t\t\t\n\t\t\t\n\t\t\t\t\t<\/div>\n\n\t\t\t\t\t\t\t\t<\/div>\n<\/div>    <\/div>\n<\/div><div class=\"sby_item  sby_new sby_transition\" id=\"sby_UEx0Q0tvVE9zX3Rkb002eHowWTNDYV9aZ3F6Mi1jUURmYi4xNjIyNEE0MDEyRDlCMjBE\" data-date=\"1722005829\" data-video-id=\"f6_qd8CITnw\" data-video-title=\"Porque devemos ensinar sobre emo\u00e7\u00f5es para as crian\u00e7as?\" data-live-date=\"0\" data-channel-id=\"UCVzDV6uqfZIxgHZvgeMlCyg\" >\n    <div class=\"sby_inner_item\">\n        <div class=\"sby_video_thumbnail_wrap sby_item_video_thumbnail_wrap\">\n            <a class=\"sby_video_thumbnail sby_item_video_thumbnail\" style=\"background-image:url(https:\/\/www.amesuamente.org.br\/en\/wp-content\/plugins\/youtube-feed-pro\/img\/placeholder.png)\" href=\"https:\/\/www.youtube.com\/watch?v=f6_qd8CITnw\" target=\"_blank\" rel=\"noopener\" data-full-res=\"https:\/\/i.ytimg.com\/vi\/f6_qd8CITnw\/maxresdefault.jpg\" data-img-src-set=\"{&quot;120&quot;:&quot;https:\\\/\\\/i.ytimg.com\\\/vi\\\/f6_qd8CITnw\\\/default.jpg&quot;,&quot;320&quot;:&quot;https:\\\/\\\/i.ytimg.com\\\/vi\\\/f6_qd8CITnw\\\/mqdefault.jpg&quot;,&quot;480&quot;:&quot;https:\\\/\\\/i.ytimg.com\\\/vi\\\/f6_qd8CITnw\\\/hqdefault.jpg&quot;,&quot;640&quot;:&quot;https:\\\/\\\/i.ytimg.com\\\/vi\\\/f6_qd8CITnw\\\/sddefault.jpg&quot;}\" data-video-id=\"f6_qd8CITnw\"  data-user=\"Instituto Ame Sua Mente\" data-url=\"https:\/\/www.youtube.com\/watch?v=f6_qd8CITnw\" data-avatar=\"\" data-title=\"\" data-video-title=\"Porque devemos ensinar sobre emo\u00e7\u00f5es para as crian\u00e7as?\" data-channel-id=\"UCVzDV6uqfZIxgHZvgeMlCyg\" data-views=\"123 views\" data-published-date=\"1722005829\" data-formatted-published-date=\"26 de July de 2024 11:57\" data-comment-count=\"0\">\n                <img decoding=\"async\" src=\"https:\/\/www.amesuamente.org.br\/en\/wp-content\/plugins\/youtube-feed-pro\/img\/placeholder.png\" alt=\"\">\n                \n                <div class=\"sby_thumbnail_hover sby_item_video_thumbnail_hover\">\n                    <div class=\"sby_thumbnail_hover_inner\">\n                        \n                        \n                        \n                        \n                                            <\/div>\n                <\/div>\n\n                <span class=\"sby-screenreader\">YouTube Video UEx0Q0tvVE9zX3Rkb002eHowWTNDYV9aZ3F6Mi1jUURmYi4xNjIyNEE0MDEyRDlCMjBE<\/span>\n                                    <div class=\"sby_play_btn\" >\n                        <span class=\"sby_play_btn_bg\"><\/span>\n                    <svg aria-hidden=\"true\" focusable=\"false\" data-prefix=\"fab\" data-icon=\"youtube\" role=\"img\" xmlns=\"http:\/\/www.w3.org\/2000\/svg\" viewBox=\"0 0 576 512\" class=\"svg-inline--fa fa-youtube fa-w-18\"><path fill=\"currentColor\" d=\"M549.655 124.083c-6.281-23.65-24.787-42.276-48.284-48.597C458.781 64 288 64 288 64S117.22 64 74.629 75.486c-23.497 6.322-42.003 24.947-48.284 48.597-11.412 42.867-11.412 132.305-11.412 132.305s0 89.438 11.412 132.305c6.281 23.65 24.787 41.5 48.284 47.821C117.22 448 288 448 288 448s170.78 0 213.371-11.486c23.497-6.321 42.003-24.171 48.284-47.821 11.412-42.867 11.412-132.305 11.412-132.305s0-89.438-11.412-132.305zm-317.51 213.508V175.185l142.739 81.205-142.739 81.201z\" class=\"\"><\/path><\/svg>                    <\/div>\n                                <span class=\"sby_loader sby_hidden\" style=\"background-color: rgb(255, 255, 255);\"><\/span>\n            <\/a>\n\n            \n        <\/div>\n\n        \n<div class=\"sby_info sby_info_item\">\n\t<div class=\"sby-video-info-bottom\">\n\t\t<div class=\"sby-video-info\">\n\t\t\t\t\t\t\t<p class=\"sby_video_title_wrap\" >\n\t\t\t\t\t<span class=\"sby_video_title\">Porque devemos ensinar sobre emo\u00e7\u00f5es para as crian\u00e7as?<\/span>\n\t\t\t\t<\/p>\n\t\t\t\n\t\t\t\n\t\t\t\n\t\t\t\n\t\t\t\t\t<\/div>\n\n\t\t\t\t\t\t\t\t<\/div>\n<\/div>    <\/div>\n<\/div><div class=\"sby_item  sby_new sby_transition\" id=\"sby_UEx0Q0tvVE9zX3Rkb002eHowWTNDYV9aZ3F6Mi1jUURmYi41OURENDc2NEM1MDI5Mjky\" data-date=\"1720815269\" data-video-id=\"eKu05S5YBFQ\" data-video-title=\"Qual a import\u00e2ncia do setembro amarelo?\" data-live-date=\"0\" data-channel-id=\"UCVzDV6uqfZIxgHZvgeMlCyg\" >\n    <div class=\"sby_inner_item\">\n        <div class=\"sby_video_thumbnail_wrap sby_item_video_thumbnail_wrap\">\n            <a class=\"sby_video_thumbnail sby_item_video_thumbnail\" style=\"background-image:url(https:\/\/www.amesuamente.org.br\/en\/wp-content\/plugins\/youtube-feed-pro\/img\/placeholder.png)\" href=\"https:\/\/www.youtube.com\/watch?v=eKu05S5YBFQ\" target=\"_blank\" rel=\"noopener\" data-full-res=\"https:\/\/i.ytimg.com\/vi\/eKu05S5YBFQ\/maxresdefault.jpg\" data-img-src-set=\"{&quot;120&quot;:&quot;https:\\\/\\\/i.ytimg.com\\\/vi\\\/eKu05S5YBFQ\\\/default.jpg&quot;,&quot;320&quot;:&quot;https:\\\/\\\/i.ytimg.com\\\/vi\\\/eKu05S5YBFQ\\\/mqdefault.jpg&quot;,&quot;480&quot;:&quot;https:\\\/\\\/i.ytimg.com\\\/vi\\\/eKu05S5YBFQ\\\/hqdefault.jpg&quot;,&quot;640&quot;:&quot;https:\\\/\\\/i.ytimg.com\\\/vi\\\/eKu05S5YBFQ\\\/sddefault.jpg&quot;}\" data-video-id=\"eKu05S5YBFQ\"  data-user=\"Instituto Ame Sua Mente\" data-url=\"https:\/\/www.youtube.com\/watch?v=eKu05S5YBFQ\" data-avatar=\"\" data-title=\"\" data-video-title=\"Qual a import\u00e2ncia do setembro amarelo?\" data-channel-id=\"UCVzDV6uqfZIxgHZvgeMlCyg\" data-views=\"183 views\" data-published-date=\"1720815269\" data-formatted-published-date=\"12 de July de 2024 17:14\" data-comment-count=\"0\">\n                <img decoding=\"async\" src=\"https:\/\/www.amesuamente.org.br\/en\/wp-content\/plugins\/youtube-feed-pro\/img\/placeholder.png\" alt=\"\">\n                \n                <div class=\"sby_thumbnail_hover sby_item_video_thumbnail_hover\">\n                    <div class=\"sby_thumbnail_hover_inner\">\n                        \n                        \n                        \n                        \n                                            <\/div>\n                <\/div>\n\n                <span class=\"sby-screenreader\">YouTube Video UEx0Q0tvVE9zX3Rkb002eHowWTNDYV9aZ3F6Mi1jUURmYi41OURENDc2NEM1MDI5Mjky<\/span>\n                                    <div class=\"sby_play_btn\" >\n                        <span class=\"sby_play_btn_bg\"><\/span>\n                    <svg aria-hidden=\"true\" focusable=\"false\" data-prefix=\"fab\" data-icon=\"youtube\" role=\"img\" xmlns=\"http:\/\/www.w3.org\/2000\/svg\" viewBox=\"0 0 576 512\" class=\"svg-inline--fa fa-youtube fa-w-18\"><path fill=\"currentColor\" d=\"M549.655 124.083c-6.281-23.65-24.787-42.276-48.284-48.597C458.781 64 288 64 288 64S117.22 64 74.629 75.486c-23.497 6.322-42.003 24.947-48.284 48.597-11.412 42.867-11.412 132.305-11.412 132.305s0 89.438 11.412 132.305c6.281 23.65 24.787 41.5 48.284 47.821C117.22 448 288 448 288 448s170.78 0 213.371-11.486c23.497-6.321 42.003-24.171 48.284-47.821 11.412-42.867 11.412-132.305 11.412-132.305s0-89.438-11.412-132.305zm-317.51 213.508V175.185l142.739 81.205-142.739 81.201z\" class=\"\"><\/path><\/svg>                    <\/div>\n                                <span class=\"sby_loader sby_hidden\" style=\"background-color: rgb(255, 255, 255);\"><\/span>\n            <\/a>\n\n            \n        <\/div>\n\n        \n<div class=\"sby_info sby_info_item\">\n\t<div class=\"sby-video-info-bottom\">\n\t\t<div class=\"sby-video-info\">\n\t\t\t\t\t\t\t<p class=\"sby_video_title_wrap\" >\n\t\t\t\t\t<span class=\"sby_video_title\">Qual a import\u00e2ncia do setembro amarelo?<\/span>\n\t\t\t\t<\/p>\n\t\t\t\n\t\t\t\n\t\t\t\n\t\t\t\n\t\t\t\t\t<\/div>\n\n\t\t\t\t\t\t\t\t<\/div>\n<\/div>    <\/div>\n<\/div><div class=\"sby_item  sby_new sby_transition\" id=\"sby_UEx0Q0tvVE9zX3Rkb002eHowWTNDYV9aZ3F6Mi1jUURmYi42MjYzMTMyQjA0QURCN0JF\" data-date=\"1720816020\" data-video-id=\"-UPgStG3Y3Y\" data-video-title=\"O que s\u00e3o drogas sint\u00e9ticas como a K9?\" data-live-date=\"0\" data-channel-id=\"UCVzDV6uqfZIxgHZvgeMlCyg\" >\n    <div class=\"sby_inner_item\">\n        <div class=\"sby_video_thumbnail_wrap sby_item_video_thumbnail_wrap\">\n            <a class=\"sby_video_thumbnail sby_item_video_thumbnail\" style=\"background-image:url(https:\/\/www.amesuamente.org.br\/en\/wp-content\/plugins\/youtube-feed-pro\/img\/placeholder.png)\" href=\"https:\/\/www.youtube.com\/watch?v=-UPgStG3Y3Y\" target=\"_blank\" rel=\"noopener\" data-full-res=\"https:\/\/i.ytimg.com\/vi\/-UPgStG3Y3Y\/maxresdefault.jpg\" data-img-src-set=\"{&quot;120&quot;:&quot;https:\\\/\\\/i.ytimg.com\\\/vi\\\/-UPgStG3Y3Y\\\/default.jpg&quot;,&quot;320&quot;:&quot;https:\\\/\\\/i.ytimg.com\\\/vi\\\/-UPgStG3Y3Y\\\/mqdefault.jpg&quot;,&quot;480&quot;:&quot;https:\\\/\\\/i.ytimg.com\\\/vi\\\/-UPgStG3Y3Y\\\/hqdefault.jpg&quot;,&quot;640&quot;:&quot;https:\\\/\\\/i.ytimg.com\\\/vi\\\/-UPgStG3Y3Y\\\/sddefault.jpg&quot;}\" data-video-id=\"-UPgStG3Y3Y\"  data-user=\"Instituto Ame Sua Mente\" data-url=\"https:\/\/www.youtube.com\/watch?v=-UPgStG3Y3Y\" data-avatar=\"\" data-title=\"\" data-video-title=\"O que s\u00e3o drogas sint\u00e9ticas como a K9?\" data-channel-id=\"UCVzDV6uqfZIxgHZvgeMlCyg\" data-views=\"681 views\" data-published-date=\"1720816020\" data-formatted-published-date=\"12 de July de 2024 17:27\" data-comment-count=\"0\">\n                <img decoding=\"async\" src=\"https:\/\/www.amesuamente.org.br\/en\/wp-content\/plugins\/youtube-feed-pro\/img\/placeholder.png\" alt=\"\">\n                \n                <div class=\"sby_thumbnail_hover sby_item_video_thumbnail_hover\">\n                    <div class=\"sby_thumbnail_hover_inner\">\n                        \n                        \n                        \n                        \n                                            <\/div>\n                <\/div>\n\n                <span class=\"sby-screenreader\">YouTube Video UEx0Q0tvVE9zX3Rkb002eHowWTNDYV9aZ3F6Mi1jUURmYi42MjYzMTMyQjA0QURCN0JF<\/span>\n                                    <div class=\"sby_play_btn\" >\n                        <span class=\"sby_play_btn_bg\"><\/span>\n                    <svg aria-hidden=\"true\" focusable=\"false\" data-prefix=\"fab\" data-icon=\"youtube\" role=\"img\" xmlns=\"http:\/\/www.w3.org\/2000\/svg\" viewBox=\"0 0 576 512\" class=\"svg-inline--fa fa-youtube fa-w-18\"><path fill=\"currentColor\" d=\"M549.655 124.083c-6.281-23.65-24.787-42.276-48.284-48.597C458.781 64 288 64 288 64S117.22 64 74.629 75.486c-23.497 6.322-42.003 24.947-48.284 48.597-11.412 42.867-11.412 132.305-11.412 132.305s0 89.438 11.412 132.305c6.281 23.65 24.787 41.5 48.284 47.821C117.22 448 288 448 288 448s170.78 0 213.371-11.486c23.497-6.321 42.003-24.171 48.284-47.821 11.412-42.867 11.412-132.305 11.412-132.305s0-89.438-11.412-132.305zm-317.51 213.508V175.185l142.739 81.205-142.739 81.201z\" class=\"\"><\/path><\/svg>                    <\/div>\n                                <span class=\"sby_loader sby_hidden\" style=\"background-color: rgb(255, 255, 255);\"><\/span>\n            <\/a>\n\n            \n        <\/div>\n\n        \n<div class=\"sby_info sby_info_item\">\n\t<div class=\"sby-video-info-bottom\">\n\t\t<div class=\"sby-video-info\">\n\t\t\t\t\t\t\t<p class=\"sby_video_title_wrap\" >\n\t\t\t\t\t<span class=\"sby_video_title\">O que s\u00e3o drogas sint\u00e9ticas como a K9?<\/span>\n\t\t\t\t<\/p>\n\t\t\t\n\t\t\t\n\t\t\t\n\t\t\t\n\t\t\t\t\t<\/div>\n\n\t\t\t\t\t\t\t\t<\/div>\n<\/div>    <\/div>\n<\/div><div class=\"sby_item  sby_new sby_transition\" id=\"sby_UEx0Q0tvVE9zX3Rkb002eHowWTNDYV9aZ3F6Mi1jUURmYi4zMUEyMkQwOTk0NTg4MDgw\" data-date=\"1720815038\" data-video-id=\"OW1x_dA-3tw\" data-video-title=\"Quais os sintomas do TOC? Existe tratamento para esse transtorno?\" data-live-date=\"0\" data-channel-id=\"UCVzDV6uqfZIxgHZvgeMlCyg\" >\n    <div class=\"sby_inner_item\">\n        <div class=\"sby_video_thumbnail_wrap sby_item_video_thumbnail_wrap\">\n            <a class=\"sby_video_thumbnail sby_item_video_thumbnail\" style=\"background-image:url(https:\/\/www.amesuamente.org.br\/en\/wp-content\/plugins\/youtube-feed-pro\/img\/placeholder.png)\" href=\"https:\/\/www.youtube.com\/watch?v=OW1x_dA-3tw\" target=\"_blank\" rel=\"noopener\" data-full-res=\"https:\/\/i.ytimg.com\/vi\/OW1x_dA-3tw\/maxresdefault.jpg\" data-img-src-set=\"{&quot;120&quot;:&quot;https:\\\/\\\/i.ytimg.com\\\/vi\\\/OW1x_dA-3tw\\\/default.jpg&quot;,&quot;320&quot;:&quot;https:\\\/\\\/i.ytimg.com\\\/vi\\\/OW1x_dA-3tw\\\/mqdefault.jpg&quot;,&quot;480&quot;:&quot;https:\\\/\\\/i.ytimg.com\\\/vi\\\/OW1x_dA-3tw\\\/hqdefault.jpg&quot;,&quot;640&quot;:&quot;https:\\\/\\\/i.ytimg.com\\\/vi\\\/OW1x_dA-3tw\\\/sddefault.jpg&quot;}\" data-video-id=\"OW1x_dA-3tw\"  data-user=\"Instituto Ame Sua Mente\" data-url=\"https:\/\/www.youtube.com\/watch?v=OW1x_dA-3tw\" data-avatar=\"\" data-title=\"\" data-video-title=\"Quais os sintomas do TOC? Existe tratamento para esse transtorno?\" data-channel-id=\"UCVzDV6uqfZIxgHZvgeMlCyg\" data-views=\"32 views\" data-published-date=\"1720815038\" data-formatted-published-date=\"12 de July de 2024 17:10\" data-comment-count=\"0\">\n                <img decoding=\"async\" src=\"https:\/\/www.amesuamente.org.br\/en\/wp-content\/plugins\/youtube-feed-pro\/img\/placeholder.png\" alt=\"\">\n                \n                <div class=\"sby_thumbnail_hover sby_item_video_thumbnail_hover\">\n                    <div class=\"sby_thumbnail_hover_inner\">\n                        \n                        \n                        \n                        \n                                            <\/div>\n                <\/div>\n\n                <span class=\"sby-screenreader\">YouTube Video UEx0Q0tvVE9zX3Rkb002eHowWTNDYV9aZ3F6Mi1jUURmYi4zMUEyMkQwOTk0NTg4MDgw<\/span>\n                                    <div class=\"sby_play_btn\" >\n                        <span class=\"sby_play_btn_bg\"><\/span>\n                    <svg aria-hidden=\"true\" focusable=\"false\" data-prefix=\"fab\" data-icon=\"youtube\" role=\"img\" xmlns=\"http:\/\/www.w3.org\/2000\/svg\" viewBox=\"0 0 576 512\" class=\"svg-inline--fa fa-youtube fa-w-18\"><path fill=\"currentColor\" d=\"M549.655 124.083c-6.281-23.65-24.787-42.276-48.284-48.597C458.781 64 288 64 288 64S117.22 64 74.629 75.486c-23.497 6.322-42.003 24.947-48.284 48.597-11.412 42.867-11.412 132.305-11.412 132.305s0 89.438 11.412 132.305c6.281 23.65 24.787 41.5 48.284 47.821C117.22 448 288 448 288 448s170.78 0 213.371-11.486c23.497-6.321 42.003-24.171 48.284-47.821 11.412-42.867 11.412-132.305 11.412-132.305s0-89.438-11.412-132.305zm-317.51 213.508V175.185l142.739 81.205-142.739 81.201z\" class=\"\"><\/path><\/svg>                    <\/div>\n                                <span class=\"sby_loader sby_hidden\" style=\"background-color: rgb(255, 255, 255);\"><\/span>\n            <\/a>\n\n            \n        <\/div>\n\n        \n<div class=\"sby_info sby_info_item\">\n\t<div class=\"sby-video-info-bottom\">\n\t\t<div class=\"sby-video-info\">\n\t\t\t\t\t\t\t<p class=\"sby_video_title_wrap\" >\n\t\t\t\t\t<span class=\"sby_video_title\">Quais os sintomas do TOC? Existe tratamento para esse transtorno?<\/span>\n\t\t\t\t<\/p>\n\t\t\t\n\t\t\t\n\t\t\t\n\t\t\t\n\t\t\t\t\t<\/div>\n\n\t\t\t\t\t\t\t\t<\/div>\n<\/div>    <\/div>\n<\/div><div class=\"sby_item  sby_new sby_transition\" id=\"sby_UEx0Q0tvVE9zX3Rkb002eHowWTNDYV9aZ3F6Mi1jUURmYi5CNTZFOTNGQzZEODg1RUQx\" data-date=\"1720815370\" data-video-id=\"qCPlYIoaFQY\" data-video-title=\"Quais s\u00e3o os riscos do consumo de \u00e1lcool na adolesc\u00eancia?\" data-live-date=\"0\" data-channel-id=\"UCVzDV6uqfZIxgHZvgeMlCyg\" >\n    <div class=\"sby_inner_item\">\n        <div class=\"sby_video_thumbnail_wrap sby_item_video_thumbnail_wrap\">\n            <a class=\"sby_video_thumbnail sby_item_video_thumbnail\" style=\"background-image:url(https:\/\/www.amesuamente.org.br\/en\/wp-content\/plugins\/youtube-feed-pro\/img\/placeholder.png)\" href=\"https:\/\/www.youtube.com\/watch?v=qCPlYIoaFQY\" target=\"_blank\" rel=\"noopener\" data-full-res=\"https:\/\/i.ytimg.com\/vi\/qCPlYIoaFQY\/maxresdefault.jpg\" data-img-src-set=\"{&quot;120&quot;:&quot;https:\\\/\\\/i.ytimg.com\\\/vi\\\/qCPlYIoaFQY\\\/default.jpg&quot;,&quot;320&quot;:&quot;https:\\\/\\\/i.ytimg.com\\\/vi\\\/qCPlYIoaFQY\\\/mqdefault.jpg&quot;,&quot;480&quot;:&quot;https:\\\/\\\/i.ytimg.com\\\/vi\\\/qCPlYIoaFQY\\\/hqdefault.jpg&quot;,&quot;640&quot;:&quot;https:\\\/\\\/i.ytimg.com\\\/vi\\\/qCPlYIoaFQY\\\/sddefault.jpg&quot;}\" data-video-id=\"qCPlYIoaFQY\"  data-user=\"Instituto Ame Sua Mente\" data-url=\"https:\/\/www.youtube.com\/watch?v=qCPlYIoaFQY\" data-avatar=\"\" data-title=\"\" data-video-title=\"Quais s\u00e3o os riscos do consumo de \u00e1lcool na adolesc\u00eancia?\" data-channel-id=\"UCVzDV6uqfZIxgHZvgeMlCyg\" data-views=\"3.6K views\" data-published-date=\"1720815370\" data-formatted-published-date=\"12 de July de 2024 17:16\" data-comment-count=\"0\">\n                <img decoding=\"async\" src=\"https:\/\/www.amesuamente.org.br\/en\/wp-content\/plugins\/youtube-feed-pro\/img\/placeholder.png\" alt=\"\">\n                \n                <div class=\"sby_thumbnail_hover sby_item_video_thumbnail_hover\">\n                    <div class=\"sby_thumbnail_hover_inner\">\n                        \n                        \n                        \n                        \n                                            <\/div>\n                <\/div>\n\n                <span class=\"sby-screenreader\">YouTube Video UEx0Q0tvVE9zX3Rkb002eHowWTNDYV9aZ3F6Mi1jUURmYi5CNTZFOTNGQzZEODg1RUQx<\/span>\n                                    <div class=\"sby_play_btn\" >\n                        <span class=\"sby_play_btn_bg\"><\/span>\n                    <svg aria-hidden=\"true\" focusable=\"false\" data-prefix=\"fab\" data-icon=\"youtube\" role=\"img\" xmlns=\"http:\/\/www.w3.org\/2000\/svg\" viewBox=\"0 0 576 512\" class=\"svg-inline--fa fa-youtube fa-w-18\"><path fill=\"currentColor\" d=\"M549.655 124.083c-6.281-23.65-24.787-42.276-48.284-48.597C458.781 64 288 64 288 64S117.22 64 74.629 75.486c-23.497 6.322-42.003 24.947-48.284 48.597-11.412 42.867-11.412 132.305-11.412 132.305s0 89.438 11.412 132.305c6.281 23.65 24.787 41.5 48.284 47.821C117.22 448 288 448 288 448s170.78 0 213.371-11.486c23.497-6.321 42.003-24.171 48.284-47.821 11.412-42.867 11.412-132.305 11.412-132.305s0-89.438-11.412-132.305zm-317.51 213.508V175.185l142.739 81.205-142.739 81.201z\" class=\"\"><\/path><\/svg>                    <\/div>\n                                <span class=\"sby_loader sby_hidden\" style=\"background-color: rgb(255, 255, 255);\"><\/span>\n            <\/a>\n\n            \n        <\/div>\n\n        \n<div class=\"sby_info sby_info_item\">\n\t<div class=\"sby-video-info-bottom\">\n\t\t<div class=\"sby-video-info\">\n\t\t\t\t\t\t\t<p class=\"sby_video_title_wrap\" >\n\t\t\t\t\t<span class=\"sby_video_title\">Quais s\u00e3o os riscos do consumo de \u00e1lcool na adolesc\u00eancia?<\/span>\n\t\t\t\t<\/p>\n\t\t\t\n\t\t\t\n\t\t\t\n\t\t\t\n\t\t\t\t\t<\/div>\n\n\t\t\t\t\t\t\t\t<\/div>\n<\/div>    <\/div>\n<\/div><div class=\"sby_item  sby_new sby_transition\" id=\"sby_UEx0Q0tvVE9zX3Rkb002eHowWTNDYV9aZ3F6Mi1jUURmYi41RTNBREYwMkI5QzU3RkY2\" data-date=\"1718290339\" data-video-id=\"lrOOh7TxFvg\" data-video-title=\"Quais sa\u0303o os principais mitos em torno da esquizofrenia?\" data-live-date=\"0\" data-channel-id=\"UCVzDV6uqfZIxgHZvgeMlCyg\" >\n    <div class=\"sby_inner_item\">\n        <div class=\"sby_video_thumbnail_wrap sby_item_video_thumbnail_wrap\">\n            <a class=\"sby_video_thumbnail sby_item_video_thumbnail\" style=\"background-image:url(https:\/\/www.amesuamente.org.br\/en\/wp-content\/plugins\/youtube-feed-pro\/img\/placeholder.png)\" href=\"https:\/\/www.youtube.com\/watch?v=lrOOh7TxFvg\" target=\"_blank\" rel=\"noopener\" data-full-res=\"https:\/\/i.ytimg.com\/vi\/lrOOh7TxFvg\/maxresdefault.jpg\" data-img-src-set=\"{&quot;120&quot;:&quot;https:\\\/\\\/i.ytimg.com\\\/vi\\\/lrOOh7TxFvg\\\/default.jpg&quot;,&quot;320&quot;:&quot;https:\\\/\\\/i.ytimg.com\\\/vi\\\/lrOOh7TxFvg\\\/mqdefault.jpg&quot;,&quot;480&quot;:&quot;https:\\\/\\\/i.ytimg.com\\\/vi\\\/lrOOh7TxFvg\\\/hqdefault.jpg&quot;,&quot;640&quot;:&quot;https:\\\/\\\/i.ytimg.com\\\/vi\\\/lrOOh7TxFvg\\\/sddefault.jpg&quot;}\" data-video-id=\"lrOOh7TxFvg\"  data-user=\"Instituto Ame Sua Mente\" data-url=\"https:\/\/www.youtube.com\/watch?v=lrOOh7TxFvg\" data-avatar=\"\" data-title=\"\" data-video-title=\"Quais sa\u0303o os principais mitos em torno da esquizofrenia?\" data-channel-id=\"UCVzDV6uqfZIxgHZvgeMlCyg\" data-views=\"49 views\" data-published-date=\"1718290339\" data-formatted-published-date=\"13 de June de 2024 11:52\" data-comment-count=\"0\">\n                <img decoding=\"async\" src=\"https:\/\/www.amesuamente.org.br\/en\/wp-content\/plugins\/youtube-feed-pro\/img\/placeholder.png\" alt=\"\">\n                \n                <div class=\"sby_thumbnail_hover sby_item_video_thumbnail_hover\">\n                    <div class=\"sby_thumbnail_hover_inner\">\n                        \n                        \n                        \n                        \n                                            <\/div>\n                <\/div>\n\n                <span class=\"sby-screenreader\">YouTube Video UEx0Q0tvVE9zX3Rkb002eHowWTNDYV9aZ3F6Mi1jUURmYi41RTNBREYwMkI5QzU3RkY2<\/span>\n                                    <div class=\"sby_play_btn\" >\n                        <span class=\"sby_play_btn_bg\"><\/span>\n                    <svg aria-hidden=\"true\" focusable=\"false\" data-prefix=\"fab\" data-icon=\"youtube\" role=\"img\" xmlns=\"http:\/\/www.w3.org\/2000\/svg\" viewBox=\"0 0 576 512\" class=\"svg-inline--fa fa-youtube fa-w-18\"><path fill=\"currentColor\" d=\"M549.655 124.083c-6.281-23.65-24.787-42.276-48.284-48.597C458.781 64 288 64 288 64S117.22 64 74.629 75.486c-23.497 6.322-42.003 24.947-48.284 48.597-11.412 42.867-11.412 132.305-11.412 132.305s0 89.438 11.412 132.305c6.281 23.65 24.787 41.5 48.284 47.821C117.22 448 288 448 288 448s170.78 0 213.371-11.486c23.497-6.321 42.003-24.171 48.284-47.821 11.412-42.867 11.412-132.305 11.412-132.305s0-89.438-11.412-132.305zm-317.51 213.508V175.185l142.739 81.205-142.739 81.201z\" class=\"\"><\/path><\/svg>                    <\/div>\n                                <span class=\"sby_loader sby_hidden\" style=\"background-color: rgb(255, 255, 255);\"><\/span>\n            <\/a>\n\n            \n        <\/div>\n\n        \n<div class=\"sby_info sby_info_item\">\n\t<div class=\"sby-video-info-bottom\">\n\t\t<div class=\"sby-video-info\">\n\t\t\t\t\t\t\t<p class=\"sby_video_title_wrap\" >\n\t\t\t\t\t<span class=\"sby_video_title\">Quais sa\u0303o os principais mitos em torno da esquizofrenia?<\/span>\n\t\t\t\t<\/p>\n\t\t\t\n\t\t\t\n\t\t\t\n\t\t\t\n\t\t\t\t\t<\/div>\n\n\t\t\t\t\t\t\t\t<\/div>\n<\/div>    <\/div>\n<\/div><div class=\"sby_item  sby_new sby_transition\" id=\"sby_UEx0Q0tvVE9zX3Rkb002eHowWTNDYV9aZ3F6Mi1jUURmYi5CQkEwRDA0MDkwNUM2MDY1\" data-date=\"1718291028\" data-video-id=\"XbP_WDbq72s\" data-video-title=\"O que e\u0301 Si\u0301ndrome do Pa\u0302nico?\" data-live-date=\"0\" data-channel-id=\"UCVzDV6uqfZIxgHZvgeMlCyg\" >\n    <div class=\"sby_inner_item\">\n        <div class=\"sby_video_thumbnail_wrap sby_item_video_thumbnail_wrap\">\n            <a class=\"sby_video_thumbnail sby_item_video_thumbnail\" style=\"background-image:url(https:\/\/www.amesuamente.org.br\/en\/wp-content\/plugins\/youtube-feed-pro\/img\/placeholder.png)\" href=\"https:\/\/www.youtube.com\/watch?v=XbP_WDbq72s\" target=\"_blank\" rel=\"noopener\" data-full-res=\"https:\/\/i.ytimg.com\/vi\/XbP_WDbq72s\/maxresdefault.jpg\" data-img-src-set=\"{&quot;120&quot;:&quot;https:\\\/\\\/i.ytimg.com\\\/vi\\\/XbP_WDbq72s\\\/default.jpg&quot;,&quot;320&quot;:&quot;https:\\\/\\\/i.ytimg.com\\\/vi\\\/XbP_WDbq72s\\\/mqdefault.jpg&quot;,&quot;480&quot;:&quot;https:\\\/\\\/i.ytimg.com\\\/vi\\\/XbP_WDbq72s\\\/hqdefault.jpg&quot;,&quot;640&quot;:&quot;https:\\\/\\\/i.ytimg.com\\\/vi\\\/XbP_WDbq72s\\\/sddefault.jpg&quot;}\" data-video-id=\"XbP_WDbq72s\"  data-user=\"Instituto Ame Sua Mente\" data-url=\"https:\/\/www.youtube.com\/watch?v=XbP_WDbq72s\" data-avatar=\"\" data-title=\"\" data-video-title=\"O que e\u0301 Si\u0301ndrome do Pa\u0302nico?\" data-channel-id=\"UCVzDV6uqfZIxgHZvgeMlCyg\" data-views=\"297 views\" data-published-date=\"1718291028\" data-formatted-published-date=\"13 de June de 2024 12:03\" data-comment-count=\"1\">\n                <img decoding=\"async\" src=\"https:\/\/www.amesuamente.org.br\/en\/wp-content\/plugins\/youtube-feed-pro\/img\/placeholder.png\" alt=\"\">\n                \n                <div class=\"sby_thumbnail_hover sby_item_video_thumbnail_hover\">\n                    <div class=\"sby_thumbnail_hover_inner\">\n                        \n                        \n                        \n                        \n                                            <\/div>\n                <\/div>\n\n                <span class=\"sby-screenreader\">YouTube Video UEx0Q0tvVE9zX3Rkb002eHowWTNDYV9aZ3F6Mi1jUURmYi5CQkEwRDA0MDkwNUM2MDY1<\/span>\n                                    <div class=\"sby_play_btn\" >\n                        <span class=\"sby_play_btn_bg\"><\/span>\n                    <svg aria-hidden=\"true\" focusable=\"false\" data-prefix=\"fab\" data-icon=\"youtube\" role=\"img\" xmlns=\"http:\/\/www.w3.org\/2000\/svg\" viewBox=\"0 0 576 512\" class=\"svg-inline--fa fa-youtube fa-w-18\"><path fill=\"currentColor\" d=\"M549.655 124.083c-6.281-23.65-24.787-42.276-48.284-48.597C458.781 64 288 64 288 64S117.22 64 74.629 75.486c-23.497 6.322-42.003 24.947-48.284 48.597-11.412 42.867-11.412 132.305-11.412 132.305s0 89.438 11.412 132.305c6.281 23.65 24.787 41.5 48.284 47.821C117.22 448 288 448 288 448s170.78 0 213.371-11.486c23.497-6.321 42.003-24.171 48.284-47.821 11.412-42.867 11.412-132.305 11.412-132.305s0-89.438-11.412-132.305zm-317.51 213.508V175.185l142.739 81.205-142.739 81.201z\" class=\"\"><\/path><\/svg>                    <\/div>\n                                <span class=\"sby_loader sby_hidden\" style=\"background-color: rgb(255, 255, 255);\"><\/span>\n            <\/a>\n\n            \n        <\/div>\n\n        \n<div class=\"sby_info sby_info_item\">\n\t<div class=\"sby-video-info-bottom\">\n\t\t<div class=\"sby-video-info\">\n\t\t\t\t\t\t\t<p class=\"sby_video_title_wrap\" >\n\t\t\t\t\t<span class=\"sby_video_title\">O que e\u0301 Si\u0301ndrome do Pa\u0302nico?<\/span>\n\t\t\t\t<\/p>\n\t\t\t\n\t\t\t\n\t\t\t\n\t\t\t\n\t\t\t\t\t<\/div>\n\n\t\t\t\t\t\t\t\t<\/div>\n<\/div>    <\/div>\n<\/div><div class=\"sby_item  sby_new sby_transition\" id=\"sby_UEx0Q0tvVE9zX3Rkb002eHowWTNDYV9aZ3F6Mi1jUURmYi44QTY2MEEzNzBFQUJCMUQ2\" data-date=\"1722012571\" data-video-id=\"aXrDCbazK54\" data-video-title=\"O que fazer para evitar o consumo de \u00e1lcool na adolesc\u00eancia?\" data-live-date=\"0\" data-channel-id=\"UCVzDV6uqfZIxgHZvgeMlCyg\" >\n    <div class=\"sby_inner_item\">\n        <div class=\"sby_video_thumbnail_wrap sby_item_video_thumbnail_wrap\">\n            <a class=\"sby_video_thumbnail sby_item_video_thumbnail\" style=\"background-image:url(https:\/\/www.amesuamente.org.br\/en\/wp-content\/plugins\/youtube-feed-pro\/img\/placeholder.png)\" href=\"https:\/\/www.youtube.com\/watch?v=aXrDCbazK54\" target=\"_blank\" rel=\"noopener\" data-full-res=\"https:\/\/i.ytimg.com\/vi\/aXrDCbazK54\/maxresdefault.jpg\" data-img-src-set=\"{&quot;120&quot;:&quot;https:\\\/\\\/i.ytimg.com\\\/vi\\\/aXrDCbazK54\\\/default.jpg&quot;,&quot;320&quot;:&quot;https:\\\/\\\/i.ytimg.com\\\/vi\\\/aXrDCbazK54\\\/mqdefault.jpg&quot;,&quot;480&quot;:&quot;https:\\\/\\\/i.ytimg.com\\\/vi\\\/aXrDCbazK54\\\/hqdefault.jpg&quot;,&quot;640&quot;:&quot;https:\\\/\\\/i.ytimg.com\\\/vi\\\/aXrDCbazK54\\\/sddefault.jpg&quot;}\" data-video-id=\"aXrDCbazK54\"  data-user=\"Instituto Ame Sua Mente\" data-url=\"https:\/\/www.youtube.com\/watch?v=aXrDCbazK54\" data-avatar=\"\" data-title=\"\" data-video-title=\"O que fazer para evitar o consumo de \u00e1lcool na adolesc\u00eancia?\" data-channel-id=\"UCVzDV6uqfZIxgHZvgeMlCyg\" data-views=\"99 views\" data-published-date=\"1722012571\" data-formatted-published-date=\"26 de July de 2024 13:49\" data-comment-count=\"0\">\n                <img decoding=\"async\" src=\"https:\/\/www.amesuamente.org.br\/en\/wp-content\/plugins\/youtube-feed-pro\/img\/placeholder.png\" alt=\"\">\n                \n                <div class=\"sby_thumbnail_hover sby_item_video_thumbnail_hover\">\n                    <div class=\"sby_thumbnail_hover_inner\">\n                        \n                        \n                        \n                        \n                                            <\/div>\n                <\/div>\n\n                <span class=\"sby-screenreader\">YouTube Video UEx0Q0tvVE9zX3Rkb002eHowWTNDYV9aZ3F6Mi1jUURmYi44QTY2MEEzNzBFQUJCMUQ2<\/span>\n                                    <div class=\"sby_play_btn\" >\n                        <span class=\"sby_play_btn_bg\"><\/span>\n                    <svg aria-hidden=\"true\" focusable=\"false\" data-prefix=\"fab\" data-icon=\"youtube\" role=\"img\" xmlns=\"http:\/\/www.w3.org\/2000\/svg\" viewBox=\"0 0 576 512\" class=\"svg-inline--fa fa-youtube fa-w-18\"><path fill=\"currentColor\" d=\"M549.655 124.083c-6.281-23.65-24.787-42.276-48.284-48.597C458.781 64 288 64 288 64S117.22 64 74.629 75.486c-23.497 6.322-42.003 24.947-48.284 48.597-11.412 42.867-11.412 132.305-11.412 132.305s0 89.438 11.412 132.305c6.281 23.65 24.787 41.5 48.284 47.821C117.22 448 288 448 288 448s170.78 0 213.371-11.486c23.497-6.321 42.003-24.171 48.284-47.821 11.412-42.867 11.412-132.305 11.412-132.305s0-89.438-11.412-132.305zm-317.51 213.508V175.185l142.739 81.205-142.739 81.201z\" class=\"\"><\/path><\/svg>                    <\/div>\n                                <span class=\"sby_loader sby_hidden\" style=\"background-color: rgb(255, 255, 255);\"><\/span>\n            <\/a>\n\n            \n        <\/div>\n\n        \n<div class=\"sby_info sby_info_item\">\n\t<div class=\"sby-video-info-bottom\">\n\t\t<div class=\"sby-video-info\">\n\t\t\t\t\t\t\t<p class=\"sby_video_title_wrap\" >\n\t\t\t\t\t<span class=\"sby_video_title\">O que fazer para evitar o consumo de \u00e1lcool na adolesc\u00eancia?<\/span>\n\t\t\t\t<\/p>\n\t\t\t\n\t\t\t\n\t\t\t\n\t\t\t\n\t\t\t\t\t<\/div>\n\n\t\t\t\t\t\t\t\t<\/div>\n<\/div>    <\/div>\n<\/div><div class=\"sby_item  sby_new sby_transition\" id=\"sby_UEx0Q0tvVE9zX3Rkb002eHowWTNDYV9aZ3F6Mi1jUURmYi41NTZEOThBNThFOUVGQkVB\" data-date=\"1718290869\" data-video-id=\"2s2weqPf5Dc\" data-video-title=\"O que e\u0301 transtorno bipolar e qual a diferen\u00e7a da depress\u00e3o?\" data-live-date=\"0\" data-channel-id=\"UCVzDV6uqfZIxgHZvgeMlCyg\" >\n    <div class=\"sby_inner_item\">\n        <div class=\"sby_video_thumbnail_wrap sby_item_video_thumbnail_wrap\">\n            <a class=\"sby_video_thumbnail sby_item_video_thumbnail\" style=\"background-image:url(https:\/\/www.amesuamente.org.br\/en\/wp-content\/plugins\/youtube-feed-pro\/img\/placeholder.png)\" href=\"https:\/\/www.youtube.com\/watch?v=2s2weqPf5Dc\" target=\"_blank\" rel=\"noopener\" data-full-res=\"https:\/\/i.ytimg.com\/vi\/2s2weqPf5Dc\/maxresdefault.jpg\" data-img-src-set=\"{&quot;120&quot;:&quot;https:\\\/\\\/i.ytimg.com\\\/vi\\\/2s2weqPf5Dc\\\/default.jpg&quot;,&quot;320&quot;:&quot;https:\\\/\\\/i.ytimg.com\\\/vi\\\/2s2weqPf5Dc\\\/mqdefault.jpg&quot;,&quot;480&quot;:&quot;https:\\\/\\\/i.ytimg.com\\\/vi\\\/2s2weqPf5Dc\\\/hqdefault.jpg&quot;,&quot;640&quot;:&quot;https:\\\/\\\/i.ytimg.com\\\/vi\\\/2s2weqPf5Dc\\\/sddefault.jpg&quot;}\" data-video-id=\"2s2weqPf5Dc\"  data-user=\"Instituto Ame Sua Mente\" data-url=\"https:\/\/www.youtube.com\/watch?v=2s2weqPf5Dc\" data-avatar=\"\" data-title=\"\" data-video-title=\"O que e\u0301 transtorno bipolar e qual a diferen\u00e7a da depress\u00e3o?\" data-channel-id=\"UCVzDV6uqfZIxgHZvgeMlCyg\" data-views=\"26 views\" data-published-date=\"1718290869\" data-formatted-published-date=\"13 de June de 2024 12:01\" data-comment-count=\"0\">\n                <img decoding=\"async\" src=\"https:\/\/www.amesuamente.org.br\/en\/wp-content\/plugins\/youtube-feed-pro\/img\/placeholder.png\" alt=\"\">\n                \n                <div class=\"sby_thumbnail_hover sby_item_video_thumbnail_hover\">\n                    <div class=\"sby_thumbnail_hover_inner\">\n                        \n                        \n                        \n                        \n                                            <\/div>\n                <\/div>\n\n                <span class=\"sby-screenreader\">YouTube Video UEx0Q0tvVE9zX3Rkb002eHowWTNDYV9aZ3F6Mi1jUURmYi41NTZEOThBNThFOUVGQkVB<\/span>\n                                    <div class=\"sby_play_btn\" >\n                        <span class=\"sby_play_btn_bg\"><\/span>\n                    <svg aria-hidden=\"true\" focusable=\"false\" data-prefix=\"fab\" data-icon=\"youtube\" role=\"img\" xmlns=\"http:\/\/www.w3.org\/2000\/svg\" viewBox=\"0 0 576 512\" class=\"svg-inline--fa fa-youtube fa-w-18\"><path fill=\"currentColor\" d=\"M549.655 124.083c-6.281-23.65-24.787-42.276-48.284-48.597C458.781 64 288 64 288 64S117.22 64 74.629 75.486c-23.497 6.322-42.003 24.947-48.284 48.597-11.412 42.867-11.412 132.305-11.412 132.305s0 89.438 11.412 132.305c6.281 23.65 24.787 41.5 48.284 47.821C117.22 448 288 448 288 448s170.78 0 213.371-11.486c23.497-6.321 42.003-24.171 48.284-47.821 11.412-42.867 11.412-132.305 11.412-132.305s0-89.438-11.412-132.305zm-317.51 213.508V175.185l142.739 81.205-142.739 81.201z\" class=\"\"><\/path><\/svg>                    <\/div>\n                                <span class=\"sby_loader sby_hidden\" style=\"background-color: rgb(255, 255, 255);\"><\/span>\n            <\/a>\n\n            \n        <\/div>\n\n        \n<div class=\"sby_info sby_info_item\">\n\t<div class=\"sby-video-info-bottom\">\n\t\t<div class=\"sby-video-info\">\n\t\t\t\t\t\t\t<p class=\"sby_video_title_wrap\" >\n\t\t\t\t\t<span class=\"sby_video_title\">O que e\u0301 transtorno bipolar e qual a diferen\u00e7a da depress\u00e3o?<\/span>\n\t\t\t\t<\/p>\n\t\t\t\n\t\t\t\n\t\t\t\n\t\t\t\n\t\t\t\t\t<\/div>\n\n\t\t\t\t\t\t\t\t<\/div>\n<\/div>    <\/div>\n<\/div><div class=\"sby_item  sby_new sby_transition\" id=\"sby_UEx0Q0tvVE9zX3Rkb002eHowWTNDYV9aZ3F6Mi1jUURmYi5GNjAwN0Y0QTFGOTVDMEMy\" data-date=\"1718290986\" data-video-id=\"mQfDbabTAfY\" data-video-title=\"Como diferenciar a tristeza da depressa\u0303o?\" data-live-date=\"0\" data-channel-id=\"UCVzDV6uqfZIxgHZvgeMlCyg\" >\n    <div class=\"sby_inner_item\">\n        <div class=\"sby_video_thumbnail_wrap sby_item_video_thumbnail_wrap\">\n            <a class=\"sby_video_thumbnail sby_item_video_thumbnail\" style=\"background-image:url(https:\/\/www.amesuamente.org.br\/en\/wp-content\/plugins\/youtube-feed-pro\/img\/placeholder.png)\" href=\"https:\/\/www.youtube.com\/watch?v=mQfDbabTAfY\" target=\"_blank\" rel=\"noopener\" data-full-res=\"https:\/\/i.ytimg.com\/vi\/mQfDbabTAfY\/maxresdefault.jpg\" data-img-src-set=\"{&quot;120&quot;:&quot;https:\\\/\\\/i.ytimg.com\\\/vi\\\/mQfDbabTAfY\\\/default.jpg&quot;,&quot;320&quot;:&quot;https:\\\/\\\/i.ytimg.com\\\/vi\\\/mQfDbabTAfY\\\/mqdefault.jpg&quot;,&quot;480&quot;:&quot;https:\\\/\\\/i.ytimg.com\\\/vi\\\/mQfDbabTAfY\\\/hqdefault.jpg&quot;,&quot;640&quot;:&quot;https:\\\/\\\/i.ytimg.com\\\/vi\\\/mQfDbabTAfY\\\/sddefault.jpg&quot;}\" data-video-id=\"mQfDbabTAfY\"  data-user=\"Instituto Ame Sua Mente\" data-url=\"https:\/\/www.youtube.com\/watch?v=mQfDbabTAfY\" data-avatar=\"\" data-title=\"\" data-video-title=\"Como diferenciar a tristeza da depressa\u0303o?\" data-channel-id=\"UCVzDV6uqfZIxgHZvgeMlCyg\" data-views=\"40 views\" data-published-date=\"1718290986\" data-formatted-published-date=\"13 de June de 2024 12:03\" data-comment-count=\"0\">\n                <img decoding=\"async\" src=\"https:\/\/www.amesuamente.org.br\/en\/wp-content\/plugins\/youtube-feed-pro\/img\/placeholder.png\" alt=\"\">\n                \n                <div class=\"sby_thumbnail_hover sby_item_video_thumbnail_hover\">\n                    <div class=\"sby_thumbnail_hover_inner\">\n                        \n                        \n                        \n                        \n                                            <\/div>\n                <\/div>\n\n                <span class=\"sby-screenreader\">YouTube Video UEx0Q0tvVE9zX3Rkb002eHowWTNDYV9aZ3F6Mi1jUURmYi5GNjAwN0Y0QTFGOTVDMEMy<\/span>\n                                    <div class=\"sby_play_btn\" >\n                        <span class=\"sby_play_btn_bg\"><\/span>\n                    <svg aria-hidden=\"true\" focusable=\"false\" data-prefix=\"fab\" data-icon=\"youtube\" role=\"img\" xmlns=\"http:\/\/www.w3.org\/2000\/svg\" viewBox=\"0 0 576 512\" class=\"svg-inline--fa fa-youtube fa-w-18\"><path fill=\"currentColor\" d=\"M549.655 124.083c-6.281-23.65-24.787-42.276-48.284-48.597C458.781 64 288 64 288 64S117.22 64 74.629 75.486c-23.497 6.322-42.003 24.947-48.284 48.597-11.412 42.867-11.412 132.305-11.412 132.305s0 89.438 11.412 132.305c6.281 23.65 24.787 41.5 48.284 47.821C117.22 448 288 448 288 448s170.78 0 213.371-11.486c23.497-6.321 42.003-24.171 48.284-47.821 11.412-42.867 11.412-132.305 11.412-132.305s0-89.438-11.412-132.305zm-317.51 213.508V175.185l142.739 81.205-142.739 81.201z\" class=\"\"><\/path><\/svg>                    <\/div>\n                                <span class=\"sby_loader sby_hidden\" style=\"background-color: rgb(255, 255, 255);\"><\/span>\n            <\/a>\n\n            \n        <\/div>\n\n        \n<div class=\"sby_info sby_info_item\">\n\t<div class=\"sby-video-info-bottom\">\n\t\t<div class=\"sby-video-info\">\n\t\t\t\t\t\t\t<p class=\"sby_video_title_wrap\" >\n\t\t\t\t\t<span class=\"sby_video_title\">Como diferenciar a tristeza da depressa\u0303o?<\/span>\n\t\t\t\t<\/p>\n\t\t\t\n\t\t\t\n\t\t\t\n\t\t\t\n\t\t\t\t\t<\/div>\n\n\t\t\t\t\t\t\t\t<\/div>\n<\/div>    <\/div>\n<\/div><div class=\"sby_item  sby_new sby_transition\" id=\"sby_UEx0Q0tvVE9zX3Rkb002eHowWTNDYV9aZ3F6Mi1jUURmYi4zQTkzRjgxRTY0OEU0MkM3\" data-date=\"1722012789\" data-video-id=\"6vLBUPjsgaY\" data-video-title=\"Como a fam\u00edlia pode influenciar ( ou prevenir ) o consumo de \u00e1lcool precoce?\" data-live-date=\"0\" data-channel-id=\"UCVzDV6uqfZIxgHZvgeMlCyg\" >\n    <div class=\"sby_inner_item\">\n        <div class=\"sby_video_thumbnail_wrap sby_item_video_thumbnail_wrap\">\n            <a class=\"sby_video_thumbnail sby_item_video_thumbnail\" style=\"background-image:url(https:\/\/www.amesuamente.org.br\/en\/wp-content\/plugins\/youtube-feed-pro\/img\/placeholder.png)\" href=\"https:\/\/www.youtube.com\/watch?v=6vLBUPjsgaY\" target=\"_blank\" rel=\"noopener\" data-full-res=\"https:\/\/i.ytimg.com\/vi\/6vLBUPjsgaY\/maxresdefault.jpg\" data-img-src-set=\"{&quot;120&quot;:&quot;https:\\\/\\\/i.ytimg.com\\\/vi\\\/6vLBUPjsgaY\\\/default.jpg&quot;,&quot;320&quot;:&quot;https:\\\/\\\/i.ytimg.com\\\/vi\\\/6vLBUPjsgaY\\\/mqdefault.jpg&quot;,&quot;480&quot;:&quot;https:\\\/\\\/i.ytimg.com\\\/vi\\\/6vLBUPjsgaY\\\/hqdefault.jpg&quot;,&quot;640&quot;:&quot;https:\\\/\\\/i.ytimg.com\\\/vi\\\/6vLBUPjsgaY\\\/sddefault.jpg&quot;}\" data-video-id=\"6vLBUPjsgaY\"  data-user=\"Instituto Ame Sua Mente\" data-url=\"https:\/\/www.youtube.com\/watch?v=6vLBUPjsgaY\" data-avatar=\"\" data-title=\"\" data-video-title=\"Como a fam\u00edlia pode influenciar ( ou prevenir ) o consumo de \u00e1lcool precoce?\" data-channel-id=\"UCVzDV6uqfZIxgHZvgeMlCyg\" data-views=\"36 views\" data-published-date=\"1722012789\" data-formatted-published-date=\"26 de July de 2024 13:53\" data-comment-count=\"0\">\n                <img decoding=\"async\" src=\"https:\/\/www.amesuamente.org.br\/en\/wp-content\/plugins\/youtube-feed-pro\/img\/placeholder.png\" alt=\"\">\n                \n                <div class=\"sby_thumbnail_hover sby_item_video_thumbnail_hover\">\n                    <div class=\"sby_thumbnail_hover_inner\">\n                        \n                        \n                        \n                        \n                                            <\/div>\n                <\/div>\n\n                <span class=\"sby-screenreader\">YouTube Video UEx0Q0tvVE9zX3Rkb002eHowWTNDYV9aZ3F6Mi1jUURmYi4zQTkzRjgxRTY0OEU0MkM3<\/span>\n                                    <div class=\"sby_play_btn\" >\n                        <span class=\"sby_play_btn_bg\"><\/span>\n                    <svg aria-hidden=\"true\" focusable=\"false\" data-prefix=\"fab\" data-icon=\"youtube\" role=\"img\" xmlns=\"http:\/\/www.w3.org\/2000\/svg\" viewBox=\"0 0 576 512\" class=\"svg-inline--fa fa-youtube fa-w-18\"><path fill=\"currentColor\" d=\"M549.655 124.083c-6.281-23.65-24.787-42.276-48.284-48.597C458.781 64 288 64 288 64S117.22 64 74.629 75.486c-23.497 6.322-42.003 24.947-48.284 48.597-11.412 42.867-11.412 132.305-11.412 132.305s0 89.438 11.412 132.305c6.281 23.65 24.787 41.5 48.284 47.821C117.22 448 288 448 288 448s170.78 0 213.371-11.486c23.497-6.321 42.003-24.171 48.284-47.821 11.412-42.867 11.412-132.305 11.412-132.305s0-89.438-11.412-132.305zm-317.51 213.508V175.185l142.739 81.205-142.739 81.201z\" class=\"\"><\/path><\/svg>                    <\/div>\n                                <span class=\"sby_loader sby_hidden\" style=\"background-color: rgb(255, 255, 255);\"><\/span>\n            <\/a>\n\n            \n        <\/div>\n\n        \n<div class=\"sby_info sby_info_item\">\n\t<div class=\"sby-video-info-bottom\">\n\t\t<div class=\"sby-video-info\">\n\t\t\t\t\t\t\t<p class=\"sby_video_title_wrap\" >\n\t\t\t\t\t<span class=\"sby_video_title\">Como a fam\u00edlia pode influenciar ( ou prevenir ) o consumo de \u00e1lcool precoce?<\/span>\n\t\t\t\t<\/p>\n\t\t\t\n\t\t\t\n\t\t\t\n\t\t\t\n\t\t\t\t\t<\/div>\n\n\t\t\t\t\t\t\t\t<\/div>\n<\/div>    <\/div>\n<\/div><div class=\"sby_item  sby_new sby_transition\" id=\"sby_UEx0Q0tvVE9zX3Rkb002eHowWTNDYV9aZ3F6Mi1jUURmYi43QzNCNkZENzIyMDY2MjZB\" data-date=\"1720816400\" data-video-id=\"8PY4gcFFY_4\" data-video-title=\"Meu filho passa a maior parte do tempo no quarto. Devo me preocupar?\" data-live-date=\"0\" data-channel-id=\"UCVzDV6uqfZIxgHZvgeMlCyg\" >\n    <div class=\"sby_inner_item\">\n        <div class=\"sby_video_thumbnail_wrap sby_item_video_thumbnail_wrap\">\n            <a class=\"sby_video_thumbnail sby_item_video_thumbnail\" style=\"background-image:url(https:\/\/www.amesuamente.org.br\/en\/wp-content\/plugins\/youtube-feed-pro\/img\/placeholder.png)\" href=\"https:\/\/www.youtube.com\/watch?v=8PY4gcFFY_4\" target=\"_blank\" rel=\"noopener\" data-full-res=\"https:\/\/i.ytimg.com\/vi\/8PY4gcFFY_4\/maxresdefault.jpg\" data-img-src-set=\"{&quot;120&quot;:&quot;https:\\\/\\\/i.ytimg.com\\\/vi\\\/8PY4gcFFY_4\\\/default.jpg&quot;,&quot;320&quot;:&quot;https:\\\/\\\/i.ytimg.com\\\/vi\\\/8PY4gcFFY_4\\\/mqdefault.jpg&quot;,&quot;480&quot;:&quot;https:\\\/\\\/i.ytimg.com\\\/vi\\\/8PY4gcFFY_4\\\/hqdefault.jpg&quot;,&quot;640&quot;:&quot;https:\\\/\\\/i.ytimg.com\\\/vi\\\/8PY4gcFFY_4\\\/sddefault.jpg&quot;}\" data-video-id=\"8PY4gcFFY_4\"  data-user=\"Instituto Ame Sua Mente\" data-url=\"https:\/\/www.youtube.com\/watch?v=8PY4gcFFY_4\" data-avatar=\"\" data-title=\"\" data-video-title=\"Meu filho passa a maior parte do tempo no quarto. Devo me preocupar?\" data-channel-id=\"UCVzDV6uqfZIxgHZvgeMlCyg\" data-views=\"50 views\" data-published-date=\"1720816400\" data-formatted-published-date=\"12 de July de 2024 17:33\" data-comment-count=\"0\">\n                <img decoding=\"async\" src=\"https:\/\/www.amesuamente.org.br\/en\/wp-content\/plugins\/youtube-feed-pro\/img\/placeholder.png\" alt=\"\">\n                \n                <div class=\"sby_thumbnail_hover sby_item_video_thumbnail_hover\">\n                    <div class=\"sby_thumbnail_hover_inner\">\n                        \n                        \n                        \n                        \n                                            <\/div>\n                <\/div>\n\n                <span class=\"sby-screenreader\">YouTube Video UEx0Q0tvVE9zX3Rkb002eHowWTNDYV9aZ3F6Mi1jUURmYi43QzNCNkZENzIyMDY2MjZB<\/span>\n                                    <div class=\"sby_play_btn\" >\n                        <span class=\"sby_play_btn_bg\"><\/span>\n                    <svg aria-hidden=\"true\" focusable=\"false\" data-prefix=\"fab\" data-icon=\"youtube\" role=\"img\" xmlns=\"http:\/\/www.w3.org\/2000\/svg\" viewBox=\"0 0 576 512\" class=\"svg-inline--fa fa-youtube fa-w-18\"><path fill=\"currentColor\" d=\"M549.655 124.083c-6.281-23.65-24.787-42.276-48.284-48.597C458.781 64 288 64 288 64S117.22 64 74.629 75.486c-23.497 6.322-42.003 24.947-48.284 48.597-11.412 42.867-11.412 132.305-11.412 132.305s0 89.438 11.412 132.305c6.281 23.65 24.787 41.5 48.284 47.821C117.22 448 288 448 288 448s170.78 0 213.371-11.486c23.497-6.321 42.003-24.171 48.284-47.821 11.412-42.867 11.412-132.305 11.412-132.305s0-89.438-11.412-132.305zm-317.51 213.508V175.185l142.739 81.205-142.739 81.201z\" class=\"\"><\/path><\/svg>                    <\/div>\n                                <span class=\"sby_loader sby_hidden\" style=\"background-color: rgb(255, 255, 255);\"><\/span>\n            <\/a>\n\n            \n        <\/div>\n\n        \n<div class=\"sby_info sby_info_item\">\n\t<div class=\"sby-video-info-bottom\">\n\t\t<div class=\"sby-video-info\">\n\t\t\t\t\t\t\t<p class=\"sby_video_title_wrap\" >\n\t\t\t\t\t<span class=\"sby_video_title\">Meu filho passa a maior parte do tempo no quarto. Devo me preocupar?<\/span>\n\t\t\t\t<\/p>\n\t\t\t\n\t\t\t\n\t\t\t\n\t\t\t\n\t\t\t\t\t<\/div>\n\n\t\t\t\t\t\t\t\t<\/div>\n<\/div>    <\/div>\n<\/div><div class=\"sby_item  sby_new sby_transition\" id=\"sby_UEx0Q0tvVE9zX3Rkb002eHowWTNDYV9aZ3F6Mi1jUURmYi43NERCMDIzQzFBMERCMEE3\" data-date=\"1718290911\" data-video-id=\"5sWw7EEYFYY\" data-video-title=\"Preconceito em torno da sau\u0301de mental\" data-live-date=\"0\" data-channel-id=\"UCVzDV6uqfZIxgHZvgeMlCyg\" >\n    <div class=\"sby_inner_item\">\n        <div class=\"sby_video_thumbnail_wrap sby_item_video_thumbnail_wrap\">\n            <a class=\"sby_video_thumbnail sby_item_video_thumbnail\" style=\"background-image:url(https:\/\/www.amesuamente.org.br\/en\/wp-content\/plugins\/youtube-feed-pro\/img\/placeholder.png)\" href=\"https:\/\/www.youtube.com\/watch?v=5sWw7EEYFYY\" target=\"_blank\" rel=\"noopener\" data-full-res=\"https:\/\/i.ytimg.com\/vi\/5sWw7EEYFYY\/maxresdefault.jpg\" data-img-src-set=\"{&quot;120&quot;:&quot;https:\\\/\\\/i.ytimg.com\\\/vi\\\/5sWw7EEYFYY\\\/default.jpg&quot;,&quot;320&quot;:&quot;https:\\\/\\\/i.ytimg.com\\\/vi\\\/5sWw7EEYFYY\\\/mqdefault.jpg&quot;,&quot;480&quot;:&quot;https:\\\/\\\/i.ytimg.com\\\/vi\\\/5sWw7EEYFYY\\\/hqdefault.jpg&quot;,&quot;640&quot;:&quot;https:\\\/\\\/i.ytimg.com\\\/vi\\\/5sWw7EEYFYY\\\/sddefault.jpg&quot;}\" data-video-id=\"5sWw7EEYFYY\"  data-user=\"Instituto Ame Sua Mente\" data-url=\"https:\/\/www.youtube.com\/watch?v=5sWw7EEYFYY\" data-avatar=\"\" data-title=\"\" data-video-title=\"Preconceito em torno da sau\u0301de mental\" data-channel-id=\"UCVzDV6uqfZIxgHZvgeMlCyg\" data-views=\"48 views\" data-published-date=\"1718290911\" data-formatted-published-date=\"13 de June de 2024 12:01\" data-comment-count=\"0\">\n                <img decoding=\"async\" src=\"https:\/\/www.amesuamente.org.br\/en\/wp-content\/plugins\/youtube-feed-pro\/img\/placeholder.png\" alt=\"\">\n                \n                <div class=\"sby_thumbnail_hover sby_item_video_thumbnail_hover\">\n                    <div class=\"sby_thumbnail_hover_inner\">\n                        \n                        \n                        \n                        \n                                            <\/div>\n                <\/div>\n\n                <span class=\"sby-screenreader\">YouTube Video UEx0Q0tvVE9zX3Rkb002eHowWTNDYV9aZ3F6Mi1jUURmYi43NERCMDIzQzFBMERCMEE3<\/span>\n                                    <div class=\"sby_play_btn\" >\n                        <span class=\"sby_play_btn_bg\"><\/span>\n                    <svg aria-hidden=\"true\" focusable=\"false\" data-prefix=\"fab\" data-icon=\"youtube\" role=\"img\" xmlns=\"http:\/\/www.w3.org\/2000\/svg\" viewBox=\"0 0 576 512\" class=\"svg-inline--fa fa-youtube fa-w-18\"><path fill=\"currentColor\" d=\"M549.655 124.083c-6.281-23.65-24.787-42.276-48.284-48.597C458.781 64 288 64 288 64S117.22 64 74.629 75.486c-23.497 6.322-42.003 24.947-48.284 48.597-11.412 42.867-11.412 132.305-11.412 132.305s0 89.438 11.412 132.305c6.281 23.65 24.787 41.5 48.284 47.821C117.22 448 288 448 288 448s170.78 0 213.371-11.486c23.497-6.321 42.003-24.171 48.284-47.821 11.412-42.867 11.412-132.305 11.412-132.305s0-89.438-11.412-132.305zm-317.51 213.508V175.185l142.739 81.205-142.739 81.201z\" class=\"\"><\/path><\/svg>                    <\/div>\n                                <span class=\"sby_loader sby_hidden\" style=\"background-color: rgb(255, 255, 255);\"><\/span>\n            <\/a>\n\n            \n        <\/div>\n\n        \n<div class=\"sby_info sby_info_item\">\n\t<div class=\"sby-video-info-bottom\">\n\t\t<div class=\"sby-video-info\">\n\t\t\t\t\t\t\t<p class=\"sby_video_title_wrap\" >\n\t\t\t\t\t<span class=\"sby_video_title\">Preconceito em torno da sau\u0301de mental<\/span>\n\t\t\t\t<\/p>\n\t\t\t\n\t\t\t\n\t\t\t\n\t\t\t\n\t\t\t\t\t<\/div>\n\n\t\t\t\t\t\t\t\t<\/div>\n<\/div>    <\/div>\n<\/div><div class=\"sby_item  sby_new sby_transition\" id=\"sby_UEx0Q0tvVE9zX3Rkb002eHowWTNDYV9aZ3F6Mi1jUURmYi5CNTcxMDQ0NThBNzMxODYz\" data-date=\"1720815411\" data-video-id=\"yHIiABf_-xU\" data-video-title=\"Por que as drogas sint\u00e9ticas s\u00e3o t\u00e3o perigosas?\" data-live-date=\"0\" data-channel-id=\"UCVzDV6uqfZIxgHZvgeMlCyg\" >\n    <div class=\"sby_inner_item\">\n        <div class=\"sby_video_thumbnail_wrap sby_item_video_thumbnail_wrap\">\n            <a class=\"sby_video_thumbnail sby_item_video_thumbnail\" style=\"background-image:url(https:\/\/www.amesuamente.org.br\/en\/wp-content\/plugins\/youtube-feed-pro\/img\/placeholder.png)\" href=\"https:\/\/www.youtube.com\/watch?v=yHIiABf_-xU\" target=\"_blank\" rel=\"noopener\" data-full-res=\"https:\/\/i.ytimg.com\/vi\/yHIiABf_-xU\/maxresdefault.jpg\" data-img-src-set=\"{&quot;120&quot;:&quot;https:\\\/\\\/i.ytimg.com\\\/vi\\\/yHIiABf_-xU\\\/default.jpg&quot;,&quot;320&quot;:&quot;https:\\\/\\\/i.ytimg.com\\\/vi\\\/yHIiABf_-xU\\\/mqdefault.jpg&quot;,&quot;480&quot;:&quot;https:\\\/\\\/i.ytimg.com\\\/vi\\\/yHIiABf_-xU\\\/hqdefault.jpg&quot;,&quot;640&quot;:&quot;https:\\\/\\\/i.ytimg.com\\\/vi\\\/yHIiABf_-xU\\\/sddefault.jpg&quot;}\" data-video-id=\"yHIiABf_-xU\"  data-user=\"Instituto Ame Sua Mente\" data-url=\"https:\/\/www.youtube.com\/watch?v=yHIiABf_-xU\" data-avatar=\"\" data-title=\"\" data-video-title=\"Por que as drogas sint\u00e9ticas s\u00e3o t\u00e3o perigosas?\" data-channel-id=\"UCVzDV6uqfZIxgHZvgeMlCyg\" data-views=\"224 views\" data-published-date=\"1720815411\" data-formatted-published-date=\"12 de July de 2024 17:16\" data-comment-count=\"0\">\n                <img decoding=\"async\" src=\"https:\/\/www.amesuamente.org.br\/en\/wp-content\/plugins\/youtube-feed-pro\/img\/placeholder.png\" alt=\"\">\n                \n                <div class=\"sby_thumbnail_hover sby_item_video_thumbnail_hover\">\n                    <div class=\"sby_thumbnail_hover_inner\">\n                        \n                        \n                        \n                        \n                                            <\/div>\n                <\/div>\n\n                <span class=\"sby-screenreader\">YouTube Video UEx0Q0tvVE9zX3Rkb002eHowWTNDYV9aZ3F6Mi1jUURmYi5CNTcxMDQ0NThBNzMxODYz<\/span>\n                                    <div class=\"sby_play_btn\" >\n                        <span class=\"sby_play_btn_bg\"><\/span>\n                    <svg aria-hidden=\"true\" focusable=\"false\" data-prefix=\"fab\" data-icon=\"youtube\" role=\"img\" xmlns=\"http:\/\/www.w3.org\/2000\/svg\" viewBox=\"0 0 576 512\" class=\"svg-inline--fa fa-youtube fa-w-18\"><path fill=\"currentColor\" d=\"M549.655 124.083c-6.281-23.65-24.787-42.276-48.284-48.597C458.781 64 288 64 288 64S117.22 64 74.629 75.486c-23.497 6.322-42.003 24.947-48.284 48.597-11.412 42.867-11.412 132.305-11.412 132.305s0 89.438 11.412 132.305c6.281 23.65 24.787 41.5 48.284 47.821C117.22 448 288 448 288 448s170.78 0 213.371-11.486c23.497-6.321 42.003-24.171 48.284-47.821 11.412-42.867 11.412-132.305 11.412-132.305s0-89.438-11.412-132.305zm-317.51 213.508V175.185l142.739 81.205-142.739 81.201z\" class=\"\"><\/path><\/svg>                    <\/div>\n                                <span class=\"sby_loader sby_hidden\" style=\"background-color: rgb(255, 255, 255);\"><\/span>\n            <\/a>\n\n            \n        <\/div>\n\n        \n<div class=\"sby_info sby_info_item\">\n\t<div class=\"sby-video-info-bottom\">\n\t\t<div class=\"sby-video-info\">\n\t\t\t\t\t\t\t<p class=\"sby_video_title_wrap\" >\n\t\t\t\t\t<span class=\"sby_video_title\">Por que as drogas sint\u00e9ticas s\u00e3o t\u00e3o perigosas?<\/span>\n\t\t\t\t<\/p>\n\t\t\t\n\t\t\t\n\t\t\t\n\t\t\t\n\t\t\t\t\t<\/div>\n\n\t\t\t\t\t\t\t\t<\/div>\n<\/div>    <\/div>\n<\/div><div class=\"sby_item  sby_new sby_transition\" id=\"sby_UEx0Q0tvVE9zX3Rkb002eHowWTNDYV9aZ3F6Mi1jUURmYi42QzdBMzlBQzQzRjQ0QkQy\" data-date=\"1720815139\" data-video-id=\"MFUwf4IMXc0\" data-video-title=\"O que \u00e9 o transtorno de personalidade borderline?\" data-live-date=\"0\" data-channel-id=\"UCVzDV6uqfZIxgHZvgeMlCyg\" >\n    <div class=\"sby_inner_item\">\n        <div class=\"sby_video_thumbnail_wrap sby_item_video_thumbnail_wrap\">\n            <a class=\"sby_video_thumbnail sby_item_video_thumbnail\" style=\"background-image:url(https:\/\/www.amesuamente.org.br\/en\/wp-content\/plugins\/youtube-feed-pro\/img\/placeholder.png)\" href=\"https:\/\/www.youtube.com\/watch?v=MFUwf4IMXc0\" target=\"_blank\" rel=\"noopener\" data-full-res=\"https:\/\/i.ytimg.com\/vi\/MFUwf4IMXc0\/maxresdefault.jpg\" data-img-src-set=\"{&quot;120&quot;:&quot;https:\\\/\\\/i.ytimg.com\\\/vi\\\/MFUwf4IMXc0\\\/default.jpg&quot;,&quot;320&quot;:&quot;https:\\\/\\\/i.ytimg.com\\\/vi\\\/MFUwf4IMXc0\\\/mqdefault.jpg&quot;,&quot;480&quot;:&quot;https:\\\/\\\/i.ytimg.com\\\/vi\\\/MFUwf4IMXc0\\\/hqdefault.jpg&quot;,&quot;640&quot;:&quot;https:\\\/\\\/i.ytimg.com\\\/vi\\\/MFUwf4IMXc0\\\/sddefault.jpg&quot;}\" data-video-id=\"MFUwf4IMXc0\"  data-user=\"Instituto Ame Sua Mente\" data-url=\"https:\/\/www.youtube.com\/watch?v=MFUwf4IMXc0\" data-avatar=\"\" data-title=\"\" data-video-title=\"O que \u00e9 o transtorno de personalidade borderline?\" data-channel-id=\"UCVzDV6uqfZIxgHZvgeMlCyg\" data-views=\"67 views\" data-published-date=\"1720815139\" data-formatted-published-date=\"12 de July de 2024 17:12\" data-comment-count=\"0\">\n                <img decoding=\"async\" src=\"https:\/\/www.amesuamente.org.br\/en\/wp-content\/plugins\/youtube-feed-pro\/img\/placeholder.png\" alt=\"\">\n                \n                <div class=\"sby_thumbnail_hover sby_item_video_thumbnail_hover\">\n                    <div class=\"sby_thumbnail_hover_inner\">\n                        \n                        \n                        \n                        \n                                            <\/div>\n                <\/div>\n\n                <span class=\"sby-screenreader\">YouTube Video UEx0Q0tvVE9zX3Rkb002eHowWTNDYV9aZ3F6Mi1jUURmYi42QzdBMzlBQzQzRjQ0QkQy<\/span>\n                                    <div class=\"sby_play_btn\" >\n                        <span class=\"sby_play_btn_bg\"><\/span>\n                    <svg aria-hidden=\"true\" focusable=\"false\" data-prefix=\"fab\" data-icon=\"youtube\" role=\"img\" xmlns=\"http:\/\/www.w3.org\/2000\/svg\" viewBox=\"0 0 576 512\" class=\"svg-inline--fa fa-youtube fa-w-18\"><path fill=\"currentColor\" d=\"M549.655 124.083c-6.281-23.65-24.787-42.276-48.284-48.597C458.781 64 288 64 288 64S117.22 64 74.629 75.486c-23.497 6.322-42.003 24.947-48.284 48.597-11.412 42.867-11.412 132.305-11.412 132.305s0 89.438 11.412 132.305c6.281 23.65 24.787 41.5 48.284 47.821C117.22 448 288 448 288 448s170.78 0 213.371-11.486c23.497-6.321 42.003-24.171 48.284-47.821 11.412-42.867 11.412-132.305 11.412-132.305s0-89.438-11.412-132.305zm-317.51 213.508V175.185l142.739 81.205-142.739 81.201z\" class=\"\"><\/path><\/svg>                    <\/div>\n                                <span class=\"sby_loader sby_hidden\" style=\"background-color: rgb(255, 255, 255);\"><\/span>\n            <\/a>\n\n            \n        <\/div>\n\n        \n<div class=\"sby_info sby_info_item\">\n\t<div class=\"sby-video-info-bottom\">\n\t\t<div class=\"sby-video-info\">\n\t\t\t\t\t\t\t<p class=\"sby_video_title_wrap\" >\n\t\t\t\t\t<span class=\"sby_video_title\">O que \u00e9 o transtorno de personalidade borderline?<\/span>\n\t\t\t\t<\/p>\n\t\t\t\n\t\t\t\n\t\t\t\n\t\t\t\n\t\t\t\t\t<\/div>\n\n\t\t\t\t\t\t\t\t<\/div>\n<\/div>    <\/div>\n<\/div><div class=\"sby_item  sby_new sby_transition\" id=\"sby_UEx0Q0tvVE9zX3Rkb002eHowWTNDYV9aZ3F6Mi1jUURmYi42Qzk5MkEzQjVFQjYwRDA4\" data-date=\"1718290816\" data-video-id=\"sW2WcXZsigo\" data-video-title=\"O que \u00e9 sa\u00fade mental?\" data-live-date=\"0\" data-channel-id=\"UCVzDV6uqfZIxgHZvgeMlCyg\" >\n    <div class=\"sby_inner_item\">\n        <div class=\"sby_video_thumbnail_wrap sby_item_video_thumbnail_wrap\">\n            <a class=\"sby_video_thumbnail sby_item_video_thumbnail\" style=\"background-image:url(https:\/\/www.amesuamente.org.br\/en\/wp-content\/plugins\/youtube-feed-pro\/img\/placeholder.png)\" href=\"https:\/\/www.youtube.com\/watch?v=sW2WcXZsigo\" target=\"_blank\" rel=\"noopener\" data-full-res=\"https:\/\/i.ytimg.com\/vi\/sW2WcXZsigo\/maxresdefault.jpg\" data-img-src-set=\"{&quot;120&quot;:&quot;https:\\\/\\\/i.ytimg.com\\\/vi\\\/sW2WcXZsigo\\\/default.jpg&quot;,&quot;320&quot;:&quot;https:\\\/\\\/i.ytimg.com\\\/vi\\\/sW2WcXZsigo\\\/mqdefault.jpg&quot;,&quot;480&quot;:&quot;https:\\\/\\\/i.ytimg.com\\\/vi\\\/sW2WcXZsigo\\\/hqdefault.jpg&quot;,&quot;640&quot;:&quot;https:\\\/\\\/i.ytimg.com\\\/vi\\\/sW2WcXZsigo\\\/sddefault.jpg&quot;}\" data-video-id=\"sW2WcXZsigo\"  data-user=\"Instituto Ame Sua Mente\" data-url=\"https:\/\/www.youtube.com\/watch?v=sW2WcXZsigo\" data-avatar=\"\" data-title=\"\" data-video-title=\"O que \u00e9 sa\u00fade mental?\" data-channel-id=\"UCVzDV6uqfZIxgHZvgeMlCyg\" data-views=\"106 views\" data-published-date=\"1718290816\" data-formatted-published-date=\"13 de June de 2024 12:00\" data-comment-count=\"0\">\n                <img decoding=\"async\" src=\"https:\/\/www.amesuamente.org.br\/en\/wp-content\/plugins\/youtube-feed-pro\/img\/placeholder.png\" alt=\"\">\n                \n                <div class=\"sby_thumbnail_hover sby_item_video_thumbnail_hover\">\n                    <div class=\"sby_thumbnail_hover_inner\">\n                        \n                        \n                        \n                        \n                                            <\/div>\n                <\/div>\n\n                <span class=\"sby-screenreader\">YouTube Video UEx0Q0tvVE9zX3Rkb002eHowWTNDYV9aZ3F6Mi1jUURmYi42Qzk5MkEzQjVFQjYwRDA4<\/span>\n                                    <div class=\"sby_play_btn\" >\n                        <span class=\"sby_play_btn_bg\"><\/span>\n                    <svg aria-hidden=\"true\" focusable=\"false\" data-prefix=\"fab\" data-icon=\"youtube\" role=\"img\" xmlns=\"http:\/\/www.w3.org\/2000\/svg\" viewBox=\"0 0 576 512\" class=\"svg-inline--fa fa-youtube fa-w-18\"><path fill=\"currentColor\" d=\"M549.655 124.083c-6.281-23.65-24.787-42.276-48.284-48.597C458.781 64 288 64 288 64S117.22 64 74.629 75.486c-23.497 6.322-42.003 24.947-48.284 48.597-11.412 42.867-11.412 132.305-11.412 132.305s0 89.438 11.412 132.305c6.281 23.65 24.787 41.5 48.284 47.821C117.22 448 288 448 288 448s170.78 0 213.371-11.486c23.497-6.321 42.003-24.171 48.284-47.821 11.412-42.867 11.412-132.305 11.412-132.305s0-89.438-11.412-132.305zm-317.51 213.508V175.185l142.739 81.205-142.739 81.201z\" class=\"\"><\/path><\/svg>                    <\/div>\n                                <span class=\"sby_loader sby_hidden\" style=\"background-color: rgb(255, 255, 255);\"><\/span>\n            <\/a>\n\n            \n        <\/div>\n\n        \n<div class=\"sby_info sby_info_item\">\n\t<div class=\"sby-video-info-bottom\">\n\t\t<div class=\"sby-video-info\">\n\t\t\t\t\t\t\t<p class=\"sby_video_title_wrap\" >\n\t\t\t\t\t<span class=\"sby_video_title\">O que \u00e9 sa\u00fade mental?<\/span>\n\t\t\t\t<\/p>\n\t\t\t\n\t\t\t\n\t\t\t\n\t\t\t\n\t\t\t\t\t<\/div>\n\n\t\t\t\t\t\t\t\t<\/div>\n<\/div>    <\/div>\n<\/div><div class=\"sby_item  sby_new sby_transition\" id=\"sby_UEx0Q0tvVE9zX3Rkb002eHowWTNDYV9aZ3F6Mi1jUURmYi4wNEU1MTI4NkZEMzVBN0JF\" data-date=\"1718291078\" data-video-id=\"C6QUILFbccM\" data-video-title=\"O que s\u00e3o gatilhos mentais? Como podemos identific\u00e1-los\" data-live-date=\"0\" data-channel-id=\"UCVzDV6uqfZIxgHZvgeMlCyg\" >\n    <div class=\"sby_inner_item\">\n        <div class=\"sby_video_thumbnail_wrap sby_item_video_thumbnail_wrap\">\n            <a class=\"sby_video_thumbnail sby_item_video_thumbnail\" style=\"background-image:url(https:\/\/www.amesuamente.org.br\/en\/wp-content\/plugins\/youtube-feed-pro\/img\/placeholder.png)\" href=\"https:\/\/www.youtube.com\/watch?v=C6QUILFbccM\" target=\"_blank\" rel=\"noopener\" data-full-res=\"https:\/\/i.ytimg.com\/vi\/C6QUILFbccM\/maxresdefault.jpg\" data-img-src-set=\"{&quot;120&quot;:&quot;https:\\\/\\\/i.ytimg.com\\\/vi\\\/C6QUILFbccM\\\/default.jpg&quot;,&quot;320&quot;:&quot;https:\\\/\\\/i.ytimg.com\\\/vi\\\/C6QUILFbccM\\\/mqdefault.jpg&quot;,&quot;480&quot;:&quot;https:\\\/\\\/i.ytimg.com\\\/vi\\\/C6QUILFbccM\\\/hqdefault.jpg&quot;,&quot;640&quot;:&quot;https:\\\/\\\/i.ytimg.com\\\/vi\\\/C6QUILFbccM\\\/sddefault.jpg&quot;}\" data-video-id=\"C6QUILFbccM\"  data-user=\"Instituto Ame Sua Mente\" data-url=\"https:\/\/www.youtube.com\/watch?v=C6QUILFbccM\" data-avatar=\"\" data-title=\"\" data-video-title=\"O que s\u00e3o gatilhos mentais? Como podemos identific\u00e1-los\" data-channel-id=\"UCVzDV6uqfZIxgHZvgeMlCyg\" data-views=\"196 views\" data-published-date=\"1718291078\" data-formatted-published-date=\"13 de June de 2024 12:04\" data-comment-count=\"0\">\n                <img decoding=\"async\" src=\"https:\/\/www.amesuamente.org.br\/en\/wp-content\/plugins\/youtube-feed-pro\/img\/placeholder.png\" alt=\"\">\n                \n                <div class=\"sby_thumbnail_hover sby_item_video_thumbnail_hover\">\n                    <div class=\"sby_thumbnail_hover_inner\">\n                        \n                        \n                        \n                        \n                                            <\/div>\n                <\/div>\n\n                <span class=\"sby-screenreader\">YouTube Video UEx0Q0tvVE9zX3Rkb002eHowWTNDYV9aZ3F6Mi1jUURmYi4wNEU1MTI4NkZEMzVBN0JF<\/span>\n                                    <div class=\"sby_play_btn\" >\n                        <span class=\"sby_play_btn_bg\"><\/span>\n                    <svg aria-hidden=\"true\" focusable=\"false\" data-prefix=\"fab\" data-icon=\"youtube\" role=\"img\" xmlns=\"http:\/\/www.w3.org\/2000\/svg\" viewBox=\"0 0 576 512\" class=\"svg-inline--fa fa-youtube fa-w-18\"><path fill=\"currentColor\" d=\"M549.655 124.083c-6.281-23.65-24.787-42.276-48.284-48.597C458.781 64 288 64 288 64S117.22 64 74.629 75.486c-23.497 6.322-42.003 24.947-48.284 48.597-11.412 42.867-11.412 132.305-11.412 132.305s0 89.438 11.412 132.305c6.281 23.65 24.787 41.5 48.284 47.821C117.22 448 288 448 288 448s170.78 0 213.371-11.486c23.497-6.321 42.003-24.171 48.284-47.821 11.412-42.867 11.412-132.305 11.412-132.305s0-89.438-11.412-132.305zm-317.51 213.508V175.185l142.739 81.205-142.739 81.201z\" class=\"\"><\/path><\/svg>                    <\/div>\n                                <span class=\"sby_loader sby_hidden\" style=\"background-color: rgb(255, 255, 255);\"><\/span>\n            <\/a>\n\n            \n        <\/div>\n\n        \n<div class=\"sby_info sby_info_item\">\n\t<div class=\"sby-video-info-bottom\">\n\t\t<div class=\"sby-video-info\">\n\t\t\t\t\t\t\t<p class=\"sby_video_title_wrap\" >\n\t\t\t\t\t<span class=\"sby_video_title\">O que s\u00e3o gatilhos mentais? Como podemos identific\u00e1-los<\/span>\n\t\t\t\t<\/p>\n\t\t\t\n\t\t\t\n\t\t\t\n\t\t\t\n\t\t\t\t\t<\/div>\n\n\t\t\t\t\t\t\t\t<\/div>\n<\/div>    <\/div>\n<\/div><div class=\"sby_item  sby_new sby_transition\" id=\"sby_UEx0Q0tvVE9zX3Rkb002eHowWTNDYV9aZ3F6Mi1jUURmYi4zMEQ1MEIyRTFGNzhDQzFB\" data-date=\"1718290718\" data-video-id=\"Wj4wCPVlPUA\" data-video-title=\"\u00c9 poss\u00edvel prevenir a esquizofrenia?\" data-live-date=\"0\" data-channel-id=\"UCVzDV6uqfZIxgHZvgeMlCyg\" >\n    <div class=\"sby_inner_item\">\n        <div class=\"sby_video_thumbnail_wrap sby_item_video_thumbnail_wrap\">\n            <a class=\"sby_video_thumbnail sby_item_video_thumbnail\" style=\"background-image:url(https:\/\/www.amesuamente.org.br\/en\/wp-content\/plugins\/youtube-feed-pro\/img\/placeholder.png)\" href=\"https:\/\/www.youtube.com\/watch?v=Wj4wCPVlPUA\" target=\"_blank\" rel=\"noopener\" data-full-res=\"https:\/\/i.ytimg.com\/vi\/Wj4wCPVlPUA\/maxresdefault.jpg\" data-img-src-set=\"{&quot;120&quot;:&quot;https:\\\/\\\/i.ytimg.com\\\/vi\\\/Wj4wCPVlPUA\\\/default.jpg&quot;,&quot;320&quot;:&quot;https:\\\/\\\/i.ytimg.com\\\/vi\\\/Wj4wCPVlPUA\\\/mqdefault.jpg&quot;,&quot;480&quot;:&quot;https:\\\/\\\/i.ytimg.com\\\/vi\\\/Wj4wCPVlPUA\\\/hqdefault.jpg&quot;,&quot;640&quot;:&quot;https:\\\/\\\/i.ytimg.com\\\/vi\\\/Wj4wCPVlPUA\\\/sddefault.jpg&quot;}\" data-video-id=\"Wj4wCPVlPUA\"  data-user=\"Instituto Ame Sua Mente\" data-url=\"https:\/\/www.youtube.com\/watch?v=Wj4wCPVlPUA\" data-avatar=\"\" data-title=\"\" data-video-title=\"\u00c9 poss\u00edvel prevenir a esquizofrenia?\" data-channel-id=\"UCVzDV6uqfZIxgHZvgeMlCyg\" data-views=\"159 views\" data-published-date=\"1718290718\" data-formatted-published-date=\"13 de June de 2024 11:58\" data-comment-count=\"0\">\n                <img decoding=\"async\" src=\"https:\/\/www.amesuamente.org.br\/en\/wp-content\/plugins\/youtube-feed-pro\/img\/placeholder.png\" alt=\"\">\n                \n                <div class=\"sby_thumbnail_hover sby_item_video_thumbnail_hover\">\n                    <div class=\"sby_thumbnail_hover_inner\">\n                        \n                        \n                        \n                        \n                                            <\/div>\n                <\/div>\n\n                <span class=\"sby-screenreader\">YouTube Video UEx0Q0tvVE9zX3Rkb002eHowWTNDYV9aZ3F6Mi1jUURmYi4zMEQ1MEIyRTFGNzhDQzFB<\/span>\n                                    <div class=\"sby_play_btn\" >\n                        <span class=\"sby_play_btn_bg\"><\/span>\n                    <svg aria-hidden=\"true\" focusable=\"false\" data-prefix=\"fab\" data-icon=\"youtube\" role=\"img\" xmlns=\"http:\/\/www.w3.org\/2000\/svg\" viewBox=\"0 0 576 512\" class=\"svg-inline--fa fa-youtube fa-w-18\"><path fill=\"currentColor\" d=\"M549.655 124.083c-6.281-23.65-24.787-42.276-48.284-48.597C458.781 64 288 64 288 64S117.22 64 74.629 75.486c-23.497 6.322-42.003 24.947-48.284 48.597-11.412 42.867-11.412 132.305-11.412 132.305s0 89.438 11.412 132.305c6.281 23.65 24.787 41.5 48.284 47.821C117.22 448 288 448 288 448s170.78 0 213.371-11.486c23.497-6.321 42.003-24.171 48.284-47.821 11.412-42.867 11.412-132.305 11.412-132.305s0-89.438-11.412-132.305zm-317.51 213.508V175.185l142.739 81.205-142.739 81.201z\" class=\"\"><\/path><\/svg>                    <\/div>\n                                <span class=\"sby_loader sby_hidden\" style=\"background-color: rgb(255, 255, 255);\"><\/span>\n            <\/a>\n\n            \n        <\/div>\n\n        \n<div class=\"sby_info sby_info_item\">\n\t<div class=\"sby-video-info-bottom\">\n\t\t<div class=\"sby-video-info\">\n\t\t\t\t\t\t\t<p class=\"sby_video_title_wrap\" >\n\t\t\t\t\t<span class=\"sby_video_title\">\u00c9 poss\u00edvel prevenir a esquizofrenia?<\/span>\n\t\t\t\t<\/p>\n\t\t\t\n\t\t\t\n\t\t\t\n\t\t\t\n\t\t\t\t\t<\/div>\n\n\t\t\t\t\t\t\t\t<\/div>\n<\/div>    <\/div>\n<\/div><div class=\"sby_item  sby_new sby_transition\" id=\"sby_UEx0Q0tvVE9zX3Rkb002eHowWTNDYV9aZ3F6Mi1jUURmYi4wMTYxQzVBRDI1NEVDQUZE\" data-date=\"1718291125\" data-video-id=\"AnOaoK36suo\" data-video-title=\"Qual o impacto de um diagno\u0301stico tardio de TDAH?\" data-live-date=\"0\" data-channel-id=\"UCVzDV6uqfZIxgHZvgeMlCyg\" >\n    <div class=\"sby_inner_item\">\n        <div class=\"sby_video_thumbnail_wrap sby_item_video_thumbnail_wrap\">\n            <a class=\"sby_video_thumbnail sby_item_video_thumbnail\" style=\"background-image:url(https:\/\/www.amesuamente.org.br\/en\/wp-content\/plugins\/youtube-feed-pro\/img\/placeholder.png)\" href=\"https:\/\/www.youtube.com\/watch?v=AnOaoK36suo\" target=\"_blank\" rel=\"noopener\" data-full-res=\"https:\/\/i.ytimg.com\/vi\/AnOaoK36suo\/maxresdefault.jpg\" data-img-src-set=\"{&quot;120&quot;:&quot;https:\\\/\\\/i.ytimg.com\\\/vi\\\/AnOaoK36suo\\\/default.jpg&quot;,&quot;320&quot;:&quot;https:\\\/\\\/i.ytimg.com\\\/vi\\\/AnOaoK36suo\\\/mqdefault.jpg&quot;,&quot;480&quot;:&quot;https:\\\/\\\/i.ytimg.com\\\/vi\\\/AnOaoK36suo\\\/hqdefault.jpg&quot;,&quot;640&quot;:&quot;https:\\\/\\\/i.ytimg.com\\\/vi\\\/AnOaoK36suo\\\/sddefault.jpg&quot;}\" data-video-id=\"AnOaoK36suo\"  data-user=\"Instituto Ame Sua Mente\" data-url=\"https:\/\/www.youtube.com\/watch?v=AnOaoK36suo\" data-avatar=\"\" data-title=\"\" data-video-title=\"Qual o impacto de um diagno\u0301stico tardio de TDAH?\" data-channel-id=\"UCVzDV6uqfZIxgHZvgeMlCyg\" data-views=\"58 views\" data-published-date=\"1718291125\" data-formatted-published-date=\"13 de June de 2024 12:05\" data-comment-count=\"0\">\n                <img decoding=\"async\" src=\"https:\/\/www.amesuamente.org.br\/en\/wp-content\/plugins\/youtube-feed-pro\/img\/placeholder.png\" alt=\"\">\n                \n                <div class=\"sby_thumbnail_hover sby_item_video_thumbnail_hover\">\n                    <div class=\"sby_thumbnail_hover_inner\">\n                        \n                        \n                        \n                        \n                                            <\/div>\n                <\/div>\n\n                <span class=\"sby-screenreader\">YouTube Video UEx0Q0tvVE9zX3Rkb002eHowWTNDYV9aZ3F6Mi1jUURmYi4wMTYxQzVBRDI1NEVDQUZE<\/span>\n                                    <div class=\"sby_play_btn\" >\n                        <span class=\"sby_play_btn_bg\"><\/span>\n                    <svg aria-hidden=\"true\" focusable=\"false\" data-prefix=\"fab\" data-icon=\"youtube\" role=\"img\" xmlns=\"http:\/\/www.w3.org\/2000\/svg\" viewBox=\"0 0 576 512\" class=\"svg-inline--fa fa-youtube fa-w-18\"><path fill=\"currentColor\" d=\"M549.655 124.083c-6.281-23.65-24.787-42.276-48.284-48.597C458.781 64 288 64 288 64S117.22 64 74.629 75.486c-23.497 6.322-42.003 24.947-48.284 48.597-11.412 42.867-11.412 132.305-11.412 132.305s0 89.438 11.412 132.305c6.281 23.65 24.787 41.5 48.284 47.821C117.22 448 288 448 288 448s170.78 0 213.371-11.486c23.497-6.321 42.003-24.171 48.284-47.821 11.412-42.867 11.412-132.305 11.412-132.305s0-89.438-11.412-132.305zm-317.51 213.508V175.185l142.739 81.205-142.739 81.201z\" class=\"\"><\/path><\/svg>                    <\/div>\n                                <span class=\"sby_loader sby_hidden\" style=\"background-color: rgb(255, 255, 255);\"><\/span>\n            <\/a>\n\n            \n        <\/div>\n\n        \n<div class=\"sby_info sby_info_item\">\n\t<div class=\"sby-video-info-bottom\">\n\t\t<div class=\"sby-video-info\">\n\t\t\t\t\t\t\t<p class=\"sby_video_title_wrap\" >\n\t\t\t\t\t<span class=\"sby_video_title\">Qual o impacto de um diagno\u0301stico tardio de TDAH?<\/span>\n\t\t\t\t<\/p>\n\t\t\t\n\t\t\t\n\t\t\t\n\t\t\t\n\t\t\t\t\t<\/div>\n\n\t\t\t\t\t\t\t\t<\/div>\n<\/div>    <\/div>\n<\/div><div class=\"sby_item  sby_new sby_transition\" id=\"sby_UEx0Q0tvVE9zX3Rkb002eHowWTNDYV9aZ3F6Mi1jUURmYi4xMzgwMzBERjQ4NjEzNUE5\" data-date=\"1718290652\" data-video-id=\"pk7SfDWeH04\" data-video-title=\"E\u0301 possi\u0301vel ter ao mesmo tempo ansiedade e depressa\u0303o?\" data-live-date=\"0\" data-channel-id=\"UCVzDV6uqfZIxgHZvgeMlCyg\" >\n    <div class=\"sby_inner_item\">\n        <div class=\"sby_video_thumbnail_wrap sby_item_video_thumbnail_wrap\">\n            <a class=\"sby_video_thumbnail sby_item_video_thumbnail\" style=\"background-image:url(https:\/\/www.amesuamente.org.br\/en\/wp-content\/plugins\/youtube-feed-pro\/img\/placeholder.png)\" href=\"https:\/\/www.youtube.com\/watch?v=pk7SfDWeH04\" target=\"_blank\" rel=\"noopener\" data-full-res=\"https:\/\/i.ytimg.com\/vi\/pk7SfDWeH04\/maxresdefault.jpg\" data-img-src-set=\"{&quot;120&quot;:&quot;https:\\\/\\\/i.ytimg.com\\\/vi\\\/pk7SfDWeH04\\\/default.jpg&quot;,&quot;320&quot;:&quot;https:\\\/\\\/i.ytimg.com\\\/vi\\\/pk7SfDWeH04\\\/mqdefault.jpg&quot;,&quot;480&quot;:&quot;https:\\\/\\\/i.ytimg.com\\\/vi\\\/pk7SfDWeH04\\\/hqdefault.jpg&quot;,&quot;640&quot;:&quot;https:\\\/\\\/i.ytimg.com\\\/vi\\\/pk7SfDWeH04\\\/sddefault.jpg&quot;}\" data-video-id=\"pk7SfDWeH04\"  data-user=\"Instituto Ame Sua Mente\" data-url=\"https:\/\/www.youtube.com\/watch?v=pk7SfDWeH04\" data-avatar=\"\" data-title=\"\" data-video-title=\"E\u0301 possi\u0301vel ter ao mesmo tempo ansiedade e depressa\u0303o?\" data-channel-id=\"UCVzDV6uqfZIxgHZvgeMlCyg\" data-views=\"55 views\" data-published-date=\"1718290652\" data-formatted-published-date=\"13 de June de 2024 11:57\" data-comment-count=\"0\">\n                <img decoding=\"async\" src=\"https:\/\/www.amesuamente.org.br\/en\/wp-content\/plugins\/youtube-feed-pro\/img\/placeholder.png\" alt=\"\">\n                \n                <div class=\"sby_thumbnail_hover sby_item_video_thumbnail_hover\">\n                    <div class=\"sby_thumbnail_hover_inner\">\n                        \n                        \n                        \n                        \n                                            <\/div>\n                <\/div>\n\n                <span class=\"sby-screenreader\">YouTube Video UEx0Q0tvVE9zX3Rkb002eHowWTNDYV9aZ3F6Mi1jUURmYi4xMzgwMzBERjQ4NjEzNUE5<\/span>\n                                    <div class=\"sby_play_btn\" >\n                        <span class=\"sby_play_btn_bg\"><\/span>\n                    <svg aria-hidden=\"true\" focusable=\"false\" data-prefix=\"fab\" data-icon=\"youtube\" role=\"img\" xmlns=\"http:\/\/www.w3.org\/2000\/svg\" viewBox=\"0 0 576 512\" class=\"svg-inline--fa fa-youtube fa-w-18\"><path fill=\"currentColor\" d=\"M549.655 124.083c-6.281-23.65-24.787-42.276-48.284-48.597C458.781 64 288 64 288 64S117.22 64 74.629 75.486c-23.497 6.322-42.003 24.947-48.284 48.597-11.412 42.867-11.412 132.305-11.412 132.305s0 89.438 11.412 132.305c6.281 23.65 24.787 41.5 48.284 47.821C117.22 448 288 448 288 448s170.78 0 213.371-11.486c23.497-6.321 42.003-24.171 48.284-47.821 11.412-42.867 11.412-132.305 11.412-132.305s0-89.438-11.412-132.305zm-317.51 213.508V175.185l142.739 81.205-142.739 81.201z\" class=\"\"><\/path><\/svg>                    <\/div>\n                                <span class=\"sby_loader sby_hidden\" style=\"background-color: rgb(255, 255, 255);\"><\/span>\n            <\/a>\n\n            \n        <\/div>\n\n        \n<div class=\"sby_info sby_info_item\">\n\t<div class=\"sby-video-info-bottom\">\n\t\t<div class=\"sby-video-info\">\n\t\t\t\t\t\t\t<p class=\"sby_video_title_wrap\" >\n\t\t\t\t\t<span class=\"sby_video_title\">E\u0301 possi\u0301vel ter ao mesmo tempo ansiedade e depressa\u0303o?<\/span>\n\t\t\t\t<\/p>\n\t\t\t\n\t\t\t\n\t\t\t\n\t\t\t\n\t\t\t\t\t<\/div>\n\n\t\t\t\t\t\t\t\t<\/div>\n<\/div>    <\/div>\n<\/div><div class=\"sby_item  sby_new sby_transition\" id=\"sby_UEx0Q0tvVE9zX3Rkb002eHowWTNDYV9aZ3F6Mi1jUURmYi5EQkE3RTJCQTJEQkFBQTcz\" data-date=\"1721062858\" data-video-id=\"QgMafV8zKGg\" data-video-title=\"Qual \u00e9 a rela\u00e7\u00e3o entre atividade f\u00edsica e sa\u00fade mental?\" data-live-date=\"0\" data-channel-id=\"UCVzDV6uqfZIxgHZvgeMlCyg\" >\n    <div class=\"sby_inner_item\">\n        <div class=\"sby_video_thumbnail_wrap sby_item_video_thumbnail_wrap\">\n            <a class=\"sby_video_thumbnail sby_item_video_thumbnail\" style=\"background-image:url(https:\/\/www.amesuamente.org.br\/en\/wp-content\/plugins\/youtube-feed-pro\/img\/placeholder.png)\" href=\"https:\/\/www.youtube.com\/watch?v=QgMafV8zKGg\" target=\"_blank\" rel=\"noopener\" data-full-res=\"https:\/\/i.ytimg.com\/vi\/QgMafV8zKGg\/maxresdefault.jpg\" data-img-src-set=\"{&quot;120&quot;:&quot;https:\\\/\\\/i.ytimg.com\\\/vi\\\/QgMafV8zKGg\\\/default.jpg&quot;,&quot;320&quot;:&quot;https:\\\/\\\/i.ytimg.com\\\/vi\\\/QgMafV8zKGg\\\/mqdefault.jpg&quot;,&quot;480&quot;:&quot;https:\\\/\\\/i.ytimg.com\\\/vi\\\/QgMafV8zKGg\\\/hqdefault.jpg&quot;,&quot;640&quot;:&quot;https:\\\/\\\/i.ytimg.com\\\/vi\\\/QgMafV8zKGg\\\/sddefault.jpg&quot;}\" data-video-id=\"QgMafV8zKGg\"  data-user=\"Instituto Ame Sua Mente\" data-url=\"https:\/\/www.youtube.com\/watch?v=QgMafV8zKGg\" data-avatar=\"\" data-title=\"\" data-video-title=\"Qual \u00e9 a rela\u00e7\u00e3o entre atividade f\u00edsica e sa\u00fade mental?\" data-channel-id=\"UCVzDV6uqfZIxgHZvgeMlCyg\" data-views=\"108 views\" data-published-date=\"1721062858\" data-formatted-published-date=\"15 de July de 2024 14:00\" data-comment-count=\"0\">\n                <img decoding=\"async\" src=\"https:\/\/www.amesuamente.org.br\/en\/wp-content\/plugins\/youtube-feed-pro\/img\/placeholder.png\" alt=\"\">\n                \n                <div class=\"sby_thumbnail_hover sby_item_video_thumbnail_hover\">\n                    <div class=\"sby_thumbnail_hover_inner\">\n                        \n                        \n                        \n                        \n                                            <\/div>\n                <\/div>\n\n                <span class=\"sby-screenreader\">YouTube Video UEx0Q0tvVE9zX3Rkb002eHowWTNDYV9aZ3F6Mi1jUURmYi5EQkE3RTJCQTJEQkFBQTcz<\/span>\n                                    <div class=\"sby_play_btn\" >\n                        <span class=\"sby_play_btn_bg\"><\/span>\n                    <svg aria-hidden=\"true\" focusable=\"false\" data-prefix=\"fab\" data-icon=\"youtube\" role=\"img\" xmlns=\"http:\/\/www.w3.org\/2000\/svg\" viewBox=\"0 0 576 512\" class=\"svg-inline--fa fa-youtube fa-w-18\"><path fill=\"currentColor\" d=\"M549.655 124.083c-6.281-23.65-24.787-42.276-48.284-48.597C458.781 64 288 64 288 64S117.22 64 74.629 75.486c-23.497 6.322-42.003 24.947-48.284 48.597-11.412 42.867-11.412 132.305-11.412 132.305s0 89.438 11.412 132.305c6.281 23.65 24.787 41.5 48.284 47.821C117.22 448 288 448 288 448s170.78 0 213.371-11.486c23.497-6.321 42.003-24.171 48.284-47.821 11.412-42.867 11.412-132.305 11.412-132.305s0-89.438-11.412-132.305zm-317.51 213.508V175.185l142.739 81.205-142.739 81.201z\" class=\"\"><\/path><\/svg>                    <\/div>\n                                <span class=\"sby_loader sby_hidden\" style=\"background-color: rgb(255, 255, 255);\"><\/span>\n            <\/a>\n\n            \n        <\/div>\n\n        \n<div class=\"sby_info sby_info_item\">\n\t<div class=\"sby-video-info-bottom\">\n\t\t<div class=\"sby-video-info\">\n\t\t\t\t\t\t\t<p class=\"sby_video_title_wrap\" >\n\t\t\t\t\t<span class=\"sby_video_title\">Qual \u00e9 a rela\u00e7\u00e3o entre atividade f\u00edsica e sa\u00fade mental?<\/span>\n\t\t\t\t<\/p>\n\t\t\t\n\t\t\t\n\t\t\t\n\t\t\t\n\t\t\t\t\t<\/div>\n\n\t\t\t\t\t\t\t\t<\/div>\n<\/div>    <\/div>\n<\/div><div class=\"sby_item  sby_new sby_transition\" id=\"sby_UEx0Q0tvVE9zX3Rkb002eHowWTNDYV9aZ3F6Mi1jUURmYi5DRUQwODMxQzUyRTlGRkY3\" data-date=\"1718289908\" data-video-id=\"44nFwkYacgg\" data-video-title=\"Como a vida moderna - hiperconectada - tem afetado nossa sa\u00fade mental?\" data-live-date=\"0\" data-channel-id=\"UCVzDV6uqfZIxgHZvgeMlCyg\" >\n    <div class=\"sby_inner_item\">\n        <div class=\"sby_video_thumbnail_wrap sby_item_video_thumbnail_wrap\">\n            <a class=\"sby_video_thumbnail sby_item_video_thumbnail\" style=\"background-image:url(https:\/\/www.amesuamente.org.br\/en\/wp-content\/plugins\/youtube-feed-pro\/img\/placeholder.png)\" href=\"https:\/\/www.youtube.com\/watch?v=44nFwkYacgg\" target=\"_blank\" rel=\"noopener\" data-full-res=\"https:\/\/i.ytimg.com\/vi\/44nFwkYacgg\/maxresdefault.jpg\" data-img-src-set=\"{&quot;120&quot;:&quot;https:\\\/\\\/i.ytimg.com\\\/vi\\\/44nFwkYacgg\\\/default.jpg&quot;,&quot;320&quot;:&quot;https:\\\/\\\/i.ytimg.com\\\/vi\\\/44nFwkYacgg\\\/mqdefault.jpg&quot;,&quot;480&quot;:&quot;https:\\\/\\\/i.ytimg.com\\\/vi\\\/44nFwkYacgg\\\/hqdefault.jpg&quot;,&quot;640&quot;:&quot;https:\\\/\\\/i.ytimg.com\\\/vi\\\/44nFwkYacgg\\\/sddefault.jpg&quot;}\" data-video-id=\"44nFwkYacgg\"  data-user=\"Instituto Ame Sua Mente\" data-url=\"https:\/\/www.youtube.com\/watch?v=44nFwkYacgg\" data-avatar=\"\" data-title=\"\" data-video-title=\"Como a vida moderna - hiperconectada - tem afetado nossa sa\u00fade mental?\" data-channel-id=\"UCVzDV6uqfZIxgHZvgeMlCyg\" data-views=\"46 views\" data-published-date=\"1718289908\" data-formatted-published-date=\"13 de June de 2024 11:45\" data-comment-count=\"0\">\n                <img decoding=\"async\" src=\"https:\/\/www.amesuamente.org.br\/en\/wp-content\/plugins\/youtube-feed-pro\/img\/placeholder.png\" alt=\"\">\n                \n                <div class=\"sby_thumbnail_hover sby_item_video_thumbnail_hover\">\n                    <div class=\"sby_thumbnail_hover_inner\">\n                        \n                        \n                        \n                        \n                                            <\/div>\n                <\/div>\n\n                <span class=\"sby-screenreader\">YouTube Video UEx0Q0tvVE9zX3Rkb002eHowWTNDYV9aZ3F6Mi1jUURmYi5DRUQwODMxQzUyRTlGRkY3<\/span>\n                                    <div class=\"sby_play_btn\" >\n                        <span class=\"sby_play_btn_bg\"><\/span>\n                    <svg aria-hidden=\"true\" focusable=\"false\" data-prefix=\"fab\" data-icon=\"youtube\" role=\"img\" xmlns=\"http:\/\/www.w3.org\/2000\/svg\" viewBox=\"0 0 576 512\" class=\"svg-inline--fa fa-youtube fa-w-18\"><path fill=\"currentColor\" d=\"M549.655 124.083c-6.281-23.65-24.787-42.276-48.284-48.597C458.781 64 288 64 288 64S117.22 64 74.629 75.486c-23.497 6.322-42.003 24.947-48.284 48.597-11.412 42.867-11.412 132.305-11.412 132.305s0 89.438 11.412 132.305c6.281 23.65 24.787 41.5 48.284 47.821C117.22 448 288 448 288 448s170.78 0 213.371-11.486c23.497-6.321 42.003-24.171 48.284-47.821 11.412-42.867 11.412-132.305 11.412-132.305s0-89.438-11.412-132.305zm-317.51 213.508V175.185l142.739 81.205-142.739 81.201z\" class=\"\"><\/path><\/svg>                    <\/div>\n                                <span class=\"sby_loader sby_hidden\" style=\"background-color: rgb(255, 255, 255);\"><\/span>\n            <\/a>\n\n            \n        <\/div>\n\n        \n<div class=\"sby_info sby_info_item\">\n\t<div class=\"sby-video-info-bottom\">\n\t\t<div class=\"sby-video-info\">\n\t\t\t\t\t\t\t<p class=\"sby_video_title_wrap\" >\n\t\t\t\t\t<span class=\"sby_video_title\">Como a vida moderna - hiperconectada - tem afetado nossa sa\u00fade mental?<\/span>\n\t\t\t\t<\/p>\n\t\t\t\n\t\t\t\n\t\t\t\n\t\t\t\n\t\t\t\t\t<\/div>\n\n\t\t\t\t\t\t\t\t<\/div>\n<\/div>    <\/div>\n<\/div><div class=\"sby_item  sby_new sby_transition\" id=\"sby_UEx0Q0tvVE9zX3Rkb002eHowWTNDYV9aZ3F6Mi1jUURmYi5FQUY2Qzk4RUFDN0ZFRkZF\" data-date=\"1721063379\" data-video-id=\"oC6Xyi1v2h4\" data-video-title=\"Como lidar com tanta informa\u00e7\u00e3o dispon\u00edvel no mundo?\" data-live-date=\"0\" data-channel-id=\"UCVzDV6uqfZIxgHZvgeMlCyg\" >\n    <div class=\"sby_inner_item\">\n        <div class=\"sby_video_thumbnail_wrap sby_item_video_thumbnail_wrap\">\n            <a class=\"sby_video_thumbnail sby_item_video_thumbnail\" style=\"background-image:url(https:\/\/www.amesuamente.org.br\/en\/wp-content\/plugins\/youtube-feed-pro\/img\/placeholder.png)\" href=\"https:\/\/www.youtube.com\/watch?v=oC6Xyi1v2h4\" target=\"_blank\" rel=\"noopener\" data-full-res=\"https:\/\/i.ytimg.com\/vi\/oC6Xyi1v2h4\/maxresdefault.jpg\" data-img-src-set=\"{&quot;120&quot;:&quot;https:\\\/\\\/i.ytimg.com\\\/vi\\\/oC6Xyi1v2h4\\\/default.jpg&quot;,&quot;320&quot;:&quot;https:\\\/\\\/i.ytimg.com\\\/vi\\\/oC6Xyi1v2h4\\\/mqdefault.jpg&quot;,&quot;480&quot;:&quot;https:\\\/\\\/i.ytimg.com\\\/vi\\\/oC6Xyi1v2h4\\\/hqdefault.jpg&quot;,&quot;640&quot;:&quot;https:\\\/\\\/i.ytimg.com\\\/vi\\\/oC6Xyi1v2h4\\\/sddefault.jpg&quot;}\" data-video-id=\"oC6Xyi1v2h4\"  data-user=\"Instituto Ame Sua Mente\" data-url=\"https:\/\/www.youtube.com\/watch?v=oC6Xyi1v2h4\" data-avatar=\"\" data-title=\"\" data-video-title=\"Como lidar com tanta informa\u00e7\u00e3o dispon\u00edvel no mundo?\" data-channel-id=\"UCVzDV6uqfZIxgHZvgeMlCyg\" data-views=\"57 views\" data-published-date=\"1721063379\" data-formatted-published-date=\"15 de July de 2024 14:09\" data-comment-count=\"0\">\n                <img decoding=\"async\" src=\"https:\/\/www.amesuamente.org.br\/en\/wp-content\/plugins\/youtube-feed-pro\/img\/placeholder.png\" alt=\"\">\n                \n                <div class=\"sby_thumbnail_hover sby_item_video_thumbnail_hover\">\n                    <div class=\"sby_thumbnail_hover_inner\">\n                        \n                        \n                        \n                        \n                                            <\/div>\n                <\/div>\n\n                <span class=\"sby-screenreader\">YouTube Video UEx0Q0tvVE9zX3Rkb002eHowWTNDYV9aZ3F6Mi1jUURmYi5FQUY2Qzk4RUFDN0ZFRkZF<\/span>\n                                    <div class=\"sby_play_btn\" >\n                        <span class=\"sby_play_btn_bg\"><\/span>\n                    <svg aria-hidden=\"true\" focusable=\"false\" data-prefix=\"fab\" data-icon=\"youtube\" role=\"img\" xmlns=\"http:\/\/www.w3.org\/2000\/svg\" viewBox=\"0 0 576 512\" class=\"svg-inline--fa fa-youtube fa-w-18\"><path fill=\"currentColor\" d=\"M549.655 124.083c-6.281-23.65-24.787-42.276-48.284-48.597C458.781 64 288 64 288 64S117.22 64 74.629 75.486c-23.497 6.322-42.003 24.947-48.284 48.597-11.412 42.867-11.412 132.305-11.412 132.305s0 89.438 11.412 132.305c6.281 23.65 24.787 41.5 48.284 47.821C117.22 448 288 448 288 448s170.78 0 213.371-11.486c23.497-6.321 42.003-24.171 48.284-47.821 11.412-42.867 11.412-132.305 11.412-132.305s0-89.438-11.412-132.305zm-317.51 213.508V175.185l142.739 81.205-142.739 81.201z\" class=\"\"><\/path><\/svg>                    <\/div>\n                                <span class=\"sby_loader sby_hidden\" style=\"background-color: rgb(255, 255, 255);\"><\/span>\n            <\/a>\n\n            \n        <\/div>\n\n        \n<div class=\"sby_info sby_info_item\">\n\t<div class=\"sby-video-info-bottom\">\n\t\t<div class=\"sby-video-info\">\n\t\t\t\t\t\t\t<p class=\"sby_video_title_wrap\" >\n\t\t\t\t\t<span class=\"sby_video_title\">Como lidar com tanta informa\u00e7\u00e3o dispon\u00edvel no mundo?<\/span>\n\t\t\t\t<\/p>\n\t\t\t\n\t\t\t\n\t\t\t\n\t\t\t\n\t\t\t\t\t<\/div>\n\n\t\t\t\t\t\t\t\t<\/div>\n<\/div>    <\/div>\n<\/div><div class=\"sby_item  sby_new sby_transition\" id=\"sby_UEx0Q0tvVE9zX3Rkb002eHowWTNDYV9aZ3F6Mi1jUURmYi4yQzk4QTA5QjkzMTFFOEI1\" data-date=\"1721062924\" data-video-id=\"YOu3PUps3_Y\" data-video-title=\"Qual o impacto do sono na sa\u00fade mental? O que podemos fazer para dormirmos bem?\" data-live-date=\"0\" data-channel-id=\"UCVzDV6uqfZIxgHZvgeMlCyg\" >\n    <div class=\"sby_inner_item\">\n        <div class=\"sby_video_thumbnail_wrap sby_item_video_thumbnail_wrap\">\n            <a class=\"sby_video_thumbnail sby_item_video_thumbnail\" style=\"background-image:url(https:\/\/www.amesuamente.org.br\/en\/wp-content\/plugins\/youtube-feed-pro\/img\/placeholder.png)\" href=\"https:\/\/www.youtube.com\/watch?v=YOu3PUps3_Y\" target=\"_blank\" rel=\"noopener\" data-full-res=\"https:\/\/i.ytimg.com\/vi\/YOu3PUps3_Y\/maxresdefault.jpg\" data-img-src-set=\"{&quot;120&quot;:&quot;https:\\\/\\\/i.ytimg.com\\\/vi\\\/YOu3PUps3_Y\\\/default.jpg&quot;,&quot;320&quot;:&quot;https:\\\/\\\/i.ytimg.com\\\/vi\\\/YOu3PUps3_Y\\\/mqdefault.jpg&quot;,&quot;480&quot;:&quot;https:\\\/\\\/i.ytimg.com\\\/vi\\\/YOu3PUps3_Y\\\/hqdefault.jpg&quot;,&quot;640&quot;:&quot;https:\\\/\\\/i.ytimg.com\\\/vi\\\/YOu3PUps3_Y\\\/sddefault.jpg&quot;}\" data-video-id=\"YOu3PUps3_Y\"  data-user=\"Instituto Ame Sua Mente\" data-url=\"https:\/\/www.youtube.com\/watch?v=YOu3PUps3_Y\" data-avatar=\"\" data-title=\"\" data-video-title=\"Qual o impacto do sono na sa\u00fade mental? O que podemos fazer para dormirmos bem?\" data-channel-id=\"UCVzDV6uqfZIxgHZvgeMlCyg\" data-views=\"53 views\" data-published-date=\"1721062924\" data-formatted-published-date=\"15 de July de 2024 14:02\" data-comment-count=\"0\">\n                <img decoding=\"async\" src=\"https:\/\/www.amesuamente.org.br\/en\/wp-content\/plugins\/youtube-feed-pro\/img\/placeholder.png\" alt=\"\">\n                \n                <div class=\"sby_thumbnail_hover sby_item_video_thumbnail_hover\">\n                    <div class=\"sby_thumbnail_hover_inner\">\n                        \n                        \n                        \n                        \n                                            <\/div>\n                <\/div>\n\n                <span class=\"sby-screenreader\">YouTube Video UEx0Q0tvVE9zX3Rkb002eHowWTNDYV9aZ3F6Mi1jUURmYi4yQzk4QTA5QjkzMTFFOEI1<\/span>\n                                    <div class=\"sby_play_btn\" >\n                        <span class=\"sby_play_btn_bg\"><\/span>\n                    <svg aria-hidden=\"true\" focusable=\"false\" data-prefix=\"fab\" data-icon=\"youtube\" role=\"img\" xmlns=\"http:\/\/www.w3.org\/2000\/svg\" viewBox=\"0 0 576 512\" class=\"svg-inline--fa fa-youtube fa-w-18\"><path fill=\"currentColor\" d=\"M549.655 124.083c-6.281-23.65-24.787-42.276-48.284-48.597C458.781 64 288 64 288 64S117.22 64 74.629 75.486c-23.497 6.322-42.003 24.947-48.284 48.597-11.412 42.867-11.412 132.305-11.412 132.305s0 89.438 11.412 132.305c6.281 23.65 24.787 41.5 48.284 47.821C117.22 448 288 448 288 448s170.78 0 213.371-11.486c23.497-6.321 42.003-24.171 48.284-47.821 11.412-42.867 11.412-132.305 11.412-132.305s0-89.438-11.412-132.305zm-317.51 213.508V175.185l142.739 81.205-142.739 81.201z\" class=\"\"><\/path><\/svg>                    <\/div>\n                                <span class=\"sby_loader sby_hidden\" style=\"background-color: rgb(255, 255, 255);\"><\/span>\n            <\/a>\n\n            \n        <\/div>\n\n        \n<div class=\"sby_info sby_info_item\">\n\t<div class=\"sby-video-info-bottom\">\n\t\t<div class=\"sby-video-info\">\n\t\t\t\t\t\t\t<p class=\"sby_video_title_wrap\" >\n\t\t\t\t\t<span class=\"sby_video_title\">Qual o impacto do sono na sa\u00fade mental? O que podemos fazer para dormirmos bem?<\/span>\n\t\t\t\t<\/p>\n\t\t\t\n\t\t\t\n\t\t\t\n\t\t\t\n\t\t\t\t\t<\/div>\n\n\t\t\t\t\t\t\t\t<\/div>\n<\/div>    <\/div>\n<\/div><div class=\"sby_item  sby_new sby_transition\" id=\"sby_UEx0Q0tvVE9zX3Rkb002eHowWTNDYV9aZ3F6Mi1jUURmYi4xN0Y2QjVBOEI2MzQ5OUM5\" data-date=\"1721063332\" data-video-id=\"BZc40SwilP4\" data-video-title=\"A hiperconectividade pode afetar nossa sa\u00fade mental?\" data-live-date=\"0\" data-channel-id=\"UCVzDV6uqfZIxgHZvgeMlCyg\" >\n    <div class=\"sby_inner_item\">\n        <div class=\"sby_video_thumbnail_wrap sby_item_video_thumbnail_wrap\">\n            <a class=\"sby_video_thumbnail sby_item_video_thumbnail\" style=\"background-image:url(https:\/\/www.amesuamente.org.br\/en\/wp-content\/plugins\/youtube-feed-pro\/img\/placeholder.png)\" href=\"https:\/\/www.youtube.com\/watch?v=BZc40SwilP4\" target=\"_blank\" rel=\"noopener\" data-full-res=\"https:\/\/i.ytimg.com\/vi\/BZc40SwilP4\/maxresdefault.jpg\" data-img-src-set=\"{&quot;120&quot;:&quot;https:\\\/\\\/i.ytimg.com\\\/vi\\\/BZc40SwilP4\\\/default.jpg&quot;,&quot;320&quot;:&quot;https:\\\/\\\/i.ytimg.com\\\/vi\\\/BZc40SwilP4\\\/mqdefault.jpg&quot;,&quot;480&quot;:&quot;https:\\\/\\\/i.ytimg.com\\\/vi\\\/BZc40SwilP4\\\/hqdefault.jpg&quot;,&quot;640&quot;:&quot;https:\\\/\\\/i.ytimg.com\\\/vi\\\/BZc40SwilP4\\\/sddefault.jpg&quot;}\" data-video-id=\"BZc40SwilP4\"  data-user=\"Instituto Ame Sua Mente\" data-url=\"https:\/\/www.youtube.com\/watch?v=BZc40SwilP4\" data-avatar=\"\" data-title=\"\" data-video-title=\"A hiperconectividade pode afetar nossa sa\u00fade mental?\" data-channel-id=\"UCVzDV6uqfZIxgHZvgeMlCyg\" data-views=\"55 views\" data-published-date=\"1721063332\" data-formatted-published-date=\"15 de July de 2024 14:08\" data-comment-count=\"0\">\n                <img decoding=\"async\" src=\"https:\/\/www.amesuamente.org.br\/en\/wp-content\/plugins\/youtube-feed-pro\/img\/placeholder.png\" alt=\"\">\n                \n                <div class=\"sby_thumbnail_hover sby_item_video_thumbnail_hover\">\n                    <div class=\"sby_thumbnail_hover_inner\">\n                        \n                        \n                        \n                        \n                                            <\/div>\n                <\/div>\n\n                <span class=\"sby-screenreader\">YouTube Video UEx0Q0tvVE9zX3Rkb002eHowWTNDYV9aZ3F6Mi1jUURmYi4xN0Y2QjVBOEI2MzQ5OUM5<\/span>\n                                    <div class=\"sby_play_btn\" >\n                        <span class=\"sby_play_btn_bg\"><\/span>\n                    <svg aria-hidden=\"true\" focusable=\"false\" data-prefix=\"fab\" data-icon=\"youtube\" role=\"img\" xmlns=\"http:\/\/www.w3.org\/2000\/svg\" viewBox=\"0 0 576 512\" class=\"svg-inline--fa fa-youtube fa-w-18\"><path fill=\"currentColor\" d=\"M549.655 124.083c-6.281-23.65-24.787-42.276-48.284-48.597C458.781 64 288 64 288 64S117.22 64 74.629 75.486c-23.497 6.322-42.003 24.947-48.284 48.597-11.412 42.867-11.412 132.305-11.412 132.305s0 89.438 11.412 132.305c6.281 23.65 24.787 41.5 48.284 47.821C117.22 448 288 448 288 448s170.78 0 213.371-11.486c23.497-6.321 42.003-24.171 48.284-47.821 11.412-42.867 11.412-132.305 11.412-132.305s0-89.438-11.412-132.305zm-317.51 213.508V175.185l142.739 81.205-142.739 81.201z\" class=\"\"><\/path><\/svg>                    <\/div>\n                                <span class=\"sby_loader sby_hidden\" style=\"background-color: rgb(255, 255, 255);\"><\/span>\n            <\/a>\n\n            \n        <\/div>\n\n        \n<div class=\"sby_info sby_info_item\">\n\t<div class=\"sby-video-info-bottom\">\n\t\t<div class=\"sby-video-info\">\n\t\t\t\t\t\t\t<p class=\"sby_video_title_wrap\" >\n\t\t\t\t\t<span class=\"sby_video_title\">A hiperconectividade pode afetar nossa sa\u00fade mental?<\/span>\n\t\t\t\t<\/p>\n\t\t\t\n\t\t\t\n\t\t\t\n\t\t\t\n\t\t\t\t\t<\/div>\n\n\t\t\t\t\t\t\t\t<\/div>\n<\/div>    <\/div>\n<\/div>    <\/div>\n    \n\t<div class=\"sby_footer\">\n\n\n<\/div>\n    <div class=\"sby_cta_items_wraps sby_cta_wrap\">\n\t<div class=\"sby_cta_inner_wrap\">\n\n\t<\/div>\n<\/div>\n\n\t\n<\/div>\n\n\t<style type=\"text\/css\">\n\t\t\t\tbody #sb_youtube_sbyPLtCKo2cQDfb50.sb_youtube.sby_palette_custom .sby_video_title{\n\t\t\tcolor: #cb8ab5;\n\t\t}\n    \t\t\t\t    <\/style>\n\t<style type=\"text\/css\">body #sb_youtube_sbyPLtCKo2cQDfb50 .sby_caption_wrap .sby_caption { font-size: 13px !important}body #sb_youtube_sbyPLtCKo2cQDfb50 .sby_follow_btn a:hover { box-shadow:inset 0 0 10px 20px rgb(255, 255, 255, .25) !important}body #sb_youtube_sbyPLtCKo2cQDfb50[data-videostyle=boxed] .sby_items_wrap .sby_item .sby_inner_item { background-color: #ffffff !important}<\/style>Videocast\n\n<div id=\"sb_youtube_sbyPLtCKogOsScP21\" \n\t class=\"sb_youtube sby_layout_carousel sby_col_3 sby_mob_col_1 sby_palette_custom  sby_width_resp\" \n\tdata-feedid=\"sby_PLtCKogO-sScP#21\" \n\tdata-shortcode-atts=\"{&quot;feed&quot;:&quot;2&quot;}\" \n\tdata-cols=\"3\" \n\tdata-colsmobile=\"1\" \n\tdata-num=\"21\" \n\tdata-nummobile=\"21\" \n\t\tdata-subscribe-btn=\"1\" \n\tdata-subscribe-btn-text=\"Subscribe\" \n\tdata_channel_header_colors =\"{&quot;channelName&quot;:&quot;&quot;,&quot;subscribeCount&quot;:&quot;&quot;,&quot;buttonBackground&quot;:&quot;&quot;,&quot;buttonText&quot;:&quot;&quot;}\"\n\t data-options=\"{&quot;carousel&quot;:[true,false,false,false,true,1],&quot;cta&quot;:{&quot;type&quot;:&quot;related&quot;,&quot;defaultPosts&quot;:[],&quot;defaultLink&quot;:&quot;&quot;,&quot;defaultText&quot;:&quot;Learn More&quot;,&quot;openType&quot;:&quot;same&quot;,&quot;color&quot;:&quot;&quot;,&quot;textColor&quot;:&quot;&quot;},&quot;descriptionlength&quot;:150}\" data-sby-flags=\"resizeDisable,gdpr\" data-postid=\"5918\" data-sby-supports-lightbox=\"1\" \n\t data-videocardlayout=\"vertical\" \n>\n\t        <div class=\"sby_items_wrap\" style=\"padding: 5px;\">\n\t\t<div class=\"sby_item  sby_new sby_transition\" id=\"sby_UEx0Q0tvVE9zX3RkcUJxN2FWTEllSnlkZ0kwZ08tc1NjUC41NkI0NEY2RDEwNTU3Q0M2\" data-date=\"1665677883\" data-video-id=\"pnVPWTSjQ58\" data-video-title=\"Sa\u00fade mental dos professores\" data-live-date=\"0\" data-channel-id=\"UCVzDV6uqfZIxgHZvgeMlCyg\" >\n    <div class=\"sby_inner_item\">\n        <div class=\"sby_video_thumbnail_wrap sby_item_video_thumbnail_wrap\">\n            <a class=\"sby_video_thumbnail sby_item_video_thumbnail\" style=\"background-image:url(https:\/\/www.amesuamente.org.br\/en\/wp-content\/plugins\/youtube-feed-pro\/img\/placeholder.png)\" href=\"https:\/\/www.youtube.com\/watch?v=pnVPWTSjQ58\" target=\"_blank\" rel=\"noopener\" data-full-res=\"https:\/\/i.ytimg.com\/vi\/pnVPWTSjQ58\/maxresdefault.jpg\" data-img-src-set=\"{&quot;120&quot;:&quot;https:\\\/\\\/i.ytimg.com\\\/vi\\\/pnVPWTSjQ58\\\/default.jpg&quot;,&quot;320&quot;:&quot;https:\\\/\\\/i.ytimg.com\\\/vi\\\/pnVPWTSjQ58\\\/mqdefault.jpg&quot;,&quot;480&quot;:&quot;https:\\\/\\\/i.ytimg.com\\\/vi\\\/pnVPWTSjQ58\\\/hqdefault.jpg&quot;,&quot;640&quot;:&quot;https:\\\/\\\/i.ytimg.com\\\/vi\\\/pnVPWTSjQ58\\\/sddefault.jpg&quot;}\" data-video-id=\"pnVPWTSjQ58\"  data-user=\"Instituto Ame Sua Mente\" data-url=\"https:\/\/www.youtube.com\/watch?v=pnVPWTSjQ58\" data-avatar=\"\" data-title=\"O Bem estar do professor \u00e9 essencial para o desenvolvimento das crian\u00e7as e jovens, esses profissionais t\u00eam um &quot;papel chave&quot; para a sociedade como um todo e para a constru\u00e7\u00e3o de um futuro melhor.&lt;br \/&gt;\n&lt;br \/&gt;\nE como anda a sa\u00fade mental dos professores?\" data-video-title=\"Sa\u00fade mental dos professores\" data-channel-id=\"UCVzDV6uqfZIxgHZvgeMlCyg\" data-views=\"8.8K views\" data-published-date=\"1665677883\" data-formatted-published-date=\"13 de October de 2022 13:18\" data-comment-count=\"16\">\n                <img decoding=\"async\" src=\"https:\/\/www.amesuamente.org.br\/en\/wp-content\/plugins\/youtube-feed-pro\/img\/placeholder.png\" alt=\"O Bem estar do professor \u00e9 essencial para o desenvolvimento das crian\u00e7as e jovens, esses profissionais t\u00eam um &quot;papel chave&quot; para a sociedade como um todo e para a constru\u00e7\u00e3o de um futuro melhor.\n\nE como anda a sa\u00fade mental dos professores?\">\n                \n                <div class=\"sby_thumbnail_hover sby_item_video_thumbnail_hover\">\n                    <div class=\"sby_thumbnail_hover_inner\">\n                        \n                        \n                        \n                                                    <p class=\"sby_caption\" >O Bem estar do professor \u00e9 essencial para o desenvolvimento das crian\u00e7as e jovens, esses profissionais t\u00eam um &quot;papel chave&quot; para a sociedade como um todo e para a constru\u00e7\u00e3o de um futuro melhor.<br>\n<br>\nE como anda a sa\u00fade mental dos professores?<\/p>\n                        \n                                                    <p class=\"sby_stats\" >\n                                <span class=\"sby_likes\" >\n                                                                    <span class=\"sby_like_count\">304<\/span>\n                                <\/span>\n                                <span class=\"sby_comments\" >\n                                                                        <span class=\"sby_comment_count\">16<\/span>\n                                <\/span>\n                            <\/p>\n                                            <\/div>\n                <\/div>\n\n                <span class=\"sby-screenreader\">YouTube Video UEx0Q0tvVE9zX3RkcUJxN2FWTEllSnlkZ0kwZ08tc1NjUC41NkI0NEY2RDEwNTU3Q0M2<\/span>\n                                    <div class=\"sby_play_btn\" >\n                        <span class=\"sby_play_btn_bg\"><\/span>\n                    <svg aria-hidden=\"true\" focusable=\"false\" data-prefix=\"fab\" data-icon=\"youtube\" role=\"img\" xmlns=\"http:\/\/www.w3.org\/2000\/svg\" viewBox=\"0 0 576 512\" class=\"svg-inline--fa fa-youtube fa-w-18\"><path fill=\"currentColor\" d=\"M549.655 124.083c-6.281-23.65-24.787-42.276-48.284-48.597C458.781 64 288 64 288 64S117.22 64 74.629 75.486c-23.497 6.322-42.003 24.947-48.284 48.597-11.412 42.867-11.412 132.305-11.412 132.305s0 89.438 11.412 132.305c6.281 23.65 24.787 41.5 48.284 47.821C117.22 448 288 448 288 448s170.78 0 213.371-11.486c23.497-6.321 42.003-24.171 48.284-47.821 11.412-42.867 11.412-132.305 11.412-132.305s0-89.438-11.412-132.305zm-317.51 213.508V175.185l142.739 81.205-142.739 81.201z\" class=\"\"><\/path><\/svg>                    <\/div>\n                                <span class=\"sby_loader sby_hidden\" style=\"background-color: rgb(255, 255, 255);\"><\/span>\n            <\/a>\n\n            \n        <\/div>\n\n        \n<div class=\"sby_info sby_info_item\">\n\t<div class=\"sby-video-info-bottom\">\n\t\t<div class=\"sby-video-info\">\n\t\t\t\t\t\t\t<p class=\"sby_video_title_wrap\" >\n\t\t\t\t\t<span class=\"sby_video_title\">Sa\u00fade mental dos professores<\/span>\n\t\t\t\t<\/p>\n\t\t\t\n\t\t\t\n\t\t\t\n\t\t\t\n\t\t\t\t\t<\/div>\n\n\t\t\t\t\t\t\t\t<\/div>\n<\/div>    <\/div>\n<\/div><div class=\"sby_item  sby_new sby_transition\" id=\"sby_UEx0Q0tvVE9zX3RkcUJxN2FWTEllSnlkZ0kwZ08tc1NjUC4yODlGNEE0NkRGMEEzMEQy\" data-date=\"1671633679\" data-video-id=\"MPfJDRVe_Q4\" data-video-title=\"[Videocast] Sa\u00fade mental no pr\u00e9-vestibular\" data-live-date=\"0\" data-channel-id=\"UCVzDV6uqfZIxgHZvgeMlCyg\" >\n    <div class=\"sby_inner_item\">\n        <div class=\"sby_video_thumbnail_wrap sby_item_video_thumbnail_wrap\">\n            <a class=\"sby_video_thumbnail sby_item_video_thumbnail\" style=\"background-image:url(https:\/\/www.amesuamente.org.br\/en\/wp-content\/plugins\/youtube-feed-pro\/img\/placeholder.png)\" href=\"https:\/\/www.youtube.com\/watch?v=MPfJDRVe_Q4\" target=\"_blank\" rel=\"noopener\" data-full-res=\"https:\/\/i.ytimg.com\/vi\/MPfJDRVe_Q4\/maxresdefault.jpg\" data-img-src-set=\"{&quot;120&quot;:&quot;https:\\\/\\\/i.ytimg.com\\\/vi\\\/MPfJDRVe_Q4\\\/default.jpg&quot;,&quot;320&quot;:&quot;https:\\\/\\\/i.ytimg.com\\\/vi\\\/MPfJDRVe_Q4\\\/mqdefault.jpg&quot;,&quot;480&quot;:&quot;https:\\\/\\\/i.ytimg.com\\\/vi\\\/MPfJDRVe_Q4\\\/hqdefault.jpg&quot;,&quot;640&quot;:&quot;https:\\\/\\\/i.ytimg.com\\\/vi\\\/MPfJDRVe_Q4\\\/sddefault.jpg&quot;}\" data-video-id=\"MPfJDRVe_Q4\"  data-user=\"Instituto Ame Sua Mente\" data-url=\"https:\/\/www.youtube.com\/watch?v=MPfJDRVe_Q4\" data-avatar=\"\" data-title=\"Sa\u00fade mental no pr\u00e9-vestibular, esse tema merece uma boa conversa! Assista ao novo epis\u00f3dio do videocast Ame Sua Mente na Escola com foco no bem estar do aluno nesse momento. A apresentadora Mariana Blanski conversou com a psic\u00f3loga e pedagoga Ana Carolina D\u2019agostini da equipe de sa\u00fade mental do Instituto Ame sua Mente e com Gustavo Bispo, estudante de ci\u00eancias sociais da UNICAMP.\" data-video-title=\"[Videocast] Sa\u00fade mental no pr\u00e9-vestibular\" data-channel-id=\"UCVzDV6uqfZIxgHZvgeMlCyg\" data-views=\"689 views\" data-published-date=\"1671633679\" data-formatted-published-date=\"21 de December de 2022 11:41\" data-comment-count=\"3\">\n                <img decoding=\"async\" src=\"https:\/\/www.amesuamente.org.br\/en\/wp-content\/plugins\/youtube-feed-pro\/img\/placeholder.png\" alt=\"Sa\u00fade mental no pr\u00e9-vestibular, esse tema merece uma boa conversa! Assista ao novo epis\u00f3dio do videocast Ame Sua Mente na Escola com foco no bem estar do aluno nesse momento. A apresentadora Mariana Blanski conversou com a psic\u00f3loga e pedagoga Ana Carolina D\u2019agostini da equipe de sa\u00fade mental do Instituto Ame sua Mente e com Gustavo Bispo, estudante de ci\u00eancias sociais da UNICAMP.\">\n                \n                <div class=\"sby_thumbnail_hover sby_item_video_thumbnail_hover\">\n                    <div class=\"sby_thumbnail_hover_inner\">\n                        \n                        \n                        \n                                                    <p class=\"sby_caption\" >Sa\u00fade mental no pr\u00e9-vestibular, esse tema merece uma boa conversa! Assista ao novo epis\u00f3dio do videocast Ame Sua Mente na Escola com foco no bem estar do aluno nesse momento. A apresentadora Mariana Blanski conversou com a psic\u00f3loga e pedagoga Ana Carolina D\u2019agostini da equipe de sa\u00fade mental do Instituto Ame sua Mente e com Gustavo Bispo, estudante de ci\u00eancias sociais da UNICAMP.<\/p>\n                        \n                                                    <p class=\"sby_stats\" >\n                                <span class=\"sby_likes\" >\n                                                                    <span class=\"sby_like_count\">42<\/span>\n                                <\/span>\n                                <span class=\"sby_comments\" >\n                                                                        <span class=\"sby_comment_count\">3<\/span>\n                                <\/span>\n                            <\/p>\n                                            <\/div>\n                <\/div>\n\n                <span class=\"sby-screenreader\">YouTube Video UEx0Q0tvVE9zX3RkcUJxN2FWTEllSnlkZ0kwZ08tc1NjUC4yODlGNEE0NkRGMEEzMEQy<\/span>\n                                    <div class=\"sby_play_btn\" >\n                        <span class=\"sby_play_btn_bg\"><\/span>\n                    <svg aria-hidden=\"true\" focusable=\"false\" data-prefix=\"fab\" data-icon=\"youtube\" role=\"img\" xmlns=\"http:\/\/www.w3.org\/2000\/svg\" viewBox=\"0 0 576 512\" class=\"svg-inline--fa fa-youtube fa-w-18\"><path fill=\"currentColor\" d=\"M549.655 124.083c-6.281-23.65-24.787-42.276-48.284-48.597C458.781 64 288 64 288 64S117.22 64 74.629 75.486c-23.497 6.322-42.003 24.947-48.284 48.597-11.412 42.867-11.412 132.305-11.412 132.305s0 89.438 11.412 132.305c6.281 23.65 24.787 41.5 48.284 47.821C117.22 448 288 448 288 448s170.78 0 213.371-11.486c23.497-6.321 42.003-24.171 48.284-47.821 11.412-42.867 11.412-132.305 11.412-132.305s0-89.438-11.412-132.305zm-317.51 213.508V175.185l142.739 81.205-142.739 81.201z\" class=\"\"><\/path><\/svg>                    <\/div>\n                                <span class=\"sby_loader sby_hidden\" style=\"background-color: rgb(255, 255, 255);\"><\/span>\n            <\/a>\n\n            \n        <\/div>\n\n        \n<div class=\"sby_info sby_info_item\">\n\t<div class=\"sby-video-info-bottom\">\n\t\t<div class=\"sby-video-info\">\n\t\t\t\t\t\t\t<p class=\"sby_video_title_wrap\" >\n\t\t\t\t\t<span class=\"sby_video_title\">[Videocast] Sa\u00fade mental no pr\u00e9-vestibular<\/span>\n\t\t\t\t<\/p>\n\t\t\t\n\t\t\t\n\t\t\t\n\t\t\t\n\t\t\t\t\t<\/div>\n\n\t\t\t\t\t\t\t\t<\/div>\n<\/div>    <\/div>\n<\/div><div class=\"sby_item  sby_new sby_transition\" id=\"sby_UEx0Q0tvVE9zX3RkcUJxN2FWTEllSnlkZ0kwZ08tc1NjUC4wMTcyMDhGQUE4NTIzM0Y5\" data-date=\"1675872203\" data-video-id=\"XWwPQqRkQg0\" data-video-title=\"[VIDEOCAST] Compet\u00eancias socioemocionais\" data-live-date=\"0\" data-channel-id=\"UCVzDV6uqfZIxgHZvgeMlCyg\" >\n    <div class=\"sby_inner_item\">\n        <div class=\"sby_video_thumbnail_wrap sby_item_video_thumbnail_wrap\">\n            <a class=\"sby_video_thumbnail sby_item_video_thumbnail\" style=\"background-image:url(https:\/\/www.amesuamente.org.br\/en\/wp-content\/plugins\/youtube-feed-pro\/img\/placeholder.png)\" href=\"https:\/\/www.youtube.com\/watch?v=XWwPQqRkQg0\" target=\"_blank\" rel=\"noopener\" data-full-res=\"https:\/\/i.ytimg.com\/vi\/XWwPQqRkQg0\/maxresdefault.jpg\" data-img-src-set=\"{&quot;120&quot;:&quot;https:\\\/\\\/i.ytimg.com\\\/vi\\\/XWwPQqRkQg0\\\/default.jpg&quot;,&quot;320&quot;:&quot;https:\\\/\\\/i.ytimg.com\\\/vi\\\/XWwPQqRkQg0\\\/mqdefault.jpg&quot;,&quot;480&quot;:&quot;https:\\\/\\\/i.ytimg.com\\\/vi\\\/XWwPQqRkQg0\\\/hqdefault.jpg&quot;,&quot;640&quot;:&quot;https:\\\/\\\/i.ytimg.com\\\/vi\\\/XWwPQqRkQg0\\\/sddefault.jpg&quot;}\" data-video-id=\"XWwPQqRkQg0\"  data-user=\"Instituto Ame Sua Mente\" data-url=\"https:\/\/www.youtube.com\/watch?v=XWwPQqRkQg0\" data-avatar=\"\" data-title=\"Com Celso Lopes de Souza, m\u00e9dico psiquiatra, educador e fundador do Semente Educa\u00e7\u00e3o; Grace Luciana Pereira, psic\u00f3loga e pedagoga, especialista em administra\u00e7\u00e3o escolar e empresarial, p\u00f3s graduada em vitimiza\u00e7\u00e3o de crian\u00e7as e adolescentes e facilitadora do Instituto Ame Sua Mente; Mediado por Mariana Blanski, atriz, comunicadora e psic\u00f3loga.&lt;br \/&gt;\n&lt;br \/&gt;\nOu\u00e7a tamb\u00e9m na sua plataforma de \u00e1udio preferida, acesse: https:\/\/spotifyanchor-web.app.link\/e\/zqdBOVzQfxb&lt;br \/&gt;\n&lt;br \/&gt;\nVeja este e mais conte\u00fados no site: https:\/\/www.amesuamente.org.br\/en\/\" data-video-title=\"[VIDEOCAST] Compet\u00eancias socioemocionais\" data-channel-id=\"UCVzDV6uqfZIxgHZvgeMlCyg\" data-views=\"835 views\" data-published-date=\"1675872203\" data-formatted-published-date=\"8 de February de 2023 13:03\" data-comment-count=\"1\">\n                <img decoding=\"async\" src=\"https:\/\/www.amesuamente.org.br\/en\/wp-content\/plugins\/youtube-feed-pro\/img\/placeholder.png\" alt=\"Com Celso Lopes de Souza, m\u00e9dico psiquiatra, educador e fundador do Semente Educa\u00e7\u00e3o; Grace Luciana Pereira, psic\u00f3loga e pedagoga, especialista em administra\u00e7\u00e3o escolar e empresarial, p\u00f3s graduada em vitimiza\u00e7\u00e3o de crian\u00e7as e adolescentes e facilitadora do Instituto Ame Sua Mente; Mediado por Mariana Blanski, atriz, comunicadora e psic\u00f3loga.\n\nOu\u00e7a tamb\u00e9m na sua plataforma de \u00e1udio preferida, acesse: https:\/\/spotifyanchor-web.app.link\/e\/zqdBOVzQfxb\n\nVeja este e mais conte\u00fados no site: https:\/\/www.amesuamente.org.br\/\">\n                \n                <div class=\"sby_thumbnail_hover sby_item_video_thumbnail_hover\">\n                    <div class=\"sby_thumbnail_hover_inner\">\n                        \n                        \n                        \n                                                    <p class=\"sby_caption\" >Com Celso Lopes de Souza, m\u00e9dico psiquiatra, educador e fundador do Semente Educa\u00e7\u00e3o; Grace Luciana Pereira, psic\u00f3loga e pedagoga, especialista em administra\u00e7\u00e3o escolar e empresarial, p\u00f3s graduada em vitimiza\u00e7\u00e3o de crian\u00e7as e adolescentes e facilitadora do Instituto Ame Sua Mente; Mediado por Mariana Blanski, atriz, comunicadora e psic\u00f3loga.<br>\n<br>\nOu\u00e7a tamb\u00e9m na sua plataforma de \u00e1udio preferida, acesse: https:\/\/spotifyanchor-web.app.link\/e\/zqdBOVzQfxb<br>\n<br>\nVeja este e mais conte\u00fados no site: https:\/\/www.amesuamente.org.br\/en\/<\/p>\n                        \n                                                    <p class=\"sby_stats\" >\n                                <span class=\"sby_likes\" >\n                                                                    <span class=\"sby_like_count\">40<\/span>\n                                <\/span>\n                                <span class=\"sby_comments\" >\n                                                                        <span class=\"sby_comment_count\">1<\/span>\n                                <\/span>\n                            <\/p>\n                                            <\/div>\n                <\/div>\n\n                <span class=\"sby-screenreader\">YouTube Video UEx0Q0tvVE9zX3RkcUJxN2FWTEllSnlkZ0kwZ08tc1NjUC4wMTcyMDhGQUE4NTIzM0Y5<\/span>\n                                    <div class=\"sby_play_btn\" >\n                        <span class=\"sby_play_btn_bg\"><\/span>\n                    <svg aria-hidden=\"true\" focusable=\"false\" data-prefix=\"fab\" data-icon=\"youtube\" role=\"img\" xmlns=\"http:\/\/www.w3.org\/2000\/svg\" viewBox=\"0 0 576 512\" class=\"svg-inline--fa fa-youtube fa-w-18\"><path fill=\"currentColor\" d=\"M549.655 124.083c-6.281-23.65-24.787-42.276-48.284-48.597C458.781 64 288 64 288 64S117.22 64 74.629 75.486c-23.497 6.322-42.003 24.947-48.284 48.597-11.412 42.867-11.412 132.305-11.412 132.305s0 89.438 11.412 132.305c6.281 23.65 24.787 41.5 48.284 47.821C117.22 448 288 448 288 448s170.78 0 213.371-11.486c23.497-6.321 42.003-24.171 48.284-47.821 11.412-42.867 11.412-132.305 11.412-132.305s0-89.438-11.412-132.305zm-317.51 213.508V175.185l142.739 81.205-142.739 81.201z\" class=\"\"><\/path><\/svg>                    <\/div>\n                                <span class=\"sby_loader sby_hidden\" style=\"background-color: rgb(255, 255, 255);\"><\/span>\n            <\/a>\n\n            \n        <\/div>\n\n        \n<div class=\"sby_info sby_info_item\">\n\t<div class=\"sby-video-info-bottom\">\n\t\t<div class=\"sby-video-info\">\n\t\t\t\t\t\t\t<p class=\"sby_video_title_wrap\" >\n\t\t\t\t\t<span class=\"sby_video_title\">[VIDEOCAST] Compet\u00eancias socioemocionais<\/span>\n\t\t\t\t<\/p>\n\t\t\t\n\t\t\t\n\t\t\t\n\t\t\t\n\t\t\t\t\t<\/div>\n\n\t\t\t\t\t\t\t\t<\/div>\n<\/div>    <\/div>\n<\/div><div class=\"sby_item  sby_new sby_transition\" id=\"sby_UEx0Q0tvVE9zX3RkcUJxN2FWTEllSnlkZ0kwZ08tc1NjUC41MjE1MkI0OTQ2QzJGNzNG\" data-date=\"1683813624\" data-video-id=\"QKitXjGAYz8\" data-video-title=\"[Videocast] : Viol\u00eancia nas Escolas\" data-live-date=\"0\" data-channel-id=\"UCVzDV6uqfZIxgHZvgeMlCyg\" >\n    <div class=\"sby_inner_item\">\n        <div class=\"sby_video_thumbnail_wrap sby_item_video_thumbnail_wrap\">\n            <a class=\"sby_video_thumbnail sby_item_video_thumbnail\" style=\"background-image:url(https:\/\/www.amesuamente.org.br\/en\/wp-content\/plugins\/youtube-feed-pro\/img\/placeholder.png)\" href=\"https:\/\/www.youtube.com\/watch?v=QKitXjGAYz8\" target=\"_blank\" rel=\"noopener\" data-full-res=\"https:\/\/i.ytimg.com\/vi\/QKitXjGAYz8\/maxresdefault.jpg\" data-img-src-set=\"{&quot;120&quot;:&quot;https:\\\/\\\/i.ytimg.com\\\/vi\\\/QKitXjGAYz8\\\/default.jpg&quot;,&quot;320&quot;:&quot;https:\\\/\\\/i.ytimg.com\\\/vi\\\/QKitXjGAYz8\\\/mqdefault.jpg&quot;,&quot;480&quot;:&quot;https:\\\/\\\/i.ytimg.com\\\/vi\\\/QKitXjGAYz8\\\/hqdefault.jpg&quot;,&quot;640&quot;:&quot;https:\\\/\\\/i.ytimg.com\\\/vi\\\/QKitXjGAYz8\\\/sddefault.jpg&quot;}\" data-video-id=\"QKitXjGAYz8\"  data-user=\"Instituto Ame Sua Mente\" data-url=\"https:\/\/www.youtube.com\/watch?v=QKitXjGAYz8\" data-avatar=\"\" data-title=\"Mais um epis\u00f3dio do nosso videocast j\u00e1 est\u00e1 no ar! E a pauta \u00e9: Viol\u00eancia nas escolas e a import\u00e2ncia da cultura de sa\u00fade mental.&lt;br \/&gt;\n&lt;br \/&gt;\nPara falar sobre o assunto, reunimos em um bate-papo descomplicado a psic\u00f3loga e docente Elaine Gomes dos Reis Alves, especialista em situa\u00e7\u00f5es de crise e o m\u00e9dico psiquiatra e pesquisador da equipe de sa\u00fade mental do Instituto Ame sua Mente, Gustavo Estanislau, com a apresentadora e psic\u00f3loga Mariana Blanski.\" data-video-title=\"[Videocast] : Viol\u00eancia nas Escolas\" data-channel-id=\"UCVzDV6uqfZIxgHZvgeMlCyg\" data-views=\"422 views\" data-published-date=\"1683813624\" data-formatted-published-date=\"11 de May de 2023 11:00\" data-comment-count=\"0\">\n                <img decoding=\"async\" src=\"https:\/\/www.amesuamente.org.br\/en\/wp-content\/plugins\/youtube-feed-pro\/img\/placeholder.png\" alt=\"Mais um epis\u00f3dio do nosso videocast j\u00e1 est\u00e1 no ar! E a pauta \u00e9: Viol\u00eancia nas escolas e a import\u00e2ncia da cultura de sa\u00fade mental.\n\nPara falar sobre o assunto, reunimos em um bate-papo descomplicado a psic\u00f3loga e docente Elaine Gomes dos Reis Alves, especialista em situa\u00e7\u00f5es de crise e o m\u00e9dico psiquiatra e pesquisador da equipe de sa\u00fade mental do Instituto Ame sua Mente, Gustavo Estanislau, com a apresentadora e psic\u00f3loga Mariana Blanski.\">\n                \n                <div class=\"sby_thumbnail_hover sby_item_video_thumbnail_hover\">\n                    <div class=\"sby_thumbnail_hover_inner\">\n                        \n                        \n                        \n                                                    <p class=\"sby_caption\" >Mais um epis\u00f3dio do nosso videocast j\u00e1 est\u00e1 no ar! E a pauta \u00e9: Viol\u00eancia nas escolas e a import\u00e2ncia da cultura de sa\u00fade mental.<br>\n<br>\nPara falar sobre o assunto, reunimos em um bate-papo descomplicado a psic\u00f3loga e docente Elaine Gomes dos Reis Alves, especialista em situa\u00e7\u00f5es de crise e o m\u00e9dico psiquiatra e pesquisador da equipe de sa\u00fade mental do Instituto Ame sua Mente, Gustavo Estanislau, com a apresentadora e psic\u00f3loga Mariana Blanski.<\/p>\n                        \n                                                    <p class=\"sby_stats\" >\n                                <span class=\"sby_likes\" >\n                                                                    <span class=\"sby_like_count\">21<\/span>\n                                <\/span>\n                                <span class=\"sby_comments\" >\n                                                                        <span class=\"sby_comment_count\">0<\/span>\n                                <\/span>\n                            <\/p>\n                                            <\/div>\n                <\/div>\n\n                <span class=\"sby-screenreader\">YouTube Video UEx0Q0tvVE9zX3RkcUJxN2FWTEllSnlkZ0kwZ08tc1NjUC41MjE1MkI0OTQ2QzJGNzNG<\/span>\n                                    <div class=\"sby_play_btn\" >\n                        <span class=\"sby_play_btn_bg\"><\/span>\n                    <svg aria-hidden=\"true\" focusable=\"false\" data-prefix=\"fab\" data-icon=\"youtube\" role=\"img\" xmlns=\"http:\/\/www.w3.org\/2000\/svg\" viewBox=\"0 0 576 512\" class=\"svg-inline--fa fa-youtube fa-w-18\"><path fill=\"currentColor\" d=\"M549.655 124.083c-6.281-23.65-24.787-42.276-48.284-48.597C458.781 64 288 64 288 64S117.22 64 74.629 75.486c-23.497 6.322-42.003 24.947-48.284 48.597-11.412 42.867-11.412 132.305-11.412 132.305s0 89.438 11.412 132.305c6.281 23.65 24.787 41.5 48.284 47.821C117.22 448 288 448 288 448s170.78 0 213.371-11.486c23.497-6.321 42.003-24.171 48.284-47.821 11.412-42.867 11.412-132.305 11.412-132.305s0-89.438-11.412-132.305zm-317.51 213.508V175.185l142.739 81.205-142.739 81.201z\" class=\"\"><\/path><\/svg>                    <\/div>\n                                <span class=\"sby_loader sby_hidden\" style=\"background-color: rgb(255, 255, 255);\"><\/span>\n            <\/a>\n\n            \n        <\/div>\n\n        \n<div class=\"sby_info sby_info_item\">\n\t<div class=\"sby-video-info-bottom\">\n\t\t<div class=\"sby-video-info\">\n\t\t\t\t\t\t\t<p class=\"sby_video_title_wrap\" >\n\t\t\t\t\t<span class=\"sby_video_title\">[Videocast] : Viol\u00eancia nas Escolas<\/span>\n\t\t\t\t<\/p>\n\t\t\t\n\t\t\t\n\t\t\t\n\t\t\t\n\t\t\t\t\t<\/div>\n\n\t\t\t\t\t\t\t\t<\/div>\n<\/div>    <\/div>\n<\/div><div class=\"sby_item  sby_new sby_transition\" id=\"sby_UEx0Q0tvVE9zX3RkcUJxN2FWTEllSnlkZ0kwZ08tc1NjUC4wOTA3OTZBNzVEMTUzOTMy\" data-date=\"1723002278\" data-video-id=\"VSV-vWfL7PI\" data-video-title=\"O que s\u00e3o\u00a0compet\u00eancias\u00a0socioemocionais?\" data-live-date=\"0\" data-channel-id=\"UCVzDV6uqfZIxgHZvgeMlCyg\" >\n    <div class=\"sby_inner_item\">\n        <div class=\"sby_video_thumbnail_wrap sby_item_video_thumbnail_wrap\">\n            <a class=\"sby_video_thumbnail sby_item_video_thumbnail\" style=\"background-image:url(https:\/\/www.amesuamente.org.br\/en\/wp-content\/plugins\/youtube-feed-pro\/img\/placeholder.png)\" href=\"https:\/\/www.youtube.com\/watch?v=VSV-vWfL7PI\" target=\"_blank\" rel=\"noopener\" data-full-res=\"https:\/\/i.ytimg.com\/vi\/VSV-vWfL7PI\/maxresdefault.jpg\" data-img-src-set=\"{&quot;120&quot;:&quot;https:\\\/\\\/i.ytimg.com\\\/vi\\\/VSV-vWfL7PI\\\/default.jpg&quot;,&quot;320&quot;:&quot;https:\\\/\\\/i.ytimg.com\\\/vi\\\/VSV-vWfL7PI\\\/mqdefault.jpg&quot;,&quot;480&quot;:&quot;https:\\\/\\\/i.ytimg.com\\\/vi\\\/VSV-vWfL7PI\\\/hqdefault.jpg&quot;,&quot;640&quot;:&quot;https:\\\/\\\/i.ytimg.com\\\/vi\\\/VSV-vWfL7PI\\\/sddefault.jpg&quot;}\" data-video-id=\"VSV-vWfL7PI\"  data-user=\"Instituto Ame Sua Mente\" data-url=\"https:\/\/www.youtube.com\/watch?v=VSV-vWfL7PI\" data-avatar=\"\" data-title=\"\" data-video-title=\"O que s\u00e3o\u00a0compet\u00eancias\u00a0socioemocionais?\" data-channel-id=\"UCVzDV6uqfZIxgHZvgeMlCyg\" data-views=\"59 views\" data-published-date=\"1723002278\" data-formatted-published-date=\"7 de August de 2024 00:44\" data-comment-count=\"0\">\n                <img decoding=\"async\" src=\"https:\/\/www.amesuamente.org.br\/en\/wp-content\/plugins\/youtube-feed-pro\/img\/placeholder.png\" alt=\"\">\n                \n                <div class=\"sby_thumbnail_hover sby_item_video_thumbnail_hover\">\n                    <div class=\"sby_thumbnail_hover_inner\">\n                        \n                        \n                        \n                                                    <p class=\"sby_caption\" ><\/p>\n                        \n                                                    <p class=\"sby_stats\" >\n                                <span class=\"sby_likes\" >\n                                                                    <span class=\"sby_like_count\">3<\/span>\n                                <\/span>\n                                <span class=\"sby_comments\" >\n                                                                        <span class=\"sby_comment_count\">0<\/span>\n                                <\/span>\n                            <\/p>\n                                            <\/div>\n                <\/div>\n\n                <span class=\"sby-screenreader\">YouTube Video UEx0Q0tvVE9zX3RkcUJxN2FWTEllSnlkZ0kwZ08tc1NjUC4wOTA3OTZBNzVEMTUzOTMy<\/span>\n                                    <div class=\"sby_play_btn\" >\n                        <span class=\"sby_play_btn_bg\"><\/span>\n                    <svg aria-hidden=\"true\" focusable=\"false\" data-prefix=\"fab\" data-icon=\"youtube\" role=\"img\" xmlns=\"http:\/\/www.w3.org\/2000\/svg\" viewBox=\"0 0 576 512\" class=\"svg-inline--fa fa-youtube fa-w-18\"><path fill=\"currentColor\" d=\"M549.655 124.083c-6.281-23.65-24.787-42.276-48.284-48.597C458.781 64 288 64 288 64S117.22 64 74.629 75.486c-23.497 6.322-42.003 24.947-48.284 48.597-11.412 42.867-11.412 132.305-11.412 132.305s0 89.438 11.412 132.305c6.281 23.65 24.787 41.5 48.284 47.821C117.22 448 288 448 288 448s170.78 0 213.371-11.486c23.497-6.321 42.003-24.171 48.284-47.821 11.412-42.867 11.412-132.305 11.412-132.305s0-89.438-11.412-132.305zm-317.51 213.508V175.185l142.739 81.205-142.739 81.201z\" class=\"\"><\/path><\/svg>                    <\/div>\n                                <span class=\"sby_loader sby_hidden\" style=\"background-color: rgb(255, 255, 255);\"><\/span>\n            <\/a>\n\n            \n        <\/div>\n\n        \n<div class=\"sby_info sby_info_item\">\n\t<div class=\"sby-video-info-bottom\">\n\t\t<div class=\"sby-video-info\">\n\t\t\t\t\t\t\t<p class=\"sby_video_title_wrap\" >\n\t\t\t\t\t<span class=\"sby_video_title\">O que s\u00e3o\u00a0compet\u00eancias\u00a0socioemocionais?<\/span>\n\t\t\t\t<\/p>\n\t\t\t\n\t\t\t\n\t\t\t\n\t\t\t\n\t\t\t\t\t<\/div>\n\n\t\t\t\t\t\t\t\t<\/div>\n<\/div>    <\/div>\n<\/div><div class=\"sby_item  sby_new sby_transition\" id=\"sby_UEx0Q0tvVE9zX3RkcUJxN2FWTEllSnlkZ0kwZ08tc1NjUC4xMkVGQjNCMUM1N0RFNEUx\" data-date=\"1723002429\" data-video-id=\"giJAhVX3tp0\" data-video-title=\"Como as compet\u00eancias socioemocionais s\u00e3o classificadas?\" data-live-date=\"0\" data-channel-id=\"UCVzDV6uqfZIxgHZvgeMlCyg\" >\n    <div class=\"sby_inner_item\">\n        <div class=\"sby_video_thumbnail_wrap sby_item_video_thumbnail_wrap\">\n            <a class=\"sby_video_thumbnail sby_item_video_thumbnail\" style=\"background-image:url(https:\/\/www.amesuamente.org.br\/en\/wp-content\/plugins\/youtube-feed-pro\/img\/placeholder.png)\" href=\"https:\/\/www.youtube.com\/watch?v=giJAhVX3tp0\" target=\"_blank\" rel=\"noopener\" data-full-res=\"https:\/\/i.ytimg.com\/vi\/giJAhVX3tp0\/hqdefault.jpg\" data-img-src-set=\"{&quot;120&quot;:&quot;https:\\\/\\\/i.ytimg.com\\\/vi\\\/giJAhVX3tp0\\\/default.jpg&quot;,&quot;320&quot;:&quot;https:\\\/\\\/i.ytimg.com\\\/vi\\\/giJAhVX3tp0\\\/mqdefault.jpg&quot;,&quot;480&quot;:&quot;https:\\\/\\\/i.ytimg.com\\\/vi\\\/giJAhVX3tp0\\\/hqdefault.jpg&quot;,&quot;640&quot;:&quot;https:\\\/\\\/i.ytimg.com\\\/vi\\\/giJAhVX3tp0\\\/hqdefault.jpg&quot;}\" data-video-id=\"giJAhVX3tp0\"  data-user=\"Instituto Ame Sua Mente\" data-url=\"https:\/\/www.youtube.com\/watch?v=giJAhVX3tp0\" data-avatar=\"\" data-title=\"\" data-video-title=\"Como as compet\u00eancias socioemocionais s\u00e3o classificadas?\" data-channel-id=\"UCVzDV6uqfZIxgHZvgeMlCyg\" data-views=\"23 views\" data-published-date=\"1723002429\" data-formatted-published-date=\"7 de August de 2024 00:47\" data-comment-count=\"0\">\n                <img decoding=\"async\" src=\"https:\/\/www.amesuamente.org.br\/en\/wp-content\/plugins\/youtube-feed-pro\/img\/placeholder.png\" alt=\"\">\n                \n                <div class=\"sby_thumbnail_hover sby_item_video_thumbnail_hover\">\n                    <div class=\"sby_thumbnail_hover_inner\">\n                        \n                        \n                        \n                                                    <p class=\"sby_caption\" ><\/p>\n                        \n                                                    <p class=\"sby_stats\" >\n                                <span class=\"sby_likes\" >\n                                                                    <span class=\"sby_like_count\">0<\/span>\n                                <\/span>\n                                <span class=\"sby_comments\" >\n                                                                        <span class=\"sby_comment_count\">0<\/span>\n                                <\/span>\n                            <\/p>\n                                            <\/div>\n                <\/div>\n\n                <span class=\"sby-screenreader\">YouTube Video UEx0Q0tvVE9zX3RkcUJxN2FWTEllSnlkZ0kwZ08tc1NjUC4xMkVGQjNCMUM1N0RFNEUx<\/span>\n                                    <div class=\"sby_play_btn\" >\n                        <span class=\"sby_play_btn_bg\"><\/span>\n                    <svg aria-hidden=\"true\" focusable=\"false\" data-prefix=\"fab\" data-icon=\"youtube\" role=\"img\" xmlns=\"http:\/\/www.w3.org\/2000\/svg\" viewBox=\"0 0 576 512\" class=\"svg-inline--fa fa-youtube fa-w-18\"><path fill=\"currentColor\" d=\"M549.655 124.083c-6.281-23.65-24.787-42.276-48.284-48.597C458.781 64 288 64 288 64S117.22 64 74.629 75.486c-23.497 6.322-42.003 24.947-48.284 48.597-11.412 42.867-11.412 132.305-11.412 132.305s0 89.438 11.412 132.305c6.281 23.65 24.787 41.5 48.284 47.821C117.22 448 288 448 288 448s170.78 0 213.371-11.486c23.497-6.321 42.003-24.171 48.284-47.821 11.412-42.867 11.412-132.305 11.412-132.305s0-89.438-11.412-132.305zm-317.51 213.508V175.185l142.739 81.205-142.739 81.201z\" class=\"\"><\/path><\/svg>                    <\/div>\n                                <span class=\"sby_loader sby_hidden\" style=\"background-color: rgb(255, 255, 255);\"><\/span>\n            <\/a>\n\n            \n        <\/div>\n\n        \n<div class=\"sby_info sby_info_item\">\n\t<div class=\"sby-video-info-bottom\">\n\t\t<div class=\"sby-video-info\">\n\t\t\t\t\t\t\t<p class=\"sby_video_title_wrap\" >\n\t\t\t\t\t<span class=\"sby_video_title\">Como as compet\u00eancias socioemocionais s\u00e3o classificadas?<\/span>\n\t\t\t\t<\/p>\n\t\t\t\n\t\t\t\n\t\t\t\n\t\t\t\n\t\t\t\t\t<\/div>\n\n\t\t\t\t\t\t\t\t<\/div>\n<\/div>    <\/div>\n<\/div><div class=\"sby_item  sby_new sby_transition\" id=\"sby_UEx0Q0tvVE9zX3RkcUJxN2FWTEllSnlkZ0kwZ08tc1NjUC41MzJCQjBCNDIyRkJDN0VD\" data-date=\"1723032538\" data-video-id=\"1H8ERlZ7qKk\" data-video-title=\"Por que h\u00e1 um vale nas habilidades socioemocionais na adolesc\u00eancia?\" data-live-date=\"0\" data-channel-id=\"UCVzDV6uqfZIxgHZvgeMlCyg\" >\n    <div class=\"sby_inner_item\">\n        <div class=\"sby_video_thumbnail_wrap sby_item_video_thumbnail_wrap\">\n            <a class=\"sby_video_thumbnail sby_item_video_thumbnail\" style=\"background-image:url(https:\/\/www.amesuamente.org.br\/en\/wp-content\/plugins\/youtube-feed-pro\/img\/placeholder.png)\" href=\"https:\/\/www.youtube.com\/watch?v=1H8ERlZ7qKk\" target=\"_blank\" rel=\"noopener\" data-full-res=\"https:\/\/i.ytimg.com\/vi\/1H8ERlZ7qKk\/hqdefault.jpg\" data-img-src-set=\"{&quot;120&quot;:&quot;https:\\\/\\\/i.ytimg.com\\\/vi\\\/1H8ERlZ7qKk\\\/default.jpg&quot;,&quot;320&quot;:&quot;https:\\\/\\\/i.ytimg.com\\\/vi\\\/1H8ERlZ7qKk\\\/mqdefault.jpg&quot;,&quot;480&quot;:&quot;https:\\\/\\\/i.ytimg.com\\\/vi\\\/1H8ERlZ7qKk\\\/hqdefault.jpg&quot;,&quot;640&quot;:&quot;https:\\\/\\\/i.ytimg.com\\\/vi\\\/1H8ERlZ7qKk\\\/hqdefault.jpg&quot;}\" data-video-id=\"1H8ERlZ7qKk\"  data-user=\"Instituto Ame Sua Mente\" data-url=\"https:\/\/www.youtube.com\/watch?v=1H8ERlZ7qKk\" data-avatar=\"\" data-title=\"\" data-video-title=\"Por que h\u00e1 um vale nas habilidades socioemocionais na adolesc\u00eancia?\" data-channel-id=\"UCVzDV6uqfZIxgHZvgeMlCyg\" data-views=\"11 views\" data-published-date=\"1723032538\" data-formatted-published-date=\"7 de August de 2024 09:08\" data-comment-count=\"0\">\n                <img decoding=\"async\" src=\"https:\/\/www.amesuamente.org.br\/en\/wp-content\/plugins\/youtube-feed-pro\/img\/placeholder.png\" alt=\"\">\n                \n                <div class=\"sby_thumbnail_hover sby_item_video_thumbnail_hover\">\n                    <div class=\"sby_thumbnail_hover_inner\">\n                        \n                        \n                        \n                                                    <p class=\"sby_caption\" ><\/p>\n                        \n                                                    <p class=\"sby_stats\" >\n                                <span class=\"sby_likes\" >\n                                                                    <span class=\"sby_like_count\">0<\/span>\n                                <\/span>\n                                <span class=\"sby_comments\" >\n                                                                        <span class=\"sby_comment_count\">0<\/span>\n                                <\/span>\n                            <\/p>\n                                            <\/div>\n                <\/div>\n\n                <span class=\"sby-screenreader\">YouTube Video UEx0Q0tvVE9zX3RkcUJxN2FWTEllSnlkZ0kwZ08tc1NjUC41MzJCQjBCNDIyRkJDN0VD<\/span>\n                                    <div class=\"sby_play_btn\" >\n                        <span class=\"sby_play_btn_bg\"><\/span>\n                    <svg aria-hidden=\"true\" focusable=\"false\" data-prefix=\"fab\" data-icon=\"youtube\" role=\"img\" xmlns=\"http:\/\/www.w3.org\/2000\/svg\" viewBox=\"0 0 576 512\" class=\"svg-inline--fa fa-youtube fa-w-18\"><path fill=\"currentColor\" d=\"M549.655 124.083c-6.281-23.65-24.787-42.276-48.284-48.597C458.781 64 288 64 288 64S117.22 64 74.629 75.486c-23.497 6.322-42.003 24.947-48.284 48.597-11.412 42.867-11.412 132.305-11.412 132.305s0 89.438 11.412 132.305c6.281 23.65 24.787 41.5 48.284 47.821C117.22 448 288 448 288 448s170.78 0 213.371-11.486c23.497-6.321 42.003-24.171 48.284-47.821 11.412-42.867 11.412-132.305 11.412-132.305s0-89.438-11.412-132.305zm-317.51 213.508V175.185l142.739 81.205-142.739 81.201z\" class=\"\"><\/path><\/svg>                    <\/div>\n                                <span class=\"sby_loader sby_hidden\" style=\"background-color: rgb(255, 255, 255);\"><\/span>\n            <\/a>\n\n            \n        <\/div>\n\n        \n<div class=\"sby_info sby_info_item\">\n\t<div class=\"sby-video-info-bottom\">\n\t\t<div class=\"sby-video-info\">\n\t\t\t\t\t\t\t<p class=\"sby_video_title_wrap\" >\n\t\t\t\t\t<span class=\"sby_video_title\">Por que h\u00e1 um vale nas habilidades socioemocionais na adolesc\u00eancia?<\/span>\n\t\t\t\t<\/p>\n\t\t\t\n\t\t\t\n\t\t\t\n\t\t\t\n\t\t\t\t\t<\/div>\n\n\t\t\t\t\t\t\t\t<\/div>\n<\/div>    <\/div>\n<\/div><div class=\"sby_item  sby_new sby_transition\" id=\"sby_UEx0Q0tvVE9zX3RkcUJxN2FWTEllSnlkZ0kwZ08tc1NjUC5DQUNERDQ2NkIzRUQxNTY1\" data-date=\"1723033151\" data-video-id=\"cQ3-XnGmP_Q\" data-video-title=\"Temos diferentes dificuldades no desenvolvimento de habilidades socioemocionais?\" data-live-date=\"0\" data-channel-id=\"UCVzDV6uqfZIxgHZvgeMlCyg\" >\n    <div class=\"sby_inner_item\">\n        <div class=\"sby_video_thumbnail_wrap sby_item_video_thumbnail_wrap\">\n            <a class=\"sby_video_thumbnail sby_item_video_thumbnail\" style=\"background-image:url(https:\/\/www.amesuamente.org.br\/en\/wp-content\/plugins\/youtube-feed-pro\/img\/placeholder.png)\" href=\"https:\/\/www.youtube.com\/watch?v=cQ3-XnGmP_Q\" target=\"_blank\" rel=\"noopener\" data-full-res=\"https:\/\/i.ytimg.com\/vi\/cQ3-XnGmP_Q\/maxresdefault.jpg\" data-img-src-set=\"{&quot;120&quot;:&quot;https:\\\/\\\/i.ytimg.com\\\/vi\\\/cQ3-XnGmP_Q\\\/default.jpg&quot;,&quot;320&quot;:&quot;https:\\\/\\\/i.ytimg.com\\\/vi\\\/cQ3-XnGmP_Q\\\/mqdefault.jpg&quot;,&quot;480&quot;:&quot;https:\\\/\\\/i.ytimg.com\\\/vi\\\/cQ3-XnGmP_Q\\\/hqdefault.jpg&quot;,&quot;640&quot;:&quot;https:\\\/\\\/i.ytimg.com\\\/vi\\\/cQ3-XnGmP_Q\\\/sddefault.jpg&quot;}\" data-video-id=\"cQ3-XnGmP_Q\"  data-user=\"Instituto Ame Sua Mente\" data-url=\"https:\/\/www.youtube.com\/watch?v=cQ3-XnGmP_Q\" data-avatar=\"\" data-title=\"\" data-video-title=\"Temos diferentes dificuldades no desenvolvimento de habilidades socioemocionais?\" data-channel-id=\"UCVzDV6uqfZIxgHZvgeMlCyg\" data-views=\"12 views\" data-published-date=\"1723033151\" data-formatted-published-date=\"7 de August de 2024 09:19\" data-comment-count=\"0\">\n                <img decoding=\"async\" src=\"https:\/\/www.amesuamente.org.br\/en\/wp-content\/plugins\/youtube-feed-pro\/img\/placeholder.png\" alt=\"\">\n                \n                <div class=\"sby_thumbnail_hover sby_item_video_thumbnail_hover\">\n                    <div class=\"sby_thumbnail_hover_inner\">\n                        \n                        \n                        \n                                                    <p class=\"sby_caption\" ><\/p>\n                        \n                                                    <p class=\"sby_stats\" >\n                                <span class=\"sby_likes\" >\n                                                                    <span class=\"sby_like_count\">1<\/span>\n                                <\/span>\n                                <span class=\"sby_comments\" >\n                                                                        <span class=\"sby_comment_count\">0<\/span>\n                                <\/span>\n                            <\/p>\n                                            <\/div>\n                <\/div>\n\n                <span class=\"sby-screenreader\">YouTube Video UEx0Q0tvVE9zX3RkcUJxN2FWTEllSnlkZ0kwZ08tc1NjUC5DQUNERDQ2NkIzRUQxNTY1<\/span>\n                                    <div class=\"sby_play_btn\" >\n                        <span class=\"sby_play_btn_bg\"><\/span>\n                    <svg aria-hidden=\"true\" focusable=\"false\" data-prefix=\"fab\" data-icon=\"youtube\" role=\"img\" xmlns=\"http:\/\/www.w3.org\/2000\/svg\" viewBox=\"0 0 576 512\" class=\"svg-inline--fa fa-youtube fa-w-18\"><path fill=\"currentColor\" d=\"M549.655 124.083c-6.281-23.65-24.787-42.276-48.284-48.597C458.781 64 288 64 288 64S117.22 64 74.629 75.486c-23.497 6.322-42.003 24.947-48.284 48.597-11.412 42.867-11.412 132.305-11.412 132.305s0 89.438 11.412 132.305c6.281 23.65 24.787 41.5 48.284 47.821C117.22 448 288 448 288 448s170.78 0 213.371-11.486c23.497-6.321 42.003-24.171 48.284-47.821 11.412-42.867 11.412-132.305 11.412-132.305s0-89.438-11.412-132.305zm-317.51 213.508V175.185l142.739 81.205-142.739 81.201z\" class=\"\"><\/path><\/svg>                    <\/div>\n                                <span class=\"sby_loader sby_hidden\" style=\"background-color: rgb(255, 255, 255);\"><\/span>\n            <\/a>\n\n            \n        <\/div>\n\n        \n<div class=\"sby_info sby_info_item\">\n\t<div class=\"sby-video-info-bottom\">\n\t\t<div class=\"sby-video-info\">\n\t\t\t\t\t\t\t<p class=\"sby_video_title_wrap\" >\n\t\t\t\t\t<span class=\"sby_video_title\">Temos diferentes dificuldades no desenvolvimento de habilidades socioemocionais?<\/span>\n\t\t\t\t<\/p>\n\t\t\t\n\t\t\t\n\t\t\t\n\t\t\t\n\t\t\t\t\t<\/div>\n\n\t\t\t\t\t\t\t\t<\/div>\n<\/div>    <\/div>\n<\/div><div class=\"sby_item  sby_new sby_transition\" id=\"sby_UEx0Q0tvVE9zX3RkcUJxN2FWTEllSnlkZ0kwZ08tc1NjUC45NDk1REZENzhEMzU5MDQz\" data-date=\"1723033420\" data-video-id=\"HZQnYv7Y2gI\" data-video-title=\"Qual compet\u00eancia socioemocional \u00e9 mais importante?\" data-live-date=\"0\" data-channel-id=\"UCVzDV6uqfZIxgHZvgeMlCyg\" >\n    <div class=\"sby_inner_item\">\n        <div class=\"sby_video_thumbnail_wrap sby_item_video_thumbnail_wrap\">\n            <a class=\"sby_video_thumbnail sby_item_video_thumbnail\" style=\"background-image:url(https:\/\/www.amesuamente.org.br\/en\/wp-content\/plugins\/youtube-feed-pro\/img\/placeholder.png)\" href=\"https:\/\/www.youtube.com\/watch?v=HZQnYv7Y2gI\" target=\"_blank\" rel=\"noopener\" data-full-res=\"https:\/\/i.ytimg.com\/vi\/HZQnYv7Y2gI\/maxresdefault.jpg\" data-img-src-set=\"{&quot;120&quot;:&quot;https:\\\/\\\/i.ytimg.com\\\/vi\\\/HZQnYv7Y2gI\\\/default.jpg&quot;,&quot;320&quot;:&quot;https:\\\/\\\/i.ytimg.com\\\/vi\\\/HZQnYv7Y2gI\\\/mqdefault.jpg&quot;,&quot;480&quot;:&quot;https:\\\/\\\/i.ytimg.com\\\/vi\\\/HZQnYv7Y2gI\\\/hqdefault.jpg&quot;,&quot;640&quot;:&quot;https:\\\/\\\/i.ytimg.com\\\/vi\\\/HZQnYv7Y2gI\\\/sddefault.jpg&quot;}\" data-video-id=\"HZQnYv7Y2gI\"  data-user=\"Instituto Ame Sua Mente\" data-url=\"https:\/\/www.youtube.com\/watch?v=HZQnYv7Y2gI\" data-avatar=\"\" data-title=\"\" data-video-title=\"Qual compet\u00eancia socioemocional \u00e9 mais importante?\" data-channel-id=\"UCVzDV6uqfZIxgHZvgeMlCyg\" data-views=\"21 views\" data-published-date=\"1723033420\" data-formatted-published-date=\"7 de August de 2024 09:23\" data-comment-count=\"0\">\n                <img decoding=\"async\" src=\"https:\/\/www.amesuamente.org.br\/en\/wp-content\/plugins\/youtube-feed-pro\/img\/placeholder.png\" alt=\"\">\n                \n                <div class=\"sby_thumbnail_hover sby_item_video_thumbnail_hover\">\n                    <div class=\"sby_thumbnail_hover_inner\">\n                        \n                        \n                        \n                                                    <p class=\"sby_caption\" ><\/p>\n                        \n                                                    <p class=\"sby_stats\" >\n                                <span class=\"sby_likes\" >\n                                                                    <span class=\"sby_like_count\">4<\/span>\n                                <\/span>\n                                <span class=\"sby_comments\" >\n                                                                        <span class=\"sby_comment_count\">0<\/span>\n                                <\/span>\n                            <\/p>\n                                            <\/div>\n                <\/div>\n\n                <span class=\"sby-screenreader\">YouTube Video UEx0Q0tvVE9zX3RkcUJxN2FWTEllSnlkZ0kwZ08tc1NjUC45NDk1REZENzhEMzU5MDQz<\/span>\n                                    <div class=\"sby_play_btn\" >\n                        <span class=\"sby_play_btn_bg\"><\/span>\n                    <svg aria-hidden=\"true\" focusable=\"false\" data-prefix=\"fab\" data-icon=\"youtube\" role=\"img\" xmlns=\"http:\/\/www.w3.org\/2000\/svg\" viewBox=\"0 0 576 512\" class=\"svg-inline--fa fa-youtube fa-w-18\"><path fill=\"currentColor\" d=\"M549.655 124.083c-6.281-23.65-24.787-42.276-48.284-48.597C458.781 64 288 64 288 64S117.22 64 74.629 75.486c-23.497 6.322-42.003 24.947-48.284 48.597-11.412 42.867-11.412 132.305-11.412 132.305s0 89.438 11.412 132.305c6.281 23.65 24.787 41.5 48.284 47.821C117.22 448 288 448 288 448s170.78 0 213.371-11.486c23.497-6.321 42.003-24.171 48.284-47.821 11.412-42.867 11.412-132.305 11.412-132.305s0-89.438-11.412-132.305zm-317.51 213.508V175.185l142.739 81.205-142.739 81.201z\" class=\"\"><\/path><\/svg>                    <\/div>\n                                <span class=\"sby_loader sby_hidden\" style=\"background-color: rgb(255, 255, 255);\"><\/span>\n            <\/a>\n\n            \n        <\/div>\n\n        \n<div class=\"sby_info sby_info_item\">\n\t<div class=\"sby-video-info-bottom\">\n\t\t<div class=\"sby-video-info\">\n\t\t\t\t\t\t\t<p class=\"sby_video_title_wrap\" >\n\t\t\t\t\t<span class=\"sby_video_title\">Qual compet\u00eancia socioemocional \u00e9 mais importante?<\/span>\n\t\t\t\t<\/p>\n\t\t\t\n\t\t\t\n\t\t\t\n\t\t\t\n\t\t\t\t\t<\/div>\n\n\t\t\t\t\t\t\t\t<\/div>\n<\/div>    <\/div>\n<\/div><div class=\"sby_item  sby_new sby_transition\" id=\"sby_UEx0Q0tvVE9zX3RkcUJxN2FWTEllSnlkZ0kwZ08tc1NjUC5GNjNDRDREMDQxOThCMDQ2\" data-date=\"1723033655\" data-video-id=\"vIlKSg8BD5o\" data-video-title=\"Como entender as pr\u00f3prias emo\u00e7\u00f5es?\" data-live-date=\"0\" data-channel-id=\"UCVzDV6uqfZIxgHZvgeMlCyg\" >\n    <div class=\"sby_inner_item\">\n        <div class=\"sby_video_thumbnail_wrap sby_item_video_thumbnail_wrap\">\n            <a class=\"sby_video_thumbnail sby_item_video_thumbnail\" style=\"background-image:url(https:\/\/www.amesuamente.org.br\/en\/wp-content\/plugins\/youtube-feed-pro\/img\/placeholder.png)\" href=\"https:\/\/www.youtube.com\/watch?v=vIlKSg8BD5o\" target=\"_blank\" rel=\"noopener\" data-full-res=\"https:\/\/i.ytimg.com\/vi\/vIlKSg8BD5o\/maxresdefault.jpg\" data-img-src-set=\"{&quot;120&quot;:&quot;https:\\\/\\\/i.ytimg.com\\\/vi\\\/vIlKSg8BD5o\\\/default.jpg&quot;,&quot;320&quot;:&quot;https:\\\/\\\/i.ytimg.com\\\/vi\\\/vIlKSg8BD5o\\\/mqdefault.jpg&quot;,&quot;480&quot;:&quot;https:\\\/\\\/i.ytimg.com\\\/vi\\\/vIlKSg8BD5o\\\/hqdefault.jpg&quot;,&quot;640&quot;:&quot;https:\\\/\\\/i.ytimg.com\\\/vi\\\/vIlKSg8BD5o\\\/sddefault.jpg&quot;}\" data-video-id=\"vIlKSg8BD5o\"  data-user=\"Instituto Ame Sua Mente\" data-url=\"https:\/\/www.youtube.com\/watch?v=vIlKSg8BD5o\" data-avatar=\"\" data-title=\"\" data-video-title=\"Como entender as pr\u00f3prias emo\u00e7\u00f5es?\" data-channel-id=\"UCVzDV6uqfZIxgHZvgeMlCyg\" data-views=\"35 views\" data-published-date=\"1723033655\" data-formatted-published-date=\"7 de August de 2024 09:27\" data-comment-count=\"0\">\n                <img decoding=\"async\" src=\"https:\/\/www.amesuamente.org.br\/en\/wp-content\/plugins\/youtube-feed-pro\/img\/placeholder.png\" alt=\"\">\n                \n                <div class=\"sby_thumbnail_hover sby_item_video_thumbnail_hover\">\n                    <div class=\"sby_thumbnail_hover_inner\">\n                        \n                        \n                        \n                                                    <p class=\"sby_caption\" ><\/p>\n                        \n                                                    <p class=\"sby_stats\" >\n                                <span class=\"sby_likes\" >\n                                                                    <span class=\"sby_like_count\">0<\/span>\n                                <\/span>\n                                <span class=\"sby_comments\" >\n                                                                        <span class=\"sby_comment_count\">0<\/span>\n                                <\/span>\n                            <\/p>\n                                            <\/div>\n                <\/div>\n\n                <span class=\"sby-screenreader\">YouTube Video UEx0Q0tvVE9zX3RkcUJxN2FWTEllSnlkZ0kwZ08tc1NjUC5GNjNDRDREMDQxOThCMDQ2<\/span>\n                                    <div class=\"sby_play_btn\" >\n                        <span class=\"sby_play_btn_bg\"><\/span>\n                    <svg aria-hidden=\"true\" focusable=\"false\" data-prefix=\"fab\" data-icon=\"youtube\" role=\"img\" xmlns=\"http:\/\/www.w3.org\/2000\/svg\" viewBox=\"0 0 576 512\" class=\"svg-inline--fa fa-youtube fa-w-18\"><path fill=\"currentColor\" d=\"M549.655 124.083c-6.281-23.65-24.787-42.276-48.284-48.597C458.781 64 288 64 288 64S117.22 64 74.629 75.486c-23.497 6.322-42.003 24.947-48.284 48.597-11.412 42.867-11.412 132.305-11.412 132.305s0 89.438 11.412 132.305c6.281 23.65 24.787 41.5 48.284 47.821C117.22 448 288 448 288 448s170.78 0 213.371-11.486c23.497-6.321 42.003-24.171 48.284-47.821 11.412-42.867 11.412-132.305 11.412-132.305s0-89.438-11.412-132.305zm-317.51 213.508V175.185l142.739 81.205-142.739 81.201z\" class=\"\"><\/path><\/svg>                    <\/div>\n                                <span class=\"sby_loader sby_hidden\" style=\"background-color: rgb(255, 255, 255);\"><\/span>\n            <\/a>\n\n            \n        <\/div>\n\n        \n<div class=\"sby_info sby_info_item\">\n\t<div class=\"sby-video-info-bottom\">\n\t\t<div class=\"sby-video-info\">\n\t\t\t\t\t\t\t<p class=\"sby_video_title_wrap\" >\n\t\t\t\t\t<span class=\"sby_video_title\">Como entender as pr\u00f3prias emo\u00e7\u00f5es?<\/span>\n\t\t\t\t<\/p>\n\t\t\t\n\t\t\t\n\t\t\t\n\t\t\t\n\t\t\t\t\t<\/div>\n\n\t\t\t\t\t\t\t\t<\/div>\n<\/div>    <\/div>\n<\/div><div class=\"sby_item  sby_new sby_transition\" id=\"sby_UEx0Q0tvVE9zX3RkcUJxN2FWTEllSnlkZ0kwZ08tc1NjUC40NzZCMERDMjVEN0RFRThB\" data-date=\"1723034906\" data-video-id=\"LRxUcjJ8rmE\" data-video-title=\"Como a educa\u00e7\u00e3o infantil contribui para o nosso desenvolvimento?\" data-live-date=\"0\" data-channel-id=\"UCVzDV6uqfZIxgHZvgeMlCyg\" >\n    <div class=\"sby_inner_item\">\n        <div class=\"sby_video_thumbnail_wrap sby_item_video_thumbnail_wrap\">\n            <a class=\"sby_video_thumbnail sby_item_video_thumbnail\" style=\"background-image:url(https:\/\/www.amesuamente.org.br\/en\/wp-content\/plugins\/youtube-feed-pro\/img\/placeholder.png)\" href=\"https:\/\/www.youtube.com\/watch?v=LRxUcjJ8rmE\" target=\"_blank\" rel=\"noopener\" data-full-res=\"https:\/\/i.ytimg.com\/vi\/LRxUcjJ8rmE\/hqdefault.jpg\" data-img-src-set=\"{&quot;120&quot;:&quot;https:\\\/\\\/i.ytimg.com\\\/vi\\\/LRxUcjJ8rmE\\\/default.jpg&quot;,&quot;320&quot;:&quot;https:\\\/\\\/i.ytimg.com\\\/vi\\\/LRxUcjJ8rmE\\\/mqdefault.jpg&quot;,&quot;480&quot;:&quot;https:\\\/\\\/i.ytimg.com\\\/vi\\\/LRxUcjJ8rmE\\\/hqdefault.jpg&quot;,&quot;640&quot;:&quot;https:\\\/\\\/i.ytimg.com\\\/vi\\\/LRxUcjJ8rmE\\\/hqdefault.jpg&quot;}\" data-video-id=\"LRxUcjJ8rmE\"  data-user=\"Instituto Ame Sua Mente\" data-url=\"https:\/\/www.youtube.com\/watch?v=LRxUcjJ8rmE\" data-avatar=\"\" data-title=\"\" data-video-title=\"Como a educa\u00e7\u00e3o infantil contribui para o nosso desenvolvimento?\" data-channel-id=\"UCVzDV6uqfZIxgHZvgeMlCyg\" data-views=\"113 views\" data-published-date=\"1723034906\" data-formatted-published-date=\"7 de August de 2024 09:48\" data-comment-count=\"0\">\n                <img decoding=\"async\" src=\"https:\/\/www.amesuamente.org.br\/en\/wp-content\/plugins\/youtube-feed-pro\/img\/placeholder.png\" alt=\"\">\n                \n                <div class=\"sby_thumbnail_hover sby_item_video_thumbnail_hover\">\n                    <div class=\"sby_thumbnail_hover_inner\">\n                        \n                        \n                        \n                                                    <p class=\"sby_caption\" ><\/p>\n                        \n                                                    <p class=\"sby_stats\" >\n                                <span class=\"sby_likes\" >\n                                                                    <span class=\"sby_like_count\">0<\/span>\n                                <\/span>\n                                <span class=\"sby_comments\" >\n                                                                        <span class=\"sby_comment_count\">0<\/span>\n                                <\/span>\n                            <\/p>\n                                            <\/div>\n                <\/div>\n\n                <span class=\"sby-screenreader\">YouTube Video UEx0Q0tvVE9zX3RkcUJxN2FWTEllSnlkZ0kwZ08tc1NjUC40NzZCMERDMjVEN0RFRThB<\/span>\n                                    <div class=\"sby_play_btn\" >\n                        <span class=\"sby_play_btn_bg\"><\/span>\n                    <svg aria-hidden=\"true\" focusable=\"false\" data-prefix=\"fab\" data-icon=\"youtube\" role=\"img\" xmlns=\"http:\/\/www.w3.org\/2000\/svg\" viewBox=\"0 0 576 512\" class=\"svg-inline--fa fa-youtube fa-w-18\"><path fill=\"currentColor\" d=\"M549.655 124.083c-6.281-23.65-24.787-42.276-48.284-48.597C458.781 64 288 64 288 64S117.22 64 74.629 75.486c-23.497 6.322-42.003 24.947-48.284 48.597-11.412 42.867-11.412 132.305-11.412 132.305s0 89.438 11.412 132.305c6.281 23.65 24.787 41.5 48.284 47.821C117.22 448 288 448 288 448s170.78 0 213.371-11.486c23.497-6.321 42.003-24.171 48.284-47.821 11.412-42.867 11.412-132.305 11.412-132.305s0-89.438-11.412-132.305zm-317.51 213.508V175.185l142.739 81.205-142.739 81.201z\" class=\"\"><\/path><\/svg>                    <\/div>\n                                <span class=\"sby_loader sby_hidden\" style=\"background-color: rgb(255, 255, 255);\"><\/span>\n            <\/a>\n\n            \n        <\/div>\n\n        \n<div class=\"sby_info sby_info_item\">\n\t<div class=\"sby-video-info-bottom\">\n\t\t<div class=\"sby-video-info\">\n\t\t\t\t\t\t\t<p class=\"sby_video_title_wrap\" >\n\t\t\t\t\t<span class=\"sby_video_title\">Como a educa\u00e7\u00e3o infantil contribui para o nosso desenvolvimento?<\/span>\n\t\t\t\t<\/p>\n\t\t\t\n\t\t\t\n\t\t\t\n\t\t\t\n\t\t\t\t\t<\/div>\n\n\t\t\t\t\t\t\t\t<\/div>\n<\/div>    <\/div>\n<\/div><div class=\"sby_item  sby_new sby_transition\" id=\"sby_UEx0Q0tvVE9zX3RkcUJxN2FWTEllSnlkZ0kwZ08tc1NjUC5EMEEwRUY5M0RDRTU3NDJC\" data-date=\"1723037969\" data-video-id=\"jUqvjrLtOh0\" data-video-title=\"Por que educadores precisam desenvolver compet\u00eancias socioemocionais?\" data-live-date=\"0\" data-channel-id=\"UCVzDV6uqfZIxgHZvgeMlCyg\" >\n    <div class=\"sby_inner_item\">\n        <div class=\"sby_video_thumbnail_wrap sby_item_video_thumbnail_wrap\">\n            <a class=\"sby_video_thumbnail sby_item_video_thumbnail\" style=\"background-image:url(https:\/\/www.amesuamente.org.br\/en\/wp-content\/plugins\/youtube-feed-pro\/img\/placeholder.png)\" href=\"https:\/\/www.youtube.com\/watch?v=jUqvjrLtOh0\" target=\"_blank\" rel=\"noopener\" data-full-res=\"https:\/\/i.ytimg.com\/vi\/jUqvjrLtOh0\/hqdefault.jpg\" data-img-src-set=\"{&quot;120&quot;:&quot;https:\\\/\\\/i.ytimg.com\\\/vi\\\/jUqvjrLtOh0\\\/default.jpg&quot;,&quot;320&quot;:&quot;https:\\\/\\\/i.ytimg.com\\\/vi\\\/jUqvjrLtOh0\\\/mqdefault.jpg&quot;,&quot;480&quot;:&quot;https:\\\/\\\/i.ytimg.com\\\/vi\\\/jUqvjrLtOh0\\\/hqdefault.jpg&quot;,&quot;640&quot;:&quot;https:\\\/\\\/i.ytimg.com\\\/vi\\\/jUqvjrLtOh0\\\/hqdefault.jpg&quot;}\" data-video-id=\"jUqvjrLtOh0\"  data-user=\"Instituto Ame Sua Mente\" data-url=\"https:\/\/www.youtube.com\/watch?v=jUqvjrLtOh0\" data-avatar=\"\" data-title=\"\" data-video-title=\"Por que educadores precisam desenvolver compet\u00eancias socioemocionais?\" data-channel-id=\"UCVzDV6uqfZIxgHZvgeMlCyg\" data-views=\"12 views\" data-published-date=\"1723037969\" data-formatted-published-date=\"7 de August de 2024 10:39\" data-comment-count=\"0\">\n                <img decoding=\"async\" src=\"https:\/\/www.amesuamente.org.br\/en\/wp-content\/plugins\/youtube-feed-pro\/img\/placeholder.png\" alt=\"\">\n                \n                <div class=\"sby_thumbnail_hover sby_item_video_thumbnail_hover\">\n                    <div class=\"sby_thumbnail_hover_inner\">\n                        \n                        \n                        \n                                                    <p class=\"sby_caption\" ><\/p>\n                        \n                                                    <p class=\"sby_stats\" >\n                                <span class=\"sby_likes\" >\n                                                                    <span class=\"sby_like_count\">1<\/span>\n                                <\/span>\n                                <span class=\"sby_comments\" >\n                                                                        <span class=\"sby_comment_count\">0<\/span>\n                                <\/span>\n                            <\/p>\n                                            <\/div>\n                <\/div>\n\n                <span class=\"sby-screenreader\">YouTube Video UEx0Q0tvVE9zX3RkcUJxN2FWTEllSnlkZ0kwZ08tc1NjUC5EMEEwRUY5M0RDRTU3NDJC<\/span>\n                                    <div class=\"sby_play_btn\" >\n                        <span class=\"sby_play_btn_bg\"><\/span>\n                    <svg aria-hidden=\"true\" focusable=\"false\" data-prefix=\"fab\" data-icon=\"youtube\" role=\"img\" xmlns=\"http:\/\/www.w3.org\/2000\/svg\" viewBox=\"0 0 576 512\" class=\"svg-inline--fa fa-youtube fa-w-18\"><path fill=\"currentColor\" d=\"M549.655 124.083c-6.281-23.65-24.787-42.276-48.284-48.597C458.781 64 288 64 288 64S117.22 64 74.629 75.486c-23.497 6.322-42.003 24.947-48.284 48.597-11.412 42.867-11.412 132.305-11.412 132.305s0 89.438 11.412 132.305c6.281 23.65 24.787 41.5 48.284 47.821C117.22 448 288 448 288 448s170.78 0 213.371-11.486c23.497-6.321 42.003-24.171 48.284-47.821 11.412-42.867 11.412-132.305 11.412-132.305s0-89.438-11.412-132.305zm-317.51 213.508V175.185l142.739 81.205-142.739 81.201z\" class=\"\"><\/path><\/svg>                    <\/div>\n                                <span class=\"sby_loader sby_hidden\" style=\"background-color: rgb(255, 255, 255);\"><\/span>\n            <\/a>\n\n            \n        <\/div>\n\n        \n<div class=\"sby_info sby_info_item\">\n\t<div class=\"sby-video-info-bottom\">\n\t\t<div class=\"sby-video-info\">\n\t\t\t\t\t\t\t<p class=\"sby_video_title_wrap\" >\n\t\t\t\t\t<span class=\"sby_video_title\">Por que educadores precisam desenvolver compet\u00eancias socioemocionais?<\/span>\n\t\t\t\t<\/p>\n\t\t\t\n\t\t\t\n\t\t\t\n\t\t\t\n\t\t\t\t\t<\/div>\n\n\t\t\t\t\t\t\t\t<\/div>\n<\/div>    <\/div>\n<\/div><div class=\"sby_item  sby_new sby_transition\" id=\"sby_UEx0Q0tvVE9zX3RkcUJxN2FWTEllSnlkZ0kwZ08tc1NjUC45ODRDNTg0QjA4NkFBNkQy\" data-date=\"1723038866\" data-video-id=\"X00OfmCs7KU\" data-video-title=\"Qual a rela\u00e7\u00e3o entre compet\u00eancias socioemocionais e preven\u00e7\u00e3o de transtornos mentais?\" data-live-date=\"0\" data-channel-id=\"UCVzDV6uqfZIxgHZvgeMlCyg\" >\n    <div class=\"sby_inner_item\">\n        <div class=\"sby_video_thumbnail_wrap sby_item_video_thumbnail_wrap\">\n            <a class=\"sby_video_thumbnail sby_item_video_thumbnail\" style=\"background-image:url(https:\/\/www.amesuamente.org.br\/en\/wp-content\/plugins\/youtube-feed-pro\/img\/placeholder.png)\" href=\"https:\/\/www.youtube.com\/watch?v=X00OfmCs7KU\" target=\"_blank\" rel=\"noopener\" data-full-res=\"https:\/\/i.ytimg.com\/vi\/X00OfmCs7KU\/hqdefault.jpg\" data-img-src-set=\"{&quot;120&quot;:&quot;https:\\\/\\\/i.ytimg.com\\\/vi\\\/X00OfmCs7KU\\\/default.jpg&quot;,&quot;320&quot;:&quot;https:\\\/\\\/i.ytimg.com\\\/vi\\\/X00OfmCs7KU\\\/mqdefault.jpg&quot;,&quot;480&quot;:&quot;https:\\\/\\\/i.ytimg.com\\\/vi\\\/X00OfmCs7KU\\\/hqdefault.jpg&quot;,&quot;640&quot;:&quot;https:\\\/\\\/i.ytimg.com\\\/vi\\\/X00OfmCs7KU\\\/hqdefault.jpg&quot;}\" data-video-id=\"X00OfmCs7KU\"  data-user=\"Instituto Ame Sua Mente\" data-url=\"https:\/\/www.youtube.com\/watch?v=X00OfmCs7KU\" data-avatar=\"\" data-title=\"\" data-video-title=\"Qual a rela\u00e7\u00e3o entre compet\u00eancias socioemocionais e preven\u00e7\u00e3o de transtornos mentais?\" data-channel-id=\"UCVzDV6uqfZIxgHZvgeMlCyg\" data-views=\"4 views\" data-published-date=\"1723038866\" data-formatted-published-date=\"7 de August de 2024 10:54\" data-comment-count=\"0\">\n                <img decoding=\"async\" src=\"https:\/\/www.amesuamente.org.br\/en\/wp-content\/plugins\/youtube-feed-pro\/img\/placeholder.png\" alt=\"\">\n                \n                <div class=\"sby_thumbnail_hover sby_item_video_thumbnail_hover\">\n                    <div class=\"sby_thumbnail_hover_inner\">\n                        \n                        \n                        \n                                                    <p class=\"sby_caption\" ><\/p>\n                        \n                                                    <p class=\"sby_stats\" >\n                                <span class=\"sby_likes\" >\n                                                                    <span class=\"sby_like_count\">1<\/span>\n                                <\/span>\n                                <span class=\"sby_comments\" >\n                                                                        <span class=\"sby_comment_count\">0<\/span>\n                                <\/span>\n                            <\/p>\n                                            <\/div>\n                <\/div>\n\n                <span class=\"sby-screenreader\">YouTube Video UEx0Q0tvVE9zX3RkcUJxN2FWTEllSnlkZ0kwZ08tc1NjUC45ODRDNTg0QjA4NkFBNkQy<\/span>\n                                    <div class=\"sby_play_btn\" >\n                        <span class=\"sby_play_btn_bg\"><\/span>\n                    <svg aria-hidden=\"true\" focusable=\"false\" data-prefix=\"fab\" data-icon=\"youtube\" role=\"img\" xmlns=\"http:\/\/www.w3.org\/2000\/svg\" viewBox=\"0 0 576 512\" class=\"svg-inline--fa fa-youtube fa-w-18\"><path fill=\"currentColor\" d=\"M549.655 124.083c-6.281-23.65-24.787-42.276-48.284-48.597C458.781 64 288 64 288 64S117.22 64 74.629 75.486c-23.497 6.322-42.003 24.947-48.284 48.597-11.412 42.867-11.412 132.305-11.412 132.305s0 89.438 11.412 132.305c6.281 23.65 24.787 41.5 48.284 47.821C117.22 448 288 448 288 448s170.78 0 213.371-11.486c23.497-6.321 42.003-24.171 48.284-47.821 11.412-42.867 11.412-132.305 11.412-132.305s0-89.438-11.412-132.305zm-317.51 213.508V175.185l142.739 81.205-142.739 81.201z\" class=\"\"><\/path><\/svg>                    <\/div>\n                                <span class=\"sby_loader sby_hidden\" style=\"background-color: rgb(255, 255, 255);\"><\/span>\n            <\/a>\n\n            \n        <\/div>\n\n        \n<div class=\"sby_info sby_info_item\">\n\t<div class=\"sby-video-info-bottom\">\n\t\t<div class=\"sby-video-info\">\n\t\t\t\t\t\t\t<p class=\"sby_video_title_wrap\" >\n\t\t\t\t\t<span class=\"sby_video_title\">Qual a rela\u00e7\u00e3o entre compet\u00eancias socioemocionais e preven\u00e7\u00e3o de transtornos mentais?<\/span>\n\t\t\t\t<\/p>\n\t\t\t\n\t\t\t\n\t\t\t\n\t\t\t\n\t\t\t\t\t<\/div>\n\n\t\t\t\t\t\t\t\t<\/div>\n<\/div>    <\/div>\n<\/div><div class=\"sby_item  sby_new sby_transition\" id=\"sby_UEx0Q0tvVE9zX3RkcUJxN2FWTEllSnlkZ0kwZ08tc1NjUC4zMDg5MkQ5MEVDMEM1NTg2\" data-date=\"1723040205\" data-video-id=\"fyOFDDKd_Z0\" data-video-title=\"Como a sa\u00fade mental influencia a prepara\u00e7\u00e3o para o vestibular?\" data-live-date=\"0\" data-channel-id=\"UCVzDV6uqfZIxgHZvgeMlCyg\" >\n    <div class=\"sby_inner_item\">\n        <div class=\"sby_video_thumbnail_wrap sby_item_video_thumbnail_wrap\">\n            <a class=\"sby_video_thumbnail sby_item_video_thumbnail\" style=\"background-image:url(https:\/\/www.amesuamente.org.br\/en\/wp-content\/plugins\/youtube-feed-pro\/img\/placeholder.png)\" href=\"https:\/\/www.youtube.com\/watch?v=fyOFDDKd_Z0\" target=\"_blank\" rel=\"noopener\" data-full-res=\"https:\/\/i.ytimg.com\/vi\/fyOFDDKd_Z0\/hqdefault.jpg\" data-img-src-set=\"{&quot;120&quot;:&quot;https:\\\/\\\/i.ytimg.com\\\/vi\\\/fyOFDDKd_Z0\\\/default.jpg&quot;,&quot;320&quot;:&quot;https:\\\/\\\/i.ytimg.com\\\/vi\\\/fyOFDDKd_Z0\\\/mqdefault.jpg&quot;,&quot;480&quot;:&quot;https:\\\/\\\/i.ytimg.com\\\/vi\\\/fyOFDDKd_Z0\\\/hqdefault.jpg&quot;,&quot;640&quot;:&quot;https:\\\/\\\/i.ytimg.com\\\/vi\\\/fyOFDDKd_Z0\\\/hqdefault.jpg&quot;}\" data-video-id=\"fyOFDDKd_Z0\"  data-user=\"Instituto Ame Sua Mente\" data-url=\"https:\/\/www.youtube.com\/watch?v=fyOFDDKd_Z0\" data-avatar=\"\" data-title=\"\" data-video-title=\"Como a sa\u00fade mental influencia a prepara\u00e7\u00e3o para o vestibular?\" data-channel-id=\"UCVzDV6uqfZIxgHZvgeMlCyg\" data-views=\"17 views\" data-published-date=\"1723040205\" data-formatted-published-date=\"7 de August de 2024 11:16\" data-comment-count=\"0\">\n                <img decoding=\"async\" src=\"https:\/\/www.amesuamente.org.br\/en\/wp-content\/plugins\/youtube-feed-pro\/img\/placeholder.png\" alt=\"\">\n                \n                <div class=\"sby_thumbnail_hover sby_item_video_thumbnail_hover\">\n                    <div class=\"sby_thumbnail_hover_inner\">\n                        \n                        \n                        \n                                                    <p class=\"sby_caption\" ><\/p>\n                        \n                                                    <p class=\"sby_stats\" >\n                                <span class=\"sby_likes\" >\n                                                                    <span class=\"sby_like_count\">1<\/span>\n                                <\/span>\n                                <span class=\"sby_comments\" >\n                                                                        <span class=\"sby_comment_count\">0<\/span>\n                                <\/span>\n                            <\/p>\n                                            <\/div>\n                <\/div>\n\n                <span class=\"sby-screenreader\">YouTube Video UEx0Q0tvVE9zX3RkcUJxN2FWTEllSnlkZ0kwZ08tc1NjUC4zMDg5MkQ5MEVDMEM1NTg2<\/span>\n                                    <div class=\"sby_play_btn\" >\n                        <span class=\"sby_play_btn_bg\"><\/span>\n                    <svg aria-hidden=\"true\" focusable=\"false\" data-prefix=\"fab\" data-icon=\"youtube\" role=\"img\" xmlns=\"http:\/\/www.w3.org\/2000\/svg\" viewBox=\"0 0 576 512\" class=\"svg-inline--fa fa-youtube fa-w-18\"><path fill=\"currentColor\" d=\"M549.655 124.083c-6.281-23.65-24.787-42.276-48.284-48.597C458.781 64 288 64 288 64S117.22 64 74.629 75.486c-23.497 6.322-42.003 24.947-48.284 48.597-11.412 42.867-11.412 132.305-11.412 132.305s0 89.438 11.412 132.305c6.281 23.65 24.787 41.5 48.284 47.821C117.22 448 288 448 288 448s170.78 0 213.371-11.486c23.497-6.321 42.003-24.171 48.284-47.821 11.412-42.867 11.412-132.305 11.412-132.305s0-89.438-11.412-132.305zm-317.51 213.508V175.185l142.739 81.205-142.739 81.201z\" class=\"\"><\/path><\/svg>                    <\/div>\n                                <span class=\"sby_loader sby_hidden\" style=\"background-color: rgb(255, 255, 255);\"><\/span>\n            <\/a>\n\n            \n        <\/div>\n\n        \n<div class=\"sby_info sby_info_item\">\n\t<div class=\"sby-video-info-bottom\">\n\t\t<div class=\"sby-video-info\">\n\t\t\t\t\t\t\t<p class=\"sby_video_title_wrap\" >\n\t\t\t\t\t<span class=\"sby_video_title\">Como a sa\u00fade mental influencia a prepara\u00e7\u00e3o para o vestibular?<\/span>\n\t\t\t\t<\/p>\n\t\t\t\n\t\t\t\n\t\t\t\n\t\t\t\n\t\t\t\t\t<\/div>\n\n\t\t\t\t\t\t\t\t<\/div>\n<\/div>    <\/div>\n<\/div><div class=\"sby_item  sby_new sby_transition\" id=\"sby_UEx0Q0tvVE9zX3RkcUJxN2FWTEllSnlkZ0kwZ08tc1NjUC41Mzk2QTAxMTkzNDk4MDhF\" data-date=\"1723041073\" data-video-id=\"ksqLki8hN2M\" data-video-title=\"Como os pais podem apoiar os filhos na prepara\u00e7\u00e3o para o vestibular?\" data-live-date=\"0\" data-channel-id=\"UCVzDV6uqfZIxgHZvgeMlCyg\" >\n    <div class=\"sby_inner_item\">\n        <div class=\"sby_video_thumbnail_wrap sby_item_video_thumbnail_wrap\">\n            <a class=\"sby_video_thumbnail sby_item_video_thumbnail\" style=\"background-image:url(https:\/\/www.amesuamente.org.br\/en\/wp-content\/plugins\/youtube-feed-pro\/img\/placeholder.png)\" href=\"https:\/\/www.youtube.com\/watch?v=ksqLki8hN2M\" target=\"_blank\" rel=\"noopener\" data-full-res=\"https:\/\/i.ytimg.com\/vi\/ksqLki8hN2M\/maxresdefault.jpg\" data-img-src-set=\"{&quot;120&quot;:&quot;https:\\\/\\\/i.ytimg.com\\\/vi\\\/ksqLki8hN2M\\\/default.jpg&quot;,&quot;320&quot;:&quot;https:\\\/\\\/i.ytimg.com\\\/vi\\\/ksqLki8hN2M\\\/mqdefault.jpg&quot;,&quot;480&quot;:&quot;https:\\\/\\\/i.ytimg.com\\\/vi\\\/ksqLki8hN2M\\\/hqdefault.jpg&quot;,&quot;640&quot;:&quot;https:\\\/\\\/i.ytimg.com\\\/vi\\\/ksqLki8hN2M\\\/sddefault.jpg&quot;}\" data-video-id=\"ksqLki8hN2M\"  data-user=\"Instituto Ame Sua Mente\" data-url=\"https:\/\/www.youtube.com\/watch?v=ksqLki8hN2M\" data-avatar=\"\" data-title=\"\" data-video-title=\"Como os pais podem apoiar os filhos na prepara\u00e7\u00e3o para o vestibular?\" data-channel-id=\"UCVzDV6uqfZIxgHZvgeMlCyg\" data-views=\"12 views\" data-published-date=\"1723041073\" data-formatted-published-date=\"7 de August de 2024 11:31\" data-comment-count=\"0\">\n                <img decoding=\"async\" src=\"https:\/\/www.amesuamente.org.br\/en\/wp-content\/plugins\/youtube-feed-pro\/img\/placeholder.png\" alt=\"\">\n                \n                <div class=\"sby_thumbnail_hover sby_item_video_thumbnail_hover\">\n                    <div class=\"sby_thumbnail_hover_inner\">\n                        \n                        \n                        \n                                                    <p class=\"sby_caption\" ><\/p>\n                        \n                                                    <p class=\"sby_stats\" >\n                                <span class=\"sby_likes\" >\n                                                                    <span class=\"sby_like_count\">0<\/span>\n                                <\/span>\n                                <span class=\"sby_comments\" >\n                                                                        <span class=\"sby_comment_count\">0<\/span>\n                                <\/span>\n                            <\/p>\n                                            <\/div>\n                <\/div>\n\n                <span class=\"sby-screenreader\">YouTube Video UEx0Q0tvVE9zX3RkcUJxN2FWTEllSnlkZ0kwZ08tc1NjUC41Mzk2QTAxMTkzNDk4MDhF<\/span>\n                                    <div class=\"sby_play_btn\" >\n                        <span class=\"sby_play_btn_bg\"><\/span>\n                    <svg aria-hidden=\"true\" focusable=\"false\" data-prefix=\"fab\" data-icon=\"youtube\" role=\"img\" xmlns=\"http:\/\/www.w3.org\/2000\/svg\" viewBox=\"0 0 576 512\" class=\"svg-inline--fa fa-youtube fa-w-18\"><path fill=\"currentColor\" d=\"M549.655 124.083c-6.281-23.65-24.787-42.276-48.284-48.597C458.781 64 288 64 288 64S117.22 64 74.629 75.486c-23.497 6.322-42.003 24.947-48.284 48.597-11.412 42.867-11.412 132.305-11.412 132.305s0 89.438 11.412 132.305c6.281 23.65 24.787 41.5 48.284 47.821C117.22 448 288 448 288 448s170.78 0 213.371-11.486c23.497-6.321 42.003-24.171 48.284-47.821 11.412-42.867 11.412-132.305 11.412-132.305s0-89.438-11.412-132.305zm-317.51 213.508V175.185l142.739 81.205-142.739 81.201z\" class=\"\"><\/path><\/svg>                    <\/div>\n                                <span class=\"sby_loader sby_hidden\" style=\"background-color: rgb(255, 255, 255);\"><\/span>\n            <\/a>\n\n            \n        <\/div>\n\n        \n<div class=\"sby_info sby_info_item\">\n\t<div class=\"sby-video-info-bottom\">\n\t\t<div class=\"sby-video-info\">\n\t\t\t\t\t\t\t<p class=\"sby_video_title_wrap\" >\n\t\t\t\t\t<span class=\"sby_video_title\">Como os pais podem apoiar os filhos na prepara\u00e7\u00e3o para o vestibular?<\/span>\n\t\t\t\t<\/p>\n\t\t\t\n\t\t\t\n\t\t\t\n\t\t\t\n\t\t\t\t\t<\/div>\n\n\t\t\t\t\t\t\t\t<\/div>\n<\/div>    <\/div>\n<\/div><div class=\"sby_item  sby_new sby_transition\" id=\"sby_UEx0Q0tvVE9zX3RkcUJxN2FWTEllSnlkZ0kwZ08tc1NjUC5EQUE1NTFDRjcwMDg0NEMz\" data-date=\"1723042100\" data-video-id=\"BI6IpKO-0bg\" data-video-title=\"Qual o papel da escola na vida profissional dos jovens?\" data-live-date=\"0\" data-channel-id=\"UCVzDV6uqfZIxgHZvgeMlCyg\" >\n    <div class=\"sby_inner_item\">\n        <div class=\"sby_video_thumbnail_wrap sby_item_video_thumbnail_wrap\">\n            <a class=\"sby_video_thumbnail sby_item_video_thumbnail\" style=\"background-image:url(https:\/\/www.amesuamente.org.br\/en\/wp-content\/plugins\/youtube-feed-pro\/img\/placeholder.png)\" href=\"https:\/\/www.youtube.com\/watch?v=BI6IpKO-0bg\" target=\"_blank\" rel=\"noopener\" data-full-res=\"https:\/\/i.ytimg.com\/vi\/BI6IpKO-0bg\/maxresdefault.jpg\" data-img-src-set=\"{&quot;120&quot;:&quot;https:\\\/\\\/i.ytimg.com\\\/vi\\\/BI6IpKO-0bg\\\/default.jpg&quot;,&quot;320&quot;:&quot;https:\\\/\\\/i.ytimg.com\\\/vi\\\/BI6IpKO-0bg\\\/mqdefault.jpg&quot;,&quot;480&quot;:&quot;https:\\\/\\\/i.ytimg.com\\\/vi\\\/BI6IpKO-0bg\\\/hqdefault.jpg&quot;,&quot;640&quot;:&quot;https:\\\/\\\/i.ytimg.com\\\/vi\\\/BI6IpKO-0bg\\\/sddefault.jpg&quot;}\" data-video-id=\"BI6IpKO-0bg\"  data-user=\"Instituto Ame Sua Mente\" data-url=\"https:\/\/www.youtube.com\/watch?v=BI6IpKO-0bg\" data-avatar=\"\" data-title=\"\" data-video-title=\"Qual o papel da escola na vida profissional dos jovens?\" data-channel-id=\"UCVzDV6uqfZIxgHZvgeMlCyg\" data-views=\"8 views\" data-published-date=\"1723042100\" data-formatted-published-date=\"7 de August de 2024 11:48\" data-comment-count=\"0\">\n                <img decoding=\"async\" src=\"https:\/\/www.amesuamente.org.br\/en\/wp-content\/plugins\/youtube-feed-pro\/img\/placeholder.png\" alt=\"\">\n                \n                <div class=\"sby_thumbnail_hover sby_item_video_thumbnail_hover\">\n                    <div class=\"sby_thumbnail_hover_inner\">\n                        \n                        \n                        \n                                                    <p class=\"sby_caption\" ><\/p>\n                        \n                                                    <p class=\"sby_stats\" >\n                                <span class=\"sby_likes\" >\n                                                                    <span class=\"sby_like_count\">0<\/span>\n                                <\/span>\n                                <span class=\"sby_comments\" >\n                                                                        <span class=\"sby_comment_count\">0<\/span>\n                                <\/span>\n                            <\/p>\n                                            <\/div>\n                <\/div>\n\n                <span class=\"sby-screenreader\">YouTube Video UEx0Q0tvVE9zX3RkcUJxN2FWTEllSnlkZ0kwZ08tc1NjUC5EQUE1NTFDRjcwMDg0NEMz<\/span>\n                                    <div class=\"sby_play_btn\" >\n                        <span class=\"sby_play_btn_bg\"><\/span>\n                    <svg aria-hidden=\"true\" focusable=\"false\" data-prefix=\"fab\" data-icon=\"youtube\" role=\"img\" xmlns=\"http:\/\/www.w3.org\/2000\/svg\" viewBox=\"0 0 576 512\" class=\"svg-inline--fa fa-youtube fa-w-18\"><path fill=\"currentColor\" d=\"M549.655 124.083c-6.281-23.65-24.787-42.276-48.284-48.597C458.781 64 288 64 288 64S117.22 64 74.629 75.486c-23.497 6.322-42.003 24.947-48.284 48.597-11.412 42.867-11.412 132.305-11.412 132.305s0 89.438 11.412 132.305c6.281 23.65 24.787 41.5 48.284 47.821C117.22 448 288 448 288 448s170.78 0 213.371-11.486c23.497-6.321 42.003-24.171 48.284-47.821 11.412-42.867 11.412-132.305 11.412-132.305s0-89.438-11.412-132.305zm-317.51 213.508V175.185l142.739 81.205-142.739 81.201z\" class=\"\"><\/path><\/svg>                    <\/div>\n                                <span class=\"sby_loader sby_hidden\" style=\"background-color: rgb(255, 255, 255);\"><\/span>\n            <\/a>\n\n            \n        <\/div>\n\n        \n<div class=\"sby_info sby_info_item\">\n\t<div class=\"sby-video-info-bottom\">\n\t\t<div class=\"sby-video-info\">\n\t\t\t\t\t\t\t<p class=\"sby_video_title_wrap\" >\n\t\t\t\t\t<span class=\"sby_video_title\">Qual o papel da escola na vida profissional dos jovens?<\/span>\n\t\t\t\t<\/p>\n\t\t\t\n\t\t\t\n\t\t\t\n\t\t\t\n\t\t\t\t\t<\/div>\n\n\t\t\t\t\t\t\t\t<\/div>\n<\/div>    <\/div>\n<\/div><div class=\"sby_item  sby_new sby_transition\" id=\"sby_UEx0Q0tvVE9zX3RkcUJxN2FWTEllSnlkZ0kwZ08tc1NjUC41QTY1Q0UxMTVCODczNThE\" data-date=\"1723045505\" data-video-id=\"slsa5FvVP60\" data-video-title=\"Como se preparar para as provas de vestibular?\" data-live-date=\"0\" data-channel-id=\"UCVzDV6uqfZIxgHZvgeMlCyg\" >\n    <div class=\"sby_inner_item\">\n        <div class=\"sby_video_thumbnail_wrap sby_item_video_thumbnail_wrap\">\n            <a class=\"sby_video_thumbnail sby_item_video_thumbnail\" style=\"background-image:url(https:\/\/www.amesuamente.org.br\/en\/wp-content\/plugins\/youtube-feed-pro\/img\/placeholder.png)\" href=\"https:\/\/www.youtube.com\/watch?v=slsa5FvVP60\" target=\"_blank\" rel=\"noopener\" data-full-res=\"https:\/\/i.ytimg.com\/vi\/slsa5FvVP60\/maxresdefault.jpg\" data-img-src-set=\"{&quot;120&quot;:&quot;https:\\\/\\\/i.ytimg.com\\\/vi\\\/slsa5FvVP60\\\/default.jpg&quot;,&quot;320&quot;:&quot;https:\\\/\\\/i.ytimg.com\\\/vi\\\/slsa5FvVP60\\\/mqdefault.jpg&quot;,&quot;480&quot;:&quot;https:\\\/\\\/i.ytimg.com\\\/vi\\\/slsa5FvVP60\\\/hqdefault.jpg&quot;,&quot;640&quot;:&quot;https:\\\/\\\/i.ytimg.com\\\/vi\\\/slsa5FvVP60\\\/sddefault.jpg&quot;}\" data-video-id=\"slsa5FvVP60\"  data-user=\"Instituto Ame Sua Mente\" data-url=\"https:\/\/www.youtube.com\/watch?v=slsa5FvVP60\" data-avatar=\"\" data-title=\"\" data-video-title=\"Como se preparar para as provas de vestibular?\" data-channel-id=\"UCVzDV6uqfZIxgHZvgeMlCyg\" data-views=\"3 views\" data-published-date=\"1723045505\" data-formatted-published-date=\"7 de August de 2024 12:45\" data-comment-count=\"0\">\n                <img decoding=\"async\" src=\"https:\/\/www.amesuamente.org.br\/en\/wp-content\/plugins\/youtube-feed-pro\/img\/placeholder.png\" alt=\"\">\n                \n                <div class=\"sby_thumbnail_hover sby_item_video_thumbnail_hover\">\n                    <div class=\"sby_thumbnail_hover_inner\">\n                        \n                        \n                        \n                                                    <p class=\"sby_caption\" ><\/p>\n                        \n                                                    <p class=\"sby_stats\" >\n                                <span class=\"sby_likes\" >\n                                                                    <span class=\"sby_like_count\">0<\/span>\n                                <\/span>\n                                <span class=\"sby_comments\" >\n                                                                        <span class=\"sby_comment_count\">0<\/span>\n                                <\/span>\n                            <\/p>\n                                            <\/div>\n                <\/div>\n\n                <span class=\"sby-screenreader\">YouTube Video UEx0Q0tvVE9zX3RkcUJxN2FWTEllSnlkZ0kwZ08tc1NjUC41QTY1Q0UxMTVCODczNThE<\/span>\n                                    <div class=\"sby_play_btn\" >\n                        <span class=\"sby_play_btn_bg\"><\/span>\n                    <svg aria-hidden=\"true\" focusable=\"false\" data-prefix=\"fab\" data-icon=\"youtube\" role=\"img\" xmlns=\"http:\/\/www.w3.org\/2000\/svg\" viewBox=\"0 0 576 512\" class=\"svg-inline--fa fa-youtube fa-w-18\"><path fill=\"currentColor\" d=\"M549.655 124.083c-6.281-23.65-24.787-42.276-48.284-48.597C458.781 64 288 64 288 64S117.22 64 74.629 75.486c-23.497 6.322-42.003 24.947-48.284 48.597-11.412 42.867-11.412 132.305-11.412 132.305s0 89.438 11.412 132.305c6.281 23.65 24.787 41.5 48.284 47.821C117.22 448 288 448 288 448s170.78 0 213.371-11.486c23.497-6.321 42.003-24.171 48.284-47.821 11.412-42.867 11.412-132.305 11.412-132.305s0-89.438-11.412-132.305zm-317.51 213.508V175.185l142.739 81.205-142.739 81.201z\" class=\"\"><\/path><\/svg>                    <\/div>\n                                <span class=\"sby_loader sby_hidden\" style=\"background-color: rgb(255, 255, 255);\"><\/span>\n            <\/a>\n\n            \n        <\/div>\n\n        \n<div class=\"sby_info sby_info_item\">\n\t<div class=\"sby-video-info-bottom\">\n\t\t<div class=\"sby-video-info\">\n\t\t\t\t\t\t\t<p class=\"sby_video_title_wrap\" >\n\t\t\t\t\t<span class=\"sby_video_title\">Como se preparar para as provas de vestibular?<\/span>\n\t\t\t\t<\/p>\n\t\t\t\n\t\t\t\n\t\t\t\n\t\t\t\n\t\t\t\t\t<\/div>\n\n\t\t\t\t\t\t\t\t<\/div>\n<\/div>    <\/div>\n<\/div><div class=\"sby_item  sby_new sby_transition\" id=\"sby_UEx0Q0tvVE9zX3RkcUJxN2FWTEllSnlkZ0kwZ08tc1NjUC4yMUQyQTQzMjRDNzMyQTMy\" data-date=\"1723045734\" data-video-id=\"PmK1qCtNkOw\" data-video-title=\"Dicas para os dias antes das provas de vestibular\" data-live-date=\"0\" data-channel-id=\"UCVzDV6uqfZIxgHZvgeMlCyg\" >\n    <div class=\"sby_inner_item\">\n        <div class=\"sby_video_thumbnail_wrap sby_item_video_thumbnail_wrap\">\n            <a class=\"sby_video_thumbnail sby_item_video_thumbnail\" style=\"background-image:url(https:\/\/www.amesuamente.org.br\/en\/wp-content\/plugins\/youtube-feed-pro\/img\/placeholder.png)\" href=\"https:\/\/www.youtube.com\/watch?v=PmK1qCtNkOw\" target=\"_blank\" rel=\"noopener\" data-full-res=\"https:\/\/i.ytimg.com\/vi\/PmK1qCtNkOw\/maxresdefault.jpg\" data-img-src-set=\"{&quot;120&quot;:&quot;https:\\\/\\\/i.ytimg.com\\\/vi\\\/PmK1qCtNkOw\\\/default.jpg&quot;,&quot;320&quot;:&quot;https:\\\/\\\/i.ytimg.com\\\/vi\\\/PmK1qCtNkOw\\\/mqdefault.jpg&quot;,&quot;480&quot;:&quot;https:\\\/\\\/i.ytimg.com\\\/vi\\\/PmK1qCtNkOw\\\/hqdefault.jpg&quot;,&quot;640&quot;:&quot;https:\\\/\\\/i.ytimg.com\\\/vi\\\/PmK1qCtNkOw\\\/sddefault.jpg&quot;}\" data-video-id=\"PmK1qCtNkOw\"  data-user=\"Instituto Ame Sua Mente\" data-url=\"https:\/\/www.youtube.com\/watch?v=PmK1qCtNkOw\" data-avatar=\"\" data-title=\"\" data-video-title=\"Dicas para os dias antes das provas de vestibular\" data-channel-id=\"UCVzDV6uqfZIxgHZvgeMlCyg\" data-views=\"24 views\" data-published-date=\"1723045734\" data-formatted-published-date=\"7 de August de 2024 12:48\" data-comment-count=\"0\">\n                <img decoding=\"async\" src=\"https:\/\/www.amesuamente.org.br\/en\/wp-content\/plugins\/youtube-feed-pro\/img\/placeholder.png\" alt=\"\">\n                \n                <div class=\"sby_thumbnail_hover sby_item_video_thumbnail_hover\">\n                    <div class=\"sby_thumbnail_hover_inner\">\n                        \n                        \n                        \n                                                    <p class=\"sby_caption\" ><\/p>\n                        \n                                                    <p class=\"sby_stats\" >\n                                <span class=\"sby_likes\" >\n                                                                    <span class=\"sby_like_count\">4<\/span>\n                                <\/span>\n                                <span class=\"sby_comments\" >\n                                                                        <span class=\"sby_comment_count\">0<\/span>\n                                <\/span>\n                            <\/p>\n                                            <\/div>\n                <\/div>\n\n                <span class=\"sby-screenreader\">YouTube Video UEx0Q0tvVE9zX3RkcUJxN2FWTEllSnlkZ0kwZ08tc1NjUC4yMUQyQTQzMjRDNzMyQTMy<\/span>\n                                    <div class=\"sby_play_btn\" >\n                        <span class=\"sby_play_btn_bg\"><\/span>\n                    <svg aria-hidden=\"true\" focusable=\"false\" data-prefix=\"fab\" data-icon=\"youtube\" role=\"img\" xmlns=\"http:\/\/www.w3.org\/2000\/svg\" viewBox=\"0 0 576 512\" class=\"svg-inline--fa fa-youtube fa-w-18\"><path fill=\"currentColor\" d=\"M549.655 124.083c-6.281-23.65-24.787-42.276-48.284-48.597C458.781 64 288 64 288 64S117.22 64 74.629 75.486c-23.497 6.322-42.003 24.947-48.284 48.597-11.412 42.867-11.412 132.305-11.412 132.305s0 89.438 11.412 132.305c6.281 23.65 24.787 41.5 48.284 47.821C117.22 448 288 448 288 448s170.78 0 213.371-11.486c23.497-6.321 42.003-24.171 48.284-47.821 11.412-42.867 11.412-132.305 11.412-132.305s0-89.438-11.412-132.305zm-317.51 213.508V175.185l142.739 81.205-142.739 81.201z\" class=\"\"><\/path><\/svg>                    <\/div>\n                                <span class=\"sby_loader sby_hidden\" style=\"background-color: rgb(255, 255, 255);\"><\/span>\n            <\/a>\n\n            \n        <\/div>\n\n        \n<div class=\"sby_info sby_info_item\">\n\t<div class=\"sby-video-info-bottom\">\n\t\t<div class=\"sby-video-info\">\n\t\t\t\t\t\t\t<p class=\"sby_video_title_wrap\" >\n\t\t\t\t\t<span class=\"sby_video_title\">Dicas para os dias antes das provas de vestibular<\/span>\n\t\t\t\t<\/p>\n\t\t\t\n\t\t\t\n\t\t\t\n\t\t\t\n\t\t\t\t\t<\/div>\n\n\t\t\t\t\t\t\t\t<\/div>\n<\/div>    <\/div>\n<\/div><div class=\"sby_item  sby_new sby_transition\" id=\"sby_UEx0Q0tvVE9zX3RkcUJxN2FWTEllSnlkZ0kwZ08tc1NjUC45RTgxNDRBMzUwRjQ0MDhC\" data-date=\"1723049810\" data-video-id=\"70Eg27-fvrI\" data-video-title=\"Como anda a rela\u00e7\u00e3o entre escola e fam\u00edlia?\" data-live-date=\"0\" data-channel-id=\"UCVzDV6uqfZIxgHZvgeMlCyg\" >\n    <div class=\"sby_inner_item\">\n        <div class=\"sby_video_thumbnail_wrap sby_item_video_thumbnail_wrap\">\n            <a class=\"sby_video_thumbnail sby_item_video_thumbnail\" style=\"background-image:url(https:\/\/www.amesuamente.org.br\/en\/wp-content\/plugins\/youtube-feed-pro\/img\/placeholder.png)\" href=\"https:\/\/www.youtube.com\/watch?v=70Eg27-fvrI\" target=\"_blank\" rel=\"noopener\" data-full-res=\"https:\/\/i.ytimg.com\/vi\/70Eg27-fvrI\/maxresdefault.jpg\" data-img-src-set=\"{&quot;120&quot;:&quot;https:\\\/\\\/i.ytimg.com\\\/vi\\\/70Eg27-fvrI\\\/default.jpg&quot;,&quot;320&quot;:&quot;https:\\\/\\\/i.ytimg.com\\\/vi\\\/70Eg27-fvrI\\\/mqdefault.jpg&quot;,&quot;480&quot;:&quot;https:\\\/\\\/i.ytimg.com\\\/vi\\\/70Eg27-fvrI\\\/hqdefault.jpg&quot;,&quot;640&quot;:&quot;https:\\\/\\\/i.ytimg.com\\\/vi\\\/70Eg27-fvrI\\\/sddefault.jpg&quot;}\" data-video-id=\"70Eg27-fvrI\"  data-user=\"Instituto Ame Sua Mente\" data-url=\"https:\/\/www.youtube.com\/watch?v=70Eg27-fvrI\" data-avatar=\"\" data-title=\"\" data-video-title=\"Como anda a rela\u00e7\u00e3o entre escola e fam\u00edlia?\" data-channel-id=\"UCVzDV6uqfZIxgHZvgeMlCyg\" data-views=\"61 views\" data-published-date=\"1723049810\" data-formatted-published-date=\"7 de August de 2024 13:56\" data-comment-count=\"0\">\n                <img decoding=\"async\" src=\"https:\/\/www.amesuamente.org.br\/en\/wp-content\/plugins\/youtube-feed-pro\/img\/placeholder.png\" alt=\"\">\n                \n                <div class=\"sby_thumbnail_hover sby_item_video_thumbnail_hover\">\n                    <div class=\"sby_thumbnail_hover_inner\">\n                        \n                        \n                        \n                                                    <p class=\"sby_caption\" ><\/p>\n                        \n                                                    <p class=\"sby_stats\" >\n                                <span class=\"sby_likes\" >\n                                                                    <span class=\"sby_like_count\">1<\/span>\n                                <\/span>\n                                <span class=\"sby_comments\" >\n                                                                        <span class=\"sby_comment_count\">0<\/span>\n                                <\/span>\n                            <\/p>\n                                            <\/div>\n                <\/div>\n\n                <span class=\"sby-screenreader\">YouTube Video UEx0Q0tvVE9zX3RkcUJxN2FWTEllSnlkZ0kwZ08tc1NjUC45RTgxNDRBMzUwRjQ0MDhC<\/span>\n                                    <div class=\"sby_play_btn\" >\n                        <span class=\"sby_play_btn_bg\"><\/span>\n                    <svg aria-hidden=\"true\" focusable=\"false\" data-prefix=\"fab\" data-icon=\"youtube\" role=\"img\" xmlns=\"http:\/\/www.w3.org\/2000\/svg\" viewBox=\"0 0 576 512\" class=\"svg-inline--fa fa-youtube fa-w-18\"><path fill=\"currentColor\" d=\"M549.655 124.083c-6.281-23.65-24.787-42.276-48.284-48.597C458.781 64 288 64 288 64S117.22 64 74.629 75.486c-23.497 6.322-42.003 24.947-48.284 48.597-11.412 42.867-11.412 132.305-11.412 132.305s0 89.438 11.412 132.305c6.281 23.65 24.787 41.5 48.284 47.821C117.22 448 288 448 288 448s170.78 0 213.371-11.486c23.497-6.321 42.003-24.171 48.284-47.821 11.412-42.867 11.412-132.305 11.412-132.305s0-89.438-11.412-132.305zm-317.51 213.508V175.185l142.739 81.205-142.739 81.201z\" class=\"\"><\/path><\/svg>                    <\/div>\n                                <span class=\"sby_loader sby_hidden\" style=\"background-color: rgb(255, 255, 255);\"><\/span>\n            <\/a>\n\n            \n        <\/div>\n\n        \n<div class=\"sby_info sby_info_item\">\n\t<div class=\"sby-video-info-bottom\">\n\t\t<div class=\"sby-video-info\">\n\t\t\t\t\t\t\t<p class=\"sby_video_title_wrap\" >\n\t\t\t\t\t<span class=\"sby_video_title\">Como anda a rela\u00e7\u00e3o entre escola e fam\u00edlia?<\/span>\n\t\t\t\t<\/p>\n\t\t\t\n\t\t\t\n\t\t\t\n\t\t\t\n\t\t\t\t\t<\/div>\n\n\t\t\t\t\t\t\t\t<\/div>\n<\/div>    <\/div>\n<\/div><div class=\"sby_item  sby_new sby_transition\" id=\"sby_UEx0Q0tvVE9zX3RkcUJxN2FWTEllSnlkZ0kwZ08tc1NjUC5ENDU4Q0M4RDExNzM1Mjcy\" data-date=\"1723049913\" data-video-id=\"8Ek8nLPs_ag\" data-video-title=\"Como repercute o cyberbullying?\" data-live-date=\"0\" data-channel-id=\"UCVzDV6uqfZIxgHZvgeMlCyg\" >\n    <div class=\"sby_inner_item\">\n        <div class=\"sby_video_thumbnail_wrap sby_item_video_thumbnail_wrap\">\n            <a class=\"sby_video_thumbnail sby_item_video_thumbnail\" style=\"background-image:url(https:\/\/www.amesuamente.org.br\/en\/wp-content\/plugins\/youtube-feed-pro\/img\/placeholder.png)\" href=\"https:\/\/www.youtube.com\/watch?v=8Ek8nLPs_ag\" target=\"_blank\" rel=\"noopener\" data-full-res=\"https:\/\/i.ytimg.com\/vi\/8Ek8nLPs_ag\/maxresdefault.jpg\" data-img-src-set=\"{&quot;120&quot;:&quot;https:\\\/\\\/i.ytimg.com\\\/vi\\\/8Ek8nLPs_ag\\\/default.jpg&quot;,&quot;320&quot;:&quot;https:\\\/\\\/i.ytimg.com\\\/vi\\\/8Ek8nLPs_ag\\\/mqdefault.jpg&quot;,&quot;480&quot;:&quot;https:\\\/\\\/i.ytimg.com\\\/vi\\\/8Ek8nLPs_ag\\\/hqdefault.jpg&quot;,&quot;640&quot;:&quot;https:\\\/\\\/i.ytimg.com\\\/vi\\\/8Ek8nLPs_ag\\\/sddefault.jpg&quot;}\" data-video-id=\"8Ek8nLPs_ag\"  data-user=\"Instituto Ame Sua Mente\" data-url=\"https:\/\/www.youtube.com\/watch?v=8Ek8nLPs_ag\" data-avatar=\"\" data-title=\"\" data-video-title=\"Como repercute o cyberbullying?\" data-channel-id=\"UCVzDV6uqfZIxgHZvgeMlCyg\" data-views=\"94 views\" data-published-date=\"1723049913\" data-formatted-published-date=\"7 de August de 2024 13:58\" data-comment-count=\"0\">\n                <img decoding=\"async\" src=\"https:\/\/www.amesuamente.org.br\/en\/wp-content\/plugins\/youtube-feed-pro\/img\/placeholder.png\" alt=\"\">\n                \n                <div class=\"sby_thumbnail_hover sby_item_video_thumbnail_hover\">\n                    <div class=\"sby_thumbnail_hover_inner\">\n                        \n                        \n                        \n                                                    <p class=\"sby_caption\" ><\/p>\n                        \n                                                    <p class=\"sby_stats\" >\n                                <span class=\"sby_likes\" >\n                                                                    <span class=\"sby_like_count\">4<\/span>\n                                <\/span>\n                                <span class=\"sby_comments\" >\n                                                                        <span class=\"sby_comment_count\">0<\/span>\n                                <\/span>\n                            <\/p>\n                                            <\/div>\n                <\/div>\n\n                <span class=\"sby-screenreader\">YouTube Video UEx0Q0tvVE9zX3RkcUJxN2FWTEllSnlkZ0kwZ08tc1NjUC5ENDU4Q0M4RDExNzM1Mjcy<\/span>\n                                    <div class=\"sby_play_btn\" >\n                        <span class=\"sby_play_btn_bg\"><\/span>\n                    <svg aria-hidden=\"true\" focusable=\"false\" data-prefix=\"fab\" data-icon=\"youtube\" role=\"img\" xmlns=\"http:\/\/www.w3.org\/2000\/svg\" viewBox=\"0 0 576 512\" class=\"svg-inline--fa fa-youtube fa-w-18\"><path fill=\"currentColor\" d=\"M549.655 124.083c-6.281-23.65-24.787-42.276-48.284-48.597C458.781 64 288 64 288 64S117.22 64 74.629 75.486c-23.497 6.322-42.003 24.947-48.284 48.597-11.412 42.867-11.412 132.305-11.412 132.305s0 89.438 11.412 132.305c6.281 23.65 24.787 41.5 48.284 47.821C117.22 448 288 448 288 448s170.78 0 213.371-11.486c23.497-6.321 42.003-24.171 48.284-47.821 11.412-42.867 11.412-132.305 11.412-132.305s0-89.438-11.412-132.305zm-317.51 213.508V175.185l142.739 81.205-142.739 81.201z\" class=\"\"><\/path><\/svg>                    <\/div>\n                                <span class=\"sby_loader sby_hidden\" style=\"background-color: rgb(255, 255, 255);\"><\/span>\n            <\/a>\n\n            \n        <\/div>\n\n        \n<div class=\"sby_info sby_info_item\">\n\t<div class=\"sby-video-info-bottom\">\n\t\t<div class=\"sby-video-info\">\n\t\t\t\t\t\t\t<p class=\"sby_video_title_wrap\" >\n\t\t\t\t\t<span class=\"sby_video_title\">Como repercute o cyberbullying?<\/span>\n\t\t\t\t<\/p>\n\t\t\t\n\t\t\t\n\t\t\t\n\t\t\t\n\t\t\t\t\t<\/div>\n\n\t\t\t\t\t\t\t\t<\/div>\n<\/div>    <\/div>\n<\/div><div class=\"sby_item  sby_new sby_transition\" id=\"sby_UEx0Q0tvVE9zX3RkcUJxN2FWTEllSnlkZ0kwZ08tc1NjUC4yMDhBMkNBNjRDMjQxQTg1\" data-date=\"1723050475\" data-video-id=\"y39EqzagWg0\" data-video-title=\"Como lidar com a viol\u00eancia nas escolas?\" data-live-date=\"0\" data-channel-id=\"UCVzDV6uqfZIxgHZvgeMlCyg\" >\n    <div class=\"sby_inner_item\">\n        <div class=\"sby_video_thumbnail_wrap sby_item_video_thumbnail_wrap\">\n            <a class=\"sby_video_thumbnail sby_item_video_thumbnail\" style=\"background-image:url(https:\/\/www.amesuamente.org.br\/en\/wp-content\/plugins\/youtube-feed-pro\/img\/placeholder.png)\" href=\"https:\/\/www.youtube.com\/watch?v=y39EqzagWg0\" target=\"_blank\" rel=\"noopener\" data-full-res=\"https:\/\/i.ytimg.com\/vi\/y39EqzagWg0\/maxresdefault.jpg\" data-img-src-set=\"{&quot;120&quot;:&quot;https:\\\/\\\/i.ytimg.com\\\/vi\\\/y39EqzagWg0\\\/default.jpg&quot;,&quot;320&quot;:&quot;https:\\\/\\\/i.ytimg.com\\\/vi\\\/y39EqzagWg0\\\/mqdefault.jpg&quot;,&quot;480&quot;:&quot;https:\\\/\\\/i.ytimg.com\\\/vi\\\/y39EqzagWg0\\\/hqdefault.jpg&quot;,&quot;640&quot;:&quot;https:\\\/\\\/i.ytimg.com\\\/vi\\\/y39EqzagWg0\\\/sddefault.jpg&quot;}\" data-video-id=\"y39EqzagWg0\"  data-user=\"Instituto Ame Sua Mente\" data-url=\"https:\/\/www.youtube.com\/watch?v=y39EqzagWg0\" data-avatar=\"\" data-title=\"\" data-video-title=\"Como lidar com a viol\u00eancia nas escolas?\" data-channel-id=\"UCVzDV6uqfZIxgHZvgeMlCyg\" data-views=\"73 views\" data-published-date=\"1723050475\" data-formatted-published-date=\"7 de August de 2024 14:07\" data-comment-count=\"0\">\n                <img decoding=\"async\" src=\"https:\/\/www.amesuamente.org.br\/en\/wp-content\/plugins\/youtube-feed-pro\/img\/placeholder.png\" alt=\"\">\n                \n                <div class=\"sby_thumbnail_hover sby_item_video_thumbnail_hover\">\n                    <div class=\"sby_thumbnail_hover_inner\">\n                        \n                        \n                        \n                                                    <p class=\"sby_caption\" ><\/p>\n                        \n                                                    <p class=\"sby_stats\" >\n                                <span class=\"sby_likes\" >\n                                                                    <span class=\"sby_like_count\">2<\/span>\n                                <\/span>\n                                <span class=\"sby_comments\" >\n                                                                        <span class=\"sby_comment_count\">0<\/span>\n                                <\/span>\n                            <\/p>\n                                            <\/div>\n                <\/div>\n\n                <span class=\"sby-screenreader\">YouTube Video UEx0Q0tvVE9zX3RkcUJxN2FWTEllSnlkZ0kwZ08tc1NjUC4yMDhBMkNBNjRDMjQxQTg1<\/span>\n                                    <div class=\"sby_play_btn\" >\n                        <span class=\"sby_play_btn_bg\"><\/span>\n                    <svg aria-hidden=\"true\" focusable=\"false\" data-prefix=\"fab\" data-icon=\"youtube\" role=\"img\" xmlns=\"http:\/\/www.w3.org\/2000\/svg\" viewBox=\"0 0 576 512\" class=\"svg-inline--fa fa-youtube fa-w-18\"><path fill=\"currentColor\" d=\"M549.655 124.083c-6.281-23.65-24.787-42.276-48.284-48.597C458.781 64 288 64 288 64S117.22 64 74.629 75.486c-23.497 6.322-42.003 24.947-48.284 48.597-11.412 42.867-11.412 132.305-11.412 132.305s0 89.438 11.412 132.305c6.281 23.65 24.787 41.5 48.284 47.821C117.22 448 288 448 288 448s170.78 0 213.371-11.486c23.497-6.321 42.003-24.171 48.284-47.821 11.412-42.867 11.412-132.305 11.412-132.305s0-89.438-11.412-132.305zm-317.51 213.508V175.185l142.739 81.205-142.739 81.201z\" class=\"\"><\/path><\/svg>                    <\/div>\n                                <span class=\"sby_loader sby_hidden\" style=\"background-color: rgb(255, 255, 255);\"><\/span>\n            <\/a>\n\n            \n        <\/div>\n\n        \n<div class=\"sby_info sby_info_item\">\n\t<div class=\"sby-video-info-bottom\">\n\t\t<div class=\"sby-video-info\">\n\t\t\t\t\t\t\t<p class=\"sby_video_title_wrap\" >\n\t\t\t\t\t<span class=\"sby_video_title\">Como lidar com a viol\u00eancia nas escolas?<\/span>\n\t\t\t\t<\/p>\n\t\t\t\n\t\t\t\n\t\t\t\n\t\t\t\n\t\t\t\t\t<\/div>\n\n\t\t\t\t\t\t\t\t<\/div>\n<\/div>    <\/div>\n<\/div>    <\/div>\n    \n\t<div class=\"sby_footer\">\n\n\n<\/div>\n    <div class=\"sby_cta_items_wraps sby_cta_wrap\">\n\t<div class=\"sby_cta_inner_wrap\">\n\n\t<\/div>\n<\/div>\n\n\t\n<\/div>\n\n\t<style type=\"text\/css\">\n\t\t\t\tbody #sb_youtube_sbyPLtCKogOsScP21.sb_youtube.sby_palette_custom .sby_video_title{\n\t\t\tcolor: #cb8ab5;\n\t\t}\n    \t\t\t\t    <\/style>\n\t<style type=\"text\/css\">body #sb_youtube_sbyPLtCKogOsScP21 .sby_caption_wrap .sby_caption { font-size: 13px !important}body #sb_youtube_sbyPLtCKogOsScP21 .sby_follow_btn a:hover { box-shadow:inset 0 0 10px 20px rgb(255, 255, 255, .25) !important}body #sb_youtube_sbyPLtCKogOsScP21[data-videostyle=boxed] .sby_items_wrap .sby_item .sby_inner_item { background-color: #ffffff !important}<\/style>Live\n\n<div id=\"sb_youtube_sbyPLtCKorRBMbOI21\" \n\t class=\"sb_youtube sby_layout_carousel sby_col_3 sby_mob_col_1 sby_palette_custom  sby_width_resp\" \n\tdata-feedid=\"sby_PLtCKorRBMbOI#21\" \n\tdata-shortcode-atts=\"{&quot;feed&quot;:&quot;3&quot;}\" \n\tdata-cols=\"3\" \n\tdata-colsmobile=\"1\" \n\tdata-num=\"21\" \n\tdata-nummobile=\"21\" \n\t\tdata-subscribe-btn=\"1\" \n\tdata-subscribe-btn-text=\"Subscribe\" \n\tdata_channel_header_colors =\"{&quot;channelName&quot;:&quot;&quot;,&quot;subscribeCount&quot;:&quot;&quot;,&quot;buttonBackground&quot;:&quot;&quot;,&quot;buttonText&quot;:&quot;&quot;}\"\n\t data-options=\"{&quot;carousel&quot;:[true,false,false,false,true,1],&quot;cta&quot;:{&quot;type&quot;:&quot;related&quot;,&quot;defaultPosts&quot;:[],&quot;defaultLink&quot;:&quot;&quot;,&quot;defaultText&quot;:&quot;Learn More&quot;,&quot;openType&quot;:&quot;same&quot;,&quot;color&quot;:&quot;&quot;,&quot;textColor&quot;:&quot;&quot;},&quot;descriptionlength&quot;:150}\" data-sby-flags=\"resizeDisable,gdpr\" data-postid=\"5918\" data-sby-supports-lightbox=\"1\" \n\t data-videocardlayout=\"vertical\" \n>\n\t        <div class=\"sby_items_wrap\" style=\"padding: 5px;\">\n\t\t<div class=\"sby_item  sby_new sby_transition\" id=\"sby_UEx0Q0tvVE9zX3RkbzBKd1RrdXlxSTRhYU1MclJCTWJPSS41NkI0NEY2RDEwNTU3Q0M2\" data-date=\"1605118288\" data-video-id=\"09HDz3CDVso\" data-video-title=\"Pensando preventivaMENTE: Drogas na escola\" data-live-date=\"0\" data-channel-id=\"UCVzDV6uqfZIxgHZvgeMlCyg\" >\n    <div class=\"sby_inner_item\">\n        <div class=\"sby_video_thumbnail_wrap sby_item_video_thumbnail_wrap\">\n            <a class=\"sby_video_thumbnail sby_item_video_thumbnail\" style=\"background-image:url(https:\/\/www.amesuamente.org.br\/en\/wp-content\/plugins\/youtube-feed-pro\/img\/placeholder.png)\" href=\"https:\/\/www.youtube.com\/watch?v=09HDz3CDVso\" target=\"_blank\" rel=\"noopener\" data-full-res=\"https:\/\/i.ytimg.com\/vi\/09HDz3CDVso\/maxresdefault.jpg\" data-img-src-set=\"{&quot;120&quot;:&quot;https:\\\/\\\/i.ytimg.com\\\/vi\\\/09HDz3CDVso\\\/default.jpg&quot;,&quot;320&quot;:&quot;https:\\\/\\\/i.ytimg.com\\\/vi\\\/09HDz3CDVso\\\/mqdefault.jpg&quot;,&quot;480&quot;:&quot;https:\\\/\\\/i.ytimg.com\\\/vi\\\/09HDz3CDVso\\\/hqdefault.jpg&quot;,&quot;640&quot;:&quot;https:\\\/\\\/i.ytimg.com\\\/vi\\\/09HDz3CDVso\\\/sddefault.jpg&quot;}\" data-video-id=\"09HDz3CDVso\"  data-user=\"Instituto Ame Sua Mente\" data-url=\"https:\/\/www.youtube.com\/watch?v=09HDz3CDVso\" data-avatar=\"\" data-title=\"Convidadas:&lt;br \/&gt;\nAna Paula Dias&lt;br \/&gt;\nJuliana Yurgel Valente&lt;br \/&gt;\nMedia\u00e7\u00e3o:&lt;br \/&gt;\nClarice Madruga&lt;br \/&gt;\n&lt;br \/&gt;\n---------------&lt;br \/&gt;\n&lt;br \/&gt;\nSite do previna: https:\/\/www.previna.info\/\" data-video-title=\"Pensando preventivaMENTE: Drogas na escola\" data-channel-id=\"UCVzDV6uqfZIxgHZvgeMlCyg\" data-views=\"343 views\" data-published-date=\"1605118288\" data-formatted-published-date=\"11 de November de 2020 15:11\" data-comment-count=\"2\">\n                <img decoding=\"async\" src=\"https:\/\/www.amesuamente.org.br\/en\/wp-content\/plugins\/youtube-feed-pro\/img\/placeholder.png\" alt=\"Convidadas:\nAna Paula Dias\nJuliana Yurgel Valente\nMedia\u00e7\u00e3o:\nClarice Madruga\n\n---------------\n\nSite do previna: https:\/\/www.previna.info\/\">\n                \n                <div class=\"sby_thumbnail_hover sby_item_video_thumbnail_hover\">\n                    <div class=\"sby_thumbnail_hover_inner\">\n                        \n                        \n                        \n                                                    <p class=\"sby_caption\" >Convidadas:<br>\nAna Paula Dias<br>\nJuliana Yurgel Valente<br>\nMedia\u00e7\u00e3o:<br>\nClarice Madruga<br>\n<br>\n---------------<br>\n<br>\nSite do previna: https:\/\/www.previna.info\/<\/p>\n                        \n                                                    <p class=\"sby_stats\" >\n                                <span class=\"sby_likes\" >\n                                                                    <span class=\"sby_like_count\">27<\/span>\n                                <\/span>\n                                <span class=\"sby_comments\" >\n                                                                        <span class=\"sby_comment_count\">2<\/span>\n                                <\/span>\n                            <\/p>\n                                            <\/div>\n                <\/div>\n\n                <span class=\"sby-screenreader\">YouTube Video UEx0Q0tvVE9zX3RkbzBKd1RrdXlxSTRhYU1MclJCTWJPSS41NkI0NEY2RDEwNTU3Q0M2<\/span>\n                                    <div class=\"sby_play_btn\" >\n                        <span class=\"sby_play_btn_bg\"><\/span>\n                    <svg aria-hidden=\"true\" focusable=\"false\" data-prefix=\"fab\" data-icon=\"youtube\" role=\"img\" xmlns=\"http:\/\/www.w3.org\/2000\/svg\" viewBox=\"0 0 576 512\" class=\"svg-inline--fa fa-youtube fa-w-18\"><path fill=\"currentColor\" d=\"M549.655 124.083c-6.281-23.65-24.787-42.276-48.284-48.597C458.781 64 288 64 288 64S117.22 64 74.629 75.486c-23.497 6.322-42.003 24.947-48.284 48.597-11.412 42.867-11.412 132.305-11.412 132.305s0 89.438 11.412 132.305c6.281 23.65 24.787 41.5 48.284 47.821C117.22 448 288 448 288 448s170.78 0 213.371-11.486c23.497-6.321 42.003-24.171 48.284-47.821 11.412-42.867 11.412-132.305 11.412-132.305s0-89.438-11.412-132.305zm-317.51 213.508V175.185l142.739 81.205-142.739 81.201z\" class=\"\"><\/path><\/svg>                    <\/div>\n                                <span class=\"sby_loader sby_hidden\" style=\"background-color: rgb(255, 255, 255);\"><\/span>\n            <\/a>\n\n            \n        <\/div>\n\n        \n<div class=\"sby_info sby_info_item\">\n\t<div class=\"sby-video-info-bottom\">\n\t\t<div class=\"sby-video-info\">\n\t\t\t\t\t\t\t<p class=\"sby_video_title_wrap\" >\n\t\t\t\t\t<span class=\"sby_video_title\">Pensando preventivaMENTE: Drogas na escola<\/span>\n\t\t\t\t<\/p>\n\t\t\t\n\t\t\t\n\t\t\t\n\t\t\t\n\t\t\t\t\t<\/div>\n\n\t\t\t\t\t\t\t\t<\/div>\n<\/div>    <\/div>\n<\/div><div class=\"sby_item  sby_new sby_transition\" id=\"sby_UEx0Q0tvVE9zX3RkbzBKd1RrdXlxSTRhYU1MclJCTWJPSS4yODlGNEE0NkRGMEEzMEQy\" data-date=\"1600366198\" data-video-id=\"1rxFAhYNrP8\" data-video-title=\"Como a escola pode ser um espa\u00e7o promotor de sa\u00fade mental?\" data-live-date=\"0\" data-channel-id=\"UCVzDV6uqfZIxgHZvgeMlCyg\" >\n    <div class=\"sby_inner_item\">\n        <div class=\"sby_video_thumbnail_wrap sby_item_video_thumbnail_wrap\">\n            <a class=\"sby_video_thumbnail sby_item_video_thumbnail\" style=\"background-image:url(https:\/\/www.amesuamente.org.br\/en\/wp-content\/plugins\/youtube-feed-pro\/img\/placeholder.png)\" href=\"https:\/\/www.youtube.com\/watch?v=1rxFAhYNrP8\" target=\"_blank\" rel=\"noopener\" data-full-res=\"https:\/\/i.ytimg.com\/vi\/1rxFAhYNrP8\/maxresdefault.jpg\" data-img-src-set=\"{&quot;120&quot;:&quot;https:\\\/\\\/i.ytimg.com\\\/vi\\\/1rxFAhYNrP8\\\/default.jpg&quot;,&quot;320&quot;:&quot;https:\\\/\\\/i.ytimg.com\\\/vi\\\/1rxFAhYNrP8\\\/mqdefault.jpg&quot;,&quot;480&quot;:&quot;https:\\\/\\\/i.ytimg.com\\\/vi\\\/1rxFAhYNrP8\\\/hqdefault.jpg&quot;,&quot;640&quot;:&quot;https:\\\/\\\/i.ytimg.com\\\/vi\\\/1rxFAhYNrP8\\\/sddefault.jpg&quot;}\" data-video-id=\"1rxFAhYNrP8\"  data-user=\"Instituto Ame Sua Mente\" data-url=\"https:\/\/www.youtube.com\/watch?v=1rxFAhYNrP8\" data-avatar=\"\" data-title=\"Pensando PreventivaMENTE&lt;br \/&gt;\nCom Patricia Manzolli (Psiquiatra da inf\u00e2ncia e adolesc\u00eancia)  e Juliana Fleury ( CEO Associa\u00e7\u00e3o pela Sa\u00fade Emocional de Crian\u00e7as  - ASEC)&lt;br \/&gt;\nMedia\u00e7\u00e3o de Clarice Madruga (Psic\u00f3loga, Pesquisadora e membra do IASM) &lt;br \/&gt;\ndia 17\/09 as 14h\" data-video-title=\"Como a escola pode ser um espa\u00e7o promotor de sa\u00fade mental?\" data-channel-id=\"UCVzDV6uqfZIxgHZvgeMlCyg\" data-views=\"2.5K views\" data-published-date=\"1600366198\" data-formatted-published-date=\"17 de September de 2020 15:09\" data-comment-count=\"8\">\n                <img decoding=\"async\" src=\"https:\/\/www.amesuamente.org.br\/en\/wp-content\/plugins\/youtube-feed-pro\/img\/placeholder.png\" alt=\"Pensando PreventivaMENTE\nCom Patricia Manzolli (Psiquiatra da inf\u00e2ncia e adolesc\u00eancia)  e Juliana Fleury ( CEO Associa\u00e7\u00e3o pela Sa\u00fade Emocional de Crian\u00e7as  - ASEC)\nMedia\u00e7\u00e3o de Clarice Madruga (Psic\u00f3loga, Pesquisadora e membra do IASM) \ndia 17\/09 as 14h\">\n                \n                <div class=\"sby_thumbnail_hover sby_item_video_thumbnail_hover\">\n                    <div class=\"sby_thumbnail_hover_inner\">\n                        \n                        \n                        \n                                                    <p class=\"sby_caption\" >Pensando PreventivaMENTE<br>\nCom Patricia Manzolli (Psiquiatra da inf\u00e2ncia e adolesc\u00eancia)  e Juliana Fleury ( CEO Associa\u00e7\u00e3o pela Sa\u00fade Emocional de Crian\u00e7as  - ASEC)<br>\nMedia\u00e7\u00e3o de Clarice Madruga (Psic\u00f3loga, Pesquisadora e membra do IASM) <br>\ndia 17\/09 as 14h<\/p>\n                        \n                                                    <p class=\"sby_stats\" >\n                                <span class=\"sby_likes\" >\n                                                                    <span class=\"sby_like_count\">130<\/span>\n                                <\/span>\n                                <span class=\"sby_comments\" >\n                                                                        <span class=\"sby_comment_count\">8<\/span>\n                                <\/span>\n                            <\/p>\n                                            <\/div>\n                <\/div>\n\n                <span class=\"sby-screenreader\">YouTube Video UEx0Q0tvVE9zX3RkbzBKd1RrdXlxSTRhYU1MclJCTWJPSS4yODlGNEE0NkRGMEEzMEQy<\/span>\n                                    <div class=\"sby_play_btn\" >\n                        <span class=\"sby_play_btn_bg\"><\/span>\n                    <svg aria-hidden=\"true\" focusable=\"false\" data-prefix=\"fab\" data-icon=\"youtube\" role=\"img\" xmlns=\"http:\/\/www.w3.org\/2000\/svg\" viewBox=\"0 0 576 512\" class=\"svg-inline--fa fa-youtube fa-w-18\"><path fill=\"currentColor\" d=\"M549.655 124.083c-6.281-23.65-24.787-42.276-48.284-48.597C458.781 64 288 64 288 64S117.22 64 74.629 75.486c-23.497 6.322-42.003 24.947-48.284 48.597-11.412 42.867-11.412 132.305-11.412 132.305s0 89.438 11.412 132.305c6.281 23.65 24.787 41.5 48.284 47.821C117.22 448 288 448 288 448s170.78 0 213.371-11.486c23.497-6.321 42.003-24.171 48.284-47.821 11.412-42.867 11.412-132.305 11.412-132.305s0-89.438-11.412-132.305zm-317.51 213.508V175.185l142.739 81.205-142.739 81.201z\" class=\"\"><\/path><\/svg>                    <\/div>\n                                <span class=\"sby_loader sby_hidden\" style=\"background-color: rgb(255, 255, 255);\"><\/span>\n            <\/a>\n\n            \n        <\/div>\n\n        \n<div class=\"sby_info sby_info_item\">\n\t<div class=\"sby-video-info-bottom\">\n\t\t<div class=\"sby-video-info\">\n\t\t\t\t\t\t\t<p class=\"sby_video_title_wrap\" >\n\t\t\t\t\t<span class=\"sby_video_title\">Como a escola pode ser um espa\u00e7o promotor de sa\u00fade mental?<\/span>\n\t\t\t\t<\/p>\n\t\t\t\n\t\t\t\n\t\t\t\n\t\t\t\n\t\t\t\t\t<\/div>\n\n\t\t\t\t\t\t\t\t<\/div>\n<\/div>    <\/div>\n<\/div><div class=\"sby_item  sby_new sby_transition\" id=\"sby_UEx0Q0tvVE9zX3RkbzBKd1RrdXlxSTRhYU1MclJCTWJPSS4wOTA3OTZBNzVEMTUzOTMy\" data-date=\"1603822000\" data-video-id=\"9D37BZis7Sg\" data-video-title=\"Estilos parentais: aspectos emocionais e comportamentais na rela\u00e7\u00e3o pais e filhos\" data-live-date=\"0\" data-channel-id=\"UCVzDV6uqfZIxgHZvgeMlCyg\" >\n    <div class=\"sby_inner_item\">\n        <div class=\"sby_video_thumbnail_wrap sby_item_video_thumbnail_wrap\">\n            <a class=\"sby_video_thumbnail sby_item_video_thumbnail\" style=\"background-image:url(https:\/\/www.amesuamente.org.br\/en\/wp-content\/plugins\/youtube-feed-pro\/img\/placeholder.png)\" href=\"https:\/\/www.youtube.com\/watch?v=9D37BZis7Sg\" target=\"_blank\" rel=\"noopener\" data-full-res=\"https:\/\/i.ytimg.com\/vi\/9D37BZis7Sg\/maxresdefault.jpg\" data-img-src-set=\"{&quot;120&quot;:&quot;https:\\\/\\\/i.ytimg.com\\\/vi\\\/9D37BZis7Sg\\\/default.jpg&quot;,&quot;320&quot;:&quot;https:\\\/\\\/i.ytimg.com\\\/vi\\\/9D37BZis7Sg\\\/mqdefault.jpg&quot;,&quot;480&quot;:&quot;https:\\\/\\\/i.ytimg.com\\\/vi\\\/9D37BZis7Sg\\\/hqdefault.jpg&quot;,&quot;640&quot;:&quot;https:\\\/\\\/i.ytimg.com\\\/vi\\\/9D37BZis7Sg\\\/sddefault.jpg&quot;}\" data-video-id=\"9D37BZis7Sg\"  data-user=\"Instituto Ame Sua Mente\" data-url=\"https:\/\/www.youtube.com\/watch?v=9D37BZis7Sg\" data-avatar=\"\" data-title=\"Convidada: Viviane Rocha (Psic\u00f3loga cl\u00ednica. Terapeuta de adultos e casais. Atuou como supervisora em programas de preven\u00e7\u00e3o em sa\u00fade mental do Governo Federal voltados a fam\u00edlias. \u00c9 pesquisadora do mesmo na Universidade de Bras\u00edlia.)&lt;br \/&gt;\n&lt;br \/&gt;\nMedia\u00e7\u00e3o de Clarice Madruga (Psic\u00f3loga, Pesquisadora e membra do IASM)\" data-video-title=\"Estilos parentais: aspectos emocionais e comportamentais na rela\u00e7\u00e3o pais e filhos\" data-channel-id=\"UCVzDV6uqfZIxgHZvgeMlCyg\" data-views=\"1.6K views\" data-published-date=\"1603822000\" data-formatted-published-date=\"27 de October de 2020 15:06\" data-comment-count=\"4\">\n                <img decoding=\"async\" src=\"https:\/\/www.amesuamente.org.br\/en\/wp-content\/plugins\/youtube-feed-pro\/img\/placeholder.png\" alt=\"Convidada: Viviane Rocha (Psic\u00f3loga cl\u00ednica. Terapeuta de adultos e casais. Atuou como supervisora em programas de preven\u00e7\u00e3o em sa\u00fade mental do Governo Federal voltados a fam\u00edlias. \u00c9 pesquisadora do mesmo na Universidade de Bras\u00edlia.)\n\nMedia\u00e7\u00e3o de Clarice Madruga (Psic\u00f3loga, Pesquisadora e membra do IASM)\">\n                \n                <div class=\"sby_thumbnail_hover sby_item_video_thumbnail_hover\">\n                    <div class=\"sby_thumbnail_hover_inner\">\n                        \n                        \n                        \n                                                    <p class=\"sby_caption\" >Convidada: Viviane Rocha (Psic\u00f3loga cl\u00ednica. Terapeuta de adultos e casais. Atuou como supervisora em programas de preven\u00e7\u00e3o em sa\u00fade mental do Governo Federal voltados a fam\u00edlias. \u00c9 pesquisadora do mesmo na Universidade de Bras\u00edlia.)<br>\n<br>\nMedia\u00e7\u00e3o de Clarice Madruga (Psic\u00f3loga, Pesquisadora e membra do IASM)<\/p>\n                        \n                                                    <p class=\"sby_stats\" >\n                                <span class=\"sby_likes\" >\n                                                                    <span class=\"sby_like_count\">131<\/span>\n                                <\/span>\n                                <span class=\"sby_comments\" >\n                                                                        <span class=\"sby_comment_count\">4<\/span>\n                                <\/span>\n                            <\/p>\n                                            <\/div>\n                <\/div>\n\n                <span class=\"sby-screenreader\">YouTube Video UEx0Q0tvVE9zX3RkbzBKd1RrdXlxSTRhYU1MclJCTWJPSS4wOTA3OTZBNzVEMTUzOTMy<\/span>\n                                    <div class=\"sby_play_btn\" >\n                        <span class=\"sby_play_btn_bg\"><\/span>\n                    <svg aria-hidden=\"true\" focusable=\"false\" data-prefix=\"fab\" data-icon=\"youtube\" role=\"img\" xmlns=\"http:\/\/www.w3.org\/2000\/svg\" viewBox=\"0 0 576 512\" class=\"svg-inline--fa fa-youtube fa-w-18\"><path fill=\"currentColor\" d=\"M549.655 124.083c-6.281-23.65-24.787-42.276-48.284-48.597C458.781 64 288 64 288 64S117.22 64 74.629 75.486c-23.497 6.322-42.003 24.947-48.284 48.597-11.412 42.867-11.412 132.305-11.412 132.305s0 89.438 11.412 132.305c6.281 23.65 24.787 41.5 48.284 47.821C117.22 448 288 448 288 448s170.78 0 213.371-11.486c23.497-6.321 42.003-24.171 48.284-47.821 11.412-42.867 11.412-132.305 11.412-132.305s0-89.438-11.412-132.305zm-317.51 213.508V175.185l142.739 81.205-142.739 81.201z\" class=\"\"><\/path><\/svg>                    <\/div>\n                                <span class=\"sby_loader sby_hidden\" style=\"background-color: rgb(255, 255, 255);\"><\/span>\n            <\/a>\n\n            \n        <\/div>\n\n        \n<div class=\"sby_info sby_info_item\">\n\t<div class=\"sby-video-info-bottom\">\n\t\t<div class=\"sby-video-info\">\n\t\t\t\t\t\t\t<p class=\"sby_video_title_wrap\" >\n\t\t\t\t\t<span class=\"sby_video_title\">Estilos parentais: aspectos emocionais e comportamentais na rela\u00e7\u00e3o pais e filhos<\/span>\n\t\t\t\t<\/p>\n\t\t\t\n\t\t\t\n\t\t\t\n\t\t\t\n\t\t\t\t\t<\/div>\n\n\t\t\t\t\t\t\t\t<\/div>\n<\/div>    <\/div>\n<\/div><div class=\"sby_item  sby_new sby_transition\" id=\"sby_UEx0Q0tvVE9zX3RkbzBKd1RrdXlxSTRhYU1MclJCTWJPSS5EMEEwRUY5M0RDRTU3NDJC\" data-date=\"1596650995\" data-video-id=\"dx_hirpyAX0\" data-video-title=\"Sa\u00fade Mental na volta \u00e1s aulas presenciais\" data-live-date=\"0\" data-channel-id=\"UCVzDV6uqfZIxgHZvgeMlCyg\" >\n    <div class=\"sby_inner_item\">\n        <div class=\"sby_video_thumbnail_wrap sby_item_video_thumbnail_wrap\">\n            <a class=\"sby_video_thumbnail sby_item_video_thumbnail\" style=\"background-image:url(https:\/\/www.amesuamente.org.br\/en\/wp-content\/plugins\/youtube-feed-pro\/img\/placeholder.png)\" href=\"https:\/\/www.youtube.com\/watch?v=dx_hirpyAX0\" target=\"_blank\" rel=\"noopener\" data-full-res=\"https:\/\/i.ytimg.com\/vi\/dx_hirpyAX0\/maxresdefault.jpg\" data-img-src-set=\"{&quot;120&quot;:&quot;https:\\\/\\\/i.ytimg.com\\\/vi\\\/dx_hirpyAX0\\\/default.jpg&quot;,&quot;320&quot;:&quot;https:\\\/\\\/i.ytimg.com\\\/vi\\\/dx_hirpyAX0\\\/mqdefault.jpg&quot;,&quot;480&quot;:&quot;https:\\\/\\\/i.ytimg.com\\\/vi\\\/dx_hirpyAX0\\\/hqdefault.jpg&quot;,&quot;640&quot;:&quot;https:\\\/\\\/i.ytimg.com\\\/vi\\\/dx_hirpyAX0\\\/sddefault.jpg&quot;}\" data-video-id=\"dx_hirpyAX0\"  data-user=\"Instituto Ame Sua Mente\" data-url=\"https:\/\/www.youtube.com\/watch?v=dx_hirpyAX0\" data-avatar=\"\" data-title=\"\" data-video-title=\"Sa\u00fade Mental na volta \u00e1s aulas presenciais\" data-channel-id=\"UCVzDV6uqfZIxgHZvgeMlCyg\" data-views=\"1.4K views\" data-published-date=\"1596650995\" data-formatted-published-date=\"5 de August de 2020 15:09\" data-comment-count=\"6\">\n                <img decoding=\"async\" src=\"https:\/\/www.amesuamente.org.br\/en\/wp-content\/plugins\/youtube-feed-pro\/img\/placeholder.png\" alt=\"\">\n                \n                <div class=\"sby_thumbnail_hover sby_item_video_thumbnail_hover\">\n                    <div class=\"sby_thumbnail_hover_inner\">\n                        \n                        \n                        \n                                                    <p class=\"sby_caption\" ><\/p>\n                        \n                                                    <p class=\"sby_stats\" >\n                                <span class=\"sby_likes\" >\n                                                                    <span class=\"sby_like_count\">117<\/span>\n                                <\/span>\n                                <span class=\"sby_comments\" >\n                                                                        <span class=\"sby_comment_count\">6<\/span>\n                                <\/span>\n                            <\/p>\n                                            <\/div>\n                <\/div>\n\n                <span class=\"sby-screenreader\">YouTube Video UEx0Q0tvVE9zX3RkbzBKd1RrdXlxSTRhYU1MclJCTWJPSS5EMEEwRUY5M0RDRTU3NDJC<\/span>\n                                    <div class=\"sby_play_btn\" >\n                        <span class=\"sby_play_btn_bg\"><\/span>\n                    <svg aria-hidden=\"true\" focusable=\"false\" data-prefix=\"fab\" data-icon=\"youtube\" role=\"img\" xmlns=\"http:\/\/www.w3.org\/2000\/svg\" viewBox=\"0 0 576 512\" class=\"svg-inline--fa fa-youtube fa-w-18\"><path fill=\"currentColor\" d=\"M549.655 124.083c-6.281-23.65-24.787-42.276-48.284-48.597C458.781 64 288 64 288 64S117.22 64 74.629 75.486c-23.497 6.322-42.003 24.947-48.284 48.597-11.412 42.867-11.412 132.305-11.412 132.305s0 89.438 11.412 132.305c6.281 23.65 24.787 41.5 48.284 47.821C117.22 448 288 448 288 448s170.78 0 213.371-11.486c23.497-6.321 42.003-24.171 48.284-47.821 11.412-42.867 11.412-132.305 11.412-132.305s0-89.438-11.412-132.305zm-317.51 213.508V175.185l142.739 81.205-142.739 81.201z\" class=\"\"><\/path><\/svg>                    <\/div>\n                                <span class=\"sby_loader sby_hidden\" style=\"background-color: rgb(255, 255, 255);\"><\/span>\n            <\/a>\n\n            \n        <\/div>\n\n        \n<div class=\"sby_info sby_info_item\">\n\t<div class=\"sby-video-info-bottom\">\n\t\t<div class=\"sby-video-info\">\n\t\t\t\t\t\t\t<p class=\"sby_video_title_wrap\" >\n\t\t\t\t\t<span class=\"sby_video_title\">Sa\u00fade Mental na volta \u00e1s aulas presenciais<\/span>\n\t\t\t\t<\/p>\n\t\t\t\n\t\t\t\n\t\t\t\n\t\t\t\n\t\t\t\t\t<\/div>\n\n\t\t\t\t\t\t\t\t<\/div>\n<\/div>    <\/div>\n<\/div><div class=\"sby_item  sby_new sby_transition\" id=\"sby_UEx0Q0tvVE9zX3RkbzBKd1RrdXlxSTRhYU1MclJCTWJPSS45ODRDNTg0QjA4NkFBNkQy\" data-date=\"1635205042\" data-video-id=\"jtweAq93Y84\" data-video-title=\"Descomplicando a sa\u00fade mental na fam\u00edlia\" data-live-date=\"0\" data-channel-id=\"UCVzDV6uqfZIxgHZvgeMlCyg\" >\n    <div class=\"sby_inner_item\">\n        <div class=\"sby_video_thumbnail_wrap sby_item_video_thumbnail_wrap\">\n            <a class=\"sby_video_thumbnail sby_item_video_thumbnail\" style=\"background-image:url(https:\/\/www.amesuamente.org.br\/en\/wp-content\/plugins\/youtube-feed-pro\/img\/placeholder.png)\" href=\"https:\/\/www.youtube.com\/watch?v=jtweAq93Y84\" target=\"_blank\" rel=\"noopener\" data-full-res=\"https:\/\/i.ytimg.com\/vi\/jtweAq93Y84\/maxresdefault.jpg\" data-img-src-set=\"{&quot;120&quot;:&quot;https:\\\/\\\/i.ytimg.com\\\/vi\\\/jtweAq93Y84\\\/default.jpg&quot;,&quot;320&quot;:&quot;https:\\\/\\\/i.ytimg.com\\\/vi\\\/jtweAq93Y84\\\/mqdefault.jpg&quot;,&quot;480&quot;:&quot;https:\\\/\\\/i.ytimg.com\\\/vi\\\/jtweAq93Y84\\\/hqdefault.jpg&quot;,&quot;640&quot;:&quot;https:\\\/\\\/i.ytimg.com\\\/vi\\\/jtweAq93Y84\\\/sddefault.jpg&quot;}\" data-video-id=\"jtweAq93Y84\"  data-user=\"Instituto Ame Sua Mente\" data-url=\"https:\/\/www.youtube.com\/watch?v=jtweAq93Y84\" data-avatar=\"\" data-title=\"Palestra sobre sa\u00fade mental na fam\u00edlia, especialmente para pais, m\u00e3es e respons\u00e1veis.\" data-video-title=\"Descomplicando a sa\u00fade mental na fam\u00edlia\" data-channel-id=\"UCVzDV6uqfZIxgHZvgeMlCyg\" data-views=\"628 views\" data-published-date=\"1635205042\" data-formatted-published-date=\"25 de October de 2021 20:37\" data-comment-count=\"2\">\n                <img decoding=\"async\" src=\"https:\/\/www.amesuamente.org.br\/en\/wp-content\/plugins\/youtube-feed-pro\/img\/placeholder.png\" alt=\"Palestra sobre sa\u00fade mental na fam\u00edlia, especialmente para pais, m\u00e3es e respons\u00e1veis.\">\n                \n                <div class=\"sby_thumbnail_hover sby_item_video_thumbnail_hover\">\n                    <div class=\"sby_thumbnail_hover_inner\">\n                        \n                        \n                        \n                                                    <p class=\"sby_caption\" >Palestra sobre sa\u00fade mental na fam\u00edlia, especialmente para pais, m\u00e3es e respons\u00e1veis.<\/p>\n                        \n                                                    <p class=\"sby_stats\" >\n                                <span class=\"sby_likes\" >\n                                                                    <span class=\"sby_like_count\">79<\/span>\n                                <\/span>\n                                <span class=\"sby_comments\" >\n                                                                        <span class=\"sby_comment_count\">2<\/span>\n                                <\/span>\n                            <\/p>\n                                            <\/div>\n                <\/div>\n\n                <span class=\"sby-screenreader\">YouTube Video UEx0Q0tvVE9zX3RkbzBKd1RrdXlxSTRhYU1MclJCTWJPSS45ODRDNTg0QjA4NkFBNkQy<\/span>\n                                    <div class=\"sby_play_btn\" >\n                        <span class=\"sby_play_btn_bg\"><\/span>\n                    <svg aria-hidden=\"true\" focusable=\"false\" data-prefix=\"fab\" data-icon=\"youtube\" role=\"img\" xmlns=\"http:\/\/www.w3.org\/2000\/svg\" viewBox=\"0 0 576 512\" class=\"svg-inline--fa fa-youtube fa-w-18\"><path fill=\"currentColor\" d=\"M549.655 124.083c-6.281-23.65-24.787-42.276-48.284-48.597C458.781 64 288 64 288 64S117.22 64 74.629 75.486c-23.497 6.322-42.003 24.947-48.284 48.597-11.412 42.867-11.412 132.305-11.412 132.305s0 89.438 11.412 132.305c6.281 23.65 24.787 41.5 48.284 47.821C117.22 448 288 448 288 448s170.78 0 213.371-11.486c23.497-6.321 42.003-24.171 48.284-47.821 11.412-42.867 11.412-132.305 11.412-132.305s0-89.438-11.412-132.305zm-317.51 213.508V175.185l142.739 81.205-142.739 81.201z\" class=\"\"><\/path><\/svg>                    <\/div>\n                                <span class=\"sby_loader sby_hidden\" style=\"background-color: rgb(255, 255, 255);\"><\/span>\n            <\/a>\n\n            \n        <\/div>\n\n        \n<div class=\"sby_info sby_info_item\">\n\t<div class=\"sby-video-info-bottom\">\n\t\t<div class=\"sby-video-info\">\n\t\t\t\t\t\t\t<p class=\"sby_video_title_wrap\" >\n\t\t\t\t\t<span class=\"sby_video_title\">Descomplicando a sa\u00fade mental na fam\u00edlia<\/span>\n\t\t\t\t<\/p>\n\t\t\t\n\t\t\t\n\t\t\t\n\t\t\t\n\t\t\t\t\t<\/div>\n\n\t\t\t\t\t\t\t\t<\/div>\n<\/div>    <\/div>\n<\/div><div class=\"sby_item  sby_new sby_transition\" id=\"sby_UEx0Q0tvVE9zX3RkbzBKd1RrdXlxSTRhYU1MclJCTWJPSS4zMDg5MkQ5MEVDMEM1NTg2\" data-date=\"1602698669\" data-video-id=\"jxUFWyv7yQY\" data-video-title=\"Luto no contexto escolar\" data-live-date=\"0\" data-channel-id=\"UCVzDV6uqfZIxgHZvgeMlCyg\" >\n    <div class=\"sby_inner_item\">\n        <div class=\"sby_video_thumbnail_wrap sby_item_video_thumbnail_wrap\">\n            <a class=\"sby_video_thumbnail sby_item_video_thumbnail\" style=\"background-image:url(https:\/\/www.amesuamente.org.br\/en\/wp-content\/plugins\/youtube-feed-pro\/img\/placeholder.png)\" href=\"https:\/\/www.youtube.com\/watch?v=jxUFWyv7yQY\" target=\"_blank\" rel=\"noopener\" data-full-res=\"https:\/\/i.ytimg.com\/vi\/jxUFWyv7yQY\/maxresdefault.jpg\" data-img-src-set=\"{&quot;120&quot;:&quot;https:\\\/\\\/i.ytimg.com\\\/vi\\\/jxUFWyv7yQY\\\/default.jpg&quot;,&quot;320&quot;:&quot;https:\\\/\\\/i.ytimg.com\\\/vi\\\/jxUFWyv7yQY\\\/mqdefault.jpg&quot;,&quot;480&quot;:&quot;https:\\\/\\\/i.ytimg.com\\\/vi\\\/jxUFWyv7yQY\\\/hqdefault.jpg&quot;,&quot;640&quot;:&quot;https:\\\/\\\/i.ytimg.com\\\/vi\\\/jxUFWyv7yQY\\\/sddefault.jpg&quot;}\" data-video-id=\"jxUFWyv7yQY\"  data-user=\"Instituto Ame Sua Mente\" data-url=\"https:\/\/www.youtube.com\/watch?v=jxUFWyv7yQY\" data-avatar=\"\" data-title=\"Convidada: Ana Laura Schliemann (Psicologa clinica, doutora em Psicologia, docente dos cursos de psicologia, medicina e enfermagem da puc\/sp)&lt;br \/&gt;\n&lt;br \/&gt;\nMedia\u00e7\u00e3o de Clarice Madruga (Psic\u00f3loga, Pesquisadora e membra do IASM)\" data-video-title=\"Luto no contexto escolar\" data-channel-id=\"UCVzDV6uqfZIxgHZvgeMlCyg\" data-views=\"377 views\" data-published-date=\"1602698669\" data-formatted-published-date=\"14 de October de 2020 15:04\" data-comment-count=\"0\">\n                <img decoding=\"async\" src=\"https:\/\/www.amesuamente.org.br\/en\/wp-content\/plugins\/youtube-feed-pro\/img\/placeholder.png\" alt=\"Convidada: Ana Laura Schliemann (Psicologa clinica, doutora em Psicologia, docente dos cursos de psicologia, medicina e enfermagem da puc\/sp)\n\nMedia\u00e7\u00e3o de Clarice Madruga (Psic\u00f3loga, Pesquisadora e membra do IASM)\">\n                \n                <div class=\"sby_thumbnail_hover sby_item_video_thumbnail_hover\">\n                    <div class=\"sby_thumbnail_hover_inner\">\n                        \n                        \n                        \n                                                    <p class=\"sby_caption\" >Convidada: Ana Laura Schliemann (Psicologa clinica, doutora em Psicologia, docente dos cursos de psicologia, medicina e enfermagem da puc\/sp)<br>\n<br>\nMedia\u00e7\u00e3o de Clarice Madruga (Psic\u00f3loga, Pesquisadora e membra do IASM)<\/p>\n                        \n                                                    <p class=\"sby_stats\" >\n                                <span class=\"sby_likes\" >\n                                                                    <span class=\"sby_like_count\">25<\/span>\n                                <\/span>\n                                <span class=\"sby_comments\" >\n                                                                        <span class=\"sby_comment_count\">0<\/span>\n                                <\/span>\n                            <\/p>\n                                            <\/div>\n                <\/div>\n\n                <span class=\"sby-screenreader\">YouTube Video UEx0Q0tvVE9zX3RkbzBKd1RrdXlxSTRhYU1MclJCTWJPSS4zMDg5MkQ5MEVDMEM1NTg2<\/span>\n                                    <div class=\"sby_play_btn\" >\n                        <span class=\"sby_play_btn_bg\"><\/span>\n                    <svg aria-hidden=\"true\" focusable=\"false\" data-prefix=\"fab\" data-icon=\"youtube\" role=\"img\" xmlns=\"http:\/\/www.w3.org\/2000\/svg\" viewBox=\"0 0 576 512\" class=\"svg-inline--fa fa-youtube fa-w-18\"><path fill=\"currentColor\" d=\"M549.655 124.083c-6.281-23.65-24.787-42.276-48.284-48.597C458.781 64 288 64 288 64S117.22 64 74.629 75.486c-23.497 6.322-42.003 24.947-48.284 48.597-11.412 42.867-11.412 132.305-11.412 132.305s0 89.438 11.412 132.305c6.281 23.65 24.787 41.5 48.284 47.821C117.22 448 288 448 288 448s170.78 0 213.371-11.486c23.497-6.321 42.003-24.171 48.284-47.821 11.412-42.867 11.412-132.305 11.412-132.305s0-89.438-11.412-132.305zm-317.51 213.508V175.185l142.739 81.205-142.739 81.201z\" class=\"\"><\/path><\/svg>                    <\/div>\n                                <span class=\"sby_loader sby_hidden\" style=\"background-color: rgb(255, 255, 255);\"><\/span>\n            <\/a>\n\n            \n        <\/div>\n\n        \n<div class=\"sby_info sby_info_item\">\n\t<div class=\"sby-video-info-bottom\">\n\t\t<div class=\"sby-video-info\">\n\t\t\t\t\t\t\t<p class=\"sby_video_title_wrap\" >\n\t\t\t\t\t<span class=\"sby_video_title\">Luto no contexto escolar<\/span>\n\t\t\t\t<\/p>\n\t\t\t\n\t\t\t\n\t\t\t\n\t\t\t\n\t\t\t\t\t<\/div>\n\n\t\t\t\t\t\t\t\t<\/div>\n<\/div>    <\/div>\n<\/div><div class=\"sby_item  sby_new sby_transition\" id=\"sby_UEx0Q0tvVE9zX3RkbzBKd1RrdXlxSTRhYU1MclJCTWJPSS41Mzk2QTAxMTkzNDk4MDhF\" data-date=\"1594879694\" data-video-id=\"nLLibqffP90\" data-video-title=\"Live: Consumo de \u00e1lcool e outras drogas durante o isolamento social\" data-live-date=\"0\" data-channel-id=\"UCVzDV6uqfZIxgHZvgeMlCyg\" >\n    <div class=\"sby_inner_item\">\n        <div class=\"sby_video_thumbnail_wrap sby_item_video_thumbnail_wrap\">\n            <a class=\"sby_video_thumbnail sby_item_video_thumbnail\" style=\"background-image:url(https:\/\/www.amesuamente.org.br\/en\/wp-content\/plugins\/youtube-feed-pro\/img\/placeholder.png)\" href=\"https:\/\/www.youtube.com\/watch?v=nLLibqffP90\" target=\"_blank\" rel=\"noopener\" data-full-res=\"https:\/\/i.ytimg.com\/vi\/nLLibqffP90\/maxresdefault.jpg\" data-img-src-set=\"{&quot;120&quot;:&quot;https:\\\/\\\/i.ytimg.com\\\/vi\\\/nLLibqffP90\\\/default.jpg&quot;,&quot;320&quot;:&quot;https:\\\/\\\/i.ytimg.com\\\/vi\\\/nLLibqffP90\\\/mqdefault.jpg&quot;,&quot;480&quot;:&quot;https:\\\/\\\/i.ytimg.com\\\/vi\\\/nLLibqffP90\\\/hqdefault.jpg&quot;,&quot;640&quot;:&quot;https:\\\/\\\/i.ytimg.com\\\/vi\\\/nLLibqffP90\\\/sddefault.jpg&quot;}\" data-video-id=\"nLLibqffP90\"  data-user=\"Instituto Ame Sua Mente\" data-url=\"https:\/\/www.youtube.com\/watch?v=nLLibqffP90\" data-avatar=\"\" data-title=\"Consumo de \u00e1lcool e outras drogas durante o isolamento social: como est\u00e1 este contexto e como isso impacta os jovens\" data-video-title=\"Live: Consumo de \u00e1lcool e outras drogas durante o isolamento social\" data-channel-id=\"UCVzDV6uqfZIxgHZvgeMlCyg\" data-views=\"359 views\" data-published-date=\"1594879694\" data-formatted-published-date=\"16 de July de 2020 03:08\" data-comment-count=\"4\">\n                <img decoding=\"async\" src=\"https:\/\/www.amesuamente.org.br\/en\/wp-content\/plugins\/youtube-feed-pro\/img\/placeholder.png\" alt=\"Consumo de \u00e1lcool e outras drogas durante o isolamento social: como est\u00e1 este contexto e como isso impacta os jovens\">\n                \n                <div class=\"sby_thumbnail_hover sby_item_video_thumbnail_hover\">\n                    <div class=\"sby_thumbnail_hover_inner\">\n                        \n                        \n                        \n                                                    <p class=\"sby_caption\" >Consumo de \u00e1lcool e outras drogas durante o isolamento social: como est\u00e1 este contexto e como isso impacta os jovens<\/p>\n                        \n                                                    <p class=\"sby_stats\" >\n                                <span class=\"sby_likes\" >\n                                                                    <span class=\"sby_like_count\">31<\/span>\n                                <\/span>\n                                <span class=\"sby_comments\" >\n                                                                        <span class=\"sby_comment_count\">4<\/span>\n                                <\/span>\n                            <\/p>\n                                            <\/div>\n                <\/div>\n\n                <span class=\"sby-screenreader\">YouTube Video UEx0Q0tvVE9zX3RkbzBKd1RrdXlxSTRhYU1MclJCTWJPSS41Mzk2QTAxMTkzNDk4MDhF<\/span>\n                                    <div class=\"sby_play_btn\" >\n                        <span class=\"sby_play_btn_bg\"><\/span>\n                    <svg aria-hidden=\"true\" focusable=\"false\" data-prefix=\"fab\" data-icon=\"youtube\" role=\"img\" xmlns=\"http:\/\/www.w3.org\/2000\/svg\" viewBox=\"0 0 576 512\" class=\"svg-inline--fa fa-youtube fa-w-18\"><path fill=\"currentColor\" d=\"M549.655 124.083c-6.281-23.65-24.787-42.276-48.284-48.597C458.781 64 288 64 288 64S117.22 64 74.629 75.486c-23.497 6.322-42.003 24.947-48.284 48.597-11.412 42.867-11.412 132.305-11.412 132.305s0 89.438 11.412 132.305c6.281 23.65 24.787 41.5 48.284 47.821C117.22 448 288 448 288 448s170.78 0 213.371-11.486c23.497-6.321 42.003-24.171 48.284-47.821 11.412-42.867 11.412-132.305 11.412-132.305s0-89.438-11.412-132.305zm-317.51 213.508V175.185l142.739 81.205-142.739 81.201z\" class=\"\"><\/path><\/svg>                    <\/div>\n                                <span class=\"sby_loader sby_hidden\" style=\"background-color: rgb(255, 255, 255);\"><\/span>\n            <\/a>\n\n            \n        <\/div>\n\n        \n<div class=\"sby_info sby_info_item\">\n\t<div class=\"sby-video-info-bottom\">\n\t\t<div class=\"sby-video-info\">\n\t\t\t\t\t\t\t<p class=\"sby_video_title_wrap\" >\n\t\t\t\t\t<span class=\"sby_video_title\">Live: Consumo de \u00e1lcool e outras drogas durante o isolamento social<\/span>\n\t\t\t\t<\/p>\n\t\t\t\n\t\t\t\n\t\t\t\n\t\t\t\n\t\t\t\t\t<\/div>\n\n\t\t\t\t\t\t\t\t<\/div>\n<\/div>    <\/div>\n<\/div><div class=\"sby_item  sby_new sby_transition\" id=\"sby_UEx0Q0tvVE9zX3RkbzBKd1RrdXlxSTRhYU1MclJCTWJPSS41QTY1Q0UxMTVCODczNThE\" data-date=\"1593669877\" data-video-id=\"skt4i5sQF-4\" data-video-title=\"Live: Sa\u00fade Mental em tempos da COVID-19: Desenvolvimento de compet\u00eancias socioemocionais\" data-live-date=\"0\" data-channel-id=\"UCVzDV6uqfZIxgHZvgeMlCyg\" >\n    <div class=\"sby_inner_item\">\n        <div class=\"sby_video_thumbnail_wrap sby_item_video_thumbnail_wrap\">\n            <a class=\"sby_video_thumbnail sby_item_video_thumbnail\" style=\"background-image:url(https:\/\/www.amesuamente.org.br\/en\/wp-content\/plugins\/youtube-feed-pro\/img\/placeholder.png)\" href=\"https:\/\/www.youtube.com\/watch?v=skt4i5sQF-4\" target=\"_blank\" rel=\"noopener\" data-full-res=\"https:\/\/i.ytimg.com\/vi\/skt4i5sQF-4\/maxresdefault.jpg\" data-img-src-set=\"{&quot;120&quot;:&quot;https:\\\/\\\/i.ytimg.com\\\/vi\\\/skt4i5sQF-4\\\/default.jpg&quot;,&quot;320&quot;:&quot;https:\\\/\\\/i.ytimg.com\\\/vi\\\/skt4i5sQF-4\\\/mqdefault.jpg&quot;,&quot;480&quot;:&quot;https:\\\/\\\/i.ytimg.com\\\/vi\\\/skt4i5sQF-4\\\/hqdefault.jpg&quot;,&quot;640&quot;:&quot;https:\\\/\\\/i.ytimg.com\\\/vi\\\/skt4i5sQF-4\\\/sddefault.jpg&quot;}\" data-video-id=\"skt4i5sQF-4\"  data-user=\"Instituto Ame Sua Mente\" data-url=\"https:\/\/www.youtube.com\/watch?v=skt4i5sQF-4\" data-avatar=\"\" data-title=\"https:\/\/www.amesuamentenasescolas.org.br\/\" data-video-title=\"Live: Sa\u00fade Mental em tempos da COVID-19: Desenvolvimento de compet\u00eancias socioemocionais\" data-channel-id=\"UCVzDV6uqfZIxgHZvgeMlCyg\" data-views=\"3.6K views\" data-published-date=\"1593669877\" data-formatted-published-date=\"2 de July de 2020 03:04\" data-comment-count=\"31\">\n                <img decoding=\"async\" src=\"https:\/\/www.amesuamente.org.br\/en\/wp-content\/plugins\/youtube-feed-pro\/img\/placeholder.png\" alt=\"https:\/\/www.amesuamentenasescolas.org.br\/\">\n                \n                <div class=\"sby_thumbnail_hover sby_item_video_thumbnail_hover\">\n                    <div class=\"sby_thumbnail_hover_inner\">\n                        \n                        \n                        \n                                                    <p class=\"sby_caption\" >https:\/\/www.amesuamentenasescolas.org.br\/<\/p>\n                        \n                                                    <p class=\"sby_stats\" >\n                                <span class=\"sby_likes\" >\n                                                                    <span class=\"sby_like_count\">215<\/span>\n                                <\/span>\n                                <span class=\"sby_comments\" >\n                                                                        <span class=\"sby_comment_count\">31<\/span>\n                                <\/span>\n                            <\/p>\n                                            <\/div>\n                <\/div>\n\n                <span class=\"sby-screenreader\">YouTube Video UEx0Q0tvVE9zX3RkbzBKd1RrdXlxSTRhYU1MclJCTWJPSS41QTY1Q0UxMTVCODczNThE<\/span>\n                                    <div class=\"sby_play_btn\" >\n                        <span class=\"sby_play_btn_bg\"><\/span>\n                    <svg aria-hidden=\"true\" focusable=\"false\" data-prefix=\"fab\" data-icon=\"youtube\" role=\"img\" xmlns=\"http:\/\/www.w3.org\/2000\/svg\" viewBox=\"0 0 576 512\" class=\"svg-inline--fa fa-youtube fa-w-18\"><path fill=\"currentColor\" d=\"M549.655 124.083c-6.281-23.65-24.787-42.276-48.284-48.597C458.781 64 288 64 288 64S117.22 64 74.629 75.486c-23.497 6.322-42.003 24.947-48.284 48.597-11.412 42.867-11.412 132.305-11.412 132.305s0 89.438 11.412 132.305c6.281 23.65 24.787 41.5 48.284 47.821C117.22 448 288 448 288 448s170.78 0 213.371-11.486c23.497-6.321 42.003-24.171 48.284-47.821 11.412-42.867 11.412-132.305 11.412-132.305s0-89.438-11.412-132.305zm-317.51 213.508V175.185l142.739 81.205-142.739 81.201z\" class=\"\"><\/path><\/svg>                    <\/div>\n                                <span class=\"sby_loader sby_hidden\" style=\"background-color: rgb(255, 255, 255);\"><\/span>\n            <\/a>\n\n            \n        <\/div>\n\n        \n<div class=\"sby_info sby_info_item\">\n\t<div class=\"sby-video-info-bottom\">\n\t\t<div class=\"sby-video-info\">\n\t\t\t\t\t\t\t<p class=\"sby_video_title_wrap\" >\n\t\t\t\t\t<span class=\"sby_video_title\">Live: Sa\u00fade Mental em tempos da COVID-19: Desenvolvimento de compet\u00eancias socioemocionais<\/span>\n\t\t\t\t<\/p>\n\t\t\t\n\t\t\t\n\t\t\t\n\t\t\t\n\t\t\t\t\t<\/div>\n\n\t\t\t\t\t\t\t\t<\/div>\n<\/div>    <\/div>\n<\/div><div class=\"sby_item  sby_new sby_transition\" id=\"sby_UEx0Q0tvVE9zX3RkbzBKd1RrdXlxSTRhYU1MclJCTWJPSS4yMUQyQTQzMjRDNzMyQTMy\" data-date=\"1606327610\" data-video-id=\"svtN47ky4LI\" data-video-title=\"Educa\u00e7\u00e3o Socioemocional na Pandemia - Manual ou vida real?\" data-live-date=\"0\" data-channel-id=\"UCVzDV6uqfZIxgHZvgeMlCyg\" >\n    <div class=\"sby_inner_item\">\n        <div class=\"sby_video_thumbnail_wrap sby_item_video_thumbnail_wrap\">\n            <a class=\"sby_video_thumbnail sby_item_video_thumbnail\" style=\"background-image:url(https:\/\/www.amesuamente.org.br\/en\/wp-content\/plugins\/youtube-feed-pro\/img\/placeholder.png)\" href=\"https:\/\/www.youtube.com\/watch?v=svtN47ky4LI\" target=\"_blank\" rel=\"noopener\" data-full-res=\"https:\/\/i.ytimg.com\/vi\/svtN47ky4LI\/maxresdefault.jpg\" data-img-src-set=\"{&quot;120&quot;:&quot;https:\\\/\\\/i.ytimg.com\\\/vi\\\/svtN47ky4LI\\\/default.jpg&quot;,&quot;320&quot;:&quot;https:\\\/\\\/i.ytimg.com\\\/vi\\\/svtN47ky4LI\\\/mqdefault.jpg&quot;,&quot;480&quot;:&quot;https:\\\/\\\/i.ytimg.com\\\/vi\\\/svtN47ky4LI\\\/hqdefault.jpg&quot;,&quot;640&quot;:&quot;https:\\\/\\\/i.ytimg.com\\\/vi\\\/svtN47ky4LI\\\/sddefault.jpg&quot;}\" data-video-id=\"svtN47ky4LI\"  data-user=\"Instituto Ame Sua Mente\" data-url=\"https:\/\/www.youtube.com\/watch?v=svtN47ky4LI\" data-avatar=\"\" data-title=\"Com Rodrigo Affonseca Bressan&lt;br \/&gt;\nMedia\u00e7\u00e3o de Henrique Teruo Akiba&lt;br \/&gt;\ndia 25\/11 \u00e0s 14:00\" data-video-title=\"Educa\u00e7\u00e3o Socioemocional na Pandemia - Manual ou vida real?\" data-channel-id=\"UCVzDV6uqfZIxgHZvgeMlCyg\" data-views=\"1K views\" data-published-date=\"1606327610\" data-formatted-published-date=\"25 de November de 2020 15:06\" data-comment-count=\"12\">\n                <img decoding=\"async\" src=\"https:\/\/www.amesuamente.org.br\/en\/wp-content\/plugins\/youtube-feed-pro\/img\/placeholder.png\" alt=\"Com Rodrigo Affonseca Bressan\nMedia\u00e7\u00e3o de Henrique Teruo Akiba\ndia 25\/11 \u00e0s 14:00\">\n                \n                <div class=\"sby_thumbnail_hover sby_item_video_thumbnail_hover\">\n                    <div class=\"sby_thumbnail_hover_inner\">\n                        \n                        \n                        \n                                                    <p class=\"sby_caption\" >Com Rodrigo Affonseca Bressan<br>\nMedia\u00e7\u00e3o de Henrique Teruo Akiba<br>\ndia 25\/11 \u00e0s 14:00<\/p>\n                        \n                                                    <p class=\"sby_stats\" >\n                                <span class=\"sby_likes\" >\n                                                                    <span class=\"sby_like_count\">91<\/span>\n                                <\/span>\n                                <span class=\"sby_comments\" >\n                                                                        <span class=\"sby_comment_count\">12<\/span>\n                                <\/span>\n                            <\/p>\n                                            <\/div>\n                <\/div>\n\n                <span class=\"sby-screenreader\">YouTube Video UEx0Q0tvVE9zX3RkbzBKd1RrdXlxSTRhYU1MclJCTWJPSS4yMUQyQTQzMjRDNzMyQTMy<\/span>\n                                    <div class=\"sby_play_btn\" >\n                        <span class=\"sby_play_btn_bg\"><\/span>\n                    <svg aria-hidden=\"true\" focusable=\"false\" data-prefix=\"fab\" data-icon=\"youtube\" role=\"img\" xmlns=\"http:\/\/www.w3.org\/2000\/svg\" viewBox=\"0 0 576 512\" class=\"svg-inline--fa fa-youtube fa-w-18\"><path fill=\"currentColor\" d=\"M549.655 124.083c-6.281-23.65-24.787-42.276-48.284-48.597C458.781 64 288 64 288 64S117.22 64 74.629 75.486c-23.497 6.322-42.003 24.947-48.284 48.597-11.412 42.867-11.412 132.305-11.412 132.305s0 89.438 11.412 132.305c6.281 23.65 24.787 41.5 48.284 47.821C117.22 448 288 448 288 448s170.78 0 213.371-11.486c23.497-6.321 42.003-24.171 48.284-47.821 11.412-42.867 11.412-132.305 11.412-132.305s0-89.438-11.412-132.305zm-317.51 213.508V175.185l142.739 81.205-142.739 81.201z\" class=\"\"><\/path><\/svg>                    <\/div>\n                                <span class=\"sby_loader sby_hidden\" style=\"background-color: rgb(255, 255, 255);\"><\/span>\n            <\/a>\n\n            \n        <\/div>\n\n        \n<div class=\"sby_info sby_info_item\">\n\t<div class=\"sby-video-info-bottom\">\n\t\t<div class=\"sby-video-info\">\n\t\t\t\t\t\t\t<p class=\"sby_video_title_wrap\" >\n\t\t\t\t\t<span class=\"sby_video_title\">Educa\u00e7\u00e3o Socioemocional na Pandemia - Manual ou vida real?<\/span>\n\t\t\t\t<\/p>\n\t\t\t\n\t\t\t\n\t\t\t\n\t\t\t\n\t\t\t\t\t<\/div>\n\n\t\t\t\t\t\t\t\t<\/div>\n<\/div>    <\/div>\n<\/div><div class=\"sby_item  sby_new sby_transition\" id=\"sby_UEx0Q0tvVE9zX3RkbzBKd1RrdXlxSTRhYU1MclJCTWJPSS45RTgxNDRBMzUwRjQ0MDhC\" data-date=\"1601488871\" data-video-id=\"voKNjeungYg\" data-video-title=\"O desenvolvimento de compet\u00eancias socioemocionais na promo\u00e7\u00e3o de sa\u00fade mental\" data-live-date=\"0\" data-channel-id=\"UCVzDV6uqfZIxgHZvgeMlCyg\" >\n    <div class=\"sby_inner_item\">\n        <div class=\"sby_video_thumbnail_wrap sby_item_video_thumbnail_wrap\">\n            <a class=\"sby_video_thumbnail sby_item_video_thumbnail\" style=\"background-image:url(https:\/\/www.amesuamente.org.br\/en\/wp-content\/plugins\/youtube-feed-pro\/img\/placeholder.png)\" href=\"https:\/\/www.youtube.com\/watch?v=voKNjeungYg\" target=\"_blank\" rel=\"noopener\" data-full-res=\"https:\/\/i.ytimg.com\/vi\/voKNjeungYg\/maxresdefault.jpg\" data-img-src-set=\"{&quot;120&quot;:&quot;https:\\\/\\\/i.ytimg.com\\\/vi\\\/voKNjeungYg\\\/default.jpg&quot;,&quot;320&quot;:&quot;https:\\\/\\\/i.ytimg.com\\\/vi\\\/voKNjeungYg\\\/mqdefault.jpg&quot;,&quot;480&quot;:&quot;https:\\\/\\\/i.ytimg.com\\\/vi\\\/voKNjeungYg\\\/hqdefault.jpg&quot;,&quot;640&quot;:&quot;https:\\\/\\\/i.ytimg.com\\\/vi\\\/voKNjeungYg\\\/sddefault.jpg&quot;}\" data-video-id=\"voKNjeungYg\"  data-user=\"Instituto Ame Sua Mente\" data-url=\"https:\/\/www.youtube.com\/watch?v=voKNjeungYg\" data-avatar=\"\" data-title=\"Com Henrique Akiba&lt;br \/&gt;\nMedia\u00e7\u00e3o de Clarice Madruga&lt;br \/&gt;\ndia 30\/09 as 14h\" data-video-title=\"O desenvolvimento de compet\u00eancias socioemocionais na promo\u00e7\u00e3o de sa\u00fade mental\" data-channel-id=\"UCVzDV6uqfZIxgHZvgeMlCyg\" data-views=\"381 views\" data-published-date=\"1601488871\" data-formatted-published-date=\"30 de September de 2020 15:01\" data-comment-count=\"1\">\n                <img decoding=\"async\" src=\"https:\/\/www.amesuamente.org.br\/en\/wp-content\/plugins\/youtube-feed-pro\/img\/placeholder.png\" alt=\"Com Henrique Akiba\nMedia\u00e7\u00e3o de Clarice Madruga\ndia 30\/09 as 14h\">\n                \n                <div class=\"sby_thumbnail_hover sby_item_video_thumbnail_hover\">\n                    <div class=\"sby_thumbnail_hover_inner\">\n                        \n                        \n                        \n                                                    <p class=\"sby_caption\" >Com Henrique Akiba<br>\nMedia\u00e7\u00e3o de Clarice Madruga<br>\ndia 30\/09 as 14h<\/p>\n                        \n                                                    <p class=\"sby_stats\" >\n                                <span class=\"sby_likes\" >\n                                                                    <span class=\"sby_like_count\">25<\/span>\n                                <\/span>\n                                <span class=\"sby_comments\" >\n                                                                        <span class=\"sby_comment_count\">1<\/span>\n                                <\/span>\n                            <\/p>\n                                            <\/div>\n                <\/div>\n\n                <span class=\"sby-screenreader\">YouTube Video UEx0Q0tvVE9zX3RkbzBKd1RrdXlxSTRhYU1MclJCTWJPSS45RTgxNDRBMzUwRjQ0MDhC<\/span>\n                                    <div class=\"sby_play_btn\" >\n                        <span class=\"sby_play_btn_bg\"><\/span>\n                    <svg aria-hidden=\"true\" focusable=\"false\" data-prefix=\"fab\" data-icon=\"youtube\" role=\"img\" xmlns=\"http:\/\/www.w3.org\/2000\/svg\" viewBox=\"0 0 576 512\" class=\"svg-inline--fa fa-youtube fa-w-18\"><path fill=\"currentColor\" d=\"M549.655 124.083c-6.281-23.65-24.787-42.276-48.284-48.597C458.781 64 288 64 288 64S117.22 64 74.629 75.486c-23.497 6.322-42.003 24.947-48.284 48.597-11.412 42.867-11.412 132.305-11.412 132.305s0 89.438 11.412 132.305c6.281 23.65 24.787 41.5 48.284 47.821C117.22 448 288 448 288 448s170.78 0 213.371-11.486c23.497-6.321 42.003-24.171 48.284-47.821 11.412-42.867 11.412-132.305 11.412-132.305s0-89.438-11.412-132.305zm-317.51 213.508V175.185l142.739 81.205-142.739 81.201z\" class=\"\"><\/path><\/svg>                    <\/div>\n                                <span class=\"sby_loader sby_hidden\" style=\"background-color: rgb(255, 255, 255);\"><\/span>\n            <\/a>\n\n            \n        <\/div>\n\n        \n<div class=\"sby_info sby_info_item\">\n\t<div class=\"sby-video-info-bottom\">\n\t\t<div class=\"sby-video-info\">\n\t\t\t\t\t\t\t<p class=\"sby_video_title_wrap\" >\n\t\t\t\t\t<span class=\"sby_video_title\">O desenvolvimento de compet\u00eancias socioemocionais na promo\u00e7\u00e3o de sa\u00fade mental<\/span>\n\t\t\t\t<\/p>\n\t\t\t\n\t\t\t\n\t\t\t\n\t\t\t\n\t\t\t\t\t<\/div>\n\n\t\t\t\t\t\t\t\t<\/div>\n<\/div>    <\/div>\n<\/div><div class=\"sby_item  sby_new sby_transition\" id=\"sby_UEx0Q0tvVE9zX3RkbzBKd1RrdXlxSTRhYU1MclJCTWJPSS5ENDU4Q0M4RDExNzM1Mjcy\" data-date=\"1725624335\" data-video-id=\"BnZVBIiL-q0\" data-video-title=\"Live - Sa\u00fade Mental \u00e9 Vida\" data-live-date=\"0\" data-channel-id=\"UCVzDV6uqfZIxgHZvgeMlCyg\" >\n    <div class=\"sby_inner_item\">\n        <div class=\"sby_video_thumbnail_wrap sby_item_video_thumbnail_wrap\">\n            <a class=\"sby_video_thumbnail sby_item_video_thumbnail\" style=\"background-image:url(https:\/\/www.amesuamente.org.br\/en\/wp-content\/plugins\/youtube-feed-pro\/img\/placeholder.png)\" href=\"https:\/\/www.youtube.com\/watch?v=BnZVBIiL-q0\" target=\"_blank\" rel=\"noopener\" data-full-res=\"https:\/\/i.ytimg.com\/vi\/BnZVBIiL-q0\/maxresdefault.jpg\" data-img-src-set=\"{&quot;120&quot;:&quot;https:\\\/\\\/i.ytimg.com\\\/vi\\\/BnZVBIiL-q0\\\/default.jpg&quot;,&quot;320&quot;:&quot;https:\\\/\\\/i.ytimg.com\\\/vi\\\/BnZVBIiL-q0\\\/mqdefault.jpg&quot;,&quot;480&quot;:&quot;https:\\\/\\\/i.ytimg.com\\\/vi\\\/BnZVBIiL-q0\\\/hqdefault.jpg&quot;,&quot;640&quot;:&quot;https:\\\/\\\/i.ytimg.com\\\/vi\\\/BnZVBIiL-q0\\\/sddefault.jpg&quot;}\" data-video-id=\"BnZVBIiL-q0\"  data-user=\"Instituto Ame Sua Mente\" data-url=\"https:\/\/www.youtube.com\/watch?v=BnZVBIiL-q0\" data-avatar=\"\" data-title=\"\" data-video-title=\"Live - Sa\u00fade Mental \u00e9 Vida\" data-channel-id=\"UCVzDV6uqfZIxgHZvgeMlCyg\" data-views=\"307 views\" data-published-date=\"1725624335\" data-formatted-published-date=\"6 de September de 2024 09:05\" data-comment-count=\"0\">\n                <img decoding=\"async\" src=\"https:\/\/www.amesuamente.org.br\/en\/wp-content\/plugins\/youtube-feed-pro\/img\/placeholder.png\" alt=\"\">\n                \n                <div class=\"sby_thumbnail_hover sby_item_video_thumbnail_hover\">\n                    <div class=\"sby_thumbnail_hover_inner\">\n                        \n                        \n                        \n                                                    <p class=\"sby_caption\" ><\/p>\n                        \n                                                    <p class=\"sby_stats\" >\n                                <span class=\"sby_likes\" >\n                                                                    <span class=\"sby_like_count\">11<\/span>\n                                <\/span>\n                                <span class=\"sby_comments\" >\n                                                                        <span class=\"sby_comment_count\">0<\/span>\n                                <\/span>\n                            <\/p>\n                                            <\/div>\n                <\/div>\n\n                <span class=\"sby-screenreader\">YouTube Video UEx0Q0tvVE9zX3RkbzBKd1RrdXlxSTRhYU1MclJCTWJPSS5ENDU4Q0M4RDExNzM1Mjcy<\/span>\n                                    <div class=\"sby_play_btn\" >\n                        <span class=\"sby_play_btn_bg\"><\/span>\n                    <svg aria-hidden=\"true\" focusable=\"false\" data-prefix=\"fab\" data-icon=\"youtube\" role=\"img\" xmlns=\"http:\/\/www.w3.org\/2000\/svg\" viewBox=\"0 0 576 512\" class=\"svg-inline--fa fa-youtube fa-w-18\"><path fill=\"currentColor\" d=\"M549.655 124.083c-6.281-23.65-24.787-42.276-48.284-48.597C458.781 64 288 64 288 64S117.22 64 74.629 75.486c-23.497 6.322-42.003 24.947-48.284 48.597-11.412 42.867-11.412 132.305-11.412 132.305s0 89.438 11.412 132.305c6.281 23.65 24.787 41.5 48.284 47.821C117.22 448 288 448 288 448s170.78 0 213.371-11.486c23.497-6.321 42.003-24.171 48.284-47.821 11.412-42.867 11.412-132.305 11.412-132.305s0-89.438-11.412-132.305zm-317.51 213.508V175.185l142.739 81.205-142.739 81.201z\" class=\"\"><\/path><\/svg>                    <\/div>\n                                <span class=\"sby_loader sby_hidden\" style=\"background-color: rgb(255, 255, 255);\"><\/span>\n            <\/a>\n\n            \n        <\/div>\n\n        \n<div class=\"sby_info sby_info_item\">\n\t<div class=\"sby-video-info-bottom\">\n\t\t<div class=\"sby-video-info\">\n\t\t\t\t\t\t\t<p class=\"sby_video_title_wrap\" >\n\t\t\t\t\t<span class=\"sby_video_title\">Live - Sa\u00fade Mental \u00e9 Vida<\/span>\n\t\t\t\t<\/p>\n\t\t\t\n\t\t\t\n\t\t\t\n\t\t\t\n\t\t\t\t\t<\/div>\n\n\t\t\t\t\t\t\t\t<\/div>\n<\/div>    <\/div>\n<\/div><div class=\"sby_item  sby_new sby_transition\" id=\"sby_UEx0Q0tvVE9zX3RkbzBKd1RrdXlxSTRhYU1MclJCTWJPSS4yMDhBMkNBNjRDMjQxQTg1\" data-date=\"1727114235\" data-video-id=\"gNeR0Gjk3Zs\" data-video-title=\"Aula Inaugural SEED PR\" data-live-date=\"0\" data-channel-id=\"UCVzDV6uqfZIxgHZvgeMlCyg\" >\n    <div class=\"sby_inner_item\">\n        <div class=\"sby_video_thumbnail_wrap sby_item_video_thumbnail_wrap\">\n            <a class=\"sby_video_thumbnail sby_item_video_thumbnail\" style=\"background-image:url(https:\/\/www.amesuamente.org.br\/en\/wp-content\/plugins\/youtube-feed-pro\/img\/placeholder.png)\" href=\"https:\/\/www.youtube.com\/watch?v=gNeR0Gjk3Zs\" target=\"_blank\" rel=\"noopener\" data-full-res=\"https:\/\/i.ytimg.com\/vi\/gNeR0Gjk3Zs\/maxresdefault.jpg\" data-img-src-set=\"{&quot;120&quot;:&quot;https:\\\/\\\/i.ytimg.com\\\/vi\\\/gNeR0Gjk3Zs\\\/default.jpg&quot;,&quot;320&quot;:&quot;https:\\\/\\\/i.ytimg.com\\\/vi\\\/gNeR0Gjk3Zs\\\/mqdefault.jpg&quot;,&quot;480&quot;:&quot;https:\\\/\\\/i.ytimg.com\\\/vi\\\/gNeR0Gjk3Zs\\\/hqdefault.jpg&quot;,&quot;640&quot;:&quot;https:\\\/\\\/i.ytimg.com\\\/vi\\\/gNeR0Gjk3Zs\\\/sddefault.jpg&quot;}\" data-video-id=\"gNeR0Gjk3Zs\"  data-user=\"Instituto Ame Sua Mente\" data-url=\"https:\/\/www.youtube.com\/watch?v=gNeR0Gjk3Zs\" data-avatar=\"\" data-title=\"Aula Inaugural SEED PR\" data-video-title=\"Aula Inaugural SEED PR\" data-channel-id=\"UCVzDV6uqfZIxgHZvgeMlCyg\" data-views=\"175 views\" data-published-date=\"1727114235\" data-formatted-published-date=\"23 de September de 2024 14:57\" data-comment-count=\"0\">\n                <img decoding=\"async\" src=\"https:\/\/www.amesuamente.org.br\/en\/wp-content\/plugins\/youtube-feed-pro\/img\/placeholder.png\" alt=\"Aula Inaugural SEED PR\">\n                \n                <div class=\"sby_thumbnail_hover sby_item_video_thumbnail_hover\">\n                    <div class=\"sby_thumbnail_hover_inner\">\n                        \n                        \n                        \n                                                    <p class=\"sby_caption\" >Aula Inaugural SEED PR<\/p>\n                        \n                                                    <p class=\"sby_stats\" >\n                                <span class=\"sby_likes\" >\n                                                                    <span class=\"sby_like_count\">16<\/span>\n                                <\/span>\n                                <span class=\"sby_comments\" >\n                                                                        <span class=\"sby_comment_count\">0<\/span>\n                                <\/span>\n                            <\/p>\n                                            <\/div>\n                <\/div>\n\n                <span class=\"sby-screenreader\">YouTube Video UEx0Q0tvVE9zX3RkbzBKd1RrdXlxSTRhYU1MclJCTWJPSS4yMDhBMkNBNjRDMjQxQTg1<\/span>\n                                    <div class=\"sby_play_btn\" >\n                        <span class=\"sby_play_btn_bg\"><\/span>\n                    <svg aria-hidden=\"true\" focusable=\"false\" data-prefix=\"fab\" data-icon=\"youtube\" role=\"img\" xmlns=\"http:\/\/www.w3.org\/2000\/svg\" viewBox=\"0 0 576 512\" class=\"svg-inline--fa fa-youtube fa-w-18\"><path fill=\"currentColor\" d=\"M549.655 124.083c-6.281-23.65-24.787-42.276-48.284-48.597C458.781 64 288 64 288 64S117.22 64 74.629 75.486c-23.497 6.322-42.003 24.947-48.284 48.597-11.412 42.867-11.412 132.305-11.412 132.305s0 89.438 11.412 132.305c6.281 23.65 24.787 41.5 48.284 47.821C117.22 448 288 448 288 448s170.78 0 213.371-11.486c23.497-6.321 42.003-24.171 48.284-47.821 11.412-42.867 11.412-132.305 11.412-132.305s0-89.438-11.412-132.305zm-317.51 213.508V175.185l142.739 81.205-142.739 81.201z\" class=\"\"><\/path><\/svg>                    <\/div>\n                                <span class=\"sby_loader sby_hidden\" style=\"background-color: rgb(255, 255, 255);\"><\/span>\n            <\/a>\n\n            \n        <\/div>\n\n        \n<div class=\"sby_info sby_info_item\">\n\t<div class=\"sby-video-info-bottom\">\n\t\t<div class=\"sby-video-info\">\n\t\t\t\t\t\t\t<p class=\"sby_video_title_wrap\" >\n\t\t\t\t\t<span class=\"sby_video_title\">Aula Inaugural SEED PR<\/span>\n\t\t\t\t<\/p>\n\t\t\t\n\t\t\t\n\t\t\t\n\t\t\t\n\t\t\t\t\t<\/div>\n\n\t\t\t\t\t\t\t\t<\/div>\n<\/div>    <\/div>\n<\/div><div class=\"sby_item  sby_new sby_transition\" id=\"sby_UEx0Q0tvVE9zX3RkbzBKd1RrdXlxSTRhYU1MclJCTWJPSS5GM0Q3M0MzMzY5NTJFNTdE\" data-date=\"1727794424\" data-video-id=\"iFk7yh5FrBM\" data-video-title=\"A Import\u00e2ncia do Diagn\u00f3stico Precoce na Sa\u00fade Mental\" data-live-date=\"0\" data-channel-id=\"UCVzDV6uqfZIxgHZvgeMlCyg\" >\n    <div class=\"sby_inner_item\">\n        <div class=\"sby_video_thumbnail_wrap sby_item_video_thumbnail_wrap\">\n            <a class=\"sby_video_thumbnail sby_item_video_thumbnail\" style=\"background-image:url(https:\/\/www.amesuamente.org.br\/en\/wp-content\/plugins\/youtube-feed-pro\/img\/placeholder.png)\" href=\"https:\/\/www.youtube.com\/watch?v=iFk7yh5FrBM\" target=\"_blank\" rel=\"noopener\" data-full-res=\"https:\/\/i.ytimg.com\/vi\/iFk7yh5FrBM\/maxresdefault.jpg\" data-img-src-set=\"{&quot;120&quot;:&quot;https:\\\/\\\/i.ytimg.com\\\/vi\\\/iFk7yh5FrBM\\\/default.jpg&quot;,&quot;320&quot;:&quot;https:\\\/\\\/i.ytimg.com\\\/vi\\\/iFk7yh5FrBM\\\/mqdefault.jpg&quot;,&quot;480&quot;:&quot;https:\\\/\\\/i.ytimg.com\\\/vi\\\/iFk7yh5FrBM\\\/hqdefault.jpg&quot;,&quot;640&quot;:&quot;https:\\\/\\\/i.ytimg.com\\\/vi\\\/iFk7yh5FrBM\\\/sddefault.jpg&quot;}\" data-video-id=\"iFk7yh5FrBM\"  data-user=\"Instituto Ame Sua Mente\" data-url=\"https:\/\/www.youtube.com\/watch?v=iFk7yh5FrBM\" data-avatar=\"\" data-title=\"\" data-video-title=\"A Import\u00e2ncia do Diagn\u00f3stico Precoce na Sa\u00fade Mental\" data-channel-id=\"UCVzDV6uqfZIxgHZvgeMlCyg\" data-views=\"22 views\" data-published-date=\"1727794424\" data-formatted-published-date=\"1 de October de 2024 11:53\" data-comment-count=\"0\">\n                <img decoding=\"async\" src=\"https:\/\/www.amesuamente.org.br\/en\/wp-content\/plugins\/youtube-feed-pro\/img\/placeholder.png\" alt=\"\">\n                \n                <div class=\"sby_thumbnail_hover sby_item_video_thumbnail_hover\">\n                    <div class=\"sby_thumbnail_hover_inner\">\n                        \n                        \n                        \n                                                    <p class=\"sby_caption\" ><\/p>\n                        \n                                                    <p class=\"sby_stats\" >\n                                <span class=\"sby_likes\" >\n                                                                    <span class=\"sby_like_count\">6<\/span>\n                                <\/span>\n                                <span class=\"sby_comments\" >\n                                                                        <span class=\"sby_comment_count\">0<\/span>\n                                <\/span>\n                            <\/p>\n                                            <\/div>\n                <\/div>\n\n                <span class=\"sby-screenreader\">YouTube Video UEx0Q0tvVE9zX3RkbzBKd1RrdXlxSTRhYU1MclJCTWJPSS5GM0Q3M0MzMzY5NTJFNTdE<\/span>\n                                    <div class=\"sby_play_btn\" >\n                        <span class=\"sby_play_btn_bg\"><\/span>\n                    <svg aria-hidden=\"true\" focusable=\"false\" data-prefix=\"fab\" data-icon=\"youtube\" role=\"img\" xmlns=\"http:\/\/www.w3.org\/2000\/svg\" viewBox=\"0 0 576 512\" class=\"svg-inline--fa fa-youtube fa-w-18\"><path fill=\"currentColor\" d=\"M549.655 124.083c-6.281-23.65-24.787-42.276-48.284-48.597C458.781 64 288 64 288 64S117.22 64 74.629 75.486c-23.497 6.322-42.003 24.947-48.284 48.597-11.412 42.867-11.412 132.305-11.412 132.305s0 89.438 11.412 132.305c6.281 23.65 24.787 41.5 48.284 47.821C117.22 448 288 448 288 448s170.78 0 213.371-11.486c23.497-6.321 42.003-24.171 48.284-47.821 11.412-42.867 11.412-132.305 11.412-132.305s0-89.438-11.412-132.305zm-317.51 213.508V175.185l142.739 81.205-142.739 81.201z\" class=\"\"><\/path><\/svg>                    <\/div>\n                                <span class=\"sby_loader sby_hidden\" style=\"background-color: rgb(255, 255, 255);\"><\/span>\n            <\/a>\n\n            \n        <\/div>\n\n        \n<div class=\"sby_info sby_info_item\">\n\t<div class=\"sby-video-info-bottom\">\n\t\t<div class=\"sby-video-info\">\n\t\t\t\t\t\t\t<p class=\"sby_video_title_wrap\" >\n\t\t\t\t\t<span class=\"sby_video_title\">A Import\u00e2ncia do Diagn\u00f3stico Precoce na Sa\u00fade Mental<\/span>\n\t\t\t\t<\/p>\n\t\t\t\n\t\t\t\n\t\t\t\n\t\t\t\n\t\t\t\t\t<\/div>\n\n\t\t\t\t\t\t\t\t<\/div>\n<\/div>    <\/div>\n<\/div><div class=\"sby_item  sby_new sby_transition\" id=\"sby_UEx0Q0tvVE9zX3RkbzBKd1RrdXlxSTRhYU1MclJCTWJPSS4zRjM0MkVCRTg0MkYyQTM0\" data-date=\"1727794484\" data-video-id=\"h-Q_iDBSMTE\" data-video-title=\"Como Lidar com Conflitos na Adolesc\u00eancia\" data-live-date=\"0\" data-channel-id=\"UCVzDV6uqfZIxgHZvgeMlCyg\" >\n    <div class=\"sby_inner_item\">\n        <div class=\"sby_video_thumbnail_wrap sby_item_video_thumbnail_wrap\">\n            <a class=\"sby_video_thumbnail sby_item_video_thumbnail\" style=\"background-image:url(https:\/\/www.amesuamente.org.br\/en\/wp-content\/plugins\/youtube-feed-pro\/img\/placeholder.png)\" href=\"https:\/\/www.youtube.com\/watch?v=h-Q_iDBSMTE\" target=\"_blank\" rel=\"noopener\" data-full-res=\"https:\/\/i.ytimg.com\/vi\/h-Q_iDBSMTE\/maxresdefault.jpg\" data-img-src-set=\"{&quot;120&quot;:&quot;https:\\\/\\\/i.ytimg.com\\\/vi\\\/h-Q_iDBSMTE\\\/default.jpg&quot;,&quot;320&quot;:&quot;https:\\\/\\\/i.ytimg.com\\\/vi\\\/h-Q_iDBSMTE\\\/mqdefault.jpg&quot;,&quot;480&quot;:&quot;https:\\\/\\\/i.ytimg.com\\\/vi\\\/h-Q_iDBSMTE\\\/hqdefault.jpg&quot;,&quot;640&quot;:&quot;https:\\\/\\\/i.ytimg.com\\\/vi\\\/h-Q_iDBSMTE\\\/sddefault.jpg&quot;}\" data-video-id=\"h-Q_iDBSMTE\"  data-user=\"Instituto Ame Sua Mente\" data-url=\"https:\/\/www.youtube.com\/watch?v=h-Q_iDBSMTE\" data-avatar=\"\" data-title=\"\" data-video-title=\"Como Lidar com Conflitos na Adolesc\u00eancia\" data-channel-id=\"UCVzDV6uqfZIxgHZvgeMlCyg\" data-views=\"14 views\" data-published-date=\"1727794484\" data-formatted-published-date=\"1 de October de 2024 11:54\" data-comment-count=\"0\">\n                <img decoding=\"async\" src=\"https:\/\/www.amesuamente.org.br\/en\/wp-content\/plugins\/youtube-feed-pro\/img\/placeholder.png\" alt=\"\">\n                \n                <div class=\"sby_thumbnail_hover sby_item_video_thumbnail_hover\">\n                    <div class=\"sby_thumbnail_hover_inner\">\n                        \n                        \n                        \n                                                    <p class=\"sby_caption\" ><\/p>\n                        \n                                                    <p class=\"sby_stats\" >\n                                <span class=\"sby_likes\" >\n                                                                    <span class=\"sby_like_count\">2<\/span>\n                                <\/span>\n                                <span class=\"sby_comments\" >\n                                                                        <span class=\"sby_comment_count\">0<\/span>\n                                <\/span>\n                            <\/p>\n                                            <\/div>\n                <\/div>\n\n                <span class=\"sby-screenreader\">YouTube Video UEx0Q0tvVE9zX3RkbzBKd1RrdXlxSTRhYU1MclJCTWJPSS4zRjM0MkVCRTg0MkYyQTM0<\/span>\n                                    <div class=\"sby_play_btn\" >\n                        <span class=\"sby_play_btn_bg\"><\/span>\n                    <svg aria-hidden=\"true\" focusable=\"false\" data-prefix=\"fab\" data-icon=\"youtube\" role=\"img\" xmlns=\"http:\/\/www.w3.org\/2000\/svg\" viewBox=\"0 0 576 512\" class=\"svg-inline--fa fa-youtube fa-w-18\"><path fill=\"currentColor\" d=\"M549.655 124.083c-6.281-23.65-24.787-42.276-48.284-48.597C458.781 64 288 64 288 64S117.22 64 74.629 75.486c-23.497 6.322-42.003 24.947-48.284 48.597-11.412 42.867-11.412 132.305-11.412 132.305s0 89.438 11.412 132.305c6.281 23.65 24.787 41.5 48.284 47.821C117.22 448 288 448 288 448s170.78 0 213.371-11.486c23.497-6.321 42.003-24.171 48.284-47.821 11.412-42.867 11.412-132.305 11.412-132.305s0-89.438-11.412-132.305zm-317.51 213.508V175.185l142.739 81.205-142.739 81.201z\" class=\"\"><\/path><\/svg>                    <\/div>\n                                <span class=\"sby_loader sby_hidden\" style=\"background-color: rgb(255, 255, 255);\"><\/span>\n            <\/a>\n\n            \n        <\/div>\n\n        \n<div class=\"sby_info sby_info_item\">\n\t<div class=\"sby-video-info-bottom\">\n\t\t<div class=\"sby-video-info\">\n\t\t\t\t\t\t\t<p class=\"sby_video_title_wrap\" >\n\t\t\t\t\t<span class=\"sby_video_title\">Como Lidar com Conflitos na Adolesc\u00eancia<\/span>\n\t\t\t\t<\/p>\n\t\t\t\n\t\t\t\n\t\t\t\n\t\t\t\n\t\t\t\t\t<\/div>\n\n\t\t\t\t\t\t\t\t<\/div>\n<\/div>    <\/div>\n<\/div>    <\/div>\n    \n\t<div class=\"sby_footer\">\n\n\n<\/div>\n    <div class=\"sby_cta_items_wraps sby_cta_wrap\">\n\t<div class=\"sby_cta_inner_wrap\">\n\n\t<\/div>\n<\/div>\n\n\t\n<\/div>\n\n\t<style type=\"text\/css\">\n\t\t\t\tbody #sb_youtube_sbyPLtCKorRBMbOI21.sb_youtube.sby_palette_custom .sby_video_title{\n\t\t\tcolor: #cb8ab5;\n\t\t}\n    \t\t\t\t    <\/style>\n\t<style type=\"text\/css\">body #sb_youtube_sbyPLtCKorRBMbOI21 .sby_caption_wrap .sby_caption { font-size: 13px !important}body #sb_youtube_sbyPLtCKorRBMbOI21 .sby_follow_btn a:hover { box-shadow:inset 0 0 10px 20px rgb(255, 255, 255, .25) !important}body #sb_youtube_sbyPLtCKorRBMbOI21[data-videostyle=boxed] .sby_items_wrap .sby_item .sby_inner_item { background-color: #ffffff !important}<\/style>Ame Sua Mente na Escola\n\n<div id=\"sb_youtube_sbyPLtCKoxVBPlNZ21\" \n\t class=\"sb_youtube sby_layout_carousel sby_col_3 sby_mob_col_1 sby_palette_custom  sby_width_resp\" \n\tdata-feedid=\"sby_PLtCKoxVBPlNZ#21\" \n\tdata-shortcode-atts=\"{&quot;feed&quot;:&quot;4&quot;}\" \n\tdata-cols=\"3\" \n\tdata-colsmobile=\"1\" \n\tdata-num=\"21\" \n\tdata-nummobile=\"21\" \n\t\tdata-subscribe-btn=\"1\" \n\tdata-subscribe-btn-text=\"Subscribe\" \n\tdata_channel_header_colors =\"{&quot;channelName&quot;:&quot;&quot;,&quot;subscribeCount&quot;:&quot;&quot;,&quot;buttonBackground&quot;:&quot;&quot;,&quot;buttonText&quot;:&quot;&quot;}\"\n\t data-options=\"{&quot;carousel&quot;:[true,false,false,false,true,1],&quot;cta&quot;:{&quot;type&quot;:&quot;related&quot;,&quot;defaultPosts&quot;:[],&quot;defaultLink&quot;:&quot;&quot;,&quot;defaultText&quot;:&quot;Learn More&quot;,&quot;openType&quot;:&quot;same&quot;,&quot;color&quot;:&quot;&quot;,&quot;textColor&quot;:&quot;&quot;},&quot;descriptionlength&quot;:150}\" data-sby-flags=\"resizeDisable,gdpr\" data-postid=\"5918\" data-sby-supports-lightbox=\"1\" \n\t data-videocardlayout=\"vertical\" \n>\n\t        <div class=\"sby_items_wrap\" style=\"padding: 5px;\">\n\t\t<div class=\"sby_item  sby_new sby_transition\" id=\"sby_UEx0Q0tvVE9zX3Rkck9KNU0tS04zWEFadmIxeFZCUGxOWi41NkI0NEY2RDEwNTU3Q0M2\" data-date=\"1693659605\" data-video-id=\"nZKM54ZNgyA\" data-video-title=\"Parceria com Munic\u00edpio de Santos - SP\" data-live-date=\"0\" data-channel-id=\"UCVzDV6uqfZIxgHZvgeMlCyg\" >\n    <div class=\"sby_inner_item\">\n        <div class=\"sby_video_thumbnail_wrap sby_item_video_thumbnail_wrap\">\n            <a class=\"sby_video_thumbnail sby_item_video_thumbnail\" style=\"background-image:url(https:\/\/www.amesuamente.org.br\/en\/wp-content\/plugins\/youtube-feed-pro\/img\/placeholder.png)\" href=\"https:\/\/www.youtube.com\/watch?v=nZKM54ZNgyA\" target=\"_blank\" rel=\"noopener\" data-full-res=\"https:\/\/i.ytimg.com\/vi\/nZKM54ZNgyA\/maxresdefault.jpg\" data-img-src-set=\"{&quot;120&quot;:&quot;https:\\\/\\\/i.ytimg.com\\\/vi\\\/nZKM54ZNgyA\\\/default.jpg&quot;,&quot;320&quot;:&quot;https:\\\/\\\/i.ytimg.com\\\/vi\\\/nZKM54ZNgyA\\\/mqdefault.jpg&quot;,&quot;480&quot;:&quot;https:\\\/\\\/i.ytimg.com\\\/vi\\\/nZKM54ZNgyA\\\/hqdefault.jpg&quot;,&quot;640&quot;:&quot;https:\\\/\\\/i.ytimg.com\\\/vi\\\/nZKM54ZNgyA\\\/sddefault.jpg&quot;}\" data-video-id=\"nZKM54ZNgyA\"  data-user=\"Instituto Ame Sua Mente\" data-url=\"https:\/\/www.youtube.com\/watch?v=nZKM54ZNgyA\" data-avatar=\"\" data-title=\"\" data-video-title=\"Parceria com Munic\u00edpio de Santos - SP\" data-channel-id=\"UCVzDV6uqfZIxgHZvgeMlCyg\" data-views=\"116 views\" data-published-date=\"1693659605\" data-formatted-published-date=\"2 de September de 2023 10:00\" data-comment-count=\"1\">\n                <img decoding=\"async\" src=\"https:\/\/www.amesuamente.org.br\/en\/wp-content\/plugins\/youtube-feed-pro\/img\/placeholder.png\" alt=\"\">\n                \n                <div class=\"sby_thumbnail_hover sby_item_video_thumbnail_hover\">\n                    <div class=\"sby_thumbnail_hover_inner\">\n                        \n                        \n                        \n                                                    <p class=\"sby_caption\" ><\/p>\n                        \n                                                    <p class=\"sby_stats\" >\n                                <span class=\"sby_likes\" >\n                                                                    <span class=\"sby_like_count\">13<\/span>\n                                <\/span>\n                                <span class=\"sby_comments\" >\n                                                                        <span class=\"sby_comment_count\">1<\/span>\n                                <\/span>\n                            <\/p>\n                                            <\/div>\n                <\/div>\n\n                <span class=\"sby-screenreader\">YouTube Video UEx0Q0tvVE9zX3Rkck9KNU0tS04zWEFadmIxeFZCUGxOWi41NkI0NEY2RDEwNTU3Q0M2<\/span>\n                                    <div class=\"sby_play_btn\" >\n                        <span class=\"sby_play_btn_bg\"><\/span>\n                    <svg aria-hidden=\"true\" focusable=\"false\" data-prefix=\"fab\" data-icon=\"youtube\" role=\"img\" xmlns=\"http:\/\/www.w3.org\/2000\/svg\" viewBox=\"0 0 576 512\" class=\"svg-inline--fa fa-youtube fa-w-18\"><path fill=\"currentColor\" d=\"M549.655 124.083c-6.281-23.65-24.787-42.276-48.284-48.597C458.781 64 288 64 288 64S117.22 64 74.629 75.486c-23.497 6.322-42.003 24.947-48.284 48.597-11.412 42.867-11.412 132.305-11.412 132.305s0 89.438 11.412 132.305c6.281 23.65 24.787 41.5 48.284 47.821C117.22 448 288 448 288 448s170.78 0 213.371-11.486c23.497-6.321 42.003-24.171 48.284-47.821 11.412-42.867 11.412-132.305 11.412-132.305s0-89.438-11.412-132.305zm-317.51 213.508V175.185l142.739 81.205-142.739 81.201z\" class=\"\"><\/path><\/svg>                    <\/div>\n                                <span class=\"sby_loader sby_hidden\" style=\"background-color: rgb(255, 255, 255);\"><\/span>\n            <\/a>\n\n            \n        <\/div>\n\n        \n<div class=\"sby_info sby_info_item\">\n\t<div class=\"sby-video-info-bottom\">\n\t\t<div class=\"sby-video-info\">\n\t\t\t\t\t\t\t<p class=\"sby_video_title_wrap\" >\n\t\t\t\t\t<span class=\"sby_video_title\">Parceria com Munic\u00edpio de Santos - SP<\/span>\n\t\t\t\t<\/p>\n\t\t\t\n\t\t\t\n\t\t\t\n\t\t\t\n\t\t\t\t\t<\/div>\n\n\t\t\t\t\t\t\t\t<\/div>\n<\/div>    <\/div>\n<\/div><div class=\"sby_item  sby_new sby_transition\" id=\"sby_UEx0Q0tvVE9zX3Rkck9KNU0tS04zWEFadmIxeFZCUGxOWi4yODlGNEE0NkRGMEEzMEQy\" data-date=\"1683326085\" data-video-id=\"mHAx_hmWoAo\" data-video-title=\"Parceria com a Secretaria de Educa\u00e7\u00e3o do Estado de S\u00e3o Paulo\" data-live-date=\"0\" data-channel-id=\"UCVzDV6uqfZIxgHZvgeMlCyg\" >\n    <div class=\"sby_inner_item\">\n        <div class=\"sby_video_thumbnail_wrap sby_item_video_thumbnail_wrap\">\n            <a class=\"sby_video_thumbnail sby_item_video_thumbnail\" style=\"background-image:url(https:\/\/www.amesuamente.org.br\/en\/wp-content\/plugins\/youtube-feed-pro\/img\/placeholder.png)\" href=\"https:\/\/www.youtube.com\/watch?v=mHAx_hmWoAo\" target=\"_blank\" rel=\"noopener\" data-full-res=\"https:\/\/i.ytimg.com\/vi\/mHAx_hmWoAo\/maxresdefault.jpg\" data-img-src-set=\"{&quot;120&quot;:&quot;https:\\\/\\\/i.ytimg.com\\\/vi\\\/mHAx_hmWoAo\\\/default.jpg&quot;,&quot;320&quot;:&quot;https:\\\/\\\/i.ytimg.com\\\/vi\\\/mHAx_hmWoAo\\\/mqdefault.jpg&quot;,&quot;480&quot;:&quot;https:\\\/\\\/i.ytimg.com\\\/vi\\\/mHAx_hmWoAo\\\/hqdefault.jpg&quot;,&quot;640&quot;:&quot;https:\\\/\\\/i.ytimg.com\\\/vi\\\/mHAx_hmWoAo\\\/sddefault.jpg&quot;}\" data-video-id=\"mHAx_hmWoAo\"  data-user=\"Instituto Ame Sua Mente\" data-url=\"https:\/\/www.youtube.com\/watch?v=mHAx_hmWoAo\" data-avatar=\"\" data-title=\"A diretora executiva do Instituto Ame sua Mente, Andr\u00e9a Regina, compartilha neste v\u00eddeo outra \u00f3tima not\u00edcia para a educa\u00e7\u00e3o: a celebra\u00e7\u00e3o da parceria com a Secretaria de Educa\u00e7\u00e3o do Estado de S\u00e3o Paulo para a forma\u00e7\u00e3o em sa\u00fade mental de mais de 2.900 educadores da rede p\u00fablica de ensino em 2023. &lt;br \/&gt;\n&lt;br \/&gt;\nA a\u00e7\u00e3o faz parte do Projeto Ame sua Mente na Escola, que entre 2020 e 2022, contou com 213 escolas beneficiadas e 728 educadores participantes. &lt;br \/&gt;\n&lt;br \/&gt;\nFicamos felizes em levar nosso prop\u00f3sito adiante. Vamos juntos por uma nova cultura de sa\u00fade mental em que todos possam se desenvolver e atingir seus potenciais. &lt;br \/&gt;\n&lt;br \/&gt;\nCuidar da mente \u00e9 cuidar da gente! Quanto mais cedo melhor! #amesuamente\" data-video-title=\"Parceria com a Secretaria de Educa\u00e7\u00e3o do Estado de S\u00e3o Paulo\" data-channel-id=\"UCVzDV6uqfZIxgHZvgeMlCyg\" data-views=\"93 views\" data-published-date=\"1683326085\" data-formatted-published-date=\"5 de May de 2023 19:34\" data-comment-count=\"0\">\n                <img decoding=\"async\" src=\"https:\/\/www.amesuamente.org.br\/en\/wp-content\/plugins\/youtube-feed-pro\/img\/placeholder.png\" alt=\"A diretora executiva do Instituto Ame sua Mente, Andr\u00e9a Regina, compartilha neste v\u00eddeo outra \u00f3tima not\u00edcia para a educa\u00e7\u00e3o: a celebra\u00e7\u00e3o da parceria com a Secretaria de Educa\u00e7\u00e3o do Estado de S\u00e3o Paulo para a forma\u00e7\u00e3o em sa\u00fade mental de mais de 2.900 educadores da rede p\u00fablica de ensino em 2023. \n\nA a\u00e7\u00e3o faz parte do Projeto Ame sua Mente na Escola, que entre 2020 e 2022, contou com 213 escolas beneficiadas e 728 educadores participantes. \n\nFicamos felizes em levar nosso prop\u00f3sito adiante. Vamos juntos por uma nova cultura de sa\u00fade mental em que todos possam se desenvolver e atingir seus potenciais. \n\nCuidar da mente \u00e9 cuidar da gente! Quanto mais cedo melhor! #amesuamente\">\n                \n                <div class=\"sby_thumbnail_hover sby_item_video_thumbnail_hover\">\n                    <div class=\"sby_thumbnail_hover_inner\">\n                        \n                        \n                        \n                                                    <p class=\"sby_caption\" >A diretora executiva do Instituto Ame sua Mente, Andr\u00e9a Regina, compartilha neste v\u00eddeo outra \u00f3tima not\u00edcia para a educa\u00e7\u00e3o: a celebra\u00e7\u00e3o da parceria com a Secretaria de Educa\u00e7\u00e3o do Estado de S\u00e3o Paulo para a forma\u00e7\u00e3o em sa\u00fade mental de mais de 2.900 educadores da rede p\u00fablica de ensino em 2023. <br>\n<br>\nA a\u00e7\u00e3o faz parte do Projeto Ame sua Mente na Escola, que entre 2020 e 2022, contou com 213 escolas beneficiadas e 728 educadores participantes. <br>\n<br>\nFicamos felizes em levar nosso prop\u00f3sito adiante. Vamos juntos por uma nova cultura de sa\u00fade mental em que todos possam se desenvolver e atingir seus potenciais. <br>\n<br>\nCuidar da mente \u00e9 cuidar da gente! Quanto mais cedo melhor! #amesuamente<\/p>\n                        \n                                                    <p class=\"sby_stats\" >\n                                <span class=\"sby_likes\" >\n                                                                    <span class=\"sby_like_count\">7<\/span>\n                                <\/span>\n                                <span class=\"sby_comments\" >\n                                                                        <span class=\"sby_comment_count\">0<\/span>\n                                <\/span>\n                            <\/p>\n                                            <\/div>\n                <\/div>\n\n                <span class=\"sby-screenreader\">YouTube Video UEx0Q0tvVE9zX3Rkck9KNU0tS04zWEFadmIxeFZCUGxOWi4yODlGNEE0NkRGMEEzMEQy<\/span>\n                                    <div class=\"sby_play_btn\" >\n                        <span class=\"sby_play_btn_bg\"><\/span>\n                    <svg aria-hidden=\"true\" focusable=\"false\" data-prefix=\"fab\" data-icon=\"youtube\" role=\"img\" xmlns=\"http:\/\/www.w3.org\/2000\/svg\" viewBox=\"0 0 576 512\" class=\"svg-inline--fa fa-youtube fa-w-18\"><path fill=\"currentColor\" d=\"M549.655 124.083c-6.281-23.65-24.787-42.276-48.284-48.597C458.781 64 288 64 288 64S117.22 64 74.629 75.486c-23.497 6.322-42.003 24.947-48.284 48.597-11.412 42.867-11.412 132.305-11.412 132.305s0 89.438 11.412 132.305c6.281 23.65 24.787 41.5 48.284 47.821C117.22 448 288 448 288 448s170.78 0 213.371-11.486c23.497-6.321 42.003-24.171 48.284-47.821 11.412-42.867 11.412-132.305 11.412-132.305s0-89.438-11.412-132.305zm-317.51 213.508V175.185l142.739 81.205-142.739 81.201z\" class=\"\"><\/path><\/svg>                    <\/div>\n                                <span class=\"sby_loader sby_hidden\" style=\"background-color: rgb(255, 255, 255);\"><\/span>\n            <\/a>\n\n            \n        <\/div>\n\n        \n<div class=\"sby_info sby_info_item\">\n\t<div class=\"sby-video-info-bottom\">\n\t\t<div class=\"sby-video-info\">\n\t\t\t\t\t\t\t<p class=\"sby_video_title_wrap\" >\n\t\t\t\t\t<span class=\"sby_video_title\">Parceria com a Secretaria de Educa\u00e7\u00e3o do Estado de S\u00e3o Paulo<\/span>\n\t\t\t\t<\/p>\n\t\t\t\n\t\t\t\n\t\t\t\n\t\t\t\n\t\t\t\t\t<\/div>\n\n\t\t\t\t\t\t\t\t<\/div>\n<\/div>    <\/div>\n<\/div><div class=\"sby_item  sby_new sby_transition\" id=\"sby_UEx0Q0tvVE9zX3Rkck9KNU0tS04zWEFadmIxeFZCUGxOWi4wMTcyMDhGQUE4NTIzM0Y5\" data-date=\"1692362306\" data-video-id=\"bp8I48YjKNg\" data-video-title=\"Formul\u00e1rio de Encaminhamento Instituto Ame Sua Mente\" data-live-date=\"0\" data-channel-id=\"UCVzDV6uqfZIxgHZvgeMlCyg\" >\n    <div class=\"sby_inner_item\">\n        <div class=\"sby_video_thumbnail_wrap sby_item_video_thumbnail_wrap\">\n            <a class=\"sby_video_thumbnail sby_item_video_thumbnail\" style=\"background-image:url(https:\/\/www.amesuamente.org.br\/en\/wp-content\/plugins\/youtube-feed-pro\/img\/placeholder.png)\" href=\"https:\/\/www.youtube.com\/watch?v=bp8I48YjKNg\" target=\"_blank\" rel=\"noopener\" data-full-res=\"https:\/\/i.ytimg.com\/vi\/bp8I48YjKNg\/maxresdefault.jpg\" data-img-src-set=\"{&quot;120&quot;:&quot;https:\\\/\\\/i.ytimg.com\\\/vi\\\/bp8I48YjKNg\\\/default.jpg&quot;,&quot;320&quot;:&quot;https:\\\/\\\/i.ytimg.com\\\/vi\\\/bp8I48YjKNg\\\/mqdefault.jpg&quot;,&quot;480&quot;:&quot;https:\\\/\\\/i.ytimg.com\\\/vi\\\/bp8I48YjKNg\\\/hqdefault.jpg&quot;,&quot;640&quot;:&quot;https:\\\/\\\/i.ytimg.com\\\/vi\\\/bp8I48YjKNg\\\/sddefault.jpg&quot;}\" data-video-id=\"bp8I48YjKNg\"  data-user=\"Instituto Ame Sua Mente\" data-url=\"https:\/\/www.youtube.com\/watch?v=bp8I48YjKNg\" data-avatar=\"\" data-title=\"Nesta anima\u00e7\u00e3o (com legenda em portugu\u00eas) explicamos qual o objetivo do formul\u00e1rio de encaminhamento.\" data-video-title=\"Formul\u00e1rio de Encaminhamento Instituto Ame Sua Mente\" data-channel-id=\"UCVzDV6uqfZIxgHZvgeMlCyg\" data-views=\"75 views\" data-published-date=\"1692362306\" data-formatted-published-date=\"18 de August de 2023 09:38\" data-comment-count=\"0\">\n                <img decoding=\"async\" src=\"https:\/\/www.amesuamente.org.br\/en\/wp-content\/plugins\/youtube-feed-pro\/img\/placeholder.png\" alt=\"Nesta anima\u00e7\u00e3o (com legenda em portugu\u00eas) explicamos qual o objetivo do formul\u00e1rio de encaminhamento.\">\n                \n                <div class=\"sby_thumbnail_hover sby_item_video_thumbnail_hover\">\n                    <div class=\"sby_thumbnail_hover_inner\">\n                        \n                        \n                        \n                                                    <p class=\"sby_caption\" >Nesta anima\u00e7\u00e3o (com legenda em portugu\u00eas) explicamos qual o objetivo do formul\u00e1rio de encaminhamento.<\/p>\n                        \n                                                    <p class=\"sby_stats\" >\n                                <span class=\"sby_likes\" >\n                                                                    <span class=\"sby_like_count\">7<\/span>\n                                <\/span>\n                                <span class=\"sby_comments\" >\n                                                                        <span class=\"sby_comment_count\">0<\/span>\n                                <\/span>\n                            <\/p>\n                                            <\/div>\n                <\/div>\n\n                <span class=\"sby-screenreader\">YouTube Video UEx0Q0tvVE9zX3Rkck9KNU0tS04zWEFadmIxeFZCUGxOWi4wMTcyMDhGQUE4NTIzM0Y5<\/span>\n                                    <div class=\"sby_play_btn\" >\n                        <span class=\"sby_play_btn_bg\"><\/span>\n                    <svg aria-hidden=\"true\" focusable=\"false\" data-prefix=\"fab\" data-icon=\"youtube\" role=\"img\" xmlns=\"http:\/\/www.w3.org\/2000\/svg\" viewBox=\"0 0 576 512\" class=\"svg-inline--fa fa-youtube fa-w-18\"><path fill=\"currentColor\" d=\"M549.655 124.083c-6.281-23.65-24.787-42.276-48.284-48.597C458.781 64 288 64 288 64S117.22 64 74.629 75.486c-23.497 6.322-42.003 24.947-48.284 48.597-11.412 42.867-11.412 132.305-11.412 132.305s0 89.438 11.412 132.305c6.281 23.65 24.787 41.5 48.284 47.821C117.22 448 288 448 288 448s170.78 0 213.371-11.486c23.497-6.321 42.003-24.171 48.284-47.821 11.412-42.867 11.412-132.305 11.412-132.305s0-89.438-11.412-132.305zm-317.51 213.508V175.185l142.739 81.205-142.739 81.201z\" class=\"\"><\/path><\/svg>                    <\/div>\n                                <span class=\"sby_loader sby_hidden\" style=\"background-color: rgb(255, 255, 255);\"><\/span>\n            <\/a>\n\n            \n        <\/div>\n\n        \n<div class=\"sby_info sby_info_item\">\n\t<div class=\"sby-video-info-bottom\">\n\t\t<div class=\"sby-video-info\">\n\t\t\t\t\t\t\t<p class=\"sby_video_title_wrap\" >\n\t\t\t\t\t<span class=\"sby_video_title\">Formul\u00e1rio de Encaminhamento Instituto Ame Sua Mente<\/span>\n\t\t\t\t<\/p>\n\t\t\t\n\t\t\t\n\t\t\t\n\t\t\t\n\t\t\t\t\t<\/div>\n\n\t\t\t\t\t\t\t\t<\/div>\n<\/div>    <\/div>\n<\/div><div class=\"sby_item  sby_new sby_transition\" id=\"sby_UEx0Q0tvVE9zX3Rkck9KNU0tS04zWEFadmIxeFZCUGxOWi4wOTA3OTZBNzVEMTUzOTMy\" data-date=\"1742818617\" data-video-id=\"GJ2LiTbNllE\" data-video-title=\"Projeto Ame Sua Mente na Escola\" data-live-date=\"0\" data-channel-id=\"UCVzDV6uqfZIxgHZvgeMlCyg\" >\n    <div class=\"sby_inner_item\">\n        <div class=\"sby_video_thumbnail_wrap sby_item_video_thumbnail_wrap\">\n            <a class=\"sby_video_thumbnail sby_item_video_thumbnail\" style=\"background-image:url(https:\/\/www.amesuamente.org.br\/en\/wp-content\/plugins\/youtube-feed-pro\/img\/placeholder.png)\" href=\"https:\/\/www.youtube.com\/watch?v=GJ2LiTbNllE\" target=\"_blank\" rel=\"noopener\" data-full-res=\"https:\/\/i.ytimg.com\/vi\/GJ2LiTbNllE\/maxresdefault.jpg\" data-img-src-set=\"{&quot;120&quot;:&quot;https:\\\/\\\/i.ytimg.com\\\/vi\\\/GJ2LiTbNllE\\\/default.jpg&quot;,&quot;320&quot;:&quot;https:\\\/\\\/i.ytimg.com\\\/vi\\\/GJ2LiTbNllE\\\/mqdefault.jpg&quot;,&quot;480&quot;:&quot;https:\\\/\\\/i.ytimg.com\\\/vi\\\/GJ2LiTbNllE\\\/hqdefault.jpg&quot;,&quot;640&quot;:&quot;https:\\\/\\\/i.ytimg.com\\\/vi\\\/GJ2LiTbNllE\\\/sddefault.jpg&quot;}\" data-video-id=\"GJ2LiTbNllE\"  data-user=\"Instituto Ame Sua Mente\" data-url=\"https:\/\/www.youtube.com\/watch?v=GJ2LiTbNllE\" data-avatar=\"\" data-title=\"\" data-video-title=\"Projeto Ame Sua Mente na Escola\" data-channel-id=\"UCVzDV6uqfZIxgHZvgeMlCyg\" data-views=\"61 views\" data-published-date=\"1742818617\" data-formatted-published-date=\"24 de March de 2025 09:16\" data-comment-count=\"0\">\n                <img decoding=\"async\" src=\"https:\/\/www.amesuamente.org.br\/en\/wp-content\/plugins\/youtube-feed-pro\/img\/placeholder.png\" alt=\"\">\n                \n                <div class=\"sby_thumbnail_hover sby_item_video_thumbnail_hover\">\n                    <div class=\"sby_thumbnail_hover_inner\">\n                        \n                        \n                        \n                                                    <p class=\"sby_caption\" ><\/p>\n                        \n                                                    <p class=\"sby_stats\" >\n                                <span class=\"sby_likes\" >\n                                                                    <span class=\"sby_like_count\">8<\/span>\n                                <\/span>\n                                <span class=\"sby_comments\" >\n                                                                        <span class=\"sby_comment_count\">0<\/span>\n                                <\/span>\n                            <\/p>\n                                            <\/div>\n                <\/div>\n\n                <span class=\"sby-screenreader\">YouTube Video UEx0Q0tvVE9zX3Rkck9KNU0tS04zWEFadmIxeFZCUGxOWi4wOTA3OTZBNzVEMTUzOTMy<\/span>\n                                    <div class=\"sby_play_btn\" >\n                        <span class=\"sby_play_btn_bg\"><\/span>\n                    <svg aria-hidden=\"true\" focusable=\"false\" data-prefix=\"fab\" data-icon=\"youtube\" role=\"img\" xmlns=\"http:\/\/www.w3.org\/2000\/svg\" viewBox=\"0 0 576 512\" class=\"svg-inline--fa fa-youtube fa-w-18\"><path fill=\"currentColor\" d=\"M549.655 124.083c-6.281-23.65-24.787-42.276-48.284-48.597C458.781 64 288 64 288 64S117.22 64 74.629 75.486c-23.497 6.322-42.003 24.947-48.284 48.597-11.412 42.867-11.412 132.305-11.412 132.305s0 89.438 11.412 132.305c6.281 23.65 24.787 41.5 48.284 47.821C117.22 448 288 448 288 448s170.78 0 213.371-11.486c23.497-6.321 42.003-24.171 48.284-47.821 11.412-42.867 11.412-132.305 11.412-132.305s0-89.438-11.412-132.305zm-317.51 213.508V175.185l142.739 81.205-142.739 81.201z\" class=\"\"><\/path><\/svg>                    <\/div>\n                                <span class=\"sby_loader sby_hidden\" style=\"background-color: rgb(255, 255, 255);\"><\/span>\n            <\/a>\n\n            \n        <\/div>\n\n        \n<div class=\"sby_info sby_info_item\">\n\t<div class=\"sby-video-info-bottom\">\n\t\t<div class=\"sby-video-info\">\n\t\t\t\t\t\t\t<p class=\"sby_video_title_wrap\" >\n\t\t\t\t\t<span class=\"sby_video_title\">Projeto Ame Sua Mente na Escola<\/span>\n\t\t\t\t<\/p>\n\t\t\t\n\t\t\t\n\t\t\t\n\t\t\t\n\t\t\t\t\t<\/div>\n\n\t\t\t\t\t\t\t\t<\/div>\n<\/div>    <\/div>\n<\/div>    <\/div>\n    \n\t<div class=\"sby_footer\">\n\n\n<\/div>\n    <div class=\"sby_cta_items_wraps sby_cta_wrap\">\n\t<div class=\"sby_cta_inner_wrap\">\n\n\t<\/div>\n<\/div>\n\n\t\n<\/div>\n\n\t<style type=\"text\/css\">\n\t\t\t\tbody #sb_youtube_sbyPLtCKoxVBPlNZ21.sb_youtube.sby_palette_custom .sby_video_title{\n\t\t\tcolor: #cb8ab5;\n\t\t}\n    \t\t\t\t    <\/style>\n\t<style type=\"text\/css\">body #sb_youtube_sbyPLtCKoxVBPlNZ21 .sby_caption_wrap .sby_caption { font-size: 13px !important}body #sb_youtube_sbyPLtCKoxVBPlNZ21 .sby_follow_btn a:hover { box-shadow:inset 0 0 10px 20px rgb(255, 255, 255, .25) !important}body #sb_youtube_sbyPLtCKoxVBPlNZ21[data-videostyle=boxed] .sby_items_wrap .sby_item .sby_inner_item { background-color: #ffffff !important}<\/style>Selo Escola que Ama sua Mente\n\n<div id=\"sb_youtube_sbyPLtCKoI59uL21\" \n\t class=\"sb_youtube sby_layout_carousel sby_col_3 sby_mob_col_1 sby_palette_custom  sby_width_resp\" \n\tdata-feedid=\"sby_PLtCKoI5--9uL#21\" \n\tdata-shortcode-atts=\"{&quot;feed&quot;:&quot;5&quot;}\" \n\tdata-cols=\"3\" \n\tdata-colsmobile=\"1\" \n\tdata-num=\"21\" \n\tdata-nummobile=\"21\" \n\t\tdata-subscribe-btn=\"1\" \n\tdata-subscribe-btn-text=\"Subscribe\" \n\tdata_channel_header_colors =\"{&quot;channelName&quot;:&quot;&quot;,&quot;subscribeCount&quot;:&quot;&quot;,&quot;buttonBackground&quot;:&quot;&quot;,&quot;buttonText&quot;:&quot;&quot;}\"\n\t data-options=\"{&quot;carousel&quot;:[true,false,false,false,true,1],&quot;cta&quot;:{&quot;type&quot;:&quot;related&quot;,&quot;defaultPosts&quot;:[],&quot;defaultLink&quot;:&quot;&quot;,&quot;defaultText&quot;:&quot;Learn More&quot;,&quot;openType&quot;:&quot;same&quot;,&quot;color&quot;:&quot;&quot;,&quot;textColor&quot;:&quot;&quot;},&quot;descriptionlength&quot;:150}\" data-sby-flags=\"resizeDisable,gdpr\" data-postid=\"5918\" data-sby-supports-lightbox=\"1\" \n\t data-videocardlayout=\"vertical\" \n>\n\t        <div class=\"sby_items_wrap\" style=\"padding: 5px;\">\n\t\t<div class=\"sby_item  sby_new sby_transition\" id=\"sby_UEx0Q0tvVE9zX3RkcnlZNWpfdDMtdEwwQ09ZSTUtLTl1TC5GNjNDRDREMDQxOThCMDQ2\" data-date=\"1651187896\" data-video-id=\"pIOvaalN5xU\" data-video-title=\"Lan\u00e7amento Selo Escola que Ama Sua Mente\" data-live-date=\"0\" data-channel-id=\"UCVzDV6uqfZIxgHZvgeMlCyg\" >\n    <div class=\"sby_inner_item\">\n        <div class=\"sby_video_thumbnail_wrap sby_item_video_thumbnail_wrap\">\n            <a class=\"sby_video_thumbnail sby_item_video_thumbnail\" style=\"background-image:url(https:\/\/www.amesuamente.org.br\/en\/wp-content\/plugins\/youtube-feed-pro\/img\/placeholder.png)\" href=\"https:\/\/www.youtube.com\/watch?v=pIOvaalN5xU\" target=\"_blank\" rel=\"noopener\" data-full-res=\"https:\/\/i.ytimg.com\/vi\/pIOvaalN5xU\/maxresdefault.jpg\" data-img-src-set=\"{&quot;120&quot;:&quot;https:\\\/\\\/i.ytimg.com\\\/vi\\\/pIOvaalN5xU\\\/default.jpg&quot;,&quot;320&quot;:&quot;https:\\\/\\\/i.ytimg.com\\\/vi\\\/pIOvaalN5xU\\\/mqdefault.jpg&quot;,&quot;480&quot;:&quot;https:\\\/\\\/i.ytimg.com\\\/vi\\\/pIOvaalN5xU\\\/hqdefault.jpg&quot;,&quot;640&quot;:&quot;https:\\\/\\\/i.ytimg.com\\\/vi\\\/pIOvaalN5xU\\\/sddefault.jpg&quot;}\" data-video-id=\"pIOvaalN5xU\"  data-user=\"Instituto Ame Sua Mente\" data-url=\"https:\/\/www.youtube.com\/watch?v=pIOvaalN5xU\" data-avatar=\"\" data-title=\"No dia 28 de abril, \u00e0s 19h, o Instituto Ame Sua Mente realizar\u00e1 uma live de lan\u00e7amento do Selo Escola que Ama Sua Mente. Durante a transmiss\u00e3o - que ocorrer\u00e1 pelo canal do Youtube do Instituto - ser\u00e1 explicado os principais objetivos dessa nova iniciativa, al\u00e9m de abordar com profundidade o tema: a import\u00e2ncia da promo\u00e7\u00e3o da sa\u00fade mental no ambiente escolar.&lt;br \/&gt;\r\n&lt;br \/&gt;\r\nO evento contar\u00e1 com a presen\u00e7a ilustre de: Rodrigo Bressan, presidente do Instituto; dos investidores: Monique Moura da Associa\u00e7\u00e3o Umane e Juliana Amorina do Instituto ABCD; M\u00e1rio Augusto Almeida, do Programa Conviva SP; Maria Isabel Faria, Dirigente da Diretoria de Ensino Centro-Sul SP; C\u00e9lia Gon\u00e7alves, Diretora da Escola Estadual Odon Cavalcanti; e tendo como mediadora do painel a Jornalista Izabella Camargo.\" data-video-title=\"Lan\u00e7amento Selo Escola que Ama Sua Mente\" data-channel-id=\"UCVzDV6uqfZIxgHZvgeMlCyg\" data-views=\"736 views\" data-published-date=\"1651187896\" data-formatted-published-date=\"28 de April de 2022 20:18\" data-comment-count=\"0\">\n                <img decoding=\"async\" src=\"https:\/\/www.amesuamente.org.br\/en\/wp-content\/plugins\/youtube-feed-pro\/img\/placeholder.png\" alt=\"No dia 28 de abril, \u00e0s 19h, o Instituto Ame Sua Mente realizar\u00e1 uma live de lan\u00e7amento do Selo Escola que Ama Sua Mente. Durante a transmiss\u00e3o - que ocorrer\u00e1 pelo canal do Youtube do Instituto - ser\u00e1 explicado os principais objetivos dessa nova iniciativa, al\u00e9m de abordar com profundidade o tema: a import\u00e2ncia da promo\u00e7\u00e3o da sa\u00fade mental no ambiente escolar.\r\n\r\nO evento contar\u00e1 com a presen\u00e7a ilustre de: Rodrigo Bressan, presidente do Instituto; dos investidores: Monique Moura da Associa\u00e7\u00e3o Umane e Juliana Amorina do Instituto ABCD; M\u00e1rio Augusto Almeida, do Programa Conviva SP; Maria Isabel Faria, Dirigente da Diretoria de Ensino Centro-Sul SP; C\u00e9lia Gon\u00e7alves, Diretora da Escola Estadual Odon Cavalcanti; e tendo como mediadora do painel a Jornalista Izabella Camargo.\">\n                \n                <div class=\"sby_thumbnail_hover sby_item_video_thumbnail_hover\">\n                    <div class=\"sby_thumbnail_hover_inner\">\n                        \n                        \n                        \n                                                    <p class=\"sby_caption\" >No dia 28 de abril, \u00e0s 19h, o Instituto Ame Sua Mente realizar\u00e1 uma live de lan\u00e7amento do Selo Escola que Ama Sua Mente. Durante a transmiss\u00e3o - que ocorrer\u00e1 pelo canal do Youtube do Instituto - ser\u00e1 explicado os principais objetivos dessa nova iniciativa, al\u00e9m de abordar com profundidade o tema: a import\u00e2ncia da promo\u00e7\u00e3o da sa\u00fade mental no ambiente escolar.<br>\r\n<br>\r\nO evento contar\u00e1 com a presen\u00e7a ilustre de: Rodrigo Bressan, presidente do Instituto; dos investidores: Monique Moura da Associa\u00e7\u00e3o Umane e Juliana Amorina do Instituto ABCD; M\u00e1rio Augusto Almeida, do Programa Conviva SP; Maria Isabel Faria, Dirigente da Diretoria de Ensino Centro-Sul SP; C\u00e9lia Gon\u00e7alves, Diretora da Escola Estadual Odon Cavalcanti; e tendo como mediadora do painel a Jornalista Izabella Camargo.<\/p>\n                        \n                                                    <p class=\"sby_stats\" >\n                                <span class=\"sby_likes\" >\n                                                                    <span class=\"sby_like_count\">97<\/span>\n                                <\/span>\n                                <span class=\"sby_comments\" >\n                                                                        <span class=\"sby_comment_count\">0<\/span>\n                                <\/span>\n                            <\/p>\n                                            <\/div>\n                <\/div>\n\n                <span class=\"sby-screenreader\">YouTube Video UEx0Q0tvVE9zX3RkcnlZNWpfdDMtdEwwQ09ZSTUtLTl1TC5GNjNDRDREMDQxOThCMDQ2<\/span>\n                                    <div class=\"sby_play_btn\" >\n                        <span class=\"sby_play_btn_bg\"><\/span>\n                    <svg aria-hidden=\"true\" focusable=\"false\" data-prefix=\"fab\" data-icon=\"youtube\" role=\"img\" xmlns=\"http:\/\/www.w3.org\/2000\/svg\" viewBox=\"0 0 576 512\" class=\"svg-inline--fa fa-youtube fa-w-18\"><path fill=\"currentColor\" d=\"M549.655 124.083c-6.281-23.65-24.787-42.276-48.284-48.597C458.781 64 288 64 288 64S117.22 64 74.629 75.486c-23.497 6.322-42.003 24.947-48.284 48.597-11.412 42.867-11.412 132.305-11.412 132.305s0 89.438 11.412 132.305c6.281 23.65 24.787 41.5 48.284 47.821C117.22 448 288 448 288 448s170.78 0 213.371-11.486c23.497-6.321 42.003-24.171 48.284-47.821 11.412-42.867 11.412-132.305 11.412-132.305s0-89.438-11.412-132.305zm-317.51 213.508V175.185l142.739 81.205-142.739 81.201z\" class=\"\"><\/path><\/svg>                    <\/div>\n                                <span class=\"sby_loader sby_hidden\" style=\"background-color: rgb(255, 255, 255);\"><\/span>\n            <\/a>\n\n            \n        <\/div>\n\n        \n<div class=\"sby_info sby_info_item\">\n\t<div class=\"sby-video-info-bottom\">\n\t\t<div class=\"sby-video-info\">\n\t\t\t\t\t\t\t<p class=\"sby_video_title_wrap\" >\n\t\t\t\t\t<span class=\"sby_video_title\">Lan\u00e7amento Selo Escola que Ama Sua Mente<\/span>\n\t\t\t\t<\/p>\n\t\t\t\n\t\t\t\n\t\t\t\n\t\t\t\n\t\t\t\t\t<\/div>\n\n\t\t\t\t\t\t\t\t<\/div>\n<\/div>    <\/div>\n<\/div><div class=\"sby_item  sby_new sby_transition\" id=\"sby_UEx0Q0tvVE9zX3RkcnlZNWpfdDMtdEwwQ09ZSTUtLTl1TC45NDk1REZENzhEMzU5MDQz\" data-date=\"1665441983\" data-video-id=\"6xxi4utwYwc\" data-video-title=\"Cerim\u00f4nia de Reconhecimento - Selo Escola Que Ama Sua Mente\" data-live-date=\"0\" data-channel-id=\"UCVzDV6uqfZIxgHZvgeMlCyg\" >\n    <div class=\"sby_inner_item\">\n        <div class=\"sby_video_thumbnail_wrap sby_item_video_thumbnail_wrap\">\n            <a class=\"sby_video_thumbnail sby_item_video_thumbnail\" style=\"background-image:url(https:\/\/www.amesuamente.org.br\/en\/wp-content\/plugins\/youtube-feed-pro\/img\/placeholder.png)\" href=\"https:\/\/www.youtube.com\/watch?v=6xxi4utwYwc\" target=\"_blank\" rel=\"noopener\" data-full-res=\"https:\/\/i.ytimg.com\/vi\/6xxi4utwYwc\/maxresdefault.jpg\" data-img-src-set=\"{&quot;120&quot;:&quot;https:\\\/\\\/i.ytimg.com\\\/vi\\\/6xxi4utwYwc\\\/default.jpg&quot;,&quot;320&quot;:&quot;https:\\\/\\\/i.ytimg.com\\\/vi\\\/6xxi4utwYwc\\\/mqdefault.jpg&quot;,&quot;480&quot;:&quot;https:\\\/\\\/i.ytimg.com\\\/vi\\\/6xxi4utwYwc\\\/hqdefault.jpg&quot;,&quot;640&quot;:&quot;https:\\\/\\\/i.ytimg.com\\\/vi\\\/6xxi4utwYwc\\\/sddefault.jpg&quot;}\" data-video-id=\"6xxi4utwYwc\"  data-user=\"Instituto Ame Sua Mente\" data-url=\"https:\/\/www.youtube.com\/watch?v=6xxi4utwYwc\" data-avatar=\"\" data-title=\"\" data-video-title=\"Cerim\u00f4nia de Reconhecimento - Selo Escola Que Ama Sua Mente\" data-channel-id=\"UCVzDV6uqfZIxgHZvgeMlCyg\" data-views=\"575 views\" data-published-date=\"1665441983\" data-formatted-published-date=\"10 de October de 2022 19:46\" data-comment-count=\"3\">\n                <img decoding=\"async\" src=\"https:\/\/www.amesuamente.org.br\/en\/wp-content\/plugins\/youtube-feed-pro\/img\/placeholder.png\" alt=\"\">\n                \n                <div class=\"sby_thumbnail_hover sby_item_video_thumbnail_hover\">\n                    <div class=\"sby_thumbnail_hover_inner\">\n                        \n                        \n                        \n                                                    <p class=\"sby_caption\" ><\/p>\n                        \n                                                    <p class=\"sby_stats\" >\n                                <span class=\"sby_likes\" >\n                                                                    <span class=\"sby_like_count\">83<\/span>\n                                <\/span>\n                                <span class=\"sby_comments\" >\n                                                                        <span class=\"sby_comment_count\">3<\/span>\n                                <\/span>\n                            <\/p>\n                                            <\/div>\n                <\/div>\n\n                <span class=\"sby-screenreader\">YouTube Video UEx0Q0tvVE9zX3RkcnlZNWpfdDMtdEwwQ09ZSTUtLTl1TC45NDk1REZENzhEMzU5MDQz<\/span>\n                                    <div class=\"sby_play_btn\" >\n                        <span class=\"sby_play_btn_bg\"><\/span>\n                    <svg aria-hidden=\"true\" focusable=\"false\" data-prefix=\"fab\" data-icon=\"youtube\" role=\"img\" xmlns=\"http:\/\/www.w3.org\/2000\/svg\" viewBox=\"0 0 576 512\" class=\"svg-inline--fa fa-youtube fa-w-18\"><path fill=\"currentColor\" d=\"M549.655 124.083c-6.281-23.65-24.787-42.276-48.284-48.597C458.781 64 288 64 288 64S117.22 64 74.629 75.486c-23.497 6.322-42.003 24.947-48.284 48.597-11.412 42.867-11.412 132.305-11.412 132.305s0 89.438 11.412 132.305c6.281 23.65 24.787 41.5 48.284 47.821C117.22 448 288 448 288 448s170.78 0 213.371-11.486c23.497-6.321 42.003-24.171 48.284-47.821 11.412-42.867 11.412-132.305 11.412-132.305s0-89.438-11.412-132.305zm-317.51 213.508V175.185l142.739 81.205-142.739 81.201z\" class=\"\"><\/path><\/svg>                    <\/div>\n                                <span class=\"sby_loader sby_hidden\" style=\"background-color: rgb(255, 255, 255);\"><\/span>\n            <\/a>\n\n            \n        <\/div>\n\n        \n<div class=\"sby_info sby_info_item\">\n\t<div class=\"sby-video-info-bottom\">\n\t\t<div class=\"sby-video-info\">\n\t\t\t\t\t\t\t<p class=\"sby_video_title_wrap\" >\n\t\t\t\t\t<span class=\"sby_video_title\">Cerim\u00f4nia de Reconhecimento - Selo Escola Que Ama Sua Mente<\/span>\n\t\t\t\t<\/p>\n\t\t\t\n\t\t\t\n\t\t\t\n\t\t\t\n\t\t\t\t\t<\/div>\n\n\t\t\t\t\t\t\t\t<\/div>\n<\/div>    <\/div>\n<\/div><div class=\"sby_item  sby_new sby_transition\" id=\"sby_UEx0Q0tvVE9zX3RkcnlZNWpfdDMtdEwwQ09ZSTUtLTl1TC41NkI0NEY2RDEwNTU3Q0M2\" data-date=\"1668205485\" data-video-id=\"7W67HbgmMV4\" data-video-title=\"Primeiro Encontro da Comunidade do Selo\" data-live-date=\"0\" data-channel-id=\"UCVzDV6uqfZIxgHZvgeMlCyg\" >\n    <div class=\"sby_inner_item\">\n        <div class=\"sby_video_thumbnail_wrap sby_item_video_thumbnail_wrap\">\n            <a class=\"sby_video_thumbnail sby_item_video_thumbnail\" style=\"background-image:url(https:\/\/www.amesuamente.org.br\/en\/wp-content\/plugins\/youtube-feed-pro\/img\/placeholder.png)\" href=\"https:\/\/www.youtube.com\/watch?v=7W67HbgmMV4\" target=\"_blank\" rel=\"noopener\" data-full-res=\"https:\/\/i.ytimg.com\/vi\/7W67HbgmMV4\/maxresdefault.jpg\" data-img-src-set=\"{&quot;120&quot;:&quot;https:\\\/\\\/i.ytimg.com\\\/vi\\\/7W67HbgmMV4\\\/default.jpg&quot;,&quot;320&quot;:&quot;https:\\\/\\\/i.ytimg.com\\\/vi\\\/7W67HbgmMV4\\\/mqdefault.jpg&quot;,&quot;480&quot;:&quot;https:\\\/\\\/i.ytimg.com\\\/vi\\\/7W67HbgmMV4\\\/hqdefault.jpg&quot;,&quot;640&quot;:&quot;https:\\\/\\\/i.ytimg.com\\\/vi\\\/7W67HbgmMV4\\\/sddefault.jpg&quot;}\" data-video-id=\"7W67HbgmMV4\"  data-user=\"Instituto Ame Sua Mente\" data-url=\"https:\/\/www.youtube.com\/watch?v=7W67HbgmMV4\" data-avatar=\"\" data-title=\"\" data-video-title=\"Primeiro Encontro da Comunidade do Selo\" data-channel-id=\"UCVzDV6uqfZIxgHZvgeMlCyg\" data-views=\"127 views\" data-published-date=\"1668205485\" data-formatted-published-date=\"11 de November de 2022 19:24\" data-comment-count=\"0\">\n                <img decoding=\"async\" src=\"https:\/\/www.amesuamente.org.br\/en\/wp-content\/plugins\/youtube-feed-pro\/img\/placeholder.png\" alt=\"\">\n                \n                <div class=\"sby_thumbnail_hover sby_item_video_thumbnail_hover\">\n                    <div class=\"sby_thumbnail_hover_inner\">\n                        \n                        \n                        \n                                                    <p class=\"sby_caption\" ><\/p>\n                        \n                                                    <p class=\"sby_stats\" >\n                                <span class=\"sby_likes\" >\n                                                                    <span class=\"sby_like_count\">9<\/span>\n                                <\/span>\n                                <span class=\"sby_comments\" >\n                                                                        <span class=\"sby_comment_count\">0<\/span>\n                                <\/span>\n                            <\/p>\n                                            <\/div>\n                <\/div>\n\n                <span class=\"sby-screenreader\">YouTube Video UEx0Q0tvVE9zX3RkcnlZNWpfdDMtdEwwQ09ZSTUtLTl1TC41NkI0NEY2RDEwNTU3Q0M2<\/span>\n                                    <div class=\"sby_play_btn\" >\n                        <span class=\"sby_play_btn_bg\"><\/span>\n                    <svg aria-hidden=\"true\" focusable=\"false\" data-prefix=\"fab\" data-icon=\"youtube\" role=\"img\" xmlns=\"http:\/\/www.w3.org\/2000\/svg\" viewBox=\"0 0 576 512\" class=\"svg-inline--fa fa-youtube fa-w-18\"><path fill=\"currentColor\" d=\"M549.655 124.083c-6.281-23.65-24.787-42.276-48.284-48.597C458.781 64 288 64 288 64S117.22 64 74.629 75.486c-23.497 6.322-42.003 24.947-48.284 48.597-11.412 42.867-11.412 132.305-11.412 132.305s0 89.438 11.412 132.305c6.281 23.65 24.787 41.5 48.284 47.821C117.22 448 288 448 288 448s170.78 0 213.371-11.486c23.497-6.321 42.003-24.171 48.284-47.821 11.412-42.867 11.412-132.305 11.412-132.305s0-89.438-11.412-132.305zm-317.51 213.508V175.185l142.739 81.205-142.739 81.201z\" class=\"\"><\/path><\/svg>                    <\/div>\n                                <span class=\"sby_loader sby_hidden\" style=\"background-color: rgb(255, 255, 255);\"><\/span>\n            <\/a>\n\n            \n        <\/div>\n\n        \n<div class=\"sby_info sby_info_item\">\n\t<div class=\"sby-video-info-bottom\">\n\t\t<div class=\"sby-video-info\">\n\t\t\t\t\t\t\t<p class=\"sby_video_title_wrap\" >\n\t\t\t\t\t<span class=\"sby_video_title\">Primeiro Encontro da Comunidade do Selo<\/span>\n\t\t\t\t<\/p>\n\t\t\t\n\t\t\t\n\t\t\t\n\t\t\t\n\t\t\t\t\t<\/div>\n\n\t\t\t\t\t\t\t\t<\/div>\n<\/div>    <\/div>\n<\/div>    <\/div>\n    \n\t<div class=\"sby_footer\">\n\n\n<\/div>\n    <div class=\"sby_cta_items_wraps sby_cta_wrap\">\n\t<div class=\"sby_cta_inner_wrap\">\n\n\t<\/div>\n<\/div>\n\n\t\n<\/div>\n\n\t<style type=\"text\/css\">\n\t\t\t\tbody #sb_youtube_sbyPLtCKoI59uL21.sb_youtube.sby_palette_custom .sby_video_title{\n\t\t\tcolor: #cb8ab5;\n\t\t}\n    \t\t\t\t    <\/style>\n\t<style type=\"text\/css\">body #sb_youtube_sbyPLtCKoI59uL21 .sby_caption_wrap .sby_caption { font-size: 13px !important}body #sb_youtube_sbyPLtCKoI59uL21 .sby_follow_btn a:hover { box-shadow:inset 0 0 10px 20px rgb(255, 255, 255, .25) !important}body #sb_youtube_sbyPLtCKoI59uL21[data-videostyle=boxed] .sby_items_wrap .sby_item .sby_inner_item { background-color: #ffffff !important}<\/style>Institucional\n\n<div id=\"sb_youtube_sbyPLtCKo2rKY8e21\" \n\t class=\"sb_youtube sby_layout_carousel sby_col_3 sby_mob_col_1 sby_palette_custom  sby_width_resp\" \n\tdata-feedid=\"sby_PLtCKo2rKY_8e#21\" \n\tdata-shortcode-atts=\"{&quot;feed&quot;:&quot;6&quot;}\" \n\tdata-cols=\"3\" \n\tdata-colsmobile=\"1\" \n\tdata-num=\"21\" \n\tdata-nummobile=\"21\" \n\t\tdata-subscribe-btn=\"1\" \n\tdata-subscribe-btn-text=\"Subscribe\" \n\tdata_channel_header_colors =\"{&quot;channelName&quot;:&quot;&quot;,&quot;subscribeCount&quot;:&quot;&quot;,&quot;buttonBackground&quot;:&quot;&quot;,&quot;buttonText&quot;:&quot;&quot;}\"\n\t data-options=\"{&quot;carousel&quot;:[true,false,false,false,true,1],&quot;cta&quot;:{&quot;type&quot;:&quot;related&quot;,&quot;defaultPosts&quot;:[],&quot;defaultLink&quot;:&quot;&quot;,&quot;defaultText&quot;:&quot;Learn More&quot;,&quot;openType&quot;:&quot;same&quot;,&quot;color&quot;:&quot;&quot;,&quot;textColor&quot;:&quot;&quot;},&quot;descriptionlength&quot;:150}\" data-sby-flags=\"resizeDisable,gdpr\" data-postid=\"5918\" data-sby-supports-lightbox=\"1\" \n\t data-videocardlayout=\"vertical\" \n>\n\t        <div class=\"sby_items_wrap\" style=\"padding: 5px;\">\n\t\t<div class=\"sby_item  sby_new sby_transition\" id=\"sby_UEx0Q0tvVE9zX3Rkck1wWURmSHh5ZG95RHVBMnJLWV84ZS4yODlGNEE0NkRGMEEzMEQy\" data-date=\"1668257464\" data-video-id=\"VuKQY0yBWPQ\" data-video-title=\"Ame Sua Mente - Institucional\" data-live-date=\"0\" data-channel-id=\"UCVzDV6uqfZIxgHZvgeMlCyg\" >\n    <div class=\"sby_inner_item\">\n        <div class=\"sby_video_thumbnail_wrap sby_item_video_thumbnail_wrap\">\n            <a class=\"sby_video_thumbnail sby_item_video_thumbnail\" style=\"background-image:url(https:\/\/www.amesuamente.org.br\/en\/wp-content\/plugins\/youtube-feed-pro\/img\/placeholder.png)\" href=\"https:\/\/www.youtube.com\/watch?v=VuKQY0yBWPQ\" target=\"_blank\" rel=\"noopener\" data-full-res=\"https:\/\/i.ytimg.com\/vi\/VuKQY0yBWPQ\/maxresdefault.jpg\" data-img-src-set=\"{&quot;120&quot;:&quot;https:\\\/\\\/i.ytimg.com\\\/vi\\\/VuKQY0yBWPQ\\\/default.jpg&quot;,&quot;320&quot;:&quot;https:\\\/\\\/i.ytimg.com\\\/vi\\\/VuKQY0yBWPQ\\\/mqdefault.jpg&quot;,&quot;480&quot;:&quot;https:\\\/\\\/i.ytimg.com\\\/vi\\\/VuKQY0yBWPQ\\\/hqdefault.jpg&quot;,&quot;640&quot;:&quot;https:\\\/\\\/i.ytimg.com\\\/vi\\\/VuKQY0yBWPQ\\\/sddefault.jpg&quot;}\" data-video-id=\"VuKQY0yBWPQ\"  data-user=\"Instituto Ame Sua Mente\" data-url=\"https:\/\/www.youtube.com\/watch?v=VuKQY0yBWPQ\" data-avatar=\"\" data-title=\"O Instituto Ame sua Mente \u00e9 uma organiza\u00e7\u00e3o sem fins lucrativos que  tem como prop\u00f3sito criar uma nova cultura de sa\u00fade mental no Brasil. &lt;br \/&gt;\n&lt;br \/&gt;\nAs estrat\u00e9gias de atua\u00e7\u00e3o do Instituto est\u00e3o divididas em dois grandes eixos: Educa\u00e7\u00e3o e Advocacy. Em Educa\u00e7\u00e3o, desenvolvemos programas e projetos com foco priorit\u00e1rio no ambiente escolar, principalmente na figura do educador da rede p\u00fablica de ensino. &lt;br \/&gt;\n&lt;br \/&gt;\nJ\u00e1 em Advocacy, visamos combater os estigmas, preconceitos e a busca tardia por tratamento, atrav\u00e9s da conscientiza\u00e7\u00e3o da sociedade sobre a cultura da promo\u00e7\u00e3o, preven\u00e7\u00e3o e manejo da sa\u00fade mental.&lt;br \/&gt;\n&lt;br \/&gt;\nA import\u00e2ncia do tema:&lt;br \/&gt;\n\u2022 1 em cada 4 adultos  tem transtorno mental. &lt;br \/&gt;\n\u2022 50% destes problemas surgem at\u00e9 os 14 anos e 70%  at\u00e9 24 anos. &lt;br \/&gt;\n\u2022 80% destas crian\u00e7as e jovens n\u00e3o recebem tratamento, principalmente, porque n\u00e3o procuram  ajuda devido ao preconceito em rela\u00e7\u00e3o ao tema. &lt;br \/&gt;\n&lt;br \/&gt;\nVamos juntos colocar a sa\u00fade mental na pauta da nossa sociedade?&lt;br \/&gt;\n&lt;br \/&gt;\nQuanto mais cedo melhor.\" data-video-title=\"Ame Sua Mente - Institucional\" data-channel-id=\"UCVzDV6uqfZIxgHZvgeMlCyg\" data-views=\"9.3K views\" data-published-date=\"1668257464\" data-formatted-published-date=\"12 de November de 2022 09:51\" data-comment-count=\"4\">\n                <img decoding=\"async\" src=\"https:\/\/www.amesuamente.org.br\/en\/wp-content\/plugins\/youtube-feed-pro\/img\/placeholder.png\" alt=\"O Instituto Ame sua Mente \u00e9 uma organiza\u00e7\u00e3o sem fins lucrativos que  tem como prop\u00f3sito criar uma nova cultura de sa\u00fade mental no Brasil. \n\nAs estrat\u00e9gias de atua\u00e7\u00e3o do Instituto est\u00e3o divididas em dois grandes eixos: Educa\u00e7\u00e3o e Advocacy. Em Educa\u00e7\u00e3o, desenvolvemos programas e projetos com foco priorit\u00e1rio no ambiente escolar, principalmente na figura do educador da rede p\u00fablica de ensino. \n\nJ\u00e1 em Advocacy, visamos combater os estigmas, preconceitos e a busca tardia por tratamento, atrav\u00e9s da conscientiza\u00e7\u00e3o da sociedade sobre a cultura da promo\u00e7\u00e3o, preven\u00e7\u00e3o e manejo da sa\u00fade mental.\n\nA import\u00e2ncia do tema:\n\u2022 1 em cada 4 adultos  tem transtorno mental. \n\u2022 50% destes problemas surgem at\u00e9 os 14 anos e 70%  at\u00e9 24 anos. \n\u2022 80% destas crian\u00e7as e jovens n\u00e3o recebem tratamento, principalmente, porque n\u00e3o procuram  ajuda devido ao preconceito em rela\u00e7\u00e3o ao tema. \n\nVamos juntos colocar a sa\u00fade mental na pauta da nossa sociedade?\n\nQuanto mais cedo melhor.\">\n                \n                <div class=\"sby_thumbnail_hover sby_item_video_thumbnail_hover\">\n                    <div class=\"sby_thumbnail_hover_inner\">\n                        \n                        \n                        \n                                                    <p class=\"sby_caption\" >O Instituto Ame sua Mente \u00e9 uma organiza\u00e7\u00e3o sem fins lucrativos que  tem como prop\u00f3sito criar uma nova cultura de sa\u00fade mental no Brasil. <br>\n<br>\nAs estrat\u00e9gias de atua\u00e7\u00e3o do Instituto est\u00e3o divididas em dois grandes eixos: Educa\u00e7\u00e3o e Advocacy. Em Educa\u00e7\u00e3o, desenvolvemos programas e projetos com foco priorit\u00e1rio no ambiente escolar, principalmente na figura do educador da rede p\u00fablica de ensino. <br>\n<br>\nJ\u00e1 em Advocacy, visamos combater os estigmas, preconceitos e a busca tardia por tratamento, atrav\u00e9s da conscientiza\u00e7\u00e3o da sociedade sobre a cultura da promo\u00e7\u00e3o, preven\u00e7\u00e3o e manejo da sa\u00fade mental.<br>\n<br>\nA import\u00e2ncia do tema:<br>\n\u2022 1 em cada 4 adultos  tem transtorno mental. <br>\n\u2022 50% destes problemas surgem at\u00e9 os 14 anos e 70%  at\u00e9 24 anos. <br>\n\u2022 80% destas crian\u00e7as e jovens n\u00e3o recebem tratamento, principalmente, porque n\u00e3o procuram  ajuda devido ao preconceito em rela\u00e7\u00e3o ao tema. <br>\n<br>\nVamos juntos colocar a sa\u00fade mental na pauta da nossa sociedade?<br>\n<br>\nQuanto mais cedo melhor.<\/p>\n                        \n                                                    <p class=\"sby_stats\" >\n                                <span class=\"sby_likes\" >\n                                                                    <span class=\"sby_like_count\">172<\/span>\n                                <\/span>\n                                <span class=\"sby_comments\" >\n                                                                        <span class=\"sby_comment_count\">4<\/span>\n                                <\/span>\n                            <\/p>\n                                            <\/div>\n                <\/div>\n\n                <span class=\"sby-screenreader\">YouTube Video UEx0Q0tvVE9zX3Rkck1wWURmSHh5ZG95RHVBMnJLWV84ZS4yODlGNEE0NkRGMEEzMEQy<\/span>\n                                    <div class=\"sby_play_btn\" >\n                        <span class=\"sby_play_btn_bg\"><\/span>\n                    <svg aria-hidden=\"true\" focusable=\"false\" data-prefix=\"fab\" data-icon=\"youtube\" role=\"img\" xmlns=\"http:\/\/www.w3.org\/2000\/svg\" viewBox=\"0 0 576 512\" class=\"svg-inline--fa fa-youtube fa-w-18\"><path fill=\"currentColor\" d=\"M549.655 124.083c-6.281-23.65-24.787-42.276-48.284-48.597C458.781 64 288 64 288 64S117.22 64 74.629 75.486c-23.497 6.322-42.003 24.947-48.284 48.597-11.412 42.867-11.412 132.305-11.412 132.305s0 89.438 11.412 132.305c6.281 23.65 24.787 41.5 48.284 47.821C117.22 448 288 448 288 448s170.78 0 213.371-11.486c23.497-6.321 42.003-24.171 48.284-47.821 11.412-42.867 11.412-132.305 11.412-132.305s0-89.438-11.412-132.305zm-317.51 213.508V175.185l142.739 81.205-142.739 81.201z\" class=\"\"><\/path><\/svg>                    <\/div>\n                                <span class=\"sby_loader sby_hidden\" style=\"background-color: rgb(255, 255, 255);\"><\/span>\n            <\/a>\n\n            \n        <\/div>\n\n        \n<div class=\"sby_info sby_info_item\">\n\t<div class=\"sby-video-info-bottom\">\n\t\t<div class=\"sby-video-info\">\n\t\t\t\t\t\t\t<p class=\"sby_video_title_wrap\" >\n\t\t\t\t\t<span class=\"sby_video_title\">Ame Sua Mente - Institucional<\/span>\n\t\t\t\t<\/p>\n\t\t\t\n\t\t\t\n\t\t\t\n\t\t\t\n\t\t\t\t\t<\/div>\n\n\t\t\t\t\t\t\t\t<\/div>\n<\/div>    <\/div>\n<\/div><div class=\"sby_item  sby_new sby_transition\" id=\"sby_UEx0Q0tvVE9zX3Rkck1wWURmSHh5ZG95RHVBMnJLWV84ZS41MjE1MkI0OTQ2QzJGNzNG\" data-date=\"1683310685\" data-video-id=\"OMietc5-v1g\" data-video-title=\"Instituto Ame Sua Mente - Vers\u00e3o Reduzida\" data-live-date=\"0\" data-channel-id=\"UCVzDV6uqfZIxgHZvgeMlCyg\" >\n    <div class=\"sby_inner_item\">\n        <div class=\"sby_video_thumbnail_wrap sby_item_video_thumbnail_wrap\">\n            <a class=\"sby_video_thumbnail sby_item_video_thumbnail\" style=\"background-image:url(https:\/\/www.amesuamente.org.br\/en\/wp-content\/plugins\/youtube-feed-pro\/img\/placeholder.png)\" href=\"https:\/\/www.youtube.com\/watch?v=OMietc5-v1g\" target=\"_blank\" rel=\"noopener\" data-full-res=\"https:\/\/i.ytimg.com\/vi\/OMietc5-v1g\/hqdefault.jpg\" data-img-src-set=\"{&quot;120&quot;:&quot;https:\\\/\\\/i.ytimg.com\\\/vi\\\/OMietc5-v1g\\\/default.jpg&quot;,&quot;320&quot;:&quot;https:\\\/\\\/i.ytimg.com\\\/vi\\\/OMietc5-v1g\\\/mqdefault.jpg&quot;,&quot;480&quot;:&quot;https:\\\/\\\/i.ytimg.com\\\/vi\\\/OMietc5-v1g\\\/hqdefault.jpg&quot;,&quot;640&quot;:&quot;https:\\\/\\\/i.ytimg.com\\\/vi\\\/OMietc5-v1g\\\/sddefault.jpg&quot;}\" data-video-id=\"OMietc5-v1g\"  data-user=\"Instituto Ame Sua Mente\" data-url=\"https:\/\/www.youtube.com\/watch?v=OMietc5-v1g\" data-avatar=\"\" data-title=\"O Instituto Ame Sua Mente \u00e9 uma organiza\u00e7\u00e3o da Sociedade Civil que desenvolve projetos pautados em pesquisas cient\u00edficas e com foco na promo\u00e7\u00e3o da sa\u00fade mental, redu\u00e7\u00e3o do estigma, preven\u00e7\u00e3o e manejo de transtornos, tendo o educador da rede p\u00fablica como principal p\u00fablico.&lt;br \/&gt;\n&lt;br \/&gt;\nO instituto foi fundado em 2018, ap\u00f3s mais de 10 anos de pesquisas cient\u00edficas junto a escolas p\u00fablicas, trabalho realizado por meio do projeto \u201cCuca Legal\u201d, em parceria com a Escola Paulista de Medicina \u2013 EPM\/UNIFESP.&lt;br \/&gt;\n&lt;br \/&gt;\nOs resultados colhidos a partir dessa iniciativa \u2013 que visava a promo\u00e7\u00e3o da sa\u00fade mental, preven\u00e7\u00e3o e manejo de transtornos na escola atrav\u00e9s de programas de assist\u00eancia e letramento em sa\u00fade mental \u2013 fundamentaram a estrutura\u00e7\u00e3o do Instituto.&lt;br \/&gt;\n&lt;br \/&gt;\nAcesse: www.amesuamente.org.br\" data-video-title=\"Instituto Ame Sua Mente - Vers\u00e3o Reduzida\" data-channel-id=\"UCVzDV6uqfZIxgHZvgeMlCyg\" data-views=\"3.2K views\" data-published-date=\"1683310685\" data-formatted-published-date=\"5 de May de 2023 15:18\" data-comment-count=\"1\">\n                <img decoding=\"async\" src=\"https:\/\/www.amesuamente.org.br\/en\/wp-content\/plugins\/youtube-feed-pro\/img\/placeholder.png\" alt=\"O Instituto Ame Sua Mente \u00e9 uma organiza\u00e7\u00e3o da Sociedade Civil que desenvolve projetos pautados em pesquisas cient\u00edficas e com foco na promo\u00e7\u00e3o da sa\u00fade mental, redu\u00e7\u00e3o do estigma, preven\u00e7\u00e3o e manejo de transtornos, tendo o educador da rede p\u00fablica como principal p\u00fablico.\n\nO instituto foi fundado em 2018, ap\u00f3s mais de 10 anos de pesquisas cient\u00edficas junto a escolas p\u00fablicas, trabalho realizado por meio do projeto \u201cCuca Legal\u201d, em parceria com a Escola Paulista de Medicina \u2013 EPM\/UNIFESP.\n\nOs resultados colhidos a partir dessa iniciativa \u2013 que visava a promo\u00e7\u00e3o da sa\u00fade mental, preven\u00e7\u00e3o e manejo de transtornos na escola atrav\u00e9s de programas de assist\u00eancia e letramento em sa\u00fade mental \u2013 fundamentaram a estrutura\u00e7\u00e3o do Instituto.\n\nAcesse: www.amesuamente.org.br\">\n                \n                <div class=\"sby_thumbnail_hover sby_item_video_thumbnail_hover\">\n                    <div class=\"sby_thumbnail_hover_inner\">\n                        \n                        \n                        \n                                                    <p class=\"sby_caption\" >O Instituto Ame Sua Mente \u00e9 uma organiza\u00e7\u00e3o da Sociedade Civil que desenvolve projetos pautados em pesquisas cient\u00edficas e com foco na promo\u00e7\u00e3o da sa\u00fade mental, redu\u00e7\u00e3o do estigma, preven\u00e7\u00e3o e manejo de transtornos, tendo o educador da rede p\u00fablica como principal p\u00fablico.<br>\n<br>\nO instituto foi fundado em 2018, ap\u00f3s mais de 10 anos de pesquisas cient\u00edficas junto a escolas p\u00fablicas, trabalho realizado por meio do projeto \u201cCuca Legal\u201d, em parceria com a Escola Paulista de Medicina \u2013 EPM\/UNIFESP.<br>\n<br>\nOs resultados colhidos a partir dessa iniciativa \u2013 que visava a promo\u00e7\u00e3o da sa\u00fade mental, preven\u00e7\u00e3o e manejo de transtornos na escola atrav\u00e9s de programas de assist\u00eancia e letramento em sa\u00fade mental \u2013 fundamentaram a estrutura\u00e7\u00e3o do Instituto.<br>\n<br>\nAcesse: www.amesuamente.org.br<\/p>\n                        \n                                                    <p class=\"sby_stats\" >\n                                <span class=\"sby_likes\" >\n                                                                    <span class=\"sby_like_count\">62<\/span>\n                                <\/span>\n                                <span class=\"sby_comments\" >\n                                                                        <span class=\"sby_comment_count\">1<\/span>\n                                <\/span>\n                            <\/p>\n                                            <\/div>\n                <\/div>\n\n                <span class=\"sby-screenreader\">YouTube Video UEx0Q0tvVE9zX3Rkck1wWURmSHh5ZG95RHVBMnJLWV84ZS41MjE1MkI0OTQ2QzJGNzNG<\/span>\n                                    <div class=\"sby_play_btn\" >\n                        <span class=\"sby_play_btn_bg\"><\/span>\n                    <svg aria-hidden=\"true\" focusable=\"false\" data-prefix=\"fab\" data-icon=\"youtube\" role=\"img\" xmlns=\"http:\/\/www.w3.org\/2000\/svg\" viewBox=\"0 0 576 512\" class=\"svg-inline--fa fa-youtube fa-w-18\"><path fill=\"currentColor\" d=\"M549.655 124.083c-6.281-23.65-24.787-42.276-48.284-48.597C458.781 64 288 64 288 64S117.22 64 74.629 75.486c-23.497 6.322-42.003 24.947-48.284 48.597-11.412 42.867-11.412 132.305-11.412 132.305s0 89.438 11.412 132.305c6.281 23.65 24.787 41.5 48.284 47.821C117.22 448 288 448 288 448s170.78 0 213.371-11.486c23.497-6.321 42.003-24.171 48.284-47.821 11.412-42.867 11.412-132.305 11.412-132.305s0-89.438-11.412-132.305zm-317.51 213.508V175.185l142.739 81.205-142.739 81.201z\" class=\"\"><\/path><\/svg>                    <\/div>\n                                <span class=\"sby_loader sby_hidden\" style=\"background-color: rgb(255, 255, 255);\"><\/span>\n            <\/a>\n\n            \n        <\/div>\n\n        \n<div class=\"sby_info sby_info_item\">\n\t<div class=\"sby-video-info-bottom\">\n\t\t<div class=\"sby-video-info\">\n\t\t\t\t\t\t\t<p class=\"sby_video_title_wrap\" >\n\t\t\t\t\t<span class=\"sby_video_title\">Instituto Ame Sua Mente - Vers\u00e3o Reduzida<\/span>\n\t\t\t\t<\/p>\n\t\t\t\n\t\t\t\n\t\t\t\n\t\t\t\n\t\t\t\t\t<\/div>\n\n\t\t\t\t\t\t\t\t<\/div>\n<\/div>    <\/div>\n<\/div><div class=\"sby_item  sby_new sby_transition\" id=\"sby_UEx0Q0tvVE9zX3Rkck1wWURmSHh5ZG95RHVBMnJLWV84ZS4wMTcyMDhGQUE4NTIzM0Y5\" data-date=\"1651526125\" data-video-id=\"xMgzZlJErso\" data-video-title=\"Panorama da sa\u00fade mental - vers\u00e3o reduzida\" data-live-date=\"0\" data-channel-id=\"UCVzDV6uqfZIxgHZvgeMlCyg\" >\n    <div class=\"sby_inner_item\">\n        <div class=\"sby_video_thumbnail_wrap sby_item_video_thumbnail_wrap\">\n            <a class=\"sby_video_thumbnail sby_item_video_thumbnail\" style=\"background-image:url(https:\/\/www.amesuamente.org.br\/en\/wp-content\/plugins\/youtube-feed-pro\/img\/placeholder.png)\" href=\"https:\/\/www.youtube.com\/watch?v=xMgzZlJErso\" target=\"_blank\" rel=\"noopener\" data-full-res=\"https:\/\/i.ytimg.com\/vi\/xMgzZlJErso\/maxresdefault.jpg\" data-img-src-set=\"{&quot;120&quot;:&quot;https:\\\/\\\/i.ytimg.com\\\/vi\\\/xMgzZlJErso\\\/default.jpg&quot;,&quot;320&quot;:&quot;https:\\\/\\\/i.ytimg.com\\\/vi\\\/xMgzZlJErso\\\/mqdefault.jpg&quot;,&quot;480&quot;:&quot;https:\\\/\\\/i.ytimg.com\\\/vi\\\/xMgzZlJErso\\\/hqdefault.jpg&quot;,&quot;640&quot;:&quot;https:\\\/\\\/i.ytimg.com\\\/vi\\\/xMgzZlJErso\\\/sddefault.jpg&quot;}\" data-video-id=\"xMgzZlJErso\"  data-user=\"Instituto Ame Sua Mente\" data-url=\"https:\/\/www.youtube.com\/watch?v=xMgzZlJErso\" data-avatar=\"\" data-title=\"\" data-video-title=\"Panorama da sa\u00fade mental - vers\u00e3o reduzida\" data-channel-id=\"UCVzDV6uqfZIxgHZvgeMlCyg\" data-views=\"7.7K views\" data-published-date=\"1651526125\" data-formatted-published-date=\"2 de May de 2022 18:15\" data-comment-count=\"3\">\n                <img decoding=\"async\" src=\"https:\/\/www.amesuamente.org.br\/en\/wp-content\/plugins\/youtube-feed-pro\/img\/placeholder.png\" alt=\"\">\n                \n                <div class=\"sby_thumbnail_hover sby_item_video_thumbnail_hover\">\n                    <div class=\"sby_thumbnail_hover_inner\">\n                        \n                        \n                        \n                                                    <p class=\"sby_caption\" ><\/p>\n                        \n                                                    <p class=\"sby_stats\" >\n                                <span class=\"sby_likes\" >\n                                                                    <span class=\"sby_like_count\">159<\/span>\n                                <\/span>\n                                <span class=\"sby_comments\" >\n                                                                        <span class=\"sby_comment_count\">3<\/span>\n                                <\/span>\n                            <\/p>\n                                            <\/div>\n                <\/div>\n\n                <span class=\"sby-screenreader\">YouTube Video UEx0Q0tvVE9zX3Rkck1wWURmSHh5ZG95RHVBMnJLWV84ZS4wMTcyMDhGQUE4NTIzM0Y5<\/span>\n                                    <div class=\"sby_play_btn\" >\n                        <span class=\"sby_play_btn_bg\"><\/span>\n                    <svg aria-hidden=\"true\" focusable=\"false\" data-prefix=\"fab\" data-icon=\"youtube\" role=\"img\" xmlns=\"http:\/\/www.w3.org\/2000\/svg\" viewBox=\"0 0 576 512\" class=\"svg-inline--fa fa-youtube fa-w-18\"><path fill=\"currentColor\" d=\"M549.655 124.083c-6.281-23.65-24.787-42.276-48.284-48.597C458.781 64 288 64 288 64S117.22 64 74.629 75.486c-23.497 6.322-42.003 24.947-48.284 48.597-11.412 42.867-11.412 132.305-11.412 132.305s0 89.438 11.412 132.305c6.281 23.65 24.787 41.5 48.284 47.821C117.22 448 288 448 288 448s170.78 0 213.371-11.486c23.497-6.321 42.003-24.171 48.284-47.821 11.412-42.867 11.412-132.305 11.412-132.305s0-89.438-11.412-132.305zm-317.51 213.508V175.185l142.739 81.205-142.739 81.201z\" class=\"\"><\/path><\/svg>                    <\/div>\n                                <span class=\"sby_loader sby_hidden\" style=\"background-color: rgb(255, 255, 255);\"><\/span>\n            <\/a>\n\n            \n        <\/div>\n\n        \n<div class=\"sby_info sby_info_item\">\n\t<div class=\"sby-video-info-bottom\">\n\t\t<div class=\"sby-video-info\">\n\t\t\t\t\t\t\t<p class=\"sby_video_title_wrap\" >\n\t\t\t\t\t<span class=\"sby_video_title\">Panorama da sa\u00fade mental - vers\u00e3o reduzida<\/span>\n\t\t\t\t<\/p>\n\t\t\t\n\t\t\t\n\t\t\t\n\t\t\t\n\t\t\t\t\t<\/div>\n\n\t\t\t\t\t\t\t\t<\/div>\n<\/div>    <\/div>\n<\/div><div class=\"sby_item  sby_new sby_transition\" id=\"sby_UEx0Q0tvVE9zX3Rkck1wWURmSHh5ZG95RHVBMnJLWV84ZS4wOTA3OTZBNzVEMTUzOTMy\" data-date=\"1701896310\" data-video-id=\"ChPivVOgyHI\" data-video-title=\"Iniciativas Ame sua Mente - versa\u0303o reduzida\" data-live-date=\"0\" data-channel-id=\"UCVzDV6uqfZIxgHZvgeMlCyg\" >\n    <div class=\"sby_inner_item\">\n        <div class=\"sby_video_thumbnail_wrap sby_item_video_thumbnail_wrap\">\n            <a class=\"sby_video_thumbnail sby_item_video_thumbnail\" style=\"background-image:url(https:\/\/www.amesuamente.org.br\/en\/wp-content\/plugins\/youtube-feed-pro\/img\/placeholder.png)\" href=\"https:\/\/www.youtube.com\/watch?v=ChPivVOgyHI\" target=\"_blank\" rel=\"noopener\" data-full-res=\"https:\/\/i.ytimg.com\/vi\/ChPivVOgyHI\/maxresdefault.jpg\" data-img-src-set=\"{&quot;120&quot;:&quot;https:\\\/\\\/i.ytimg.com\\\/vi\\\/ChPivVOgyHI\\\/default.jpg&quot;,&quot;320&quot;:&quot;https:\\\/\\\/i.ytimg.com\\\/vi\\\/ChPivVOgyHI\\\/mqdefault.jpg&quot;,&quot;480&quot;:&quot;https:\\\/\\\/i.ytimg.com\\\/vi\\\/ChPivVOgyHI\\\/hqdefault.jpg&quot;,&quot;640&quot;:&quot;https:\\\/\\\/i.ytimg.com\\\/vi\\\/ChPivVOgyHI\\\/sddefault.jpg&quot;}\" data-video-id=\"ChPivVOgyHI\"  data-user=\"Instituto Ame Sua Mente\" data-url=\"https:\/\/www.youtube.com\/watch?v=ChPivVOgyHI\" data-avatar=\"\" data-title=\"\" data-video-title=\"Iniciativas Ame sua Mente - versa\u0303o reduzida\" data-channel-id=\"UCVzDV6uqfZIxgHZvgeMlCyg\" data-views=\"197 views\" data-published-date=\"1701896310\" data-formatted-published-date=\"6 de December de 2023 17:58\" data-comment-count=\"0\">\n                <img decoding=\"async\" src=\"https:\/\/www.amesuamente.org.br\/en\/wp-content\/plugins\/youtube-feed-pro\/img\/placeholder.png\" alt=\"\">\n                \n                <div class=\"sby_thumbnail_hover sby_item_video_thumbnail_hover\">\n                    <div class=\"sby_thumbnail_hover_inner\">\n                        \n                        \n                        \n                                                    <p class=\"sby_caption\" ><\/p>\n                        \n                                                    <p class=\"sby_stats\" >\n                                <span class=\"sby_likes\" >\n                                                                    <span class=\"sby_like_count\">7<\/span>\n                                <\/span>\n                                <span class=\"sby_comments\" >\n                                                                        <span class=\"sby_comment_count\">0<\/span>\n                                <\/span>\n                            <\/p>\n                                            <\/div>\n                <\/div>\n\n                <span class=\"sby-screenreader\">YouTube Video UEx0Q0tvVE9zX3Rkck1wWURmSHh5ZG95RHVBMnJLWV84ZS4wOTA3OTZBNzVEMTUzOTMy<\/span>\n                                    <div class=\"sby_play_btn\" >\n                        <span class=\"sby_play_btn_bg\"><\/span>\n                    <svg aria-hidden=\"true\" focusable=\"false\" data-prefix=\"fab\" data-icon=\"youtube\" role=\"img\" xmlns=\"http:\/\/www.w3.org\/2000\/svg\" viewBox=\"0 0 576 512\" class=\"svg-inline--fa fa-youtube fa-w-18\"><path fill=\"currentColor\" d=\"M549.655 124.083c-6.281-23.65-24.787-42.276-48.284-48.597C458.781 64 288 64 288 64S117.22 64 74.629 75.486c-23.497 6.322-42.003 24.947-48.284 48.597-11.412 42.867-11.412 132.305-11.412 132.305s0 89.438 11.412 132.305c6.281 23.65 24.787 41.5 48.284 47.821C117.22 448 288 448 288 448s170.78 0 213.371-11.486c23.497-6.321 42.003-24.171 48.284-47.821 11.412-42.867 11.412-132.305 11.412-132.305s0-89.438-11.412-132.305zm-317.51 213.508V175.185l142.739 81.205-142.739 81.201z\" class=\"\"><\/path><\/svg>                    <\/div>\n                                <span class=\"sby_loader sby_hidden\" style=\"background-color: rgb(255, 255, 255);\"><\/span>\n            <\/a>\n\n            \n        <\/div>\n\n        \n<div class=\"sby_info sby_info_item\">\n\t<div class=\"sby-video-info-bottom\">\n\t\t<div class=\"sby-video-info\">\n\t\t\t\t\t\t\t<p class=\"sby_video_title_wrap\" >\n\t\t\t\t\t<span class=\"sby_video_title\">Iniciativas Ame sua Mente - versa\u0303o reduzida<\/span>\n\t\t\t\t<\/p>\n\t\t\t\n\t\t\t\n\t\t\t\n\t\t\t\n\t\t\t\t\t<\/div>\n\n\t\t\t\t\t\t\t\t<\/div>\n<\/div>    <\/div>\n<\/div><div class=\"sby_item  sby_new sby_transition\" id=\"sby_UEx0Q0tvVE9zX3Rkck1wWURmSHh5ZG95RHVBMnJLWV84ZS4xMkVGQjNCMUM1N0RFNEUx\" data-date=\"1701896343\" data-video-id=\"jAKvZVxuQds\" data-video-title=\"Iniciativas Ame sua Mente\" data-live-date=\"0\" data-channel-id=\"UCVzDV6uqfZIxgHZvgeMlCyg\" >\n    <div class=\"sby_inner_item\">\n        <div class=\"sby_video_thumbnail_wrap sby_item_video_thumbnail_wrap\">\n            <a class=\"sby_video_thumbnail sby_item_video_thumbnail\" style=\"background-image:url(https:\/\/www.amesuamente.org.br\/en\/wp-content\/plugins\/youtube-feed-pro\/img\/placeholder.png)\" href=\"https:\/\/www.youtube.com\/watch?v=jAKvZVxuQds\" target=\"_blank\" rel=\"noopener\" data-full-res=\"https:\/\/i.ytimg.com\/vi\/jAKvZVxuQds\/maxresdefault.jpg\" data-img-src-set=\"{&quot;120&quot;:&quot;https:\\\/\\\/i.ytimg.com\\\/vi\\\/jAKvZVxuQds\\\/default.jpg&quot;,&quot;320&quot;:&quot;https:\\\/\\\/i.ytimg.com\\\/vi\\\/jAKvZVxuQds\\\/mqdefault.jpg&quot;,&quot;480&quot;:&quot;https:\\\/\\\/i.ytimg.com\\\/vi\\\/jAKvZVxuQds\\\/hqdefault.jpg&quot;,&quot;640&quot;:&quot;https:\\\/\\\/i.ytimg.com\\\/vi\\\/jAKvZVxuQds\\\/sddefault.jpg&quot;}\" data-video-id=\"jAKvZVxuQds\"  data-user=\"Instituto Ame Sua Mente\" data-url=\"https:\/\/www.youtube.com\/watch?v=jAKvZVxuQds\" data-avatar=\"\" data-title=\"\" data-video-title=\"Iniciativas Ame sua Mente\" data-channel-id=\"UCVzDV6uqfZIxgHZvgeMlCyg\" data-views=\"856 views\" data-published-date=\"1701896343\" data-formatted-published-date=\"6 de December de 2023 17:59\" data-comment-count=\"0\">\n                <img decoding=\"async\" src=\"https:\/\/www.amesuamente.org.br\/en\/wp-content\/plugins\/youtube-feed-pro\/img\/placeholder.png\" alt=\"\">\n                \n                <div class=\"sby_thumbnail_hover sby_item_video_thumbnail_hover\">\n                    <div class=\"sby_thumbnail_hover_inner\">\n                        \n                        \n                        \n                                                    <p class=\"sby_caption\" ><\/p>\n                        \n                                                    <p class=\"sby_stats\" >\n                                <span class=\"sby_likes\" >\n                                                                    <span class=\"sby_like_count\">22<\/span>\n                                <\/span>\n                                <span class=\"sby_comments\" >\n                                                                        <span class=\"sby_comment_count\">0<\/span>\n                                <\/span>\n                            <\/p>\n                                            <\/div>\n                <\/div>\n\n                <span class=\"sby-screenreader\">YouTube Video UEx0Q0tvVE9zX3Rkck1wWURmSHh5ZG95RHVBMnJLWV84ZS4xMkVGQjNCMUM1N0RFNEUx<\/span>\n                                    <div class=\"sby_play_btn\" >\n                        <span class=\"sby_play_btn_bg\"><\/span>\n                    <svg aria-hidden=\"true\" focusable=\"false\" data-prefix=\"fab\" data-icon=\"youtube\" role=\"img\" xmlns=\"http:\/\/www.w3.org\/2000\/svg\" viewBox=\"0 0 576 512\" class=\"svg-inline--fa fa-youtube fa-w-18\"><path fill=\"currentColor\" d=\"M549.655 124.083c-6.281-23.65-24.787-42.276-48.284-48.597C458.781 64 288 64 288 64S117.22 64 74.629 75.486c-23.497 6.322-42.003 24.947-48.284 48.597-11.412 42.867-11.412 132.305-11.412 132.305s0 89.438 11.412 132.305c6.281 23.65 24.787 41.5 48.284 47.821C117.22 448 288 448 288 448s170.78 0 213.371-11.486c23.497-6.321 42.003-24.171 48.284-47.821 11.412-42.867 11.412-132.305 11.412-132.305s0-89.438-11.412-132.305zm-317.51 213.508V175.185l142.739 81.205-142.739 81.201z\" class=\"\"><\/path><\/svg>                    <\/div>\n                                <span class=\"sby_loader sby_hidden\" style=\"background-color: rgb(255, 255, 255);\"><\/span>\n            <\/a>\n\n            \n        <\/div>\n\n        \n<div class=\"sby_info sby_info_item\">\n\t<div class=\"sby-video-info-bottom\">\n\t\t<div class=\"sby-video-info\">\n\t\t\t\t\t\t\t<p class=\"sby_video_title_wrap\" >\n\t\t\t\t\t<span class=\"sby_video_title\">Iniciativas Ame sua Mente<\/span>\n\t\t\t\t<\/p>\n\t\t\t\n\t\t\t\n\t\t\t\n\t\t\t\n\t\t\t\t\t<\/div>\n\n\t\t\t\t\t\t\t\t<\/div>\n<\/div>    <\/div>\n<\/div><div class=\"sby_item  sby_new sby_transition\" id=\"sby_UEx0Q0tvVE9zX3Rkck1wWURmSHh5ZG95RHVBMnJLWV84ZS41MzJCQjBCNDIyRkJDN0VD\" data-date=\"1707509793\" data-video-id=\"1GMUHBZGqT8\" data-video-title=\"Iniciativas Ame Sua Mente - Vers\u00e3o Ingl\u00eas\" data-live-date=\"0\" data-channel-id=\"UCVzDV6uqfZIxgHZvgeMlCyg\" >\n    <div class=\"sby_inner_item\">\n        <div class=\"sby_video_thumbnail_wrap sby_item_video_thumbnail_wrap\">\n            <a class=\"sby_video_thumbnail sby_item_video_thumbnail\" style=\"background-image:url(https:\/\/www.amesuamente.org.br\/en\/wp-content\/plugins\/youtube-feed-pro\/img\/placeholder.png)\" href=\"https:\/\/www.youtube.com\/watch?v=1GMUHBZGqT8\" target=\"_blank\" rel=\"noopener\" data-full-res=\"https:\/\/i.ytimg.com\/vi\/1GMUHBZGqT8\/maxresdefault.jpg\" data-img-src-set=\"{&quot;120&quot;:&quot;https:\\\/\\\/i.ytimg.com\\\/vi\\\/1GMUHBZGqT8\\\/default.jpg&quot;,&quot;320&quot;:&quot;https:\\\/\\\/i.ytimg.com\\\/vi\\\/1GMUHBZGqT8\\\/mqdefault.jpg&quot;,&quot;480&quot;:&quot;https:\\\/\\\/i.ytimg.com\\\/vi\\\/1GMUHBZGqT8\\\/hqdefault.jpg&quot;,&quot;640&quot;:&quot;https:\\\/\\\/i.ytimg.com\\\/vi\\\/1GMUHBZGqT8\\\/sddefault.jpg&quot;}\" data-video-id=\"1GMUHBZGqT8\"  data-user=\"Instituto Ame Sua Mente\" data-url=\"https:\/\/www.youtube.com\/watch?v=1GMUHBZGqT8\" data-avatar=\"\" data-title=\"\" data-video-title=\"Iniciativas Ame Sua Mente - Vers\u00e3o Ingl\u00eas\" data-channel-id=\"UCVzDV6uqfZIxgHZvgeMlCyg\" data-views=\"112 views\" data-published-date=\"1707509793\" data-formatted-published-date=\"9 de February de 2024 17:16\" data-comment-count=\"0\">\n                <img decoding=\"async\" src=\"https:\/\/www.amesuamente.org.br\/en\/wp-content\/plugins\/youtube-feed-pro\/img\/placeholder.png\" alt=\"\">\n                \n                <div class=\"sby_thumbnail_hover sby_item_video_thumbnail_hover\">\n                    <div class=\"sby_thumbnail_hover_inner\">\n                        \n                        \n                        \n                                                    <p class=\"sby_caption\" ><\/p>\n                        \n                                                    <p class=\"sby_stats\" >\n                                <span class=\"sby_likes\" >\n                                                                    <span class=\"sby_like_count\">1<\/span>\n                                <\/span>\n                                <span class=\"sby_comments\" >\n                                                                        <span class=\"sby_comment_count\">0<\/span>\n                                <\/span>\n                            <\/p>\n                                            <\/div>\n                <\/div>\n\n                <span class=\"sby-screenreader\">YouTube Video UEx0Q0tvVE9zX3Rkck1wWURmSHh5ZG95RHVBMnJLWV84ZS41MzJCQjBCNDIyRkJDN0VD<\/span>\n                                    <div class=\"sby_play_btn\" >\n                        <span class=\"sby_play_btn_bg\"><\/span>\n                    <svg aria-hidden=\"true\" focusable=\"false\" data-prefix=\"fab\" data-icon=\"youtube\" role=\"img\" xmlns=\"http:\/\/www.w3.org\/2000\/svg\" viewBox=\"0 0 576 512\" class=\"svg-inline--fa fa-youtube fa-w-18\"><path fill=\"currentColor\" d=\"M549.655 124.083c-6.281-23.65-24.787-42.276-48.284-48.597C458.781 64 288 64 288 64S117.22 64 74.629 75.486c-23.497 6.322-42.003 24.947-48.284 48.597-11.412 42.867-11.412 132.305-11.412 132.305s0 89.438 11.412 132.305c6.281 23.65 24.787 41.5 48.284 47.821C117.22 448 288 448 288 448s170.78 0 213.371-11.486c23.497-6.321 42.003-24.171 48.284-47.821 11.412-42.867 11.412-132.305 11.412-132.305s0-89.438-11.412-132.305zm-317.51 213.508V175.185l142.739 81.205-142.739 81.201z\" class=\"\"><\/path><\/svg>                    <\/div>\n                                <span class=\"sby_loader sby_hidden\" style=\"background-color: rgb(255, 255, 255);\"><\/span>\n            <\/a>\n\n            \n        <\/div>\n\n        \n<div class=\"sby_info sby_info_item\">\n\t<div class=\"sby-video-info-bottom\">\n\t\t<div class=\"sby-video-info\">\n\t\t\t\t\t\t\t<p class=\"sby_video_title_wrap\" >\n\t\t\t\t\t<span class=\"sby_video_title\">Iniciativas Ame Sua Mente - Vers\u00e3o Ingl\u00eas<\/span>\n\t\t\t\t<\/p>\n\t\t\t\n\t\t\t\n\t\t\t\n\t\t\t\n\t\t\t\t\t<\/div>\n\n\t\t\t\t\t\t\t\t<\/div>\n<\/div>    <\/div>\n<\/div><div class=\"sby_item  sby_new sby_transition\" id=\"sby_UEx0Q0tvVE9zX3Rkck1wWURmSHh5ZG95RHVBMnJLWV84ZS5DQUNERDQ2NkIzRUQxNTY1\" data-date=\"1709160719\" data-video-id=\"qPrPd-j4B78\" data-video-title=\"Ame Sua Mente - Institucional - Legendado Ingl\u00eas.\" data-live-date=\"0\" data-channel-id=\"UCVzDV6uqfZIxgHZvgeMlCyg\" >\n    <div class=\"sby_inner_item\">\n        <div class=\"sby_video_thumbnail_wrap sby_item_video_thumbnail_wrap\">\n            <a class=\"sby_video_thumbnail sby_item_video_thumbnail\" style=\"background-image:url(https:\/\/www.amesuamente.org.br\/en\/wp-content\/plugins\/youtube-feed-pro\/img\/placeholder.png)\" href=\"https:\/\/www.youtube.com\/watch?v=qPrPd-j4B78\" target=\"_blank\" rel=\"noopener\" data-full-res=\"https:\/\/i.ytimg.com\/vi\/qPrPd-j4B78\/hqdefault.jpg\" data-img-src-set=\"{&quot;120&quot;:&quot;https:\\\/\\\/i.ytimg.com\\\/vi\\\/qPrPd-j4B78\\\/default.jpg&quot;,&quot;320&quot;:&quot;https:\\\/\\\/i.ytimg.com\\\/vi\\\/qPrPd-j4B78\\\/mqdefault.jpg&quot;,&quot;480&quot;:&quot;https:\\\/\\\/i.ytimg.com\\\/vi\\\/qPrPd-j4B78\\\/hqdefault.jpg&quot;,&quot;640&quot;:&quot;https:\\\/\\\/i.ytimg.com\\\/vi\\\/qPrPd-j4B78\\\/sddefault.jpg&quot;}\" data-video-id=\"qPrPd-j4B78\"  data-user=\"Instituto Ame Sua Mente\" data-url=\"https:\/\/www.youtube.com\/watch?v=qPrPd-j4B78\" data-avatar=\"\" data-title=\"\" data-video-title=\"Ame Sua Mente - Institucional - Legendado Ingl\u00eas.\" data-channel-id=\"UCVzDV6uqfZIxgHZvgeMlCyg\" data-views=\"256 views\" data-published-date=\"1709160719\" data-formatted-published-date=\"28 de February de 2024 19:51\" data-comment-count=\"0\">\n                <img decoding=\"async\" src=\"https:\/\/www.amesuamente.org.br\/en\/wp-content\/plugins\/youtube-feed-pro\/img\/placeholder.png\" alt=\"\">\n                \n                <div class=\"sby_thumbnail_hover sby_item_video_thumbnail_hover\">\n                    <div class=\"sby_thumbnail_hover_inner\">\n                        \n                        \n                        \n                                                    <p class=\"sby_caption\" ><\/p>\n                        \n                                                    <p class=\"sby_stats\" >\n                                <span class=\"sby_likes\" >\n                                                                    <span class=\"sby_like_count\">2<\/span>\n                                <\/span>\n                                <span class=\"sby_comments\" >\n                                                                        <span class=\"sby_comment_count\">0<\/span>\n                                <\/span>\n                            <\/p>\n                                            <\/div>\n                <\/div>\n\n                <span class=\"sby-screenreader\">YouTube Video UEx0Q0tvVE9zX3Rkck1wWURmSHh5ZG95RHVBMnJLWV84ZS5DQUNERDQ2NkIzRUQxNTY1<\/span>\n                                    <div class=\"sby_play_btn\" >\n                        <span class=\"sby_play_btn_bg\"><\/span>\n                    <svg aria-hidden=\"true\" focusable=\"false\" data-prefix=\"fab\" data-icon=\"youtube\" role=\"img\" xmlns=\"http:\/\/www.w3.org\/2000\/svg\" viewBox=\"0 0 576 512\" class=\"svg-inline--fa fa-youtube fa-w-18\"><path fill=\"currentColor\" d=\"M549.655 124.083c-6.281-23.65-24.787-42.276-48.284-48.597C458.781 64 288 64 288 64S117.22 64 74.629 75.486c-23.497 6.322-42.003 24.947-48.284 48.597-11.412 42.867-11.412 132.305-11.412 132.305s0 89.438 11.412 132.305c6.281 23.65 24.787 41.5 48.284 47.821C117.22 448 288 448 288 448s170.78 0 213.371-11.486c23.497-6.321 42.003-24.171 48.284-47.821 11.412-42.867 11.412-132.305 11.412-132.305s0-89.438-11.412-132.305zm-317.51 213.508V175.185l142.739 81.205-142.739 81.201z\" class=\"\"><\/path><\/svg>                    <\/div>\n                                <span class=\"sby_loader sby_hidden\" style=\"background-color: rgb(255, 255, 255);\"><\/span>\n            <\/a>\n\n            \n        <\/div>\n\n        \n<div class=\"sby_info sby_info_item\">\n\t<div class=\"sby-video-info-bottom\">\n\t\t<div class=\"sby-video-info\">\n\t\t\t\t\t\t\t<p class=\"sby_video_title_wrap\" >\n\t\t\t\t\t<span class=\"sby_video_title\">Ame Sua Mente - Institucional - Legendado Ingl\u00eas.<\/span>\n\t\t\t\t<\/p>\n\t\t\t\n\t\t\t\n\t\t\t\n\t\t\t\n\t\t\t\t\t<\/div>\n\n\t\t\t\t\t\t\t\t<\/div>\n<\/div>    <\/div>\n<\/div><div class=\"sby_item  sby_new sby_transition\" id=\"sby_UEx0Q0tvVE9zX3Rkck1wWURmSHh5ZG95RHVBMnJLWV84ZS45NDk1REZENzhEMzU5MDQz\" data-date=\"1764287346\" data-video-id=\"K0wSt_8JVtg\" data-video-title=\"Sa\u00fade Mental: voc\u00ea conhece algu\u00e9m que poderia estar nessa cadeira?\" data-live-date=\"0\" data-channel-id=\"UCVzDV6uqfZIxgHZvgeMlCyg\" >\n    <div class=\"sby_inner_item\">\n        <div class=\"sby_video_thumbnail_wrap sby_item_video_thumbnail_wrap\">\n            <a class=\"sby_video_thumbnail sby_item_video_thumbnail\" style=\"background-image:url(https:\/\/www.amesuamente.org.br\/en\/wp-content\/plugins\/youtube-feed-pro\/img\/placeholder.png)\" href=\"https:\/\/www.youtube.com\/watch?v=K0wSt_8JVtg\" target=\"_blank\" rel=\"noopener\" data-full-res=\"https:\/\/i.ytimg.com\/vi\/K0wSt_8JVtg\/maxresdefault.jpg\" data-img-src-set=\"{&quot;120&quot;:&quot;https:\\\/\\\/i.ytimg.com\\\/vi\\\/K0wSt_8JVtg\\\/default.jpg&quot;,&quot;320&quot;:&quot;https:\\\/\\\/i.ytimg.com\\\/vi\\\/K0wSt_8JVtg\\\/mqdefault.jpg&quot;,&quot;480&quot;:&quot;https:\\\/\\\/i.ytimg.com\\\/vi\\\/K0wSt_8JVtg\\\/hqdefault.jpg&quot;,&quot;640&quot;:&quot;https:\\\/\\\/i.ytimg.com\\\/vi\\\/K0wSt_8JVtg\\\/sddefault.jpg&quot;}\" data-video-id=\"K0wSt_8JVtg\"  data-user=\"Instituto Ame Sua Mente\" data-url=\"https:\/\/www.youtube.com\/watch?v=K0wSt_8JVtg\" data-avatar=\"\" data-title=\"\" data-video-title=\"Sa\u00fade Mental: voc\u00ea conhece algu\u00e9m que poderia estar nessa cadeira?\" data-channel-id=\"UCVzDV6uqfZIxgHZvgeMlCyg\" data-views=\"553 views\" data-published-date=\"1764287346\" data-formatted-published-date=\"27 de November de 2025 20:49\" data-comment-count=\"2\">\n                <img decoding=\"async\" src=\"https:\/\/www.amesuamente.org.br\/en\/wp-content\/plugins\/youtube-feed-pro\/img\/placeholder.png\" alt=\"\">\n                \n                <div class=\"sby_thumbnail_hover sby_item_video_thumbnail_hover\">\n                    <div class=\"sby_thumbnail_hover_inner\">\n                        \n                        \n                        \n                                                    <p class=\"sby_caption\" ><\/p>\n                        \n                                                    <p class=\"sby_stats\" >\n                                <span class=\"sby_likes\" >\n                                                                    <span class=\"sby_like_count\">28<\/span>\n                                <\/span>\n                                <span class=\"sby_comments\" >\n                                                                        <span class=\"sby_comment_count\">2<\/span>\n                                <\/span>\n                            <\/p>\n                                            <\/div>\n                <\/div>\n\n                <span class=\"sby-screenreader\">YouTube Video UEx0Q0tvVE9zX3Rkck1wWURmSHh5ZG95RHVBMnJLWV84ZS45NDk1REZENzhEMzU5MDQz<\/span>\n                                    <div class=\"sby_play_btn\" >\n                        <span class=\"sby_play_btn_bg\"><\/span>\n                    <svg aria-hidden=\"true\" focusable=\"false\" data-prefix=\"fab\" data-icon=\"youtube\" role=\"img\" xmlns=\"http:\/\/www.w3.org\/2000\/svg\" viewBox=\"0 0 576 512\" class=\"svg-inline--fa fa-youtube fa-w-18\"><path fill=\"currentColor\" d=\"M549.655 124.083c-6.281-23.65-24.787-42.276-48.284-48.597C458.781 64 288 64 288 64S117.22 64 74.629 75.486c-23.497 6.322-42.003 24.947-48.284 48.597-11.412 42.867-11.412 132.305-11.412 132.305s0 89.438 11.412 132.305c6.281 23.65 24.787 41.5 48.284 47.821C117.22 448 288 448 288 448s170.78 0 213.371-11.486c23.497-6.321 42.003-24.171 48.284-47.821 11.412-42.867 11.412-132.305 11.412-132.305s0-89.438-11.412-132.305zm-317.51 213.508V175.185l142.739 81.205-142.739 81.201z\" class=\"\"><\/path><\/svg>                    <\/div>\n                                <span class=\"sby_loader sby_hidden\" style=\"background-color: rgb(255, 255, 255);\"><\/span>\n            <\/a>\n\n            \n        <\/div>\n\n        \n<div class=\"sby_info sby_info_item\">\n\t<div class=\"sby-video-info-bottom\">\n\t\t<div class=\"sby-video-info\">\n\t\t\t\t\t\t\t<p class=\"sby_video_title_wrap\" >\n\t\t\t\t\t<span class=\"sby_video_title\">Sa\u00fade Mental: voc\u00ea conhece algu\u00e9m que poderia estar nessa cadeira?<\/span>\n\t\t\t\t<\/p>\n\t\t\t\n\t\t\t\n\t\t\t\n\t\t\t\n\t\t\t\t\t<\/div>\n\n\t\t\t\t\t\t\t\t<\/div>\n<\/div>    <\/div>\n<\/div><div class=\"sby_item  sby_new sby_transition\" id=\"sby_UEx0Q0tvVE9zX3Rkck1wWURmSHh5ZG95RHVBMnJLWV84ZS5GNjNDRDREMDQxOThCMDQ2\" data-date=\"1764247414\" data-video-id=\"_LO_iVUe8A4\" data-video-title=\"AME SUA MENTE\" data-live-date=\"0\" data-channel-id=\"UCVzDV6uqfZIxgHZvgeMlCyg\" >\n    <div class=\"sby_inner_item\">\n        <div class=\"sby_video_thumbnail_wrap sby_item_video_thumbnail_wrap\">\n            <a class=\"sby_video_thumbnail sby_item_video_thumbnail\" style=\"background-image:url(https:\/\/www.amesuamente.org.br\/en\/wp-content\/plugins\/youtube-feed-pro\/img\/placeholder.png)\" href=\"https:\/\/www.youtube.com\/watch?v=_LO_iVUe8A4\" target=\"_blank\" rel=\"noopener\" data-full-res=\"https:\/\/i.ytimg.com\/vi\/_LO_iVUe8A4\/maxresdefault.jpg\" data-img-src-set=\"{&quot;120&quot;:&quot;https:\\\/\\\/i.ytimg.com\\\/vi\\\/_LO_iVUe8A4\\\/default.jpg&quot;,&quot;320&quot;:&quot;https:\\\/\\\/i.ytimg.com\\\/vi\\\/_LO_iVUe8A4\\\/mqdefault.jpg&quot;,&quot;480&quot;:&quot;https:\\\/\\\/i.ytimg.com\\\/vi\\\/_LO_iVUe8A4\\\/hqdefault.jpg&quot;,&quot;640&quot;:&quot;https:\\\/\\\/i.ytimg.com\\\/vi\\\/_LO_iVUe8A4\\\/sddefault.jpg&quot;}\" data-video-id=\"_LO_iVUe8A4\"  data-user=\"Instituto Ame Sua Mente\" data-url=\"https:\/\/www.youtube.com\/watch?v=_LO_iVUe8A4\" data-avatar=\"\" data-title=\"\" data-video-title=\"AME SUA MENTE\" data-channel-id=\"UCVzDV6uqfZIxgHZvgeMlCyg\" data-views=\"188 views\" data-published-date=\"1764247414\" data-formatted-published-date=\"27 de November de 2025 09:43\" data-comment-count=\"0\">\n                <img decoding=\"async\" src=\"https:\/\/www.amesuamente.org.br\/en\/wp-content\/plugins\/youtube-feed-pro\/img\/placeholder.png\" alt=\"\">\n                \n                <div class=\"sby_thumbnail_hover sby_item_video_thumbnail_hover\">\n                    <div class=\"sby_thumbnail_hover_inner\">\n                        \n                        \n                        \n                                                    <p class=\"sby_caption\" ><\/p>\n                        \n                                                    <p class=\"sby_stats\" >\n                                <span class=\"sby_likes\" >\n                                                                    <span class=\"sby_like_count\">6<\/span>\n                                <\/span>\n                                <span class=\"sby_comments\" >\n                                                                        <span class=\"sby_comment_count\">0<\/span>\n                                <\/span>\n                            <\/p>\n                                            <\/div>\n                <\/div>\n\n                <span class=\"sby-screenreader\">YouTube Video UEx0Q0tvVE9zX3Rkck1wWURmSHh5ZG95RHVBMnJLWV84ZS5GNjNDRDREMDQxOThCMDQ2<\/span>\n                                    <div class=\"sby_play_btn\" >\n                        <span class=\"sby_play_btn_bg\"><\/span>\n                    <svg aria-hidden=\"true\" focusable=\"false\" data-prefix=\"fab\" data-icon=\"youtube\" role=\"img\" xmlns=\"http:\/\/www.w3.org\/2000\/svg\" viewBox=\"0 0 576 512\" class=\"svg-inline--fa fa-youtube fa-w-18\"><path fill=\"currentColor\" d=\"M549.655 124.083c-6.281-23.65-24.787-42.276-48.284-48.597C458.781 64 288 64 288 64S117.22 64 74.629 75.486c-23.497 6.322-42.003 24.947-48.284 48.597-11.412 42.867-11.412 132.305-11.412 132.305s0 89.438 11.412 132.305c6.281 23.65 24.787 41.5 48.284 47.821C117.22 448 288 448 288 448s170.78 0 213.371-11.486c23.497-6.321 42.003-24.171 48.284-47.821 11.412-42.867 11.412-132.305 11.412-132.305s0-89.438-11.412-132.305zm-317.51 213.508V175.185l142.739 81.205-142.739 81.201z\" class=\"\"><\/path><\/svg>                    <\/div>\n                                <span class=\"sby_loader sby_hidden\" style=\"background-color: rgb(255, 255, 255);\"><\/span>\n            <\/a>\n\n            \n        <\/div>\n\n        \n<div class=\"sby_info sby_info_item\">\n\t<div class=\"sby-video-info-bottom\">\n\t\t<div class=\"sby-video-info\">\n\t\t\t\t\t\t\t<p class=\"sby_video_title_wrap\" >\n\t\t\t\t\t<span class=\"sby_video_title\">AME SUA MENTE<\/span>\n\t\t\t\t<\/p>\n\t\t\t\n\t\t\t\n\t\t\t\n\t\t\t\n\t\t\t\t\t<\/div>\n\n\t\t\t\t\t\t\t\t<\/div>\n<\/div>    <\/div>\n<\/div><div class=\"sby_item  sby_new sby_transition\" id=\"sby_UEx0Q0tvVE9zX3Rkck1wWURmSHh5ZG95RHVBMnJLWV84ZS40NzZCMERDMjVEN0RFRThB\" data-date=\"1773700019\" data-video-id=\"iCHY9Xgum6I\" data-video-title=\"AME SUA MENTE LITTLE BY LITTLE\" data-live-date=\"0\" data-channel-id=\"UCVzDV6uqfZIxgHZvgeMlCyg\" >\n    <div class=\"sby_inner_item\">\n        <div class=\"sby_video_thumbnail_wrap sby_item_video_thumbnail_wrap\">\n            <a class=\"sby_video_thumbnail sby_item_video_thumbnail\" style=\"background-image:url(https:\/\/www.amesuamente.org.br\/en\/wp-content\/plugins\/youtube-feed-pro\/img\/placeholder.png)\" href=\"https:\/\/www.youtube.com\/watch?v=iCHY9Xgum6I\" target=\"_blank\" rel=\"noopener\" data-full-res=\"https:\/\/i.ytimg.com\/vi\/iCHY9Xgum6I\/maxresdefault.jpg\" data-img-src-set=\"{&quot;120&quot;:&quot;https:\\\/\\\/i.ytimg.com\\\/vi\\\/iCHY9Xgum6I\\\/default.jpg&quot;,&quot;320&quot;:&quot;https:\\\/\\\/i.ytimg.com\\\/vi\\\/iCHY9Xgum6I\\\/mqdefault.jpg&quot;,&quot;480&quot;:&quot;https:\\\/\\\/i.ytimg.com\\\/vi\\\/iCHY9Xgum6I\\\/hqdefault.jpg&quot;,&quot;640&quot;:&quot;https:\\\/\\\/i.ytimg.com\\\/vi\\\/iCHY9Xgum6I\\\/sddefault.jpg&quot;}\" data-video-id=\"iCHY9Xgum6I\"  data-user=\"Instituto Ame Sua Mente\" data-url=\"https:\/\/www.youtube.com\/watch?v=iCHY9Xgum6I\" data-avatar=\"\" data-title=\"De 17 a 20 de mar\u00e7o a campanha internacional Little by Little, da GlobalGiving, acrescenta +50% nas doa\u00e7\u00f5es para o Instituto Ame Sua Mente. Clique no link abaixo e doe agora.&lt;br \/&gt;\n&lt;br \/&gt;\nCom cerca de R$50, voc\u00ea j\u00e1 ajuda a levar forma\u00e7\u00e3o em sa\u00fade mental para educadores da rede p\u00fablica e impacta a vida de milhares de estudantes.&lt;br \/&gt;\n&lt;br \/&gt;\nPequenas doa\u00e7\u00f5es geram&lt;br \/&gt;\ngrandes impactos.&lt;br \/&gt;\n&lt;br \/&gt;\nClique e doe https:\/\/www.globalgiving.org\/projects\/foster-a-new-mental-health-culture-in-schools\/\" data-video-title=\"AME SUA MENTE LITTLE BY LITTLE\" data-channel-id=\"UCVzDV6uqfZIxgHZvgeMlCyg\" data-views=\"34 views\" data-published-date=\"1773700019\" data-formatted-published-date=\"16 de March de 2026 19:26\" data-comment-count=\"0\">\n                <img decoding=\"async\" src=\"https:\/\/www.amesuamente.org.br\/en\/wp-content\/plugins\/youtube-feed-pro\/img\/placeholder.png\" alt=\"De 17 a 20 de mar\u00e7o a campanha internacional Little by Little, da GlobalGiving, acrescenta +50% nas doa\u00e7\u00f5es para o Instituto Ame Sua Mente. Clique no link abaixo e doe agora.\n\nCom cerca de R$50, voc\u00ea j\u00e1 ajuda a levar forma\u00e7\u00e3o em sa\u00fade mental para educadores da rede p\u00fablica e impacta a vida de milhares de estudantes.\n\nPequenas doa\u00e7\u00f5es geram\ngrandes impactos.\n\nClique e doe https:\/\/www.globalgiving.org\/projects\/foster-a-new-mental-health-culture-in-schools\/\">\n                \n                <div class=\"sby_thumbnail_hover sby_item_video_thumbnail_hover\">\n                    <div class=\"sby_thumbnail_hover_inner\">\n                        \n                        \n                        \n                                                    <p class=\"sby_caption\" >De 17 a 20 de mar\u00e7o a campanha internacional Little by Little, da GlobalGiving, acrescenta +50% nas doa\u00e7\u00f5es para o Instituto Ame Sua Mente. Clique no link abaixo e doe agora.<br>\n<br>\nCom cerca de R$50, voc\u00ea j\u00e1 ajuda a levar forma\u00e7\u00e3o em sa\u00fade mental para educadores da rede p\u00fablica e impacta a vida de milhares de estudantes.<br>\n<br>\nPequenas doa\u00e7\u00f5es geram<br>\ngrandes impactos.<br>\n<br>\nClique e doe https:\/\/www.globalgiving.org\/projects\/foster-a-new-mental-health-culture-in-schools\/<\/p>\n                        \n                                                    <p class=\"sby_stats\" >\n                                <span class=\"sby_likes\" >\n                                                                    <span class=\"sby_like_count\">1<\/span>\n                                <\/span>\n                                <span class=\"sby_comments\" >\n                                                                        <span class=\"sby_comment_count\">0<\/span>\n                                <\/span>\n                            <\/p>\n                                            <\/div>\n                <\/div>\n\n                <span class=\"sby-screenreader\">YouTube Video UEx0Q0tvVE9zX3Rkck1wWURmSHh5ZG95RHVBMnJLWV84ZS40NzZCMERDMjVEN0RFRThB<\/span>\n                                    <div class=\"sby_play_btn\" >\n                        <span class=\"sby_play_btn_bg\"><\/span>\n                    <svg aria-hidden=\"true\" focusable=\"false\" data-prefix=\"fab\" data-icon=\"youtube\" role=\"img\" xmlns=\"http:\/\/www.w3.org\/2000\/svg\" viewBox=\"0 0 576 512\" class=\"svg-inline--fa fa-youtube fa-w-18\"><path fill=\"currentColor\" d=\"M549.655 124.083c-6.281-23.65-24.787-42.276-48.284-48.597C458.781 64 288 64 288 64S117.22 64 74.629 75.486c-23.497 6.322-42.003 24.947-48.284 48.597-11.412 42.867-11.412 132.305-11.412 132.305s0 89.438 11.412 132.305c6.281 23.65 24.787 41.5 48.284 47.821C117.22 448 288 448 288 448s170.78 0 213.371-11.486c23.497-6.321 42.003-24.171 48.284-47.821 11.412-42.867 11.412-132.305 11.412-132.305s0-89.438-11.412-132.305zm-317.51 213.508V175.185l142.739 81.205-142.739 81.201z\" class=\"\"><\/path><\/svg>                    <\/div>\n                                <span class=\"sby_loader sby_hidden\" style=\"background-color: rgb(255, 255, 255);\"><\/span>\n            <\/a>\n\n            \n        <\/div>\n\n        \n<div class=\"sby_info sby_info_item\">\n\t<div class=\"sby-video-info-bottom\">\n\t\t<div class=\"sby-video-info\">\n\t\t\t\t\t\t\t<p class=\"sby_video_title_wrap\" >\n\t\t\t\t\t<span class=\"sby_video_title\">AME SUA MENTE LITTLE BY LITTLE<\/span>\n\t\t\t\t<\/p>\n\t\t\t\n\t\t\t\n\t\t\t\n\t\t\t\n\t\t\t\t\t<\/div>\n\n\t\t\t\t\t\t\t\t<\/div>\n<\/div>    <\/div>\n<\/div><div class=\"sby_item  sby_new sby_transition\" id=\"sby_UEx0Q0tvVE9zX3Rkck1wWURmSHh5ZG95RHVBMnJLWV84ZS5EMEEwRUY5M0RDRTU3NDJC\" data-date=\"1773753739\" data-video-id=\"ID9drJxv2y0\" data-video-title=\"Ame Sua Mente | Little by Little | Ingl\u00eas\" data-live-date=\"0\" data-channel-id=\"UCVzDV6uqfZIxgHZvgeMlCyg\" >\n    <div class=\"sby_inner_item\">\n        <div class=\"sby_video_thumbnail_wrap sby_item_video_thumbnail_wrap\">\n            <a class=\"sby_video_thumbnail sby_item_video_thumbnail\" style=\"background-image:url(https:\/\/www.amesuamente.org.br\/en\/wp-content\/plugins\/youtube-feed-pro\/img\/placeholder.png)\" href=\"https:\/\/www.youtube.com\/watch?v=ID9drJxv2y0\" target=\"_blank\" rel=\"noopener\" data-full-res=\"https:\/\/i.ytimg.com\/vi\/ID9drJxv2y0\/maxresdefault.jpg\" data-img-src-set=\"{&quot;120&quot;:&quot;https:\\\/\\\/i.ytimg.com\\\/vi\\\/ID9drJxv2y0\\\/default.jpg&quot;,&quot;320&quot;:&quot;https:\\\/\\\/i.ytimg.com\\\/vi\\\/ID9drJxv2y0\\\/mqdefault.jpg&quot;,&quot;480&quot;:&quot;https:\\\/\\\/i.ytimg.com\\\/vi\\\/ID9drJxv2y0\\\/hqdefault.jpg&quot;,&quot;640&quot;:&quot;https:\\\/\\\/i.ytimg.com\\\/vi\\\/ID9drJxv2y0\\\/sddefault.jpg&quot;}\" data-video-id=\"ID9drJxv2y0\"  data-user=\"Instituto Ame Sua Mente\" data-url=\"https:\/\/www.youtube.com\/watch?v=ID9drJxv2y0\" data-avatar=\"\" data-title=\"\" data-video-title=\"Ame Sua Mente | Little by Little | Ingl\u00eas\" data-channel-id=\"UCVzDV6uqfZIxgHZvgeMlCyg\" data-views=\"45 views\" data-published-date=\"1773753739\" data-formatted-published-date=\"17 de March de 2026 10:22\" data-comment-count=\"0\">\n                <img decoding=\"async\" src=\"https:\/\/www.amesuamente.org.br\/en\/wp-content\/plugins\/youtube-feed-pro\/img\/placeholder.png\" alt=\"\">\n                \n                <div class=\"sby_thumbnail_hover sby_item_video_thumbnail_hover\">\n                    <div class=\"sby_thumbnail_hover_inner\">\n                        \n                        \n                        \n                                                    <p class=\"sby_caption\" ><\/p>\n                        \n                                                    <p class=\"sby_stats\" >\n                                <span class=\"sby_likes\" >\n                                                                    <span class=\"sby_like_count\">0<\/span>\n                                <\/span>\n                                <span class=\"sby_comments\" >\n                                                                        <span class=\"sby_comment_count\">0<\/span>\n                                <\/span>\n                            <\/p>\n                                            <\/div>\n                <\/div>\n\n                <span class=\"sby-screenreader\">YouTube Video UEx0Q0tvVE9zX3Rkck1wWURmSHh5ZG95RHVBMnJLWV84ZS5EMEEwRUY5M0RDRTU3NDJC<\/span>\n                                    <div class=\"sby_play_btn\" >\n                        <span class=\"sby_play_btn_bg\"><\/span>\n                    <svg aria-hidden=\"true\" focusable=\"false\" data-prefix=\"fab\" data-icon=\"youtube\" role=\"img\" xmlns=\"http:\/\/www.w3.org\/2000\/svg\" viewBox=\"0 0 576 512\" class=\"svg-inline--fa fa-youtube fa-w-18\"><path fill=\"currentColor\" d=\"M549.655 124.083c-6.281-23.65-24.787-42.276-48.284-48.597C458.781 64 288 64 288 64S117.22 64 74.629 75.486c-23.497 6.322-42.003 24.947-48.284 48.597-11.412 42.867-11.412 132.305-11.412 132.305s0 89.438 11.412 132.305c6.281 23.65 24.787 41.5 48.284 47.821C117.22 448 288 448 288 448s170.78 0 213.371-11.486c23.497-6.321 42.003-24.171 48.284-47.821 11.412-42.867 11.412-132.305 11.412-132.305s0-89.438-11.412-132.305zm-317.51 213.508V175.185l142.739 81.205-142.739 81.201z\" class=\"\"><\/path><\/svg>                    <\/div>\n                                <span class=\"sby_loader sby_hidden\" style=\"background-color: rgb(255, 255, 255);\"><\/span>\n            <\/a>\n\n            \n        <\/div>\n\n        \n<div class=\"sby_info sby_info_item\">\n\t<div class=\"sby-video-info-bottom\">\n\t\t<div class=\"sby-video-info\">\n\t\t\t\t\t\t\t<p class=\"sby_video_title_wrap\" >\n\t\t\t\t\t<span class=\"sby_video_title\">Ame Sua Mente | Little by Little | Ingl\u00eas<\/span>\n\t\t\t\t<\/p>\n\t\t\t\n\t\t\t\n\t\t\t\n\t\t\t\n\t\t\t\t\t<\/div>\n\n\t\t\t\t\t\t\t\t<\/div>\n<\/div>    <\/div>\n<\/div><div class=\"sby_item  sby_new sby_transition\" id=\"sby_UEx0Q0tvVE9zX3Rkck1wWURmSHh5ZG95RHVBMnJLWV84ZS45ODRDNTg0QjA4NkFBNkQy\" data-date=\"1773946783\" data-video-id=\"Kd1G9gTEepI\" data-video-title=\"[ENG] Sa\u00fade Mental: voc\u00ea conhece algu\u00e9m que poderia estar nessa cadeira?\" data-live-date=\"0\" data-channel-id=\"UCVzDV6uqfZIxgHZvgeMlCyg\" >\n    <div class=\"sby_inner_item\">\n        <div class=\"sby_video_thumbnail_wrap sby_item_video_thumbnail_wrap\">\n            <a class=\"sby_video_thumbnail sby_item_video_thumbnail\" style=\"background-image:url(https:\/\/www.amesuamente.org.br\/en\/wp-content\/plugins\/youtube-feed-pro\/img\/placeholder.png)\" href=\"https:\/\/www.youtube.com\/watch?v=Kd1G9gTEepI\" target=\"_blank\" rel=\"noopener\" data-full-res=\"https:\/\/i.ytimg.com\/vi\/Kd1G9gTEepI\/maxresdefault.jpg\" data-img-src-set=\"{&quot;120&quot;:&quot;https:\\\/\\\/i.ytimg.com\\\/vi\\\/Kd1G9gTEepI\\\/default.jpg&quot;,&quot;320&quot;:&quot;https:\\\/\\\/i.ytimg.com\\\/vi\\\/Kd1G9gTEepI\\\/mqdefault.jpg&quot;,&quot;480&quot;:&quot;https:\\\/\\\/i.ytimg.com\\\/vi\\\/Kd1G9gTEepI\\\/hqdefault.jpg&quot;,&quot;640&quot;:&quot;https:\\\/\\\/i.ytimg.com\\\/vi\\\/Kd1G9gTEepI\\\/sddefault.jpg&quot;}\" data-video-id=\"Kd1G9gTEepI\"  data-user=\"Instituto Ame Sua Mente\" data-url=\"https:\/\/www.youtube.com\/watch?v=Kd1G9gTEepI\" data-avatar=\"\" data-title=\"Legenda em ingl\u00eas\" data-video-title=\"[ENG] Sa\u00fade Mental: voc\u00ea conhece algu\u00e9m que poderia estar nessa cadeira?\" data-channel-id=\"UCVzDV6uqfZIxgHZvgeMlCyg\" data-views=\"248 views\" data-published-date=\"1773946783\" data-formatted-published-date=\"19 de March de 2026 15:59\" data-comment-count=\"0\">\n                <img decoding=\"async\" src=\"https:\/\/www.amesuamente.org.br\/en\/wp-content\/plugins\/youtube-feed-pro\/img\/placeholder.png\" alt=\"Legenda em ingl\u00eas\">\n                \n                <div class=\"sby_thumbnail_hover sby_item_video_thumbnail_hover\">\n                    <div class=\"sby_thumbnail_hover_inner\">\n                        \n                        \n                        \n                                                    <p class=\"sby_caption\" >Legenda em ingl\u00eas<\/p>\n                        \n                                                    <p class=\"sby_stats\" >\n                                <span class=\"sby_likes\" >\n                                                                    <span class=\"sby_like_count\">8<\/span>\n                                <\/span>\n                                <span class=\"sby_comments\" >\n                                                                        <span class=\"sby_comment_count\">0<\/span>\n                                <\/span>\n                            <\/p>\n                                            <\/div>\n                <\/div>\n\n                <span class=\"sby-screenreader\">YouTube Video UEx0Q0tvVE9zX3Rkck1wWURmSHh5ZG95RHVBMnJLWV84ZS45ODRDNTg0QjA4NkFBNkQy<\/span>\n                                    <div class=\"sby_play_btn\" >\n                        <span class=\"sby_play_btn_bg\"><\/span>\n                    <svg aria-hidden=\"true\" focusable=\"false\" data-prefix=\"fab\" data-icon=\"youtube\" role=\"img\" xmlns=\"http:\/\/www.w3.org\/2000\/svg\" viewBox=\"0 0 576 512\" class=\"svg-inline--fa fa-youtube fa-w-18\"><path fill=\"currentColor\" d=\"M549.655 124.083c-6.281-23.65-24.787-42.276-48.284-48.597C458.781 64 288 64 288 64S117.22 64 74.629 75.486c-23.497 6.322-42.003 24.947-48.284 48.597-11.412 42.867-11.412 132.305-11.412 132.305s0 89.438 11.412 132.305c6.281 23.65 24.787 41.5 48.284 47.821C117.22 448 288 448 288 448s170.78 0 213.371-11.486c23.497-6.321 42.003-24.171 48.284-47.821 11.412-42.867 11.412-132.305 11.412-132.305s0-89.438-11.412-132.305zm-317.51 213.508V175.185l142.739 81.205-142.739 81.201z\" class=\"\"><\/path><\/svg>                    <\/div>\n                                <span class=\"sby_loader sby_hidden\" style=\"background-color: rgb(255, 255, 255);\"><\/span>\n            <\/a>\n\n            \n        <\/div>\n\n        \n<div class=\"sby_info sby_info_item\">\n\t<div class=\"sby-video-info-bottom\">\n\t\t<div class=\"sby-video-info\">\n\t\t\t\t\t\t\t<p class=\"sby_video_title_wrap\" >\n\t\t\t\t\t<span class=\"sby_video_title\">[ENG] Sa\u00fade Mental: voc\u00ea conhece algu\u00e9m que poderia estar nessa cadeira?<\/span>\n\t\t\t\t<\/p>\n\t\t\t\n\t\t\t\n\t\t\t\n\t\t\t\n\t\t\t\t\t<\/div>\n\n\t\t\t\t\t\t\t\t<\/div>\n<\/div>    <\/div>\n<\/div>    <\/div>\n    \n\t<div class=\"sby_footer\">\n\n\n<\/div>\n    <div class=\"sby_cta_items_wraps sby_cta_wrap\">\n\t<div class=\"sby_cta_inner_wrap\">\n\n\t<\/div>\n<\/div>\n\n\t\n<\/div>\n\n\t<style type=\"text\/css\">\n\t\t\t\tbody #sb_youtube_sbyPLtCKo2rKY8e21.sb_youtube.sby_palette_custom .sby_video_title{\n\t\t\tcolor: #cb8ab5;\n\t\t}\n    \t\t\t\t    <\/style>\n\t<style type=\"text\/css\">body #sb_youtube_sbyPLtCKo2rKY8e21 .sby_caption_wrap .sby_caption { font-size: 13px !important}body #sb_youtube_sbyPLtCKo2rKY8e21 .sby_follow_btn a:hover { box-shadow:inset 0 0 10px 20px rgb(255, 255, 255, .25) !important}body #sb_youtube_sbyPLtCKo2rKY8e21[data-videostyle=boxed] .sby_items_wrap .sby_item .sby_inner_item { background-color: #ffffff !important}<\/style>Menu de conte\u00fadosNewsletterAssine a newsletter e receba [&hellip;]<\/p>\n","protected":false},"author":1,"featured_media":0,"parent":0,"menu_order":0,"comment_status":"closed","ping_status":"closed","template":"","meta":{"_acf_changed":false,"_et_pb_use_builder":"on","_et_pb_old_content":"","_et_gb_content_width":"","footnotes":""},"class_list":["post-5918","page","type-page","status-publish","hentry"],"acf":[],"yoast_head":"<!-- This site is optimized with the Yoast SEO plugin v27.4 - https:\/\/yoast.com\/product\/yoast-seo-wordpress\/ -->\n<title>V\u00eddeos - Ame Sua Mente<\/title>\n<meta name=\"description\" content=\"V\u00eddeos: acompanhe v\u00eddeos curtos elaborados por nossos especialistas em sa\u00fade mental. #amesuamente #sa\u00fademental\" \/>\n<meta name=\"robots\" content=\"index, follow, max-snippet:-1, max-image-preview:large, max-video-preview:-1\" \/>\n<link rel=\"canonical\" href=\"https:\/\/www.amesuamente.org.br\/en\/videosame\/\" \/>\n<meta property=\"og:locale\" content=\"en_US\" \/>\n<meta property=\"og:type\" content=\"article\" \/>\n<meta property=\"og:title\" content=\"V\u00eddeos - Ame Sua Mente\" \/>\n<meta property=\"og:description\" content=\"V\u00eddeos: acompanhe v\u00eddeos curtos elaborados por nossos especialistas em sa\u00fade mental. #amesuamente #sa\u00fademental\" \/>\n<meta property=\"og:url\" content=\"https:\/\/www.amesuamente.org.br\/en\/videosame\/\" \/>\n<meta property=\"og:site_name\" content=\"Ame Sua Mente\" \/>\n<meta property=\"article:publisher\" content=\"https:\/\/web.facebook.com\/amesuamenteinstituto\" \/>\n<meta property=\"article:modified_time\" content=\"2024-02-20T15:02:21+00:00\" \/>\n<meta name=\"twitter:card\" content=\"summary_large_image\" \/>\n<meta name=\"twitter:label1\" content=\"Est. reading time\" \/>\n\t<meta name=\"twitter:data1\" content=\"29 minutes\" \/>\n<script type=\"application\/ld+json\" class=\"yoast-schema-graph\">{\"@context\":\"https:\\\/\\\/schema.org\",\"@graph\":[{\"@type\":\"WebPage\",\"@id\":\"https:\\\/\\\/www.amesuamente.org.br\\\/en\\\/videosame\\\/\",\"url\":\"https:\\\/\\\/www.amesuamente.org.br\\\/en\\\/videosame\\\/\",\"name\":\"V\u00eddeos - Ame Sua Mente\",\"isPartOf\":{\"@id\":\"https:\\\/\\\/www.amesuamente.org.br\\\/en\\\/#website\"},\"datePublished\":\"2023-08-30T03:54:57+00:00\",\"dateModified\":\"2024-02-20T15:02:21+00:00\",\"description\":\"V\u00eddeos: acompanhe v\u00eddeos curtos elaborados por nossos especialistas em sa\u00fade mental. #amesuamente #sa\u00fademental\",\"breadcrumb\":{\"@id\":\"https:\\\/\\\/www.amesuamente.org.br\\\/en\\\/videosame\\\/#breadcrumb\"},\"inLanguage\":\"en-US\",\"potentialAction\":[{\"@type\":\"ReadAction\",\"target\":[\"https:\\\/\\\/www.amesuamente.org.br\\\/en\\\/videosame\\\/\"]}]},{\"@type\":\"BreadcrumbList\",\"@id\":\"https:\\\/\\\/www.amesuamente.org.br\\\/en\\\/videosame\\\/#breadcrumb\",\"itemListElement\":[{\"@type\":\"ListItem\",\"position\":1,\"name\":\"In\u00edcio\",\"item\":\"https:\\\/\\\/www.amesuamente.org.br\\\/en\\\/\"},{\"@type\":\"ListItem\",\"position\":2,\"name\":\"V\u00eddeos\"}]},{\"@type\":\"WebSite\",\"@id\":\"https:\\\/\\\/www.amesuamente.org.br\\\/en\\\/#website\",\"url\":\"https:\\\/\\\/www.amesuamente.org.br\\\/en\\\/\",\"name\":\"Ame Sua Mente\",\"description\":\"A mente \u00e9 sua lente para o mundo\",\"publisher\":{\"@id\":\"https:\\\/\\\/www.amesuamente.org.br\\\/en\\\/#organization\"},\"potentialAction\":[{\"@type\":\"SearchAction\",\"target\":{\"@type\":\"EntryPoint\",\"urlTemplate\":\"https:\\\/\\\/www.amesuamente.org.br\\\/en\\\/?s={search_term_string}\"},\"query-input\":{\"@type\":\"PropertyValueSpecification\",\"valueRequired\":true,\"valueName\":\"search_term_string\"}}],\"inLanguage\":\"en-US\"},{\"@type\":\"Organization\",\"@id\":\"https:\\\/\\\/www.amesuamente.org.br\\\/en\\\/#organization\",\"name\":\"Ame Sua Mente\",\"url\":\"https:\\\/\\\/www.amesuamente.org.br\\\/en\\\/\",\"logo\":{\"@type\":\"ImageObject\",\"inLanguage\":\"en-US\",\"@id\":\"https:\\\/\\\/www.amesuamente.org.br\\\/en\\\/#\\\/schema\\\/logo\\\/image\\\/\",\"url\":\"https:\\\/\\\/www.amesuamente.org.br\\\/en\\\/wp-content\\\/uploads\\\/2023\\\/03\\\/logo_l.png\",\"contentUrl\":\"https:\\\/\\\/www.amesuamente.org.br\\\/en\\\/wp-content\\\/uploads\\\/2023\\\/03\\\/logo_l.png\",\"width\":216,\"height\":144,\"caption\":\"Ame Sua Mente\"},\"image\":{\"@id\":\"https:\\\/\\\/www.amesuamente.org.br\\\/en\\\/#\\\/schema\\\/logo\\\/image\\\/\"},\"sameAs\":[\"https:\\\/\\\/web.facebook.com\\\/amesuamenteinstituto\",\"https:\\\/\\\/www.instagram.com\\\/ame_sua_mente\\\/\",\"https:\\\/\\\/br.linkedin.com\\\/company\\\/institutoasm\",\"https:\\\/\\\/www.youtube.com\\\/@institutoamesuamente\"]}]}<\/script>\n<!-- \/ Yoast SEO plugin. -->","yoast_head_json":{"title":"V\u00eddeos - Ame Sua Mente","description":"V\u00eddeos: acompanhe v\u00eddeos curtos elaborados por nossos especialistas em sa\u00fade mental. #amesuamente #sa\u00fademental","robots":{"index":"index","follow":"follow","max-snippet":"max-snippet:-1","max-image-preview":"max-image-preview:large","max-video-preview":"max-video-preview:-1"},"canonical":"https:\/\/www.amesuamente.org.br\/en\/videosame\/","og_locale":"en_US","og_type":"article","og_title":"V\u00eddeos - Ame Sua Mente","og_description":"V\u00eddeos: acompanhe v\u00eddeos curtos elaborados por nossos especialistas em sa\u00fade mental. #amesuamente #sa\u00fademental","og_url":"https:\/\/www.amesuamente.org.br\/en\/videosame\/","og_site_name":"Ame Sua Mente","article_publisher":"https:\/\/web.facebook.com\/amesuamenteinstituto","article_modified_time":"2024-02-20T15:02:21+00:00","twitter_card":"summary_large_image","twitter_misc":{"Est. reading time":"29 minutes"},"schema":{"@context":"https:\/\/schema.org","@graph":[{"@type":"WebPage","@id":"https:\/\/www.amesuamente.org.br\/en\/videosame\/","url":"https:\/\/www.amesuamente.org.br\/en\/videosame\/","name":"V\u00eddeos - Ame Sua Mente","isPartOf":{"@id":"https:\/\/www.amesuamente.org.br\/en\/#website"},"datePublished":"2023-08-30T03:54:57+00:00","dateModified":"2024-02-20T15:02:21+00:00","description":"V\u00eddeos: acompanhe v\u00eddeos curtos elaborados por nossos especialistas em sa\u00fade mental. #amesuamente #sa\u00fademental","breadcrumb":{"@id":"https:\/\/www.amesuamente.org.br\/en\/videosame\/#breadcrumb"},"inLanguage":"en-US","potentialAction":[{"@type":"ReadAction","target":["https:\/\/www.amesuamente.org.br\/en\/videosame\/"]}]},{"@type":"BreadcrumbList","@id":"https:\/\/www.amesuamente.org.br\/en\/videosame\/#breadcrumb","itemListElement":[{"@type":"ListItem","position":1,"name":"In\u00edcio","item":"https:\/\/www.amesuamente.org.br\/en\/"},{"@type":"ListItem","position":2,"name":"V\u00eddeos"}]},{"@type":"WebSite","@id":"https:\/\/www.amesuamente.org.br\/en\/#website","url":"https:\/\/www.amesuamente.org.br\/en\/","name":"Ame Sua Mente","description":"A mente \u00e9 sua lente para o mundo","publisher":{"@id":"https:\/\/www.amesuamente.org.br\/en\/#organization"},"potentialAction":[{"@type":"SearchAction","target":{"@type":"EntryPoint","urlTemplate":"https:\/\/www.amesuamente.org.br\/en\/?s={search_term_string}"},"query-input":{"@type":"PropertyValueSpecification","valueRequired":true,"valueName":"search_term_string"}}],"inLanguage":"en-US"},{"@type":"Organization","@id":"https:\/\/www.amesuamente.org.br\/en\/#organization","name":"Ame Sua Mente","url":"https:\/\/www.amesuamente.org.br\/en\/","logo":{"@type":"ImageObject","inLanguage":"en-US","@id":"https:\/\/www.amesuamente.org.br\/en\/#\/schema\/logo\/image\/","url":"https:\/\/www.amesuamente.org.br\/en\/wp-content\/uploads\/2023\/03\/logo_l.png","contentUrl":"https:\/\/www.amesuamente.org.br\/en\/wp-content\/uploads\/2023\/03\/logo_l.png","width":216,"height":144,"caption":"Ame Sua Mente"},"image":{"@id":"https:\/\/www.amesuamente.org.br\/en\/#\/schema\/logo\/image\/"},"sameAs":["https:\/\/web.facebook.com\/amesuamenteinstituto","https:\/\/www.instagram.com\/ame_sua_mente\/","https:\/\/br.linkedin.com\/company\/institutoasm","https:\/\/www.youtube.com\/@institutoamesuamente"]}]}},"_links":{"self":[{"href":"https:\/\/www.amesuamente.org.br\/en\/wp-json\/wp\/v2\/pages\/5918","targetHints":{"allow":["GET"]}}],"collection":[{"href":"https:\/\/www.amesuamente.org.br\/en\/wp-json\/wp\/v2\/pages"}],"about":[{"href":"https:\/\/www.amesuamente.org.br\/en\/wp-json\/wp\/v2\/types\/page"}],"author":[{"embeddable":true,"href":"https:\/\/www.amesuamente.org.br\/en\/wp-json\/wp\/v2\/users\/1"}],"replies":[{"embeddable":true,"href":"https:\/\/www.amesuamente.org.br\/en\/wp-json\/wp\/v2\/comments?post=5918"}],"version-history":[{"count":6,"href":"https:\/\/www.amesuamente.org.br\/en\/wp-json\/wp\/v2\/pages\/5918\/revisions"}],"predecessor-version":[{"id":8463,"href":"https:\/\/www.amesuamente.org.br\/en\/wp-json\/wp\/v2\/pages\/5918\/revisions\/8463"}],"wp:attachment":[{"href":"https:\/\/www.amesuamente.org.br\/en\/wp-json\/wp\/v2\/media?parent=5918"}],"curies":[{"name":"wp","href":"https:\/\/api.w.org\/{rel}","templated":true}]}}